{"id":84398,"date":"2024-12-16T13:27:11","date_gmt":"2024-12-16T12:27:11","guid":{"rendered":"https:\/\/conversesacatalunya.cat\/?page_id=84398"},"modified":"2024-12-16T13:27:33","modified_gmt":"2024-12-16T12:27:33","slug":"cocina-y-tradiciones","status":"publish","type":"page","link":"https:\/\/conversesacatalunya.cat\/es\/cocina-y-tradiciones\/","title":{"rendered":""},"content":{"rendered":"<section class=\"l-section wpb_row height_small\"><div class=\"l-section-h i-cf\"><div class=\"g-cols vc_row via_flex valign_top type_default stacking_default\"><div class=\"vc_col-sm-8 wpb_column vc_column_container\"><div class=\"vc_column-inner\"><div class=\"wpb_wrapper\"><div class=\"w-grid type_grid layout_28091 cols_3\" id=\"us_grid_1\" style=\"--gap:1.5rem;\" data-filterable=\"true\"><style>@media (max-width:1024px){#us_grid_1 .w-grid-item{width:50%}}@media (max-width:600px){#us_grid_1 .w-grid-list{margin:0}#us_grid_1 .w-grid-item{width:100%;padding:0;margin-bottom:var(--gap,0px)}}.layout_28091 .w-grid-item-h{}.layout_28091 .usg_post_image_1{margin-bottom:0.8rem!important}.layout_28091 .usg_post_title_1{margin-bottom:0!important;font-family:var(--h1-font-family)!important;font-size:1.2rem!important;font-weight:700!important}.layout_28091 .usg_post_date_1{font-family:var(--font-family)!important;font-size:13px!important;color:#aab2bd!important}.layout_28091 .usg_post_author_1{font-family:var(--font-family)!important;font-size:15px!important}@media (max-width:600px){.layout_28091 .usg_post_title_1{font-size:1.2rem!important}.layout_28091 .usg_post_date_1{font-size:13px!important}.layout_28091 .usg_post_author_1{font-size:15px!important}}<\/style><div class=\"w-grid-list\">\t<article class=\"w-grid-item size_1x1 post-98189 post type-post status-publish format-standard has-post-thumbnail hentry category-cocina-y-tradiciones category-punts-claus-del-dia-es tag-diada-de-sant-jordi-es\" data-id=\"98189\">\r\n\t\t<div class=\"w-grid-item-h\">\r\n\t\t\t\t\t\t<div class=\"w-post-elm post_image usg_post_image_1 actualitat_img stretched\"><a href=\"https:\/\/conversesacatalunya.cat\/es\/que-hacer-sant-jordi-2026\/\" aria-label=\"Sant Jordi 2026 en Barcelona: qu\u00e9 hacer y mejores planes\"><img fetchpriority=\"high\" decoding=\"async\" width=\"1024\" height=\"683\" src=\"https:\/\/conversesacatalunya.cat\/wp-content\/uploads\/2026\/04\/sant_jordi_2026_100kb-1024x683.jpg\" class=\"attachment-large size-large wp-post-image\" alt=\"qu\u00e9 hacer Sant Jordi 2026\" srcset=\"https:\/\/conversesacatalunya.cat\/wp-content\/uploads\/2026\/04\/sant_jordi_2026_100kb-1024x683.jpg 1024w, https:\/\/conversesacatalunya.cat\/wp-content\/uploads\/2026\/04\/sant_jordi_2026_100kb-300x200.jpg 300w, https:\/\/conversesacatalunya.cat\/wp-content\/uploads\/2026\/04\/sant_jordi_2026_100kb.jpg 1536w\" sizes=\"(max-width: 1024px) 100vw, 1024px\" \/><\/a><\/div><h2 class=\"w-post-elm post_title usg_post_title_1 entry-title color_link_inherit\"><a href=\"https:\/\/conversesacatalunya.cat\/es\/que-hacer-sant-jordi-2026\/\">Sant Jordi 2026 en Barcelona: qu\u00e9 hacer y mejores planes<\/a><\/h2><time class=\"w-post-elm post_date usg_post_date_1 has_text_color entry-date published\" datetime=\"2026-04-23T08:00:58+02:00\">23 abril, 2026<\/time><div class=\"w-post-elm post_author usg_post_author_1 vcard author color_link_inherit\"><div class=\"post-author-meta\"><a href=\"https:\/\/conversesacatalunya.cat\/es\/author\/nuria_freixa\/\" class=\"post-author-name fn\">N\u00faria Freixa<\/a><\/div><\/div>\t\t<\/div>\r\n\t\t\t<\/article>\r\n\t<article class=\"w-grid-item size_1x1 post-97302 post type-post status-publish format-standard has-post-thumbnail hentry category-cocina-y-tradiciones category-punts-claus-del-dia-es tag-fra-valenti tag-remeis-i-cuina-de-convent-es\" data-id=\"97302\">\r\n\t\t<div class=\"w-grid-item-h\">\r\n\t\t\t\t\t\t<div class=\"w-post-elm post_image usg_post_image_1 actualitat_img stretched\"><a href=\"https:\/\/conversesacatalunya.cat\/es\/libro-cuina-vegetariana-de-sempre-de-fra-valenti-serra\/\" aria-label=\"Libro \u00abCuina vegetariana de sempre\u00bb, de Fra Valent\u00ed Serra\"><img decoding=\"async\" width=\"640\" height=\"389\" data-src=\"https:\/\/conversesacatalunya.cat\/wp-content\/uploads\/2026\/03\/ritae-asparagus-6201041_640.jpg\" class=\"attachment-large size-large wp-post-image lazyload\" alt=\"cocina vegetariana\" data-srcset=\"https:\/\/conversesacatalunya.cat\/wp-content\/uploads\/2026\/03\/ritae-asparagus-6201041_640.jpg 640w, https:\/\/conversesacatalunya.cat\/wp-content\/uploads\/2026\/03\/ritae-asparagus-6201041_640-300x182.jpg 300w\" data-sizes=\"(max-width: 640px) 100vw, 640px\" src=\"data:image\/svg+xml;base64,PHN2ZyB3aWR0aD0iMSIgaGVpZ2h0PSIxIiB4bWxucz0iaHR0cDovL3d3dy53My5vcmcvMjAwMC9zdmciPjwvc3ZnPg==\" style=\"--smush-placeholder-width: 640px; --smush-placeholder-aspect-ratio: 640\/389;\" \/><\/a><\/div><h2 class=\"w-post-elm post_title usg_post_title_1 entry-title color_link_inherit\"><a href=\"https:\/\/conversesacatalunya.cat\/es\/libro-cuina-vegetariana-de-sempre-de-fra-valenti-serra\/\">Libro \u00abCuina vegetariana de sempre\u00bb, de Fra Valent\u00ed Serra<\/a><\/h2><time class=\"w-post-elm post_date usg_post_date_1 has_text_color entry-date published\" datetime=\"2026-03-20T10:23:02+01:00\">20 marzo, 2026<\/time><div class=\"w-post-elm post_author usg_post_author_1 vcard author color_link_inherit\"><div class=\"post-author-meta\"><a href=\"https:\/\/conversesacatalunya.cat\/es\/author\/muntsa_escola\/\" class=\"post-author-name fn\">conversesacatalunya<\/a><\/div><\/div>\t\t<\/div>\r\n\t\t\t<\/article>\r\n\t<article class=\"w-grid-item size_1x1 post-66698 post type-post status-publish format-standard has-post-thumbnail hentry category-cocina-y-tradiciones tag-diada-de-sant-jordi-es\" data-id=\"66698\">\r\n\t\t<div class=\"w-grid-item-h\">\r\n\t\t\t\t\t\t<div class=\"w-post-elm post_image usg_post_image_1 actualitat_img stretched\"><a href=\"https:\/\/conversesacatalunya.cat\/es\/la-leyenda-de-sant-jordi-sigue-viva-en-la-tradicion-de-regalar-rosas-y-libros\/\" aria-label=\"La leyenda de Sant Jordi sigue viva en la tradici\u00f3n de regalar rosas y libros\"><img decoding=\"async\" width=\"1024\" height=\"576\" data-src=\"https:\/\/conversesacatalunya.cat\/wp-content\/uploads\/2023\/04\/sant-jordi-2023-1024x576.jpeg\" class=\"attachment-large size-large wp-post-image lazyload\" alt=\"Sant Jordi\" data-srcset=\"https:\/\/conversesacatalunya.cat\/wp-content\/uploads\/2023\/04\/sant-jordi-2023-1024x576.jpeg 1024w, https:\/\/conversesacatalunya.cat\/wp-content\/uploads\/2023\/04\/sant-jordi-2023-300x169.jpeg 300w, https:\/\/conversesacatalunya.cat\/wp-content\/uploads\/2023\/04\/sant-jordi-2023.jpeg 1920w\" data-sizes=\"(max-width: 1024px) 100vw, 1024px\" src=\"data:image\/svg+xml;base64,PHN2ZyB3aWR0aD0iMSIgaGVpZ2h0PSIxIiB4bWxucz0iaHR0cDovL3d3dy53My5vcmcvMjAwMC9zdmciPjwvc3ZnPg==\" style=\"--smush-placeholder-width: 1024px; --smush-placeholder-aspect-ratio: 1024\/576;\" \/><\/a><\/div><h2 class=\"w-post-elm post_title usg_post_title_1 entry-title color_link_inherit\"><a href=\"https:\/\/conversesacatalunya.cat\/es\/la-leyenda-de-sant-jordi-sigue-viva-en-la-tradicion-de-regalar-rosas-y-libros\/\">La leyenda de Sant Jordi sigue viva en la tradici\u00f3n de regalar rosas y libros<\/a><\/h2><time class=\"w-post-elm post_date usg_post_date_1 has_text_color entry-date published\" datetime=\"2025-04-23T14:26:46+02:00\">23 abril, 2025<\/time><div class=\"w-post-elm post_author usg_post_author_1 vcard author color_link_inherit\"><div class=\"post-author-meta\"><a href=\"https:\/\/conversesacatalunya.cat\/es\/author\/carme_catala\/\" class=\"post-author-name fn\">conversesacatalunya<\/a><\/div><\/div>\t\t<\/div>\r\n\t\t\t<\/article>\r\n\t<article class=\"w-grid-item size_1x1 post-87561 post type-post status-publish format-standard has-post-thumbnail hentry category-cocina-y-tradiciones tag-pascua tag-pasqua-es tag-semana-santa tag-setmana-santa-es\" data-id=\"87561\">\r\n\t\t<div class=\"w-grid-item-h\">\r\n\t\t\t\t\t\t<div class=\"w-post-elm post_image usg_post_image_1 actualitat_img stretched\"><a href=\"https:\/\/conversesacatalunya.cat\/es\/semana-santa-cataluna-2025-tradiciones-procesiones-la-mona-de-pascua\/\" aria-label=\"Semana Santa en Catalu\u00f1a 2025: Tradiciones, Procesiones y La Mona de Pascua\"><img decoding=\"async\" width=\"640\" height=\"425\" data-src=\"https:\/\/conversesacatalunya.cat\/wp-content\/uploads\/2025\/04\/easter-756323_640.jpg\" class=\"attachment-large size-large wp-post-image lazyload\" alt=\"Semana Santa Catalu\u00f1a 2025\" data-srcset=\"https:\/\/conversesacatalunya.cat\/wp-content\/uploads\/2025\/04\/easter-756323_640.jpg 640w, https:\/\/conversesacatalunya.cat\/wp-content\/uploads\/2025\/04\/easter-756323_640-300x199.jpg 300w\" data-sizes=\"(max-width: 640px) 100vw, 640px\" src=\"data:image\/svg+xml;base64,PHN2ZyB3aWR0aD0iMSIgaGVpZ2h0PSIxIiB4bWxucz0iaHR0cDovL3d3dy53My5vcmcvMjAwMC9zdmciPjwvc3ZnPg==\" style=\"--smush-placeholder-width: 640px; --smush-placeholder-aspect-ratio: 640\/425;\" \/><\/a><\/div><h2 class=\"w-post-elm post_title usg_post_title_1 entry-title color_link_inherit\"><a href=\"https:\/\/conversesacatalunya.cat\/es\/semana-santa-cataluna-2025-tradiciones-procesiones-la-mona-de-pascua\/\">Semana Santa en Catalu\u00f1a 2025: Tradiciones, Procesiones y La Mona de Pascua<\/a><\/h2><time class=\"w-post-elm post_date usg_post_date_1 has_text_color entry-date published\" datetime=\"2025-04-17T09:15:47+02:00\">17 abril, 2025<\/time><div class=\"w-post-elm post_author usg_post_author_1 vcard author color_link_inherit\"><div class=\"post-author-meta\"><a href=\"https:\/\/conversesacatalunya.cat\/es\/author\/ricard-mestres\/\" class=\"post-author-name fn\">Ricard Mestres<\/a><\/div><\/div>\t\t<\/div>\r\n\t\t\t<\/article>\r\n\t<article class=\"w-grid-item size_1x1 post-86246 post type-post status-publish format-standard has-post-thumbnail hentry category-cocina-y-tradiciones category-punts-claus-del-dia-es tag-cocina tag-tradiciones\" data-id=\"86246\">\r\n\t\t<div class=\"w-grid-item-h\">\r\n\t\t\t\t\t\t<div class=\"w-post-elm post_image usg_post_image_1 actualitat_img stretched\"><a href=\"https:\/\/conversesacatalunya.cat\/es\/tradiciones-y-gastronomia-de-la-cuaresma-en-cataluna-los-bunuelos-del-emporda\/\" aria-label=\"Tradiciones y gastronom\u00eda de la Cuaresma en Catalu\u00f1a (Los bu\u00f1uelos del Empord\u00e0)\"><img decoding=\"async\" width=\"853\" height=\"403\" data-src=\"https:\/\/conversesacatalunya.cat\/wp-content\/uploads\/2025\/03\/bunyols-de-quaresma.jpg\" class=\"attachment-large size-large wp-post-image lazyload\" alt=\"bunyols de quaresma\" data-srcset=\"https:\/\/conversesacatalunya.cat\/wp-content\/uploads\/2025\/03\/bunyols-de-quaresma.jpg 853w, https:\/\/conversesacatalunya.cat\/wp-content\/uploads\/2025\/03\/bunyols-de-quaresma-300x142.jpg 300w\" data-sizes=\"(max-width: 853px) 100vw, 853px\" src=\"data:image\/svg+xml;base64,PHN2ZyB3aWR0aD0iMSIgaGVpZ2h0PSIxIiB4bWxucz0iaHR0cDovL3d3dy53My5vcmcvMjAwMC9zdmciPjwvc3ZnPg==\" style=\"--smush-placeholder-width: 853px; --smush-placeholder-aspect-ratio: 853\/403;\" \/><\/a><\/div><h2 class=\"w-post-elm post_title usg_post_title_1 entry-title color_link_inherit\"><a href=\"https:\/\/conversesacatalunya.cat\/es\/tradiciones-y-gastronomia-de-la-cuaresma-en-cataluna-los-bunuelos-del-emporda\/\">Tradiciones y gastronom\u00eda de la Cuaresma en Catalu\u00f1a (Los bu\u00f1uelos del Empord\u00e0)<\/a><\/h2><time class=\"w-post-elm post_date usg_post_date_1 has_text_color entry-date published\" datetime=\"2025-03-11T12:09:14+01:00\">11 marzo, 2025<\/time><div class=\"w-post-elm post_author usg_post_author_1 vcard author color_link_inherit\"><div class=\"post-author-meta\"><a href=\"https:\/\/conversesacatalunya.cat\/es\/author\/carme_catala\/\" class=\"post-author-name fn\">conversesacatalunya<\/a><\/div><\/div>\t\t<\/div>\r\n\t\t\t<\/article>\r\n\t<article class=\"w-grid-item size_1x1 post-86118 post type-post status-publish format-standard has-post-thumbnail hentry category-cocina-y-tradiciones category-punts-claus-del-dia-es tag-tradiciones\" data-id=\"86118\">\r\n\t\t<div class=\"w-grid-item-h\">\r\n\t\t\t\t\t\t<div class=\"w-post-elm post_image usg_post_image_1 actualitat_img stretched\"><a href=\"https:\/\/conversesacatalunya.cat\/es\/la-vieja-cuaresma-una-tradicion-que-perdura\/\" aria-label=\"La Vieja Cuaresma: una tradici\u00f3n que perdura\"><img decoding=\"async\" width=\"349\" height=\"227\" data-src=\"https:\/\/conversesacatalunya.cat\/wp-content\/uploads\/2025\/03\/vella-quaresma.jpg\" class=\"attachment-large size-large wp-post-image lazyload\" alt=\"Vella Quaresma\" data-srcset=\"https:\/\/conversesacatalunya.cat\/wp-content\/uploads\/2025\/03\/vella-quaresma.jpg 349w, https:\/\/conversesacatalunya.cat\/wp-content\/uploads\/2025\/03\/vella-quaresma-300x195.jpg 300w\" data-sizes=\"(max-width: 349px) 100vw, 349px\" src=\"data:image\/svg+xml;base64,PHN2ZyB3aWR0aD0iMSIgaGVpZ2h0PSIxIiB4bWxucz0iaHR0cDovL3d3dy53My5vcmcvMjAwMC9zdmciPjwvc3ZnPg==\" style=\"--smush-placeholder-width: 349px; --smush-placeholder-aspect-ratio: 349\/227;\" \/><\/a><\/div><h2 class=\"w-post-elm post_title usg_post_title_1 entry-title color_link_inherit\"><a href=\"https:\/\/conversesacatalunya.cat\/es\/la-vieja-cuaresma-una-tradicion-que-perdura\/\">La Vieja Cuaresma: una tradici\u00f3n que perdura<\/a><\/h2><time class=\"w-post-elm post_date usg_post_date_1 has_text_color entry-date published\" datetime=\"2025-03-05T11:46:41+01:00\">5 marzo, 2025<\/time><div class=\"w-post-elm post_author usg_post_author_1 vcard author color_link_inherit\"><div class=\"post-author-meta\"><a href=\"https:\/\/conversesacatalunya.cat\/es\/author\/carme_catala\/\" class=\"post-author-name fn\">conversesacatalunya<\/a><\/div><\/div>\t\t<\/div>\r\n\t\t\t<\/article>\r\n\t<article class=\"w-grid-item size_1x1 post-85934 post type-post status-publish format-standard has-post-thumbnail hentry category-cocina-y-tradiciones category-punts-claus-del-dia-es tag-cocina tag-cuina-es tag-tradiciones tag-tradicions-es\" data-id=\"85934\">\r\n\t\t<div class=\"w-grid-item-h\">\r\n\t\t\t\t\t\t<div class=\"w-post-elm post_image usg_post_image_1 actualitat_img stretched\"><a href=\"https:\/\/conversesacatalunya.cat\/es\/salsas-catalanas-que-son-bombas-de-salud\/\" aria-label=\"Salsas catalanas que son bombas de salud\"><img decoding=\"async\" width=\"645\" height=\"400\" data-src=\"https:\/\/conversesacatalunya.cat\/wp-content\/uploads\/2025\/02\/salses-34784.jpg\" class=\"attachment-large size-large wp-post-image lazyload\" alt=\"salses tradicionals catalanes\" data-srcset=\"https:\/\/conversesacatalunya.cat\/wp-content\/uploads\/2025\/02\/salses-34784.jpg 645w, https:\/\/conversesacatalunya.cat\/wp-content\/uploads\/2025\/02\/salses-34784-300x186.jpg 300w\" data-sizes=\"(max-width: 645px) 100vw, 645px\" src=\"data:image\/svg+xml;base64,PHN2ZyB3aWR0aD0iMSIgaGVpZ2h0PSIxIiB4bWxucz0iaHR0cDovL3d3dy53My5vcmcvMjAwMC9zdmciPjwvc3ZnPg==\" style=\"--smush-placeholder-width: 645px; --smush-placeholder-aspect-ratio: 645\/400;\" \/><\/a><\/div><h2 class=\"w-post-elm post_title usg_post_title_1 entry-title color_link_inherit\"><a href=\"https:\/\/conversesacatalunya.cat\/es\/salsas-catalanas-que-son-bombas-de-salud\/\">Salsas catalanas que son bombas de salud<\/a><\/h2><time class=\"w-post-elm post_date usg_post_date_1 has_text_color entry-date published\" datetime=\"2025-02-26T12:21:48+01:00\">26 febrero, 2025<\/time><div class=\"w-post-elm post_author usg_post_author_1 vcard author color_link_inherit\"><div class=\"post-author-meta\"><a href=\"https:\/\/conversesacatalunya.cat\/es\/author\/carme_catala\/\" class=\"post-author-name fn\">conversesacatalunya<\/a><\/div><\/div>\t\t<\/div>\r\n\t\t\t<\/article>\r\n\t<article class=\"w-grid-item size_1x1 post-85775 post type-post status-publish format-standard has-post-thumbnail hentry category-cocina-y-tradiciones tag-tradiciones\" data-id=\"85775\">\r\n\t\t<div class=\"w-grid-item-h\">\r\n\t\t\t\t\t\t<div class=\"w-post-elm post_image usg_post_image_1 actualitat_img stretched\"><a href=\"https:\/\/conversesacatalunya.cat\/es\/jueves-lardero-la-fiesta-de-la-buena-comida-antes-de-la-cuaresma\/\" aria-label=\"Jueves Lardero: la fiesta de la buena comida antes de la Cuaresma\"><img decoding=\"async\" width=\"494\" height=\"318\" data-src=\"https:\/\/conversesacatalunya.cat\/wp-content\/uploads\/2025\/02\/dijous-gras-1.jpg\" class=\"attachment-large size-large wp-post-image lazyload\" alt=\"dijous gras\" data-srcset=\"https:\/\/conversesacatalunya.cat\/wp-content\/uploads\/2025\/02\/dijous-gras-1.jpg 494w, https:\/\/conversesacatalunya.cat\/wp-content\/uploads\/2025\/02\/dijous-gras-1-300x193.jpg 300w\" data-sizes=\"(max-width: 494px) 100vw, 494px\" src=\"data:image\/svg+xml;base64,PHN2ZyB3aWR0aD0iMSIgaGVpZ2h0PSIxIiB4bWxucz0iaHR0cDovL3d3dy53My5vcmcvMjAwMC9zdmciPjwvc3ZnPg==\" style=\"--smush-placeholder-width: 494px; --smush-placeholder-aspect-ratio: 494\/318;\" \/><\/a><\/div><h2 class=\"w-post-elm post_title usg_post_title_1 entry-title color_link_inherit\"><a href=\"https:\/\/conversesacatalunya.cat\/es\/jueves-lardero-la-fiesta-de-la-buena-comida-antes-de-la-cuaresma\/\">Jueves Lardero: la fiesta de la buena comida antes de la Cuaresma<\/a><\/h2><time class=\"w-post-elm post_date usg_post_date_1 has_text_color entry-date published\" datetime=\"2025-02-19T11:02:14+01:00\">19 febrero, 2025<\/time><div class=\"w-post-elm post_author usg_post_author_1 vcard author color_link_inherit\"><div class=\"post-author-meta\"><a href=\"https:\/\/conversesacatalunya.cat\/es\/author\/carme_catala\/\" class=\"post-author-name fn\">conversesacatalunya<\/a><\/div><\/div>\t\t<\/div>\r\n\t\t\t<\/article>\r\n\t<article class=\"w-grid-item size_1x1 post-85497 post type-post status-publish format-standard has-post-thumbnail hentry category-cocina-y-tradiciones category-punts-claus-del-dia-es tag-tradiciones\" data-id=\"85497\">\r\n\t\t<div class=\"w-grid-item-h\">\r\n\t\t\t\t\t\t<div class=\"w-post-elm post_image usg_post_image_1 actualitat_img stretched\"><a href=\"https:\/\/conversesacatalunya.cat\/es\/las-fiestas-de-santa-eulalia-la-celebracion-de-una-tradicion-historica-de-barcelona\/\" aria-label=\"Las Fiestas de Santa Eulalia: la celebraci\u00f3n de una tradici\u00f3n hist\u00f3rica de Barcelona\"><img decoding=\"async\" width=\"489\" height=\"306\" data-src=\"https:\/\/conversesacatalunya.cat\/wp-content\/uploads\/2025\/02\/Santa-Eulalia-bgb.jpg\" class=\"attachment-large size-large wp-post-image lazyload\" alt=\"Festes de Santa Eul\u00e0lia\" data-srcset=\"https:\/\/conversesacatalunya.cat\/wp-content\/uploads\/2025\/02\/Santa-Eulalia-bgb.jpg 489w, https:\/\/conversesacatalunya.cat\/wp-content\/uploads\/2025\/02\/Santa-Eulalia-bgb-300x188.jpg 300w\" data-sizes=\"(max-width: 489px) 100vw, 489px\" src=\"data:image\/svg+xml;base64,PHN2ZyB3aWR0aD0iMSIgaGVpZ2h0PSIxIiB4bWxucz0iaHR0cDovL3d3dy53My5vcmcvMjAwMC9zdmciPjwvc3ZnPg==\" style=\"--smush-placeholder-width: 489px; --smush-placeholder-aspect-ratio: 489\/306;\" \/><\/a><\/div><h2 class=\"w-post-elm post_title usg_post_title_1 entry-title color_link_inherit\"><a href=\"https:\/\/conversesacatalunya.cat\/es\/las-fiestas-de-santa-eulalia-la-celebracion-de-una-tradicion-historica-de-barcelona\/\">Las Fiestas de Santa Eulalia: la celebraci\u00f3n de una tradici\u00f3n hist\u00f3rica de Barcelona<\/a><\/h2><time class=\"w-post-elm post_date usg_post_date_1 has_text_color entry-date published\" datetime=\"2025-02-11T10:38:44+01:00\">11 febrero, 2025<\/time><div class=\"w-post-elm post_author usg_post_author_1 vcard author color_link_inherit\"><div class=\"post-author-meta\"><a href=\"https:\/\/conversesacatalunya.cat\/es\/author\/carme_catala\/\" class=\"post-author-name fn\">conversesacatalunya<\/a><\/div><\/div>\t\t<\/div>\r\n\t\t\t<\/article>\r\n\t<article class=\"w-grid-item size_1x1 post-85126 post type-post status-publish format-standard has-post-thumbnail hentry category-cocina-y-tradiciones tag-tradiciones\" data-id=\"85126\">\r\n\t\t<div class=\"w-grid-item-h\">\r\n\t\t\t\t\t\t<div class=\"w-post-elm post_image usg_post_image_1 actualitat_img stretched\"><a href=\"https:\/\/conversesacatalunya.cat\/es\/el-origen-de-la-letra-n-y-su-ausencia-en-el-catalan-historia-de-una-diferencia-linguistica\/\" aria-label=\"El origen de la letra \u00f1 y su ausencia en el catal\u00e1n: historia de una diferencia ling\u00fc\u00edstica\"><img decoding=\"async\" width=\"498\" height=\"466\" data-src=\"https:\/\/conversesacatalunya.cat\/wp-content\/uploads\/2025\/01\/n.jpg\" class=\"attachment-large size-large wp-post-image lazyload\" alt=\"\" data-srcset=\"https:\/\/conversesacatalunya.cat\/wp-content\/uploads\/2025\/01\/n.jpg 498w, https:\/\/conversesacatalunya.cat\/wp-content\/uploads\/2025\/01\/n-300x281.jpg 300w\" data-sizes=\"(max-width: 498px) 100vw, 498px\" src=\"data:image\/svg+xml;base64,PHN2ZyB3aWR0aD0iMSIgaGVpZ2h0PSIxIiB4bWxucz0iaHR0cDovL3d3dy53My5vcmcvMjAwMC9zdmciPjwvc3ZnPg==\" style=\"--smush-placeholder-width: 498px; --smush-placeholder-aspect-ratio: 498\/466;\" \/><\/a><\/div><h2 class=\"w-post-elm post_title usg_post_title_1 entry-title color_link_inherit\"><a href=\"https:\/\/conversesacatalunya.cat\/es\/el-origen-de-la-letra-n-y-su-ausencia-en-el-catalan-historia-de-una-diferencia-linguistica\/\">El origen de la letra \u00f1 y su ausencia en el catal\u00e1n: historia de una diferencia ling\u00fc\u00edstica<\/a><\/h2><time class=\"w-post-elm post_date usg_post_date_1 has_text_color entry-date published\" datetime=\"2025-01-23T10:36:52+01:00\">23 enero, 2025<\/time><div class=\"w-post-elm post_author usg_post_author_1 vcard author color_link_inherit\"><div class=\"post-author-meta\"><a href=\"https:\/\/conversesacatalunya.cat\/es\/author\/nuria_freixa\/\" class=\"post-author-name fn\">N\u00faria Freixa<\/a><\/div><\/div>\t\t<\/div>\r\n\t\t\t<\/article>\r\n\t<article class=\"w-grid-item size_1x1 post-84915 post type-post status-publish format-standard has-post-thumbnail hentry category-cocina-y-tradiciones category-punts-claus-del-dia tag-tradiciones tag-tradicions-es\" data-id=\"84915\">\r\n\t\t<div class=\"w-grid-item-h\">\r\n\t\t\t\t\t\t<div class=\"w-post-elm post_image usg_post_image_1 actualitat_img stretched\"><a href=\"https:\/\/conversesacatalunya.cat\/es\/la-semana-de-los-barbudos-tradicion-frio-y-cultura-popular\/\" aria-label=\"La Semana de los Barbudos: tradici\u00f3n, fr\u00edo y cultura popular\"><img decoding=\"async\" width=\"553\" height=\"401\" data-src=\"https:\/\/conversesacatalunya.cat\/wp-content\/uploads\/2025\/01\/setmana-dels-barbuts.jpg\" class=\"attachment-large size-large wp-post-image lazyload\" alt=\"\" data-srcset=\"https:\/\/conversesacatalunya.cat\/wp-content\/uploads\/2025\/01\/setmana-dels-barbuts.jpg 553w, https:\/\/conversesacatalunya.cat\/wp-content\/uploads\/2025\/01\/setmana-dels-barbuts-300x218.jpg 300w\" data-sizes=\"(max-width: 553px) 100vw, 553px\" src=\"data:image\/svg+xml;base64,PHN2ZyB3aWR0aD0iMSIgaGVpZ2h0PSIxIiB4bWxucz0iaHR0cDovL3d3dy53My5vcmcvMjAwMC9zdmciPjwvc3ZnPg==\" style=\"--smush-placeholder-width: 553px; --smush-placeholder-aspect-ratio: 553\/401;\" \/><\/a><\/div><h2 class=\"w-post-elm post_title usg_post_title_1 entry-title color_link_inherit\"><a href=\"https:\/\/conversesacatalunya.cat\/es\/la-semana-de-los-barbudos-tradicion-frio-y-cultura-popular\/\">La Semana de los Barbudos: tradici\u00f3n, fr\u00edo y cultura popular<\/a><\/h2><time class=\"w-post-elm post_date usg_post_date_1 has_text_color entry-date published\" datetime=\"2025-01-14T08:55:05+01:00\">14 enero, 2025<\/time><div class=\"w-post-elm post_author usg_post_author_1 vcard author color_link_inherit\"><div class=\"post-author-meta\"><a href=\"https:\/\/conversesacatalunya.cat\/es\/author\/carme_catala\/\" class=\"post-author-name fn\">conversesacatalunya<\/a><\/div><\/div>\t\t<\/div>\r\n\t\t\t<\/article>\r\n\t<article class=\"w-grid-item size_1x1 post-84882 post type-post status-publish format-standard has-post-thumbnail hentry category-cocina-y-tradiciones category-punts-claus-del-dia-es tag-tradiciones\" data-id=\"84882\">\r\n\t\t<div class=\"w-grid-item-h\">\r\n\t\t\t\t\t\t<div class=\"w-post-elm post_image usg_post_image_1 actualitat_img stretched\"><a href=\"https:\/\/conversesacatalunya.cat\/es\/el-bicentenario-del-tres-tombs-doscientas-vueltas-a-la-tradicion\/\" aria-label=\"El bicentenario del Tres Tombs: doscientas vueltas a la tradici\u00f3n\"><img decoding=\"async\" width=\"626\" height=\"430\" data-src=\"https:\/\/conversesacatalunya.cat\/wp-content\/uploads\/2025\/01\/tres-tombs.jpg\" class=\"attachment-large size-large wp-post-image lazyload\" alt=\"bicentenari dels Tres Tombs\" data-srcset=\"https:\/\/conversesacatalunya.cat\/wp-content\/uploads\/2025\/01\/tres-tombs.jpg 626w, https:\/\/conversesacatalunya.cat\/wp-content\/uploads\/2025\/01\/tres-tombs-300x206.jpg 300w\" data-sizes=\"(max-width: 626px) 100vw, 626px\" src=\"data:image\/svg+xml;base64,PHN2ZyB3aWR0aD0iMSIgaGVpZ2h0PSIxIiB4bWxucz0iaHR0cDovL3d3dy53My5vcmcvMjAwMC9zdmciPjwvc3ZnPg==\" style=\"--smush-placeholder-width: 626px; --smush-placeholder-aspect-ratio: 626\/430;\" \/><\/a><\/div><h2 class=\"w-post-elm post_title usg_post_title_1 entry-title color_link_inherit\"><a href=\"https:\/\/conversesacatalunya.cat\/es\/el-bicentenario-del-tres-tombs-doscientas-vueltas-a-la-tradicion\/\">El bicentenario del Tres Tombs: doscientas vueltas a la tradici\u00f3n<\/a><\/h2><time class=\"w-post-elm post_date usg_post_date_1 has_text_color entry-date published\" datetime=\"2025-01-13T08:51:12+01:00\">13 enero, 2025<\/time><div class=\"w-post-elm post_author usg_post_author_1 vcard author color_link_inherit\"><div class=\"post-author-meta\"><a href=\"https:\/\/conversesacatalunya.cat\/es\/author\/carme_catala\/\" class=\"post-author-name fn\">conversesacatalunya<\/a><\/div><\/div>\t\t<\/div>\r\n\t\t\t<\/article>\r\n\t<article class=\"w-grid-item size_1x1 post-74543 post type-post status-publish format-standard has-post-thumbnail hentry category-cocina-y-tradiciones category-reportatges-es tag-gastronomia-es tag-recet tag-recetas-y-cocina-de-convento\" data-id=\"74543\">\r\n\t\t<div class=\"w-grid-item-h\">\r\n\t\t\t\t\t\t<div class=\"w-post-elm post_image usg_post_image_1 actualitat_img stretched\"><a href=\"https:\/\/conversesacatalunya.cat\/es\/tradicion-de-los-calcots-en-cataluna\/\" aria-label=\"Explorando la tradici\u00f3n de los Cal\u00e7ots en Catalu\u00f1a: De la cuna en Valls a la mesa festiva\"><img decoding=\"async\" width=\"800\" height=\"600\" data-src=\"https:\/\/conversesacatalunya.cat\/wp-content\/uploads\/2024\/01\/cacotada2.jpg\" class=\"attachment-large size-large wp-post-image lazyload\" alt=\"\" data-srcset=\"https:\/\/conversesacatalunya.cat\/wp-content\/uploads\/2024\/01\/cacotada2.jpg 800w, https:\/\/conversesacatalunya.cat\/wp-content\/uploads\/2024\/01\/cacotada2-300x225.jpg 300w\" data-sizes=\"(max-width: 800px) 100vw, 800px\" src=\"data:image\/svg+xml;base64,PHN2ZyB3aWR0aD0iMSIgaGVpZ2h0PSIxIiB4bWxucz0iaHR0cDovL3d3dy53My5vcmcvMjAwMC9zdmciPjwvc3ZnPg==\" style=\"--smush-placeholder-width: 800px; --smush-placeholder-aspect-ratio: 800\/600;\" \/><\/a><\/div><h2 class=\"w-post-elm post_title usg_post_title_1 entry-title color_link_inherit\"><a href=\"https:\/\/conversesacatalunya.cat\/es\/tradicion-de-los-calcots-en-cataluna\/\">Explorando la tradici\u00f3n de los Cal\u00e7ots en Catalu\u00f1a: De la cuna en Valls a la mesa festiva<\/a><\/h2><time class=\"w-post-elm post_date usg_post_date_1 has_text_color entry-date published\" datetime=\"2025-01-10T08:31:15+01:00\">10 enero, 2025<\/time><div class=\"w-post-elm post_author usg_post_author_1 vcard author color_link_inherit\"><div class=\"post-author-meta\"><a href=\"https:\/\/conversesacatalunya.cat\/es\/author\/nuria_freixa\/\" class=\"post-author-name fn\">N\u00faria Freixa<\/a><\/div><\/div>\t\t<\/div>\r\n\t\t\t<\/article>\r\n\t<article class=\"w-grid-item size_1x1 post-73384 post type-post status-publish format-standard has-post-thumbnail hentry category-cocina-y-tradiciones category-punts-claus-del-dia-es tag-cuina-es\" data-id=\"73384\">\r\n\t\t<div class=\"w-grid-item-h\">\r\n\t\t\t\t\t\t<div class=\"w-post-elm post_image usg_post_image_1 actualitat_img stretched\"><a href=\"https:\/\/conversesacatalunya.cat\/es\/5-extraordinarios-cavas-para-estas-navidades\/\" aria-label=\"5 extraordinarios cavas para estas Navidades\"><img decoding=\"async\" width=\"850\" height=\"635\" data-src=\"https:\/\/conversesacatalunya.cat\/wp-content\/uploads\/2023\/12\/bodega-cava.jpg\" class=\"attachment-large size-large wp-post-image lazyload\" alt=\"\" data-srcset=\"https:\/\/conversesacatalunya.cat\/wp-content\/uploads\/2023\/12\/bodega-cava.jpg 850w, https:\/\/conversesacatalunya.cat\/wp-content\/uploads\/2023\/12\/bodega-cava-300x224.jpg 300w\" data-sizes=\"(max-width: 850px) 100vw, 850px\" src=\"data:image\/svg+xml;base64,PHN2ZyB3aWR0aD0iMSIgaGVpZ2h0PSIxIiB4bWxucz0iaHR0cDovL3d3dy53My5vcmcvMjAwMC9zdmciPjwvc3ZnPg==\" style=\"--smush-placeholder-width: 850px; --smush-placeholder-aspect-ratio: 850\/635;\" \/><\/a><\/div><h2 class=\"w-post-elm post_title usg_post_title_1 entry-title color_link_inherit\"><a href=\"https:\/\/conversesacatalunya.cat\/es\/5-extraordinarios-cavas-para-estas-navidades\/\">5 extraordinarios cavas para estas Navidades<\/a><\/h2><time class=\"w-post-elm post_date usg_post_date_1 has_text_color entry-date published\" datetime=\"2024-12-19T08:24:51+01:00\">19 diciembre, 2024<\/time><div class=\"w-post-elm post_author usg_post_author_1 vcard author color_link_inherit\"><div class=\"post-author-meta\"><a href=\"https:\/\/conversesacatalunya.cat\/es\/author\/carme_catala\/\" class=\"post-author-name fn\">conversesacatalunya<\/a><\/div><\/div>\t\t<\/div>\r\n\t\t\t<\/article>\r\n\t<article class=\"w-grid-item size_1x1 post-84326 post type-post status-publish format-standard has-post-thumbnail hentry category-cocina-y-tradiciones category-punts-claus-del-dia-es category-reportatges-es tag-nadal-es tag-navidad tag-tradiciones tag-tradicions-es\" data-id=\"84326\">\r\n\t\t<div class=\"w-grid-item-h\">\r\n\t\t\t\t\t\t<div class=\"w-post-elm post_image usg_post_image_1 actualitat_img stretched\"><a href=\"https:\/\/conversesacatalunya.cat\/es\/las-tradiciones-mas-singulares-de-la-navidad-catalana-el-caganer-y-el-tio\/\" aria-label=\"Las tradiciones m\u00e1s singulares de la Navidad catalana: el caganer y el Ti\u00f3\"><img decoding=\"async\" width=\"635\" height=\"509\" data-src=\"https:\/\/conversesacatalunya.cat\/wp-content\/uploads\/2024\/12\/caganer-i-tio.jpg\" class=\"attachment-large size-large wp-post-image lazyload\" alt=\"\" data-srcset=\"https:\/\/conversesacatalunya.cat\/wp-content\/uploads\/2024\/12\/caganer-i-tio.jpg 635w, https:\/\/conversesacatalunya.cat\/wp-content\/uploads\/2024\/12\/caganer-i-tio-300x240.jpg 300w\" data-sizes=\"(max-width: 635px) 100vw, 635px\" src=\"data:image\/svg+xml;base64,PHN2ZyB3aWR0aD0iMSIgaGVpZ2h0PSIxIiB4bWxucz0iaHR0cDovL3d3dy53My5vcmcvMjAwMC9zdmciPjwvc3ZnPg==\" style=\"--smush-placeholder-width: 635px; --smush-placeholder-aspect-ratio: 635\/509;\" \/><\/a><\/div><h2 class=\"w-post-elm post_title usg_post_title_1 entry-title color_link_inherit\"><a href=\"https:\/\/conversesacatalunya.cat\/es\/las-tradiciones-mas-singulares-de-la-navidad-catalana-el-caganer-y-el-tio\/\">Las tradiciones m\u00e1s singulares de la Navidad catalana: el caganer y el Ti\u00f3<\/a><\/h2><time class=\"w-post-elm post_date usg_post_date_1 has_text_color entry-date published\" datetime=\"2024-12-12T11:27:30+01:00\">12 diciembre, 2024<\/time><div class=\"w-post-elm post_author usg_post_author_1 vcard author color_link_inherit\"><div class=\"post-author-meta\"><a href=\"https:\/\/conversesacatalunya.cat\/es\/author\/carme_catala\/\" class=\"post-author-name fn\">conversesacatalunya<\/a><\/div><\/div>\t\t<\/div>\r\n\t\t\t<\/article>\r\n\t<article class=\"w-grid-item size_1x1 post-84274 post type-post status-publish format-standard has-post-thumbnail hentry category-cocina-y-tradiciones category-punts-claus-del-dia-es category-reportatges-es tag-navidad tag-tradiciones tag-tradicions-es\" data-id=\"84274\">\r\n\t\t<div class=\"w-grid-item-h\">\r\n\t\t\t\t\t\t<div class=\"w-post-elm post_image usg_post_image_1 actualitat_img stretched\"><a href=\"https:\/\/conversesacatalunya.cat\/es\/las-mejores-canciones-de-navidad-villancicos-de-cataluna\/\" aria-label=\"Las mejores canciones de Navidad (villancicos) de Catalu\u00f1a: un viaje a la tradici\u00f3n y al esp\u00edritu navide\u00f1o\"><img decoding=\"async\" width=\"659\" height=\"405\" data-src=\"https:\/\/conversesacatalunya.cat\/wp-content\/uploads\/2024\/11\/nadales.jpg\" class=\"attachment-large size-large wp-post-image lazyload\" alt=\"can\u00e7ons de Nadal\" data-srcset=\"https:\/\/conversesacatalunya.cat\/wp-content\/uploads\/2024\/11\/nadales.jpg 659w, https:\/\/conversesacatalunya.cat\/wp-content\/uploads\/2024\/11\/nadales-300x184.jpg 300w\" data-sizes=\"(max-width: 659px) 100vw, 659px\" src=\"data:image\/svg+xml;base64,PHN2ZyB3aWR0aD0iMSIgaGVpZ2h0PSIxIiB4bWxucz0iaHR0cDovL3d3dy53My5vcmcvMjAwMC9zdmciPjwvc3ZnPg==\" style=\"--smush-placeholder-width: 659px; --smush-placeholder-aspect-ratio: 659\/405;\" \/><\/a><\/div><h2 class=\"w-post-elm post_title usg_post_title_1 entry-title color_link_inherit\"><a href=\"https:\/\/conversesacatalunya.cat\/es\/las-mejores-canciones-de-navidad-villancicos-de-cataluna\/\">Las mejores canciones de Navidad (villancicos) de Catalu\u00f1a: un viaje a la tradici\u00f3n y al esp\u00edritu navide\u00f1o<\/a><\/h2><time class=\"w-post-elm post_date usg_post_date_1 has_text_color entry-date published\" datetime=\"2024-12-10T08:08:51+01:00\">10 diciembre, 2024<\/time><div class=\"w-post-elm post_author usg_post_author_1 vcard author color_link_inherit\"><div class=\"post-author-meta\"><a href=\"https:\/\/conversesacatalunya.cat\/es\/author\/carme_catala\/\" class=\"post-author-name fn\">conversesacatalunya<\/a><\/div><\/div>\t\t<\/div>\r\n\t\t\t<\/article>\r\n\t<article class=\"w-grid-item size_1x1 post-84012 post type-post status-publish format-standard has-post-thumbnail hentry category-cocina-y-tradiciones category-punts-claus-del-dia-es category-reportatges-es tag-navidad\" data-id=\"84012\">\r\n\t\t<div class=\"w-grid-item-h\">\r\n\t\t\t\t\t\t<div class=\"w-post-elm post_image usg_post_image_1 actualitat_img stretched\"><a href=\"https:\/\/conversesacatalunya.cat\/es\/descubre-la-magia-de-la-navidad-con-la-ruta-de-los-belenes-vivientes-en-cataluna\/\" aria-label=\"Descubre la magia de la Navidad con la Ruta de los Belenes vivientes en Catalu\u00f1a\"><img decoding=\"async\" width=\"663\" height=\"451\" data-src=\"https:\/\/conversesacatalunya.cat\/wp-content\/uploads\/2024\/11\/pessebre.jpeg\" class=\"attachment-large size-large wp-post-image lazyload\" alt=\"pessebre vivent\" data-srcset=\"https:\/\/conversesacatalunya.cat\/wp-content\/uploads\/2024\/11\/pessebre.jpeg 663w, https:\/\/conversesacatalunya.cat\/wp-content\/uploads\/2024\/11\/pessebre-300x204.jpeg 300w\" data-sizes=\"(max-width: 663px) 100vw, 663px\" src=\"data:image\/svg+xml;base64,PHN2ZyB3aWR0aD0iMSIgaGVpZ2h0PSIxIiB4bWxucz0iaHR0cDovL3d3dy53My5vcmcvMjAwMC9zdmciPjwvc3ZnPg==\" style=\"--smush-placeholder-width: 663px; --smush-placeholder-aspect-ratio: 663\/451;\" \/><\/a><\/div><h2 class=\"w-post-elm post_title usg_post_title_1 entry-title color_link_inherit\"><a href=\"https:\/\/conversesacatalunya.cat\/es\/descubre-la-magia-de-la-navidad-con-la-ruta-de-los-belenes-vivientes-en-cataluna\/\">Descubre la magia de la Navidad con la Ruta de los Belenes vivientes en Catalu\u00f1a<\/a><\/h2><time class=\"w-post-elm post_date usg_post_date_1 has_text_color entry-date published\" datetime=\"2024-11-28T12:23:46+01:00\">28 noviembre, 2024<\/time><div class=\"w-post-elm post_author usg_post_author_1 vcard author color_link_inherit\"><div class=\"post-author-meta\"><a href=\"https:\/\/conversesacatalunya.cat\/es\/author\/carme_catala\/\" class=\"post-author-name fn\">conversesacatalunya<\/a><\/div><\/div>\t\t<\/div>\r\n\t\t\t<\/article>\r\n\t<article class=\"w-grid-item size_1x1 post-83971 post type-post status-publish format-standard has-post-thumbnail hentry category-cocina-y-tradiciones category-projecte-cultural-es category-punts-claus-del-dia-es category-reportatges-es tag-feria-de-navidad tag-nadal-es tag-navidad\" data-id=\"83971\">\r\n\t\t<div class=\"w-grid-item-h\">\r\n\t\t\t\t\t\t<div class=\"w-post-elm post_image usg_post_image_1 actualitat_img stretched\"><a href=\"https:\/\/conversesacatalunya.cat\/es\/ferias-y-mercados-de-navidad-imperdibles-de-cataluna-2024\/\" aria-label=\"La Magia de la Navidad: Las Ferias y Mercados de Navidad imprescindibles de Catalu\u00f1a 2024\"><img decoding=\"async\" width=\"590\" height=\"331\" data-src=\"https:\/\/conversesacatalunya.cat\/wp-content\/uploads\/2024\/11\/fires-de-nadal.jpg\" class=\"attachment-large size-large wp-post-image lazyload\" alt=\"fires de nadal\" data-srcset=\"https:\/\/conversesacatalunya.cat\/wp-content\/uploads\/2024\/11\/fires-de-nadal.jpg 590w, https:\/\/conversesacatalunya.cat\/wp-content\/uploads\/2024\/11\/fires-de-nadal-300x168.jpg 300w\" data-sizes=\"(max-width: 590px) 100vw, 590px\" src=\"data:image\/svg+xml;base64,PHN2ZyB3aWR0aD0iMSIgaGVpZ2h0PSIxIiB4bWxucz0iaHR0cDovL3d3dy53My5vcmcvMjAwMC9zdmciPjwvc3ZnPg==\" style=\"--smush-placeholder-width: 590px; --smush-placeholder-aspect-ratio: 590\/331;\" \/><\/a><\/div><h2 class=\"w-post-elm post_title usg_post_title_1 entry-title color_link_inherit\"><a href=\"https:\/\/conversesacatalunya.cat\/es\/ferias-y-mercados-de-navidad-imperdibles-de-cataluna-2024\/\">La Magia de la Navidad: Las Ferias y Mercados de Navidad imprescindibles de Catalu\u00f1a 2024<\/a><\/h2><time class=\"w-post-elm post_date usg_post_date_1 has_text_color entry-date published\" datetime=\"2024-11-27T12:57:43+01:00\">27 noviembre, 2024<\/time><div class=\"w-post-elm post_author usg_post_author_1 vcard author color_link_inherit\"><div class=\"post-author-meta\"><a href=\"https:\/\/conversesacatalunya.cat\/es\/author\/carme_catala\/\" class=\"post-author-name fn\">conversesacatalunya<\/a><\/div><\/div>\t\t<\/div>\r\n\t\t\t<\/article>\r\n\t<article class=\"w-grid-item size_1x1 post-82802 post type-post status-publish format-standard has-post-thumbnail hentry category-cocina-y-tradiciones category-reportatges-es tag-cocina\" data-id=\"82802\">\r\n\t\t<div class=\"w-grid-item-h\">\r\n\t\t\t\t\t\t<div class=\"w-post-elm post_image usg_post_image_1 actualitat_img stretched\"><a href=\"https:\/\/conversesacatalunya.cat\/es\/descubre-las-mejores-recetas-de-caracoles-tradicion-sabor-y-autenticidad-de-la-cocina-catalana\/\" aria-label=\"Descubre las mejores recetas de caracoles: tradici\u00f3n, sabor y autenticidad de la cocina catalana\"><img decoding=\"async\" width=\"549\" height=\"412\" data-src=\"https:\/\/conversesacatalunya.cat\/wp-content\/uploads\/2024\/11\/cargols.jpg\" class=\"attachment-large size-large wp-post-image lazyload\" alt=\"receptes cargols\" data-srcset=\"https:\/\/conversesacatalunya.cat\/wp-content\/uploads\/2024\/11\/cargols.jpg 549w, https:\/\/conversesacatalunya.cat\/wp-content\/uploads\/2024\/11\/cargols-300x225.jpg 300w\" data-sizes=\"(max-width: 549px) 100vw, 549px\" src=\"data:image\/svg+xml;base64,PHN2ZyB3aWR0aD0iMSIgaGVpZ2h0PSIxIiB4bWxucz0iaHR0cDovL3d3dy53My5vcmcvMjAwMC9zdmciPjwvc3ZnPg==\" style=\"--smush-placeholder-width: 549px; --smush-placeholder-aspect-ratio: 549\/412;\" \/><\/a><\/div><h2 class=\"w-post-elm post_title usg_post_title_1 entry-title color_link_inherit\"><a href=\"https:\/\/conversesacatalunya.cat\/es\/descubre-las-mejores-recetas-de-caracoles-tradicion-sabor-y-autenticidad-de-la-cocina-catalana\/\">Descubre las mejores recetas de caracoles: tradici\u00f3n, sabor y autenticidad de la cocina catalana<\/a><\/h2><time class=\"w-post-elm post_date usg_post_date_1 has_text_color entry-date published\" datetime=\"2024-11-25T11:17:43+01:00\">25 noviembre, 2024<\/time><div class=\"w-post-elm post_author usg_post_author_1 vcard author color_link_inherit\"><div class=\"post-author-meta\"><a href=\"https:\/\/conversesacatalunya.cat\/es\/author\/carme_catala\/\" class=\"post-author-name fn\">conversesacatalunya<\/a><\/div><\/div>\t\t<\/div>\r\n\t\t\t<\/article>\r\n\t<article class=\"w-grid-item size_1x1 post-83302 post type-post status-publish format-standard has-post-thumbnail hentry category-cocina-y-tradiciones category-punts-claus-del-dia-es category-reportatges-es tag-cocina\" data-id=\"83302\">\r\n\t\t<div class=\"w-grid-item-h\">\r\n\t\t\t\t\t\t<div class=\"w-post-elm post_image usg_post_image_1 actualitat_img stretched\"><a href=\"https:\/\/conversesacatalunya.cat\/es\/receta-de-panettone-casero-tradicion-navidena-en-cada-bocado\/\" aria-label=\"Receta de Panettone casero: tradici\u00f3n navide\u00f1a en cada bocado\"><img decoding=\"async\" width=\"1024\" height=\"573\" data-src=\"https:\/\/conversesacatalunya.cat\/wp-content\/uploads\/2024\/11\/panettone-k0kG-1248x698@abc-1-1024x573.jpg\" class=\"attachment-large size-large wp-post-image lazyload\" alt=\"receta panettone\" data-srcset=\"https:\/\/conversesacatalunya.cat\/wp-content\/uploads\/2024\/11\/panettone-k0kG-1248x698@abc-1-1024x573.jpg 1024w, https:\/\/conversesacatalunya.cat\/wp-content\/uploads\/2024\/11\/panettone-k0kG-1248x698@abc-1-300x168.jpg 300w, https:\/\/conversesacatalunya.cat\/wp-content\/uploads\/2024\/11\/panettone-k0kG-1248x698@abc-1.jpg 1248w\" data-sizes=\"(max-width: 1024px) 100vw, 1024px\" src=\"data:image\/svg+xml;base64,PHN2ZyB3aWR0aD0iMSIgaGVpZ2h0PSIxIiB4bWxucz0iaHR0cDovL3d3dy53My5vcmcvMjAwMC9zdmciPjwvc3ZnPg==\" style=\"--smush-placeholder-width: 1024px; --smush-placeholder-aspect-ratio: 1024\/573;\" \/><\/a><\/div><h2 class=\"w-post-elm post_title usg_post_title_1 entry-title color_link_inherit\"><a href=\"https:\/\/conversesacatalunya.cat\/es\/receta-de-panettone-casero-tradicion-navidena-en-cada-bocado\/\">Receta de Panettone casero: tradici\u00f3n navide\u00f1a en cada bocado<\/a><\/h2><time class=\"w-post-elm post_date usg_post_date_1 has_text_color entry-date published\" datetime=\"2024-11-15T08:35:07+01:00\">15 noviembre, 2024<\/time><div class=\"w-post-elm post_author usg_post_author_1 vcard author color_link_inherit\"><div class=\"post-author-meta\"><a href=\"https:\/\/conversesacatalunya.cat\/es\/author\/carme_catala\/\" class=\"post-author-name fn\">conversesacatalunya<\/a><\/div><\/div>\t\t<\/div>\r\n\t\t\t<\/article>\r\n\t<article class=\"w-grid-item size_1x1 post-82870 post type-post status-publish format-standard has-post-thumbnail hentry category-cocina-y-tradiciones category-punts-claus-del-dia-es category-reportatges-es tag-cocina tag-cuina-es tag-receptes-es tag-recetas-y-cocina-de-convento\" data-id=\"82870\">\r\n\t\t<div class=\"w-grid-item-h\">\r\n\t\t\t\t\t\t<div class=\"w-post-elm post_image usg_post_image_1 actualitat_img stretched\"><a href=\"https:\/\/conversesacatalunya.cat\/es\/como-hacer-panellets-tradicionales-en-casa-recetas-autenticas-para-todos-los-gustos\/\" aria-label=\"C\u00f3mo hacer panellets tradicionales en casa: recetas aut\u00e9nticas para todos los gustos\"><img decoding=\"async\" width=\"661\" height=\"417\" data-src=\"https:\/\/conversesacatalunya.cat\/wp-content\/uploads\/2024\/10\/panellets.jpg\" class=\"attachment-large size-large wp-post-image lazyload\" alt=\"receptes panellets\" data-srcset=\"https:\/\/conversesacatalunya.cat\/wp-content\/uploads\/2024\/10\/panellets.jpg 661w, https:\/\/conversesacatalunya.cat\/wp-content\/uploads\/2024\/10\/panellets-300x189.jpg 300w\" data-sizes=\"(max-width: 661px) 100vw, 661px\" src=\"data:image\/svg+xml;base64,PHN2ZyB3aWR0aD0iMSIgaGVpZ2h0PSIxIiB4bWxucz0iaHR0cDovL3d3dy53My5vcmcvMjAwMC9zdmciPjwvc3ZnPg==\" style=\"--smush-placeholder-width: 661px; --smush-placeholder-aspect-ratio: 661\/417;\" \/><\/a><\/div><h2 class=\"w-post-elm post_title usg_post_title_1 entry-title color_link_inherit\"><a href=\"https:\/\/conversesacatalunya.cat\/es\/como-hacer-panellets-tradicionales-en-casa-recetas-autenticas-para-todos-los-gustos\/\">C\u00f3mo hacer panellets tradicionales en casa: recetas aut\u00e9nticas para todos los gustos<\/a><\/h2><time class=\"w-post-elm post_date usg_post_date_1 has_text_color entry-date published\" datetime=\"2024-10-25T12:08:50+02:00\">25 octubre, 2024<\/time><div class=\"w-post-elm post_author usg_post_author_1 vcard author color_link_inherit\"><div class=\"post-author-meta\"><a href=\"https:\/\/conversesacatalunya.cat\/es\/author\/carme_catala\/\" class=\"post-author-name fn\">conversesacatalunya<\/a><\/div><\/div>\t\t<\/div>\r\n\t\t\t<\/article>\r\n\t<article class=\"w-grid-item size_1x1 post-82817 post type-post status-publish format-standard has-post-thumbnail hentry category-cocina-y-tradiciones category-punts-claus-del-dia-es category-reportatges-es tag-cocina tag-tradiciones tag-tradicions-es\" data-id=\"82817\">\r\n\t\t<div class=\"w-grid-item-h\">\r\n\t\t\t\t\t\t<div class=\"w-post-elm post_image usg_post_image_1 actualitat_img stretched\"><a href=\"https:\/\/conversesacatalunya.cat\/es\/la-castanada-y-todos-los-santos-tradicion-gastronomia-y-el-recuerdo-de-los-antepasados\/\" aria-label=\"La Casta\u00f1ada y Todos los Santos: Tradici\u00f3n, gastronom\u00eda y el recuerdo de los antepasados\"><img decoding=\"async\" width=\"574\" height=\"406\" data-src=\"https:\/\/conversesacatalunya.cat\/wp-content\/uploads\/2024\/10\/castanyada.jpg\" class=\"attachment-large size-large wp-post-image lazyload\" alt=\"castanyada\" data-srcset=\"https:\/\/conversesacatalunya.cat\/wp-content\/uploads\/2024\/10\/castanyada.jpg 574w, https:\/\/conversesacatalunya.cat\/wp-content\/uploads\/2024\/10\/castanyada-300x212.jpg 300w\" data-sizes=\"(max-width: 574px) 100vw, 574px\" src=\"data:image\/svg+xml;base64,PHN2ZyB3aWR0aD0iMSIgaGVpZ2h0PSIxIiB4bWxucz0iaHR0cDovL3d3dy53My5vcmcvMjAwMC9zdmciPjwvc3ZnPg==\" style=\"--smush-placeholder-width: 574px; --smush-placeholder-aspect-ratio: 574\/406;\" \/><\/a><\/div><h2 class=\"w-post-elm post_title usg_post_title_1 entry-title color_link_inherit\"><a href=\"https:\/\/conversesacatalunya.cat\/es\/la-castanada-y-todos-los-santos-tradicion-gastronomia-y-el-recuerdo-de-los-antepasados\/\">La Casta\u00f1ada y Todos los Santos: Tradici\u00f3n, gastronom\u00eda y el recuerdo de los antepasados<\/a><\/h2><time class=\"w-post-elm post_date usg_post_date_1 has_text_color entry-date published\" datetime=\"2024-10-23T10:37:01+02:00\">23 octubre, 2024<\/time><div class=\"w-post-elm post_author usg_post_author_1 vcard author color_link_inherit\"><div class=\"post-author-meta\"><a href=\"https:\/\/conversesacatalunya.cat\/es\/author\/carme_catala\/\" class=\"post-author-name fn\">conversesacatalunya<\/a><\/div><\/div>\t\t<\/div>\r\n\t\t\t<\/article>\r\n\t<article class=\"w-grid-item size_1x1 post-82290 post type-post status-publish format-standard has-post-thumbnail hentry category-cocina-y-tradiciones category-punts-claus-del-dia-es category-reportatges-es tag-cocina tag-recetas-y-cocina-de-convento tag-setas\" data-id=\"82290\">\r\n\t\t<div class=\"w-grid-item-h\">\r\n\t\t\t\t\t\t<div class=\"w-post-elm post_image usg_post_image_1 actualitat_img stretched\"><a href=\"https:\/\/conversesacatalunya.cat\/es\/descubre-las-mejores-recetas-para-disfrutar-las-alcachofas-de-temporada\/\" aria-label=\"Descubre las mejores recetas para disfrutar las alcachofas de temporada\"><img decoding=\"async\" width=\"652\" height=\"396\" data-src=\"https:\/\/conversesacatalunya.cat\/wp-content\/uploads\/2024\/10\/alcachofas-3.jpg\" class=\"attachment-large size-large wp-post-image lazyload\" alt=\"recetas alcachofa\" data-srcset=\"https:\/\/conversesacatalunya.cat\/wp-content\/uploads\/2024\/10\/alcachofas-3.jpg 652w, https:\/\/conversesacatalunya.cat\/wp-content\/uploads\/2024\/10\/alcachofas-3-300x182.jpg 300w\" data-sizes=\"(max-width: 652px) 100vw, 652px\" src=\"data:image\/svg+xml;base64,PHN2ZyB3aWR0aD0iMSIgaGVpZ2h0PSIxIiB4bWxucz0iaHR0cDovL3d3dy53My5vcmcvMjAwMC9zdmciPjwvc3ZnPg==\" style=\"--smush-placeholder-width: 652px; --smush-placeholder-aspect-ratio: 652\/396;\" \/><\/a><\/div><h2 class=\"w-post-elm post_title usg_post_title_1 entry-title color_link_inherit\"><a href=\"https:\/\/conversesacatalunya.cat\/es\/descubre-las-mejores-recetas-para-disfrutar-las-alcachofas-de-temporada\/\">Descubre las mejores recetas para disfrutar las alcachofas de temporada<\/a><\/h2><time class=\"w-post-elm post_date usg_post_date_1 has_text_color entry-date published\" datetime=\"2024-10-22T10:14:48+02:00\">22 octubre, 2024<\/time><div class=\"w-post-elm post_author usg_post_author_1 vcard author color_link_inherit\"><div class=\"post-author-meta\"><a href=\"https:\/\/conversesacatalunya.cat\/es\/author\/carme_catala\/\" class=\"post-author-name fn\">conversesacatalunya<\/a><\/div><\/div>\t\t<\/div>\r\n\t\t\t<\/article>\r\n\t<article class=\"w-grid-item size_1x1 post-82286 post type-post status-publish format-standard has-post-thumbnail hentry category-cocina-y-tradiciones category-reportatges-es tag-cocina tag-recetas-y-cocina-de-convento tag-setas\" data-id=\"82286\">\r\n\t\t<div class=\"w-grid-item-h\">\r\n\t\t\t\t\t\t<div class=\"w-post-elm post_image usg_post_image_1 actualitat_img stretched\"><a href=\"https:\/\/conversesacatalunya.cat\/es\/la-alcachofa-tesoro-de-temporada\/\" aria-label=\"La Alcachofa: Tesoro de temporada\"><img decoding=\"async\" width=\"1024\" height=\"588\" data-src=\"https:\/\/conversesacatalunya.cat\/wp-content\/uploads\/2024\/10\/alcachofas-1024x588.jpg\" class=\"attachment-large size-large wp-post-image lazyload\" alt=\"Alcachofa\" data-srcset=\"https:\/\/conversesacatalunya.cat\/wp-content\/uploads\/2024\/10\/alcachofas-1024x588.jpg 1024w, https:\/\/conversesacatalunya.cat\/wp-content\/uploads\/2024\/10\/alcachofas-300x172.jpg 300w, https:\/\/conversesacatalunya.cat\/wp-content\/uploads\/2024\/10\/alcachofas.jpg 1341w\" data-sizes=\"(max-width: 1024px) 100vw, 1024px\" src=\"data:image\/svg+xml;base64,PHN2ZyB3aWR0aD0iMSIgaGVpZ2h0PSIxIiB4bWxucz0iaHR0cDovL3d3dy53My5vcmcvMjAwMC9zdmciPjwvc3ZnPg==\" style=\"--smush-placeholder-width: 1024px; --smush-placeholder-aspect-ratio: 1024\/588;\" \/><\/a><\/div><h2 class=\"w-post-elm post_title usg_post_title_1 entry-title color_link_inherit\"><a href=\"https:\/\/conversesacatalunya.cat\/es\/la-alcachofa-tesoro-de-temporada\/\">La Alcachofa: Tesoro de temporada<\/a><\/h2><time class=\"w-post-elm post_date usg_post_date_1 has_text_color entry-date published\" datetime=\"2024-10-21T10:15:11+02:00\">21 octubre, 2024<\/time><div class=\"w-post-elm post_author usg_post_author_1 vcard author color_link_inherit\"><div class=\"post-author-meta\"><a href=\"https:\/\/conversesacatalunya.cat\/es\/author\/carme_catala\/\" class=\"post-author-name fn\">conversesacatalunya<\/a><\/div><\/div>\t\t<\/div>\r\n\t\t\t<\/article>\r\n\t<article class=\"w-grid-item size_1x1 post-81054 post type-post status-publish format-standard has-post-thumbnail hentry category-cocina-y-tradiciones category-punts-claus-del-dia-es tag-cocina tag-recetas-y-cocina-de-convento\" data-id=\"81054\">\r\n\t\t<div class=\"w-grid-item-h\">\r\n\t\t\t\t\t\t<div class=\"w-post-elm post_image usg_post_image_1 actualitat_img stretched\"><a href=\"https:\/\/conversesacatalunya.cat\/es\/cazuela-de-campo-cocinar-con-cebolla-setas-y-butifarras-y-cocinar-las-habas\/\" aria-label=\"Cocina popular (III)\"><img decoding=\"async\" width=\"587\" height=\"432\" data-src=\"https:\/\/conversesacatalunya.cat\/wp-content\/uploads\/2024\/09\/faves.jpg\" class=\"attachment-large size-large wp-post-image lazyload\" alt=\"cuinar les faves\" data-srcset=\"https:\/\/conversesacatalunya.cat\/wp-content\/uploads\/2024\/09\/faves.jpg 587w, https:\/\/conversesacatalunya.cat\/wp-content\/uploads\/2024\/09\/faves-300x221.jpg 300w\" data-sizes=\"(max-width: 587px) 100vw, 587px\" src=\"data:image\/svg+xml;base64,PHN2ZyB3aWR0aD0iMSIgaGVpZ2h0PSIxIiB4bWxucz0iaHR0cDovL3d3dy53My5vcmcvMjAwMC9zdmciPjwvc3ZnPg==\" style=\"--smush-placeholder-width: 587px; --smush-placeholder-aspect-ratio: 587\/432;\" \/><\/a><\/div><h2 class=\"w-post-elm post_title usg_post_title_1 entry-title color_link_inherit\"><a href=\"https:\/\/conversesacatalunya.cat\/es\/cazuela-de-campo-cocinar-con-cebolla-setas-y-butifarras-y-cocinar-las-habas\/\">Cocina popular (III)<\/a><\/h2><time class=\"w-post-elm post_date usg_post_date_1 has_text_color entry-date published\" datetime=\"2024-09-05T10:24:26+02:00\">5 septiembre, 2024<\/time><div class=\"w-post-elm post_author usg_post_author_1 vcard author color_link_inherit\"><div class=\"post-author-meta\"><a href=\"https:\/\/conversesacatalunya.cat\/es\/author\/fra-valenti-serra-de-manresa\/\" class=\"post-author-name fn\">Fra. Valent\u00ed Serra de Manresa, caputx\u00ed<\/a><\/div><\/div>\t\t<\/div>\r\n\t\t\t<\/article>\r\n\t<article class=\"w-grid-item size_1x1 post-80691 post type-post status-publish format-standard has-post-thumbnail hentry category-cocina-y-tradiciones category-punts-claus-del-dia-es tag-remedios-y-cocina-de-convento tag-remeis-i-cuina-de-convent-es\" data-id=\"80691\">\r\n\t\t<div class=\"w-grid-item-h\">\r\n\t\t\t\t\t\t<div class=\"w-post-elm post_image usg_post_image_1 actualitat_img stretched\"><a href=\"https:\/\/conversesacatalunya.cat\/es\/cocina-popular-i\/\" aria-label=\"Cocina popular (I)\"><img decoding=\"async\" width=\"800\" height=\"533\" data-src=\"https:\/\/conversesacatalunya.cat\/wp-content\/uploads\/2024\/08\/cazuela-de-buti-y-bolets-2-300x3001-1.jpg\" class=\"attachment-large size-large wp-post-image lazyload\" alt=\"cocina popular\" data-srcset=\"https:\/\/conversesacatalunya.cat\/wp-content\/uploads\/2024\/08\/cazuela-de-buti-y-bolets-2-300x3001-1.jpg 800w, https:\/\/conversesacatalunya.cat\/wp-content\/uploads\/2024\/08\/cazuela-de-buti-y-bolets-2-300x3001-1-300x200.jpg 300w\" data-sizes=\"(max-width: 800px) 100vw, 800px\" src=\"data:image\/svg+xml;base64,PHN2ZyB3aWR0aD0iMSIgaGVpZ2h0PSIxIiB4bWxucz0iaHR0cDovL3d3dy53My5vcmcvMjAwMC9zdmciPjwvc3ZnPg==\" style=\"--smush-placeholder-width: 800px; --smush-placeholder-aspect-ratio: 800\/533;\" \/><\/a><\/div><h2 class=\"w-post-elm post_title usg_post_title_1 entry-title color_link_inherit\"><a href=\"https:\/\/conversesacatalunya.cat\/es\/cocina-popular-i\/\">Cocina popular (I)<\/a><\/h2><time class=\"w-post-elm post_date usg_post_date_1 has_text_color entry-date published\" datetime=\"2024-08-23T09:00:22+02:00\">23 agosto, 2024<\/time><div class=\"w-post-elm post_author usg_post_author_1 vcard author color_link_inherit\"><div class=\"post-author-meta\"><a href=\"https:\/\/conversesacatalunya.cat\/es\/author\/fra-valenti-serra-de-manresa\/\" class=\"post-author-name fn\">Fra. Valent\u00ed Serra de Manresa, caputx\u00ed<\/a><\/div><\/div>\t\t<\/div>\r\n\t\t\t<\/article>\r\n\t<article class=\"w-grid-item size_1x1 post-76322 post type-post status-publish format-standard has-post-thumbnail hentry category-cocina-y-tradiciones category-reportatges-es category-sin-publicidad tag-cocina tag-tradiciones\" data-id=\"76322\">\r\n\t\t<div class=\"w-grid-item-h\">\r\n\t\t\t\t\t\t<div class=\"w-post-elm post_image usg_post_image_1 actualitat_img stretched\"><a href=\"https:\/\/conversesacatalunya.cat\/es\/tradicion-mona-de-pascua\/\" aria-label=\"La Mona de Pascua en Catalunya: Origen, Tradici\u00f3n y Actualidad\"><img decoding=\"async\" width=\"1024\" height=\"645\" data-src=\"https:\/\/conversesacatalunya.cat\/wp-content\/uploads\/2024\/03\/mona-de-pasqua-1024x645.jpg\" class=\"attachment-large size-large wp-post-image lazyload\" alt=\"\" data-srcset=\"https:\/\/conversesacatalunya.cat\/wp-content\/uploads\/2024\/03\/mona-de-pasqua-1024x645.jpg 1024w, https:\/\/conversesacatalunya.cat\/wp-content\/uploads\/2024\/03\/mona-de-pasqua-300x189.jpg 300w, https:\/\/conversesacatalunya.cat\/wp-content\/uploads\/2024\/03\/mona-de-pasqua.jpg 1215w\" data-sizes=\"(max-width: 1024px) 100vw, 1024px\" src=\"data:image\/svg+xml;base64,PHN2ZyB3aWR0aD0iMSIgaGVpZ2h0PSIxIiB4bWxucz0iaHR0cDovL3d3dy53My5vcmcvMjAwMC9zdmciPjwvc3ZnPg==\" style=\"--smush-placeholder-width: 1024px; --smush-placeholder-aspect-ratio: 1024\/645;\" \/><\/a><\/div><h2 class=\"w-post-elm post_title usg_post_title_1 entry-title color_link_inherit\"><a href=\"https:\/\/conversesacatalunya.cat\/es\/tradicion-mona-de-pascua\/\">La Mona de Pascua en Catalunya: Origen, Tradici\u00f3n y Actualidad<\/a><\/h2><time class=\"w-post-elm post_date usg_post_date_1 has_text_color entry-date published\" datetime=\"2024-03-26T10:46:58+01:00\">26 marzo, 2024<\/time><div class=\"w-post-elm post_author usg_post_author_1 vcard author color_link_inherit\"><div class=\"post-author-meta\"><a href=\"https:\/\/conversesacatalunya.cat\/es\/author\/carme_catala\/\" class=\"post-author-name fn\">conversesacatalunya<\/a><\/div><\/div>\t\t<\/div>\r\n\t\t\t<\/article>\r\n\t<article class=\"w-grid-item size_1x1 post-72845 post type-post status-publish format-standard has-post-thumbnail hentry category-cocina-y-tradiciones category-reportatges-es category-sin-publicidad tag-recetas-y-cocina-de-convento\" data-id=\"72845\">\r\n\t\t<div class=\"w-grid-item-h\">\r\n\t\t\t\t\t\t<div class=\"w-post-elm post_image usg_post_image_1 actualitat_img stretched\"><a href=\"https:\/\/conversesacatalunya.cat\/es\/la-alcachofa-en-la-cocina-catalana-del-campo-a-la-mesa-con-cinco-deliciosos-platos\/\" aria-label=\"La alcachofa en la cocina catalana: Del campo a la mesa con cinco deliciosos platos\"><img decoding=\"async\" width=\"529\" height=\"352\" data-src=\"https:\/\/conversesacatalunya.cat\/wp-content\/uploads\/2023\/11\/carxofes1.png\" class=\"attachment-large size-large wp-post-image lazyload\" alt=\"\" data-srcset=\"https:\/\/conversesacatalunya.cat\/wp-content\/uploads\/2023\/11\/carxofes1.png 529w, https:\/\/conversesacatalunya.cat\/wp-content\/uploads\/2023\/11\/carxofes1-300x200.png 300w\" data-sizes=\"(max-width: 529px) 100vw, 529px\" src=\"data:image\/svg+xml;base64,PHN2ZyB3aWR0aD0iMSIgaGVpZ2h0PSIxIiB4bWxucz0iaHR0cDovL3d3dy53My5vcmcvMjAwMC9zdmciPjwvc3ZnPg==\" style=\"--smush-placeholder-width: 529px; --smush-placeholder-aspect-ratio: 529\/352;\" \/><\/a><\/div><h2 class=\"w-post-elm post_title usg_post_title_1 entry-title color_link_inherit\"><a href=\"https:\/\/conversesacatalunya.cat\/es\/la-alcachofa-en-la-cocina-catalana-del-campo-a-la-mesa-con-cinco-deliciosos-platos\/\">La alcachofa en la cocina catalana: Del campo a la mesa con cinco deliciosos platos<\/a><\/h2><time class=\"w-post-elm post_date usg_post_date_1 has_text_color entry-date published\" datetime=\"2023-11-27T10:24:23+01:00\">27 noviembre, 2023<\/time><div class=\"w-post-elm post_author usg_post_author_1 vcard author color_link_inherit\"><div class=\"post-author-meta\"><a href=\"https:\/\/conversesacatalunya.cat\/es\/author\/carme_catala\/\" class=\"post-author-name fn\">conversesacatalunya<\/a><\/div><\/div>\t\t<\/div>\r\n\t\t\t<\/article>\r\n\t<article class=\"w-grid-item size_1x1 post-67211 post type-post status-publish format-standard has-post-thumbnail hentry category-cocina-y-tradiciones category-reportatges-es category-sin-publicidad tag-recetas-y-cocina-de-convento\" data-id=\"67211\">\r\n\t\t<div class=\"w-grid-item-h\">\r\n\t\t\t\t\t\t<div class=\"w-post-elm post_image usg_post_image_1 actualitat_img stretched\"><a href=\"https:\/\/conversesacatalunya.cat\/es\/delicias-catalanas-un-viaje-gastronomico-por-los-10-platos-tipicos-que-debes-probar-en-cataluna\/\" aria-label=\"Delicias catalanas: Un viaje gastron\u00f3mico por los 10 platos t\u00edpicos que debes probar en Catalu\u00f1a\"><img decoding=\"async\" width=\"1024\" height=\"768\" data-src=\"https:\/\/conversesacatalunya.cat\/wp-content\/uploads\/2023\/05\/escudella-i-carn-dolla-1024x768.jpg\" class=\"attachment-large size-large wp-post-image lazyload\" alt=\"\" data-srcset=\"https:\/\/conversesacatalunya.cat\/wp-content\/uploads\/2023\/05\/escudella-i-carn-dolla-1024x768.jpg 1024w, https:\/\/conversesacatalunya.cat\/wp-content\/uploads\/2023\/05\/escudella-i-carn-dolla-300x225.jpg 300w, https:\/\/conversesacatalunya.cat\/wp-content\/uploads\/2023\/05\/escudella-i-carn-dolla.jpg 2048w\" data-sizes=\"(max-width: 1024px) 100vw, 1024px\" src=\"data:image\/svg+xml;base64,PHN2ZyB3aWR0aD0iMSIgaGVpZ2h0PSIxIiB4bWxucz0iaHR0cDovL3d3dy53My5vcmcvMjAwMC9zdmciPjwvc3ZnPg==\" style=\"--smush-placeholder-width: 1024px; --smush-placeholder-aspect-ratio: 1024\/768;\" \/><\/a><\/div><h2 class=\"w-post-elm post_title usg_post_title_1 entry-title color_link_inherit\"><a href=\"https:\/\/conversesacatalunya.cat\/es\/delicias-catalanas-un-viaje-gastronomico-por-los-10-platos-tipicos-que-debes-probar-en-cataluna\/\">Delicias catalanas: Un viaje gastron\u00f3mico por los 10 platos t\u00edpicos que debes probar en Catalu\u00f1a<\/a><\/h2><time class=\"w-post-elm post_date usg_post_date_1 has_text_color entry-date published\" datetime=\"2023-05-12T08:55:59+02:00\">12 mayo, 2023<\/time><div class=\"w-post-elm post_author usg_post_author_1 vcard author color_link_inherit\"><div class=\"post-author-meta\"><a href=\"https:\/\/conversesacatalunya.cat\/es\/author\/carme_catala\/\" class=\"post-author-name fn\">conversesacatalunya<\/a><\/div><\/div>\t\t<\/div>\r\n\t\t\t<\/article>\r\n\t<article class=\"w-grid-item size_1x1 post-53137 post type-post status-publish format-standard has-post-thumbnail hentry category-cocina-y-tradiciones category-punts-claus-del-dia-es tag-remedios-y-cocina-de-convento tag-remeis-i-cuina-de-convent-es\" data-id=\"53137\">\r\n\t\t<div class=\"w-grid-item-h\">\r\n\t\t\t\t\t\t<div class=\"w-post-elm post_image usg_post_image_1 actualitat_img stretched\"><a href=\"https:\/\/conversesacatalunya.cat\/es\/y-no-te-olvides-de-la-miel-la-gran-solucion\/\" aria-label=\"\u00a1Y no te olvides de la miel! La gran soluci\u00f3n\"><img decoding=\"async\" width=\"750\" height=\"500\" data-src=\"https:\/\/conversesacatalunya.cat\/wp-content\/uploads\/2021\/12\/mel.jpg\" class=\"attachment-large size-large wp-post-image lazyload\" alt=\"mel\" data-srcset=\"https:\/\/conversesacatalunya.cat\/wp-content\/uploads\/2021\/12\/mel.jpg 750w, https:\/\/conversesacatalunya.cat\/wp-content\/uploads\/2021\/12\/mel-300x200.jpg 300w\" data-sizes=\"(max-width: 750px) 100vw, 750px\" src=\"data:image\/svg+xml;base64,PHN2ZyB3aWR0aD0iMSIgaGVpZ2h0PSIxIiB4bWxucz0iaHR0cDovL3d3dy53My5vcmcvMjAwMC9zdmciPjwvc3ZnPg==\" style=\"--smush-placeholder-width: 750px; --smush-placeholder-aspect-ratio: 750\/500;\" \/><\/a><\/div><h2 class=\"w-post-elm post_title usg_post_title_1 entry-title color_link_inherit\"><a href=\"https:\/\/conversesacatalunya.cat\/es\/y-no-te-olvides-de-la-miel-la-gran-solucion\/\">\u00a1Y no te olvides de la miel! La gran soluci\u00f3n<\/a><\/h2><time class=\"w-post-elm post_date usg_post_date_1 has_text_color entry-date published\" datetime=\"2021-12-16T12:40:27+01:00\">16 diciembre, 2021<\/time><div class=\"w-post-elm post_author usg_post_author_1 vcard author color_link_inherit\"><div class=\"post-author-meta\"><a href=\"https:\/\/conversesacatalunya.cat\/es\/author\/carme_catala\/\" class=\"post-author-name fn\">conversesacatalunya<\/a><\/div><\/div>\t\t<\/div>\r\n\t\t\t<\/article>\r\n<\/div><div class=\"w-grid-preloader\">\t<div class=\"g-preloader type_1\">\r\n\t\t<div><\/div>\r\n\t<\/div>\r\n\t<\/div>\t<div class=\"w-grid-json hidden\" onclick='return {&quot;action&quot;:&quot;us_ajax_grid&quot;,&quot;infinite_scroll&quot;:0,&quot;max_num_pages&quot;:2,&quot;pagination&quot;:&quot;none&quot;,&quot;template_vars&quot;:{&quot;columns&quot;:&quot;3&quot;,&quot;exclude_items&quot;:&quot;none&quot;,&quot;img_size&quot;:&quot;default&quot;,&quot;ignore_items_size&quot;:0,&quot;items_layout&quot;:&quot;28091&quot;,&quot;items_offset&quot;:&quot;1&quot;,&quot;load_animation&quot;:&quot;none&quot;,&quot;overriding_link&quot;:&quot;%7B%22url%22%3A%22%22%7D&quot;,&quot;post_id&quot;:0,&quot;query_args&quot;:{&quot;post_type&quot;:[&quot;post&quot;],&quot;tax_query&quot;:[{&quot;taxonomy&quot;:&quot;category&quot;,&quot;field&quot;:&quot;slug&quot;,&quot;terms&quot;:[&quot;cocina-y-tradiciones&quot;]}],&quot;post_status&quot;:[&quot;publish&quot;],&quot;posts_per_page&quot;:&quot;30&quot;},&quot;orderby_query_args&quot;:{&quot;orderby&quot;:{&quot;date&quot;:&quot;DESC&quot;}},&quot;type&quot;:&quot;grid&quot;,&quot;us_grid_post_type&quot;:&quot;post&quot;,&quot;us_grid_ajax_index&quot;:1,&quot;us_grid_filter_query_string&quot;:null,&quot;us_grid_index&quot;:1,&quot;page_args&quot;:[],&quot;lang&quot;:&quot;es&quot;}}'><\/div>\r\n\t<\/div><\/div><\/div><\/div><div class=\"vc_col-sm-4 wpb_column vc_column_container\"><div class=\"vc_column-inner\"><div class=\"wpb_wrapper\"><div class=\"wpb_widgetised_column wpb_content_element\"><div class=\"wpb_wrapper\"><div id=\"block-6\" class=\"widget widget_block\"><div class=\"a-single a-12\"><!-- Banner est\u00e1ndar -->\r\n<!-- Banner est\u00e1ndar -->\r\n<a class=\"gofollow\" data-track=\"MTIsMCw2MA==\" href=\"https:\/\/www.aiguesdebarcelona.cat\/es\/\" rel=\"nofollow\" target=\"_blank\"><img decoding=\"async\" data-src=\"https:\/\/conversesacatalunya.cat\/wp-content\/uploads\/2023\/06\/Banner_QdA_300x250_ES.jpg\" src=\"data:image\/svg+xml;base64,PHN2ZyB3aWR0aD0iMSIgaGVpZ2h0PSIxIiB4bWxucz0iaHR0cDovL3d3dy53My5vcmcvMjAwMC9zdmciPjwvc3ZnPg==\" class=\"lazyload\" style=\"--smush-placeholder-width: 300px; --smush-placeholder-aspect-ratio: 300\/250;\"><\/a><\/div>\n<\/div><div id=\"block-5\" class=\"widget widget_block\"><p><!-- Error, \u00a1el anuncio no est\u00e1 disponible en este momento debido a restricciones de programaci\u00f3n\/geolocalizaci\u00f3n! --><\/p>\n<\/div><div id=\"block-7\" class=\"widget widget_block\"><p><!-- Error, \u00a1el anuncio no est\u00e1 disponible en este momento debido a restricciones de programaci\u00f3n\/geolocalizaci\u00f3n! --><\/p>\n<\/div><div id=\"text-19\" class=\"widget widget_text\">\t\t\t<div class=\"textwidget\"><div class=\"desc-autor\"><img decoding=\"async\" data-src=\"https:\/\/conversesacatalunya.cat\/wp-content\/uploads\/2019\/05\/fotovictor2010.jpg\" src=\"data:image\/svg+xml;base64,PHN2ZyB3aWR0aD0iMSIgaGVpZ2h0PSIxIiB4bWxucz0iaHR0cDovL3d3dy53My5vcmcvMjAwMC9zdmciPjwvc3ZnPg==\" class=\"lazyload\" style=\"--smush-placeholder-width: 2136px; --smush-placeholder-aspect-ratio: 2136\/3216;\" \/><b>V\u00edctor Pou<\/b> es doctor en derecho y licenciado en ciencias econ\u00f3micas por la Universitat de Barcelona, MBA por la IESE Business School de la Universidad de Navarra y Graduado en Integraci\u00f3n Europea por la Universidad de \u00c1msterdam. Es profesor del IESE Business School y de la Universidad Internacional de Catalu\u00f1a (UIC). Es Socio de la consultor\u00eda TAS Europrojects (Bruselas). Ha sido Ninguno de Unidad y Consejero de Relaciones Exteriores a la Comisi\u00f3n Europea (Bruselas). Ha sido Director del Patronato Catal\u00e1n pro Europa y Director General de Adecuaci\u00f3n a las Comunidades Europeas de la Generalitat de Catalu\u00f1a.<\/div><\/div>\n\t\t<\/div><div id=\"text-31\" class=\"widget widget_text\">\t\t\t<div class=\"textwidget\"><div class=\"desc-autor\"><img decoding=\"async\" data-src=\"https:\/\/conversesacatalunya.cat\/wp-content\/uploads\/2019\/02\/Captura-de-pantalla-2019-02-18-a-las-15.39.34.png\" src=\"data:image\/svg+xml;base64,PHN2ZyB3aWR0aD0iMSIgaGVpZ2h0PSIxIiB4bWxucz0iaHR0cDovL3d3dy53My5vcmcvMjAwMC9zdmciPjwvc3ZnPg==\" class=\"lazyload\" style=\"--smush-placeholder-width: 685px; --smush-placeholder-aspect-ratio: 685\/575;\" \/><strong>Marc Mir\u00f3<\/strong> : (Barcelona 1994) soy economista por la Universitat Pompeu Fabra y m\u00e1ster en Econom\u00eda de las Pol\u00edticas P\u00fablicas. He estado representando de los estudiantes en varios \u00f3rganos de la universidad y zoco ninguna escucha. \u201cEl fin de tener la mente abierta, como el de la boca abierta, es llenarla con algo valiosa\u201d (G.K. Chesterton).<\/div><\/div>\n\t\t<\/div><div id=\"text-32\" class=\"widget widget_text\">\t\t\t<div class=\"textwidget\"><div class=\"desc-autor\"><img decoding=\"async\" data-src=\"https:\/\/conversesacatalunya.cat\/wp-content\/uploads\/2019\/02\/taG6Sd2i-2.jpg\" src=\"data:image\/svg+xml;base64,PHN2ZyB3aWR0aD0iMSIgaGVpZ2h0PSIxIiB4bWxucz0iaHR0cDovL3d3dy53My5vcmcvMjAwMC9zdmciPjwvc3ZnPg==\" class=\"lazyload\" style=\"--smush-placeholder-width: 512px; --smush-placeholder-aspect-ratio: 512\/512;\" \/><strong>Josep Mir\u00f3 y Ard\u00e8vol<\/strong>: Lo m\u00e1s importante que he hecho en mi vida es casarme con Muntsa, tener hijos, Marc y Josep y, pero eso ya es una feliz derivada, una nieta, Anna. Lo m\u00e1s grande que me ha sucedido es haber dispuesto del don de la fe. A partir de ah\u00ed, todo lo dem\u00e1s son consecuencias o complementos.<\/div><\/div>\n\t\t<\/div><div id=\"text-33\" class=\"widget widget_text\">\t\t\t<div class=\"textwidget\"><div class=\"desc-autor\"><img decoding=\"async\" data-src=\"https:\/\/conversesacatalunya.cat\/wp-content\/uploads\/2019\/02\/Fra-Valenti-Serra.jpg\" src=\"data:image\/svg+xml;base64,PHN2ZyB3aWR0aD0iMSIgaGVpZ2h0PSIxIiB4bWxucz0iaHR0cDovL3d3dy53My5vcmcvMjAwMC9zdmciPjwvc3ZnPg==\" class=\"lazyload\" style=\"--smush-placeholder-width: 300px; --smush-placeholder-aspect-ratio: 300\/300;\" \/><strong>Fray Valent\u00ed Serra de Manresa<\/strong> (Manresa, Barcelona, 1959) es un religioso capuchino y sacerdote que profesa la Regla de Sant Francesc. Se doctor\u00f3 en Historia en la Universitat de Barcelona el 1995. Desde el a\u00f1o 1987 es el archivero provincial de los capuchinos y director de la Biblioteca Hispano-Capuchina. Colaborador cient\u00edfico de la Facultad de Teolog\u00eda de Catalu\u00f1a, forma parte, a su vez, del Claustro de Doctores de la Universitat de Barcelona. Destaca por su producci\u00f3n acad\u00e9mica, pero la mayor notoriedad lo ha logrado por sus conocimientos y divulgaci\u00f3n de las hierbas medicinales y la tradicional sabidur\u00eda de los monasterios en relaci\u00f3n a la alimentaci\u00f3n saludable. Actualmente reside en el convento de los Capuchinos de Sarri\u00e1 (Barcelona).<\/div><\/div>\n\t\t<\/div><div id=\"text-34\" class=\"widget widget_text\">\t\t\t<div class=\"textwidget\"><div class=\"desc-autor\"><img decoding=\"async\" data-src=\"https:\/\/conversesacatalunya.cat\/wp-content\/uploads\/2019\/02\/Carlos-Losada-img.jpg\" src=\"data:image\/svg+xml;base64,PHN2ZyB3aWR0aD0iMSIgaGVpZ2h0PSIxIiB4bWxucz0iaHR0cDovL3d3dy53My5vcmcvMjAwMC9zdmciPjwvc3ZnPg==\" class=\"lazyload\" style=\"--smush-placeholder-width: 250px; --smush-placeholder-aspect-ratio: 250\/250;\" \/><strong>Carlos Losada<\/strong> Doctor en Ciencias de la Gesti\u00f3n (PhD in Management Sciences) por la Universitat Ramon Llull. Licenciado en Direcci\u00f3n y Administraci\u00f3n de Empresas y M\u00e1ster en Administraci\u00f3n y Direcci\u00f3n de Empresas por ESADE. Licenciado en Derecho por la Universitat de Barcelona. Diplomado por la JFK School of Government (Harvard University) .\r\nInici\u00f3 su carrera en el sector privado. Ha ejercido varios lugares de direcci\u00f3n, tanto t\u00e9cnica como pol\u00edtica , a la Generalitat de Catalu\u00f1a . Ha trabajado en varias instituciones multilaterales. En 2000, se reincorpora a ESADE como director general , cargo que ejerce hasta el a\u00f1o 2010. Durante este periodo, es miembro de varios consejos de administraci\u00f3n y \u00f3rganos de gobierno.\r\nActualmente, compagina su actividad acad\u00e9mica con la pertenencia a varios \u00f3rganos de gobierno. Es Miembro del grupo de reflexi\u00f3n Construimos.<\/div><\/div>\n\t\t<\/div><div id=\"text-41\" class=\"widget widget_text\">\t\t\t<div class=\"textwidget\"><div class=\"desc-autor\"><img decoding=\"async\" data-src=\"https:\/\/conversesacatalunya.cat\/wp-content\/uploads\/2020\/05\/MARGENAT-02.jpg\" src=\"data:image\/svg+xml;base64,PHN2ZyB3aWR0aD0iMSIgaGVpZ2h0PSIxIiB4bWxucz0iaHR0cDovL3d3dy53My5vcmcvMjAwMC9zdmciPjwvc3ZnPg==\" class=\"lazyload\" style=\"--smush-placeholder-width: 2032px; --smush-placeholder-aspect-ratio: 2032\/1354;\" \/><strong>Josep M. Margenat<\/strong> Jesuita, trabaja en Cristianismo y Justicia (Barcelona) y en el Centro Internacional de Espiritualidad de Manresa. Profesor titular de Filosof\u00eda social en la Universidad Loyola Andaluc\u00eda.<\/div><\/div>\n\t\t<\/div><div id=\"text-35\" class=\"widget widget_text\">\t\t\t<div class=\"textwidget\"><div class=\"desc-autor\"><img decoding=\"async\" data-src=\"https:\/\/conversesacatalunya.cat\/wp-content\/uploads\/2019\/02\/Antoni-Duran.jpg\" src=\"data:image\/svg+xml;base64,PHN2ZyB3aWR0aD0iMSIgaGVpZ2h0PSIxIiB4bWxucz0iaHR0cDovL3d3dy53My5vcmcvMjAwMC9zdmciPjwvc3ZnPg==\" class=\"lazyload\" style=\"--smush-placeholder-width: 250px; --smush-placeholder-aspect-ratio: 250\/250;\" \/><strong>Antoni Dur\u00e1n-Sindreu<\/strong> Es profesor de la UPF y socio-director de Dur\u00e1n-Sindreu, Abogados y Consultores de Empresa.<\/div><\/div>\n\t\t<\/div><div id=\"text-36\" class=\"widget widget_text\">\t\t\t<div class=\"textwidget\"><div class=\"desc-autor\"><img decoding=\"async\" data-src=\"https:\/\/conversesacatalunya.cat\/wp-content\/uploads\/2019\/02\/Josep-Manuel-Silva.jpg\" src=\"data:image\/svg+xml;base64,PHN2ZyB3aWR0aD0iMSIgaGVpZ2h0PSIxIiB4bWxucz0iaHR0cDovL3d3dy53My5vcmcvMjAwMC9zdmciPjwvc3ZnPg==\" class=\"lazyload\" style=\"--smush-placeholder-width: 226px; --smush-placeholder-aspect-ratio: 226\/226;\" \/><strong>Josep Manuel Silva<\/strong> (Barcelona, 1961) es abogado y periodista y profesor asociado del Departamento de Periodismo de la Facultad de Ciencias de Comunicaci\u00f3n de la Universitat Aut\u00f2noma de Barcelona. Colabora con varios medios de comunicaci\u00f3n y form\u00f3 parte del Consejo de Administraci\u00f3n de RTVE. Actualmente es miembro del Consejo de Administraci\u00f3n de Cugat.cat. y vocal de la Plataforma Construim.<\/div><\/div>\n\t\t<\/div><div id=\"text-37\" class=\"widget widget_text\">\t\t\t<div class=\"textwidget\"><div class=\"desc-autor\"><img decoding=\"async\" data-src=\"https:\/\/conversesacatalunya.cat\/wp-content\/uploads\/2019\/02\/simo-aliana.jpg\" src=\"data:image\/svg+xml;base64,PHN2ZyB3aWR0aD0iMSIgaGVpZ2h0PSIxIiB4bWxucz0iaHR0cDovL3d3dy53My5vcmcvMjAwMC9zdmciPjwvc3ZnPg==\" class=\"lazyload\" style=\"--smush-placeholder-width: 256px; --smush-placeholder-aspect-ratio: 256\/256;\" \/><strong>Sim\u00f3 Aliana<\/strong> (Almenar -Lleida-, 1947). Graduado por UB en Pedagog\u00eda, UAB en Econom\u00eda y MIT en Management. Ha trabajado en diferentes lugares de responsabilidad en el sector p\u00fablico y en el sector privado. Actualmente jubilado.<\/div><\/div>\n\t\t<\/div><div id=\"text-38\" class=\"widget widget_text\">\t\t\t<div class=\"textwidget\"><div class=\"desc-autor\"><img decoding=\"async\" data-src=\"https:\/\/conversesacatalunya.cat\/wp-content\/uploads\/2019\/02\/treva-i-pau.png\" src=\"data:image\/svg+xml;base64,PHN2ZyB3aWR0aD0iMSIgaGVpZ2h0PSIxIiB4bWxucz0iaHR0cDovL3d3dy53My5vcmcvMjAwMC9zdmciPjwvc3ZnPg==\" class=\"lazyload\" style=\"--smush-placeholder-width: 220px; --smush-placeholder-aspect-ratio: 220\/220;\" \/><strong>Col\u00b7lectiu Treva i Pau<\/strong> Grupo de personas que reflexiona sobre la situaci\u00f3n social, pol\u00edtica y econ\u00f3mica: Jordi Alberich, Josep M. Bricall, Eugeni Gay, Jaume Lanaspa, Carlos Losada, J.J. L\u00f3pez Burniol, Josep Mir\u00f3 y Ard\u00e8vol, Alfredo Pastor<\/div><\/div>\n\t\t<\/div><div id=\"text-39\" class=\"widget widget_text\">\t\t\t<div class=\"textwidget\"><div class=\"desc-autor\"><img decoding=\"async\" data-src=\"https:\/\/conversesacatalunya.cat\/wp-content\/uploads\/2019\/02\/p_092.jpg\" src=\"data:image\/svg+xml;base64,PHN2ZyB3aWR0aD0iMSIgaGVpZ2h0PSIxIiB4bWxucz0iaHR0cDovL3d3dy53My5vcmcvMjAwMC9zdmciPjwvc3ZnPg==\" class=\"lazyload\" style=\"--smush-placeholder-width: 364px; --smush-placeholder-aspect-ratio: 364\/364;\" \/><strong>Alfredo Pastor<\/strong> Se licenci\u00f3 en Econom\u00eda en la Universitat de Barcelona el 1968 y se doctor\u00f3 en Econom\u00eda en el Massachusetts Institute of Technology el 1972, y el a\u00f1o siguiente en Ciencias Econ\u00f3micas en la Universitat Aut\u00f2noma de Barcelona. Ha estado director del Instituto de la Empresa Familiar, consejero del Banco de Espa\u00f1a y economista para el Banco Mundial. De 1985 a 1990 fue presidente y consejero delegado de la Empresa Nacional Hidroel\u00e9ctrica del Ribagorzana (ENHER). De 1993 a 1995 fue secretario de Estado de Econom\u00eda del Ministerio de Econom\u00eda y Hacienda. En la actualidad es profesor de Econom\u00eda y Titular de la C\u00e1tedra Banco Sabadell de Mercados Emergentes al IESE Business School de la Universidad de Navarra. Es consejero de varias empresas y organismos. El 2004 recibi\u00f3 la gran cruz de la espa\u00f1ola de la Orden del M\u00e9rito Civil. El 2011 fue galardonado con el premio Conde de God\u00f3 de Periodismo.<\/div><\/div>\n\t\t<\/div><div id=\"text-40\" class=\"widget widget_text\">\t\t\t<div class=\"textwidget\"><div class=\"desc-autor\"><img decoding=\"async\" data-src=\"https:\/\/conversesacatalunya.cat\/wp-content\/uploads\/2019\/02\/FOTO-4.jpg\" src=\"data:image\/svg+xml;base64,PHN2ZyB3aWR0aD0iMSIgaGVpZ2h0PSIxIiB4bWxucz0iaHR0cDovL3d3dy53My5vcmcvMjAwMC9zdmciPjwvc3ZnPg==\" class=\"lazyload\" style=\"--smush-placeholder-width: 473px; --smush-placeholder-aspect-ratio: 473\/575;\" \/><strong>Carles Ros y Arpa<\/strong> (Cor\u00e7\u00e0,1966). Casado y padre de dos hijos y dos hijas. Licenciado en Derecho (UB), licenciado en Ciencias Religiosas (ISCREB) y M\u00e1ster en Gesti\u00f3n Urban\u00edstica por la SE de Arquitectura (UPC). Secretario de Administraci\u00f3n Local y abogado.<\/div><\/div>\n\t\t<\/div><div id=\"custom_html-2\" class=\"widget_text widget widget_custom_html\"><div class=\"textwidget custom-html-widget\"><!--<div class=\"fb-page\" data-href=\"https:\/\/www.facebook.com\/conversesacatalunya\/\" data-tabs=\"timeline\" data-width=\"300\" data-height=\"500\" data-small-header=\"false\" data-adapt-container-width=\"true\" data-hide-cover=\"false\" data-show-facepile=\"true\"><blockquote cite=\"https:\/\/www.facebook.com\/conversesacatalunya\/\" class=\"fb-xfbml-parse-ignore\"><a href=\"https:\/\/www.facebook.com\/conversesacatalunya\/\">Converses a Catalunya<\/a><\/blockquote><\/div>--><\/div><\/div><div id=\"custom_html-3\" class=\"widget_text widget widget_custom_html\"><div class=\"textwidget custom-html-widget\"><!--<a class=\"twitter-timeline\" data-lang=\"es\" data-width=\"300\" data-height=\"500\" href=\"https:\/\/twitter.com\/conversesacat?ref_src=twsrc%5Etfw\">Tweets by conversesacat<\/a> <script async src=\"https:\/\/platform.twitter.com\/widgets.js\" charset=\"utf-8\"><\/script>--><\/div><\/div><div id=\"custom_html-4\" class=\"widget_text widget widget_custom_html\"><div class=\"textwidget custom-html-widget\"><div class=\"caja_azul\" style=\"margin: 0px !important; text-align: center; padding: 20px !important;\">\r\n\t<h3 style=\"font-weight: bold;\">\u00a1Subscriu-te!<\/h3>\r\n\n<div class=\"wpcf7 no-js\" id=\"wpcf7-f8016-o1\" lang=\"es-ES\" dir=\"ltr\" data-wpcf7-id=\"8016\">\n<div class=\"screen-reader-response\"><p role=\"status\" aria-live=\"polite\" aria-atomic=\"true\"><\/p> <ul><\/ul><\/div>\n<form action=\"\/es\/wp-json\/wp\/v2\/pages\/84398#wpcf7-f8016-o1\" method=\"post\" class=\"wpcf7-form init demo c4250577650b cmatic-conn cmatic-aud-8 cmatic-mapd0-0 cmatic-v0978 cmatic-sent-0 cmatic-total-0 wpcf7-acceptance-as-validation\" aria-label=\"Formulario de contacto\" novalidate=\"novalidate\" data-status=\"init\">\n<fieldset class=\"hidden-fields-container\"><input type=\"hidden\" name=\"_wpcf7\" value=\"8016\" \/><input type=\"hidden\" name=\"_wpcf7_version\" value=\"6.1.5\" \/><input type=\"hidden\" name=\"_wpcf7_locale\" value=\"es_ES\" \/><input type=\"hidden\" name=\"_wpcf7_unit_tag\" value=\"wpcf7-f8016-o1\" \/><input type=\"hidden\" name=\"_wpcf7_container_post\" value=\"0\" \/><input type=\"hidden\" name=\"_wpcf7_posted_data_hash\" value=\"\" \/><input type=\"hidden\" name=\"_wpcf7_recaptcha_response\" value=\"\" \/>\n<\/fieldset>\n<p><span class=\"wpcf7-form-control-wrap\" data-name=\"nom\"><input size=\"40\" maxlength=\"400\" class=\"wpcf7-form-control wpcf7-text wpcf7-validates-as-required\" aria-required=\"true\" aria-invalid=\"false\" placeholder=\"Nom\" value=\"\" type=\"text\" name=\"nom\" \/><\/span>\n<\/p>\n<p><span class=\"wpcf7-form-control-wrap\" data-name=\"cognom\"><input size=\"40\" maxlength=\"400\" class=\"wpcf7-form-control wpcf7-text wpcf7-validates-as-required\" aria-required=\"true\" aria-invalid=\"false\" placeholder=\"Cognom\" value=\"\" type=\"text\" name=\"cognom\" \/><\/span>\n<\/p>\n<p><span class=\"wpcf7-form-control-wrap\" data-name=\"email\"><input size=\"40\" maxlength=\"400\" class=\"wpcf7-form-control wpcf7-email wpcf7-validates-as-required wpcf7-text wpcf7-validates-as-email\" aria-required=\"true\" aria-invalid=\"false\" placeholder=\"Correu electr\u00f2nic\" value=\"\" type=\"email\" name=\"email\" \/><\/span>\n<\/p>\n<p><span class=\"wpcf7-form-control-wrap\" data-name=\"rgpd-acepto\"><span class=\"wpcf7-form-control wpcf7-acceptance\"><span class=\"wpcf7-list-item\"><label><input type=\"checkbox\" name=\"rgpd-acepto\" value=\"1\" aria-invalid=\"false\" \/><span class=\"wpcf7-list-item-label\">Accepto la <a href=\"\/politica-de-privacitat\" target=\"_blank\" rel=\"nofollow\">pol\u00edtica de privacitat<\/a><\/span><\/label><\/span><\/span><\/span>\n<\/p>\n<p><input class=\"wpcf7-form-control wpcf7-submit has-spinner\" type=\"submit\" value=\"Subscriu-m&#039;hi\" \/>\n<\/p><p style=\"display: none !important;\" class=\"akismet-fields-container\" data-prefix=\"_wpcf7_ak_\"><label>&#916;<textarea name=\"_wpcf7_ak_hp_textarea\" cols=\"45\" rows=\"8\" maxlength=\"100\"><\/textarea><\/label><input type=\"hidden\" id=\"ak_js_1\" name=\"_wpcf7_ak_js\" value=\"198\"\/><script>document.getElementById( \"ak_js_1\" ).setAttribute( \"value\", ( new Date() ).getTime() );<\/script><\/p><input type='hidden' class='wpcf7-pum' value='{\"closepopup\":false,\"closedelay\":0,\"openpopup\":false,\"openpopup_id\":0}' \/><div class=\"wpcf7-response-output\" aria-hidden=\"true\"><\/div>\n<\/form>\n<\/div>\n\r\n<\/div><\/div><\/div><\/div><\/div><\/div><\/div><\/div><\/div><\/div><\/section>\n","protected":false},"excerpt":{"rendered":"Uno de los problemas que tiene la moderna sanidad es el extraordinario crecimiento de las superbacterias, aqu\u00e9llas que han conseguido hacerse resistentes a los antibi\u00f3ticos a consecuencia del mal uso de los mismos. Los avances en la medicina permitieron detener, a partir de la penicilina, las enfermedades infecciosas responsables de una gran mortandad. Pero, progresivamente y sobre todo en los tiempos m\u00e1s recientes, el uso y abuso de este tipo de sustancia protectora, el antibi\u00f3tico, ha terminado consiguiendo que existan variantes de bacterias inmunes\u00a0a su acci\u00f3n. Y es ah\u00ed donde entra en juego la miel. Un reciente\u00a0art\u00edculo de divulgaci\u00f3n de la doctora en veterinaria de la Universidad de Le\u00f3n, Patricia Combarros, tiene la virtud de recordar el potencial antibacteriano de la miel y situar los \u00faltimos conocimientos sobre ella. Por un lado, el\u00a0alto contenido en az\u00facar de varios tipos, sobre todo glucosa y fructuosa, y un bajo contenido en agua determina que la miel sea un medio poco favorable para la multiplicaci\u00f3n de las bacterias, pero atenci\u00f3n porque estudios realizados con miel artificial no han logrado los mismos efectos medicinales. La raz\u00f3n es la existencia en la miel natural de otros muchos componentes que acent\u00faan esta capacidad antibacteriana. Para empezar, el car\u00e1cter \u00e1cido de este producto. En su composici\u00f3n se han identificado m\u00e1s de 32 \u00e1cidos org\u00e1nicos distintos (c\u00edtrico, ac\u00e9tico, f\u00f3rmico, m\u00e1lico, ox\u00e1lico, \u2026) que son desfavorables al crecimiento bacteriano. Adem\u00e1s, existen otros compuestos minoritarios que act\u00faan en la misma direcci\u00f3n. En concreto destacan los compuestos fen\u00f3licos que var\u00edan en funci\u00f3n del tipo de miel y tambi\u00e9n, atenci\u00f3n, el\u00a0agua oxigenada, porque la miel lleva si no ha sido sometida a tratamientos t\u00e9rmicos. Es a partir de una reacci\u00f3n qu\u00edmica de los componentes de la miel que se acaba produciendo una reacci\u00f3n de la glucosa que da lugar al \u00e1cido gluc\u00f3nico y al per\u00f3xido de hidr\u00f3geno, es decir, lo que conocemos por agua oxigenada y que tiene un potente efecto antibacterias. Y es que este producto tan natural es de una complejidad extraordinaria con componentes, cientos de ellos, que causan efectos espec\u00edficos y simult\u00e1neos sobre los microorganismos. Ataca la morfolog\u00eda y la estructura bacteriana e incluso la puede romper, afecta al potencial de la membrana de la bacteria y, por tanto, sus funciones vitales de las bacterias, act\u00faa sobre su metabolismo y sobre algunos de los mecanismos que precisamente la hacen resistente a los antibi\u00f3ticos. En definitiva,\u00a0ni la gripe ni la covid son bacterias\u00a0, por tanto, no tienen respuesta con la miel.\u00a0Pero ahora que se acerca el invierno es bueno que tengamos presente que podemos resistirnos a las agresiones bacterianas haciendo un buen uso de este alimento. Todo tratamiento con antibi\u00f3ticos deber\u00eda incorporar la miel en su dieta habitual, si no tiene otras contraindicaciones m\u00e9dicas. Est\u00e0s d'acord que el govern espanyol ens digui quines s\u00f3n les joguines que hem de regalar als nostres fills? S\u00ed No No ho s\u00e9 Mira els resultats &nbsp;Cargando ...","protected":false},"author":1,"featured_media":0,"parent":0,"menu_order":0,"comment_status":"closed","ping_status":"closed","template":"","meta":{"_FSMCFIC_featured_image_caption":"","_FSMCFIC_featured_image_nocaption":"","_FSMCFIC_featured_image_hide":"","footnotes":""},"class_list":["post-84398","page","type-page","status-publish","hentry"],"yoast_head":"<!-- This site is optimized with the Yoast SEO plugin v26.8 - https:\/\/yoast.com\/product\/yoast-seo-wordpress\/ -->\n<title>- Converses a Catalunya<\/title>\n<meta name=\"robots\" content=\"index, follow, max-snippet:-1, max-image-preview:large, max-video-preview:-1\" \/>\n<link rel=\"canonical\" href=\"https:\/\/conversesacatalunya.cat\/es\/cocina-y-tradiciones\/\" \/>\n<meta property=\"og:locale\" content=\"es_ES\" \/>\n<meta property=\"og:type\" content=\"article\" \/>\n<meta property=\"og:title\" content=\"- Converses a Catalunya\" \/>\n<meta property=\"og:url\" content=\"https:\/\/conversesacatalunya.cat\/es\/cocina-y-tradiciones\/\" \/>\n<meta property=\"og:site_name\" content=\"Converses a Catalunya\" \/>\n<meta property=\"article:modified_time\" content=\"2024-12-16T12:27:33+00:00\" \/>\n<meta name=\"twitter:card\" content=\"summary_large_image\" \/>\n<script type=\"application\/ld+json\" class=\"yoast-schema-graph\">{\"@context\":\"https:\/\/schema.org\",\"@graph\":[{\"@type\":\"WebPage\",\"@id\":\"https:\/\/conversesacatalunya.cat\/es\/cocina-y-tradiciones\/\",\"url\":\"https:\/\/conversesacatalunya.cat\/es\/cocina-y-tradiciones\/\",\"name\":\"- Converses a Catalunya\",\"isPartOf\":{\"@id\":\"https:\/\/conversesacatalunya.cat\/#website\"},\"datePublished\":\"2024-12-16T12:27:11+00:00\",\"dateModified\":\"2024-12-16T12:27:33+00:00\",\"inLanguage\":\"es\",\"potentialAction\":[{\"@type\":\"ReadAction\",\"target\":[\"https:\/\/conversesacatalunya.cat\/es\/cocina-y-tradiciones\/\"]}]},{\"@type\":\"WebSite\",\"@id\":\"https:\/\/conversesacatalunya.cat\/#website\",\"url\":\"https:\/\/conversesacatalunya.cat\/\",\"name\":\"Converses a Catalunya\",\"description\":\"\",\"potentialAction\":[{\"@type\":\"SearchAction\",\"target\":{\"@type\":\"EntryPoint\",\"urlTemplate\":\"https:\/\/conversesacatalunya.cat\/?s={search_term_string}\"},\"query-input\":{\"@type\":\"PropertyValueSpecification\",\"valueRequired\":true,\"valueName\":\"search_term_string\"}}],\"inLanguage\":\"es\"}]}<\/script>\n<!-- \/ Yoast SEO plugin. -->","yoast_head_json":{"title":"- Converses a Catalunya","robots":{"index":"index","follow":"follow","max-snippet":"max-snippet:-1","max-image-preview":"max-image-preview:large","max-video-preview":"max-video-preview:-1"},"canonical":"https:\/\/conversesacatalunya.cat\/es\/cocina-y-tradiciones\/","og_locale":"es_ES","og_type":"article","og_title":"- Converses a Catalunya","og_url":"https:\/\/conversesacatalunya.cat\/es\/cocina-y-tradiciones\/","og_site_name":"Converses a Catalunya","article_modified_time":"2024-12-16T12:27:33+00:00","twitter_card":"summary_large_image","schema":{"@context":"https:\/\/schema.org","@graph":[{"@type":"WebPage","@id":"https:\/\/conversesacatalunya.cat\/es\/cocina-y-tradiciones\/","url":"https:\/\/conversesacatalunya.cat\/es\/cocina-y-tradiciones\/","name":"- Converses a Catalunya","isPartOf":{"@id":"https:\/\/conversesacatalunya.cat\/#website"},"datePublished":"2024-12-16T12:27:11+00:00","dateModified":"2024-12-16T12:27:33+00:00","inLanguage":"es","potentialAction":[{"@type":"ReadAction","target":["https:\/\/conversesacatalunya.cat\/es\/cocina-y-tradiciones\/"]}]},{"@type":"WebSite","@id":"https:\/\/conversesacatalunya.cat\/#website","url":"https:\/\/conversesacatalunya.cat\/","name":"Converses a Catalunya","description":"","potentialAction":[{"@type":"SearchAction","target":{"@type":"EntryPoint","urlTemplate":"https:\/\/conversesacatalunya.cat\/?s={search_term_string}"},"query-input":{"@type":"PropertyValueSpecification","valueRequired":true,"valueName":"search_term_string"}}],"inLanguage":"es"}]}},"wps_subtitle":"Cocina y Tradiciones","_links":{"self":[{"href":"https:\/\/conversesacatalunya.cat\/es\/wp-json\/wp\/v2\/pages\/84398","targetHints":{"allow":["GET"]}}],"collection":[{"href":"https:\/\/conversesacatalunya.cat\/es\/wp-json\/wp\/v2\/pages"}],"about":[{"href":"https:\/\/conversesacatalunya.cat\/es\/wp-json\/wp\/v2\/types\/page"}],"author":[{"embeddable":true,"href":"https:\/\/conversesacatalunya.cat\/es\/wp-json\/wp\/v2\/users\/1"}],"replies":[{"embeddable":true,"href":"https:\/\/conversesacatalunya.cat\/es\/wp-json\/wp\/v2\/comments?post=84398"}],"version-history":[{"count":1,"href":"https:\/\/conversesacatalunya.cat\/es\/wp-json\/wp\/v2\/pages\/84398\/revisions"}],"predecessor-version":[{"id":84399,"href":"https:\/\/conversesacatalunya.cat\/es\/wp-json\/wp\/v2\/pages\/84398\/revisions\/84399"}],"wp:attachment":[{"href":"https:\/\/conversesacatalunya.cat\/es\/wp-json\/wp\/v2\/media?parent=84398"}],"curies":[{"name":"wp","href":"https:\/\/api.w.org\/{rel}","templated":true}]}}