{"id":32984,"date":"2020-02-27T12:19:47","date_gmt":"2020-02-27T11:19:47","guid":{"rendered":"https:\/\/conversesacatalunya.cat\/coronavirus\/"},"modified":"2021-12-06T13:41:30","modified_gmt":"2021-12-06T12:41:30","slug":"coronavirus","status":"publish","type":"page","link":"https:\/\/conversesacatalunya.cat\/es\/coronavirus\/","title":{"rendered":"Coronavirus"},"content":{"rendered":"<section class=\"l-section wpb_row height_small\"><div class=\"l-section-h i-cf\"><div class=\"g-cols vc_row via_flex valign_top type_default stacking_default\"><div class=\"vc_col-sm-12 wpb_column vc_column_container\"><div class=\"vc_column-inner\"><div class=\"wpb_wrapper\"><div class=\"wpb_text_column\"><div class=\"wpb_wrapper\"><h1>Coronavirus<\/h1>\n<div id=\"gtx-trans\" style=\"position: absolute; left: 79px; top: 67px;\">\n<div class=\"gtx-trans-icon\"><\/div>\n<\/div>\n<\/div><\/div><div class=\"w-separator size_medium\"><\/div><div class=\"g-cols wpb_row via_flex valign_top type_default stacking_default\"><div class=\"vc_col-sm-8 wpb_column vc_column_container\"><div class=\"vc_column-inner\"><div class=\"wpb_wrapper\"><div class=\"w-grid type_grid layout_28091 cols_3 pagination_regular\" id=\"us_grid_1\" style=\"--gap:1.5rem;\" data-filterable=\"true\"><style>@media (max-width:1024px){#us_grid_1 .w-grid-item{width:50%}}@media (max-width:600px){#us_grid_1 .w-grid-list{margin:0}#us_grid_1 .w-grid-item{width:100%;padding:0;margin-bottom:var(--gap,0px)}}.layout_28091 .w-grid-item-h{}.layout_28091 .usg_post_image_1{margin-bottom:0.8rem!important}.layout_28091 .usg_post_title_1{margin-bottom:0!important;font-family:var(--h1-font-family)!important;font-size:1.2rem!important;font-weight:700!important}.layout_28091 .usg_post_date_1{font-family:var(--font-family)!important;font-size:13px!important;color:#aab2bd!important}.layout_28091 .usg_post_author_1{font-family:var(--font-family)!important;font-size:15px!important}@media (max-width:600px){.layout_28091 .usg_post_title_1{font-size:1.2rem!important}.layout_28091 .usg_post_date_1{font-size:13px!important}.layout_28091 .usg_post_author_1{font-size:15px!important}}<\/style><div class=\"w-grid-list\">\t<article class=\"w-grid-item size_1x1 post-84574 post type-post status-publish format-standard has-post-thumbnail hentry category-especial-coronavirus-es category-punts-claus-del-dia-es tag-coronavirus-es\" data-id=\"84574\">\r\n\t\t<div class=\"w-grid-item-h\">\r\n\t\t\t\t\t\t<div class=\"w-post-elm post_image usg_post_image_1 actualitat_img stretched\"><a href=\"https:\/\/conversesacatalunya.cat\/es\/exclusiva-resumen-propio-del-explosivo-informe-del-congreso-de-estadoss-unidos-sobre-la-covid-19\/\" aria-label=\"Exclusiva! Resumen propio del explosivo Informe del Congreso de Estadoss Unidos sobre la COVID-19\"><img fetchpriority=\"high\" decoding=\"async\" width=\"640\" height=\"428\" src=\"https:\/\/conversesacatalunya.cat\/wp-content\/uploads\/2022\/02\/covid-gfe384efb0_640.jpg\" class=\"attachment-large size-large wp-post-image\" alt=\"\" srcset=\"https:\/\/conversesacatalunya.cat\/wp-content\/uploads\/2022\/02\/covid-gfe384efb0_640.jpg 640w, https:\/\/conversesacatalunya.cat\/wp-content\/uploads\/2022\/02\/covid-gfe384efb0_640-300x201.jpg 300w\" sizes=\"(max-width: 640px) 100vw, 640px\" \/><\/a><\/div><h2 class=\"w-post-elm post_title usg_post_title_1 entry-title color_link_inherit\"><a href=\"https:\/\/conversesacatalunya.cat\/es\/exclusiva-resumen-propio-del-explosivo-informe-del-congreso-de-estadoss-unidos-sobre-la-covid-19\/\">Exclusiva! Resumen propio del explosivo Informe del Congreso de Estadoss Unidos sobre la COVID-19<\/a><\/h2><time class=\"w-post-elm post_date usg_post_date_1 has_text_color entry-date published\" datetime=\"2024-12-23T10:54:03+01:00\">23 diciembre, 2024<\/time><div class=\"w-post-elm post_author usg_post_author_1 vcard author color_link_inherit\"><div class=\"post-author-meta\"><a href=\"https:\/\/conversesacatalunya.cat\/es\/author\/josep-miro-i-ardevol\/\" class=\"post-author-name fn\">Josep Mir\u00f3 i Ard\u00e8vol<\/a><\/div><\/div>\t\t<\/div>\r\n\t\t\t<\/article>\r\n\t<article class=\"w-grid-item size_1x1 post-75400 post type-post status-publish format-standard has-post-thumbnail hentry category-especial-coronavirus-es category-punts-claus-del-dia-es tag-coronavirus-es\" data-id=\"75400\">\r\n\t\t<div class=\"w-grid-item-h\">\r\n\t\t\t\t\t\t<div class=\"w-post-elm post_image usg_post_image_1 actualitat_img stretched\"><a href=\"https:\/\/conversesacatalunya.cat\/es\/cataluna-pospandemia-entre-luces-y-sombras\/\" aria-label=\"Catalu\u00f1a pospandemia: entre luces y sombras\"><img decoding=\"async\" width=\"900\" height=\"425\" data-src=\"https:\/\/conversesacatalunya.cat\/wp-content\/uploads\/2024\/02\/pospandemia.jpg\" class=\"attachment-large size-large wp-post-image lazyload\" alt=\"pospandemia\" data-srcset=\"https:\/\/conversesacatalunya.cat\/wp-content\/uploads\/2024\/02\/pospandemia.jpg 900w, https:\/\/conversesacatalunya.cat\/wp-content\/uploads\/2024\/02\/pospandemia-300x142.jpg 300w\" data-sizes=\"(max-width: 900px) 100vw, 900px\" src=\"data:image\/svg+xml;base64,PHN2ZyB3aWR0aD0iMSIgaGVpZ2h0PSIxIiB4bWxucz0iaHR0cDovL3d3dy53My5vcmcvMjAwMC9zdmciPjwvc3ZnPg==\" style=\"--smush-placeholder-width: 900px; --smush-placeholder-aspect-ratio: 900\/425;\" \/><\/a><\/div><h2 class=\"w-post-elm post_title usg_post_title_1 entry-title color_link_inherit\"><a href=\"https:\/\/conversesacatalunya.cat\/es\/cataluna-pospandemia-entre-luces-y-sombras\/\">Catalu\u00f1a pospandemia: entre luces y sombras<\/a><\/h2><time class=\"w-post-elm post_date usg_post_date_1 has_text_color entry-date published\" datetime=\"2024-02-29T10:46:01+01:00\">29 febrero, 2024<\/time><div class=\"w-post-elm post_author usg_post_author_1 vcard author color_link_inherit\"><div class=\"post-author-meta\"><a href=\"https:\/\/conversesacatalunya.cat\/es\/author\/emili_clos\/\" class=\"post-author-name fn\">Emili Clos<\/a><\/div><\/div>\t\t<\/div>\r\n\t\t\t<\/article>\r\n\t<article class=\"w-grid-item size_1x1 post-75434 post type-post status-publish format-standard has-post-thumbnail hentry category-especial-coronavirus-es category-punts-claus-del-dia-es tag-coronavirus-es tag-politica-espanola tag-politica-espanyola-es\" data-id=\"75434\">\r\n\t\t<div class=\"w-grid-item-h\">\r\n\t\t\t\t\t\t<div class=\"w-post-elm post_image usg_post_image_1 actualitat_img stretched\"><a href=\"https:\/\/conversesacatalunya.cat\/es\/armengol-abalos-sanchez-y-la-justicia-poetica\/\" aria-label=\"Armengol, \u00c1balos, S\u00e1nchez y la justicia po\u00e9tica\"><img decoding=\"async\" width=\"655\" height=\"455\" data-src=\"https:\/\/conversesacatalunya.cat\/wp-content\/uploads\/2024\/02\/Abalos.jpg\" class=\"attachment-large size-large wp-post-image lazyload\" alt=\"\u00c1balos corrupci\u00f3\" data-srcset=\"https:\/\/conversesacatalunya.cat\/wp-content\/uploads\/2024\/02\/Abalos.jpg 655w, https:\/\/conversesacatalunya.cat\/wp-content\/uploads\/2024\/02\/Abalos-300x208.jpg 300w\" data-sizes=\"(max-width: 655px) 100vw, 655px\" src=\"data:image\/svg+xml;base64,PHN2ZyB3aWR0aD0iMSIgaGVpZ2h0PSIxIiB4bWxucz0iaHR0cDovL3d3dy53My5vcmcvMjAwMC9zdmciPjwvc3ZnPg==\" style=\"--smush-placeholder-width: 655px; --smush-placeholder-aspect-ratio: 655\/455;\" \/><\/a><\/div><h2 class=\"w-post-elm post_title usg_post_title_1 entry-title color_link_inherit\"><a href=\"https:\/\/conversesacatalunya.cat\/es\/armengol-abalos-sanchez-y-la-justicia-poetica\/\">Armengol, \u00c1balos, S\u00e1nchez y la justicia po\u00e9tica<\/a><\/h2><time class=\"w-post-elm post_date usg_post_date_1 has_text_color entry-date published\" datetime=\"2024-02-28T12:57:50+01:00\">28 febrero, 2024<\/time><div class=\"w-post-elm post_author usg_post_author_1 vcard author color_link_inherit\"><div class=\"post-author-meta\"><a href=\"https:\/\/conversesacatalunya.cat\/es\/author\/enric-casanovas\/\" class=\"post-author-name fn\">Enric Casanovas<\/a><\/div><\/div>\t\t<\/div>\r\n\t\t\t<\/article>\r\n\t<article class=\"w-grid-item size_1x1 post-75092 post type-post status-publish format-standard has-post-thumbnail hentry category-especial-coronavirus-es category-punts-claus-del-dia-es tag-coronavirus-es\" data-id=\"75092\">\r\n\t\t<div class=\"w-grid-item-h\">\r\n\t\t\t\t\t\t<div class=\"w-post-elm post_image usg_post_image_1 actualitat_img stretched\"><a href=\"https:\/\/conversesacatalunya.cat\/es\/parlamento-de-cataluna-el-vergonzoso-informe-sobre-la-mortalidad-de-la-covid-en-las-residencias\/\" aria-label=\"Parlamento de Catalu\u00f1a: el vergonzoso informe sobre la mortalidad de la covid en las residencias\"><img decoding=\"async\" width=\"1024\" height=\"585\" data-src=\"https:\/\/conversesacatalunya.cat\/wp-content\/uploads\/2024\/02\/Residencias-Sol-2-1024x585.jpg\" class=\"attachment-large size-large wp-post-image lazyload\" alt=\"mortalitat resid\u00e8ncies covid\" data-srcset=\"https:\/\/conversesacatalunya.cat\/wp-content\/uploads\/2024\/02\/Residencias-Sol-2-1024x585.jpg 1024w, https:\/\/conversesacatalunya.cat\/wp-content\/uploads\/2024\/02\/Residencias-Sol-2-300x171.jpg 300w, https:\/\/conversesacatalunya.cat\/wp-content\/uploads\/2024\/02\/Residencias-Sol-2.jpg 2000w\" data-sizes=\"(max-width: 1024px) 100vw, 1024px\" src=\"data:image\/svg+xml;base64,PHN2ZyB3aWR0aD0iMSIgaGVpZ2h0PSIxIiB4bWxucz0iaHR0cDovL3d3dy53My5vcmcvMjAwMC9zdmciPjwvc3ZnPg==\" style=\"--smush-placeholder-width: 1024px; --smush-placeholder-aspect-ratio: 1024\/585;\" \/><\/a><\/div><h2 class=\"w-post-elm post_title usg_post_title_1 entry-title color_link_inherit\"><a href=\"https:\/\/conversesacatalunya.cat\/es\/parlamento-de-cataluna-el-vergonzoso-informe-sobre-la-mortalidad-de-la-covid-en-las-residencias\/\">Parlamento de Catalu\u00f1a: el vergonzoso informe sobre la mortalidad de la covid en las residencias<\/a><\/h2><time class=\"w-post-elm post_date usg_post_date_1 has_text_color entry-date published\" datetime=\"2024-02-16T11:50:41+01:00\">16 febrero, 2024<\/time><div class=\"w-post-elm post_author usg_post_author_1 vcard author color_link_inherit\"><div class=\"post-author-meta\"><a href=\"https:\/\/conversesacatalunya.cat\/es\/author\/enric-casanovas\/\" class=\"post-author-name fn\">Enric Casanovas<\/a><\/div><\/div>\t\t<\/div>\r\n\t\t\t<\/article>\r\n\t<article class=\"w-grid-item size_1x1 post-73947 post type-post status-publish format-standard has-post-thumbnail hentry category-especial-coronavirus-es category-punts-claus-del-dia-es tag-coronavirus-es tag-crisis-pandemia tag-muertes-por-coronavirus\" data-id=\"73947\">\r\n\t\t<div class=\"w-grid-item-h\">\r\n\t\t\t\t\t\t<div class=\"w-post-elm post_image usg_post_image_1 actualitat_img stretched\"><a href=\"https:\/\/conversesacatalunya.cat\/es\/masacre-olvidada-coronavirus\/\" aria-label=\"Espa\u00f1a. La masacre olvidada y sin responsables\"><img decoding=\"async\" width=\"640\" height=\"360\" data-src=\"https:\/\/conversesacatalunya.cat\/wp-content\/uploads\/2024\/01\/coronavirus.jpg\" class=\"attachment-large size-large wp-post-image lazyload\" alt=\"\" data-srcset=\"https:\/\/conversesacatalunya.cat\/wp-content\/uploads\/2024\/01\/coronavirus.jpg 640w, https:\/\/conversesacatalunya.cat\/wp-content\/uploads\/2024\/01\/coronavirus-300x169.jpg 300w\" data-sizes=\"(max-width: 640px) 100vw, 640px\" src=\"data:image\/svg+xml;base64,PHN2ZyB3aWR0aD0iMSIgaGVpZ2h0PSIxIiB4bWxucz0iaHR0cDovL3d3dy53My5vcmcvMjAwMC9zdmciPjwvc3ZnPg==\" style=\"--smush-placeholder-width: 640px; --smush-placeholder-aspect-ratio: 640\/360;\" \/><\/a><\/div><h2 class=\"w-post-elm post_title usg_post_title_1 entry-title color_link_inherit\"><a href=\"https:\/\/conversesacatalunya.cat\/es\/masacre-olvidada-coronavirus\/\">Espa\u00f1a. La masacre olvidada y sin responsables<\/a><\/h2><time class=\"w-post-elm post_date usg_post_date_1 has_text_color entry-date published\" datetime=\"2024-01-11T13:33:03+01:00\">11 enero, 2024<\/time><div class=\"w-post-elm post_author usg_post_author_1 vcard author color_link_inherit\"><div class=\"post-author-meta\"><a href=\"https:\/\/conversesacatalunya.cat\/es\/author\/joan-masip\/\" class=\"post-author-name fn\">Joan Masip<\/a><\/div><\/div>\t\t<\/div>\r\n\t\t\t<\/article>\r\n\t<article class=\"w-grid-item size_1x1 post-65386 post type-post status-publish format-standard has-post-thumbnail hentry category-especial-coronavirus-es category-punts-claus-del-dia-es tag-coronavirus-es\" data-id=\"65386\">\r\n\t\t<div class=\"w-grid-item-h\">\r\n\t\t\t\t\t\t<div class=\"w-post-elm post_image usg_post_image_1 actualitat_img stretched\"><a href=\"https:\/\/conversesacatalunya.cat\/es\/consecuencias-de-la-covid\/\" aria-label=\"Las consecuencias de la covid sobre quienes nos gobiernan. Italia 10-Espa\u00f1a 0\"><img decoding=\"async\" width=\"1024\" height=\"768\" data-src=\"https:\/\/conversesacatalunya.cat\/wp-content\/uploads\/2023\/03\/covid-Italia-2.jpg\" class=\"attachment-large size-large wp-post-image lazyload\" alt=\"\" data-srcset=\"https:\/\/conversesacatalunya.cat\/wp-content\/uploads\/2023\/03\/covid-Italia-2.jpg 1024w, https:\/\/conversesacatalunya.cat\/wp-content\/uploads\/2023\/03\/covid-Italia-2-300x225.jpg 300w\" data-sizes=\"(max-width: 1024px) 100vw, 1024px\" src=\"data:image\/svg+xml;base64,PHN2ZyB3aWR0aD0iMSIgaGVpZ2h0PSIxIiB4bWxucz0iaHR0cDovL3d3dy53My5vcmcvMjAwMC9zdmciPjwvc3ZnPg==\" style=\"--smush-placeholder-width: 1024px; --smush-placeholder-aspect-ratio: 1024\/768;\" \/><\/a><\/div><h2 class=\"w-post-elm post_title usg_post_title_1 entry-title color_link_inherit\"><a href=\"https:\/\/conversesacatalunya.cat\/es\/consecuencias-de-la-covid\/\">Las consecuencias de la covid sobre quienes nos gobiernan. Italia 10-Espa\u00f1a 0<\/a><\/h2><time class=\"w-post-elm post_date usg_post_date_1 has_text_color entry-date published\" datetime=\"2023-03-06T13:52:23+01:00\">6 marzo, 2023<\/time><div class=\"w-post-elm post_author usg_post_author_1 vcard author color_link_inherit\"><div class=\"post-author-meta\"><a href=\"https:\/\/conversesacatalunya.cat\/es\/author\/carme_catala\/\" class=\"post-author-name fn\">conversesacatalunya<\/a><\/div><\/div>\t\t<\/div>\r\n\t\t\t<\/article>\r\n\t<article class=\"w-grid-item size_1x1 post-63558 post type-post status-publish format-standard has-post-thumbnail hentry category-especial-coronavirus-es category-punts-claus-del-dia-es tag-china tag-coronavirus-es tag-covid-es tag-omicron-es\" data-id=\"63558\">\r\n\t\t<div class=\"w-grid-item-h\">\r\n\t\t\t\t\t\t<div class=\"w-post-elm post_image usg_post_image_1 actualitat_img stretched\"><a href=\"https:\/\/conversesacatalunya.cat\/es\/europa-ola-covid-china\/\" aria-label=\"Europa responde ca\u00f3ticamente a la ola de Covid de China\"><img decoding=\"async\" width=\"1000\" height=\"563\" data-src=\"https:\/\/conversesacatalunya.cat\/wp-content\/uploads\/2023\/01\/covid-xina.webp\" class=\"attachment-large size-large wp-post-image lazyload\" alt=\"Europa covid la Xina\" data-srcset=\"https:\/\/conversesacatalunya.cat\/wp-content\/uploads\/2023\/01\/covid-xina.webp 1000w, https:\/\/conversesacatalunya.cat\/wp-content\/uploads\/2023\/01\/covid-xina-300x169.webp 300w\" data-sizes=\"(max-width: 1000px) 100vw, 1000px\" src=\"data:image\/svg+xml;base64,PHN2ZyB3aWR0aD0iMSIgaGVpZ2h0PSIxIiB4bWxucz0iaHR0cDovL3d3dy53My5vcmcvMjAwMC9zdmciPjwvc3ZnPg==\" style=\"--smush-placeholder-width: 1000px; --smush-placeholder-aspect-ratio: 1000\/563;\" \/><\/a><\/div><h2 class=\"w-post-elm post_title usg_post_title_1 entry-title color_link_inherit\"><a href=\"https:\/\/conversesacatalunya.cat\/es\/europa-ola-covid-china\/\">Europa responde ca\u00f3ticamente a la ola de Covid de China<\/a><\/h2><time class=\"w-post-elm post_date usg_post_date_1 has_text_color entry-date published\" datetime=\"2023-01-05T11:07:23+01:00\">5 enero, 2023<\/time><div class=\"w-post-elm post_author usg_post_author_1 vcard author color_link_inherit\"><div class=\"post-author-meta\"><a href=\"https:\/\/conversesacatalunya.cat\/es\/author\/carles-lopez\/\" class=\"post-author-name fn\">Carles L\u00f3pez<\/a><\/div><\/div>\t\t<\/div>\r\n\t\t\t<\/article>\r\n\t<article class=\"w-grid-item size_1x1 post-62847 post type-post status-publish format-standard has-post-thumbnail hentry category-especial-coronavirus-es category-punts-claus-del-dia-es tag-coronavirus-es\" data-id=\"62847\">\r\n\t\t<div class=\"w-grid-item-h\">\r\n\t\t\t\t\t\t<div class=\"w-post-elm post_image usg_post_image_1 actualitat_img stretched\"><a href=\"https:\/\/conversesacatalunya.cat\/es\/gestion-covid-espana\/\" aria-label=\"S\u00e1nchez: un governante a examen (I). No podemos olvidarnos de la tragedia de la covid.\"><img decoding=\"async\" width=\"800\" height=\"400\" data-src=\"https:\/\/conversesacatalunya.cat\/wp-content\/uploads\/2022\/12\/gestion-covid.jpg\" class=\"attachment-large size-large wp-post-image lazyload\" alt=\"\" data-srcset=\"https:\/\/conversesacatalunya.cat\/wp-content\/uploads\/2022\/12\/gestion-covid.jpg 800w, https:\/\/conversesacatalunya.cat\/wp-content\/uploads\/2022\/12\/gestion-covid-300x150.jpg 300w\" data-sizes=\"(max-width: 800px) 100vw, 800px\" src=\"data:image\/svg+xml;base64,PHN2ZyB3aWR0aD0iMSIgaGVpZ2h0PSIxIiB4bWxucz0iaHR0cDovL3d3dy53My5vcmcvMjAwMC9zdmciPjwvc3ZnPg==\" style=\"--smush-placeholder-width: 800px; --smush-placeholder-aspect-ratio: 800\/400;\" \/><\/a><\/div><h2 class=\"w-post-elm post_title usg_post_title_1 entry-title color_link_inherit\"><a href=\"https:\/\/conversesacatalunya.cat\/es\/gestion-covid-espana\/\">S\u00e1nchez: un governante a examen (I). No podemos olvidarnos de la tragedia de la covid.<\/a><\/h2><time class=\"w-post-elm post_date usg_post_date_1 has_text_color entry-date published\" datetime=\"2022-12-07T11:27:21+01:00\">7 diciembre, 2022<\/time><div class=\"w-post-elm post_author usg_post_author_1 vcard author color_link_inherit\"><div class=\"post-author-meta\"><a href=\"https:\/\/conversesacatalunya.cat\/es\/author\/jordi-mercader\/\" class=\"post-author-name fn\">Jordi Mercader<\/a><\/div><\/div>\t\t<\/div>\r\n\t\t\t<\/article>\r\n\t<article class=\"w-grid-item size_1x1 post-61892 post type-post status-publish format-standard has-post-thumbnail hentry category-especial-coronavirus-es category-punts-claus-del-dia-es tag-coronavirus-es\" data-id=\"61892\">\r\n\t\t<div class=\"w-grid-item-h\">\r\n\t\t\t\t\t\t<div class=\"w-post-elm post_image usg_post_image_1 actualitat_img stretched\"><a href=\"https:\/\/conversesacatalunya.cat\/es\/la-doble-amenaza-de-la-covid-19\/\" aria-label=\"La doble amenaza de la Covid-19\"><img decoding=\"async\" width=\"624\" height=\"385\" data-src=\"https:\/\/conversesacatalunya.cat\/wp-content\/uploads\/2022\/10\/covid-gripe-ki2G-U180514128209AOH-624x385@RC.jpg\" class=\"attachment-large size-large wp-post-image lazyload\" alt=\"\" data-srcset=\"https:\/\/conversesacatalunya.cat\/wp-content\/uploads\/2022\/10\/covid-gripe-ki2G-U180514128209AOH-624x385@RC.jpg 624w, https:\/\/conversesacatalunya.cat\/wp-content\/uploads\/2022\/10\/covid-gripe-ki2G-U180514128209AOH-624x385@RC-300x185.jpg 300w\" data-sizes=\"(max-width: 624px) 100vw, 624px\" src=\"data:image\/svg+xml;base64,PHN2ZyB3aWR0aD0iMSIgaGVpZ2h0PSIxIiB4bWxucz0iaHR0cDovL3d3dy53My5vcmcvMjAwMC9zdmciPjwvc3ZnPg==\" style=\"--smush-placeholder-width: 624px; --smush-placeholder-aspect-ratio: 624\/385;\" \/><\/a><\/div><h2 class=\"w-post-elm post_title usg_post_title_1 entry-title color_link_inherit\"><a href=\"https:\/\/conversesacatalunya.cat\/es\/la-doble-amenaza-de-la-covid-19\/\">La doble amenaza de la Covid-19<\/a><\/h2><time class=\"w-post-elm post_date usg_post_date_1 has_text_color entry-date published\" datetime=\"2022-10-31T08:30:39+01:00\">31 octubre, 2022<\/time><div class=\"w-post-elm post_author usg_post_author_1 vcard author color_link_inherit\"><div class=\"post-author-meta\"><a href=\"https:\/\/conversesacatalunya.cat\/es\/author\/carme_catala\/\" class=\"post-author-name fn\">conversesacatalunya<\/a><\/div><\/div>\t\t<\/div>\r\n\t\t\t<\/article>\r\n\t<article class=\"w-grid-item size_1x1 post-61541 post type-post status-publish format-standard has-post-thumbnail hentry category-especial-coronavirus-es category-punts-claus-del-dia-es tag-coronavirus-es\" data-id=\"61541\">\r\n\t\t<div class=\"w-grid-item-h\">\r\n\t\t\t\t\t\t<div class=\"w-post-elm post_image usg_post_image_1 actualitat_img stretched\"><a href=\"https:\/\/conversesacatalunya.cat\/es\/covid-19-alerta-vuelve-la-mascarilla-y-las-medidas-de-seguridad\/\" aria-label=\"Covid-19. \u00a1Alerta!: \u00bfvuelve la mascarilla y las medidas de seguridad?\"><img decoding=\"async\" width=\"900\" height=\"500\" data-src=\"https:\/\/conversesacatalunya.cat\/wp-content\/uploads\/2022\/10\/mascarillas-en-ninos-covid.jpg\" class=\"attachment-large size-large wp-post-image lazyload\" alt=\"covid tardor\" data-srcset=\"https:\/\/conversesacatalunya.cat\/wp-content\/uploads\/2022\/10\/mascarillas-en-ninos-covid.jpg 900w, https:\/\/conversesacatalunya.cat\/wp-content\/uploads\/2022\/10\/mascarillas-en-ninos-covid-300x167.jpg 300w\" data-sizes=\"(max-width: 900px) 100vw, 900px\" src=\"data:image\/svg+xml;base64,PHN2ZyB3aWR0aD0iMSIgaGVpZ2h0PSIxIiB4bWxucz0iaHR0cDovL3d3dy53My5vcmcvMjAwMC9zdmciPjwvc3ZnPg==\" style=\"--smush-placeholder-width: 900px; --smush-placeholder-aspect-ratio: 900\/500;\" \/><\/a><\/div><h2 class=\"w-post-elm post_title usg_post_title_1 entry-title color_link_inherit\"><a href=\"https:\/\/conversesacatalunya.cat\/es\/covid-19-alerta-vuelve-la-mascarilla-y-las-medidas-de-seguridad\/\">Covid-19. \u00a1Alerta!: \u00bfvuelve la mascarilla y las medidas de seguridad?<\/a><\/h2><time class=\"w-post-elm post_date usg_post_date_1 has_text_color entry-date published\" datetime=\"2022-10-17T11:24:32+02:00\">17 octubre, 2022<\/time><div class=\"w-post-elm post_author usg_post_author_1 vcard author color_link_inherit\"><div class=\"post-author-meta\"><a href=\"https:\/\/conversesacatalunya.cat\/es\/author\/carme_catala\/\" class=\"post-author-name fn\">conversesacatalunya<\/a><\/div><\/div>\t\t<\/div>\r\n\t\t\t<\/article>\r\n\t<article class=\"w-grid-item size_1x1 post-61342 post type-post status-publish format-standard has-post-thumbnail hentry category-especial-coronavirus-es category-punts-claus-del-dia-es tag-crisis-economica tag-pib-es\" data-id=\"61342\">\r\n\t\t<div class=\"w-grid-item-h\">\r\n\t\t\t\t\t\t<div class=\"w-post-elm post_image usg_post_image_1 actualitat_img stretched\"><a href=\"https:\/\/conversesacatalunya.cat\/es\/crisis-economica-covid\/\" aria-label=\"Espa\u00f1a a\u00fan no ha superado la crisis econ\u00f3mica de la covid\"><img decoding=\"async\" width=\"1000\" height=\"594\" data-src=\"https:\/\/conversesacatalunya.cat\/wp-content\/uploads\/2022\/10\/crisi-economica-covid.jpg\" class=\"attachment-large size-large wp-post-image lazyload\" alt=\"Covid cohesi\u00f3n social\" data-srcset=\"https:\/\/conversesacatalunya.cat\/wp-content\/uploads\/2022\/10\/crisi-economica-covid.jpg 1000w, https:\/\/conversesacatalunya.cat\/wp-content\/uploads\/2022\/10\/crisi-economica-covid-300x178.jpg 300w\" data-sizes=\"(max-width: 1000px) 100vw, 1000px\" src=\"data:image\/svg+xml;base64,PHN2ZyB3aWR0aD0iMSIgaGVpZ2h0PSIxIiB4bWxucz0iaHR0cDovL3d3dy53My5vcmcvMjAwMC9zdmciPjwvc3ZnPg==\" style=\"--smush-placeholder-width: 1000px; --smush-placeholder-aspect-ratio: 1000\/594;\" \/><\/a><\/div><h2 class=\"w-post-elm post_title usg_post_title_1 entry-title color_link_inherit\"><a href=\"https:\/\/conversesacatalunya.cat\/es\/crisis-economica-covid\/\">Espa\u00f1a a\u00fan no ha superado la crisis econ\u00f3mica de la covid<\/a><\/h2><time class=\"w-post-elm post_date usg_post_date_1 has_text_color entry-date published\" datetime=\"2022-10-07T11:12:56+02:00\">7 octubre, 2022<\/time><div class=\"w-post-elm post_author usg_post_author_1 vcard author color_link_inherit\"><div class=\"post-author-meta\"><a href=\"https:\/\/conversesacatalunya.cat\/es\/author\/carme_catala\/\" class=\"post-author-name fn\">conversesacatalunya<\/a><\/div><\/div>\t\t<\/div>\r\n\t\t\t<\/article>\r\n\t<article class=\"w-grid-item size_1x1 post-60823 post type-post status-publish format-standard has-post-thumbnail hentry category-especial-coronavirus-es category-punts-claus-del-dia-es tag-coronavirus-es tag-covid-19-es tag-morts-per-coronavirus-es tag-muertos-coronavirus\" data-id=\"60823\">\r\n\t\t<div class=\"w-grid-item-h\">\r\n\t\t\t\t\t\t<div class=\"w-post-elm post_image usg_post_image_1 actualitat_img stretched\"><a href=\"https:\/\/conversesacatalunya.cat\/es\/muertes-por-covid-cataluna\/\" aria-label=\"El gran esc\u00e1ndalo ignorado del n\u00famero de muertes por covid en Catalu\u00f1a: el informe de The Lancet lo revela\"><img decoding=\"async\" width=\"1000\" height=\"565\" data-src=\"https:\/\/conversesacatalunya.cat\/wp-content\/uploads\/2022\/09\/morts-covid.jpg\" class=\"attachment-large size-large wp-post-image lazyload\" alt=\"morts covid catalunya\" data-srcset=\"https:\/\/conversesacatalunya.cat\/wp-content\/uploads\/2022\/09\/morts-covid.jpg 1000w, https:\/\/conversesacatalunya.cat\/wp-content\/uploads\/2022\/09\/morts-covid-300x170.jpg 300w\" data-sizes=\"(max-width: 1000px) 100vw, 1000px\" src=\"data:image\/svg+xml;base64,PHN2ZyB3aWR0aD0iMSIgaGVpZ2h0PSIxIiB4bWxucz0iaHR0cDovL3d3dy53My5vcmcvMjAwMC9zdmciPjwvc3ZnPg==\" style=\"--smush-placeholder-width: 1000px; --smush-placeholder-aspect-ratio: 1000\/565;\" \/><\/a><\/div><h2 class=\"w-post-elm post_title usg_post_title_1 entry-title color_link_inherit\"><a href=\"https:\/\/conversesacatalunya.cat\/es\/muertes-por-covid-cataluna\/\">El gran esc\u00e1ndalo ignorado del n\u00famero de muertes por covid en Catalu\u00f1a: el informe de The Lancet lo revela<\/a><\/h2><time class=\"w-post-elm post_date usg_post_date_1 has_text_color entry-date published\" datetime=\"2022-09-16T11:46:18+02:00\">16 septiembre, 2022<\/time><div class=\"w-post-elm post_author usg_post_author_1 vcard author color_link_inherit\"><div class=\"post-author-meta\"><a href=\"https:\/\/conversesacatalunya.cat\/es\/author\/ricard-mestres\/\" class=\"post-author-name fn\">Ricard Mestres<\/a><\/div><\/div>\t\t<\/div>\r\n\t\t\t<\/article>\r\n\t<article class=\"w-grid-item size_1x1 post-59113 post type-post status-publish format-standard has-post-thumbnail hentry category-especial-coronavirus-es category-punts-claus-del-dia-es tag-septima-ola\" data-id=\"59113\">\r\n\t\t<div class=\"w-grid-item-h\">\r\n\t\t\t\t\t\t<div class=\"w-post-elm post_image usg_post_image_1 actualitat_img stretched\"><a href=\"https:\/\/conversesacatalunya.cat\/es\/covid-peligro-confusion-y-desorden\/\" aria-label=\"Covid: peligro, confusi\u00f3n y desorden\"><img decoding=\"async\" width=\"880\" height=\"495\" data-src=\"https:\/\/conversesacatalunya.cat\/wp-content\/uploads\/2022\/07\/covid.jpeg\" class=\"attachment-large size-large wp-post-image lazyload\" alt=\"la covid\" data-srcset=\"https:\/\/conversesacatalunya.cat\/wp-content\/uploads\/2022\/07\/covid.jpeg 880w, https:\/\/conversesacatalunya.cat\/wp-content\/uploads\/2022\/07\/covid-300x169.jpeg 300w\" data-sizes=\"(max-width: 880px) 100vw, 880px\" src=\"data:image\/svg+xml;base64,PHN2ZyB3aWR0aD0iMSIgaGVpZ2h0PSIxIiB4bWxucz0iaHR0cDovL3d3dy53My5vcmcvMjAwMC9zdmciPjwvc3ZnPg==\" style=\"--smush-placeholder-width: 880px; --smush-placeholder-aspect-ratio: 880\/495;\" \/><\/a><\/div><h2 class=\"w-post-elm post_title usg_post_title_1 entry-title color_link_inherit\"><a href=\"https:\/\/conversesacatalunya.cat\/es\/covid-peligro-confusion-y-desorden\/\">Covid: peligro, confusi\u00f3n y desorden<\/a><\/h2><time class=\"w-post-elm post_date usg_post_date_1 has_text_color entry-date published\" datetime=\"2022-07-08T12:34:41+02:00\">8 julio, 2022<\/time><div class=\"w-post-elm post_author usg_post_author_1 vcard author color_link_inherit\"><div class=\"post-author-meta\"><a href=\"https:\/\/conversesacatalunya.cat\/es\/author\/carme_catala\/\" class=\"post-author-name fn\">conversesacatalunya<\/a><\/div><\/div>\t\t<\/div>\r\n\t\t\t<\/article>\r\n\t<article class=\"w-grid-item size_1x1 post-58722 post type-post status-publish format-standard has-post-thumbnail hentry category-especial-coronavirus-es category-punts-claus-del-dia-es tag-coronavirus-es tag-sexta-ola tag-sisena-onada-2\" data-id=\"58722\">\r\n\t\t<div class=\"w-grid-item-h\">\r\n\t\t\t\t\t\t<div class=\"w-post-elm post_image usg_post_image_1 actualitat_img stretched\"><a href=\"https:\/\/conversesacatalunya.cat\/es\/40-muertos-al-dia-a-que-esperan\/\" aria-label=\"40 muertos al d\u00eda. \u00bfA qu\u00e9 esperan?\"><img decoding=\"async\" width=\"1024\" height=\"683\" data-src=\"https:\/\/conversesacatalunya.cat\/wp-content\/uploads\/2022\/06\/coronavirus-1024x683.jpg\" class=\"attachment-large size-large wp-post-image lazyload\" alt=\"\" data-srcset=\"https:\/\/conversesacatalunya.cat\/wp-content\/uploads\/2022\/06\/coronavirus-1024x683.jpg 1024w, https:\/\/conversesacatalunya.cat\/wp-content\/uploads\/2022\/06\/coronavirus-300x200.jpg 300w, https:\/\/conversesacatalunya.cat\/wp-content\/uploads\/2022\/06\/coronavirus.jpg 1200w\" data-sizes=\"(max-width: 1024px) 100vw, 1024px\" src=\"data:image\/svg+xml;base64,PHN2ZyB3aWR0aD0iMSIgaGVpZ2h0PSIxIiB4bWxucz0iaHR0cDovL3d3dy53My5vcmcvMjAwMC9zdmciPjwvc3ZnPg==\" style=\"--smush-placeholder-width: 1024px; --smush-placeholder-aspect-ratio: 1024\/683;\" \/><\/a><\/div><h2 class=\"w-post-elm post_title usg_post_title_1 entry-title color_link_inherit\"><a href=\"https:\/\/conversesacatalunya.cat\/es\/40-muertos-al-dia-a-que-esperan\/\">40 muertos al d\u00eda. \u00bfA qu\u00e9 esperan?<\/a><\/h2><time class=\"w-post-elm post_date usg_post_date_1 has_text_color entry-date published\" datetime=\"2022-06-24T10:36:06+02:00\">24 junio, 2022<\/time><div class=\"w-post-elm post_author usg_post_author_1 vcard author color_link_inherit\"><div class=\"post-author-meta\"><a href=\"https:\/\/conversesacatalunya.cat\/es\/author\/carme_catala\/\" class=\"post-author-name fn\">conversesacatalunya<\/a><\/div><\/div>\t\t<\/div>\r\n\t\t\t<\/article>\r\n\t<article class=\"w-grid-item size_1x1 post-57737 post type-post status-publish format-standard has-post-thumbnail hentry category-especial-coronavirus-es category-punts-claus-del-dia-es tag-irsicaixa tag-omicrom-es tag-omicron-es tag-variante-delta\" data-id=\"57737\">\r\n\t\t<div class=\"w-grid-item-h\">\r\n\t\t\t\t\t\t<div class=\"w-post-elm post_image usg_post_image_1 actualitat_img stretched\"><a href=\"https:\/\/conversesacatalunya.cat\/es\/tests-antigenos-10-veces-menos-sensibles-covid-pero-efectivos-con-omicron\/\" aria-label=\"Algunos test de ant\u00edgenos son10 veces menos sensibles frente a determinadas variantes del SARS-CoV-2, pero efectivos con \u00f3micron\"><img decoding=\"async\" width=\"1024\" height=\"576\" data-src=\"https:\/\/conversesacatalunya.cat\/wp-content\/uploads\/2022\/05\/Dalia_Raich_Regue-1024x576.jpg\" class=\"attachment-large size-large wp-post-image lazyload\" alt=\"\" data-srcset=\"https:\/\/conversesacatalunya.cat\/wp-content\/uploads\/2022\/05\/Dalia_Raich_Regue-1024x576.jpg 1024w, https:\/\/conversesacatalunya.cat\/wp-content\/uploads\/2022\/05\/Dalia_Raich_Regue-300x169.jpg 300w, https:\/\/conversesacatalunya.cat\/wp-content\/uploads\/2022\/05\/Dalia_Raich_Regue.jpg 1920w\" data-sizes=\"(max-width: 1024px) 100vw, 1024px\" src=\"data:image\/svg+xml;base64,PHN2ZyB3aWR0aD0iMSIgaGVpZ2h0PSIxIiB4bWxucz0iaHR0cDovL3d3dy53My5vcmcvMjAwMC9zdmciPjwvc3ZnPg==\" style=\"--smush-placeholder-width: 1024px; --smush-placeholder-aspect-ratio: 1024\/576;\" \/><\/a><\/div><h2 class=\"w-post-elm post_title usg_post_title_1 entry-title color_link_inherit\"><a href=\"https:\/\/conversesacatalunya.cat\/es\/tests-antigenos-10-veces-menos-sensibles-covid-pero-efectivos-con-omicron\/\">Algunos test de ant\u00edgenos son10 veces menos sensibles frente a determinadas variantes del SARS-CoV-2, pero efectivos con \u00f3micron<\/a><\/h2><time class=\"w-post-elm post_date usg_post_date_1 has_text_color entry-date published\" datetime=\"2022-05-19T11:04:07+02:00\">19 mayo, 2022<\/time><div class=\"w-post-elm post_author usg_post_author_1 vcard author color_link_inherit\"><div class=\"post-author-meta\"><a href=\"https:\/\/conversesacatalunya.cat\/es\/author\/muntsa_escola\/\" class=\"post-author-name fn\">conversesacatalunya<\/a><\/div><\/div>\t\t<\/div>\r\n\t\t\t<\/article>\r\n\t<article class=\"w-grid-item size_1x1 post-57720 post type-post status-publish format-standard has-post-thumbnail hentry category-especial-coronavirus-es category-punts-claus-del-dia-es tag-china tag-covid-19-es tag-crisis-economica tag-inflacio-es\" data-id=\"57720\">\r\n\t\t<div class=\"w-grid-item-h\">\r\n\t\t\t\t\t\t<div class=\"w-post-elm post_image usg_post_image_1 actualitat_img stretched\"><a href=\"https:\/\/conversesacatalunya.cat\/es\/alerta-mundial-por-el-derrumbe-de-la-actividad-economica-china\/\" aria-label=\"Alerta mundial por el derrumbe de la actividad econ\u00f3mica china\"><img decoding=\"async\" width=\"1024\" height=\"680\" data-src=\"https:\/\/conversesacatalunya.cat\/wp-content\/uploads\/2022\/05\/pexels-tom-fisk-3063470-1024x680.jpg\" class=\"attachment-large size-large wp-post-image lazyload\" alt=\"\" data-srcset=\"https:\/\/conversesacatalunya.cat\/wp-content\/uploads\/2022\/05\/pexels-tom-fisk-3063470-1024x680.jpg 1024w, https:\/\/conversesacatalunya.cat\/wp-content\/uploads\/2022\/05\/pexels-tom-fisk-3063470-300x199.jpg 300w, https:\/\/conversesacatalunya.cat\/wp-content\/uploads\/2022\/05\/pexels-tom-fisk-3063470.jpg 1280w\" data-sizes=\"(max-width: 1024px) 100vw, 1024px\" src=\"data:image\/svg+xml;base64,PHN2ZyB3aWR0aD0iMSIgaGVpZ2h0PSIxIiB4bWxucz0iaHR0cDovL3d3dy53My5vcmcvMjAwMC9zdmciPjwvc3ZnPg==\" style=\"--smush-placeholder-width: 1024px; --smush-placeholder-aspect-ratio: 1024\/680;\" \/><\/a><\/div><h2 class=\"w-post-elm post_title usg_post_title_1 entry-title color_link_inherit\"><a href=\"https:\/\/conversesacatalunya.cat\/es\/alerta-mundial-por-el-derrumbe-de-la-actividad-economica-china\/\">Alerta mundial por el derrumbe de la actividad econ\u00f3mica china<\/a><\/h2><time class=\"w-post-elm post_date usg_post_date_1 has_text_color entry-date published\" datetime=\"2022-05-18T11:31:56+02:00\">18 mayo, 2022<\/time><div class=\"w-post-elm post_author usg_post_author_1 vcard author color_link_inherit\"><div class=\"post-author-meta\"><a href=\"https:\/\/conversesacatalunya.cat\/es\/author\/carles_lopez\/\" class=\"post-author-name fn\">conversesacatalunya<\/a><\/div><\/div>\t\t<\/div>\r\n\t\t\t<\/article>\r\n\t<article class=\"w-grid-item size_1x1 post-57222 post type-post status-publish format-standard has-post-thumbnail hentry category-especial-coronavirus-es category-punts-claus-del-dia-es tag-coronavirus-es tag-septima-ola\" data-id=\"57222\">\r\n\t\t<div class=\"w-grid-item-h\">\r\n\t\t\t\t\t\t<div class=\"w-post-elm post_image usg_post_image_1 actualitat_img stretched\"><a href=\"https:\/\/conversesacatalunya.cat\/es\/estem-davant-la-setena-onada-de-covid\/\" aria-label=\"\u00bfEstamos ante la s\u00e9ptima ola de covid?\"><img decoding=\"async\" width=\"1024\" height=\"578\" data-src=\"https:\/\/conversesacatalunya.cat\/wp-content\/uploads\/2022\/04\/oriol-mitja-1024x578.png\" class=\"attachment-large size-large wp-post-image lazyload\" alt=\"\" data-srcset=\"https:\/\/conversesacatalunya.cat\/wp-content\/uploads\/2022\/04\/oriol-mitja-1024x578.png 1024w, https:\/\/conversesacatalunya.cat\/wp-content\/uploads\/2022\/04\/oriol-mitja-300x169.png 300w, https:\/\/conversesacatalunya.cat\/wp-content\/uploads\/2022\/04\/oriol-mitja.png 1126w\" data-sizes=\"(max-width: 1024px) 100vw, 1024px\" src=\"data:image\/svg+xml;base64,PHN2ZyB3aWR0aD0iMSIgaGVpZ2h0PSIxIiB4bWxucz0iaHR0cDovL3d3dy53My5vcmcvMjAwMC9zdmciPjwvc3ZnPg==\" style=\"--smush-placeholder-width: 1024px; --smush-placeholder-aspect-ratio: 1024\/578;\" \/><\/a><\/div><h2 class=\"w-post-elm post_title usg_post_title_1 entry-title color_link_inherit\"><a href=\"https:\/\/conversesacatalunya.cat\/es\/estem-davant-la-setena-onada-de-covid\/\">\u00bfEstamos ante la s\u00e9ptima ola de covid?<\/a><\/h2><time class=\"w-post-elm post_date usg_post_date_1 has_text_color entry-date published\" datetime=\"2022-04-29T11:20:00+02:00\">29 abril, 2022<\/time><div class=\"w-post-elm post_author usg_post_author_1 vcard author color_link_inherit\"><div class=\"post-author-meta\"><a href=\"https:\/\/conversesacatalunya.cat\/es\/author\/carme_catala\/\" class=\"post-author-name fn\">conversesacatalunya<\/a><\/div><\/div>\t\t<\/div>\r\n\t\t\t<\/article>\r\n\t<article class=\"w-grid-item size_1x1 post-56920 post type-post status-publish format-standard has-post-thumbnail hentry category-especial-coronavirus-es category-punts-claus-del-dia-es tag-confinament-es tag-confinamiento tag-desconfinamiento tag-el-gran-confinamiento tag-postpandemia-es\" data-id=\"56920\">\r\n\t\t<div class=\"w-grid-item-h\">\r\n\t\t\t\t\t\t<div class=\"w-post-elm post_image usg_post_image_1 actualitat_img stretched\"><a href=\"https:\/\/conversesacatalunya.cat\/es\/estudio-evalua-confinamiento-2020-en-tres-ciudades\/\" aria-label=\"Un estudio eval\u00faa el impacto en la salud de los confinamientos de 2020 en tres ciudades europeas\"><img decoding=\"async\" width=\"1024\" height=\"683\" data-src=\"https:\/\/conversesacatalunya.cat\/wp-content\/uploads\/2022\/04\/Falta-dactivitat-1024x683.jpg\" class=\"attachment-large size-large wp-post-image lazyload\" alt=\"\" data-srcset=\"https:\/\/conversesacatalunya.cat\/wp-content\/uploads\/2022\/04\/Falta-dactivitat-1024x683.jpg 1024w, https:\/\/conversesacatalunya.cat\/wp-content\/uploads\/2022\/04\/Falta-dactivitat-300x200.jpg 300w\" data-sizes=\"(max-width: 1024px) 100vw, 1024px\" src=\"data:image\/svg+xml;base64,PHN2ZyB3aWR0aD0iMSIgaGVpZ2h0PSIxIiB4bWxucz0iaHR0cDovL3d3dy53My5vcmcvMjAwMC9zdmciPjwvc3ZnPg==\" style=\"--smush-placeholder-width: 1024px; --smush-placeholder-aspect-ratio: 1024\/683;\" \/><\/a><\/div><h2 class=\"w-post-elm post_title usg_post_title_1 entry-title color_link_inherit\"><a href=\"https:\/\/conversesacatalunya.cat\/es\/estudio-evalua-confinamiento-2020-en-tres-ciudades\/\">Un estudio eval\u00faa el impacto en la salud de los confinamientos de 2020 en tres ciudades europeas<\/a><\/h2><time class=\"w-post-elm post_date usg_post_date_1 has_text_color entry-date published\" datetime=\"2022-04-21T10:12:12+02:00\">21 abril, 2022<\/time><div class=\"w-post-elm post_author usg_post_author_1 vcard author color_link_inherit\"><div class=\"post-author-meta\"><a href=\"https:\/\/conversesacatalunya.cat\/es\/author\/muntsa_escola\/\" class=\"post-author-name fn\">conversesacatalunya<\/a><\/div><\/div>\t\t<\/div>\r\n\t\t\t<\/article>\r\n\t<article class=\"w-grid-item size_1x1 post-56742 post type-post status-publish format-standard has-post-thumbnail hentry category-especial-coronavirus-es category-punts-claus-del-dia-es tag-coronavirus-es tag-covid-19-es tag-nuevas-variantes\" data-id=\"56742\">\r\n\t\t<div class=\"w-grid-item-h\">\r\n\t\t\t\t\t\t<div class=\"w-post-elm post_image usg_post_image_1 actualitat_img stretched\"><a href=\"https:\/\/conversesacatalunya.cat\/es\/nuevas-variantes-covid-19\/\" aria-label=\"Pandemia: nos quitamos las mascarillas. \u00bfQu\u00e9 peligro representan las nuevas variantes de la Covid-19?\"><img decoding=\"async\" width=\"976\" height=\"549\" data-src=\"https:\/\/conversesacatalunya.cat\/wp-content\/uploads\/2022\/04\/noves-variants.png\" class=\"attachment-large size-large wp-post-image lazyload\" alt=\"noves variants covid\" data-srcset=\"https:\/\/conversesacatalunya.cat\/wp-content\/uploads\/2022\/04\/noves-variants.png 976w, https:\/\/conversesacatalunya.cat\/wp-content\/uploads\/2022\/04\/noves-variants-300x169.png 300w\" data-sizes=\"(max-width: 976px) 100vw, 976px\" src=\"data:image\/svg+xml;base64,PHN2ZyB3aWR0aD0iMSIgaGVpZ2h0PSIxIiB4bWxucz0iaHR0cDovL3d3dy53My5vcmcvMjAwMC9zdmciPjwvc3ZnPg==\" style=\"--smush-placeholder-width: 976px; --smush-placeholder-aspect-ratio: 976\/549;\" \/><\/a><\/div><h2 class=\"w-post-elm post_title usg_post_title_1 entry-title color_link_inherit\"><a href=\"https:\/\/conversesacatalunya.cat\/es\/nuevas-variantes-covid-19\/\">Pandemia: nos quitamos las mascarillas. \u00bfQu\u00e9 peligro representan las nuevas variantes de la Covid-19?<\/a><\/h2><time class=\"w-post-elm post_date usg_post_date_1 has_text_color entry-date published\" datetime=\"2022-04-13T11:21:26+02:00\">13 abril, 2022<\/time><div class=\"w-post-elm post_author usg_post_author_1 vcard author color_link_inherit\"><div class=\"post-author-meta\"><a href=\"https:\/\/conversesacatalunya.cat\/es\/author\/carme_catala\/\" class=\"post-author-name fn\">conversesacatalunya<\/a><\/div><\/div>\t\t<\/div>\r\n\t\t\t<\/article>\r\n\t<article class=\"w-grid-item size_1x1 post-56344 post type-post status-publish format-standard has-post-thumbnail hentry category-especial-coronavirus-es category-punts-claus-del-dia-es tag-coronavirus-es tag-covid-19-es\" data-id=\"56344\">\r\n\t\t<div class=\"w-grid-item-h\">\r\n\t\t\t\t\t\t<div class=\"w-post-elm post_image usg_post_image_1 actualitat_img stretched\"><a href=\"https:\/\/conversesacatalunya.cat\/es\/covid-y-gripe\/\" aria-label=\"\u00bfPost pandemia? \u00bfEs que no aprenderemos nunca?: Covid y gripe\"><img decoding=\"async\" width=\"1024\" height=\"683\" data-src=\"https:\/\/conversesacatalunya.cat\/wp-content\/uploads\/2022\/03\/gripe-resfriado-covid-1024x683.jpg\" class=\"attachment-large size-large wp-post-image lazyload\" alt=\"covid i grip\" data-srcset=\"https:\/\/conversesacatalunya.cat\/wp-content\/uploads\/2022\/03\/gripe-resfriado-covid-1024x683.jpg 1024w, https:\/\/conversesacatalunya.cat\/wp-content\/uploads\/2022\/03\/gripe-resfriado-covid-300x200.jpg 300w, https:\/\/conversesacatalunya.cat\/wp-content\/uploads\/2022\/03\/gripe-resfriado-covid.jpg 1200w\" data-sizes=\"(max-width: 1024px) 100vw, 1024px\" src=\"data:image\/svg+xml;base64,PHN2ZyB3aWR0aD0iMSIgaGVpZ2h0PSIxIiB4bWxucz0iaHR0cDovL3d3dy53My5vcmcvMjAwMC9zdmciPjwvc3ZnPg==\" style=\"--smush-placeholder-width: 1024px; --smush-placeholder-aspect-ratio: 1024\/683;\" \/><\/a><\/div><h2 class=\"w-post-elm post_title usg_post_title_1 entry-title color_link_inherit\"><a href=\"https:\/\/conversesacatalunya.cat\/es\/covid-y-gripe\/\">\u00bfPost pandemia? \u00bfEs que no aprenderemos nunca?: Covid y gripe<\/a><\/h2><time class=\"w-post-elm post_date usg_post_date_1 has_text_color entry-date published\" datetime=\"2022-03-30T12:59:14+02:00\">30 marzo, 2022<\/time><div class=\"w-post-elm post_author usg_post_author_1 vcard author color_link_inherit\"><div class=\"post-author-meta\"><a href=\"https:\/\/conversesacatalunya.cat\/es\/author\/carme_catala\/\" class=\"post-author-name fn\">conversesacatalunya<\/a><\/div><\/div>\t\t<\/div>\r\n\t\t\t<\/article>\r\n\t<article class=\"w-grid-item size_1x1 post-55851 post type-post status-publish format-standard has-post-thumbnail hentry category-especial-coronavirus-es category-punts-claus-del-dia-es tag-coronavirus-es tag-sexta-ola\" data-id=\"55851\">\r\n\t\t<div class=\"w-grid-item-h\">\r\n\t\t\t\t\t\t<div class=\"w-post-elm post_image usg_post_image_1 actualitat_img stretched\"><a href=\"https:\/\/conversesacatalunya.cat\/es\/atencion-la-pandemia-no-ha-terminado\/\" aria-label=\"\u00a1Atenci\u00f3n! La pandemia no ha terminado\"><img decoding=\"async\" width=\"449\" height=\"220\" data-src=\"https:\/\/conversesacatalunya.cat\/wp-content\/uploads\/2022\/03\/coronavirus.jpg\" class=\"attachment-large size-large wp-post-image lazyload\" alt=\"pand\u00e8mia\" data-srcset=\"https:\/\/conversesacatalunya.cat\/wp-content\/uploads\/2022\/03\/coronavirus.jpg 449w, https:\/\/conversesacatalunya.cat\/wp-content\/uploads\/2022\/03\/coronavirus-300x147.jpg 300w\" data-sizes=\"(max-width: 449px) 100vw, 449px\" src=\"data:image\/svg+xml;base64,PHN2ZyB3aWR0aD0iMSIgaGVpZ2h0PSIxIiB4bWxucz0iaHR0cDovL3d3dy53My5vcmcvMjAwMC9zdmciPjwvc3ZnPg==\" style=\"--smush-placeholder-width: 449px; --smush-placeholder-aspect-ratio: 449\/220;\" \/><\/a><\/div><h2 class=\"w-post-elm post_title usg_post_title_1 entry-title color_link_inherit\"><a href=\"https:\/\/conversesacatalunya.cat\/es\/atencion-la-pandemia-no-ha-terminado\/\">\u00a1Atenci\u00f3n! La pandemia no ha terminado<\/a><\/h2><time class=\"w-post-elm post_date usg_post_date_1 has_text_color entry-date published\" datetime=\"2022-03-15T12:33:21+01:00\">15 marzo, 2022<\/time><div class=\"w-post-elm post_author usg_post_author_1 vcard author color_link_inherit\"><div class=\"post-author-meta\"><a href=\"https:\/\/conversesacatalunya.cat\/es\/author\/carme_catala\/\" class=\"post-author-name fn\">conversesacatalunya<\/a><\/div><\/div>\t\t<\/div>\r\n\t\t\t<\/article>\r\n\t<article class=\"w-grid-item size_1x1 post-55506 post type-post status-publish format-standard has-post-thumbnail hentry category-especial-coronavirus-es category-punts-claus-del-dia-es tag-aceite-de-oliva tag-agricultura-es tag-oli-doliva-es-2\" data-id=\"55506\">\r\n\t\t<div class=\"w-grid-item-h\">\r\n\t\t\t\t\t\t<div class=\"w-post-elm post_image usg_post_image_1 actualitat_img stretched\"><a href=\"https:\/\/conversesacatalunya.cat\/es\/beneficios-aceite-de-oliva\/\" aria-label=\"Catalu\u00f1a tiene una gran riqueza en el aceite de oliva que no acaba de explotar.\"><img decoding=\"async\" width=\"1024\" height=\"683\" data-src=\"https:\/\/conversesacatalunya.cat\/wp-content\/uploads\/2022\/03\/oli-doliva-1024x683.jpg\" class=\"attachment-large size-large wp-post-image lazyload\" alt=\"oli d&#039;oliva\" data-srcset=\"https:\/\/conversesacatalunya.cat\/wp-content\/uploads\/2022\/03\/oli-doliva-1024x683.jpg 1024w, https:\/\/conversesacatalunya.cat\/wp-content\/uploads\/2022\/03\/oli-doliva-300x200.jpg 300w, https:\/\/conversesacatalunya.cat\/wp-content\/uploads\/2022\/03\/oli-doliva.jpg 1200w\" data-sizes=\"(max-width: 1024px) 100vw, 1024px\" src=\"data:image\/svg+xml;base64,PHN2ZyB3aWR0aD0iMSIgaGVpZ2h0PSIxIiB4bWxucz0iaHR0cDovL3d3dy53My5vcmcvMjAwMC9zdmciPjwvc3ZnPg==\" style=\"--smush-placeholder-width: 1024px; --smush-placeholder-aspect-ratio: 1024\/683;\" \/><\/a><\/div><h2 class=\"w-post-elm post_title usg_post_title_1 entry-title color_link_inherit\"><a href=\"https:\/\/conversesacatalunya.cat\/es\/beneficios-aceite-de-oliva\/\">Catalu\u00f1a tiene una gran riqueza en el aceite de oliva que no acaba de explotar.<\/a><\/h2><time class=\"w-post-elm post_date usg_post_date_1 has_text_color entry-date published\" datetime=\"2022-03-04T13:14:29+01:00\">4 marzo, 2022<\/time><div class=\"w-post-elm post_author usg_post_author_1 vcard author color_link_inherit\"><div class=\"post-author-meta\"><a href=\"https:\/\/conversesacatalunya.cat\/es\/author\/carme_catala\/\" class=\"post-author-name fn\">conversesacatalunya<\/a><\/div><\/div>\t\t<\/div>\r\n\t\t\t<\/article>\r\n\t<article class=\"w-grid-item size_1x1 post-54936 post type-post status-publish format-standard has-post-thumbnail hentry category-especial-coronavirus-es category-punts-claus-del-dia-es tag-pase-covid tag-covid-19-es tag-emmanuel-macron-es tag-vacunacion\" data-id=\"54936\">\r\n\t\t<div class=\"w-grid-item-h\">\r\n\t\t\t\t\t\t<div class=\"w-post-elm post_image usg_post_image_1 actualitat_img stretched\"><a href=\"https:\/\/conversesacatalunya.cat\/es\/el-extrano-caso-del-pase-covid-de-francia\/\" aria-label=\"El extra\u00f1o caso del pase Covid de Francia\"><img decoding=\"async\" width=\"1024\" height=\"678\" data-src=\"https:\/\/conversesacatalunya.cat\/wp-content\/uploads\/2022\/02\/31841775.jpg-1024x678.webp\" class=\"attachment-large size-large wp-post-image lazyload\" alt=\"pase covid\" data-srcset=\"https:\/\/conversesacatalunya.cat\/wp-content\/uploads\/2022\/02\/31841775.jpg-1024x678.webp 1024w, https:\/\/conversesacatalunya.cat\/wp-content\/uploads\/2022\/02\/31841775.jpg-300x199.webp 300w, https:\/\/conversesacatalunya.cat\/wp-content\/uploads\/2022\/02\/31841775.jpg.webp 1500w\" data-sizes=\"(max-width: 1024px) 100vw, 1024px\" src=\"data:image\/svg+xml;base64,PHN2ZyB3aWR0aD0iMSIgaGVpZ2h0PSIxIiB4bWxucz0iaHR0cDovL3d3dy53My5vcmcvMjAwMC9zdmciPjwvc3ZnPg==\" style=\"--smush-placeholder-width: 1024px; --smush-placeholder-aspect-ratio: 1024\/678;\" \/><\/a><\/div><h2 class=\"w-post-elm post_title usg_post_title_1 entry-title color_link_inherit\"><a href=\"https:\/\/conversesacatalunya.cat\/es\/el-extrano-caso-del-pase-covid-de-francia\/\">El extra\u00f1o caso del pase Covid de Francia<\/a><\/h2><time class=\"w-post-elm post_date usg_post_date_1 has_text_color entry-date published\" datetime=\"2022-02-15T10:40:31+01:00\">15 febrero, 2022<\/time><div class=\"w-post-elm post_author usg_post_author_1 vcard author color_link_inherit\"><div class=\"post-author-meta\"><a href=\"https:\/\/conversesacatalunya.cat\/es\/author\/carles_lopez\/\" class=\"post-author-name fn\">conversesacatalunya<\/a><\/div><\/div>\t\t<\/div>\r\n\t\t\t<\/article>\r\n\t<article class=\"w-grid-item size_1x1 post-54732 post type-post status-publish format-standard has-post-thumbnail hentry category-especial-coronavirus-es category-punts-claus-del-dia-es tag-omicrom-es tag-omicron-es tag-sexta-ola tag-sisena-onada\" data-id=\"54732\">\r\n\t\t<div class=\"w-grid-item-h\">\r\n\t\t\t\t\t\t<div class=\"w-post-elm post_image usg_post_image_1 actualitat_img stretched\"><a href=\"https:\/\/conversesacatalunya.cat\/es\/atencion-el-omicron-y-la-sexta-ola-no-son-una-broma-y-no-ha-terminado\/\" aria-label=\"\u00a1Atenci\u00f3n! El \u00f3micron y la sexta ola no son una broma y no ha terminado\"><img decoding=\"async\" width=\"1024\" height=\"576\" data-src=\"https:\/\/conversesacatalunya.cat\/wp-content\/uploads\/2022\/02\/omicron-1024x576.jpg\" class=\"attachment-large size-large wp-post-image lazyload\" alt=\"\u00d2micron\" data-srcset=\"https:\/\/conversesacatalunya.cat\/wp-content\/uploads\/2022\/02\/omicron-1024x576.jpg 1024w, https:\/\/conversesacatalunya.cat\/wp-content\/uploads\/2022\/02\/omicron-300x169.jpg 300w, https:\/\/conversesacatalunya.cat\/wp-content\/uploads\/2022\/02\/omicron.jpg 1200w\" data-sizes=\"(max-width: 1024px) 100vw, 1024px\" src=\"data:image\/svg+xml;base64,PHN2ZyB3aWR0aD0iMSIgaGVpZ2h0PSIxIiB4bWxucz0iaHR0cDovL3d3dy53My5vcmcvMjAwMC9zdmciPjwvc3ZnPg==\" style=\"--smush-placeholder-width: 1024px; --smush-placeholder-aspect-ratio: 1024\/576;\" \/><\/a><\/div><h2 class=\"w-post-elm post_title usg_post_title_1 entry-title color_link_inherit\"><a href=\"https:\/\/conversesacatalunya.cat\/es\/atencion-el-omicron-y-la-sexta-ola-no-son-una-broma-y-no-ha-terminado\/\">\u00a1Atenci\u00f3n! El \u00f3micron y la sexta ola no son una broma y no ha terminado<\/a><\/h2><time class=\"w-post-elm post_date usg_post_date_1 has_text_color entry-date published\" datetime=\"2022-02-09T11:32:13+01:00\">9 febrero, 2022<\/time><div class=\"w-post-elm post_author usg_post_author_1 vcard author color_link_inherit\"><div class=\"post-author-meta\"><a href=\"https:\/\/conversesacatalunya.cat\/es\/author\/carme_catala\/\" class=\"post-author-name fn\">conversesacatalunya<\/a><\/div><\/div>\t\t<\/div>\r\n\t\t\t<\/article>\r\n\t<article class=\"w-grid-item size_1x1 post-54466 post type-post status-publish format-standard has-post-thumbnail hentry category-especial-coronavirus-es category-punts-claus-del-dia-es tag-mascaretes-es tag-mascarillas\" data-id=\"54466\">\r\n\t\t<div class=\"w-grid-item-h\">\r\n\t\t\t\t\t\t<div class=\"w-post-elm post_image usg_post_image_1 actualitat_img stretched\"><a href=\"https:\/\/conversesacatalunya.cat\/es\/mascarillas-en-la-calle\/\" aria-label=\"El fraude de las mascarillas en la calle. Atenci\u00f3n que nos volver\u00e1n a enredar\"><img decoding=\"async\" width=\"880\" height=\"495\" data-src=\"https:\/\/conversesacatalunya.cat\/wp-content\/uploads\/2022\/02\/mascaretes-al-carrer.jpg\" class=\"attachment-large size-large wp-post-image lazyload\" alt=\"mascaretes al carrer\" data-srcset=\"https:\/\/conversesacatalunya.cat\/wp-content\/uploads\/2022\/02\/mascaretes-al-carrer.jpg 880w, https:\/\/conversesacatalunya.cat\/wp-content\/uploads\/2022\/02\/mascaretes-al-carrer-300x169.jpg 300w\" data-sizes=\"(max-width: 880px) 100vw, 880px\" src=\"data:image\/svg+xml;base64,PHN2ZyB3aWR0aD0iMSIgaGVpZ2h0PSIxIiB4bWxucz0iaHR0cDovL3d3dy53My5vcmcvMjAwMC9zdmciPjwvc3ZnPg==\" style=\"--smush-placeholder-width: 880px; --smush-placeholder-aspect-ratio: 880\/495;\" \/><\/a><\/div><h2 class=\"w-post-elm post_title usg_post_title_1 entry-title color_link_inherit\"><a href=\"https:\/\/conversesacatalunya.cat\/es\/mascarillas-en-la-calle\/\">El fraude de las mascarillas en la calle. Atenci\u00f3n que nos volver\u00e1n a enredar<\/a><\/h2><time class=\"w-post-elm post_date usg_post_date_1 has_text_color entry-date published\" datetime=\"2022-02-02T12:26:49+01:00\">2 febrero, 2022<\/time><div class=\"w-post-elm post_author usg_post_author_1 vcard author color_link_inherit\"><div class=\"post-author-meta\"><a href=\"https:\/\/conversesacatalunya.cat\/es\/author\/carme_catala\/\" class=\"post-author-name fn\">conversesacatalunya<\/a><\/div><\/div>\t\t<\/div>\r\n\t\t\t<\/article>\r\n\t<article class=\"w-grid-item size_1x1 post-54054 post type-post status-publish format-standard has-post-thumbnail hentry category-especial-coronavirus-es category-punts-claus-del-dia-es tag-covid-19-es tag-crisi-subministraments-es\" data-id=\"54054\">\r\n\t\t<div class=\"w-grid-item-h\">\r\n\t\t\t\t\t\t<div class=\"w-post-elm post_image usg_post_image_1 actualitat_img stretched\"><a href=\"https:\/\/conversesacatalunya.cat\/es\/china-contra-omicron\/\" aria-label=\"La Rep\u00fablica Popular China contra \u00d3micron\"><img decoding=\"async\" width=\"1024\" height=\"560\" data-src=\"https:\/\/conversesacatalunya.cat\/wp-content\/uploads\/2021\/03\/Capture-2-1024x560.png\" class=\"attachment-large size-large wp-post-image lazyload\" alt=\"Xina\" data-srcset=\"https:\/\/conversesacatalunya.cat\/wp-content\/uploads\/2021\/03\/Capture-2-1024x560.png 1024w, https:\/\/conversesacatalunya.cat\/wp-content\/uploads\/2021\/03\/Capture-2-300x164.png 300w, https:\/\/conversesacatalunya.cat\/wp-content\/uploads\/2021\/03\/Capture-2-150x82.png 150w, https:\/\/conversesacatalunya.cat\/wp-content\/uploads\/2021\/03\/Capture-2.png 1120w\" data-sizes=\"(max-width: 1024px) 100vw, 1024px\" src=\"data:image\/svg+xml;base64,PHN2ZyB3aWR0aD0iMSIgaGVpZ2h0PSIxIiB4bWxucz0iaHR0cDovL3d3dy53My5vcmcvMjAwMC9zdmciPjwvc3ZnPg==\" style=\"--smush-placeholder-width: 1024px; --smush-placeholder-aspect-ratio: 1024\/560;\" \/><\/a><\/div><h2 class=\"w-post-elm post_title usg_post_title_1 entry-title color_link_inherit\"><a href=\"https:\/\/conversesacatalunya.cat\/es\/china-contra-omicron\/\">La Rep\u00fablica Popular China contra \u00d3micron<\/a><\/h2><time class=\"w-post-elm post_date usg_post_date_1 has_text_color entry-date published\" datetime=\"2022-01-20T10:49:28+01:00\">20 enero, 2022<\/time><div class=\"w-post-elm post_author usg_post_author_1 vcard author color_link_inherit\"><div class=\"post-author-meta\"><a href=\"https:\/\/conversesacatalunya.cat\/es\/author\/carles_lopez\/\" class=\"post-author-name fn\">conversesacatalunya<\/a><\/div><\/div>\t\t<\/div>\r\n\t\t\t<\/article>\r\n\t<article class=\"w-grid-item size_1x1 post-54016 post type-post status-publish format-standard has-post-thumbnail hentry category-el-blog-de-josep-miro-i-ardevol-es category-especial-coronavirus-es category-punts-claus-del-dia-es tag-omicron-es\" data-id=\"54016\">\r\n\t\t<div class=\"w-grid-item-h\">\r\n\t\t\t\t\t\t<div class=\"w-post-elm post_image usg_post_image_1 actualitat_img stretched\"><a href=\"https:\/\/conversesacatalunya.cat\/es\/la-dura-advertencia-de-omicron\/\" aria-label=\"La dura advertencia de \u00f3micron\"><img decoding=\"async\" width=\"640\" height=\"360\" data-src=\"https:\/\/conversesacatalunya.cat\/wp-content\/uploads\/2022\/01\/omicron.jpg\" class=\"attachment-large size-large wp-post-image lazyload\" alt=\"\u00f2micron\" data-srcset=\"https:\/\/conversesacatalunya.cat\/wp-content\/uploads\/2022\/01\/omicron.jpg 640w, https:\/\/conversesacatalunya.cat\/wp-content\/uploads\/2022\/01\/omicron-300x169.jpg 300w\" data-sizes=\"(max-width: 640px) 100vw, 640px\" src=\"data:image\/svg+xml;base64,PHN2ZyB3aWR0aD0iMSIgaGVpZ2h0PSIxIiB4bWxucz0iaHR0cDovL3d3dy53My5vcmcvMjAwMC9zdmciPjwvc3ZnPg==\" style=\"--smush-placeholder-width: 640px; --smush-placeholder-aspect-ratio: 640\/360;\" \/><\/a><\/div><h2 class=\"w-post-elm post_title usg_post_title_1 entry-title color_link_inherit\"><a href=\"https:\/\/conversesacatalunya.cat\/es\/la-dura-advertencia-de-omicron\/\">La dura advertencia de \u00f3micron<\/a><\/h2><time class=\"w-post-elm post_date usg_post_date_1 has_text_color entry-date published\" datetime=\"2022-01-19T11:02:07+01:00\">19 enero, 2022<\/time><div class=\"w-post-elm post_author usg_post_author_1 vcard author color_link_inherit\"><div class=\"post-author-meta\"><a href=\"https:\/\/conversesacatalunya.cat\/es\/author\/josep-miro-i-ardevol\/\" class=\"post-author-name fn\">Josep Mir\u00f3 i Ard\u00e8vol<\/a><\/div><\/div>\t\t<\/div>\r\n\t\t\t<\/article>\r\n\t<article class=\"w-grid-item size_1x1 post-53845 post type-post status-publish format-standard has-post-thumbnail hentry category-especial-coronavirus-es category-punts-claus-del-dia-es tag-covid-es tag-covid19-es tag-gobierno-sanchez tag-sanchez-es\" data-id=\"53845\">\r\n\t\t<div class=\"w-grid-item-h\">\r\n\t\t\t\t\t\t<div class=\"w-post-elm post_image usg_post_image_1 actualitat_img stretched\"><a href=\"https:\/\/conversesacatalunya.cat\/es\/sanchez-covid\/\" aria-label=\"C\u00f3mo S\u00e1nchez nos ha enga\u00f1ado con la Covid\"><img decoding=\"async\" width=\"1024\" height=\"576\" data-src=\"https:\/\/conversesacatalunya.cat\/wp-content\/uploads\/2022\/01\/pedro-sanchez-1024x576.jpg\" class=\"attachment-large size-large wp-post-image lazyload\" alt=\"S\u00e1nchez enga\u00f1ado covid\" data-srcset=\"https:\/\/conversesacatalunya.cat\/wp-content\/uploads\/2022\/01\/pedro-sanchez-1024x576.jpg 1024w, https:\/\/conversesacatalunya.cat\/wp-content\/uploads\/2022\/01\/pedro-sanchez-300x169.jpg 300w, https:\/\/conversesacatalunya.cat\/wp-content\/uploads\/2022\/01\/pedro-sanchez.jpg 1320w\" data-sizes=\"(max-width: 1024px) 100vw, 1024px\" src=\"data:image\/svg+xml;base64,PHN2ZyB3aWR0aD0iMSIgaGVpZ2h0PSIxIiB4bWxucz0iaHR0cDovL3d3dy53My5vcmcvMjAwMC9zdmciPjwvc3ZnPg==\" style=\"--smush-placeholder-width: 1024px; --smush-placeholder-aspect-ratio: 1024\/576;\" \/><\/a><\/div><h2 class=\"w-post-elm post_title usg_post_title_1 entry-title color_link_inherit\"><a href=\"https:\/\/conversesacatalunya.cat\/es\/sanchez-covid\/\">C\u00f3mo S\u00e1nchez nos ha enga\u00f1ado con la Covid<\/a><\/h2><time class=\"w-post-elm post_date usg_post_date_1 has_text_color entry-date published\" datetime=\"2022-01-13T12:03:09+01:00\">13 enero, 2022<\/time><div class=\"w-post-elm post_author usg_post_author_1 vcard author color_link_inherit\"><div class=\"post-author-meta\"><a href=\"https:\/\/conversesacatalunya.cat\/es\/author\/carme_catala\/\" class=\"post-author-name fn\">conversesacatalunya<\/a><\/div><\/div>\t\t<\/div>\r\n\t\t\t<\/article>\r\n\t<article class=\"w-grid-item size_1x1 post-53612 post type-post status-publish format-standard has-post-thumbnail hentry category-especial-coronavirus-es category-punts-claus-del-dia-es tag-sexta-ola tag-sisena-onada\" data-id=\"53612\">\r\n\t\t<div class=\"w-grid-item-h\">\r\n\t\t\t\t\t\t<div class=\"w-post-elm post_image usg_post_image_1 actualitat_img stretched\"><a href=\"https:\/\/conversesacatalunya.cat\/es\/pandemia-caso-de-espana-el-necesario-examen-de-ano-nuevo-2\/\" aria-label=\"Pandemia: Caso de Espa\u00f1a. El necesario examen de A\u00f1o Nuevo (2)\"><img decoding=\"async\" width=\"863\" height=\"486\" data-src=\"https:\/\/conversesacatalunya.cat\/wp-content\/uploads\/2022\/01\/pandemia-espanya.jpg\" class=\"attachment-large size-large wp-post-image lazyload\" alt=\"\" data-srcset=\"https:\/\/conversesacatalunya.cat\/wp-content\/uploads\/2022\/01\/pandemia-espanya.jpg 863w, https:\/\/conversesacatalunya.cat\/wp-content\/uploads\/2022\/01\/pandemia-espanya-300x169.jpg 300w\" data-sizes=\"(max-width: 863px) 100vw, 863px\" src=\"data:image\/svg+xml;base64,PHN2ZyB3aWR0aD0iMSIgaGVpZ2h0PSIxIiB4bWxucz0iaHR0cDovL3d3dy53My5vcmcvMjAwMC9zdmciPjwvc3ZnPg==\" style=\"--smush-placeholder-width: 863px; --smush-placeholder-aspect-ratio: 863\/486;\" \/><\/a><\/div><h2 class=\"w-post-elm post_title usg_post_title_1 entry-title color_link_inherit\"><a href=\"https:\/\/conversesacatalunya.cat\/es\/pandemia-caso-de-espana-el-necesario-examen-de-ano-nuevo-2\/\">Pandemia: Caso de Espa\u00f1a. El necesario examen de A\u00f1o Nuevo (2)<\/a><\/h2><time class=\"w-post-elm post_date usg_post_date_1 has_text_color entry-date published\" datetime=\"2022-01-04T12:39:25+01:00\">4 enero, 2022<\/time><div class=\"w-post-elm post_author usg_post_author_1 vcard author color_link_inherit\"><div class=\"post-author-meta\"><a href=\"https:\/\/conversesacatalunya.cat\/es\/author\/carme_catala\/\" class=\"post-author-name fn\">conversesacatalunya<\/a><\/div><\/div>\t\t<\/div>\r\n\t\t\t<\/article>\r\n\t<article class=\"w-grid-item size_1x1 post-53572 post type-post status-publish format-standard has-post-thumbnail hentry category-especial-coronavirus-es category-punts-claus-del-dia-es tag-coronavirus-es tag-morts-per-coronavirus-es tag-omicron-es\" data-id=\"53572\">\r\n\t\t<div class=\"w-grid-item-h\">\r\n\t\t\t\t\t\t<div class=\"w-post-elm post_image usg_post_image_1 actualitat_img stretched\"><a href=\"https:\/\/conversesacatalunya.cat\/es\/pandemia-el-necesario-examen-de-ano-nuevo-1-el-caso-de-cataluna\/\" aria-label=\"Pandemia: El necesario examen de A\u00f1o Nuevo (1). El caso de Catalu\u00f1a\"><img decoding=\"async\" width=\"1024\" height=\"684\" data-src=\"https:\/\/conversesacatalunya.cat\/wp-content\/uploads\/2022\/01\/pandemia-1024x684.jpg\" class=\"attachment-large size-large wp-post-image lazyload\" alt=\"\" data-srcset=\"https:\/\/conversesacatalunya.cat\/wp-content\/uploads\/2022\/01\/pandemia-1024x684.jpg 1024w, https:\/\/conversesacatalunya.cat\/wp-content\/uploads\/2022\/01\/pandemia-300x200.jpg 300w, https:\/\/conversesacatalunya.cat\/wp-content\/uploads\/2022\/01\/pandemia.jpg 1600w\" data-sizes=\"(max-width: 1024px) 100vw, 1024px\" src=\"data:image\/svg+xml;base64,PHN2ZyB3aWR0aD0iMSIgaGVpZ2h0PSIxIiB4bWxucz0iaHR0cDovL3d3dy53My5vcmcvMjAwMC9zdmciPjwvc3ZnPg==\" style=\"--smush-placeholder-width: 1024px; --smush-placeholder-aspect-ratio: 1024\/684;\" \/><\/a><\/div><h2 class=\"w-post-elm post_title usg_post_title_1 entry-title color_link_inherit\"><a href=\"https:\/\/conversesacatalunya.cat\/es\/pandemia-el-necesario-examen-de-ano-nuevo-1-el-caso-de-cataluna\/\">Pandemia: El necesario examen de A\u00f1o Nuevo (1). El caso de Catalu\u00f1a<\/a><\/h2><time class=\"w-post-elm post_date usg_post_date_1 has_text_color entry-date published\" datetime=\"2022-01-03T12:04:35+01:00\">3 enero, 2022<\/time><div class=\"w-post-elm post_author usg_post_author_1 vcard author color_link_inherit\"><div class=\"post-author-meta\"><a href=\"https:\/\/conversesacatalunya.cat\/es\/author\/carme_catala\/\" class=\"post-author-name fn\">conversesacatalunya<\/a><\/div><\/div>\t\t<\/div>\r\n\t\t\t<\/article>\r\n<\/div><div class=\"w-grid-preloader\">\t<div class=\"g-preloader type_1\">\r\n\t\t<div><\/div>\r\n\t<\/div>\r\n\t<\/div>\t\t\t<nav class=\"pagination navigation\" role=\"navigation\">\r\n\t\t\t\t<div class=\"nav-links\">\r\n\t\t\t\t\t<span aria-current=\"page\" class=\"page-numbers current\"><span>1<\/span><\/span>\n<a class=\"page-numbers\" href=\"https:\/\/conversesacatalunya.cat\/es\/wp-json\/wp\/v2\/pages\/32984\/page\/2\/\"><span>2<\/span><\/a>\n<a class=\"page-numbers\" href=\"https:\/\/conversesacatalunya.cat\/es\/wp-json\/wp\/v2\/pages\/32984\/page\/3\/\"><span>3<\/span><\/a>\n<a class=\"page-numbers\" href=\"https:\/\/conversesacatalunya.cat\/es\/wp-json\/wp\/v2\/pages\/32984\/page\/4\/\"><span>4<\/span><\/a>\n<span class=\"page-numbers dots\">&hellip;<\/span>\n<a class=\"page-numbers\" href=\"https:\/\/conversesacatalunya.cat\/es\/wp-json\/wp\/v2\/pages\/32984\/page\/17\/\"><span>17<\/span><\/a>\n<a class=\"next page-numbers\" href=\"https:\/\/conversesacatalunya.cat\/es\/wp-json\/wp\/v2\/pages\/32984\/page\/2\/\"><span>Siguiente<\/span><\/a>\t\t\t\t<\/div>\r\n\t\t\t<\/nav>\r\n\t\t\t\t<div class=\"w-grid-json hidden\" onclick='return {&quot;action&quot;:&quot;us_ajax_grid&quot;,&quot;infinite_scroll&quot;:0,&quot;max_num_pages&quot;:17,&quot;pagination&quot;:&quot;regular&quot;,&quot;template_vars&quot;:{&quot;columns&quot;:&quot;3&quot;,&quot;exclude_items&quot;:&quot;none&quot;,&quot;img_size&quot;:&quot;default&quot;,&quot;ignore_items_size&quot;:0,&quot;items_layout&quot;:&quot;28091&quot;,&quot;items_offset&quot;:&quot;1&quot;,&quot;load_animation&quot;:&quot;none&quot;,&quot;overriding_link&quot;:&quot;{\\&quot;url\\&quot;:\\&quot;\\&quot;}&quot;,&quot;post_id&quot;:0,&quot;query_args&quot;:{&quot;post_type&quot;:[&quot;post&quot;],&quot;tax_query&quot;:[{&quot;taxonomy&quot;:&quot;category&quot;,&quot;field&quot;:&quot;slug&quot;,&quot;terms&quot;:[&quot;especial-coronavirus-es&quot;]}],&quot;post_status&quot;:[&quot;publish&quot;],&quot;posts_per_page&quot;:&quot;30&quot;},&quot;orderby_query_args&quot;:{&quot;orderby&quot;:{&quot;date&quot;:&quot;DESC&quot;}},&quot;type&quot;:&quot;grid&quot;,&quot;us_grid_post_type&quot;:&quot;post&quot;,&quot;us_grid_ajax_index&quot;:1,&quot;us_grid_filter_query_string&quot;:null,&quot;us_grid_index&quot;:1,&quot;page_args&quot;:[],&quot;lang&quot;:&quot;es&quot;}}'><\/div>\r\n\t<\/div><\/div><\/div><\/div><div class=\"vc_col-sm-4 wpb_column vc_column_container\"><div class=\"vc_column-inner\"><div class=\"wpb_wrapper\"><div class=\"wpb_widgetised_column wpb_content_element\"><div class=\"wpb_wrapper\"><div id=\"block-6\" class=\"widget widget_block\"><div class=\"a-single a-12\"><!-- Banner est\u00e1ndar -->\r\n<!-- Banner est\u00e1ndar -->\r\n<a class=\"gofollow\" data-track=\"MTIsMCw2MA==\" href=\"https:\/\/www.aiguesdebarcelona.cat\/es\/\" rel=\"nofollow\" target=\"_blank\"><img decoding=\"async\" data-src=\"https:\/\/conversesacatalunya.cat\/wp-content\/uploads\/2023\/06\/Banner_QdA_300x250_ES.jpg\" src=\"data:image\/svg+xml;base64,PHN2ZyB3aWR0aD0iMSIgaGVpZ2h0PSIxIiB4bWxucz0iaHR0cDovL3d3dy53My5vcmcvMjAwMC9zdmciPjwvc3ZnPg==\" class=\"lazyload\" style=\"--smush-placeholder-width: 300px; --smush-placeholder-aspect-ratio: 300\/250;\"><\/a><\/div>\n<\/div><div id=\"block-5\" class=\"widget widget_block\"><p><!-- Error, \u00a1el anuncio no est\u00e1 disponible en este momento debido a restricciones de programaci\u00f3n\/geolocalizaci\u00f3n! --><\/p>\n<\/div><div id=\"block-7\" class=\"widget widget_block\"><p><!-- Error, \u00a1el anuncio no est\u00e1 disponible en este momento debido a restricciones de programaci\u00f3n\/geolocalizaci\u00f3n! --><\/p>\n<\/div><div id=\"text-19\" class=\"widget widget_text\">\t\t\t<div class=\"textwidget\"><div class=\"desc-autor\"><img decoding=\"async\" data-src=\"https:\/\/conversesacatalunya.cat\/wp-content\/uploads\/2019\/05\/fotovictor2010.jpg\" src=\"data:image\/svg+xml;base64,PHN2ZyB3aWR0aD0iMSIgaGVpZ2h0PSIxIiB4bWxucz0iaHR0cDovL3d3dy53My5vcmcvMjAwMC9zdmciPjwvc3ZnPg==\" class=\"lazyload\" style=\"--smush-placeholder-width: 2136px; --smush-placeholder-aspect-ratio: 2136\/3216;\" \/><b>V\u00edctor Pou<\/b> es doctor en derecho y licenciado en ciencias econ\u00f3micas por la Universitat de Barcelona, MBA por la IESE Business School de la Universidad de Navarra y Graduado en Integraci\u00f3n Europea por la Universidad de \u00c1msterdam. Es profesor del IESE Business School y de la Universidad Internacional de Catalu\u00f1a (UIC). Es Socio de la consultor\u00eda TAS Europrojects (Bruselas). Ha sido Ninguno de Unidad y Consejero de Relaciones Exteriores a la Comisi\u00f3n Europea (Bruselas). Ha sido Director del Patronato Catal\u00e1n pro Europa y Director General de Adecuaci\u00f3n a las Comunidades Europeas de la Generalitat de Catalu\u00f1a.<\/div><\/div>\n\t\t<\/div><div id=\"text-31\" class=\"widget widget_text\">\t\t\t<div class=\"textwidget\"><div class=\"desc-autor\"><img decoding=\"async\" data-src=\"https:\/\/conversesacatalunya.cat\/wp-content\/uploads\/2019\/02\/Captura-de-pantalla-2019-02-18-a-las-15.39.34.png\" src=\"data:image\/svg+xml;base64,PHN2ZyB3aWR0aD0iMSIgaGVpZ2h0PSIxIiB4bWxucz0iaHR0cDovL3d3dy53My5vcmcvMjAwMC9zdmciPjwvc3ZnPg==\" class=\"lazyload\" style=\"--smush-placeholder-width: 685px; --smush-placeholder-aspect-ratio: 685\/575;\" \/><strong>Marc Mir\u00f3<\/strong> : (Barcelona 1994) soy economista por la Universitat Pompeu Fabra y m\u00e1ster en Econom\u00eda de las Pol\u00edticas P\u00fablicas. He estado representando de los estudiantes en varios \u00f3rganos de la universidad y zoco ninguna escucha. \u201cEl fin de tener la mente abierta, como el de la boca abierta, es llenarla con algo valiosa\u201d (G.K. Chesterton).<\/div><\/div>\n\t\t<\/div><div id=\"text-32\" class=\"widget widget_text\">\t\t\t<div class=\"textwidget\"><div class=\"desc-autor\"><img decoding=\"async\" data-src=\"https:\/\/conversesacatalunya.cat\/wp-content\/uploads\/2019\/02\/taG6Sd2i-2.jpg\" src=\"data:image\/svg+xml;base64,PHN2ZyB3aWR0aD0iMSIgaGVpZ2h0PSIxIiB4bWxucz0iaHR0cDovL3d3dy53My5vcmcvMjAwMC9zdmciPjwvc3ZnPg==\" class=\"lazyload\" style=\"--smush-placeholder-width: 512px; --smush-placeholder-aspect-ratio: 512\/512;\" \/><strong>Josep Mir\u00f3 y Ard\u00e8vol<\/strong>: Lo m\u00e1s importante que he hecho en mi vida es casarme con Muntsa, tener hijos, Marc y Josep y, pero eso ya es una feliz derivada, una nieta, Anna. Lo m\u00e1s grande que me ha sucedido es haber dispuesto del don de la fe. A partir de ah\u00ed, todo lo dem\u00e1s son consecuencias o complementos.<\/div><\/div>\n\t\t<\/div><div id=\"text-33\" class=\"widget widget_text\">\t\t\t<div class=\"textwidget\"><div class=\"desc-autor\"><img decoding=\"async\" data-src=\"https:\/\/conversesacatalunya.cat\/wp-content\/uploads\/2019\/02\/Fra-Valenti-Serra.jpg\" src=\"data:image\/svg+xml;base64,PHN2ZyB3aWR0aD0iMSIgaGVpZ2h0PSIxIiB4bWxucz0iaHR0cDovL3d3dy53My5vcmcvMjAwMC9zdmciPjwvc3ZnPg==\" class=\"lazyload\" style=\"--smush-placeholder-width: 300px; --smush-placeholder-aspect-ratio: 300\/300;\" \/><strong>Fray Valent\u00ed Serra de Manresa<\/strong> (Manresa, Barcelona, 1959) es un religioso capuchino y sacerdote que profesa la Regla de Sant Francesc. Se doctor\u00f3 en Historia en la Universitat de Barcelona el 1995. Desde el a\u00f1o 1987 es el archivero provincial de los capuchinos y director de la Biblioteca Hispano-Capuchina. Colaborador cient\u00edfico de la Facultad de Teolog\u00eda de Catalu\u00f1a, forma parte, a su vez, del Claustro de Doctores de la Universitat de Barcelona. Destaca por su producci\u00f3n acad\u00e9mica, pero la mayor notoriedad lo ha logrado por sus conocimientos y divulgaci\u00f3n de las hierbas medicinales y la tradicional sabidur\u00eda de los monasterios en relaci\u00f3n a la alimentaci\u00f3n saludable. Actualmente reside en el convento de los Capuchinos de Sarri\u00e1 (Barcelona).<\/div><\/div>\n\t\t<\/div><div id=\"text-34\" class=\"widget widget_text\">\t\t\t<div class=\"textwidget\"><div class=\"desc-autor\"><img decoding=\"async\" data-src=\"https:\/\/conversesacatalunya.cat\/wp-content\/uploads\/2019\/02\/Carlos-Losada-img.jpg\" src=\"data:image\/svg+xml;base64,PHN2ZyB3aWR0aD0iMSIgaGVpZ2h0PSIxIiB4bWxucz0iaHR0cDovL3d3dy53My5vcmcvMjAwMC9zdmciPjwvc3ZnPg==\" class=\"lazyload\" style=\"--smush-placeholder-width: 250px; --smush-placeholder-aspect-ratio: 250\/250;\" \/><strong>Carlos Losada<\/strong> Doctor en Ciencias de la Gesti\u00f3n (PhD in Management Sciences) por la Universitat Ramon Llull. Licenciado en Direcci\u00f3n y Administraci\u00f3n de Empresas y M\u00e1ster en Administraci\u00f3n y Direcci\u00f3n de Empresas por ESADE. Licenciado en Derecho por la Universitat de Barcelona. Diplomado por la JFK School of Government (Harvard University) .\r\nInici\u00f3 su carrera en el sector privado. Ha ejercido varios lugares de direcci\u00f3n, tanto t\u00e9cnica como pol\u00edtica , a la Generalitat de Catalu\u00f1a . Ha trabajado en varias instituciones multilaterales. En 2000, se reincorpora a ESADE como director general , cargo que ejerce hasta el a\u00f1o 2010. Durante este periodo, es miembro de varios consejos de administraci\u00f3n y \u00f3rganos de gobierno.\r\nActualmente, compagina su actividad acad\u00e9mica con la pertenencia a varios \u00f3rganos de gobierno. Es Miembro del grupo de reflexi\u00f3n Construimos.<\/div><\/div>\n\t\t<\/div><div id=\"text-41\" class=\"widget widget_text\">\t\t\t<div class=\"textwidget\"><div class=\"desc-autor\"><img decoding=\"async\" data-src=\"https:\/\/conversesacatalunya.cat\/wp-content\/uploads\/2020\/05\/MARGENAT-02.jpg\" src=\"data:image\/svg+xml;base64,PHN2ZyB3aWR0aD0iMSIgaGVpZ2h0PSIxIiB4bWxucz0iaHR0cDovL3d3dy53My5vcmcvMjAwMC9zdmciPjwvc3ZnPg==\" class=\"lazyload\" style=\"--smush-placeholder-width: 2032px; --smush-placeholder-aspect-ratio: 2032\/1354;\" \/><strong>Josep M. Margenat<\/strong> Jesuita, trabaja en Cristianismo y Justicia (Barcelona) y en el Centro Internacional de Espiritualidad de Manresa. Profesor titular de Filosof\u00eda social en la Universidad Loyola Andaluc\u00eda.<\/div><\/div>\n\t\t<\/div><div id=\"text-35\" class=\"widget widget_text\">\t\t\t<div class=\"textwidget\"><div class=\"desc-autor\"><img decoding=\"async\" data-src=\"https:\/\/conversesacatalunya.cat\/wp-content\/uploads\/2019\/02\/Antoni-Duran.jpg\" src=\"data:image\/svg+xml;base64,PHN2ZyB3aWR0aD0iMSIgaGVpZ2h0PSIxIiB4bWxucz0iaHR0cDovL3d3dy53My5vcmcvMjAwMC9zdmciPjwvc3ZnPg==\" class=\"lazyload\" style=\"--smush-placeholder-width: 250px; --smush-placeholder-aspect-ratio: 250\/250;\" \/><strong>Antoni Dur\u00e1n-Sindreu<\/strong> Es profesor de la UPF y socio-director de Dur\u00e1n-Sindreu, Abogados y Consultores de Empresa.<\/div><\/div>\n\t\t<\/div><div id=\"text-36\" class=\"widget widget_text\">\t\t\t<div class=\"textwidget\"><div class=\"desc-autor\"><img decoding=\"async\" data-src=\"https:\/\/conversesacatalunya.cat\/wp-content\/uploads\/2019\/02\/Josep-Manuel-Silva.jpg\" src=\"data:image\/svg+xml;base64,PHN2ZyB3aWR0aD0iMSIgaGVpZ2h0PSIxIiB4bWxucz0iaHR0cDovL3d3dy53My5vcmcvMjAwMC9zdmciPjwvc3ZnPg==\" class=\"lazyload\" style=\"--smush-placeholder-width: 226px; --smush-placeholder-aspect-ratio: 226\/226;\" \/><strong>Josep Manuel Silva<\/strong> (Barcelona, 1961) es abogado y periodista y profesor asociado del Departamento de Periodismo de la Facultad de Ciencias de Comunicaci\u00f3n de la Universitat Aut\u00f2noma de Barcelona. Colabora con varios medios de comunicaci\u00f3n y form\u00f3 parte del Consejo de Administraci\u00f3n de RTVE. Actualmente es miembro del Consejo de Administraci\u00f3n de Cugat.cat. y vocal de la Plataforma Construim.<\/div><\/div>\n\t\t<\/div><div id=\"text-37\" class=\"widget widget_text\">\t\t\t<div class=\"textwidget\"><div class=\"desc-autor\"><img decoding=\"async\" data-src=\"https:\/\/conversesacatalunya.cat\/wp-content\/uploads\/2019\/02\/simo-aliana.jpg\" src=\"data:image\/svg+xml;base64,PHN2ZyB3aWR0aD0iMSIgaGVpZ2h0PSIxIiB4bWxucz0iaHR0cDovL3d3dy53My5vcmcvMjAwMC9zdmciPjwvc3ZnPg==\" class=\"lazyload\" style=\"--smush-placeholder-width: 256px; --smush-placeholder-aspect-ratio: 256\/256;\" \/><strong>Sim\u00f3 Aliana<\/strong> (Almenar -Lleida-, 1947). Graduado por UB en Pedagog\u00eda, UAB en Econom\u00eda y MIT en Management. Ha trabajado en diferentes lugares de responsabilidad en el sector p\u00fablico y en el sector privado. Actualmente jubilado.<\/div><\/div>\n\t\t<\/div><div id=\"text-38\" class=\"widget widget_text\">\t\t\t<div class=\"textwidget\"><div class=\"desc-autor\"><img decoding=\"async\" data-src=\"https:\/\/conversesacatalunya.cat\/wp-content\/uploads\/2019\/02\/treva-i-pau.png\" src=\"data:image\/svg+xml;base64,PHN2ZyB3aWR0aD0iMSIgaGVpZ2h0PSIxIiB4bWxucz0iaHR0cDovL3d3dy53My5vcmcvMjAwMC9zdmciPjwvc3ZnPg==\" class=\"lazyload\" style=\"--smush-placeholder-width: 220px; --smush-placeholder-aspect-ratio: 220\/220;\" \/><strong>Col\u00b7lectiu Treva i Pau<\/strong> Grupo de personas que reflexiona sobre la situaci\u00f3n social, pol\u00edtica y econ\u00f3mica: Jordi Alberich, Josep M. Bricall, Eugeni Gay, Jaume Lanaspa, Carlos Losada, J.J. L\u00f3pez Burniol, Josep Mir\u00f3 y Ard\u00e8vol, Alfredo Pastor<\/div><\/div>\n\t\t<\/div><div id=\"text-39\" class=\"widget widget_text\">\t\t\t<div class=\"textwidget\"><div class=\"desc-autor\"><img decoding=\"async\" data-src=\"https:\/\/conversesacatalunya.cat\/wp-content\/uploads\/2019\/02\/p_092.jpg\" src=\"data:image\/svg+xml;base64,PHN2ZyB3aWR0aD0iMSIgaGVpZ2h0PSIxIiB4bWxucz0iaHR0cDovL3d3dy53My5vcmcvMjAwMC9zdmciPjwvc3ZnPg==\" class=\"lazyload\" style=\"--smush-placeholder-width: 364px; --smush-placeholder-aspect-ratio: 364\/364;\" \/><strong>Alfredo Pastor<\/strong> Se licenci\u00f3 en Econom\u00eda en la Universitat de Barcelona el 1968 y se doctor\u00f3 en Econom\u00eda en el Massachusetts Institute of Technology el 1972, y el a\u00f1o siguiente en Ciencias Econ\u00f3micas en la Universitat Aut\u00f2noma de Barcelona. Ha estado director del Instituto de la Empresa Familiar, consejero del Banco de Espa\u00f1a y economista para el Banco Mundial. De 1985 a 1990 fue presidente y consejero delegado de la Empresa Nacional Hidroel\u00e9ctrica del Ribagorzana (ENHER). De 1993 a 1995 fue secretario de Estado de Econom\u00eda del Ministerio de Econom\u00eda y Hacienda. En la actualidad es profesor de Econom\u00eda y Titular de la C\u00e1tedra Banco Sabadell de Mercados Emergentes al IESE Business School de la Universidad de Navarra. Es consejero de varias empresas y organismos. El 2004 recibi\u00f3 la gran cruz de la espa\u00f1ola de la Orden del M\u00e9rito Civil. El 2011 fue galardonado con el premio Conde de God\u00f3 de Periodismo.<\/div><\/div>\n\t\t<\/div><div id=\"text-40\" class=\"widget widget_text\">\t\t\t<div class=\"textwidget\"><div class=\"desc-autor\"><img decoding=\"async\" data-src=\"https:\/\/conversesacatalunya.cat\/wp-content\/uploads\/2019\/02\/FOTO-4.jpg\" src=\"data:image\/svg+xml;base64,PHN2ZyB3aWR0aD0iMSIgaGVpZ2h0PSIxIiB4bWxucz0iaHR0cDovL3d3dy53My5vcmcvMjAwMC9zdmciPjwvc3ZnPg==\" class=\"lazyload\" style=\"--smush-placeholder-width: 473px; --smush-placeholder-aspect-ratio: 473\/575;\" \/><strong>Carles Ros y Arpa<\/strong> (Cor\u00e7\u00e0,1966). Casado y padre de dos hijos y dos hijas. Licenciado en Derecho (UB), licenciado en Ciencias Religiosas (ISCREB) y M\u00e1ster en Gesti\u00f3n Urban\u00edstica por la SE de Arquitectura (UPC). Secretario de Administraci\u00f3n Local y abogado.<\/div><\/div>\n\t\t<\/div><div id=\"custom_html-2\" class=\"widget_text widget widget_custom_html\"><div class=\"textwidget custom-html-widget\"><!--<div class=\"fb-page\" data-href=\"https:\/\/www.facebook.com\/conversesacatalunya\/\" data-tabs=\"timeline\" data-width=\"300\" data-height=\"500\" data-small-header=\"false\" data-adapt-container-width=\"true\" data-hide-cover=\"false\" data-show-facepile=\"true\"><blockquote cite=\"https:\/\/www.facebook.com\/conversesacatalunya\/\" class=\"fb-xfbml-parse-ignore\"><a href=\"https:\/\/www.facebook.com\/conversesacatalunya\/\">Converses a Catalunya<\/a><\/blockquote><\/div>--><\/div><\/div><div id=\"custom_html-3\" class=\"widget_text widget widget_custom_html\"><div class=\"textwidget custom-html-widget\"><!--<a class=\"twitter-timeline\" data-lang=\"es\" data-width=\"300\" data-height=\"500\" href=\"https:\/\/twitter.com\/conversesacat?ref_src=twsrc%5Etfw\">Tweets by conversesacat<\/a> <script async src=\"https:\/\/platform.twitter.com\/widgets.js\" charset=\"utf-8\"><\/script>--><\/div><\/div><div id=\"custom_html-4\" class=\"widget_text widget widget_custom_html\"><div class=\"textwidget custom-html-widget\"><div class=\"caja_azul\" style=\"margin: 0px !important; text-align: center; padding: 20px !important;\">\r\n\t<h3 style=\"font-weight: bold;\">\u00a1Subscriu-te!<\/h3>\r\n\n<div class=\"wpcf7 no-js\" id=\"wpcf7-f8016-o1\" lang=\"es-ES\" dir=\"ltr\" data-wpcf7-id=\"8016\">\n<div class=\"screen-reader-response\"><p role=\"status\" aria-live=\"polite\" aria-atomic=\"true\"><\/p> <ul><\/ul><\/div>\n<form action=\"\/es\/wp-json\/wp\/v2\/pages\/32984#wpcf7-f8016-o1\" method=\"post\" class=\"wpcf7-form init demo c4250577650b cmatic-conn cmatic-aud-8 cmatic-mapd0-0 cmatic-v0978 cmatic-sent-0 cmatic-total-0 wpcf7-acceptance-as-validation\" aria-label=\"Formulario de contacto\" novalidate=\"novalidate\" data-status=\"init\">\n<fieldset class=\"hidden-fields-container\"><input type=\"hidden\" name=\"_wpcf7\" value=\"8016\" \/><input type=\"hidden\" name=\"_wpcf7_version\" value=\"6.1.5\" \/><input type=\"hidden\" name=\"_wpcf7_locale\" value=\"es_ES\" \/><input type=\"hidden\" name=\"_wpcf7_unit_tag\" value=\"wpcf7-f8016-o1\" \/><input type=\"hidden\" name=\"_wpcf7_container_post\" value=\"0\" \/><input type=\"hidden\" name=\"_wpcf7_posted_data_hash\" value=\"\" \/><input type=\"hidden\" name=\"_wpcf7_recaptcha_response\" value=\"\" \/>\n<\/fieldset>\n<p><span class=\"wpcf7-form-control-wrap\" data-name=\"nom\"><input size=\"40\" maxlength=\"400\" class=\"wpcf7-form-control wpcf7-text wpcf7-validates-as-required\" aria-required=\"true\" aria-invalid=\"false\" placeholder=\"Nom\" value=\"\" type=\"text\" name=\"nom\" \/><\/span>\n<\/p>\n<p><span class=\"wpcf7-form-control-wrap\" data-name=\"cognom\"><input size=\"40\" maxlength=\"400\" class=\"wpcf7-form-control wpcf7-text wpcf7-validates-as-required\" aria-required=\"true\" aria-invalid=\"false\" placeholder=\"Cognom\" value=\"\" type=\"text\" name=\"cognom\" \/><\/span>\n<\/p>\n<p><span class=\"wpcf7-form-control-wrap\" data-name=\"email\"><input size=\"40\" maxlength=\"400\" class=\"wpcf7-form-control wpcf7-email wpcf7-validates-as-required wpcf7-text wpcf7-validates-as-email\" aria-required=\"true\" aria-invalid=\"false\" placeholder=\"Correu electr\u00f2nic\" value=\"\" type=\"email\" name=\"email\" \/><\/span>\n<\/p>\n<p><span class=\"wpcf7-form-control-wrap\" data-name=\"rgpd-acepto\"><span class=\"wpcf7-form-control wpcf7-acceptance\"><span class=\"wpcf7-list-item\"><label><input type=\"checkbox\" name=\"rgpd-acepto\" value=\"1\" aria-invalid=\"false\" \/><span class=\"wpcf7-list-item-label\">Accepto la <a href=\"\/politica-de-privacitat\" target=\"_blank\" rel=\"nofollow\">pol\u00edtica de privacitat<\/a><\/span><\/label><\/span><\/span><\/span>\n<\/p>\n<p><input class=\"wpcf7-form-control wpcf7-submit has-spinner\" type=\"submit\" value=\"Subscriu-m&#039;hi\" \/>\n<\/p><p style=\"display: none !important;\" class=\"akismet-fields-container\" data-prefix=\"_wpcf7_ak_\"><label>&#916;<textarea name=\"_wpcf7_ak_hp_textarea\" cols=\"45\" rows=\"8\" maxlength=\"100\"><\/textarea><\/label><input type=\"hidden\" id=\"ak_js_1\" name=\"_wpcf7_ak_js\" value=\"81\"\/><script>document.getElementById( \"ak_js_1\" ).setAttribute( \"value\", ( new Date() ).getTime() );<\/script><\/p><input type='hidden' class='wpcf7-pum' value='{\"closepopup\":false,\"closedelay\":0,\"openpopup\":false,\"openpopup_id\":0}' \/><div class=\"wpcf7-response-output\" aria-hidden=\"true\"><\/div>\n<\/form>\n<\/div>\n\r\n<\/div><\/div><\/div><\/div><\/div><\/div><\/div><\/div><\/div><\/div><\/div><\/div><\/div><\/div><\/section>\n","protected":false},"excerpt":{"rendered":"Es realmente ins\u00f3lito, e incluso peligroso, que una sociedad que lleva en sus hombros m\u00e1s de 100.000 muertos, no exija de sus responsables pol\u00edticos un balance claro y concreto, un inventario de errores y una definici\u00f3n de cu\u00e1l es el proyecto para evitar en el futuro, porque parece como si cada nueva ola nos cogiera con las mismas condiciones de improvisaci\u00f3n, como constata ampliamente el\u00a0penoso estado de la asistencia primaria\u00a0de la sanidad p\u00fablica. De ah\u00ed la importancia de examinar a principios de a\u00f1o algunas de las principales caracter\u00edsticas de lo que ha sucedido hasta ahora. Son 5 los indicadores que permiten evaluar la situaci\u00f3n. Es primero y decisivo, porque es el m\u00e1s importante de todos, es la cifra de muertes. El segundo, las consecuencias poco visibles, pero muy reales como saben bien los profesionales de la sanidad, de las consecuencias negativas que la prioridad de lucha contra la covid ha generado a lo largo de casi 2 a\u00f1os, sobre la atenci\u00f3n a otras patolog\u00edas. El tercero, tambi\u00e9n bien desconocido y mal abordado, son las\u00a0secuelas de la covid permanente. En una estimaci\u00f3n imprecisa, calculan que 100.000 personas pueden haberla sufrido, sin tener claro cu\u00e1ntas la han superado. El cuarto factor es el de los\u00a0sufrimientos de todo tipo, psicol\u00f3gicos m\u00e9dicos, materiales, econ\u00f3micos, que la covid ha ocasionado en la vida de las personas. Y por \u00faltimo, la alteraci\u00f3n grave de la econom\u00eda y la capacidad de \u00e9sta de recuperarse.\u00a0Barcelona ciudad es un buen ejemplo de c\u00f3mo el estrago, que se inici\u00f3 en marzo de hace dos a\u00f1os, todav\u00eda marca negativamente la actividad de la ciudad. En el caso de Catalu\u00f1a, y si tomamos como referencia la ya apuntada como m\u00e1s importante, el n\u00famero de muertes,\u00a0es evidente por la magnitud de las cifras que hace falta una explicaci\u00f3n del gobierno, una intervenci\u00f3n, creando una comisi\u00f3n especial del Parlamento y un amplio debate ciudadano. En Catalu\u00f1a han muerto de covid, seg\u00fan datos oficiales, es decir aquellas personas a quienes se ha podido autentificar que aquella era la causa de la muerte, 24.623 personas. Desde 1940 no ha habido ninguna cat\u00e1strofe en Catalu\u00f1a que pueda compararse ni de lejos con esta mortalidad, que contin\u00faa a diario con un goteo de cifras extraordinario. Incluso ahora, que todo el mundo coincide en que la variante \u00f3micr\u00f3n y debido a la vacunaci\u00f3n el n\u00famero de muertes es bajo, sufrimos la p\u00e9rdida del orden de 20-25 conciudadanos todos los d\u00edas. Si se mira fr\u00edamente, se constata que es una cifra extraordinariamente alta. Por situar un punto de comparaci\u00f3n, mueren tantas personas por covid en 2 d\u00edas como mujeres son muertas por su pareja en un a\u00f1o. Y la diferencia de atenci\u00f3n y medidas entre una tragedia y otra es extraordinaria a favor de la segunda.Hay una gran insensibilizaci\u00f3n en relaci\u00f3n con los muertos y los dramas de la covid y eso dice poco de nuestra sociedad y menos, mucho menos, de los partidos pol\u00edticos y sobre todo del gobierno. Pero estas 24.000 y pico personas fallecidas son muchas, porque adem\u00e1s del valor absoluto, la comparaci\u00f3n siempre aporta una visi\u00f3n m\u00e1s completa.\u00a0Y es precisamente esta comparaci\u00f3n la que debe alertarnos y la que exige debate, examen, luz y taqu\u00edgrafo, porque si lo referimos al total de muertes de Espa\u00f1a, 89.405, representa un\u00a027,5%\u00a0, cuando la poblaci\u00f3n catalana es s\u00f3lo el 16,6% de la espa\u00f1ola.\u00a0Pr\u00e1cticamente, 9 puntos m\u00e1s es una brutalidad, es una diferencia de m\u00e1s del 50%. Pero es que a la cifra hay que a\u00f1adir que Catalu\u00f1a ha destacado, ahora mismo lo estamos viviendo, por medidas m\u00e1s restrictivas, con mayor impacto negativo sobre la econom\u00eda. No tenemos poblaciones de riesgo, es decir, personas de edad avanzada, en una proporci\u00f3n tan grande como puedan tener otras comunidades aut\u00f3nomas como Castilla y Le\u00f3n o Galicia. Nuestro clima nos ha permitido utilizar el aire libre en un per\u00edodo mucho mayor que las zonas del interior y el norte de Espa\u00f1a. El car\u00e1cter cosmopolita de Barcelona \u200b\u200by, por tanto, la facilidad del contagio, qued\u00f3 truncada ya en marzo del a\u00f1o pasado. Es evidente que hay mucha tela que cortar para averiguar qu\u00e9 ha pasado para que muera tanta gente en Catalu\u00f1a. Porque incluso si comparamos las cifras oficiales catalanas de muertes confirmadas por covid con el exceso de mortalidad del conjunto de Espa\u00f1a, y, por tanto, una cifra mayor porque incorpora muertes no confirmadas, nuestra magnitud se sit\u00faa en torno al 25 %, que sigue siendo una cifra desmesuradamente alta. Es el momento de constatar si a la sociedad catalana y sus liderazgos les queda \u00e1nimo o no para querer averiguar una cuesti\u00f3n tan decisiva como es la relacionada con la propia supervivencia f\u00edsica.","protected":false},"author":1,"featured_media":0,"parent":0,"menu_order":0,"comment_status":"closed","ping_status":"closed","template":"","meta":{"_FSMCFIC_featured_image_caption":"","_FSMCFIC_featured_image_nocaption":"","_FSMCFIC_featured_image_hide":"","footnotes":""},"class_list":["post-32984","page","type-page","status-publish","hentry"],"yoast_head":"<!-- This site is optimized with the Yoast SEO plugin v26.8 - https:\/\/yoast.com\/product\/yoast-seo-wordpress\/ -->\n<title>Coronavirus - Converses a Catalunya<\/title>\n<meta name=\"robots\" content=\"noindex, follow\" \/>\n<meta property=\"og:locale\" content=\"es_ES\" \/>\n<meta property=\"og:type\" content=\"article\" \/>\n<meta property=\"og:title\" content=\"Coronavirus - Converses a Catalunya\" \/>\n<meta property=\"og:url\" content=\"https:\/\/conversesacatalunya.cat\/es\/coronavirus\/\" \/>\n<meta property=\"og:site_name\" content=\"Converses a Catalunya\" \/>\n<meta property=\"article:modified_time\" content=\"2021-12-06T12:41:30+00:00\" \/>\n<meta name=\"twitter:card\" content=\"summary_large_image\" \/>\n<script type=\"application\/ld+json\" class=\"yoast-schema-graph\">{\"@context\":\"https:\/\/schema.org\",\"@graph\":[{\"@type\":\"WebPage\",\"@id\":\"https:\/\/conversesacatalunya.cat\/es\/coronavirus\/\",\"url\":\"https:\/\/conversesacatalunya.cat\/es\/coronavirus\/\",\"name\":\"Coronavirus - Converses a Catalunya\",\"isPartOf\":{\"@id\":\"https:\/\/conversesacatalunya.cat\/#website\"},\"datePublished\":\"2020-02-27T11:19:47+00:00\",\"dateModified\":\"2021-12-06T12:41:30+00:00\",\"breadcrumb\":{\"@id\":\"https:\/\/conversesacatalunya.cat\/es\/coronavirus\/#breadcrumb\"},\"inLanguage\":\"es\",\"potentialAction\":[{\"@type\":\"ReadAction\",\"target\":[\"https:\/\/conversesacatalunya.cat\/es\/coronavirus\/\"]}]},{\"@type\":\"BreadcrumbList\",\"@id\":\"https:\/\/conversesacatalunya.cat\/es\/coronavirus\/#breadcrumb\",\"itemListElement\":[{\"@type\":\"ListItem\",\"position\":1,\"name\":\"Inici\",\"item\":\"https:\/\/conversesacatalunya.cat\/es\/\"},{\"@type\":\"ListItem\",\"position\":2,\"name\":\"Coronavirus\"}]},{\"@type\":\"WebSite\",\"@id\":\"https:\/\/conversesacatalunya.cat\/#website\",\"url\":\"https:\/\/conversesacatalunya.cat\/\",\"name\":\"Converses a Catalunya\",\"description\":\"\",\"potentialAction\":[{\"@type\":\"SearchAction\",\"target\":{\"@type\":\"EntryPoint\",\"urlTemplate\":\"https:\/\/conversesacatalunya.cat\/?s={search_term_string}\"},\"query-input\":{\"@type\":\"PropertyValueSpecification\",\"valueRequired\":true,\"valueName\":\"search_term_string\"}}],\"inLanguage\":\"es\"}]}<\/script>\n<!-- \/ Yoast SEO plugin. -->","yoast_head_json":{"title":"Coronavirus - Converses a Catalunya","robots":{"index":"noindex","follow":"follow"},"og_locale":"es_ES","og_type":"article","og_title":"Coronavirus - Converses a Catalunya","og_url":"https:\/\/conversesacatalunya.cat\/es\/coronavirus\/","og_site_name":"Converses a Catalunya","article_modified_time":"2021-12-06T12:41:30+00:00","twitter_card":"summary_large_image","schema":{"@context":"https:\/\/schema.org","@graph":[{"@type":"WebPage","@id":"https:\/\/conversesacatalunya.cat\/es\/coronavirus\/","url":"https:\/\/conversesacatalunya.cat\/es\/coronavirus\/","name":"Coronavirus - Converses a Catalunya","isPartOf":{"@id":"https:\/\/conversesacatalunya.cat\/#website"},"datePublished":"2020-02-27T11:19:47+00:00","dateModified":"2021-12-06T12:41:30+00:00","breadcrumb":{"@id":"https:\/\/conversesacatalunya.cat\/es\/coronavirus\/#breadcrumb"},"inLanguage":"es","potentialAction":[{"@type":"ReadAction","target":["https:\/\/conversesacatalunya.cat\/es\/coronavirus\/"]}]},{"@type":"BreadcrumbList","@id":"https:\/\/conversesacatalunya.cat\/es\/coronavirus\/#breadcrumb","itemListElement":[{"@type":"ListItem","position":1,"name":"Inici","item":"https:\/\/conversesacatalunya.cat\/es\/"},{"@type":"ListItem","position":2,"name":"Coronavirus"}]},{"@type":"WebSite","@id":"https:\/\/conversesacatalunya.cat\/#website","url":"https:\/\/conversesacatalunya.cat\/","name":"Converses a Catalunya","description":"","potentialAction":[{"@type":"SearchAction","target":{"@type":"EntryPoint","urlTemplate":"https:\/\/conversesacatalunya.cat\/?s={search_term_string}"},"query-input":{"@type":"PropertyValueSpecification","valueRequired":true,"valueName":"search_term_string"}}],"inLanguage":"es"}]}},"wps_subtitle":"","_links":{"self":[{"href":"https:\/\/conversesacatalunya.cat\/es\/wp-json\/wp\/v2\/pages\/32984","targetHints":{"allow":["GET"]}}],"collection":[{"href":"https:\/\/conversesacatalunya.cat\/es\/wp-json\/wp\/v2\/pages"}],"about":[{"href":"https:\/\/conversesacatalunya.cat\/es\/wp-json\/wp\/v2\/types\/page"}],"author":[{"embeddable":true,"href":"https:\/\/conversesacatalunya.cat\/es\/wp-json\/wp\/v2\/users\/1"}],"replies":[{"embeddable":true,"href":"https:\/\/conversesacatalunya.cat\/es\/wp-json\/wp\/v2\/comments?post=32984"}],"version-history":[{"count":1,"href":"https:\/\/conversesacatalunya.cat\/es\/wp-json\/wp\/v2\/pages\/32984\/revisions"}],"predecessor-version":[{"id":32985,"href":"https:\/\/conversesacatalunya.cat\/es\/wp-json\/wp\/v2\/pages\/32984\/revisions\/32985"}],"wp:attachment":[{"href":"https:\/\/conversesacatalunya.cat\/es\/wp-json\/wp\/v2\/media?parent=32984"}],"curies":[{"name":"wp","href":"https:\/\/api.w.org\/{rel}","templated":true}]}}