{"id":27966,"date":"2019-02-11T16:15:44","date_gmt":"2019-02-11T15:15:44","guid":{"rendered":"https:\/\/conversesacatalunya.cat\/veritas-in-caritate\/"},"modified":"2021-01-15T23:58:47","modified_gmt":"2021-01-15T22:58:47","slug":"veritas-in-caritate","status":"publish","type":"page","link":"https:\/\/conversesacatalunya.cat\/es\/veritas-in-caritate\/","title":{"rendered":"Veritas in caritate"},"content":{"rendered":"<section class=\"l-section wpb_row height_small\"><div class=\"l-section-h i-cf\"><div class=\"g-cols vc_row via_flex valign_top type_default stacking_default\"><div class=\"vc_col-sm-12 wpb_column vc_column_container\"><div class=\"vc_column-inner\"><div class=\"wpb_wrapper\"><div class=\"wpb_text_column\"><div class=\"wpb_wrapper\"><h1>Veritas in caritate<\/h1>\n<\/div><\/div><div class=\"w-separator size_medium\"><\/div><div class=\"g-cols wpb_row via_flex valign_top type_default stacking_default\"><div class=\"vc_col-sm-8 wpb_column vc_column_container\"><div class=\"vc_column-inner\"><div class=\"wpb_wrapper\"><div class=\"w-grid type_grid layout_28091 cols_3 pagination_regular\" id=\"us_grid_1\" style=\"--gap:1.5rem;\" data-filterable=\"true\"><style>@media (max-width:1024px){#us_grid_1 .w-grid-item{width:50%}}@media (max-width:600px){#us_grid_1 .w-grid-list{margin:0}#us_grid_1 .w-grid-item{width:100%;padding:0;margin-bottom:var(--gap,0px)}}.layout_28091 .w-grid-item-h{}.layout_28091 .usg_post_image_1{margin-bottom:0.8rem!important}.layout_28091 .usg_post_title_1{margin-bottom:0!important;font-family:var(--h1-font-family)!important;font-size:1.2rem!important;font-weight:700!important}.layout_28091 .usg_post_date_1{font-family:var(--font-family)!important;font-size:13px!important;color:#aab2bd!important}.layout_28091 .usg_post_author_1{font-family:var(--font-family)!important;font-size:15px!important}@media (max-width:600px){.layout_28091 .usg_post_title_1{font-size:1.2rem!important}.layout_28091 .usg_post_date_1{font-size:13px!important}.layout_28091 .usg_post_author_1{font-size:15px!important}}<\/style><div class=\"w-grid-list\">\t<article class=\"w-grid-item size_1x1 post-97511 post type-post status-publish format-standard has-post-thumbnail hentry category-veritas-in-caritate-es tag-leon-xiv tag-lleo-xiv-es tag-papa-francesc-es tag-papa-francisco\" data-id=\"97511\">\r\n\t\t<div class=\"w-grid-item-h\">\r\n\t\t\t\t\t\t<div class=\"w-post-elm post_image usg_post_image_1 actualitat_img stretched\"><a href=\"https:\/\/conversesacatalunya.cat\/es\/alemania-desafia-leon-xiv\/\" aria-label=\"Alemania desaf\u00eda Le\u00f3n XIV\"><img fetchpriority=\"high\" decoding=\"async\" width=\"420\" height=\"252\" src=\"https:\/\/conversesacatalunya.cat\/wp-content\/uploads\/2026\/03\/SINODE-ALEMANY.jpg\" class=\"attachment-large size-large wp-post-image\" alt=\"Iglesia cat\u00f3lica Alemania\" srcset=\"https:\/\/conversesacatalunya.cat\/wp-content\/uploads\/2026\/03\/SINODE-ALEMANY.jpg 420w, https:\/\/conversesacatalunya.cat\/wp-content\/uploads\/2026\/03\/SINODE-ALEMANY-300x180.jpg 300w\" sizes=\"(max-width: 420px) 100vw, 420px\" \/><\/a><\/div><h2 class=\"w-post-elm post_title usg_post_title_1 entry-title color_link_inherit\"><a href=\"https:\/\/conversesacatalunya.cat\/es\/alemania-desafia-leon-xiv\/\">Alemania desaf\u00eda Le\u00f3n XIV<\/a><\/h2><time class=\"w-post-elm post_date usg_post_date_1 has_text_color entry-date published\" datetime=\"2026-03-27T05:14:41+01:00\">27 marzo, 2026<\/time><div class=\"w-post-elm post_author usg_post_author_1 vcard author color_link_inherit\"><div class=\"post-author-meta\"><a href=\"https:\/\/conversesacatalunya.cat\/es\/author\/carles-ros-arpa\/\" class=\"post-author-name fn\">Carles Ros Arpa<\/a><\/div><\/div>\t\t<\/div>\r\n\t\t\t<\/article>\r\n\t<article class=\"w-grid-item size_1x1 post-95023 post type-post status-publish format-standard has-post-thumbnail hentry category-veritas-in-caritate-es tag-arrels-cristianes-es tag-raices-cristianas\" data-id=\"95023\">\r\n\t\t<div class=\"w-grid-item-h\">\r\n\t\t\t\t\t\t<div class=\"w-post-elm post_image usg_post_image_1 actualitat_img stretched\"><a href=\"https:\/\/conversesacatalunya.cat\/es\/las-raices-y-el-arbol\/\" aria-label=\"Las ra\u00edces y el \u00e1rbol\"><img decoding=\"async\" width=\"555\" height=\"369\" data-src=\"https:\/\/conversesacatalunya.cat\/wp-content\/uploads\/2025\/12\/Imagen1-13.jpg\" class=\"attachment-large size-large wp-post-image lazyload\" alt=\"\" data-srcset=\"https:\/\/conversesacatalunya.cat\/wp-content\/uploads\/2025\/12\/Imagen1-13.jpg 555w, https:\/\/conversesacatalunya.cat\/wp-content\/uploads\/2025\/12\/Imagen1-13-300x199.jpg 300w\" data-sizes=\"(max-width: 555px) 100vw, 555px\" src=\"data:image\/svg+xml;base64,PHN2ZyB3aWR0aD0iMSIgaGVpZ2h0PSIxIiB4bWxucz0iaHR0cDovL3d3dy53My5vcmcvMjAwMC9zdmciPjwvc3ZnPg==\" style=\"--smush-placeholder-width: 555px; --smush-placeholder-aspect-ratio: 555\/369;\" \/><\/a><\/div><h2 class=\"w-post-elm post_title usg_post_title_1 entry-title color_link_inherit\"><a href=\"https:\/\/conversesacatalunya.cat\/es\/las-raices-y-el-arbol\/\">Las ra\u00edces y el \u00e1rbol<\/a><\/h2><time class=\"w-post-elm post_date usg_post_date_1 has_text_color entry-date published\" datetime=\"2025-12-24T06:16:19+01:00\">24 diciembre, 2025<\/time><div class=\"w-post-elm post_author usg_post_author_1 vcard author color_link_inherit\"><div class=\"post-author-meta\"><a href=\"https:\/\/conversesacatalunya.cat\/es\/author\/carles-ros-arpa\/\" class=\"post-author-name fn\">Carles Ros Arpa<\/a><\/div><\/div>\t\t<\/div>\r\n\t\t\t<\/article>\r\n\t<article class=\"w-grid-item size_1x1 post-91929 post type-post status-publish format-standard has-post-thumbnail hentry category-veritas-in-caritate-es tag-leon-xiv tag-lleo-xiv-es\" data-id=\"91929\">\r\n\t\t<div class=\"w-grid-item-h\">\r\n\t\t\t\t\t\t<div class=\"w-post-elm post_image usg_post_image_1 actualitat_img stretched\"><a href=\"https:\/\/conversesacatalunya.cat\/es\/leon-xiv-pide-coherencia-politica-a-los-catolicos\/\" aria-label=\"Le\u00f3n XIV pide coherencia pol\u00edtica a los cat\u00f3licos\"><img decoding=\"async\" width=\"720\" height=\"506\" data-src=\"https:\/\/conversesacatalunya.cat\/wp-content\/uploads\/2025\/09\/Captura-7.jpg\" class=\"attachment-large size-large wp-post-image lazyload\" alt=\"coherencia pol\u00edtica cat\u00f3licos\" data-srcset=\"https:\/\/conversesacatalunya.cat\/wp-content\/uploads\/2025\/09\/Captura-7.jpg 720w, https:\/\/conversesacatalunya.cat\/wp-content\/uploads\/2025\/09\/Captura-7-300x211.jpg 300w\" data-sizes=\"(max-width: 720px) 100vw, 720px\" src=\"data:image\/svg+xml;base64,PHN2ZyB3aWR0aD0iMSIgaGVpZ2h0PSIxIiB4bWxucz0iaHR0cDovL3d3dy53My5vcmcvMjAwMC9zdmciPjwvc3ZnPg==\" style=\"--smush-placeholder-width: 720px; --smush-placeholder-aspect-ratio: 720\/506;\" \/><\/a><\/div><h2 class=\"w-post-elm post_title usg_post_title_1 entry-title color_link_inherit\"><a href=\"https:\/\/conversesacatalunya.cat\/es\/leon-xiv-pide-coherencia-politica-a-los-catolicos\/\">Le\u00f3n XIV pide coherencia pol\u00edtica a los cat\u00f3licos<\/a><\/h2><time class=\"w-post-elm post_date usg_post_date_1 has_text_color entry-date published\" datetime=\"2025-09-17T05:17:11+02:00\">17 septiembre, 2025<\/time><div class=\"w-post-elm post_author usg_post_author_1 vcard author color_link_inherit\"><div class=\"post-author-meta\"><a href=\"https:\/\/conversesacatalunya.cat\/es\/author\/carles-ros-arpa\/\" class=\"post-author-name fn\">Carles Ros Arpa<\/a><\/div><\/div>\t\t<\/div>\r\n\t\t\t<\/article>\r\n\t<article class=\"w-grid-item size_1x1 post-90761 post type-post status-publish format-standard has-post-thumbnail hentry category-veritas-in-caritate-es\" data-id=\"90761\">\r\n\t\t<div class=\"w-grid-item-h\">\r\n\t\t\t\t\t\t<div class=\"w-post-elm post_image usg_post_image_1 actualitat_img stretched\"><a href=\"https:\/\/conversesacatalunya.cat\/es\/preguntas-y-respuestas-desde-la-atalaya-de-la-vida\/\" aria-label=\"Preguntas y respuestas desde la atalaya de la vida\"><img decoding=\"async\" width=\"400\" height=\"600\" data-src=\"https:\/\/conversesacatalunya.cat\/wp-content\/uploads\/2025\/07\/Catedral-Salamanca.webp\" class=\"attachment-large size-large wp-post-image lazyload\" alt=\"\" data-srcset=\"https:\/\/conversesacatalunya.cat\/wp-content\/uploads\/2025\/07\/Catedral-Salamanca.webp 400w, https:\/\/conversesacatalunya.cat\/wp-content\/uploads\/2025\/07\/Catedral-Salamanca-200x300.webp 200w\" data-sizes=\"(max-width: 400px) 100vw, 400px\" src=\"data:image\/svg+xml;base64,PHN2ZyB3aWR0aD0iMSIgaGVpZ2h0PSIxIiB4bWxucz0iaHR0cDovL3d3dy53My5vcmcvMjAwMC9zdmciPjwvc3ZnPg==\" style=\"--smush-placeholder-width: 400px; --smush-placeholder-aspect-ratio: 400\/600;\" \/><\/a><\/div><h2 class=\"w-post-elm post_title usg_post_title_1 entry-title color_link_inherit\"><a href=\"https:\/\/conversesacatalunya.cat\/es\/preguntas-y-respuestas-desde-la-atalaya-de-la-vida\/\">Preguntas y respuestas desde la atalaya de la vida<\/a><\/h2><time class=\"w-post-elm post_date usg_post_date_1 has_text_color entry-date published\" datetime=\"2025-07-25T08:09:46+02:00\">25 julio, 2025<\/time><div class=\"w-post-elm post_author usg_post_author_1 vcard author color_link_inherit\"><div class=\"post-author-meta\"><a href=\"https:\/\/conversesacatalunya.cat\/es\/author\/carles-ros-arpa\/\" class=\"post-author-name fn\">Carles Ros Arpa<\/a><\/div><\/div>\t\t<\/div>\r\n\t\t\t<\/article>\r\n\t<article class=\"w-grid-item size_1x1 post-90119 post type-post status-publish format-standard has-post-thumbnail hentry category-veritas-in-caritate-es\" data-id=\"90119\">\r\n\t\t<div class=\"w-grid-item-h\">\r\n\t\t\t\t\t\t<div class=\"w-post-elm post_image usg_post_image_1 actualitat_img stretched\"><a href=\"https:\/\/conversesacatalunya.cat\/es\/el-gran-descalabro-macintyre-y-la-carta-diogneto\/\" aria-label=\"El gran descalabro, Macintyre y la carta Diogneto\"><img decoding=\"async\" width=\"1024\" height=\"771\" data-src=\"https:\/\/conversesacatalunya.cat\/wp-content\/uploads\/2025\/07\/IMG-20250630-WA0003-1024x771.jpg\" class=\"attachment-large size-large wp-post-image lazyload\" alt=\"carta Diogneto\" data-srcset=\"https:\/\/conversesacatalunya.cat\/wp-content\/uploads\/2025\/07\/IMG-20250630-WA0003-1024x771.jpg 1024w, https:\/\/conversesacatalunya.cat\/wp-content\/uploads\/2025\/07\/IMG-20250630-WA0003-300x226.jpg 300w, https:\/\/conversesacatalunya.cat\/wp-content\/uploads\/2025\/07\/IMG-20250630-WA0003.jpg 1600w\" data-sizes=\"(max-width: 1024px) 100vw, 1024px\" src=\"data:image\/svg+xml;base64,PHN2ZyB3aWR0aD0iMSIgaGVpZ2h0PSIxIiB4bWxucz0iaHR0cDovL3d3dy53My5vcmcvMjAwMC9zdmciPjwvc3ZnPg==\" style=\"--smush-placeholder-width: 1024px; --smush-placeholder-aspect-ratio: 1024\/771;\" \/><\/a><\/div><h2 class=\"w-post-elm post_title usg_post_title_1 entry-title color_link_inherit\"><a href=\"https:\/\/conversesacatalunya.cat\/es\/el-gran-descalabro-macintyre-y-la-carta-diogneto\/\">El gran descalabro, Macintyre y la carta Diogneto<\/a><\/h2><time class=\"w-post-elm post_date usg_post_date_1 has_text_color entry-date published\" datetime=\"2025-07-08T05:44:50+02:00\">8 julio, 2025<\/time><div class=\"w-post-elm post_author usg_post_author_1 vcard author color_link_inherit\"><div class=\"post-author-meta\"><a href=\"https:\/\/conversesacatalunya.cat\/es\/author\/carles-ros-arpa\/\" class=\"post-author-name fn\">Carles Ros Arpa<\/a><\/div><\/div>\t\t<\/div>\r\n\t\t\t<\/article>\r\n\t<article class=\"w-grid-item size_1x1 post-88029 post type-post status-publish format-standard has-post-thumbnail hentry category-veritas-in-caritate-es tag-benet-xvi-es tag-papa-francesc-es tag-papa-francisco\" data-id=\"88029\">\r\n\t\t<div class=\"w-grid-item-h\">\r\n\t\t\t\t\t\t<div class=\"w-post-elm post_image usg_post_image_1 actualitat_img stretched\"><a href=\"https:\/\/conversesacatalunya.cat\/es\/francisco-cambio-de-estilo-no-de-doctrina\/\" aria-label=\"Francisco: cambio de estilo, no de doctrina\"><img decoding=\"async\" width=\"640\" height=\"427\" data-src=\"https:\/\/conversesacatalunya.cat\/wp-content\/uploads\/2025\/05\/FRANCISCO-Y-BENET.jpg\" class=\"attachment-large size-large wp-post-image lazyload\" alt=\"\" data-srcset=\"https:\/\/conversesacatalunya.cat\/wp-content\/uploads\/2025\/05\/FRANCISCO-Y-BENET.jpg 640w, https:\/\/conversesacatalunya.cat\/wp-content\/uploads\/2025\/05\/FRANCISCO-Y-BENET-300x200.jpg 300w\" data-sizes=\"(max-width: 640px) 100vw, 640px\" src=\"data:image\/svg+xml;base64,PHN2ZyB3aWR0aD0iMSIgaGVpZ2h0PSIxIiB4bWxucz0iaHR0cDovL3d3dy53My5vcmcvMjAwMC9zdmciPjwvc3ZnPg==\" style=\"--smush-placeholder-width: 640px; --smush-placeholder-aspect-ratio: 640\/427;\" \/><\/a><\/div><h2 class=\"w-post-elm post_title usg_post_title_1 entry-title color_link_inherit\"><a href=\"https:\/\/conversesacatalunya.cat\/es\/francisco-cambio-de-estilo-no-de-doctrina\/\">Francisco: cambio de estilo, no de doctrina<\/a><\/h2><time class=\"w-post-elm post_date usg_post_date_1 has_text_color entry-date published\" datetime=\"2025-05-05T08:40:18+02:00\">5 mayo, 2025<\/time><div class=\"w-post-elm post_author usg_post_author_1 vcard author color_link_inherit\"><div class=\"post-author-meta\"><a href=\"https:\/\/conversesacatalunya.cat\/es\/author\/carles-ros-arpa\/\" class=\"post-author-name fn\">Carles Ros Arpa<\/a><\/div><\/div>\t\t<\/div>\r\n\t\t\t<\/article>\r\n\t<article class=\"w-grid-item size_1x1 post-86173 post type-post status-publish format-standard has-post-thumbnail hentry category-veritas-in-caritate-es tag-catala-es\" data-id=\"86173\">\r\n\t\t<div class=\"w-grid-item-h\">\r\n\t\t\t\t\t\t<div class=\"w-post-elm post_image usg_post_image_1 actualitat_img stretched\"><a href=\"https:\/\/conversesacatalunya.cat\/es\/una-fe-dos-lenguas\/\" aria-label=\"Una fe, dos lenguas\"><img decoding=\"async\" width=\"768\" height=\"1024\" data-src=\"https:\/\/conversesacatalunya.cat\/wp-content\/uploads\/2025\/03\/DVD-768x1024.jpeg\" class=\"attachment-large size-large wp-post-image lazyload\" alt=\"Iglesia catal\u00e1n\" data-srcset=\"https:\/\/conversesacatalunya.cat\/wp-content\/uploads\/2025\/03\/DVD-768x1024.jpeg 768w, https:\/\/conversesacatalunya.cat\/wp-content\/uploads\/2025\/03\/DVD-225x300.jpeg 225w, https:\/\/conversesacatalunya.cat\/wp-content\/uploads\/2025\/03\/DVD.jpeg 1500w\" data-sizes=\"(max-width: 768px) 100vw, 768px\" src=\"data:image\/svg+xml;base64,PHN2ZyB3aWR0aD0iMSIgaGVpZ2h0PSIxIiB4bWxucz0iaHR0cDovL3d3dy53My5vcmcvMjAwMC9zdmciPjwvc3ZnPg==\" style=\"--smush-placeholder-width: 768px; --smush-placeholder-aspect-ratio: 768\/1024;\" \/><\/a><\/div><h2 class=\"w-post-elm post_title usg_post_title_1 entry-title color_link_inherit\"><a href=\"https:\/\/conversesacatalunya.cat\/es\/una-fe-dos-lenguas\/\">Una fe, dos lenguas<\/a><\/h2><time class=\"w-post-elm post_date usg_post_date_1 has_text_color entry-date published\" datetime=\"2025-03-07T07:48:13+01:00\">7 marzo, 2025<\/time><div class=\"w-post-elm post_author usg_post_author_1 vcard author color_link_inherit\"><div class=\"post-author-meta\"><a href=\"https:\/\/conversesacatalunya.cat\/es\/author\/carles-ros-arpa\/\" class=\"post-author-name fn\">Carles Ros Arpa<\/a><\/div><\/div>\t\t<\/div>\r\n\t\t\t<\/article>\r\n\t<article class=\"w-grid-item size_1x1 post-85628 post type-post status-publish format-standard has-post-thumbnail hentry category-veritas-in-caritate-es tag-democracia-es tag-innerarity-es\" data-id=\"85628\">\r\n\t\t<div class=\"w-grid-item-h\">\r\n\t\t\t\t\t\t<div class=\"w-post-elm post_image usg_post_image_1 actualitat_img stretched\"><a href=\"https:\/\/conversesacatalunya.cat\/es\/verdades-fuertes-y-democracia\/\" aria-label=\"Verdades fuertes y democracia\"><img decoding=\"async\" width=\"301\" height=\"428\" data-src=\"https:\/\/conversesacatalunya.cat\/wp-content\/uploads\/2025\/02\/Rawls.jpg\" class=\"attachment-large size-large wp-post-image lazyload\" alt=\"Innerarity\" data-srcset=\"https:\/\/conversesacatalunya.cat\/wp-content\/uploads\/2025\/02\/Rawls.jpg 301w, https:\/\/conversesacatalunya.cat\/wp-content\/uploads\/2025\/02\/Rawls-211x300.jpg 211w\" data-sizes=\"(max-width: 301px) 100vw, 301px\" src=\"data:image\/svg+xml;base64,PHN2ZyB3aWR0aD0iMSIgaGVpZ2h0PSIxIiB4bWxucz0iaHR0cDovL3d3dy53My5vcmcvMjAwMC9zdmciPjwvc3ZnPg==\" style=\"--smush-placeholder-width: 301px; --smush-placeholder-aspect-ratio: 301\/428;\" \/><\/a><\/div><h2 class=\"w-post-elm post_title usg_post_title_1 entry-title color_link_inherit\"><a href=\"https:\/\/conversesacatalunya.cat\/es\/verdades-fuertes-y-democracia\/\">Verdades fuertes y democracia<\/a><\/h2><time class=\"w-post-elm post_date usg_post_date_1 has_text_color entry-date published\" datetime=\"2025-02-17T08:33:59+01:00\">17 febrero, 2025<\/time><div class=\"w-post-elm post_author usg_post_author_1 vcard author color_link_inherit\"><div class=\"post-author-meta\"><a href=\"https:\/\/conversesacatalunya.cat\/es\/author\/carles-ros-arpa\/\" class=\"post-author-name fn\">Carles Ros Arpa<\/a><\/div><\/div>\t\t<\/div>\r\n\t\t\t<\/article>\r\n\t<article class=\"w-grid-item size_1x1 post-83978 post type-post status-publish format-standard has-post-thumbnail hentry category-veritas-in-caritate-es\" data-id=\"83978\">\r\n\t\t<div class=\"w-grid-item-h\">\r\n\t\t\t\t\t\t<div class=\"w-post-elm post_image usg_post_image_1 actualitat_img stretched\"><a href=\"https:\/\/conversesacatalunya.cat\/es\/actualidad-de-rousseau\/\" aria-label=\"Actualidad de Rousseau\"><img decoding=\"async\" width=\"831\" height=\"528\" data-src=\"https:\/\/conversesacatalunya.cat\/wp-content\/uploads\/2024\/11\/Captura-3.jpg\" class=\"attachment-large size-large wp-post-image lazyload\" alt=\"\" data-srcset=\"https:\/\/conversesacatalunya.cat\/wp-content\/uploads\/2024\/11\/Captura-3.jpg 831w, https:\/\/conversesacatalunya.cat\/wp-content\/uploads\/2024\/11\/Captura-3-300x191.jpg 300w\" data-sizes=\"(max-width: 831px) 100vw, 831px\" src=\"data:image\/svg+xml;base64,PHN2ZyB3aWR0aD0iMSIgaGVpZ2h0PSIxIiB4bWxucz0iaHR0cDovL3d3dy53My5vcmcvMjAwMC9zdmciPjwvc3ZnPg==\" style=\"--smush-placeholder-width: 831px; --smush-placeholder-aspect-ratio: 831\/528;\" \/><\/a><\/div><h2 class=\"w-post-elm post_title usg_post_title_1 entry-title color_link_inherit\"><a href=\"https:\/\/conversesacatalunya.cat\/es\/actualidad-de-rousseau\/\">Actualidad de Rousseau<\/a><\/h2><time class=\"w-post-elm post_date usg_post_date_1 has_text_color entry-date published\" datetime=\"2024-11-27T12:32:06+01:00\">27 noviembre, 2024<\/time><div class=\"w-post-elm post_author usg_post_author_1 vcard author color_link_inherit\"><div class=\"post-author-meta\"><a href=\"https:\/\/conversesacatalunya.cat\/es\/author\/carles-ros-arpa\/\" class=\"post-author-name fn\">Carles Ros Arpa<\/a><\/div><\/div>\t\t<\/div>\r\n\t\t\t<\/article>\r\n\t<article class=\"w-grid-item size_1x1 post-80088 post type-post status-publish format-standard has-post-thumbnail hentry category-veritas-in-caritate-es tag-familia-es tag-natalidad\" data-id=\"80088\">\r\n\t\t<div class=\"w-grid-item-h\">\r\n\t\t\t\t\t\t<div class=\"w-post-elm post_image usg_post_image_1 actualitat_img stretched\"><a href=\"https:\/\/conversesacatalunya.cat\/es\/solo-la-familia-puede-salvar-cataluna\/\" aria-label=\"Solo la familia puede salvar Catalu\u00f1a\"><img decoding=\"async\" width=\"880\" height=\"586\" data-src=\"https:\/\/conversesacatalunya.cat\/wp-content\/uploads\/2024\/07\/Pareja_con_perro.jpg\" class=\"attachment-large size-large wp-post-image lazyload\" alt=\"\" data-srcset=\"https:\/\/conversesacatalunya.cat\/wp-content\/uploads\/2024\/07\/Pareja_con_perro.jpg 880w, https:\/\/conversesacatalunya.cat\/wp-content\/uploads\/2024\/07\/Pareja_con_perro-300x200.jpg 300w\" data-sizes=\"(max-width: 880px) 100vw, 880px\" src=\"data:image\/svg+xml;base64,PHN2ZyB3aWR0aD0iMSIgaGVpZ2h0PSIxIiB4bWxucz0iaHR0cDovL3d3dy53My5vcmcvMjAwMC9zdmciPjwvc3ZnPg==\" style=\"--smush-placeholder-width: 880px; --smush-placeholder-aspect-ratio: 880\/586;\" \/><\/a><\/div><h2 class=\"w-post-elm post_title usg_post_title_1 entry-title color_link_inherit\"><a href=\"https:\/\/conversesacatalunya.cat\/es\/solo-la-familia-puede-salvar-cataluna\/\">Solo la familia puede salvar Catalu\u00f1a<\/a><\/h2><time class=\"w-post-elm post_date usg_post_date_1 has_text_color entry-date published\" datetime=\"2024-07-19T09:41:37+02:00\">19 julio, 2024<\/time><div class=\"w-post-elm post_author usg_post_author_1 vcard author color_link_inherit\"><div class=\"post-author-meta\"><a href=\"https:\/\/conversesacatalunya.cat\/es\/author\/carles-ros-arpa\/\" class=\"post-author-name fn\">Carles Ros Arpa<\/a><\/div><\/div>\t\t<\/div>\r\n\t\t\t<\/article>\r\n\t<article class=\"w-grid-item size_1x1 post-79582 post type-post status-publish format-standard has-post-thumbnail hentry category-veritas-in-caritate-es tag-deu-2 tag-dios\" data-id=\"79582\">\r\n\t\t<div class=\"w-grid-item-h\">\r\n\t\t\t\t\t\t<div class=\"w-post-elm post_image usg_post_image_1 actualitat_img stretched\"><a href=\"https:\/\/conversesacatalunya.cat\/es\/dos-joyas-sobre-el-gozo-de-creer-en-dios\/\" aria-label=\"Dos joyas sobre el gozo de creer en Dios\"><img decoding=\"async\" width=\"214\" height=\"243\" data-src=\"https:\/\/conversesacatalunya.cat\/wp-content\/uploads\/2024\/07\/AMENGUAL.png\" class=\"attachment-large size-large wp-post-image lazyload\" alt=\"\" src=\"data:image\/svg+xml;base64,PHN2ZyB3aWR0aD0iMSIgaGVpZ2h0PSIxIiB4bWxucz0iaHR0cDovL3d3dy53My5vcmcvMjAwMC9zdmciPjwvc3ZnPg==\" style=\"--smush-placeholder-width: 214px; --smush-placeholder-aspect-ratio: 214\/243;\" \/><\/a><\/div><h2 class=\"w-post-elm post_title usg_post_title_1 entry-title color_link_inherit\"><a href=\"https:\/\/conversesacatalunya.cat\/es\/dos-joyas-sobre-el-gozo-de-creer-en-dios\/\">Dos joyas sobre el gozo de creer en Dios<\/a><\/h2><time class=\"w-post-elm post_date usg_post_date_1 has_text_color entry-date published\" datetime=\"2024-07-08T09:00:35+02:00\">8 julio, 2024<\/time><div class=\"w-post-elm post_author usg_post_author_1 vcard author color_link_inherit\"><div class=\"post-author-meta\"><a href=\"https:\/\/conversesacatalunya.cat\/es\/author\/carles-ros-arpa\/\" class=\"post-author-name fn\">Carles Ros Arpa<\/a><\/div><\/div>\t\t<\/div>\r\n\t\t\t<\/article>\r\n\t<article class=\"w-grid-item size_1x1 post-76058 post type-post status-publish format-standard has-post-thumbnail hentry category-veritas-in-caritate-es tag-immigracio-es tag-natalitat-es\" data-id=\"76058\">\r\n\t\t<div class=\"w-grid-item-h\">\r\n\t\t\t\t\t\t<div class=\"w-post-elm post_image usg_post_image_1 actualitat_img stretched\"><a href=\"https:\/\/conversesacatalunya.cat\/es\/se-puede-parar-la-extincion-de-los-catalanes\/\" aria-label=\"\u00bfSe puede parar la extinci\u00f3n de los catalanes?\"><img decoding=\"async\" width=\"670\" height=\"362\" data-src=\"https:\/\/conversesacatalunya.cat\/wp-content\/uploads\/2024\/03\/Captura-9.jpg\" class=\"attachment-large size-large wp-post-image lazyload\" alt=\"\" data-srcset=\"https:\/\/conversesacatalunya.cat\/wp-content\/uploads\/2024\/03\/Captura-9.jpg 670w, https:\/\/conversesacatalunya.cat\/wp-content\/uploads\/2024\/03\/Captura-9-300x162.jpg 300w\" data-sizes=\"(max-width: 670px) 100vw, 670px\" src=\"data:image\/svg+xml;base64,PHN2ZyB3aWR0aD0iMSIgaGVpZ2h0PSIxIiB4bWxucz0iaHR0cDovL3d3dy53My5vcmcvMjAwMC9zdmciPjwvc3ZnPg==\" style=\"--smush-placeholder-width: 670px; --smush-placeholder-aspect-ratio: 670\/362;\" \/><\/a><\/div><h2 class=\"w-post-elm post_title usg_post_title_1 entry-title color_link_inherit\"><a href=\"https:\/\/conversesacatalunya.cat\/es\/se-puede-parar-la-extincion-de-los-catalanes\/\">\u00bfSe puede parar la extinci\u00f3n de los catalanes?<\/a><\/h2><time class=\"w-post-elm post_date usg_post_date_1 has_text_color entry-date published\" datetime=\"2024-03-18T13:30:28+01:00\">18 marzo, 2024<\/time><div class=\"w-post-elm post_author usg_post_author_1 vcard author color_link_inherit\"><div class=\"post-author-meta\"><a href=\"https:\/\/conversesacatalunya.cat\/es\/author\/carles-ros-arpa\/\" class=\"post-author-name fn\">Carles Ros Arpa<\/a><\/div><\/div>\t\t<\/div>\r\n\t\t\t<\/article>\r\n\t<article class=\"w-grid-item size_1x1 post-74110 post type-post status-publish format-standard has-post-thumbnail hentry category-veritas-in-caritate-es tag-papa-francesc-es\" data-id=\"74110\">\r\n\t\t<div class=\"w-grid-item-h\">\r\n\t\t\t\t\t\t<div class=\"w-post-elm post_image usg_post_image_1 actualitat_img stretched\"><a href=\"https:\/\/conversesacatalunya.cat\/es\/fiducia-supplicans-la-confusion-esta-sembrada\/\" aria-label=\"Fiducia Supplicans: la confusi\u00f3n est\u00e1 sembrada\"><img decoding=\"async\" width=\"640\" height=\"480\" data-src=\"https:\/\/conversesacatalunya.cat\/wp-content\/uploads\/2024\/01\/pope-francis-707390_640.jpg\" class=\"attachment-large size-large wp-post-image lazyload\" alt=\"\" data-srcset=\"https:\/\/conversesacatalunya.cat\/wp-content\/uploads\/2024\/01\/pope-francis-707390_640.jpg 640w, https:\/\/conversesacatalunya.cat\/wp-content\/uploads\/2024\/01\/pope-francis-707390_640-300x225.jpg 300w\" data-sizes=\"(max-width: 640px) 100vw, 640px\" src=\"data:image\/svg+xml;base64,PHN2ZyB3aWR0aD0iMSIgaGVpZ2h0PSIxIiB4bWxucz0iaHR0cDovL3d3dy53My5vcmcvMjAwMC9zdmciPjwvc3ZnPg==\" style=\"--smush-placeholder-width: 640px; --smush-placeholder-aspect-ratio: 640\/480;\" \/><\/a><\/div><h2 class=\"w-post-elm post_title usg_post_title_1 entry-title color_link_inherit\"><a href=\"https:\/\/conversesacatalunya.cat\/es\/fiducia-supplicans-la-confusion-esta-sembrada\/\">Fiducia Supplicans: la confusi\u00f3n est\u00e1 sembrada<\/a><\/h2><time class=\"w-post-elm post_date usg_post_date_1 has_text_color entry-date published\" datetime=\"2024-01-18T09:53:38+01:00\">18 enero, 2024<\/time><div class=\"w-post-elm post_author usg_post_author_1 vcard author color_link_inherit\"><div class=\"post-author-meta\"><a href=\"https:\/\/conversesacatalunya.cat\/es\/author\/carles-ros-arpa\/\" class=\"post-author-name fn\">Carles Ros Arpa<\/a><\/div><\/div>\t\t<\/div>\r\n\t\t\t<\/article>\r\n\t<article class=\"w-grid-item size_1x1 post-68502 post type-post status-publish format-standard has-post-thumbnail hentry category-veritas-in-caritate-es\" data-id=\"68502\">\r\n\t\t<div class=\"w-grid-item-h\">\r\n\t\t\t\t\t\t<div class=\"w-post-elm post_image usg_post_image_1 actualitat_img stretched\"><a href=\"https:\/\/conversesacatalunya.cat\/es\/el-espiritu-sopla-donde-quiere\/\" aria-label=\"El esp\u00edritu sopla donde quiere\"><img decoding=\"async\" width=\"958\" height=\"810\" data-src=\"https:\/\/conversesacatalunya.cat\/wp-content\/uploads\/2023\/06\/matrimonio-adorando.jpg\" class=\"attachment-large size-large wp-post-image lazyload\" alt=\"\" data-srcset=\"https:\/\/conversesacatalunya.cat\/wp-content\/uploads\/2023\/06\/matrimonio-adorando.jpg 958w, https:\/\/conversesacatalunya.cat\/wp-content\/uploads\/2023\/06\/matrimonio-adorando-300x254.jpg 300w\" data-sizes=\"(max-width: 958px) 100vw, 958px\" src=\"data:image\/svg+xml;base64,PHN2ZyB3aWR0aD0iMSIgaGVpZ2h0PSIxIiB4bWxucz0iaHR0cDovL3d3dy53My5vcmcvMjAwMC9zdmciPjwvc3ZnPg==\" style=\"--smush-placeholder-width: 958px; --smush-placeholder-aspect-ratio: 958\/810;\" \/><\/a><\/div><h2 class=\"w-post-elm post_title usg_post_title_1 entry-title color_link_inherit\"><a href=\"https:\/\/conversesacatalunya.cat\/es\/el-espiritu-sopla-donde-quiere\/\">El esp\u00edritu sopla donde quiere<\/a><\/h2><time class=\"w-post-elm post_date usg_post_date_1 has_text_color entry-date published\" datetime=\"2023-06-20T10:54:47+02:00\">20 junio, 2023<\/time><div class=\"w-post-elm post_author usg_post_author_1 vcard author color_link_inherit\"><div class=\"post-author-meta\"><a href=\"https:\/\/conversesacatalunya.cat\/es\/author\/carles-ros-arpa\/\" class=\"post-author-name fn\">Carles Ros Arpa<\/a><\/div><\/div>\t\t<\/div>\r\n\t\t\t<\/article>\r\n\t<article class=\"w-grid-item size_1x1 post-66766 post type-post status-publish format-standard has-post-thumbnail hentry category-veritas-in-caritate-es tag-natalitat-es\" data-id=\"66766\">\r\n\t\t<div class=\"w-grid-item-h\">\r\n\t\t\t\t\t\t<div class=\"w-post-elm post_image usg_post_image_1 actualitat_img stretched\"><a href=\"https:\/\/conversesacatalunya.cat\/es\/israel-y-cataluna-caminos-opuestos\/\" aria-label=\"Israel y Catalu\u00f1a: caminos opuestos\"><img decoding=\"async\" width=\"1024\" height=\"682\" data-src=\"https:\/\/conversesacatalunya.cat\/wp-content\/uploads\/2023\/04\/baby-g297851872_1280-1024x682.jpg\" class=\"attachment-large size-large wp-post-image lazyload\" alt=\"\" data-srcset=\"https:\/\/conversesacatalunya.cat\/wp-content\/uploads\/2023\/04\/baby-g297851872_1280-1024x682.jpg 1024w, https:\/\/conversesacatalunya.cat\/wp-content\/uploads\/2023\/04\/baby-g297851872_1280-300x200.jpg 300w, https:\/\/conversesacatalunya.cat\/wp-content\/uploads\/2023\/04\/baby-g297851872_1280.jpg 1280w\" data-sizes=\"(max-width: 1024px) 100vw, 1024px\" src=\"data:image\/svg+xml;base64,PHN2ZyB3aWR0aD0iMSIgaGVpZ2h0PSIxIiB4bWxucz0iaHR0cDovL3d3dy53My5vcmcvMjAwMC9zdmciPjwvc3ZnPg==\" style=\"--smush-placeholder-width: 1024px; --smush-placeholder-aspect-ratio: 1024\/682;\" \/><\/a><\/div><h2 class=\"w-post-elm post_title usg_post_title_1 entry-title color_link_inherit\"><a href=\"https:\/\/conversesacatalunya.cat\/es\/israel-y-cataluna-caminos-opuestos\/\">Israel y Catalu\u00f1a: caminos opuestos<\/a><\/h2><time class=\"w-post-elm post_date usg_post_date_1 has_text_color entry-date published\" datetime=\"2023-04-26T09:49:37+02:00\">26 abril, 2023<\/time><div class=\"w-post-elm post_author usg_post_author_1 vcard author color_link_inherit\"><div class=\"post-author-meta\"><a href=\"https:\/\/conversesacatalunya.cat\/es\/author\/carles-ros-arpa\/\" class=\"post-author-name fn\">Carles Ros Arpa<\/a><\/div><\/div>\t\t<\/div>\r\n\t\t\t<\/article>\r\n\t<article class=\"w-grid-item size_1x1 post-63684 post type-post status-publish format-standard has-post-thumbnail hentry category-veritas-in-caritate-es tag-benet-xvi-es\" data-id=\"63684\">\r\n\t\t<div class=\"w-grid-item-h\">\r\n\t\t\t\t\t\t<div class=\"w-post-elm post_image usg_post_image_1 actualitat_img stretched\"><a href=\"https:\/\/conversesacatalunya.cat\/es\/el-legado-perdurable-de-joseph-ratzinger\/\" aria-label=\"El legado perdurable de Joseph Ratzinger\"><img decoding=\"async\" width=\"640\" height=\"427\" data-src=\"https:\/\/conversesacatalunya.cat\/wp-content\/uploads\/2023\/01\/Sant-Pere.jpg\" class=\"attachment-large size-large wp-post-image lazyload\" alt=\"\" data-srcset=\"https:\/\/conversesacatalunya.cat\/wp-content\/uploads\/2023\/01\/Sant-Pere.jpg 640w, https:\/\/conversesacatalunya.cat\/wp-content\/uploads\/2023\/01\/Sant-Pere-300x200.jpg 300w\" data-sizes=\"(max-width: 640px) 100vw, 640px\" src=\"data:image\/svg+xml;base64,PHN2ZyB3aWR0aD0iMSIgaGVpZ2h0PSIxIiB4bWxucz0iaHR0cDovL3d3dy53My5vcmcvMjAwMC9zdmciPjwvc3ZnPg==\" style=\"--smush-placeholder-width: 640px; --smush-placeholder-aspect-ratio: 640\/427;\" \/><\/a><\/div><h2 class=\"w-post-elm post_title usg_post_title_1 entry-title color_link_inherit\"><a href=\"https:\/\/conversesacatalunya.cat\/es\/el-legado-perdurable-de-joseph-ratzinger\/\">El legado perdurable de Joseph Ratzinger<\/a><\/h2><time class=\"w-post-elm post_date usg_post_date_1 has_text_color entry-date published\" datetime=\"2023-01-13T11:18:31+01:00\">13 enero, 2023<\/time><div class=\"w-post-elm post_author usg_post_author_1 vcard author color_link_inherit\"><div class=\"post-author-meta\"><a href=\"https:\/\/conversesacatalunya.cat\/es\/author\/carles-ros-arpa\/\" class=\"post-author-name fn\">Carles Ros Arpa<\/a><\/div><\/div>\t\t<\/div>\r\n\t\t\t<\/article>\r\n\t<article class=\"w-grid-item size_1x1 post-62490 post type-post status-publish format-standard has-post-thumbnail hentry category-veritas-in-caritate-es tag-matrimoni-es tag-matrimonio\" data-id=\"62490\">\r\n\t\t<div class=\"w-grid-item-h\">\r\n\t\t\t\t\t\t<div class=\"w-post-elm post_image usg_post_image_1 actualitat_img stretched\"><a href=\"https:\/\/conversesacatalunya.cat\/es\/los-principios-innegociables\/\" aria-label=\"Los principios innegociables\"><img decoding=\"async\" width=\"640\" height=\"426\" data-src=\"https:\/\/conversesacatalunya.cat\/wp-content\/uploads\/2022\/11\/matrimonio.jpg\" class=\"attachment-large size-large wp-post-image lazyload\" alt=\"\" data-srcset=\"https:\/\/conversesacatalunya.cat\/wp-content\/uploads\/2022\/11\/matrimonio.jpg 640w, https:\/\/conversesacatalunya.cat\/wp-content\/uploads\/2022\/11\/matrimonio-300x200.jpg 300w\" data-sizes=\"(max-width: 640px) 100vw, 640px\" src=\"data:image\/svg+xml;base64,PHN2ZyB3aWR0aD0iMSIgaGVpZ2h0PSIxIiB4bWxucz0iaHR0cDovL3d3dy53My5vcmcvMjAwMC9zdmciPjwvc3ZnPg==\" style=\"--smush-placeholder-width: 640px; --smush-placeholder-aspect-ratio: 640\/426;\" \/><\/a><\/div><h2 class=\"w-post-elm post_title usg_post_title_1 entry-title color_link_inherit\"><a href=\"https:\/\/conversesacatalunya.cat\/es\/los-principios-innegociables\/\">Los principios innegociables<\/a><\/h2><time class=\"w-post-elm post_date usg_post_date_1 has_text_color entry-date published\" datetime=\"2022-11-23T09:23:23+01:00\">23 noviembre, 2022<\/time><div class=\"w-post-elm post_author usg_post_author_1 vcard author color_link_inherit\"><div class=\"post-author-meta\"><a href=\"https:\/\/conversesacatalunya.cat\/es\/author\/carles-ros-arpa\/\" class=\"post-author-name fn\">Carles Ros Arpa<\/a><\/div><\/div>\t\t<\/div>\r\n\t\t\t<\/article>\r\n\t<article class=\"w-grid-item size_1x1 post-60660 post type-post status-publish format-standard has-post-thumbnail hentry category-veritas-in-caritate-es tag-catolicos-es\" data-id=\"60660\">\r\n\t\t<div class=\"w-grid-item-h\">\r\n\t\t\t\t\t\t<div class=\"w-post-elm post_image usg_post_image_1 actualitat_img stretched\"><a href=\"https:\/\/conversesacatalunya.cat\/es\/catolicos-en-la-postmodernidad\/\" aria-label=\"Cat\u00f3licos en la postmodernidad\"><img decoding=\"async\" width=\"640\" height=\"427\" data-src=\"https:\/\/conversesacatalunya.cat\/wp-content\/uploads\/2022\/09\/postmodernitat.jpg\" class=\"attachment-large size-large wp-post-image lazyload\" alt=\"\" data-srcset=\"https:\/\/conversesacatalunya.cat\/wp-content\/uploads\/2022\/09\/postmodernitat.jpg 640w, https:\/\/conversesacatalunya.cat\/wp-content\/uploads\/2022\/09\/postmodernitat-300x200.jpg 300w\" data-sizes=\"(max-width: 640px) 100vw, 640px\" src=\"data:image\/svg+xml;base64,PHN2ZyB3aWR0aD0iMSIgaGVpZ2h0PSIxIiB4bWxucz0iaHR0cDovL3d3dy53My5vcmcvMjAwMC9zdmciPjwvc3ZnPg==\" style=\"--smush-placeholder-width: 640px; --smush-placeholder-aspect-ratio: 640\/427;\" \/><\/a><\/div><h2 class=\"w-post-elm post_title usg_post_title_1 entry-title color_link_inherit\"><a href=\"https:\/\/conversesacatalunya.cat\/es\/catolicos-en-la-postmodernidad\/\">Cat\u00f3licos en la postmodernidad<\/a><\/h2><time class=\"w-post-elm post_date usg_post_date_1 has_text_color entry-date published\" datetime=\"2022-09-12T09:55:53+02:00\">12 septiembre, 2022<\/time><div class=\"w-post-elm post_author usg_post_author_1 vcard author color_link_inherit\"><div class=\"post-author-meta\"><a href=\"https:\/\/conversesacatalunya.cat\/es\/author\/carles-ros-arpa\/\" class=\"post-author-name fn\">Carles Ros Arpa<\/a><\/div><\/div>\t\t<\/div>\r\n\t\t\t<\/article>\r\n\t<article class=\"w-grid-item size_1x1 post-60497 post type-post status-publish format-standard has-post-thumbnail hentry category-veritas-in-caritate-es tag-cataluna tag-cultura-es tag-familia-es tag-tradiciones\" data-id=\"60497\">\r\n\t\t<div class=\"w-grid-item-h\">\r\n\t\t\t\t\t\t<div class=\"w-post-elm post_image usg_post_image_1 actualitat_img stretched\"><a href=\"https:\/\/conversesacatalunya.cat\/es\/familia-pais-identidades\/\" aria-label=\"Familia, pa\u00eds, identidades\"><img decoding=\"async\" width=\"640\" height=\"427\" data-src=\"https:\/\/conversesacatalunya.cat\/wp-content\/uploads\/2022\/09\/Families.jpg\" class=\"attachment-large size-large wp-post-image lazyload\" alt=\"\" data-srcset=\"https:\/\/conversesacatalunya.cat\/wp-content\/uploads\/2022\/09\/Families.jpg 640w, https:\/\/conversesacatalunya.cat\/wp-content\/uploads\/2022\/09\/Families-300x200.jpg 300w\" data-sizes=\"(max-width: 640px) 100vw, 640px\" src=\"data:image\/svg+xml;base64,PHN2ZyB3aWR0aD0iMSIgaGVpZ2h0PSIxIiB4bWxucz0iaHR0cDovL3d3dy53My5vcmcvMjAwMC9zdmciPjwvc3ZnPg==\" style=\"--smush-placeholder-width: 640px; --smush-placeholder-aspect-ratio: 640\/427;\" \/><\/a><\/div><h2 class=\"w-post-elm post_title usg_post_title_1 entry-title color_link_inherit\"><a href=\"https:\/\/conversesacatalunya.cat\/es\/familia-pais-identidades\/\">Familia, pa\u00eds, identidades<\/a><\/h2><time class=\"w-post-elm post_date usg_post_date_1 has_text_color entry-date published\" datetime=\"2022-09-05T10:28:36+02:00\">5 septiembre, 2022<\/time><div class=\"w-post-elm post_author usg_post_author_1 vcard author color_link_inherit\"><div class=\"post-author-meta\"><a href=\"https:\/\/conversesacatalunya.cat\/es\/author\/carles-ros-arpa\/\" class=\"post-author-name fn\">Carles Ros Arpa<\/a><\/div><\/div>\t\t<\/div>\r\n\t\t\t<\/article>\r\n\t<article class=\"w-grid-item size_1x1 post-60171 post type-post status-publish format-standard has-post-thumbnail hentry category-veritas-in-caritate-es tag-guerra-cultural-es\" data-id=\"60171\">\r\n\t\t<div class=\"w-grid-item-h\">\r\n\t\t\t\t\t\t<div class=\"w-post-elm post_image usg_post_image_1 actualitat_img stretched\"><a href=\"https:\/\/conversesacatalunya.cat\/es\/consideraciones-guerra-cultural\/\" aria-label=\"Algunas consideraciones sobre la guerra cultural\"><img decoding=\"async\" width=\"640\" height=\"426\" data-src=\"https:\/\/conversesacatalunya.cat\/wp-content\/uploads\/2022\/08\/genero.jpg\" class=\"attachment-large size-large wp-post-image lazyload\" alt=\"guerra cultural\" data-srcset=\"https:\/\/conversesacatalunya.cat\/wp-content\/uploads\/2022\/08\/genero.jpg 640w, https:\/\/conversesacatalunya.cat\/wp-content\/uploads\/2022\/08\/genero-300x200.jpg 300w\" data-sizes=\"(max-width: 640px) 100vw, 640px\" src=\"data:image\/svg+xml;base64,PHN2ZyB3aWR0aD0iMSIgaGVpZ2h0PSIxIiB4bWxucz0iaHR0cDovL3d3dy53My5vcmcvMjAwMC9zdmciPjwvc3ZnPg==\" style=\"--smush-placeholder-width: 640px; --smush-placeholder-aspect-ratio: 640\/426;\" \/><\/a><\/div><h2 class=\"w-post-elm post_title usg_post_title_1 entry-title color_link_inherit\"><a href=\"https:\/\/conversesacatalunya.cat\/es\/consideraciones-guerra-cultural\/\">Algunas consideraciones sobre la guerra cultural<\/a><\/h2><time class=\"w-post-elm post_date usg_post_date_1 has_text_color entry-date published\" datetime=\"2022-08-26T12:28:03+02:00\">26 agosto, 2022<\/time><div class=\"w-post-elm post_author usg_post_author_1 vcard author color_link_inherit\"><div class=\"post-author-meta\"><a href=\"https:\/\/conversesacatalunya.cat\/es\/author\/carles-ros-arpa\/\" class=\"post-author-name fn\">Carles Ros Arpa<\/a><\/div><\/div>\t\t<\/div>\r\n\t\t\t<\/article>\r\n\t<article class=\"w-grid-item size_1x1 post-58689 post type-post status-publish format-standard has-post-thumbnail hentry category-veritas-in-caritate-es\" data-id=\"58689\">\r\n\t\t<div class=\"w-grid-item-h\">\r\n\t\t\t\t\t\t<div class=\"w-post-elm post_image usg_post_image_1 actualitat_img stretched\"><a href=\"https:\/\/conversesacatalunya.cat\/es\/con-el-nuevo-obispo\/\" aria-label=\"\u00a1Con el nuevo Obispo!\"><img decoding=\"async\" width=\"614\" height=\"600\" data-src=\"https:\/\/conversesacatalunya.cat\/wp-content\/uploads\/2022\/06\/cadira-carlemany.jpg\" class=\"attachment-large size-large wp-post-image lazyload\" alt=\"\" data-srcset=\"https:\/\/conversesacatalunya.cat\/wp-content\/uploads\/2022\/06\/cadira-carlemany.jpg 614w, https:\/\/conversesacatalunya.cat\/wp-content\/uploads\/2022\/06\/cadira-carlemany-300x293.jpg 300w\" data-sizes=\"(max-width: 614px) 100vw, 614px\" src=\"data:image\/svg+xml;base64,PHN2ZyB3aWR0aD0iMSIgaGVpZ2h0PSIxIiB4bWxucz0iaHR0cDovL3d3dy53My5vcmcvMjAwMC9zdmciPjwvc3ZnPg==\" style=\"--smush-placeholder-width: 614px; --smush-placeholder-aspect-ratio: 614\/600;\" \/><\/a><\/div><h2 class=\"w-post-elm post_title usg_post_title_1 entry-title color_link_inherit\"><a href=\"https:\/\/conversesacatalunya.cat\/es\/con-el-nuevo-obispo\/\">\u00a1Con el nuevo Obispo!<\/a><\/h2><time class=\"w-post-elm post_date usg_post_date_1 has_text_color entry-date published\" datetime=\"2022-06-23T12:15:47+02:00\">23 junio, 2022<\/time><div class=\"w-post-elm post_author usg_post_author_1 vcard author color_link_inherit\"><div class=\"post-author-meta\"><a href=\"https:\/\/conversesacatalunya.cat\/es\/author\/carles-ros-arpa\/\" class=\"post-author-name fn\">Carles Ros Arpa<\/a><\/div><\/div>\t\t<\/div>\r\n\t\t\t<\/article>\r\n\t<article class=\"w-grid-item size_1x1 post-58443 post type-post status-publish format-standard has-post-thumbnail hentry category-veritas-in-caritate-es tag-conversion\" data-id=\"58443\">\r\n\t\t<div class=\"w-grid-item-h\">\r\n\t\t\t\t\t\t<div class=\"w-post-elm post_image usg_post_image_1 actualitat_img stretched\"><a href=\"https:\/\/conversesacatalunya.cat\/es\/carlos-de-foucauld-un-santo-para-nuestro-tiempo\/\" aria-label=\"Carlos de Foucauld: un santo para nuestro tiempo\"><img decoding=\"async\" width=\"1024\" height=\"576\" data-src=\"https:\/\/conversesacatalunya.cat\/wp-content\/uploads\/2022\/06\/Foucauld-1024x576.jpeg\" class=\"attachment-large size-large wp-post-image lazyload\" alt=\"\" data-srcset=\"https:\/\/conversesacatalunya.cat\/wp-content\/uploads\/2022\/06\/Foucauld-1024x576.jpeg 1024w, https:\/\/conversesacatalunya.cat\/wp-content\/uploads\/2022\/06\/Foucauld-300x169.jpeg 300w, https:\/\/conversesacatalunya.cat\/wp-content\/uploads\/2022\/06\/Foucauld.jpeg 1500w\" data-sizes=\"(max-width: 1024px) 100vw, 1024px\" src=\"data:image\/svg+xml;base64,PHN2ZyB3aWR0aD0iMSIgaGVpZ2h0PSIxIiB4bWxucz0iaHR0cDovL3d3dy53My5vcmcvMjAwMC9zdmciPjwvc3ZnPg==\" style=\"--smush-placeholder-width: 1024px; --smush-placeholder-aspect-ratio: 1024\/576;\" \/><\/a><\/div><h2 class=\"w-post-elm post_title usg_post_title_1 entry-title color_link_inherit\"><a href=\"https:\/\/conversesacatalunya.cat\/es\/carlos-de-foucauld-un-santo-para-nuestro-tiempo\/\">Carlos de Foucauld: un santo para nuestro tiempo<\/a><\/h2><time class=\"w-post-elm post_date usg_post_date_1 has_text_color entry-date published\" datetime=\"2022-06-14T12:59:22+02:00\">14 junio, 2022<\/time><div class=\"w-post-elm post_author usg_post_author_1 vcard author color_link_inherit\"><div class=\"post-author-meta\"><a href=\"https:\/\/conversesacatalunya.cat\/es\/author\/carles-ros-arpa\/\" class=\"post-author-name fn\">Carles Ros Arpa<\/a><\/div><\/div>\t\t<\/div>\r\n\t\t\t<\/article>\r\n\t<article class=\"w-grid-item size_1x1 post-56790 post type-post status-publish format-standard has-post-thumbnail hentry category-veritas-in-caritate-es tag-esglesia-catolica-es tag-iglesia-catolica\" data-id=\"56790\">\r\n\t\t<div class=\"w-grid-item-h\">\r\n\t\t\t\t\t\t<div class=\"w-post-elm post_image usg_post_image_1 actualitat_img stretched\"><a href=\"https:\/\/conversesacatalunya.cat\/es\/la-guerra-cultural-divide-iglesia-alemania\/\" aria-label=\"La guerra cultural divide la Iglesia en Alemania\"><img decoding=\"async\" width=\"770\" height=\"480\" data-src=\"https:\/\/conversesacatalunya.cat\/wp-content\/uploads\/2022\/04\/CISMA-EN-ALEMANIA.jpg\" class=\"attachment-large size-large wp-post-image lazyload\" alt=\"\" data-srcset=\"https:\/\/conversesacatalunya.cat\/wp-content\/uploads\/2022\/04\/CISMA-EN-ALEMANIA.jpg 770w, https:\/\/conversesacatalunya.cat\/wp-content\/uploads\/2022\/04\/CISMA-EN-ALEMANIA-300x187.jpg 300w\" data-sizes=\"(max-width: 770px) 100vw, 770px\" src=\"data:image\/svg+xml;base64,PHN2ZyB3aWR0aD0iMSIgaGVpZ2h0PSIxIiB4bWxucz0iaHR0cDovL3d3dy53My5vcmcvMjAwMC9zdmciPjwvc3ZnPg==\" style=\"--smush-placeholder-width: 770px; --smush-placeholder-aspect-ratio: 770\/480;\" \/><\/a><\/div><h2 class=\"w-post-elm post_title usg_post_title_1 entry-title color_link_inherit\"><a href=\"https:\/\/conversesacatalunya.cat\/es\/la-guerra-cultural-divide-iglesia-alemania\/\">La guerra cultural divide la Iglesia en Alemania<\/a><\/h2><time class=\"w-post-elm post_date usg_post_date_1 has_text_color entry-date published\" datetime=\"2022-04-15T11:58:53+02:00\">15 abril, 2022<\/time><div class=\"w-post-elm post_author usg_post_author_1 vcard author color_link_inherit\"><div class=\"post-author-meta\"><a href=\"https:\/\/conversesacatalunya.cat\/es\/author\/carles-ros-arpa\/\" class=\"post-author-name fn\">Carles Ros Arpa<\/a><\/div><\/div>\t\t<\/div>\r\n\t\t\t<\/article>\r\n\t<article class=\"w-grid-item size_1x1 post-55631 post type-post status-publish format-standard has-post-thumbnail hentry category-veritas-in-caritate-es tag-sinodo\" data-id=\"55631\">\r\n\t\t<div class=\"w-grid-item-h\">\r\n\t\t\t\t\t\t<div class=\"w-post-elm post_image usg_post_image_1 actualitat_img stretched\"><a href=\"https:\/\/conversesacatalunya.cat\/es\/brotes-verdes-de-renacimiento-espiritual\/\" aria-label=\"Brotes verdes de renacimiento espiritual\"><img decoding=\"async\" width=\"640\" height=\"462\" data-src=\"https:\/\/conversesacatalunya.cat\/wp-content\/uploads\/2022\/03\/Ros.jpg\" class=\"attachment-large size-large wp-post-image lazyload\" alt=\"espiritual\" data-srcset=\"https:\/\/conversesacatalunya.cat\/wp-content\/uploads\/2022\/03\/Ros.jpg 640w, https:\/\/conversesacatalunya.cat\/wp-content\/uploads\/2022\/03\/Ros-300x217.jpg 300w\" data-sizes=\"(max-width: 640px) 100vw, 640px\" src=\"data:image\/svg+xml;base64,PHN2ZyB3aWR0aD0iMSIgaGVpZ2h0PSIxIiB4bWxucz0iaHR0cDovL3d3dy53My5vcmcvMjAwMC9zdmciPjwvc3ZnPg==\" style=\"--smush-placeholder-width: 640px; --smush-placeholder-aspect-ratio: 640\/462;\" \/><\/a><\/div><h2 class=\"w-post-elm post_title usg_post_title_1 entry-title color_link_inherit\"><a href=\"https:\/\/conversesacatalunya.cat\/es\/brotes-verdes-de-renacimiento-espiritual\/\">Brotes verdes de renacimiento espiritual<\/a><\/h2><time class=\"w-post-elm post_date usg_post_date_1 has_text_color entry-date published\" datetime=\"2022-03-09T08:42:08+01:00\">9 marzo, 2022<\/time><div class=\"w-post-elm post_author usg_post_author_1 vcard author color_link_inherit\"><div class=\"post-author-meta\"><a href=\"https:\/\/conversesacatalunya.cat\/es\/author\/carles-ros-arpa\/\" class=\"post-author-name fn\">Carles Ros Arpa<\/a><\/div><\/div>\t\t<\/div>\r\n\t\t\t<\/article>\r\n\t<article class=\"w-grid-item size_1x1 post-55046 post type-post status-publish format-standard has-post-thumbnail hentry category-veritas-in-caritate-es tag-papa-francesc-es tag-papa-francisco\" data-id=\"55046\">\r\n\t\t<div class=\"w-grid-item-h\">\r\n\t\t\t\t\t\t<div class=\"w-post-elm post_image usg_post_image_1 actualitat_img stretched\"><a href=\"https:\/\/conversesacatalunya.cat\/es\/ir-a-hacerse-la-foto-con-el-papa-francisco\/\" aria-label=\"Ir a hacerse la foto con el Papa Francisco\"><img decoding=\"async\" width=\"640\" height=\"426\" data-src=\"https:\/\/conversesacatalunya.cat\/wp-content\/uploads\/2022\/02\/vatica.jpg\" class=\"attachment-large size-large wp-post-image lazyload\" alt=\"Vaticano\" data-srcset=\"https:\/\/conversesacatalunya.cat\/wp-content\/uploads\/2022\/02\/vatica.jpg 640w, https:\/\/conversesacatalunya.cat\/wp-content\/uploads\/2022\/02\/vatica-300x200.jpg 300w\" data-sizes=\"(max-width: 640px) 100vw, 640px\" src=\"data:image\/svg+xml;base64,PHN2ZyB3aWR0aD0iMSIgaGVpZ2h0PSIxIiB4bWxucz0iaHR0cDovL3d3dy53My5vcmcvMjAwMC9zdmciPjwvc3ZnPg==\" style=\"--smush-placeholder-width: 640px; --smush-placeholder-aspect-ratio: 640\/426;\" \/><\/a><\/div><h2 class=\"w-post-elm post_title usg_post_title_1 entry-title color_link_inherit\"><a href=\"https:\/\/conversesacatalunya.cat\/es\/ir-a-hacerse-la-foto-con-el-papa-francisco\/\">Ir a hacerse la foto con el Papa Francisco<\/a><\/h2><time class=\"w-post-elm post_date usg_post_date_1 has_text_color entry-date published\" datetime=\"2022-02-18T12:28:09+01:00\">18 febrero, 2022<\/time><div class=\"w-post-elm post_author usg_post_author_1 vcard author color_link_inherit\"><div class=\"post-author-meta\"><a href=\"https:\/\/conversesacatalunya.cat\/es\/author\/carles-ros-arpa\/\" class=\"post-author-name fn\">Carles Ros Arpa<\/a><\/div><\/div>\t\t<\/div>\r\n\t\t\t<\/article>\r\n\t<article class=\"w-grid-item size_1x1 post-53877 post type-post status-publish format-standard has-post-thumbnail hentry category-veritas-in-caritate-es\" data-id=\"53877\">\r\n\t\t<div class=\"w-grid-item-h\">\r\n\t\t\t\t\t\t<div class=\"w-post-elm post_image usg_post_image_1 actualitat_img stretched\"><a href=\"https:\/\/conversesacatalunya.cat\/es\/mas-john-ford-y-menos-netflix\/\" aria-label=\"\u00a1M\u00e1s John Ford y menos Netflix!\"><img decoding=\"async\" width=\"640\" height=\"412\" data-src=\"https:\/\/conversesacatalunya.cat\/wp-content\/uploads\/2022\/01\/Ford.jpg\" class=\"attachment-large size-large wp-post-image lazyload\" alt=\"Ford\" data-srcset=\"https:\/\/conversesacatalunya.cat\/wp-content\/uploads\/2022\/01\/Ford.jpg 640w, https:\/\/conversesacatalunya.cat\/wp-content\/uploads\/2022\/01\/Ford-300x193.jpg 300w\" data-sizes=\"(max-width: 640px) 100vw, 640px\" src=\"data:image\/svg+xml;base64,PHN2ZyB3aWR0aD0iMSIgaGVpZ2h0PSIxIiB4bWxucz0iaHR0cDovL3d3dy53My5vcmcvMjAwMC9zdmciPjwvc3ZnPg==\" style=\"--smush-placeholder-width: 640px; --smush-placeholder-aspect-ratio: 640\/412;\" \/><\/a><\/div><h2 class=\"w-post-elm post_title usg_post_title_1 entry-title color_link_inherit\"><a href=\"https:\/\/conversesacatalunya.cat\/es\/mas-john-ford-y-menos-netflix\/\">\u00a1M\u00e1s John Ford y menos Netflix!<\/a><\/h2><time class=\"w-post-elm post_date usg_post_date_1 has_text_color entry-date published\" datetime=\"2022-01-14T15:34:28+01:00\">14 enero, 2022<\/time><div class=\"w-post-elm post_author usg_post_author_1 vcard author color_link_inherit\"><div class=\"post-author-meta\"><a href=\"https:\/\/conversesacatalunya.cat\/es\/author\/carles-ros-arpa\/\" class=\"post-author-name fn\">Carles Ros Arpa<\/a><\/div><\/div>\t\t<\/div>\r\n\t\t\t<\/article>\r\n\t<article class=\"w-grid-item size_1x1 post-53480 post type-post status-publish format-standard has-post-thumbnail hentry category-veritas-in-caritate-es tag-nadal-es tag-navidad\" data-id=\"53480\">\r\n\t\t<div class=\"w-grid-item-h\">\r\n\t\t\t\t\t\t<div class=\"w-post-elm post_image usg_post_image_1 actualitat_img stretched\"><a href=\"https:\/\/conversesacatalunya.cat\/es\/buenas-noticias\/\" aria-label=\"\u00a1Buenas Noticias!\"><img decoding=\"async\" width=\"640\" height=\"480\" data-src=\"https:\/\/conversesacatalunya.cat\/wp-content\/uploads\/2021\/12\/Bones-noticies.jpg\" class=\"attachment-large size-large wp-post-image lazyload\" alt=\"Navidad\" data-srcset=\"https:\/\/conversesacatalunya.cat\/wp-content\/uploads\/2021\/12\/Bones-noticies.jpg 640w, https:\/\/conversesacatalunya.cat\/wp-content\/uploads\/2021\/12\/Bones-noticies-300x225.jpg 300w\" data-sizes=\"(max-width: 640px) 100vw, 640px\" src=\"data:image\/svg+xml;base64,PHN2ZyB3aWR0aD0iMSIgaGVpZ2h0PSIxIiB4bWxucz0iaHR0cDovL3d3dy53My5vcmcvMjAwMC9zdmciPjwvc3ZnPg==\" style=\"--smush-placeholder-width: 640px; --smush-placeholder-aspect-ratio: 640\/480;\" \/><\/a><\/div><h2 class=\"w-post-elm post_title usg_post_title_1 entry-title color_link_inherit\"><a href=\"https:\/\/conversesacatalunya.cat\/es\/buenas-noticias\/\">\u00a1Buenas Noticias!<\/a><\/h2><time class=\"w-post-elm post_date usg_post_date_1 has_text_color entry-date published\" datetime=\"2021-12-28T12:26:17+01:00\">28 diciembre, 2021<\/time><div class=\"w-post-elm post_author usg_post_author_1 vcard author color_link_inherit\"><div class=\"post-author-meta\"><a href=\"https:\/\/conversesacatalunya.cat\/es\/author\/carles-ros-arpa\/\" class=\"post-author-name fn\">Carles Ros Arpa<\/a><\/div><\/div>\t\t<\/div>\r\n\t\t\t<\/article>\r\n\t<article class=\"w-grid-item size_1x1 post-52675 post type-post status-publish format-standard has-post-thumbnail hentry category-veritas-in-caritate-es tag-esglesia-catolica-es tag-iglesia-catolica tag-papa-francisco tag-sinodo\" data-id=\"52675\">\r\n\t\t<div class=\"w-grid-item-h\">\r\n\t\t\t\t\t\t<div class=\"w-post-elm post_image usg_post_image_1 actualitat_img stretched\"><a href=\"https:\/\/conversesacatalunya.cat\/es\/el-sinodo-iglesia-contexto-propuestas\/\" aria-label=\"El S\u00ednodo de la Iglesia: contexto y propuestas\"><img decoding=\"async\" width=\"640\" height=\"425\" data-src=\"https:\/\/conversesacatalunya.cat\/wp-content\/uploads\/2021\/12\/Esglesia.jpg\" class=\"attachment-large size-large wp-post-image lazyload\" alt=\"Iglesia\" data-srcset=\"https:\/\/conversesacatalunya.cat\/wp-content\/uploads\/2021\/12\/Esglesia.jpg 640w, https:\/\/conversesacatalunya.cat\/wp-content\/uploads\/2021\/12\/Esglesia-300x199.jpg 300w\" data-sizes=\"(max-width: 640px) 100vw, 640px\" src=\"data:image\/svg+xml;base64,PHN2ZyB3aWR0aD0iMSIgaGVpZ2h0PSIxIiB4bWxucz0iaHR0cDovL3d3dy53My5vcmcvMjAwMC9zdmciPjwvc3ZnPg==\" style=\"--smush-placeholder-width: 640px; --smush-placeholder-aspect-ratio: 640\/425;\" \/><\/a><\/div><h2 class=\"w-post-elm post_title usg_post_title_1 entry-title color_link_inherit\"><a href=\"https:\/\/conversesacatalunya.cat\/es\/el-sinodo-iglesia-contexto-propuestas\/\">El S\u00ednodo de la Iglesia: contexto y propuestas<\/a><\/h2><time class=\"w-post-elm post_date usg_post_date_1 has_text_color entry-date published\" datetime=\"2021-12-08T10:20:15+01:00\">8 diciembre, 2021<\/time><div class=\"w-post-elm post_author usg_post_author_1 vcard author color_link_inherit\"><div class=\"post-author-meta\"><a href=\"https:\/\/conversesacatalunya.cat\/es\/author\/carles-ros-arpa\/\" class=\"post-author-name fn\">Carles Ros Arpa<\/a><\/div><\/div>\t\t<\/div>\r\n\t\t\t<\/article>\r\n\t<article class=\"w-grid-item size_1x1 post-49233 post type-post status-publish format-standard has-post-thumbnail hentry category-veritas-in-caritate-es tag-obispos-catalanes\" data-id=\"49233\">\r\n\t\t<div class=\"w-grid-item-h\">\r\n\t\t\t\t\t\t<div class=\"w-post-elm post_image usg_post_image_1 actualitat_img stretched\"><a href=\"https:\/\/conversesacatalunya.cat\/es\/obispo-de-girona\/\" aria-label=\"Los retos del nuevo obispo de Girona\"><img decoding=\"async\" width=\"800\" height=\"533\" data-src=\"https:\/\/conversesacatalunya.cat\/wp-content\/uploads\/2021\/06\/bISBAT-gIRONA.jpg\" class=\"attachment-large size-large wp-post-image lazyload\" alt=\"Bisbat Girona\" data-srcset=\"https:\/\/conversesacatalunya.cat\/wp-content\/uploads\/2021\/06\/bISBAT-gIRONA.jpg 800w, https:\/\/conversesacatalunya.cat\/wp-content\/uploads\/2021\/06\/bISBAT-gIRONA-300x200.jpg 300w, https:\/\/conversesacatalunya.cat\/wp-content\/uploads\/2021\/06\/bISBAT-gIRONA-150x100.jpg 150w\" data-sizes=\"(max-width: 800px) 100vw, 800px\" src=\"data:image\/svg+xml;base64,PHN2ZyB3aWR0aD0iMSIgaGVpZ2h0PSIxIiB4bWxucz0iaHR0cDovL3d3dy53My5vcmcvMjAwMC9zdmciPjwvc3ZnPg==\" style=\"--smush-placeholder-width: 800px; --smush-placeholder-aspect-ratio: 800\/533;\" \/><\/a><\/div><h2 class=\"w-post-elm post_title usg_post_title_1 entry-title color_link_inherit\"><a href=\"https:\/\/conversesacatalunya.cat\/es\/obispo-de-girona\/\">Los retos del nuevo obispo de Girona<\/a><\/h2><time class=\"w-post-elm post_date usg_post_date_1 has_text_color entry-date published\" datetime=\"2021-06-18T08:10:57+02:00\">18 junio, 2021<\/time><div class=\"w-post-elm post_author usg_post_author_1 vcard author color_link_inherit\"><div class=\"post-author-meta\"><a href=\"https:\/\/conversesacatalunya.cat\/es\/author\/carles-ros-arpa\/\" class=\"post-author-name fn\">Carles Ros Arpa<\/a><\/div><\/div>\t\t<\/div>\r\n\t\t\t<\/article>\r\n\t<article class=\"w-grid-item size_1x1 post-48066 post type-post status-publish format-standard has-post-thumbnail hentry category-veritas-in-caritate-es tag-educacion-sexual tag-sexualidad\" data-id=\"48066\">\r\n\t\t<div class=\"w-grid-item-h\">\r\n\t\t\t\t\t\t<div class=\"w-post-elm post_image usg_post_image_1 actualitat_img stretched\"><a href=\"https:\/\/conversesacatalunya.cat\/es\/la-educacion-sentimental\/\" aria-label=\"La educaci\u00f3n sentimental\"><img decoding=\"async\" width=\"640\" height=\"637\" data-src=\"https:\/\/conversesacatalunya.cat\/wp-content\/uploads\/2021\/05\/pelicula.jpg\" class=\"attachment-large size-large wp-post-image lazyload\" alt=\"\" data-srcset=\"https:\/\/conversesacatalunya.cat\/wp-content\/uploads\/2021\/05\/pelicula.jpg 640w, https:\/\/conversesacatalunya.cat\/wp-content\/uploads\/2021\/05\/pelicula-300x300.jpg 300w, https:\/\/conversesacatalunya.cat\/wp-content\/uploads\/2021\/05\/pelicula-150x149.jpg 150w, https:\/\/conversesacatalunya.cat\/wp-content\/uploads\/2021\/05\/pelicula-96x96.jpg 96w\" data-sizes=\"(max-width: 640px) 100vw, 640px\" src=\"data:image\/svg+xml;base64,PHN2ZyB3aWR0aD0iMSIgaGVpZ2h0PSIxIiB4bWxucz0iaHR0cDovL3d3dy53My5vcmcvMjAwMC9zdmciPjwvc3ZnPg==\" style=\"--smush-placeholder-width: 640px; --smush-placeholder-aspect-ratio: 640\/637;\" \/><\/a><\/div><h2 class=\"w-post-elm post_title usg_post_title_1 entry-title color_link_inherit\"><a href=\"https:\/\/conversesacatalunya.cat\/es\/la-educacion-sentimental\/\">La educaci\u00f3n sentimental<\/a><\/h2><time class=\"w-post-elm post_date usg_post_date_1 has_text_color entry-date published\" datetime=\"2021-05-14T09:36:17+02:00\">14 mayo, 2021<\/time><div class=\"w-post-elm post_author usg_post_author_1 vcard author color_link_inherit\"><div class=\"post-author-meta\"><a href=\"https:\/\/conversesacatalunya.cat\/es\/author\/carles-ros-arpa\/\" class=\"post-author-name fn\">Carles Ros Arpa<\/a><\/div><\/div>\t\t<\/div>\r\n\t\t\t<\/article>\r\n<\/div><div class=\"w-grid-preloader\">\t<div class=\"g-preloader type_1\">\r\n\t\t<div><\/div>\r\n\t<\/div>\r\n\t<\/div>\t\t\t<nav class=\"pagination navigation\" role=\"navigation\">\r\n\t\t\t\t<div class=\"nav-links\">\r\n\t\t\t\t\t<span aria-current=\"page\" class=\"page-numbers current\"><span>1<\/span><\/span>\n<a class=\"page-numbers\" href=\"https:\/\/conversesacatalunya.cat\/es\/wp-json\/wp\/v2\/pages\/27966\/page\/2\/\"><span>2<\/span><\/a>\n<a class=\"next page-numbers\" href=\"https:\/\/conversesacatalunya.cat\/es\/wp-json\/wp\/v2\/pages\/27966\/page\/2\/\"><span>Siguiente<\/span><\/a>\t\t\t\t<\/div>\r\n\t\t\t<\/nav>\r\n\t\t\t\t<div class=\"w-grid-json hidden\" onclick='return {&quot;action&quot;:&quot;us_ajax_grid&quot;,&quot;infinite_scroll&quot;:0,&quot;max_num_pages&quot;:2,&quot;pagination&quot;:&quot;regular&quot;,&quot;template_vars&quot;:{&quot;columns&quot;:&quot;3&quot;,&quot;exclude_items&quot;:&quot;none&quot;,&quot;img_size&quot;:&quot;default&quot;,&quot;ignore_items_size&quot;:0,&quot;items_layout&quot;:&quot;28091&quot;,&quot;items_offset&quot;:&quot;1&quot;,&quot;load_animation&quot;:&quot;none&quot;,&quot;overriding_link&quot;:&quot;{\\&quot;url\\&quot;:\\&quot;\\&quot;}&quot;,&quot;post_id&quot;:0,&quot;query_args&quot;:{&quot;post_type&quot;:[&quot;post&quot;],&quot;tax_query&quot;:[{&quot;taxonomy&quot;:&quot;category&quot;,&quot;field&quot;:&quot;slug&quot;,&quot;terms&quot;:[&quot;veritas-in-caritate-es&quot;]}],&quot;post_status&quot;:[&quot;publish&quot;],&quot;posts_per_page&quot;:&quot;30&quot;},&quot;orderby_query_args&quot;:{&quot;orderby&quot;:{&quot;date&quot;:&quot;DESC&quot;}},&quot;type&quot;:&quot;grid&quot;,&quot;us_grid_post_type&quot;:&quot;post&quot;,&quot;us_grid_ajax_index&quot;:1,&quot;us_grid_filter_query_string&quot;:null,&quot;us_grid_index&quot;:1,&quot;page_args&quot;:[],&quot;lang&quot;:&quot;es&quot;}}'><\/div>\r\n\t<\/div><\/div><\/div><\/div><div class=\"vc_col-sm-4 wpb_column vc_column_container\"><div class=\"vc_column-inner\"><div class=\"wpb_wrapper\"><div class=\"wpb_widgetised_column wpb_content_element\"><div class=\"wpb_wrapper\"><div id=\"block-6\" class=\"widget widget_block\"><div class=\"a-single a-12\"><!-- Banner est\u00e1ndar -->\r\n<!-- Banner est\u00e1ndar -->\r\n<a class=\"gofollow\" data-track=\"MTIsMCw2MA==\" href=\"https:\/\/www.aiguesdebarcelona.cat\/es\/\" rel=\"nofollow\" target=\"_blank\"><img decoding=\"async\" data-src=\"https:\/\/conversesacatalunya.cat\/wp-content\/uploads\/2023\/06\/Banner_QdA_300x250_ES.jpg\" src=\"data:image\/svg+xml;base64,PHN2ZyB3aWR0aD0iMSIgaGVpZ2h0PSIxIiB4bWxucz0iaHR0cDovL3d3dy53My5vcmcvMjAwMC9zdmciPjwvc3ZnPg==\" class=\"lazyload\" style=\"--smush-placeholder-width: 300px; --smush-placeholder-aspect-ratio: 300\/250;\"><\/a><\/div>\n<\/div><div id=\"block-5\" class=\"widget widget_block\"><p><!-- Error, \u00a1el anuncio no est\u00e1 disponible en este momento debido a restricciones de programaci\u00f3n\/geolocalizaci\u00f3n! --><\/p>\n<\/div><div id=\"block-7\" class=\"widget widget_block\"><p><!-- Error, \u00a1el anuncio no est\u00e1 disponible en este momento debido a restricciones de programaci\u00f3n\/geolocalizaci\u00f3n! --><\/p>\n<\/div><div id=\"text-19\" class=\"widget widget_text\">\t\t\t<div class=\"textwidget\"><div class=\"desc-autor\"><img decoding=\"async\" data-src=\"https:\/\/conversesacatalunya.cat\/wp-content\/uploads\/2019\/05\/fotovictor2010.jpg\" src=\"data:image\/svg+xml;base64,PHN2ZyB3aWR0aD0iMSIgaGVpZ2h0PSIxIiB4bWxucz0iaHR0cDovL3d3dy53My5vcmcvMjAwMC9zdmciPjwvc3ZnPg==\" class=\"lazyload\" style=\"--smush-placeholder-width: 2136px; --smush-placeholder-aspect-ratio: 2136\/3216;\" \/><b>V\u00edctor Pou<\/b> es doctor en derecho y licenciado en ciencias econ\u00f3micas por la Universitat de Barcelona, MBA por la IESE Business School de la Universidad de Navarra y Graduado en Integraci\u00f3n Europea por la Universidad de \u00c1msterdam. Es profesor del IESE Business School y de la Universidad Internacional de Catalu\u00f1a (UIC). Es Socio de la consultor\u00eda TAS Europrojects (Bruselas). Ha sido Ninguno de Unidad y Consejero de Relaciones Exteriores a la Comisi\u00f3n Europea (Bruselas). Ha sido Director del Patronato Catal\u00e1n pro Europa y Director General de Adecuaci\u00f3n a las Comunidades Europeas de la Generalitat de Catalu\u00f1a.<\/div><\/div>\n\t\t<\/div><div id=\"text-31\" class=\"widget widget_text\">\t\t\t<div class=\"textwidget\"><div class=\"desc-autor\"><img decoding=\"async\" data-src=\"https:\/\/conversesacatalunya.cat\/wp-content\/uploads\/2019\/02\/Captura-de-pantalla-2019-02-18-a-las-15.39.34.png\" src=\"data:image\/svg+xml;base64,PHN2ZyB3aWR0aD0iMSIgaGVpZ2h0PSIxIiB4bWxucz0iaHR0cDovL3d3dy53My5vcmcvMjAwMC9zdmciPjwvc3ZnPg==\" class=\"lazyload\" style=\"--smush-placeholder-width: 685px; --smush-placeholder-aspect-ratio: 685\/575;\" \/><strong>Marc Mir\u00f3<\/strong> : (Barcelona 1994) soy economista por la Universitat Pompeu Fabra y m\u00e1ster en Econom\u00eda de las Pol\u00edticas P\u00fablicas. He estado representando de los estudiantes en varios \u00f3rganos de la universidad y zoco ninguna escucha. \u201cEl fin de tener la mente abierta, como el de la boca abierta, es llenarla con algo valiosa\u201d (G.K. Chesterton).<\/div><\/div>\n\t\t<\/div><div id=\"text-32\" class=\"widget widget_text\">\t\t\t<div class=\"textwidget\"><div class=\"desc-autor\"><img decoding=\"async\" data-src=\"https:\/\/conversesacatalunya.cat\/wp-content\/uploads\/2019\/02\/taG6Sd2i-2.jpg\" src=\"data:image\/svg+xml;base64,PHN2ZyB3aWR0aD0iMSIgaGVpZ2h0PSIxIiB4bWxucz0iaHR0cDovL3d3dy53My5vcmcvMjAwMC9zdmciPjwvc3ZnPg==\" class=\"lazyload\" style=\"--smush-placeholder-width: 512px; --smush-placeholder-aspect-ratio: 512\/512;\" \/><strong>Josep Mir\u00f3 y Ard\u00e8vol<\/strong>: Lo m\u00e1s importante que he hecho en mi vida es casarme con Muntsa, tener hijos, Marc y Josep y, pero eso ya es una feliz derivada, una nieta, Anna. Lo m\u00e1s grande que me ha sucedido es haber dispuesto del don de la fe. A partir de ah\u00ed, todo lo dem\u00e1s son consecuencias o complementos.<\/div><\/div>\n\t\t<\/div><div id=\"text-33\" class=\"widget widget_text\">\t\t\t<div class=\"textwidget\"><div class=\"desc-autor\"><img decoding=\"async\" data-src=\"https:\/\/conversesacatalunya.cat\/wp-content\/uploads\/2019\/02\/Fra-Valenti-Serra.jpg\" src=\"data:image\/svg+xml;base64,PHN2ZyB3aWR0aD0iMSIgaGVpZ2h0PSIxIiB4bWxucz0iaHR0cDovL3d3dy53My5vcmcvMjAwMC9zdmciPjwvc3ZnPg==\" class=\"lazyload\" style=\"--smush-placeholder-width: 300px; --smush-placeholder-aspect-ratio: 300\/300;\" \/><strong>Fray Valent\u00ed Serra de Manresa<\/strong> (Manresa, Barcelona, 1959) es un religioso capuchino y sacerdote que profesa la Regla de Sant Francesc. Se doctor\u00f3 en Historia en la Universitat de Barcelona el 1995. Desde el a\u00f1o 1987 es el archivero provincial de los capuchinos y director de la Biblioteca Hispano-Capuchina. Colaborador cient\u00edfico de la Facultad de Teolog\u00eda de Catalu\u00f1a, forma parte, a su vez, del Claustro de Doctores de la Universitat de Barcelona. Destaca por su producci\u00f3n acad\u00e9mica, pero la mayor notoriedad lo ha logrado por sus conocimientos y divulgaci\u00f3n de las hierbas medicinales y la tradicional sabidur\u00eda de los monasterios en relaci\u00f3n a la alimentaci\u00f3n saludable. Actualmente reside en el convento de los Capuchinos de Sarri\u00e1 (Barcelona).<\/div><\/div>\n\t\t<\/div><div id=\"text-34\" class=\"widget widget_text\">\t\t\t<div class=\"textwidget\"><div class=\"desc-autor\"><img decoding=\"async\" data-src=\"https:\/\/conversesacatalunya.cat\/wp-content\/uploads\/2019\/02\/Carlos-Losada-img.jpg\" src=\"data:image\/svg+xml;base64,PHN2ZyB3aWR0aD0iMSIgaGVpZ2h0PSIxIiB4bWxucz0iaHR0cDovL3d3dy53My5vcmcvMjAwMC9zdmciPjwvc3ZnPg==\" class=\"lazyload\" style=\"--smush-placeholder-width: 250px; --smush-placeholder-aspect-ratio: 250\/250;\" \/><strong>Carlos Losada<\/strong> Doctor en Ciencias de la Gesti\u00f3n (PhD in Management Sciences) por la Universitat Ramon Llull. Licenciado en Direcci\u00f3n y Administraci\u00f3n de Empresas y M\u00e1ster en Administraci\u00f3n y Direcci\u00f3n de Empresas por ESADE. Licenciado en Derecho por la Universitat de Barcelona. Diplomado por la JFK School of Government (Harvard University) .\r\nInici\u00f3 su carrera en el sector privado. Ha ejercido varios lugares de direcci\u00f3n, tanto t\u00e9cnica como pol\u00edtica , a la Generalitat de Catalu\u00f1a . Ha trabajado en varias instituciones multilaterales. En 2000, se reincorpora a ESADE como director general , cargo que ejerce hasta el a\u00f1o 2010. Durante este periodo, es miembro de varios consejos de administraci\u00f3n y \u00f3rganos de gobierno.\r\nActualmente, compagina su actividad acad\u00e9mica con la pertenencia a varios \u00f3rganos de gobierno. Es Miembro del grupo de reflexi\u00f3n Construimos.<\/div><\/div>\n\t\t<\/div><div id=\"text-41\" class=\"widget widget_text\">\t\t\t<div class=\"textwidget\"><div class=\"desc-autor\"><img decoding=\"async\" data-src=\"https:\/\/conversesacatalunya.cat\/wp-content\/uploads\/2020\/05\/MARGENAT-02.jpg\" src=\"data:image\/svg+xml;base64,PHN2ZyB3aWR0aD0iMSIgaGVpZ2h0PSIxIiB4bWxucz0iaHR0cDovL3d3dy53My5vcmcvMjAwMC9zdmciPjwvc3ZnPg==\" class=\"lazyload\" style=\"--smush-placeholder-width: 2032px; --smush-placeholder-aspect-ratio: 2032\/1354;\" \/><strong>Josep M. Margenat<\/strong> Jesuita, trabaja en Cristianismo y Justicia (Barcelona) y en el Centro Internacional de Espiritualidad de Manresa. Profesor titular de Filosof\u00eda social en la Universidad Loyola Andaluc\u00eda.<\/div><\/div>\n\t\t<\/div><div id=\"text-35\" class=\"widget widget_text\">\t\t\t<div class=\"textwidget\"><div class=\"desc-autor\"><img decoding=\"async\" data-src=\"https:\/\/conversesacatalunya.cat\/wp-content\/uploads\/2019\/02\/Antoni-Duran.jpg\" src=\"data:image\/svg+xml;base64,PHN2ZyB3aWR0aD0iMSIgaGVpZ2h0PSIxIiB4bWxucz0iaHR0cDovL3d3dy53My5vcmcvMjAwMC9zdmciPjwvc3ZnPg==\" class=\"lazyload\" style=\"--smush-placeholder-width: 250px; --smush-placeholder-aspect-ratio: 250\/250;\" \/><strong>Antoni Dur\u00e1n-Sindreu<\/strong> Es profesor de la UPF y socio-director de Dur\u00e1n-Sindreu, Abogados y Consultores de Empresa.<\/div><\/div>\n\t\t<\/div><div id=\"text-36\" class=\"widget widget_text\">\t\t\t<div class=\"textwidget\"><div class=\"desc-autor\"><img decoding=\"async\" data-src=\"https:\/\/conversesacatalunya.cat\/wp-content\/uploads\/2019\/02\/Josep-Manuel-Silva.jpg\" src=\"data:image\/svg+xml;base64,PHN2ZyB3aWR0aD0iMSIgaGVpZ2h0PSIxIiB4bWxucz0iaHR0cDovL3d3dy53My5vcmcvMjAwMC9zdmciPjwvc3ZnPg==\" class=\"lazyload\" style=\"--smush-placeholder-width: 226px; --smush-placeholder-aspect-ratio: 226\/226;\" \/><strong>Josep Manuel Silva<\/strong> (Barcelona, 1961) es abogado y periodista y profesor asociado del Departamento de Periodismo de la Facultad de Ciencias de Comunicaci\u00f3n de la Universitat Aut\u00f2noma de Barcelona. Colabora con varios medios de comunicaci\u00f3n y form\u00f3 parte del Consejo de Administraci\u00f3n de RTVE. Actualmente es miembro del Consejo de Administraci\u00f3n de Cugat.cat. y vocal de la Plataforma Construim.<\/div><\/div>\n\t\t<\/div><div id=\"text-37\" class=\"widget widget_text\">\t\t\t<div class=\"textwidget\"><div class=\"desc-autor\"><img decoding=\"async\" data-src=\"https:\/\/conversesacatalunya.cat\/wp-content\/uploads\/2019\/02\/simo-aliana.jpg\" src=\"data:image\/svg+xml;base64,PHN2ZyB3aWR0aD0iMSIgaGVpZ2h0PSIxIiB4bWxucz0iaHR0cDovL3d3dy53My5vcmcvMjAwMC9zdmciPjwvc3ZnPg==\" class=\"lazyload\" style=\"--smush-placeholder-width: 256px; --smush-placeholder-aspect-ratio: 256\/256;\" \/><strong>Sim\u00f3 Aliana<\/strong> (Almenar -Lleida-, 1947). Graduado por UB en Pedagog\u00eda, UAB en Econom\u00eda y MIT en Management. Ha trabajado en diferentes lugares de responsabilidad en el sector p\u00fablico y en el sector privado. Actualmente jubilado.<\/div><\/div>\n\t\t<\/div><div id=\"text-38\" class=\"widget widget_text\">\t\t\t<div class=\"textwidget\"><div class=\"desc-autor\"><img decoding=\"async\" data-src=\"https:\/\/conversesacatalunya.cat\/wp-content\/uploads\/2019\/02\/treva-i-pau.png\" src=\"data:image\/svg+xml;base64,PHN2ZyB3aWR0aD0iMSIgaGVpZ2h0PSIxIiB4bWxucz0iaHR0cDovL3d3dy53My5vcmcvMjAwMC9zdmciPjwvc3ZnPg==\" class=\"lazyload\" style=\"--smush-placeholder-width: 220px; --smush-placeholder-aspect-ratio: 220\/220;\" \/><strong>Col\u00b7lectiu Treva i Pau<\/strong> Grupo de personas que reflexiona sobre la situaci\u00f3n social, pol\u00edtica y econ\u00f3mica: Jordi Alberich, Josep M. Bricall, Eugeni Gay, Jaume Lanaspa, Carlos Losada, J.J. L\u00f3pez Burniol, Josep Mir\u00f3 y Ard\u00e8vol, Alfredo Pastor<\/div><\/div>\n\t\t<\/div><div id=\"text-39\" class=\"widget widget_text\">\t\t\t<div class=\"textwidget\"><div class=\"desc-autor\"><img decoding=\"async\" data-src=\"https:\/\/conversesacatalunya.cat\/wp-content\/uploads\/2019\/02\/p_092.jpg\" src=\"data:image\/svg+xml;base64,PHN2ZyB3aWR0aD0iMSIgaGVpZ2h0PSIxIiB4bWxucz0iaHR0cDovL3d3dy53My5vcmcvMjAwMC9zdmciPjwvc3ZnPg==\" class=\"lazyload\" style=\"--smush-placeholder-width: 364px; --smush-placeholder-aspect-ratio: 364\/364;\" \/><strong>Alfredo Pastor<\/strong> Se licenci\u00f3 en Econom\u00eda en la Universitat de Barcelona el 1968 y se doctor\u00f3 en Econom\u00eda en el Massachusetts Institute of Technology el 1972, y el a\u00f1o siguiente en Ciencias Econ\u00f3micas en la Universitat Aut\u00f2noma de Barcelona. Ha estado director del Instituto de la Empresa Familiar, consejero del Banco de Espa\u00f1a y economista para el Banco Mundial. De 1985 a 1990 fue presidente y consejero delegado de la Empresa Nacional Hidroel\u00e9ctrica del Ribagorzana (ENHER). De 1993 a 1995 fue secretario de Estado de Econom\u00eda del Ministerio de Econom\u00eda y Hacienda. En la actualidad es profesor de Econom\u00eda y Titular de la C\u00e1tedra Banco Sabadell de Mercados Emergentes al IESE Business School de la Universidad de Navarra. Es consejero de varias empresas y organismos. El 2004 recibi\u00f3 la gran cruz de la espa\u00f1ola de la Orden del M\u00e9rito Civil. El 2011 fue galardonado con el premio Conde de God\u00f3 de Periodismo.<\/div><\/div>\n\t\t<\/div><div id=\"text-40\" class=\"widget widget_text\">\t\t\t<div class=\"textwidget\"><div class=\"desc-autor\"><img decoding=\"async\" data-src=\"https:\/\/conversesacatalunya.cat\/wp-content\/uploads\/2019\/02\/FOTO-4.jpg\" src=\"data:image\/svg+xml;base64,PHN2ZyB3aWR0aD0iMSIgaGVpZ2h0PSIxIiB4bWxucz0iaHR0cDovL3d3dy53My5vcmcvMjAwMC9zdmciPjwvc3ZnPg==\" class=\"lazyload\" style=\"--smush-placeholder-width: 473px; --smush-placeholder-aspect-ratio: 473\/575;\" \/><strong>Carles Ros y Arpa<\/strong> (Cor\u00e7\u00e0,1966). Casado y padre de dos hijos y dos hijas. Licenciado en Derecho (UB), licenciado en Ciencias Religiosas (ISCREB) y M\u00e1ster en Gesti\u00f3n Urban\u00edstica por la SE de Arquitectura (UPC). Secretario de Administraci\u00f3n Local y abogado.<\/div><\/div>\n\t\t<\/div><div id=\"custom_html-2\" class=\"widget_text widget widget_custom_html\"><div class=\"textwidget custom-html-widget\"><!--<div class=\"fb-page\" data-href=\"https:\/\/www.facebook.com\/conversesacatalunya\/\" data-tabs=\"timeline\" data-width=\"300\" data-height=\"500\" data-small-header=\"false\" data-adapt-container-width=\"true\" data-hide-cover=\"false\" data-show-facepile=\"true\"><blockquote cite=\"https:\/\/www.facebook.com\/conversesacatalunya\/\" class=\"fb-xfbml-parse-ignore\"><a href=\"https:\/\/www.facebook.com\/conversesacatalunya\/\">Converses a Catalunya<\/a><\/blockquote><\/div>--><\/div><\/div><div id=\"custom_html-3\" class=\"widget_text widget widget_custom_html\"><div class=\"textwidget custom-html-widget\"><!--<a class=\"twitter-timeline\" data-lang=\"es\" data-width=\"300\" data-height=\"500\" href=\"https:\/\/twitter.com\/conversesacat?ref_src=twsrc%5Etfw\">Tweets by conversesacat<\/a> <script async src=\"https:\/\/platform.twitter.com\/widgets.js\" charset=\"utf-8\"><\/script>--><\/div><\/div><div id=\"custom_html-4\" class=\"widget_text widget widget_custom_html\"><div class=\"textwidget custom-html-widget\"><div class=\"caja_azul\" style=\"margin: 0px !important; text-align: center; padding: 20px !important;\">\r\n\t<h3 style=\"font-weight: bold;\">\u00a1Subscriu-te!<\/h3>\r\n\n<div class=\"wpcf7 no-js\" id=\"wpcf7-f8016-o1\" lang=\"es-ES\" dir=\"ltr\" data-wpcf7-id=\"8016\">\n<div class=\"screen-reader-response\"><p role=\"status\" aria-live=\"polite\" aria-atomic=\"true\"><\/p> <ul><\/ul><\/div>\n<form action=\"\/es\/wp-json\/wp\/v2\/pages\/27966#wpcf7-f8016-o1\" method=\"post\" class=\"wpcf7-form init demo c4250577650b cmatic-conn cmatic-aud-8 cmatic-mapd0-0 cmatic-v0978 cmatic-sent-0 cmatic-total-0 wpcf7-acceptance-as-validation\" aria-label=\"Formulario de contacto\" novalidate=\"novalidate\" data-status=\"init\">\n<fieldset class=\"hidden-fields-container\"><input type=\"hidden\" name=\"_wpcf7\" value=\"8016\" \/><input type=\"hidden\" name=\"_wpcf7_version\" value=\"6.1.5\" \/><input type=\"hidden\" name=\"_wpcf7_locale\" value=\"es_ES\" \/><input type=\"hidden\" name=\"_wpcf7_unit_tag\" value=\"wpcf7-f8016-o1\" \/><input type=\"hidden\" name=\"_wpcf7_container_post\" value=\"0\" \/><input type=\"hidden\" name=\"_wpcf7_posted_data_hash\" value=\"\" \/><input type=\"hidden\" name=\"_wpcf7_recaptcha_response\" value=\"\" \/>\n<\/fieldset>\n<p><span class=\"wpcf7-form-control-wrap\" data-name=\"nom\"><input size=\"40\" maxlength=\"400\" class=\"wpcf7-form-control wpcf7-text wpcf7-validates-as-required\" aria-required=\"true\" aria-invalid=\"false\" placeholder=\"Nom\" value=\"\" type=\"text\" name=\"nom\" \/><\/span>\n<\/p>\n<p><span class=\"wpcf7-form-control-wrap\" data-name=\"cognom\"><input size=\"40\" maxlength=\"400\" class=\"wpcf7-form-control wpcf7-text wpcf7-validates-as-required\" aria-required=\"true\" aria-invalid=\"false\" placeholder=\"Cognom\" value=\"\" type=\"text\" name=\"cognom\" \/><\/span>\n<\/p>\n<p><span class=\"wpcf7-form-control-wrap\" data-name=\"email\"><input size=\"40\" maxlength=\"400\" class=\"wpcf7-form-control wpcf7-email wpcf7-validates-as-required wpcf7-text wpcf7-validates-as-email\" aria-required=\"true\" aria-invalid=\"false\" placeholder=\"Correu electr\u00f2nic\" value=\"\" type=\"email\" name=\"email\" \/><\/span>\n<\/p>\n<p><span class=\"wpcf7-form-control-wrap\" data-name=\"rgpd-acepto\"><span class=\"wpcf7-form-control wpcf7-acceptance\"><span class=\"wpcf7-list-item\"><label><input type=\"checkbox\" name=\"rgpd-acepto\" value=\"1\" aria-invalid=\"false\" \/><span class=\"wpcf7-list-item-label\">Accepto la <a href=\"\/politica-de-privacitat\" target=\"_blank\" rel=\"nofollow\">pol\u00edtica de privacitat<\/a><\/span><\/label><\/span><\/span><\/span>\n<\/p>\n<p><input class=\"wpcf7-form-control wpcf7-submit has-spinner\" type=\"submit\" value=\"Subscriu-m&#039;hi\" \/>\n<\/p><p style=\"display: none !important;\" class=\"akismet-fields-container\" data-prefix=\"_wpcf7_ak_\"><label>&#916;<textarea name=\"_wpcf7_ak_hp_textarea\" cols=\"45\" rows=\"8\" maxlength=\"100\"><\/textarea><\/label><input type=\"hidden\" id=\"ak_js_1\" name=\"_wpcf7_ak_js\" value=\"44\"\/><script>document.getElementById( \"ak_js_1\" ).setAttribute( \"value\", ( new Date() ).getTime() );<\/script><\/p><input type='hidden' class='wpcf7-pum' value='{\"closepopup\":false,\"closedelay\":0,\"openpopup\":false,\"openpopup_id\":0}' \/><div class=\"wpcf7-response-output\" aria-hidden=\"true\"><\/div>\n<\/form>\n<\/div>\n\r\n<\/div><\/div><\/div><\/div><\/div><\/div><\/div><\/div><\/div><\/div><\/div><\/div><\/div><\/div><\/section>\n","protected":false},"excerpt":{"rendered":"\u00bfCu\u00e1les son los referentes de las relaciones afectivas en las nuevas generaciones?, \u00bfd\u00f3nde aprenden qu\u00e9 es amar? Los padres y madres somos los primeros responsables de la educaci\u00f3n de los hijos. El testimonio de nuestra vida de pareja tiene un gran valor para ellos. Ciertamente no resulta f\u00e1cil hablarles de amor y de sexualidad. Pero nuestro papel en este \u00e1mbito es insustituible porque conocemos y amamos los hijos mejor que nadie. Que la escuela ense\u00f1e a los alumnos como usar los preservativos supone una visi\u00f3n genital de la cuesti\u00f3n, que no es moralmente neutra. Como tampoco lo son los dos principios com\u00fanmente aceptados desde la correcci\u00f3n pol\u00edtica y que se transmiten en las aulas: que cualquier forma de relaci\u00f3n afectiva o sexual entre dos personas es v\u00e1lida con la condici\u00f3n que sea libremente aceptada, y que \u201cla diversidad afectivo-sexual\u201d es un bien en s\u00ed misma. Internet est\u00e1 inundada de pornograf\u00eda, fuera del control de los poderes p\u00fablicos. Y ahora la telebasura ha abierto una nueva l\u00ednea de negocio con las islas del amor y de las tentaciones, donde aparecen j\u00f3venes con cuerpos esculturales y di\u00e1logos poco edificantes. El negocio consiste en explotar el morbo de la audiencia a base de frivolizar y despreciar la fidelidad. La gran educadora sentimental del siglo XIX y primera mitad del siglo XX fue la novela. Como Don Quijote con los libros de caballer\u00edas, muchos y, sobre todo, muchas quedaron deslumbradas por las narraciones rom\u00e1nticas, alejadas de la vida real. En \u201cLas afinidades electivas\u201d Goethe presenta la pasi\u00f3n amorosa como una fuerza natural e inexorable, y por eso la explica con la analog\u00eda de una f\u00f3rmula qu\u00edmica. En \u201cMadame Bovary\u201d Flaubert, ya desde el realismo, describe lo que puede llegar a provocar un empacho de lecturas rom\u00e1nticas en la vida de una mujer joven casada de pueblo. A medida que avanza el siglo XX el cine se va convirtiendo en el gran medio de la cultura de masas. Las historias y las im\u00e1genes imponentes de la gran pantalla, la belleza y personalidad irresistible de actores y actrices, ejercen una fuerte influencia en los deseos y la educaci\u00f3n sentimental de los espectadores. Se contagia la ilusi\u00f3n por vivir un gran amor, la imaginaci\u00f3n se dispara, se eleva el umbral de aspiraciones masculinas y femeninas sobre los atributos deseables de la pareja y\/o sobre las posibilidades de una vida en com\u00fan. Por eso, tambi\u00e9n aumenta proporcionalmente el riesgo de decepci\u00f3n en la pareja al no responder la realidad a las expectativas generadas. El gran cine cl\u00e1sico norteamericano a menudo logra un equilibrio entre el amor rom\u00e1ntico y la vida cotidiana, con historias en las cuales el amor no destruye la vida personal, sino que que la enriquece y eleva. Podemos mencionar desde los cortometrajes de Charlot en \u201dEl hombre tranquilo\u201d de John Ford. O \u201cEl Apartamento\u201d, donde Billy Wilder construye una bell\u00edsima historia de amor en el entorno de una gran empresa dominado por la nueva laxitud sexual, y donde los ejecutivos tienen por costumbre liarse con las secretarias. A partir de los a\u00f1os sesenta, el cine en general y el europeo en particular centra el foco cada vez m\u00e1s en historias afectivo-sexuales raras o marginales, acentuando su esp\u00edritutransgresor. Son tiempo de freudomarxismo, con autores como Wilhem Reich, que sostiene que la causa de todos los problemas ps\u00edquicos radica en la represi\u00f3n sexual. Marcuse, que valora positivamente las perversiones sexuales por su valor cr\u00edtico contra el orden establecido. O Alfred Kinsey, el zo\u00f3logo que en su famoso informe sobre la sexualidad humana concluye que todas las perversiones sexuales entran dentro de la \u201cnormalidad biol\u00f3gica\u201d. Conclusi\u00f3n del todo sesgada si tenemos en cuenta que el estudio se realiza sobre sectores marginales de la poblaci\u00f3n. La mirada ilusionada sobre el amor del cine cl\u00e1sico se sustituye por el realismo de aire pesimista de grandes maestros como Ingmar Bergman o Woody Allen, que se centran en las dificultades y la caducidad de las relaciones afectivas. O los melodramas turbadores de Fassbinder, protagonizados por personajes dominados por la angustia existencial y una sexualidad problem\u00e1tica, que ejercer\u00e1n gran influencia en el cine de Almod\u00f3var. Las pel\u00edculas de \u00e9ste, dominadas por el deseo irracional y una sexualidad disruptiva, se convierten en cine de masas, y tendr\u00e1n una gran influencia en la normalizaci\u00f3n social de la llamada pluralidad afectivo-sexual y la ideolog\u00eda de g\u00e9nero. Las series y otros programas de televisi\u00f3n han ido ganando cada vez m\u00e1s protagonismo. Que ahora los productores de \u201crealities\u201d ganen audiencia banalizando la fidelidad de las parejas, demuestra que en la posmodernidad decadente la forma m\u00e1s f\u00e1cil de hacer negocio es excitar el morbo de los telespectadores, bajo el pretexto de una mirada abierta y transgresora. Programas como la \u201cIsla de las tentaciones\u201d y sus secuelas en el fondo son la deriva vulgar y chabacana de los postulados de pensadores como Freud o Nietzsche. En este entorno formado por escuela de ideario progre y de g\u00e9nero, televisi\u00f3n cutre e internet sexualmente descontrolado, es donde se educan las nuevas generaciones, y a menudo madres y padres no sabemos qu\u00e9 hacer. Nos puede parecer que tenemos pocas lecciones que dar, que quiz\u00e1s nuestra experiencia vital y de pareja no ha sido ejemplar. Pero la educaci\u00f3n de madres y padres es siempre necesaria, y tambi\u00e9n podemos compartir con los hijos aquello que hemos aprendido de nuestros propios errores. Ante los hijos no vale el \u201csostenella y no enmendalla\u201d. Para educar hay que amar, y amar verdaderamente a los hijos implica educarlos en aquello que ser\u00e1 esencial para su felicidad. Publicado en el Diari de Girona, el 10 de mayo La forma m\u00e1s f\u00e1cil de hacer negocio es excitar el morbo de los telespectadores Compartir en X Aconseguir\u00e0 ERC governar en solitari? S\u00ed No No ho s\u00e9 Mira els resultats &nbsp;Cargando ...","protected":false},"author":1,"featured_media":0,"parent":0,"menu_order":0,"comment_status":"closed","ping_status":"closed","template":"","meta":{"_FSMCFIC_featured_image_caption":"","_FSMCFIC_featured_image_nocaption":"","_FSMCFIC_featured_image_hide":"","footnotes":""},"class_list":["post-27966","page","type-page","status-publish","hentry"],"yoast_head":"<!-- This site is optimized with the Yoast SEO plugin v26.8 - https:\/\/yoast.com\/product\/yoast-seo-wordpress\/ -->\n<title>Veritas in caritate - Converses a Catalunya<\/title>\n<meta name=\"robots\" content=\"noindex, nofollow\" \/>\n<meta property=\"og:locale\" content=\"es_ES\" \/>\n<meta property=\"og:type\" content=\"article\" \/>\n<meta property=\"og:title\" content=\"Veritas in caritate - Converses a Catalunya\" \/>\n<meta property=\"og:url\" content=\"https:\/\/conversesacatalunya.cat\/es\/veritas-in-caritate\/\" \/>\n<meta property=\"og:site_name\" content=\"Converses a Catalunya\" \/>\n<meta property=\"article:modified_time\" content=\"2021-01-15T22:58:47+00:00\" \/>\n<meta name=\"twitter:card\" content=\"summary_large_image\" \/>\n<script type=\"application\/ld+json\" class=\"yoast-schema-graph\">{\"@context\":\"https:\/\/schema.org\",\"@graph\":[{\"@type\":\"WebPage\",\"@id\":\"https:\/\/conversesacatalunya.cat\/es\/veritas-in-caritate\/\",\"url\":\"https:\/\/conversesacatalunya.cat\/es\/veritas-in-caritate\/\",\"name\":\"Veritas in caritate - Converses a Catalunya\",\"isPartOf\":{\"@id\":\"https:\/\/conversesacatalunya.cat\/#website\"},\"datePublished\":\"2019-02-11T15:15:44+00:00\",\"dateModified\":\"2021-01-15T22:58:47+00:00\",\"breadcrumb\":{\"@id\":\"https:\/\/conversesacatalunya.cat\/es\/veritas-in-caritate\/#breadcrumb\"},\"inLanguage\":\"es\",\"potentialAction\":[{\"@type\":\"ReadAction\",\"target\":[\"https:\/\/conversesacatalunya.cat\/es\/veritas-in-caritate\/\"]}]},{\"@type\":\"BreadcrumbList\",\"@id\":\"https:\/\/conversesacatalunya.cat\/es\/veritas-in-caritate\/#breadcrumb\",\"itemListElement\":[{\"@type\":\"ListItem\",\"position\":1,\"name\":\"Inici\",\"item\":\"https:\/\/conversesacatalunya.cat\/es\/\"},{\"@type\":\"ListItem\",\"position\":2,\"name\":\"Veritas in caritate\"}]},{\"@type\":\"WebSite\",\"@id\":\"https:\/\/conversesacatalunya.cat\/#website\",\"url\":\"https:\/\/conversesacatalunya.cat\/\",\"name\":\"Converses a Catalunya\",\"description\":\"\",\"potentialAction\":[{\"@type\":\"SearchAction\",\"target\":{\"@type\":\"EntryPoint\",\"urlTemplate\":\"https:\/\/conversesacatalunya.cat\/?s={search_term_string}\"},\"query-input\":{\"@type\":\"PropertyValueSpecification\",\"valueRequired\":true,\"valueName\":\"search_term_string\"}}],\"inLanguage\":\"es\"}]}<\/script>\n<!-- \/ Yoast SEO plugin. -->","yoast_head_json":{"title":"Veritas in caritate - Converses a Catalunya","robots":{"index":"noindex","follow":"nofollow"},"og_locale":"es_ES","og_type":"article","og_title":"Veritas in caritate - Converses a Catalunya","og_url":"https:\/\/conversesacatalunya.cat\/es\/veritas-in-caritate\/","og_site_name":"Converses a Catalunya","article_modified_time":"2021-01-15T22:58:47+00:00","twitter_card":"summary_large_image","schema":{"@context":"https:\/\/schema.org","@graph":[{"@type":"WebPage","@id":"https:\/\/conversesacatalunya.cat\/es\/veritas-in-caritate\/","url":"https:\/\/conversesacatalunya.cat\/es\/veritas-in-caritate\/","name":"Veritas in caritate - Converses a Catalunya","isPartOf":{"@id":"https:\/\/conversesacatalunya.cat\/#website"},"datePublished":"2019-02-11T15:15:44+00:00","dateModified":"2021-01-15T22:58:47+00:00","breadcrumb":{"@id":"https:\/\/conversesacatalunya.cat\/es\/veritas-in-caritate\/#breadcrumb"},"inLanguage":"es","potentialAction":[{"@type":"ReadAction","target":["https:\/\/conversesacatalunya.cat\/es\/veritas-in-caritate\/"]}]},{"@type":"BreadcrumbList","@id":"https:\/\/conversesacatalunya.cat\/es\/veritas-in-caritate\/#breadcrumb","itemListElement":[{"@type":"ListItem","position":1,"name":"Inici","item":"https:\/\/conversesacatalunya.cat\/es\/"},{"@type":"ListItem","position":2,"name":"Veritas in caritate"}]},{"@type":"WebSite","@id":"https:\/\/conversesacatalunya.cat\/#website","url":"https:\/\/conversesacatalunya.cat\/","name":"Converses a Catalunya","description":"","potentialAction":[{"@type":"SearchAction","target":{"@type":"EntryPoint","urlTemplate":"https:\/\/conversesacatalunya.cat\/?s={search_term_string}"},"query-input":{"@type":"PropertyValueSpecification","valueRequired":true,"valueName":"search_term_string"}}],"inLanguage":"es"}]}},"wps_subtitle":"","_links":{"self":[{"href":"https:\/\/conversesacatalunya.cat\/es\/wp-json\/wp\/v2\/pages\/27966","targetHints":{"allow":["GET"]}}],"collection":[{"href":"https:\/\/conversesacatalunya.cat\/es\/wp-json\/wp\/v2\/pages"}],"about":[{"href":"https:\/\/conversesacatalunya.cat\/es\/wp-json\/wp\/v2\/types\/page"}],"author":[{"embeddable":true,"href":"https:\/\/conversesacatalunya.cat\/es\/wp-json\/wp\/v2\/users\/1"}],"replies":[{"embeddable":true,"href":"https:\/\/conversesacatalunya.cat\/es\/wp-json\/wp\/v2\/comments?post=27966"}],"version-history":[{"count":2,"href":"https:\/\/conversesacatalunya.cat\/es\/wp-json\/wp\/v2\/pages\/27966\/revisions"}],"predecessor-version":[{"id":28112,"href":"https:\/\/conversesacatalunya.cat\/es\/wp-json\/wp\/v2\/pages\/27966\/revisions\/28112"}],"wp:attachment":[{"href":"https:\/\/conversesacatalunya.cat\/es\/wp-json\/wp\/v2\/media?parent=27966"}],"curies":[{"name":"wp","href":"https:\/\/api.w.org\/{rel}","templated":true}]}}