{"id":27963,"date":"2019-05-11T17:40:34","date_gmt":"2019-05-11T15:40:34","guid":{"rendered":"https:\/\/conversesacatalunya.cat\/pro-europa\/"},"modified":"2021-01-15T23:58:46","modified_gmt":"2021-01-15T22:58:46","slug":"pro-europa","status":"publish","type":"page","link":"https:\/\/conversesacatalunya.cat\/es\/pro-europa\/","title":{"rendered":"Pro Europa"},"content":{"rendered":"<section class=\"l-section wpb_row height_small\"><div class=\"l-section-h i-cf\"><div class=\"g-cols vc_row via_flex valign_top type_default stacking_default\"><div class=\"vc_col-sm-12 wpb_column vc_column_container\"><div class=\"vc_column-inner\"><div class=\"wpb_wrapper\"><div class=\"wpb_text_column\"><div class=\"wpb_wrapper\"><h1>Pro Europa<\/h1>\n<\/div><\/div><div class=\"w-separator size_medium\"><\/div><div class=\"g-cols wpb_row via_flex valign_top type_default stacking_default\"><div class=\"vc_col-sm-8 wpb_column vc_column_container\"><div class=\"vc_column-inner\"><div class=\"wpb_wrapper\"><div class=\"w-grid type_grid layout_28091 cols_3 pagination_regular\" id=\"us_grid_1\" style=\"--gap:1.5rem;\" data-filterable=\"true\"><style>@media (max-width:1024px){#us_grid_1 .w-grid-item{width:50%}}@media (max-width:600px){#us_grid_1 .w-grid-list{margin:0}#us_grid_1 .w-grid-item{width:100%;padding:0;margin-bottom:var(--gap,0px)}}.layout_28091 .w-grid-item-h{}.layout_28091 .usg_post_image_1{margin-bottom:0.8rem!important}.layout_28091 .usg_post_title_1{margin-bottom:0!important;font-family:var(--h1-font-family)!important;font-size:1.2rem!important;font-weight:700!important}.layout_28091 .usg_post_date_1{font-family:var(--font-family)!important;font-size:13px!important;color:#aab2bd!important}.layout_28091 .usg_post_author_1{font-family:var(--font-family)!important;font-size:15px!important}@media (max-width:600px){.layout_28091 .usg_post_title_1{font-size:1.2rem!important}.layout_28091 .usg_post_date_1{font-size:13px!important}.layout_28091 .usg_post_author_1{font-size:15px!important}}<\/style><div class=\"w-grid-list\">\t<article class=\"w-grid-item size_1x1 post-87924 post type-post status-publish format-standard has-post-thumbnail hentry category-pro-europa-es tag-china tag-deng-xiaoping\" data-id=\"87924\">\r\n\t\t<div class=\"w-grid-item-h\">\r\n\t\t\t\t\t\t<div class=\"w-post-elm post_image usg_post_image_1 actualitat_img stretched\"><a href=\"https:\/\/conversesacatalunya.cat\/es\/la-reemergencia-de-china-es-el-factor-determinante-de-la-nueva-geopolitica-mundial\/\" aria-label=\"La reemergencia de China es el factor determinante de la nueva geopol\u00edtica mundial\"><img fetchpriority=\"high\" decoding=\"async\" width=\"640\" height=\"640\" src=\"https:\/\/conversesacatalunya.cat\/wp-content\/uploads\/2025\/04\/china-2815788_640.jpg\" class=\"attachment-large size-large wp-post-image\" alt=\"la reemergencia de China\" srcset=\"https:\/\/conversesacatalunya.cat\/wp-content\/uploads\/2025\/04\/china-2815788_640.jpg 640w, https:\/\/conversesacatalunya.cat\/wp-content\/uploads\/2025\/04\/china-2815788_640-300x300.jpg 300w, https:\/\/conversesacatalunya.cat\/wp-content\/uploads\/2025\/04\/china-2815788_640-150x150.jpg 150w, https:\/\/conversesacatalunya.cat\/wp-content\/uploads\/2025\/04\/china-2815788_640-350x350.jpg 350w, https:\/\/conversesacatalunya.cat\/wp-content\/uploads\/2025\/04\/china-2815788_640-600x600.jpg 600w\" sizes=\"(max-width: 640px) 100vw, 640px\" \/><\/a><\/div><h2 class=\"w-post-elm post_title usg_post_title_1 entry-title color_link_inherit\"><a href=\"https:\/\/conversesacatalunya.cat\/es\/la-reemergencia-de-china-es-el-factor-determinante-de-la-nueva-geopolitica-mundial\/\">La reemergencia de China es el factor determinante de la nueva geopol\u00edtica mundial<\/a><\/h2><time class=\"w-post-elm post_date usg_post_date_1 has_text_color entry-date published\" datetime=\"2025-04-30T08:52:26+02:00\">30 abril, 2025<\/time><div class=\"w-post-elm post_author usg_post_author_1 vcard author color_link_inherit\"><div class=\"post-author-meta\"><a href=\"https:\/\/conversesacatalunya.cat\/es\/author\/victor_pou\/\" class=\"post-author-name fn\">Victor Pou<\/a><\/div><\/div>\t\t<\/div>\r\n\t\t\t<\/article>\r\n\t<article class=\"w-grid-item size_1x1 post-87656 post type-post status-publish format-standard has-post-thumbnail hentry category-pro-europa-es tag-letta-es tag-unio-europea-es tag-union-europea\" data-id=\"87656\">\r\n\t\t<div class=\"w-grid-item-h\">\r\n\t\t\t\t\t\t<div class=\"w-post-elm post_image usg_post_image_1 actualitat_img stretched\"><a href=\"https:\/\/conversesacatalunya.cat\/es\/europa-ante-las-amenazas-imperiales-de-la-nueva-geopolitica-que-hacer\/\" aria-label=\"Europa ante las amenazas imperiales de la nueva geopol\u00edtica: \u00bfQu\u00e9 hacer?\"><img decoding=\"async\" width=\"640\" height=\"425\" data-src=\"https:\/\/conversesacatalunya.cat\/wp-content\/uploads\/2025\/04\/european-parliament-1266491_640.jpg\" class=\"attachment-large size-large wp-post-image lazyload\" alt=\"Uni\u00f3n Europea de Federalistas\" data-srcset=\"https:\/\/conversesacatalunya.cat\/wp-content\/uploads\/2025\/04\/european-parliament-1266491_640.jpg 640w, https:\/\/conversesacatalunya.cat\/wp-content\/uploads\/2025\/04\/european-parliament-1266491_640-300x199.jpg 300w\" data-sizes=\"(max-width: 640px) 100vw, 640px\" src=\"data:image\/svg+xml;base64,PHN2ZyB3aWR0aD0iMSIgaGVpZ2h0PSIxIiB4bWxucz0iaHR0cDovL3d3dy53My5vcmcvMjAwMC9zdmciPjwvc3ZnPg==\" style=\"--smush-placeholder-width: 640px; --smush-placeholder-aspect-ratio: 640\/425;\" \/><\/a><\/div><h2 class=\"w-post-elm post_title usg_post_title_1 entry-title color_link_inherit\"><a href=\"https:\/\/conversesacatalunya.cat\/es\/europa-ante-las-amenazas-imperiales-de-la-nueva-geopolitica-que-hacer\/\">Europa ante las amenazas imperiales de la nueva geopol\u00edtica: \u00bfQu\u00e9 hacer?<\/a><\/h2><time class=\"w-post-elm post_date usg_post_date_1 has_text_color entry-date published\" datetime=\"2025-04-22T09:02:20+02:00\">22 abril, 2025<\/time><div class=\"w-post-elm post_author usg_post_author_1 vcard author color_link_inherit\"><div class=\"post-author-meta\"><a href=\"https:\/\/conversesacatalunya.cat\/es\/author\/victor_pou\/\" class=\"post-author-name fn\">Victor Pou<\/a><\/div><\/div>\t\t<\/div>\r\n\t\t\t<\/article>\r\n\t<article class=\"w-grid-item size_1x1 post-87260 post type-post status-publish format-standard has-post-thumbnail hentry category-pro-europa-es tag-jd-vance-es tag-putin-es tag-vladimir-putin-es\" data-id=\"87260\">\r\n\t\t<div class=\"w-grid-item-h\">\r\n\t\t\t\t\t\t<div class=\"w-post-elm post_image usg_post_image_1 actualitat_img stretched\"><a href=\"https:\/\/conversesacatalunya.cat\/es\/ideologos-detras-de-putin-y-trump\/\" aria-label=\"Ide\u00f3logos detr\u00e1s de Putin y Trump\"><img decoding=\"async\" width=\"640\" height=\"459\" data-src=\"https:\/\/conversesacatalunya.cat\/wp-content\/uploads\/2025\/04\/selfie-898367_640.jpg\" class=\"attachment-large size-large wp-post-image lazyload\" alt=\"putinisme\" data-srcset=\"https:\/\/conversesacatalunya.cat\/wp-content\/uploads\/2025\/04\/selfie-898367_640.jpg 640w, https:\/\/conversesacatalunya.cat\/wp-content\/uploads\/2025\/04\/selfie-898367_640-300x215.jpg 300w\" data-sizes=\"(max-width: 640px) 100vw, 640px\" src=\"data:image\/svg+xml;base64,PHN2ZyB3aWR0aD0iMSIgaGVpZ2h0PSIxIiB4bWxucz0iaHR0cDovL3d3dy53My5vcmcvMjAwMC9zdmciPjwvc3ZnPg==\" style=\"--smush-placeholder-width: 640px; --smush-placeholder-aspect-ratio: 640\/459;\" \/><\/a><\/div><h2 class=\"w-post-elm post_title usg_post_title_1 entry-title color_link_inherit\"><a href=\"https:\/\/conversesacatalunya.cat\/es\/ideologos-detras-de-putin-y-trump\/\">Ide\u00f3logos detr\u00e1s de Putin y Trump<\/a><\/h2><time class=\"w-post-elm post_date usg_post_date_1 has_text_color entry-date published\" datetime=\"2025-04-10T09:00:07+02:00\">10 abril, 2025<\/time><div class=\"w-post-elm post_author usg_post_author_1 vcard author color_link_inherit\"><div class=\"post-author-meta\"><a href=\"https:\/\/conversesacatalunya.cat\/es\/author\/victor_pou\/\" class=\"post-author-name fn\">Victor Pou<\/a><\/div><\/div>\t\t<\/div>\r\n\t\t\t<\/article>\r\n\t<article class=\"w-grid-item size_1x1 post-86914 post type-post status-publish format-standard has-post-thumbnail hentry category-pro-europa-es tag-alemania tag-letta-es tag-mario-draghi-es\" data-id=\"86914\">\r\n\t\t<div class=\"w-grid-item-h\">\r\n\t\t\t\t\t\t<div class=\"w-post-elm post_image usg_post_image_1 actualitat_img stretched\"><a href=\"https:\/\/conversesacatalunya.cat\/es\/sobrevivira-la-union-europea-ue-hasta-2040\/\" aria-label=\"\u00bfSobrevivir\u00e1 la Uni\u00f3n Europea (UE) hasta 2040?\"><img decoding=\"async\" width=\"640\" height=\"480\" data-src=\"https:\/\/conversesacatalunya.cat\/wp-content\/uploads\/2025\/04\/futuro-UE.jpg\" class=\"attachment-large size-large wp-post-image lazyload\" alt=\"futuro UE\" data-srcset=\"https:\/\/conversesacatalunya.cat\/wp-content\/uploads\/2025\/04\/futuro-UE.jpg 640w, https:\/\/conversesacatalunya.cat\/wp-content\/uploads\/2025\/04\/futuro-UE-300x225.jpg 300w\" data-sizes=\"(max-width: 640px) 100vw, 640px\" src=\"data:image\/svg+xml;base64,PHN2ZyB3aWR0aD0iMSIgaGVpZ2h0PSIxIiB4bWxucz0iaHR0cDovL3d3dy53My5vcmcvMjAwMC9zdmciPjwvc3ZnPg==\" style=\"--smush-placeholder-width: 640px; --smush-placeholder-aspect-ratio: 640\/480;\" \/><\/a><\/div><h2 class=\"w-post-elm post_title usg_post_title_1 entry-title color_link_inherit\"><a href=\"https:\/\/conversesacatalunya.cat\/es\/sobrevivira-la-union-europea-ue-hasta-2040\/\">\u00bfSobrevivir\u00e1 la Uni\u00f3n Europea (UE) hasta 2040?<\/a><\/h2><time class=\"w-post-elm post_date usg_post_date_1 has_text_color entry-date published\" datetime=\"2025-04-02T09:00:24+02:00\">2 abril, 2025<\/time><div class=\"w-post-elm post_author usg_post_author_1 vcard author color_link_inherit\"><div class=\"post-author-meta\"><a href=\"https:\/\/conversesacatalunya.cat\/es\/author\/victor_pou\/\" class=\"post-author-name fn\">Victor Pou<\/a><\/div><\/div>\t\t<\/div>\r\n\t\t\t<\/article>\r\n\t<article class=\"w-grid-item size_1x1 post-86566 post type-post status-publish format-standard has-post-thumbnail hentry category-pro-europa-es tag-unio-europea-es tag-union-europea\" data-id=\"86566\">\r\n\t\t<div class=\"w-grid-item-h\">\r\n\t\t\t\t\t\t<div class=\"w-post-elm post_image usg_post_image_1 actualitat_img stretched\"><a href=\"https:\/\/conversesacatalunya.cat\/es\/union-europea-le-ha-llegado-hora-de-la-verdad\/\" aria-label=\"A la Uni\u00f3n Europea (UE) le ha llegado la hora de la verdad\"><img decoding=\"async\" width=\"640\" height=\"427\" data-src=\"https:\/\/conversesacatalunya.cat\/wp-content\/uploads\/2025\/03\/european-flag-4777467_640.jpg\" class=\"attachment-large size-large wp-post-image lazyload\" alt=\"Una Europa unida\" data-srcset=\"https:\/\/conversesacatalunya.cat\/wp-content\/uploads\/2025\/03\/european-flag-4777467_640.jpg 640w, https:\/\/conversesacatalunya.cat\/wp-content\/uploads\/2025\/03\/european-flag-4777467_640-300x200.jpg 300w\" data-sizes=\"(max-width: 640px) 100vw, 640px\" src=\"data:image\/svg+xml;base64,PHN2ZyB3aWR0aD0iMSIgaGVpZ2h0PSIxIiB4bWxucz0iaHR0cDovL3d3dy53My5vcmcvMjAwMC9zdmciPjwvc3ZnPg==\" style=\"--smush-placeholder-width: 640px; --smush-placeholder-aspect-ratio: 640\/427;\" \/><\/a><\/div><h2 class=\"w-post-elm post_title usg_post_title_1 entry-title color_link_inherit\"><a href=\"https:\/\/conversesacatalunya.cat\/es\/union-europea-le-ha-llegado-hora-de-la-verdad\/\">A la Uni\u00f3n Europea (UE) le ha llegado la hora de la verdad<\/a><\/h2><time class=\"w-post-elm post_date usg_post_date_1 has_text_color entry-date published\" datetime=\"2025-03-24T08:32:32+01:00\">24 marzo, 2025<\/time><div class=\"w-post-elm post_author usg_post_author_1 vcard author color_link_inherit\"><div class=\"post-author-meta\"><a href=\"https:\/\/conversesacatalunya.cat\/es\/author\/victor_pou\/\" class=\"post-author-name fn\">Victor Pou<\/a><\/div><\/div>\t\t<\/div>\r\n\t\t\t<\/article>\r\n\t<article class=\"w-grid-item size_1x1 post-86363 post type-post status-publish format-standard has-post-thumbnail hentry category-pro-europa-es tag-alemania tag-alemanya-es tag-unio-europea-es tag-union-europea\" data-id=\"86363\">\r\n\t\t<div class=\"w-grid-item-h\">\r\n\t\t\t\t\t\t<div class=\"w-post-elm post_image usg_post_image_1 actualitat_img stretched\"><a href=\"https:\/\/conversesacatalunya.cat\/es\/reacciones-ue-a-la-ruptura-de-la-relacion-transatlantica\/\" aria-label=\"Primeras reacciones de la UE a la ruptura de la relaci\u00f3n transatl\u00e1ntica y al advenimiento de una nueva era geopol\u00edtica de car\u00e1cter imperial (y II)\"><img decoding=\"async\" width=\"640\" height=\"492\" data-src=\"https:\/\/conversesacatalunya.cat\/wp-content\/uploads\/2025\/03\/europe-63026_640.jpg\" class=\"attachment-large size-large wp-post-image lazyload\" alt=\"Europa geopol\u00edtica\" data-srcset=\"https:\/\/conversesacatalunya.cat\/wp-content\/uploads\/2025\/03\/europe-63026_640.jpg 640w, https:\/\/conversesacatalunya.cat\/wp-content\/uploads\/2025\/03\/europe-63026_640-300x231.jpg 300w\" data-sizes=\"(max-width: 640px) 100vw, 640px\" src=\"data:image\/svg+xml;base64,PHN2ZyB3aWR0aD0iMSIgaGVpZ2h0PSIxIiB4bWxucz0iaHR0cDovL3d3dy53My5vcmcvMjAwMC9zdmciPjwvc3ZnPg==\" style=\"--smush-placeholder-width: 640px; --smush-placeholder-aspect-ratio: 640\/492;\" \/><\/a><\/div><h2 class=\"w-post-elm post_title usg_post_title_1 entry-title color_link_inherit\"><a href=\"https:\/\/conversesacatalunya.cat\/es\/reacciones-ue-a-la-ruptura-de-la-relacion-transatlantica\/\">Primeras reacciones de la UE a la ruptura de la relaci\u00f3n transatl\u00e1ntica y al advenimiento de una nueva era geopol\u00edtica de car\u00e1cter imperial (y II)<\/a><\/h2><time class=\"w-post-elm post_date usg_post_date_1 has_text_color entry-date published\" datetime=\"2025-03-17T09:00:03+01:00\">17 marzo, 2025<\/time><div class=\"w-post-elm post_author usg_post_author_1 vcard author color_link_inherit\"><div class=\"post-author-meta\"><a href=\"https:\/\/conversesacatalunya.cat\/es\/author\/victor_pou\/\" class=\"post-author-name fn\">Victor Pou<\/a><\/div><\/div>\t\t<\/div>\r\n\t\t\t<\/article>\r\n\t<article class=\"w-grid-item size_1x1 post-86301 post type-post status-publish format-standard has-post-thumbnail hentry category-pro-europa-es tag-otan-es tag-trump-es tag-unio-europea-es tag-union-europea\" data-id=\"86301\">\r\n\t\t<div class=\"w-grid-item-h\">\r\n\t\t\t\t\t\t<div class=\"w-post-elm post_image usg_post_image_1 actualitat_img stretched\"><a href=\"https:\/\/conversesacatalunya.cat\/es\/nueva-era-geopolitica-de-caracter-imperial\/\" aria-label=\"Primeras reacciones de la UE a la ruptura de la relaci\u00f3n transatl\u00e1ntica y al advenimiento de una nueva era geopol\u00edtica de car\u00e1cter imperial (I)\"><img decoding=\"async\" width=\"640\" height=\"319\" data-src=\"https:\/\/conversesacatalunya.cat\/wp-content\/uploads\/2025\/03\/nato-7131948_640.jpg\" class=\"attachment-large size-large wp-post-image lazyload\" alt=\"nova geopol\u00edtica\" data-srcset=\"https:\/\/conversesacatalunya.cat\/wp-content\/uploads\/2025\/03\/nato-7131948_640.jpg 640w, https:\/\/conversesacatalunya.cat\/wp-content\/uploads\/2025\/03\/nato-7131948_640-300x150.jpg 300w\" data-sizes=\"(max-width: 640px) 100vw, 640px\" src=\"data:image\/svg+xml;base64,PHN2ZyB3aWR0aD0iMSIgaGVpZ2h0PSIxIiB4bWxucz0iaHR0cDovL3d3dy53My5vcmcvMjAwMC9zdmciPjwvc3ZnPg==\" style=\"--smush-placeholder-width: 640px; --smush-placeholder-aspect-ratio: 640\/319;\" \/><\/a><\/div><h2 class=\"w-post-elm post_title usg_post_title_1 entry-title color_link_inherit\"><a href=\"https:\/\/conversesacatalunya.cat\/es\/nueva-era-geopolitica-de-caracter-imperial\/\">Primeras reacciones de la UE a la ruptura de la relaci\u00f3n transatl\u00e1ntica y al advenimiento de una nueva era geopol\u00edtica de car\u00e1cter imperial (I)<\/a><\/h2><time class=\"w-post-elm post_date usg_post_date_1 has_text_color entry-date published\" datetime=\"2025-03-13T09:00:17+01:00\">13 marzo, 2025<\/time><div class=\"w-post-elm post_author usg_post_author_1 vcard author color_link_inherit\"><div class=\"post-author-meta\"><a href=\"https:\/\/conversesacatalunya.cat\/es\/author\/victor_pou\/\" class=\"post-author-name fn\">Victor Pou<\/a><\/div><\/div>\t\t<\/div>\r\n\t\t\t<\/article>\r\n\t<article class=\"w-grid-item size_1x1 post-86027 post type-post status-publish format-standard has-post-thumbnail hentry category-pro-europa-es tag-aranceles tag-china tag-estados-unidos\" data-id=\"86027\">\r\n\t\t<div class=\"w-grid-item-h\">\r\n\t\t\t\t\t\t<div class=\"w-post-elm post_image usg_post_image_1 actualitat_img stretched\"><a href=\"https:\/\/conversesacatalunya.cat\/es\/ruptura-de-la-alianza-transatlantica\/\" aria-label=\"Ruptura de la alianza transatl\u00e1ntica, Europa perjudicada, Rusia rehabilitada y China beneficiada\"><img decoding=\"async\" width=\"1024\" height=\"351\" data-src=\"https:\/\/conversesacatalunya.cat\/wp-content\/uploads\/2025\/03\/flag-2564554_1280-1024x351.jpg\" class=\"attachment-large size-large wp-post-image lazyload\" alt=\"ruptura de la alianza transatl\u00e1ntica\" data-srcset=\"https:\/\/conversesacatalunya.cat\/wp-content\/uploads\/2025\/03\/flag-2564554_1280-1024x351.jpg 1024w, https:\/\/conversesacatalunya.cat\/wp-content\/uploads\/2025\/03\/flag-2564554_1280-300x103.jpg 300w, https:\/\/conversesacatalunya.cat\/wp-content\/uploads\/2025\/03\/flag-2564554_1280.jpg 1280w\" data-sizes=\"(max-width: 1024px) 100vw, 1024px\" src=\"data:image\/svg+xml;base64,PHN2ZyB3aWR0aD0iMSIgaGVpZ2h0PSIxIiB4bWxucz0iaHR0cDovL3d3dy53My5vcmcvMjAwMC9zdmciPjwvc3ZnPg==\" style=\"--smush-placeholder-width: 1024px; --smush-placeholder-aspect-ratio: 1024\/351;\" \/><\/a><\/div><h2 class=\"w-post-elm post_title usg_post_title_1 entry-title color_link_inherit\"><a href=\"https:\/\/conversesacatalunya.cat\/es\/ruptura-de-la-alianza-transatlantica\/\">Ruptura de la alianza transatl\u00e1ntica, Europa perjudicada, Rusia rehabilitada y China beneficiada<\/a><\/h2><time class=\"w-post-elm post_date usg_post_date_1 has_text_color entry-date published\" datetime=\"2025-03-03T09:00:18+01:00\">3 marzo, 2025<\/time><div class=\"w-post-elm post_author usg_post_author_1 vcard author color_link_inherit\"><div class=\"post-author-meta\"><a href=\"https:\/\/conversesacatalunya.cat\/es\/author\/victor_pou\/\" class=\"post-author-name fn\">Victor Pou<\/a><\/div><\/div>\t\t<\/div>\r\n\t\t\t<\/article>\r\n\t<article class=\"w-grid-item size_1x1 post-85697 post type-post status-publish format-standard has-post-thumbnail hentry category-pro-europa-es tag-china tag-jd-vance-es tag-putin-es\" data-id=\"85697\">\r\n\t\t<div class=\"w-grid-item-h\">\r\n\t\t\t\t\t\t<div class=\"w-post-elm post_image usg_post_image_1 actualitat_img stretched\"><a href=\"https:\/\/conversesacatalunya.cat\/es\/conferencia-munich-pone-en-evidencia-nuevo-orden-imperial\/\" aria-label=\"La reciente Conferencia de Seguridad de M\u00fanich pone en evidencia que el mundo avanza hacia un nuevo orden imperial\"><img decoding=\"async\" width=\"470\" height=\"361\" data-src=\"https:\/\/conversesacatalunya.cat\/wp-content\/uploads\/2025\/02\/Captura.jpg\" class=\"attachment-large size-large wp-post-image lazyload\" alt=\"Rachman\" data-srcset=\"https:\/\/conversesacatalunya.cat\/wp-content\/uploads\/2025\/02\/Captura.jpg 470w, https:\/\/conversesacatalunya.cat\/wp-content\/uploads\/2025\/02\/Captura-300x230.jpg 300w\" data-sizes=\"(max-width: 470px) 100vw, 470px\" src=\"data:image\/svg+xml;base64,PHN2ZyB3aWR0aD0iMSIgaGVpZ2h0PSIxIiB4bWxucz0iaHR0cDovL3d3dy53My5vcmcvMjAwMC9zdmciPjwvc3ZnPg==\" style=\"--smush-placeholder-width: 470px; --smush-placeholder-aspect-ratio: 470\/361;\" \/><\/a><\/div><h2 class=\"w-post-elm post_title usg_post_title_1 entry-title color_link_inherit\"><a href=\"https:\/\/conversesacatalunya.cat\/es\/conferencia-munich-pone-en-evidencia-nuevo-orden-imperial\/\">La reciente Conferencia de Seguridad de M\u00fanich pone en evidencia que el mundo avanza hacia un nuevo orden imperial<\/a><\/h2><time class=\"w-post-elm post_date usg_post_date_1 has_text_color entry-date published\" datetime=\"2025-02-19T08:16:35+01:00\">19 febrero, 2025<\/time><div class=\"w-post-elm post_author usg_post_author_1 vcard author color_link_inherit\"><div class=\"post-author-meta\"><a href=\"https:\/\/conversesacatalunya.cat\/es\/author\/victor_pou\/\" class=\"post-author-name fn\">Victor Pou<\/a><\/div><\/div>\t\t<\/div>\r\n\t\t\t<\/article>\r\n\t<article class=\"w-grid-item size_1x1 post-84690 post type-post status-publish format-standard has-post-thumbnail hentry category-pro-europa-es tag-comision-europea-es tag-comissio-europea-es tag-von-der-leyen-es\" data-id=\"84690\">\r\n\t\t<div class=\"w-grid-item-h\">\r\n\t\t\t\t\t\t<div class=\"w-post-elm post_image usg_post_image_1 actualitat_img stretched\"><a href=\"https:\/\/conversesacatalunya.cat\/es\/nueva-comision-europea-objetivos-y-perspectivas\/\" aria-label=\"La nueva Comisi\u00f3n Europea Von der Leyen (II). Estructura, objetivos y perspectivas\"><img decoding=\"async\" width=\"640\" height=\"427\" data-src=\"https:\/\/conversesacatalunya.cat\/wp-content\/uploads\/2024\/12\/europe-palace-5414751_640.jpg\" class=\"attachment-large size-large wp-post-image lazyload\" alt=\"comisi\u00f3n Europea objetivos\" data-srcset=\"https:\/\/conversesacatalunya.cat\/wp-content\/uploads\/2024\/12\/europe-palace-5414751_640.jpg 640w, https:\/\/conversesacatalunya.cat\/wp-content\/uploads\/2024\/12\/europe-palace-5414751_640-300x200.jpg 300w\" data-sizes=\"(max-width: 640px) 100vw, 640px\" src=\"data:image\/svg+xml;base64,PHN2ZyB3aWR0aD0iMSIgaGVpZ2h0PSIxIiB4bWxucz0iaHR0cDovL3d3dy53My5vcmcvMjAwMC9zdmciPjwvc3ZnPg==\" style=\"--smush-placeholder-width: 640px; --smush-placeholder-aspect-ratio: 640\/427;\" \/><\/a><\/div><h2 class=\"w-post-elm post_title usg_post_title_1 entry-title color_link_inherit\"><a href=\"https:\/\/conversesacatalunya.cat\/es\/nueva-comision-europea-objetivos-y-perspectivas\/\">La nueva Comisi\u00f3n Europea Von der Leyen (II). Estructura, objetivos y perspectivas<\/a><\/h2><time class=\"w-post-elm post_date usg_post_date_1 has_text_color entry-date published\" datetime=\"2024-12-31T09:00:21+01:00\">31 diciembre, 2024<\/time><div class=\"w-post-elm post_author usg_post_author_1 vcard author color_link_inherit\"><div class=\"post-author-meta\"><a href=\"https:\/\/conversesacatalunya.cat\/es\/author\/victor_pou\/\" class=\"post-author-name fn\">Victor Pou<\/a><\/div><\/div>\t\t<\/div>\r\n\t\t\t<\/article>\r\n\t<article class=\"w-grid-item size_1x1 post-84530 post type-post status-publish format-standard has-post-thumbnail hentry category-pro-europa-es tag-mercosur tag-union-europea\" data-id=\"84530\">\r\n\t\t<div class=\"w-grid-item-h\">\r\n\t\t\t\t\t\t<div class=\"w-post-elm post_image usg_post_image_1 actualitat_img stretched\"><a href=\"https:\/\/conversesacatalunya.cat\/es\/acuerdo-politico-entre-la-union-europea-y-mercosur\/\" aria-label=\"Acuerdo pol\u00edtico entre la Uni\u00f3n Europea y Mercosur que vale la pena ratificar\"><img decoding=\"async\" width=\"640\" height=\"427\" data-src=\"https:\/\/conversesacatalunya.cat\/wp-content\/uploads\/2024\/12\/europe-1395916_640.jpg\" class=\"attachment-large size-large wp-post-image lazyload\" alt=\"acuerdo Mercosur\" data-srcset=\"https:\/\/conversesacatalunya.cat\/wp-content\/uploads\/2024\/12\/europe-1395916_640.jpg 640w, https:\/\/conversesacatalunya.cat\/wp-content\/uploads\/2024\/12\/europe-1395916_640-300x200.jpg 300w\" data-sizes=\"(max-width: 640px) 100vw, 640px\" src=\"data:image\/svg+xml;base64,PHN2ZyB3aWR0aD0iMSIgaGVpZ2h0PSIxIiB4bWxucz0iaHR0cDovL3d3dy53My5vcmcvMjAwMC9zdmciPjwvc3ZnPg==\" style=\"--smush-placeholder-width: 640px; --smush-placeholder-aspect-ratio: 640\/427;\" \/><\/a><\/div><h2 class=\"w-post-elm post_title usg_post_title_1 entry-title color_link_inherit\"><a href=\"https:\/\/conversesacatalunya.cat\/es\/acuerdo-politico-entre-la-union-europea-y-mercosur\/\">Acuerdo pol\u00edtico entre la Uni\u00f3n Europea y Mercosur que vale la pena ratificar<\/a><\/h2><time class=\"w-post-elm post_date usg_post_date_1 has_text_color entry-date published\" datetime=\"2024-12-23T08:53:18+01:00\">23 diciembre, 2024<\/time><div class=\"w-post-elm post_author usg_post_author_1 vcard author color_link_inherit\"><div class=\"post-author-meta\"><a href=\"https:\/\/conversesacatalunya.cat\/es\/author\/victor_pou\/\" class=\"post-author-name fn\">Victor Pou<\/a><\/div><\/div>\t\t<\/div>\r\n\t\t\t<\/article>\r\n\t<article class=\"w-grid-item size_1x1 post-84213 post type-post status-publish format-standard has-post-thumbnail hentry category-pro-europa-es tag-comissio-europea-es tag-ursula-von-der-leyen-es\" data-id=\"84213\">\r\n\t\t<div class=\"w-grid-item-h\">\r\n\t\t\t\t\t\t<div class=\"w-post-elm post_image usg_post_image_1 actualitat_img stretched\"><a href=\"https:\/\/conversesacatalunya.cat\/es\/la-comision-von-der-leyen-tres-informes-hoja-de-ruta\/\" aria-label=\"Arranca la segunda comisi\u00f3n Von der Leyen (I). Tres informes marcan la hoja de ruta\"><img decoding=\"async\" width=\"696\" height=\"315\" data-src=\"https:\/\/conversesacatalunya.cat\/wp-content\/uploads\/2024\/12\/Captura-22.png\" class=\"attachment-large size-large wp-post-image lazyload\" alt=\"la comisi\u00f3n von der Leyen\" data-srcset=\"https:\/\/conversesacatalunya.cat\/wp-content\/uploads\/2024\/12\/Captura-22.png 696w, https:\/\/conversesacatalunya.cat\/wp-content\/uploads\/2024\/12\/Captura-22-300x136.png 300w\" data-sizes=\"(max-width: 696px) 100vw, 696px\" src=\"data:image\/svg+xml;base64,PHN2ZyB3aWR0aD0iMSIgaGVpZ2h0PSIxIiB4bWxucz0iaHR0cDovL3d3dy53My5vcmcvMjAwMC9zdmciPjwvc3ZnPg==\" style=\"--smush-placeholder-width: 696px; --smush-placeholder-aspect-ratio: 696\/315;\" \/><\/a><\/div><h2 class=\"w-post-elm post_title usg_post_title_1 entry-title color_link_inherit\"><a href=\"https:\/\/conversesacatalunya.cat\/es\/la-comision-von-der-leyen-tres-informes-hoja-de-ruta\/\">Arranca la segunda comisi\u00f3n Von der Leyen (I). Tres informes marcan la hoja de ruta<\/a><\/h2><time class=\"w-post-elm post_date usg_post_date_1 has_text_color entry-date published\" datetime=\"2024-12-09T09:00:17+01:00\">9 diciembre, 2024<\/time><div class=\"w-post-elm post_author usg_post_author_1 vcard author color_link_inherit\"><div class=\"post-author-meta\"><a href=\"https:\/\/conversesacatalunya.cat\/es\/author\/victor_pou\/\" class=\"post-author-name fn\">Victor Pou<\/a><\/div><\/div>\t\t<\/div>\r\n\t\t\t<\/article>\r\n\t<article class=\"w-grid-item size_1x1 post-84061 post type-post status-publish format-standard has-post-thumbnail hentry category-pro-europa-es tag-letta-es tag-mario-draghi-es\" data-id=\"84061\">\r\n\t\t<div class=\"w-grid-item-h\">\r\n\t\t\t\t\t\t<div class=\"w-post-elm post_image usg_post_image_1 actualitat_img stretched\"><a href=\"https:\/\/conversesacatalunya.cat\/es\/informes-letta-y-draghi-marcar-el-paso-ue\/\" aria-label=\"Los Informes Letta y Draghi quieren y pueden marcar el paso de la UE en los pr\u00f3ximos a\u00f1os, pero son insuficientes\"><img decoding=\"async\" width=\"640\" height=\"480\" data-src=\"https:\/\/conversesacatalunya.cat\/wp-content\/uploads\/2024\/11\/banner-1327289_640.jpg\" class=\"attachment-large size-large wp-post-image lazyload\" alt=\"informes Letta Draghi UE\" data-srcset=\"https:\/\/conversesacatalunya.cat\/wp-content\/uploads\/2024\/11\/banner-1327289_640.jpg 640w, https:\/\/conversesacatalunya.cat\/wp-content\/uploads\/2024\/11\/banner-1327289_640-300x225.jpg 300w\" data-sizes=\"(max-width: 640px) 100vw, 640px\" src=\"data:image\/svg+xml;base64,PHN2ZyB3aWR0aD0iMSIgaGVpZ2h0PSIxIiB4bWxucz0iaHR0cDovL3d3dy53My5vcmcvMjAwMC9zdmciPjwvc3ZnPg==\" style=\"--smush-placeholder-width: 640px; --smush-placeholder-aspect-ratio: 640\/480;\" \/><\/a><\/div><h2 class=\"w-post-elm post_title usg_post_title_1 entry-title color_link_inherit\"><a href=\"https:\/\/conversesacatalunya.cat\/es\/informes-letta-y-draghi-marcar-el-paso-ue\/\">Los Informes Letta y Draghi quieren y pueden marcar el paso de la UE en los pr\u00f3ximos a\u00f1os, pero son insuficientes<\/a><\/h2><time class=\"w-post-elm post_date usg_post_date_1 has_text_color entry-date published\" datetime=\"2024-12-02T09:00:52+01:00\">2 diciembre, 2024<\/time><div class=\"w-post-elm post_author usg_post_author_1 vcard author color_link_inherit\"><div class=\"post-author-meta\"><a href=\"https:\/\/conversesacatalunya.cat\/es\/author\/victor_pou\/\" class=\"post-author-name fn\">Victor Pou<\/a><\/div><\/div>\t\t<\/div>\r\n\t\t\t<\/article>\r\n\t<article class=\"w-grid-item size_1x1 post-83821 post type-post status-publish format-standard has-post-thumbnail hentry category-pro-europa-es tag-donald-trump-es tag-elecciones-eeuu-2024 tag-eleccions-als-estats-units-es tag-trump-es\" data-id=\"83821\">\r\n\t\t<div class=\"w-grid-item-h\">\r\n\t\t\t\t\t\t<div class=\"w-post-elm post_image usg_post_image_1 actualitat_img stretched\"><a href=\"https:\/\/conversesacatalunya.cat\/es\/marco-rubio-futuro-secretario-de-estado-su-libro\/\" aria-label=\"Marco Rubio, futuro secretario de Estado de la Administraci\u00f3n Trump\"><img decoding=\"async\" width=\"540\" height=\"395\" data-src=\"https:\/\/conversesacatalunya.cat\/wp-content\/uploads\/2024\/11\/Captura.png\" class=\"attachment-large size-large wp-post-image lazyload\" alt=\"Marco Rubio libro\" data-srcset=\"https:\/\/conversesacatalunya.cat\/wp-content\/uploads\/2024\/11\/Captura.png 540w, https:\/\/conversesacatalunya.cat\/wp-content\/uploads\/2024\/11\/Captura-300x219.png 300w\" data-sizes=\"(max-width: 540px) 100vw, 540px\" src=\"data:image\/svg+xml;base64,PHN2ZyB3aWR0aD0iMSIgaGVpZ2h0PSIxIiB4bWxucz0iaHR0cDovL3d3dy53My5vcmcvMjAwMC9zdmciPjwvc3ZnPg==\" style=\"--smush-placeholder-width: 540px; --smush-placeholder-aspect-ratio: 540\/395;\" \/><\/a><\/div><h2 class=\"w-post-elm post_title usg_post_title_1 entry-title color_link_inherit\"><a href=\"https:\/\/conversesacatalunya.cat\/es\/marco-rubio-futuro-secretario-de-estado-su-libro\/\">Marco Rubio, futuro secretario de Estado de la Administraci\u00f3n Trump<\/a><\/h2><time class=\"w-post-elm post_date usg_post_date_1 has_text_color entry-date published\" datetime=\"2024-11-22T09:00:13+01:00\">22 noviembre, 2024<\/time><div class=\"w-post-elm post_author usg_post_author_1 vcard author color_link_inherit\"><div class=\"post-author-meta\"><a href=\"https:\/\/conversesacatalunya.cat\/es\/author\/victor_pou\/\" class=\"post-author-name fn\">Victor Pou<\/a><\/div><\/div>\t\t<\/div>\r\n\t\t\t<\/article>\r\n\t<article class=\"w-grid-item size_1x1 post-83430 post type-post status-publish format-standard has-post-thumbnail hentry category-pro-europa-es tag-donald-trump-es tag-eeuu-es tag-jd-vance-es tag-trump-es\" data-id=\"83430\">\r\n\t\t<div class=\"w-grid-item-h\">\r\n\t\t\t\t\t\t<div class=\"w-post-elm post_image usg_post_image_1 actualitat_img stretched\"><a href=\"https:\/\/conversesacatalunya.cat\/es\/porque-ha-ganado-trump-consecuencias-para-europa\/\" aria-label=\"\u00bfPor qu\u00e9 ha ganado Trump? \u00bfQu\u00e9 consecuencias puede tener esa victoria para la UE?\"><img decoding=\"async\" width=\"640\" height=\"360\" data-src=\"https:\/\/conversesacatalunya.cat\/wp-content\/uploads\/2024\/11\/trump-tower-3325245_640.jpg\" class=\"attachment-large size-large wp-post-image lazyload\" alt=\"Trump Europa\" data-srcset=\"https:\/\/conversesacatalunya.cat\/wp-content\/uploads\/2024\/11\/trump-tower-3325245_640.jpg 640w, https:\/\/conversesacatalunya.cat\/wp-content\/uploads\/2024\/11\/trump-tower-3325245_640-300x169.jpg 300w\" data-sizes=\"(max-width: 640px) 100vw, 640px\" src=\"data:image\/svg+xml;base64,PHN2ZyB3aWR0aD0iMSIgaGVpZ2h0PSIxIiB4bWxucz0iaHR0cDovL3d3dy53My5vcmcvMjAwMC9zdmciPjwvc3ZnPg==\" style=\"--smush-placeholder-width: 640px; --smush-placeholder-aspect-ratio: 640\/360;\" \/><\/a><\/div><h2 class=\"w-post-elm post_title usg_post_title_1 entry-title color_link_inherit\"><a href=\"https:\/\/conversesacatalunya.cat\/es\/porque-ha-ganado-trump-consecuencias-para-europa\/\">\u00bfPor qu\u00e9 ha ganado Trump? \u00bfQu\u00e9 consecuencias puede tener esa victoria para la UE?<\/a><\/h2><time class=\"w-post-elm post_date usg_post_date_1 has_text_color entry-date published\" datetime=\"2024-11-14T08:47:18+01:00\">14 noviembre, 2024<\/time><div class=\"w-post-elm post_author usg_post_author_1 vcard author color_link_inherit\"><div class=\"post-author-meta\"><a href=\"https:\/\/conversesacatalunya.cat\/es\/author\/victor_pou\/\" class=\"post-author-name fn\">Victor Pou<\/a><\/div><\/div>\t\t<\/div>\r\n\t\t\t<\/article>\r\n\t<article class=\"w-grid-item size_1x1 post-83236 post type-post status-publish format-standard has-post-thumbnail hentry category-pro-europa-es tag-energia-nuclear-es tag-iter-es\" data-id=\"83236\">\r\n\t\t<div class=\"w-grid-item-h\">\r\n\t\t\t\t\t\t<div class=\"w-post-elm post_image usg_post_image_1 actualitat_img stretched\"><a href=\"https:\/\/conversesacatalunya.cat\/es\/proyecto-internacional-de-fusion-nuclear-iter-barcelona\/\" aria-label=\"El proyecto internacional de fusi\u00f3n nuclear ITER tiene su sede administrativa en Barcelona\"><img decoding=\"async\" width=\"420\" height=\"261\" data-src=\"https:\/\/conversesacatalunya.cat\/wp-content\/uploads\/2024\/11\/Captura.jpg\" class=\"attachment-large size-large wp-post-image lazyload\" alt=\"ITER\" data-srcset=\"https:\/\/conversesacatalunya.cat\/wp-content\/uploads\/2024\/11\/Captura.jpg 420w, https:\/\/conversesacatalunya.cat\/wp-content\/uploads\/2024\/11\/Captura-300x186.jpg 300w\" data-sizes=\"(max-width: 420px) 100vw, 420px\" src=\"data:image\/svg+xml;base64,PHN2ZyB3aWR0aD0iMSIgaGVpZ2h0PSIxIiB4bWxucz0iaHR0cDovL3d3dy53My5vcmcvMjAwMC9zdmciPjwvc3ZnPg==\" style=\"--smush-placeholder-width: 420px; --smush-placeholder-aspect-ratio: 420\/261;\" \/><\/a><\/div><h2 class=\"w-post-elm post_title usg_post_title_1 entry-title color_link_inherit\"><a href=\"https:\/\/conversesacatalunya.cat\/es\/proyecto-internacional-de-fusion-nuclear-iter-barcelona\/\">El proyecto internacional de fusi\u00f3n nuclear ITER tiene su sede administrativa en Barcelona<\/a><\/h2><time class=\"w-post-elm post_date usg_post_date_1 has_text_color entry-date published\" datetime=\"2024-11-08T09:00:34+01:00\">8 noviembre, 2024<\/time><div class=\"w-post-elm post_author usg_post_author_1 vcard author color_link_inherit\"><div class=\"post-author-meta\"><a href=\"https:\/\/conversesacatalunya.cat\/es\/author\/victor_pou\/\" class=\"post-author-name fn\">Victor Pou<\/a><\/div><\/div>\t\t<\/div>\r\n\t\t\t<\/article>\r\n\t<article class=\"w-grid-item size_1x1 post-82268 post type-post status-publish format-standard has-post-thumbnail hentry category-pro-europa-es tag-brics tag-g-20-es tag-geopolitica-es tag-sud-global-es\" data-id=\"82268\">\r\n\t\t<div class=\"w-grid-item-h\">\r\n\t\t\t\t\t\t<div class=\"w-post-elm post_image usg_post_image_1 actualitat_img stretched\"><a href=\"https:\/\/conversesacatalunya.cat\/es\/tres-grandes-regiones-geopoliticas-oeste-global-este-global-sur-global\/\" aria-label=\"Las tres grandes regiones geopol\u00edticas actuales: el oeste global, el este global y el sur global\"><img decoding=\"async\" width=\"1024\" height=\"682\" data-src=\"https:\/\/conversesacatalunya.cat\/wp-content\/uploads\/2024\/10\/globe-2679754_1280-1024x682.jpg\" class=\"attachment-large size-large wp-post-image lazyload\" alt=\"regions geopol\u00edtiques\" data-srcset=\"https:\/\/conversesacatalunya.cat\/wp-content\/uploads\/2024\/10\/globe-2679754_1280-1024x682.jpg 1024w, https:\/\/conversesacatalunya.cat\/wp-content\/uploads\/2024\/10\/globe-2679754_1280-300x200.jpg 300w, https:\/\/conversesacatalunya.cat\/wp-content\/uploads\/2024\/10\/globe-2679754_1280.jpg 1280w\" data-sizes=\"(max-width: 1024px) 100vw, 1024px\" src=\"data:image\/svg+xml;base64,PHN2ZyB3aWR0aD0iMSIgaGVpZ2h0PSIxIiB4bWxucz0iaHR0cDovL3d3dy53My5vcmcvMjAwMC9zdmciPjwvc3ZnPg==\" style=\"--smush-placeholder-width: 1024px; --smush-placeholder-aspect-ratio: 1024\/682;\" \/><\/a><\/div><h2 class=\"w-post-elm post_title usg_post_title_1 entry-title color_link_inherit\"><a href=\"https:\/\/conversesacatalunya.cat\/es\/tres-grandes-regiones-geopoliticas-oeste-global-este-global-sur-global\/\">Las tres grandes regiones geopol\u00edticas actuales: el oeste global, el este global y el sur global<\/a><\/h2><time class=\"w-post-elm post_date usg_post_date_1 has_text_color entry-date published\" datetime=\"2024-10-04T09:00:35+02:00\">4 octubre, 2024<\/time><div class=\"w-post-elm post_author usg_post_author_1 vcard author color_link_inherit\"><div class=\"post-author-meta\"><a href=\"https:\/\/conversesacatalunya.cat\/es\/author\/victor_pou\/\" class=\"post-author-name fn\">Victor Pou<\/a><\/div><\/div>\t\t<\/div>\r\n\t\t\t<\/article>\r\n\t<article class=\"w-grid-item size_1x1 post-81941 post type-post status-publish format-standard has-post-thumbnail hentry category-pro-europa-es tag-alemanya-es tag-mario-draghi-es\" data-id=\"81941\">\r\n\t\t<div class=\"w-grid-item-h\">\r\n\t\t\t\t\t\t<div class=\"w-post-elm post_image usg_post_image_1 actualitat_img stretched\"><a href=\"https:\/\/conversesacatalunya.cat\/es\/draghi-alemania-declive-europa\/\" aria-label=\"El informe Draghi, Alemania y el declive de Europa\"><img decoding=\"async\" width=\"1024\" height=\"1024\" data-src=\"https:\/\/conversesacatalunya.cat\/wp-content\/uploads\/2024\/09\/bundestag-204771_1280-1024x1024.jpg\" class=\"attachment-large size-large wp-post-image lazyload\" alt=\"Alemanya Europa\" data-srcset=\"https:\/\/conversesacatalunya.cat\/wp-content\/uploads\/2024\/09\/bundestag-204771_1280-1024x1024.jpg 1024w, https:\/\/conversesacatalunya.cat\/wp-content\/uploads\/2024\/09\/bundestag-204771_1280-300x300.jpg 300w, https:\/\/conversesacatalunya.cat\/wp-content\/uploads\/2024\/09\/bundestag-204771_1280-150x150.jpg 150w, https:\/\/conversesacatalunya.cat\/wp-content\/uploads\/2024\/09\/bundestag-204771_1280-350x350.jpg 350w, https:\/\/conversesacatalunya.cat\/wp-content\/uploads\/2024\/09\/bundestag-204771_1280-600x600.jpg 600w, https:\/\/conversesacatalunya.cat\/wp-content\/uploads\/2024\/09\/bundestag-204771_1280.jpg 1280w\" data-sizes=\"(max-width: 1024px) 100vw, 1024px\" src=\"data:image\/svg+xml;base64,PHN2ZyB3aWR0aD0iMSIgaGVpZ2h0PSIxIiB4bWxucz0iaHR0cDovL3d3dy53My5vcmcvMjAwMC9zdmciPjwvc3ZnPg==\" style=\"--smush-placeholder-width: 1024px; --smush-placeholder-aspect-ratio: 1024\/1024;\" \/><\/a><\/div><h2 class=\"w-post-elm post_title usg_post_title_1 entry-title color_link_inherit\"><a href=\"https:\/\/conversesacatalunya.cat\/es\/draghi-alemania-declive-europa\/\">El informe Draghi, Alemania y el declive de Europa<\/a><\/h2><time class=\"w-post-elm post_date usg_post_date_1 has_text_color entry-date published\" datetime=\"2024-09-26T09:26:54+02:00\">26 septiembre, 2024<\/time><div class=\"w-post-elm post_author usg_post_author_1 vcard author color_link_inherit\"><div class=\"post-author-meta\"><a href=\"https:\/\/conversesacatalunya.cat\/es\/author\/victor_pou\/\" class=\"post-author-name fn\">Victor Pou<\/a><\/div><\/div>\t\t<\/div>\r\n\t\t\t<\/article>\r\n\t<article class=\"w-grid-item size_1x1 post-81594 post type-post status-publish format-standard has-post-thumbnail hentry category-pro-europa-es tag-enrico-letta-es tag-letta-es tag-mario-draghi-es\" data-id=\"81594\">\r\n\t\t<div class=\"w-grid-item-h\">\r\n\t\t\t\t\t\t<div class=\"w-post-elm post_image usg_post_image_1 actualitat_img stretched\"><a href=\"https:\/\/conversesacatalunya.cat\/es\/informe-draghi-informe-letta-hoja-de-ruta-ue\/\" aria-label=\"El informe Draghi (competitividad) y el informe Letta (mercado interior) marcar\u00e1n la hoja de ruta de la UE\"><img decoding=\"async\" width=\"1024\" height=\"768\" data-src=\"https:\/\/conversesacatalunya.cat\/wp-content\/uploads\/2024\/09\/Informe-Draghi-1024x768.jpg\" class=\"attachment-large size-large wp-post-image lazyload\" alt=\"Informe Draghi\" data-srcset=\"https:\/\/conversesacatalunya.cat\/wp-content\/uploads\/2024\/09\/Informe-Draghi-1024x768.jpg 1024w, https:\/\/conversesacatalunya.cat\/wp-content\/uploads\/2024\/09\/Informe-Draghi-300x225.jpg 300w, https:\/\/conversesacatalunya.cat\/wp-content\/uploads\/2024\/09\/Informe-Draghi.jpg 1280w\" data-sizes=\"(max-width: 1024px) 100vw, 1024px\" src=\"data:image\/svg+xml;base64,PHN2ZyB3aWR0aD0iMSIgaGVpZ2h0PSIxIiB4bWxucz0iaHR0cDovL3d3dy53My5vcmcvMjAwMC9zdmciPjwvc3ZnPg==\" style=\"--smush-placeholder-width: 1024px; --smush-placeholder-aspect-ratio: 1024\/768;\" \/><\/a><\/div><h2 class=\"w-post-elm post_title usg_post_title_1 entry-title color_link_inherit\"><a href=\"https:\/\/conversesacatalunya.cat\/es\/informe-draghi-informe-letta-hoja-de-ruta-ue\/\">El informe Draghi (competitividad) y el informe Letta (mercado interior) marcar\u00e1n la hoja de ruta de la UE<\/a><\/h2><time class=\"w-post-elm post_date usg_post_date_1 has_text_color entry-date published\" datetime=\"2024-09-18T11:24:26+02:00\">18 septiembre, 2024<\/time><div class=\"w-post-elm post_author usg_post_author_1 vcard author color_link_inherit\"><div class=\"post-author-meta\"><a href=\"https:\/\/conversesacatalunya.cat\/es\/author\/victor_pou\/\" class=\"post-author-name fn\">Victor Pou<\/a><\/div><\/div>\t\t<\/div>\r\n\t\t\t<\/article>\r\n\t<article class=\"w-grid-item size_1x1 post-80850 post type-post status-publish format-standard has-post-thumbnail hentry category-pro-europa-es tag-comision-europea-es tag-elecciones-europeas-2024 tag-ursula-von-der-leyen-es\" data-id=\"80850\">\r\n\t\t<div class=\"w-grid-item-h\">\r\n\t\t\t\t\t\t<div class=\"w-post-elm post_image usg_post_image_1 actualitat_img stretched\"><a href=\"https:\/\/conversesacatalunya.cat\/es\/segundo-mandato-von-der-leyen-mas-dificil-que-el-primero\/\" aria-label=\"El segundo mandato de Ursula von der Leyen (2024-2029) ser\u00e1 mucho m\u00e1s dif\u00edcil que el primero\"><img decoding=\"async\" width=\"1024\" height=\"682\" data-src=\"https:\/\/conversesacatalunya.cat\/wp-content\/uploads\/2024\/08\/europe-5377159_1280-1024x682.jpg\" class=\"attachment-large size-large wp-post-image lazyload\" alt=\"segundo mandato Ursula von der Leyen\" data-srcset=\"https:\/\/conversesacatalunya.cat\/wp-content\/uploads\/2024\/08\/europe-5377159_1280-1024x682.jpg 1024w, https:\/\/conversesacatalunya.cat\/wp-content\/uploads\/2024\/08\/europe-5377159_1280-300x200.jpg 300w, https:\/\/conversesacatalunya.cat\/wp-content\/uploads\/2024\/08\/europe-5377159_1280.jpg 1280w\" data-sizes=\"(max-width: 1024px) 100vw, 1024px\" src=\"data:image\/svg+xml;base64,PHN2ZyB3aWR0aD0iMSIgaGVpZ2h0PSIxIiB4bWxucz0iaHR0cDovL3d3dy53My5vcmcvMjAwMC9zdmciPjwvc3ZnPg==\" style=\"--smush-placeholder-width: 1024px; --smush-placeholder-aspect-ratio: 1024\/682;\" \/><\/a><\/div><h2 class=\"w-post-elm post_title usg_post_title_1 entry-title color_link_inherit\"><a href=\"https:\/\/conversesacatalunya.cat\/es\/segundo-mandato-von-der-leyen-mas-dificil-que-el-primero\/\">El segundo mandato de Ursula von der Leyen (2024-2029) ser\u00e1 mucho m\u00e1s dif\u00edcil que el primero<\/a><\/h2><time class=\"w-post-elm post_date usg_post_date_1 has_text_color entry-date published\" datetime=\"2024-08-29T10:47:51+02:00\">29 agosto, 2024<\/time><div class=\"w-post-elm post_author usg_post_author_1 vcard author color_link_inherit\"><div class=\"post-author-meta\"><a href=\"https:\/\/conversesacatalunya.cat\/es\/author\/victor_pou\/\" class=\"post-author-name fn\">Victor Pou<\/a><\/div><\/div>\t\t<\/div>\r\n\t\t\t<\/article>\r\n\t<article class=\"w-grid-item size_1x1 post-80603 post type-post status-publish format-standard has-post-thumbnail hentry category-pro-europa-es category-punts-claus-del-dia-es tag-eleccions-europees-2024-es tag-nou-ordre-mundial-es\" data-id=\"80603\">\r\n\t\t<div class=\"w-grid-item-h\">\r\n\t\t\t\t\t\t<div class=\"w-post-elm post_image usg_post_image_1 actualitat_img stretched\"><a href=\"https:\/\/conversesacatalunya.cat\/es\/caminando-hacia-nuevo-orden-mundial-ii\/\" aria-label=\"Caminando hacia un Nuevo Orden Mundial (y II)\"><img decoding=\"async\" width=\"1024\" height=\"682\" data-src=\"https:\/\/conversesacatalunya.cat\/wp-content\/uploads\/2024\/08\/security-3071106_1280-1024x682.jpg\" class=\"attachment-large size-large wp-post-image lazyload\" alt=\"UE ordre mundial\" data-srcset=\"https:\/\/conversesacatalunya.cat\/wp-content\/uploads\/2024\/08\/security-3071106_1280-1024x682.jpg 1024w, https:\/\/conversesacatalunya.cat\/wp-content\/uploads\/2024\/08\/security-3071106_1280-300x200.jpg 300w, https:\/\/conversesacatalunya.cat\/wp-content\/uploads\/2024\/08\/security-3071106_1280.jpg 1280w\" data-sizes=\"(max-width: 1024px) 100vw, 1024px\" src=\"data:image\/svg+xml;base64,PHN2ZyB3aWR0aD0iMSIgaGVpZ2h0PSIxIiB4bWxucz0iaHR0cDovL3d3dy53My5vcmcvMjAwMC9zdmciPjwvc3ZnPg==\" style=\"--smush-placeholder-width: 1024px; --smush-placeholder-aspect-ratio: 1024\/682;\" \/><\/a><\/div><h2 class=\"w-post-elm post_title usg_post_title_1 entry-title color_link_inherit\"><a href=\"https:\/\/conversesacatalunya.cat\/es\/caminando-hacia-nuevo-orden-mundial-ii\/\">Caminando hacia un Nuevo Orden Mundial (y II)<\/a><\/h2><time class=\"w-post-elm post_date usg_post_date_1 has_text_color entry-date published\" datetime=\"2024-08-06T09:00:44+02:00\">6 agosto, 2024<\/time><div class=\"w-post-elm post_author usg_post_author_1 vcard author color_link_inherit\"><div class=\"post-author-meta\"><a href=\"https:\/\/conversesacatalunya.cat\/es\/author\/victor_pou\/\" class=\"post-author-name fn\">Victor Pou<\/a><\/div><\/div>\t\t<\/div>\r\n\t\t\t<\/article>\r\n\t<article class=\"w-grid-item size_1x1 post-80572 post type-post status-publish format-standard has-post-thumbnail hentry category-pro-europa-es category-punts-claus-del-dia-es tag-china tag-ordre-mundial-es tag-sur-global\" data-id=\"80572\">\r\n\t\t<div class=\"w-grid-item-h\">\r\n\t\t\t\t\t\t<div class=\"w-post-elm post_image usg_post_image_1 actualitat_img stretched\"><a href=\"https:\/\/conversesacatalunya.cat\/es\/caminando-hacia-un-nuevo-orden-mundial-i\/\" aria-label=\"Caminando hacia un Nuevo Orden Mundial (I)\"><img decoding=\"async\" width=\"832\" height=\"680\" data-src=\"https:\/\/conversesacatalunya.cat\/wp-content\/uploads\/2024\/08\/Captura.jpg\" class=\"attachment-large size-large wp-post-image lazyload\" alt=\"ordre geopol\u00edtic mundial\" data-srcset=\"https:\/\/conversesacatalunya.cat\/wp-content\/uploads\/2024\/08\/Captura.jpg 832w, https:\/\/conversesacatalunya.cat\/wp-content\/uploads\/2024\/08\/Captura-300x245.jpg 300w\" data-sizes=\"(max-width: 832px) 100vw, 832px\" src=\"data:image\/svg+xml;base64,PHN2ZyB3aWR0aD0iMSIgaGVpZ2h0PSIxIiB4bWxucz0iaHR0cDovL3d3dy53My5vcmcvMjAwMC9zdmciPjwvc3ZnPg==\" style=\"--smush-placeholder-width: 832px; --smush-placeholder-aspect-ratio: 832\/680;\" \/><\/a><\/div><h2 class=\"w-post-elm post_title usg_post_title_1 entry-title color_link_inherit\"><a href=\"https:\/\/conversesacatalunya.cat\/es\/caminando-hacia-un-nuevo-orden-mundial-i\/\">Caminando hacia un Nuevo Orden Mundial (I)<\/a><\/h2><time class=\"w-post-elm post_date usg_post_date_1 has_text_color entry-date published\" datetime=\"2024-08-01T12:59:49+02:00\">1 agosto, 2024<\/time><div class=\"w-post-elm post_author usg_post_author_1 vcard author color_link_inherit\"><div class=\"post-author-meta\"><a href=\"https:\/\/conversesacatalunya.cat\/es\/author\/victor_pou\/\" class=\"post-author-name fn\">Victor Pou<\/a><\/div><\/div>\t\t<\/div>\r\n\t\t\t<\/article>\r\n\t<article class=\"w-grid-item size_1x1 post-79807 post type-post status-publish format-standard has-post-thumbnail hentry category-pro-europa-es tag-agenda-estrategica-2024-2029 tag-ampliacion-ue tag-letta-es tag-mario-draghi-es\" data-id=\"79807\">\r\n\t\t<div class=\"w-grid-item-h\">\r\n\t\t\t\t\t\t<div class=\"w-post-elm post_image usg_post_image_1 actualitat_img stretched\"><a href=\"https:\/\/conversesacatalunya.cat\/es\/la-agenda-estrategica-de-la-ue-para-la-legislatura-europea-2024-2029-y-la-necesidad-de-mejorarla\/\" aria-label=\"La Agenda Estrat\u00e9gica de la UE para la legislatura europea 2024-2029 y la necesidad de mejorarla\"><img decoding=\"async\" width=\"683\" height=\"378\" data-src=\"https:\/\/conversesacatalunya.cat\/wp-content\/uploads\/2024\/07\/Captura.jpg\" class=\"attachment-large size-large wp-post-image lazyload\" alt=\"agenda estrat\u00e9gica 2024-2029\" data-srcset=\"https:\/\/conversesacatalunya.cat\/wp-content\/uploads\/2024\/07\/Captura.jpg 683w, https:\/\/conversesacatalunya.cat\/wp-content\/uploads\/2024\/07\/Captura-300x166.jpg 300w\" data-sizes=\"(max-width: 683px) 100vw, 683px\" src=\"data:image\/svg+xml;base64,PHN2ZyB3aWR0aD0iMSIgaGVpZ2h0PSIxIiB4bWxucz0iaHR0cDovL3d3dy53My5vcmcvMjAwMC9zdmciPjwvc3ZnPg==\" style=\"--smush-placeholder-width: 683px; --smush-placeholder-aspect-ratio: 683\/378;\" \/><\/a><\/div><h2 class=\"w-post-elm post_title usg_post_title_1 entry-title color_link_inherit\"><a href=\"https:\/\/conversesacatalunya.cat\/es\/la-agenda-estrategica-de-la-ue-para-la-legislatura-europea-2024-2029-y-la-necesidad-de-mejorarla\/\">La Agenda Estrat\u00e9gica de la UE para la legislatura europea 2024-2029 y la necesidad de mejorarla<\/a><\/h2><time class=\"w-post-elm post_date usg_post_date_1 has_text_color entry-date published\" datetime=\"2024-07-11T10:59:06+02:00\">11 julio, 2024<\/time><div class=\"w-post-elm post_author usg_post_author_1 vcard author color_link_inherit\"><div class=\"post-author-meta\"><a href=\"https:\/\/conversesacatalunya.cat\/es\/author\/victor_pou\/\" class=\"post-author-name fn\">Victor Pou<\/a><\/div><\/div>\t\t<\/div>\r\n\t\t\t<\/article>\r\n\t<article class=\"w-grid-item size_1x1 post-79751 post type-post status-publish format-standard has-post-thumbnail hentry category-pro-europa-es tag-presidencia-europea-es tag-presidencia-hungara-ue tag-viktor-orban-es tag-von-der-leyen-es\" data-id=\"79751\">\r\n\t\t<div class=\"w-grid-item-h\">\r\n\t\t\t\t\t\t<div class=\"w-post-elm post_image usg_post_image_1 actualitat_img stretched\"><a href=\"https:\/\/conversesacatalunya.cat\/es\/futuro-de-la-ue-a-corto-y-a-medio-plazo-2024-2030\/\" aria-label=\"Una mirada sobre el futuro de la UE a corto y a medio plazo (2024-2030)\"><img decoding=\"async\" width=\"1024\" height=\"682\" data-src=\"https:\/\/conversesacatalunya.cat\/wp-content\/uploads\/2024\/07\/futuro-UE-1024x682.jpg\" class=\"attachment-large size-large wp-post-image lazyload\" alt=\"futuro UE\" data-srcset=\"https:\/\/conversesacatalunya.cat\/wp-content\/uploads\/2024\/07\/futuro-UE-1024x682.jpg 1024w, https:\/\/conversesacatalunya.cat\/wp-content\/uploads\/2024\/07\/futuro-UE-300x200.jpg 300w, https:\/\/conversesacatalunya.cat\/wp-content\/uploads\/2024\/07\/futuro-UE.jpg 1280w\" data-sizes=\"(max-width: 1024px) 100vw, 1024px\" src=\"data:image\/svg+xml;base64,PHN2ZyB3aWR0aD0iMSIgaGVpZ2h0PSIxIiB4bWxucz0iaHR0cDovL3d3dy53My5vcmcvMjAwMC9zdmciPjwvc3ZnPg==\" style=\"--smush-placeholder-width: 1024px; --smush-placeholder-aspect-ratio: 1024\/682;\" \/><\/a><\/div><h2 class=\"w-post-elm post_title usg_post_title_1 entry-title color_link_inherit\"><a href=\"https:\/\/conversesacatalunya.cat\/es\/futuro-de-la-ue-a-corto-y-a-medio-plazo-2024-2030\/\">Una mirada sobre el futuro de la UE a corto y a medio plazo (2024-2030)<\/a><\/h2><time class=\"w-post-elm post_date usg_post_date_1 has_text_color entry-date published\" datetime=\"2024-07-10T08:45:06+02:00\">10 julio, 2024<\/time><div class=\"w-post-elm post_author usg_post_author_1 vcard author color_link_inherit\"><div class=\"post-author-meta\"><a href=\"https:\/\/conversesacatalunya.cat\/es\/author\/victor_pou\/\" class=\"post-author-name fn\">Victor Pou<\/a><\/div><\/div>\t\t<\/div>\r\n\t\t\t<\/article>\r\n\t<article class=\"w-grid-item size_1x1 post-79333 post type-post status-publish format-standard has-post-thumbnail hentry category-pro-europa-es tag-afganistan-es tag-china tag-estados-unidos tag-india-es tag-orden-mundial\" data-id=\"79333\">\r\n\t\t<div class=\"w-grid-item-h\">\r\n\t\t\t\t\t\t<div class=\"w-post-elm post_image usg_post_image_1 actualitat_img stretched\"><a href=\"https:\/\/conversesacatalunya.cat\/es\/hacia-un-nuevo-orden-mundial\/\" aria-label=\"Hacia un nuevo orden mundial\"><img decoding=\"async\" width=\"1024\" height=\"682\" data-src=\"https:\/\/conversesacatalunya.cat\/wp-content\/uploads\/2024\/07\/you-love-me-1638625_1280-1024x682.jpg\" class=\"attachment-large size-large wp-post-image lazyload\" alt=\"Estados Unidos URSS\" data-srcset=\"https:\/\/conversesacatalunya.cat\/wp-content\/uploads\/2024\/07\/you-love-me-1638625_1280-1024x682.jpg 1024w, https:\/\/conversesacatalunya.cat\/wp-content\/uploads\/2024\/07\/you-love-me-1638625_1280-300x200.jpg 300w, https:\/\/conversesacatalunya.cat\/wp-content\/uploads\/2024\/07\/you-love-me-1638625_1280.jpg 1280w\" data-sizes=\"(max-width: 1024px) 100vw, 1024px\" src=\"data:image\/svg+xml;base64,PHN2ZyB3aWR0aD0iMSIgaGVpZ2h0PSIxIiB4bWxucz0iaHR0cDovL3d3dy53My5vcmcvMjAwMC9zdmciPjwvc3ZnPg==\" style=\"--smush-placeholder-width: 1024px; --smush-placeholder-aspect-ratio: 1024\/682;\" \/><\/a><\/div><h2 class=\"w-post-elm post_title usg_post_title_1 entry-title color_link_inherit\"><a href=\"https:\/\/conversesacatalunya.cat\/es\/hacia-un-nuevo-orden-mundial\/\">Hacia un nuevo orden mundial<\/a><\/h2><time class=\"w-post-elm post_date usg_post_date_1 has_text_color entry-date published\" datetime=\"2024-07-03T09:05:17+02:00\">3 julio, 2024<\/time><div class=\"w-post-elm post_author usg_post_author_1 vcard author color_link_inherit\"><div class=\"post-author-meta\"><a href=\"https:\/\/conversesacatalunya.cat\/es\/author\/victor_pou\/\" class=\"post-author-name fn\">Victor Pou<\/a><\/div><\/div>\t\t<\/div>\r\n\t\t\t<\/article>\r\n\t<article class=\"w-grid-item size_1x1 post-78815 post type-post status-publish format-standard has-post-thumbnail hentry category-pro-europa-es tag-elecciones-europeas-2024 tag-eleccions-europees-2024-es\" data-id=\"78815\">\r\n\t\t<div class=\"w-grid-item-h\">\r\n\t\t\t\t\t\t<div class=\"w-post-elm post_image usg_post_image_1 actualitat_img stretched\"><a href=\"https:\/\/conversesacatalunya.cat\/es\/panorama-despues-elecciones-europeas\/\" aria-label=\"Panorama despu\u00e9s de las elecciones europeas del 6-9 de junio\"><img decoding=\"async\" width=\"1024\" height=\"679\" data-src=\"https:\/\/conversesacatalunya.cat\/wp-content\/uploads\/2024\/06\/europe-4426307_1280-1024x679.jpg\" class=\"attachment-large size-large wp-post-image lazyload\" alt=\"despu\u00e9s elecciones europeas\" data-srcset=\"https:\/\/conversesacatalunya.cat\/wp-content\/uploads\/2024\/06\/europe-4426307_1280-1024x679.jpg 1024w, https:\/\/conversesacatalunya.cat\/wp-content\/uploads\/2024\/06\/europe-4426307_1280-300x199.jpg 300w, https:\/\/conversesacatalunya.cat\/wp-content\/uploads\/2024\/06\/europe-4426307_1280.jpg 1280w\" data-sizes=\"(max-width: 1024px) 100vw, 1024px\" src=\"data:image\/svg+xml;base64,PHN2ZyB3aWR0aD0iMSIgaGVpZ2h0PSIxIiB4bWxucz0iaHR0cDovL3d3dy53My5vcmcvMjAwMC9zdmciPjwvc3ZnPg==\" style=\"--smush-placeholder-width: 1024px; --smush-placeholder-aspect-ratio: 1024\/679;\" \/><\/a><\/div><h2 class=\"w-post-elm post_title usg_post_title_1 entry-title color_link_inherit\"><a href=\"https:\/\/conversesacatalunya.cat\/es\/panorama-despues-elecciones-europeas\/\">Panorama despu\u00e9s de las elecciones europeas del 6-9 de junio<\/a><\/h2><time class=\"w-post-elm post_date usg_post_date_1 has_text_color entry-date published\" datetime=\"2024-06-12T12:36:21+02:00\">12 junio, 2024<\/time><div class=\"w-post-elm post_author usg_post_author_1 vcard author color_link_inherit\"><div class=\"post-author-meta\"><a href=\"https:\/\/conversesacatalunya.cat\/es\/author\/victor_pou\/\" class=\"post-author-name fn\">Victor Pou<\/a><\/div><\/div>\t\t<\/div>\r\n\t\t\t<\/article>\r\n\t<article class=\"w-grid-item size_1x1 post-78279 post type-post status-publish format-standard has-post-thumbnail hentry category-pro-europa-es tag-elecciones-europeas-2024 tag-eleccions-europees-2024-es\" data-id=\"78279\">\r\n\t\t<div class=\"w-grid-item-h\">\r\n\t\t\t\t\t\t<div class=\"w-post-elm post_image usg_post_image_1 actualitat_img stretched\"><a href=\"https:\/\/conversesacatalunya.cat\/es\/termina-legislatura-europea-comienza-otra-decisiva-futuro-ue\/\" aria-label=\"Termina una legislatura europea (2019-2024) y comienza otra (2024-2029) que ser\u00e1 decisiva para el futuro de la UE\"><img decoding=\"async\" width=\"1024\" height=\"768\" data-src=\"https:\/\/conversesacatalunya.cat\/wp-content\/uploads\/2024\/05\/european-parliament-1265254_1280-1024x768.jpg\" class=\"attachment-large size-large wp-post-image lazyload\" alt=\"legislatura europea\" data-srcset=\"https:\/\/conversesacatalunya.cat\/wp-content\/uploads\/2024\/05\/european-parliament-1265254_1280-1024x768.jpg 1024w, https:\/\/conversesacatalunya.cat\/wp-content\/uploads\/2024\/05\/european-parliament-1265254_1280-300x225.jpg 300w, https:\/\/conversesacatalunya.cat\/wp-content\/uploads\/2024\/05\/european-parliament-1265254_1280.jpg 1280w\" data-sizes=\"(max-width: 1024px) 100vw, 1024px\" src=\"data:image\/svg+xml;base64,PHN2ZyB3aWR0aD0iMSIgaGVpZ2h0PSIxIiB4bWxucz0iaHR0cDovL3d3dy53My5vcmcvMjAwMC9zdmciPjwvc3ZnPg==\" style=\"--smush-placeholder-width: 1024px; --smush-placeholder-aspect-ratio: 1024\/768;\" \/><\/a><\/div><h2 class=\"w-post-elm post_title usg_post_title_1 entry-title color_link_inherit\"><a href=\"https:\/\/conversesacatalunya.cat\/es\/termina-legislatura-europea-comienza-otra-decisiva-futuro-ue\/\">Termina una legislatura europea (2019-2024) y comienza otra (2024-2029) que ser\u00e1 decisiva para el futuro de la UE<\/a><\/h2><time class=\"w-post-elm post_date usg_post_date_1 has_text_color entry-date published\" datetime=\"2024-05-27T09:00:47+02:00\">27 mayo, 2024<\/time><div class=\"w-post-elm post_author usg_post_author_1 vcard author color_link_inherit\"><div class=\"post-author-meta\"><a href=\"https:\/\/conversesacatalunya.cat\/es\/author\/victor_pou\/\" class=\"post-author-name fn\">Victor Pou<\/a><\/div><\/div>\t\t<\/div>\r\n\t\t\t<\/article>\r\n\t<article class=\"w-grid-item size_1x1 post-77951 post type-post status-publish format-standard has-post-thumbnail hentry category-pro-europa-es tag-xi-jin-ping-es tag-xi-jinping-es\" data-id=\"77951\">\r\n\t\t<div class=\"w-grid-item-h\">\r\n\t\t\t\t\t\t<div class=\"w-post-elm post_image usg_post_image_1 actualitat_img stretched\"><a href=\"https:\/\/conversesacatalunya.cat\/es\/xi-jinping-viaje-a-europa-despues-pandemia\/\" aria-label=\"Primer viaje de Xi Jinping a Europa despu\u00e9s de la pandemia\"><img decoding=\"async\" width=\"856\" height=\"724\" data-src=\"https:\/\/conversesacatalunya.cat\/wp-content\/uploads\/2024\/05\/Captura.jpg\" class=\"attachment-large size-large wp-post-image lazyload\" alt=\"viaje Xi Jinping Europa\" data-srcset=\"https:\/\/conversesacatalunya.cat\/wp-content\/uploads\/2024\/05\/Captura.jpg 856w, https:\/\/conversesacatalunya.cat\/wp-content\/uploads\/2024\/05\/Captura-300x254.jpg 300w\" data-sizes=\"(max-width: 856px) 100vw, 856px\" src=\"data:image\/svg+xml;base64,PHN2ZyB3aWR0aD0iMSIgaGVpZ2h0PSIxIiB4bWxucz0iaHR0cDovL3d3dy53My5vcmcvMjAwMC9zdmciPjwvc3ZnPg==\" style=\"--smush-placeholder-width: 856px; --smush-placeholder-aspect-ratio: 856\/724;\" \/><\/a><\/div><h2 class=\"w-post-elm post_title usg_post_title_1 entry-title color_link_inherit\"><a href=\"https:\/\/conversesacatalunya.cat\/es\/xi-jinping-viaje-a-europa-despues-pandemia\/\">Primer viaje de Xi Jinping a Europa despu\u00e9s de la pandemia<\/a><\/h2><time class=\"w-post-elm post_date usg_post_date_1 has_text_color entry-date published\" datetime=\"2024-05-16T10:49:00+02:00\">16 mayo, 2024<\/time><div class=\"w-post-elm post_author usg_post_author_1 vcard author color_link_inherit\"><div class=\"post-author-meta\"><a href=\"https:\/\/conversesacatalunya.cat\/es\/author\/victor_pou\/\" class=\"post-author-name fn\">Victor Pou<\/a><\/div><\/div>\t\t<\/div>\r\n\t\t\t<\/article>\r\n\t<article class=\"w-grid-item size_1x1 post-77629 post type-post status-publish format-standard has-post-thumbnail hentry category-pro-europa-es tag-guerra-ucrania tag-putin-es\" data-id=\"77629\">\r\n\t\t<div class=\"w-grid-item-h\">\r\n\t\t\t\t\t\t<div class=\"w-post-elm post_image usg_post_image_1 actualitat_img stretched\"><a href=\"https:\/\/conversesacatalunya.cat\/es\/el-fin-de-una-era-ucrania-la-guerra-que-lo-acelera-todo\/\" aria-label=\"\u00abEl fin de una era. Ucrania. La guerra que lo acelera todo\u00bb\"><img decoding=\"async\" width=\"500\" height=\"733\" data-src=\"https:\/\/conversesacatalunya.cat\/wp-content\/uploads\/2024\/05\/visd_0000JPG02Z06.jpg\" class=\"attachment-large size-large wp-post-image lazyload\" alt=\"Dezcallar\" data-srcset=\"https:\/\/conversesacatalunya.cat\/wp-content\/uploads\/2024\/05\/visd_0000JPG02Z06.jpg 500w, https:\/\/conversesacatalunya.cat\/wp-content\/uploads\/2024\/05\/visd_0000JPG02Z06-205x300.jpg 205w\" data-sizes=\"(max-width: 500px) 100vw, 500px\" src=\"data:image\/svg+xml;base64,PHN2ZyB3aWR0aD0iMSIgaGVpZ2h0PSIxIiB4bWxucz0iaHR0cDovL3d3dy53My5vcmcvMjAwMC9zdmciPjwvc3ZnPg==\" style=\"--smush-placeholder-width: 500px; --smush-placeholder-aspect-ratio: 500\/733;\" \/><\/a><\/div><h2 class=\"w-post-elm post_title usg_post_title_1 entry-title color_link_inherit\"><a href=\"https:\/\/conversesacatalunya.cat\/es\/el-fin-de-una-era-ucrania-la-guerra-que-lo-acelera-todo\/\">\u00abEl fin de una era. Ucrania. La guerra que lo acelera todo\u00bb<\/a><\/h2><time class=\"w-post-elm post_date usg_post_date_1 has_text_color entry-date published\" datetime=\"2024-05-08T09:00:02+02:00\">8 mayo, 2024<\/time><div class=\"w-post-elm post_author usg_post_author_1 vcard author color_link_inherit\"><div class=\"post-author-meta\"><a href=\"https:\/\/conversesacatalunya.cat\/es\/author\/victor_pou\/\" class=\"post-author-name fn\">Victor Pou<\/a><\/div><\/div>\t\t<\/div>\r\n\t\t\t<\/article>\r\n\t<article class=\"w-grid-item size_1x1 post-77521 post type-post status-publish format-standard has-post-thumbnail hentry category-pro-europa-es category-punts-claus-del-dia-es tag-autonomia-estrategica tag-emmanuel-macron-es tag-franca-es tag-macron-es\" data-id=\"77521\">\r\n\t\t<div class=\"w-grid-item-h\">\r\n\t\t\t\t\t\t<div class=\"w-post-elm post_image usg_post_image_1 actualitat_img stretched\"><a href=\"https:\/\/conversesacatalunya.cat\/es\/macron-futuro-de-europa-2017-y-2024\/\" aria-label=\"Discursos de Macron sobre el futuro de Europa: septiembre 2017 y abril 2024\"><img decoding=\"async\" width=\"745\" height=\"497\" data-src=\"https:\/\/conversesacatalunya.cat\/wp-content\/uploads\/2024\/05\/Sorbona.jpg\" class=\"attachment-large size-large wp-post-image lazyload\" alt=\"Macron Europa\" data-srcset=\"https:\/\/conversesacatalunya.cat\/wp-content\/uploads\/2024\/05\/Sorbona.jpg 745w, https:\/\/conversesacatalunya.cat\/wp-content\/uploads\/2024\/05\/Sorbona-300x200.jpg 300w\" data-sizes=\"(max-width: 745px) 100vw, 745px\" src=\"data:image\/svg+xml;base64,PHN2ZyB3aWR0aD0iMSIgaGVpZ2h0PSIxIiB4bWxucz0iaHR0cDovL3d3dy53My5vcmcvMjAwMC9zdmciPjwvc3ZnPg==\" style=\"--smush-placeholder-width: 745px; --smush-placeholder-aspect-ratio: 745\/497;\" \/><\/a><\/div><h2 class=\"w-post-elm post_title usg_post_title_1 entry-title color_link_inherit\"><a href=\"https:\/\/conversesacatalunya.cat\/es\/macron-futuro-de-europa-2017-y-2024\/\">Discursos de Macron sobre el futuro de Europa: septiembre 2017 y abril 2024<\/a><\/h2><time class=\"w-post-elm post_date usg_post_date_1 has_text_color entry-date published\" datetime=\"2024-05-02T09:00:52+02:00\">2 mayo, 2024<\/time><div class=\"w-post-elm post_author usg_post_author_1 vcard author color_link_inherit\"><div class=\"post-author-meta\"><a href=\"https:\/\/conversesacatalunya.cat\/es\/author\/victor_pou\/\" class=\"post-author-name fn\">Victor Pou<\/a><\/div><\/div>\t\t<\/div>\r\n\t\t\t<\/article>\r\n<\/div><div class=\"w-grid-preloader\">\t<div class=\"g-preloader type_1\">\r\n\t\t<div><\/div>\r\n\t<\/div>\r\n\t<\/div>\t\t\t<nav class=\"pagination navigation\" role=\"navigation\">\r\n\t\t\t\t<div class=\"nav-links\">\r\n\t\t\t\t\t<span aria-current=\"page\" class=\"page-numbers current\"><span>1<\/span><\/span>\n<a class=\"page-numbers\" href=\"https:\/\/conversesacatalunya.cat\/es\/wp-json\/wp\/v2\/pages\/27963\/page\/2\/\"><span>2<\/span><\/a>\n<a class=\"page-numbers\" href=\"https:\/\/conversesacatalunya.cat\/es\/wp-json\/wp\/v2\/pages\/27963\/page\/3\/\"><span>3<\/span><\/a>\n<a class=\"page-numbers\" href=\"https:\/\/conversesacatalunya.cat\/es\/wp-json\/wp\/v2\/pages\/27963\/page\/4\/\"><span>4<\/span><\/a>\n<span class=\"page-numbers dots\">&hellip;<\/span>\n<a class=\"page-numbers\" href=\"https:\/\/conversesacatalunya.cat\/es\/wp-json\/wp\/v2\/pages\/27963\/page\/9\/\"><span>9<\/span><\/a>\n<a class=\"next page-numbers\" href=\"https:\/\/conversesacatalunya.cat\/es\/wp-json\/wp\/v2\/pages\/27963\/page\/2\/\"><span>Siguiente<\/span><\/a>\t\t\t\t<\/div>\r\n\t\t\t<\/nav>\r\n\t\t\t\t<div class=\"w-grid-json hidden\" onclick='return {&quot;action&quot;:&quot;us_ajax_grid&quot;,&quot;infinite_scroll&quot;:0,&quot;max_num_pages&quot;:9,&quot;pagination&quot;:&quot;regular&quot;,&quot;template_vars&quot;:{&quot;columns&quot;:&quot;3&quot;,&quot;exclude_items&quot;:&quot;none&quot;,&quot;img_size&quot;:&quot;default&quot;,&quot;ignore_items_size&quot;:0,&quot;items_layout&quot;:&quot;28091&quot;,&quot;items_offset&quot;:&quot;1&quot;,&quot;load_animation&quot;:&quot;none&quot;,&quot;overriding_link&quot;:&quot;{\\&quot;url\\&quot;:\\&quot;\\&quot;}&quot;,&quot;post_id&quot;:0,&quot;query_args&quot;:{&quot;post_type&quot;:[&quot;post&quot;],&quot;tax_query&quot;:[{&quot;taxonomy&quot;:&quot;category&quot;,&quot;field&quot;:&quot;slug&quot;,&quot;terms&quot;:[&quot;pro-europa-es&quot;]}],&quot;post_status&quot;:[&quot;publish&quot;],&quot;posts_per_page&quot;:&quot;30&quot;},&quot;orderby_query_args&quot;:{&quot;orderby&quot;:{&quot;date&quot;:&quot;DESC&quot;}},&quot;type&quot;:&quot;grid&quot;,&quot;us_grid_post_type&quot;:&quot;post&quot;,&quot;us_grid_ajax_index&quot;:1,&quot;us_grid_filter_query_string&quot;:null,&quot;us_grid_index&quot;:1,&quot;page_args&quot;:[],&quot;lang&quot;:&quot;es&quot;}}'><\/div>\r\n\t<\/div><\/div><\/div><\/div><div class=\"vc_col-sm-4 wpb_column vc_column_container\"><div class=\"vc_column-inner\"><div class=\"wpb_wrapper\"><div class=\"wpb_widgetised_column wpb_content_element\"><div class=\"wpb_wrapper\"><div id=\"block-6\" class=\"widget widget_block\"><div class=\"a-single a-12\"><!-- Banner est\u00e1ndar -->\r\n<!-- Banner est\u00e1ndar -->\r\n<a class=\"gofollow\" data-track=\"MTIsMCw2MA==\" href=\"https:\/\/www.aiguesdebarcelona.cat\/es\/\" rel=\"nofollow\" target=\"_blank\"><img decoding=\"async\" data-src=\"https:\/\/conversesacatalunya.cat\/wp-content\/uploads\/2023\/06\/Banner_QdA_300x250_ES.jpg\" src=\"data:image\/svg+xml;base64,PHN2ZyB3aWR0aD0iMSIgaGVpZ2h0PSIxIiB4bWxucz0iaHR0cDovL3d3dy53My5vcmcvMjAwMC9zdmciPjwvc3ZnPg==\" class=\"lazyload\" style=\"--smush-placeholder-width: 300px; --smush-placeholder-aspect-ratio: 300\/250;\"><\/a><\/div>\n<\/div><div id=\"block-5\" class=\"widget widget_block\"><p><!-- Error, \u00a1el anuncio no est\u00e1 disponible en este momento debido a restricciones de programaci\u00f3n\/geolocalizaci\u00f3n! --><\/p>\n<\/div><div id=\"block-7\" class=\"widget widget_block\"><p><!-- Error, \u00a1el anuncio no est\u00e1 disponible en este momento debido a restricciones de programaci\u00f3n\/geolocalizaci\u00f3n! --><\/p>\n<\/div><div id=\"text-19\" class=\"widget widget_text\">\t\t\t<div class=\"textwidget\"><div class=\"desc-autor\"><img decoding=\"async\" data-src=\"https:\/\/conversesacatalunya.cat\/wp-content\/uploads\/2019\/05\/fotovictor2010.jpg\" src=\"data:image\/svg+xml;base64,PHN2ZyB3aWR0aD0iMSIgaGVpZ2h0PSIxIiB4bWxucz0iaHR0cDovL3d3dy53My5vcmcvMjAwMC9zdmciPjwvc3ZnPg==\" class=\"lazyload\" style=\"--smush-placeholder-width: 2136px; --smush-placeholder-aspect-ratio: 2136\/3216;\" \/><b>V\u00edctor Pou<\/b> es doctor en derecho y licenciado en ciencias econ\u00f3micas por la Universitat de Barcelona, MBA por la IESE Business School de la Universidad de Navarra y Graduado en Integraci\u00f3n Europea por la Universidad de \u00c1msterdam. Es profesor del IESE Business School y de la Universidad Internacional de Catalu\u00f1a (UIC). Es Socio de la consultor\u00eda TAS Europrojects (Bruselas). Ha sido Ninguno de Unidad y Consejero de Relaciones Exteriores a la Comisi\u00f3n Europea (Bruselas). Ha sido Director del Patronato Catal\u00e1n pro Europa y Director General de Adecuaci\u00f3n a las Comunidades Europeas de la Generalitat de Catalu\u00f1a.<\/div><\/div>\n\t\t<\/div><div id=\"text-31\" class=\"widget widget_text\">\t\t\t<div class=\"textwidget\"><div class=\"desc-autor\"><img decoding=\"async\" data-src=\"https:\/\/conversesacatalunya.cat\/wp-content\/uploads\/2019\/02\/Captura-de-pantalla-2019-02-18-a-las-15.39.34.png\" src=\"data:image\/svg+xml;base64,PHN2ZyB3aWR0aD0iMSIgaGVpZ2h0PSIxIiB4bWxucz0iaHR0cDovL3d3dy53My5vcmcvMjAwMC9zdmciPjwvc3ZnPg==\" class=\"lazyload\" style=\"--smush-placeholder-width: 685px; --smush-placeholder-aspect-ratio: 685\/575;\" \/><strong>Marc Mir\u00f3<\/strong> : (Barcelona 1994) soy economista por la Universitat Pompeu Fabra y m\u00e1ster en Econom\u00eda de las Pol\u00edticas P\u00fablicas. He estado representando de los estudiantes en varios \u00f3rganos de la universidad y zoco ninguna escucha. \u201cEl fin de tener la mente abierta, como el de la boca abierta, es llenarla con algo valiosa\u201d (G.K. Chesterton).<\/div><\/div>\n\t\t<\/div><div id=\"text-32\" class=\"widget widget_text\">\t\t\t<div class=\"textwidget\"><div class=\"desc-autor\"><img decoding=\"async\" data-src=\"https:\/\/conversesacatalunya.cat\/wp-content\/uploads\/2019\/02\/taG6Sd2i-2.jpg\" src=\"data:image\/svg+xml;base64,PHN2ZyB3aWR0aD0iMSIgaGVpZ2h0PSIxIiB4bWxucz0iaHR0cDovL3d3dy53My5vcmcvMjAwMC9zdmciPjwvc3ZnPg==\" class=\"lazyload\" style=\"--smush-placeholder-width: 512px; --smush-placeholder-aspect-ratio: 512\/512;\" \/><strong>Josep Mir\u00f3 y Ard\u00e8vol<\/strong>: Lo m\u00e1s importante que he hecho en mi vida es casarme con Muntsa, tener hijos, Marc y Josep y, pero eso ya es una feliz derivada, una nieta, Anna. Lo m\u00e1s grande que me ha sucedido es haber dispuesto del don de la fe. A partir de ah\u00ed, todo lo dem\u00e1s son consecuencias o complementos.<\/div><\/div>\n\t\t<\/div><div id=\"text-33\" class=\"widget widget_text\">\t\t\t<div class=\"textwidget\"><div class=\"desc-autor\"><img decoding=\"async\" data-src=\"https:\/\/conversesacatalunya.cat\/wp-content\/uploads\/2019\/02\/Fra-Valenti-Serra.jpg\" src=\"data:image\/svg+xml;base64,PHN2ZyB3aWR0aD0iMSIgaGVpZ2h0PSIxIiB4bWxucz0iaHR0cDovL3d3dy53My5vcmcvMjAwMC9zdmciPjwvc3ZnPg==\" class=\"lazyload\" style=\"--smush-placeholder-width: 300px; --smush-placeholder-aspect-ratio: 300\/300;\" \/><strong>Fray Valent\u00ed Serra de Manresa<\/strong> (Manresa, Barcelona, 1959) es un religioso capuchino y sacerdote que profesa la Regla de Sant Francesc. Se doctor\u00f3 en Historia en la Universitat de Barcelona el 1995. Desde el a\u00f1o 1987 es el archivero provincial de los capuchinos y director de la Biblioteca Hispano-Capuchina. Colaborador cient\u00edfico de la Facultad de Teolog\u00eda de Catalu\u00f1a, forma parte, a su vez, del Claustro de Doctores de la Universitat de Barcelona. Destaca por su producci\u00f3n acad\u00e9mica, pero la mayor notoriedad lo ha logrado por sus conocimientos y divulgaci\u00f3n de las hierbas medicinales y la tradicional sabidur\u00eda de los monasterios en relaci\u00f3n a la alimentaci\u00f3n saludable. Actualmente reside en el convento de los Capuchinos de Sarri\u00e1 (Barcelona).<\/div><\/div>\n\t\t<\/div><div id=\"text-34\" class=\"widget widget_text\">\t\t\t<div class=\"textwidget\"><div class=\"desc-autor\"><img decoding=\"async\" data-src=\"https:\/\/conversesacatalunya.cat\/wp-content\/uploads\/2019\/02\/Carlos-Losada-img.jpg\" src=\"data:image\/svg+xml;base64,PHN2ZyB3aWR0aD0iMSIgaGVpZ2h0PSIxIiB4bWxucz0iaHR0cDovL3d3dy53My5vcmcvMjAwMC9zdmciPjwvc3ZnPg==\" class=\"lazyload\" style=\"--smush-placeholder-width: 250px; --smush-placeholder-aspect-ratio: 250\/250;\" \/><strong>Carlos Losada<\/strong> Doctor en Ciencias de la Gesti\u00f3n (PhD in Management Sciences) por la Universitat Ramon Llull. Licenciado en Direcci\u00f3n y Administraci\u00f3n de Empresas y M\u00e1ster en Administraci\u00f3n y Direcci\u00f3n de Empresas por ESADE. Licenciado en Derecho por la Universitat de Barcelona. Diplomado por la JFK School of Government (Harvard University) .\r\nInici\u00f3 su carrera en el sector privado. Ha ejercido varios lugares de direcci\u00f3n, tanto t\u00e9cnica como pol\u00edtica , a la Generalitat de Catalu\u00f1a . Ha trabajado en varias instituciones multilaterales. En 2000, se reincorpora a ESADE como director general , cargo que ejerce hasta el a\u00f1o 2010. Durante este periodo, es miembro de varios consejos de administraci\u00f3n y \u00f3rganos de gobierno.\r\nActualmente, compagina su actividad acad\u00e9mica con la pertenencia a varios \u00f3rganos de gobierno. Es Miembro del grupo de reflexi\u00f3n Construimos.<\/div><\/div>\n\t\t<\/div><div id=\"text-41\" class=\"widget widget_text\">\t\t\t<div class=\"textwidget\"><div class=\"desc-autor\"><img decoding=\"async\" data-src=\"https:\/\/conversesacatalunya.cat\/wp-content\/uploads\/2020\/05\/MARGENAT-02.jpg\" src=\"data:image\/svg+xml;base64,PHN2ZyB3aWR0aD0iMSIgaGVpZ2h0PSIxIiB4bWxucz0iaHR0cDovL3d3dy53My5vcmcvMjAwMC9zdmciPjwvc3ZnPg==\" class=\"lazyload\" style=\"--smush-placeholder-width: 2032px; --smush-placeholder-aspect-ratio: 2032\/1354;\" \/><strong>Josep M. Margenat<\/strong> Jesuita, trabaja en Cristianismo y Justicia (Barcelona) y en el Centro Internacional de Espiritualidad de Manresa. Profesor titular de Filosof\u00eda social en la Universidad Loyola Andaluc\u00eda.<\/div><\/div>\n\t\t<\/div><div id=\"text-35\" class=\"widget widget_text\">\t\t\t<div class=\"textwidget\"><div class=\"desc-autor\"><img decoding=\"async\" data-src=\"https:\/\/conversesacatalunya.cat\/wp-content\/uploads\/2019\/02\/Antoni-Duran.jpg\" src=\"data:image\/svg+xml;base64,PHN2ZyB3aWR0aD0iMSIgaGVpZ2h0PSIxIiB4bWxucz0iaHR0cDovL3d3dy53My5vcmcvMjAwMC9zdmciPjwvc3ZnPg==\" class=\"lazyload\" style=\"--smush-placeholder-width: 250px; --smush-placeholder-aspect-ratio: 250\/250;\" \/><strong>Antoni Dur\u00e1n-Sindreu<\/strong> Es profesor de la UPF y socio-director de Dur\u00e1n-Sindreu, Abogados y Consultores de Empresa.<\/div><\/div>\n\t\t<\/div><div id=\"text-36\" class=\"widget widget_text\">\t\t\t<div class=\"textwidget\"><div class=\"desc-autor\"><img decoding=\"async\" data-src=\"https:\/\/conversesacatalunya.cat\/wp-content\/uploads\/2019\/02\/Josep-Manuel-Silva.jpg\" src=\"data:image\/svg+xml;base64,PHN2ZyB3aWR0aD0iMSIgaGVpZ2h0PSIxIiB4bWxucz0iaHR0cDovL3d3dy53My5vcmcvMjAwMC9zdmciPjwvc3ZnPg==\" class=\"lazyload\" style=\"--smush-placeholder-width: 226px; --smush-placeholder-aspect-ratio: 226\/226;\" \/><strong>Josep Manuel Silva<\/strong> (Barcelona, 1961) es abogado y periodista y profesor asociado del Departamento de Periodismo de la Facultad de Ciencias de Comunicaci\u00f3n de la Universitat Aut\u00f2noma de Barcelona. Colabora con varios medios de comunicaci\u00f3n y form\u00f3 parte del Consejo de Administraci\u00f3n de RTVE. Actualmente es miembro del Consejo de Administraci\u00f3n de Cugat.cat. y vocal de la Plataforma Construim.<\/div><\/div>\n\t\t<\/div><div id=\"text-37\" class=\"widget widget_text\">\t\t\t<div class=\"textwidget\"><div class=\"desc-autor\"><img decoding=\"async\" data-src=\"https:\/\/conversesacatalunya.cat\/wp-content\/uploads\/2019\/02\/simo-aliana.jpg\" src=\"data:image\/svg+xml;base64,PHN2ZyB3aWR0aD0iMSIgaGVpZ2h0PSIxIiB4bWxucz0iaHR0cDovL3d3dy53My5vcmcvMjAwMC9zdmciPjwvc3ZnPg==\" class=\"lazyload\" style=\"--smush-placeholder-width: 256px; --smush-placeholder-aspect-ratio: 256\/256;\" \/><strong>Sim\u00f3 Aliana<\/strong> (Almenar -Lleida-, 1947). Graduado por UB en Pedagog\u00eda, UAB en Econom\u00eda y MIT en Management. Ha trabajado en diferentes lugares de responsabilidad en el sector p\u00fablico y en el sector privado. Actualmente jubilado.<\/div><\/div>\n\t\t<\/div><div id=\"text-38\" class=\"widget widget_text\">\t\t\t<div class=\"textwidget\"><div class=\"desc-autor\"><img decoding=\"async\" data-src=\"https:\/\/conversesacatalunya.cat\/wp-content\/uploads\/2019\/02\/treva-i-pau.png\" src=\"data:image\/svg+xml;base64,PHN2ZyB3aWR0aD0iMSIgaGVpZ2h0PSIxIiB4bWxucz0iaHR0cDovL3d3dy53My5vcmcvMjAwMC9zdmciPjwvc3ZnPg==\" class=\"lazyload\" style=\"--smush-placeholder-width: 220px; --smush-placeholder-aspect-ratio: 220\/220;\" \/><strong>Col\u00b7lectiu Treva i Pau<\/strong> Grupo de personas que reflexiona sobre la situaci\u00f3n social, pol\u00edtica y econ\u00f3mica: Jordi Alberich, Josep M. Bricall, Eugeni Gay, Jaume Lanaspa, Carlos Losada, J.J. L\u00f3pez Burniol, Josep Mir\u00f3 y Ard\u00e8vol, Alfredo Pastor<\/div><\/div>\n\t\t<\/div><div id=\"text-39\" class=\"widget widget_text\">\t\t\t<div class=\"textwidget\"><div class=\"desc-autor\"><img decoding=\"async\" data-src=\"https:\/\/conversesacatalunya.cat\/wp-content\/uploads\/2019\/02\/p_092.jpg\" src=\"data:image\/svg+xml;base64,PHN2ZyB3aWR0aD0iMSIgaGVpZ2h0PSIxIiB4bWxucz0iaHR0cDovL3d3dy53My5vcmcvMjAwMC9zdmciPjwvc3ZnPg==\" class=\"lazyload\" style=\"--smush-placeholder-width: 364px; --smush-placeholder-aspect-ratio: 364\/364;\" \/><strong>Alfredo Pastor<\/strong> Se licenci\u00f3 en Econom\u00eda en la Universitat de Barcelona el 1968 y se doctor\u00f3 en Econom\u00eda en el Massachusetts Institute of Technology el 1972, y el a\u00f1o siguiente en Ciencias Econ\u00f3micas en la Universitat Aut\u00f2noma de Barcelona. Ha estado director del Instituto de la Empresa Familiar, consejero del Banco de Espa\u00f1a y economista para el Banco Mundial. De 1985 a 1990 fue presidente y consejero delegado de la Empresa Nacional Hidroel\u00e9ctrica del Ribagorzana (ENHER). De 1993 a 1995 fue secretario de Estado de Econom\u00eda del Ministerio de Econom\u00eda y Hacienda. En la actualidad es profesor de Econom\u00eda y Titular de la C\u00e1tedra Banco Sabadell de Mercados Emergentes al IESE Business School de la Universidad de Navarra. Es consejero de varias empresas y organismos. El 2004 recibi\u00f3 la gran cruz de la espa\u00f1ola de la Orden del M\u00e9rito Civil. El 2011 fue galardonado con el premio Conde de God\u00f3 de Periodismo.<\/div><\/div>\n\t\t<\/div><div id=\"text-40\" class=\"widget widget_text\">\t\t\t<div class=\"textwidget\"><div class=\"desc-autor\"><img decoding=\"async\" data-src=\"https:\/\/conversesacatalunya.cat\/wp-content\/uploads\/2019\/02\/FOTO-4.jpg\" src=\"data:image\/svg+xml;base64,PHN2ZyB3aWR0aD0iMSIgaGVpZ2h0PSIxIiB4bWxucz0iaHR0cDovL3d3dy53My5vcmcvMjAwMC9zdmciPjwvc3ZnPg==\" class=\"lazyload\" style=\"--smush-placeholder-width: 473px; --smush-placeholder-aspect-ratio: 473\/575;\" \/><strong>Carles Ros y Arpa<\/strong> (Cor\u00e7\u00e0,1966). Casado y padre de dos hijos y dos hijas. Licenciado en Derecho (UB), licenciado en Ciencias Religiosas (ISCREB) y M\u00e1ster en Gesti\u00f3n Urban\u00edstica por la SE de Arquitectura (UPC). Secretario de Administraci\u00f3n Local y abogado.<\/div><\/div>\n\t\t<\/div><div id=\"custom_html-2\" class=\"widget_text widget widget_custom_html\"><div class=\"textwidget custom-html-widget\"><!--<div class=\"fb-page\" data-href=\"https:\/\/www.facebook.com\/conversesacatalunya\/\" data-tabs=\"timeline\" data-width=\"300\" data-height=\"500\" data-small-header=\"false\" data-adapt-container-width=\"true\" data-hide-cover=\"false\" data-show-facepile=\"true\"><blockquote cite=\"https:\/\/www.facebook.com\/conversesacatalunya\/\" class=\"fb-xfbml-parse-ignore\"><a href=\"https:\/\/www.facebook.com\/conversesacatalunya\/\">Converses a Catalunya<\/a><\/blockquote><\/div>--><\/div><\/div><div id=\"custom_html-3\" class=\"widget_text widget widget_custom_html\"><div class=\"textwidget custom-html-widget\"><!--<a class=\"twitter-timeline\" data-lang=\"es\" data-width=\"300\" data-height=\"500\" href=\"https:\/\/twitter.com\/conversesacat?ref_src=twsrc%5Etfw\">Tweets by conversesacat<\/a> <script async src=\"https:\/\/platform.twitter.com\/widgets.js\" charset=\"utf-8\"><\/script>--><\/div><\/div><div id=\"custom_html-4\" class=\"widget_text widget widget_custom_html\"><div class=\"textwidget custom-html-widget\"><div class=\"caja_azul\" style=\"margin: 0px !important; text-align: center; padding: 20px !important;\">\r\n\t<h3 style=\"font-weight: bold;\">\u00a1Subscriu-te!<\/h3>\r\n\n<div class=\"wpcf7 no-js\" id=\"wpcf7-f8016-o1\" lang=\"es-ES\" dir=\"ltr\" data-wpcf7-id=\"8016\">\n<div class=\"screen-reader-response\"><p role=\"status\" aria-live=\"polite\" aria-atomic=\"true\"><\/p> <ul><\/ul><\/div>\n<form action=\"\/es\/wp-json\/wp\/v2\/pages\/27963#wpcf7-f8016-o1\" method=\"post\" class=\"wpcf7-form init demo c4250577650b cmatic-conn cmatic-aud-8 cmatic-mapd0-0 cmatic-v0978 cmatic-sent-0 cmatic-total-0 wpcf7-acceptance-as-validation\" aria-label=\"Formulario de contacto\" novalidate=\"novalidate\" data-status=\"init\">\n<fieldset class=\"hidden-fields-container\"><input type=\"hidden\" name=\"_wpcf7\" value=\"8016\" \/><input type=\"hidden\" name=\"_wpcf7_version\" value=\"6.1.5\" \/><input type=\"hidden\" name=\"_wpcf7_locale\" value=\"es_ES\" \/><input type=\"hidden\" name=\"_wpcf7_unit_tag\" value=\"wpcf7-f8016-o1\" \/><input type=\"hidden\" name=\"_wpcf7_container_post\" value=\"0\" \/><input type=\"hidden\" name=\"_wpcf7_posted_data_hash\" value=\"\" \/><input type=\"hidden\" name=\"_wpcf7_recaptcha_response\" value=\"\" \/>\n<\/fieldset>\n<p><span class=\"wpcf7-form-control-wrap\" data-name=\"nom\"><input size=\"40\" maxlength=\"400\" class=\"wpcf7-form-control wpcf7-text wpcf7-validates-as-required\" aria-required=\"true\" aria-invalid=\"false\" placeholder=\"Nom\" value=\"\" type=\"text\" name=\"nom\" \/><\/span>\n<\/p>\n<p><span class=\"wpcf7-form-control-wrap\" data-name=\"cognom\"><input size=\"40\" maxlength=\"400\" class=\"wpcf7-form-control wpcf7-text wpcf7-validates-as-required\" aria-required=\"true\" aria-invalid=\"false\" placeholder=\"Cognom\" value=\"\" type=\"text\" name=\"cognom\" \/><\/span>\n<\/p>\n<p><span class=\"wpcf7-form-control-wrap\" data-name=\"email\"><input size=\"40\" maxlength=\"400\" class=\"wpcf7-form-control wpcf7-email wpcf7-validates-as-required wpcf7-text wpcf7-validates-as-email\" aria-required=\"true\" aria-invalid=\"false\" placeholder=\"Correu electr\u00f2nic\" value=\"\" type=\"email\" name=\"email\" \/><\/span>\n<\/p>\n<p><span class=\"wpcf7-form-control-wrap\" data-name=\"rgpd-acepto\"><span class=\"wpcf7-form-control wpcf7-acceptance\"><span class=\"wpcf7-list-item\"><label><input type=\"checkbox\" name=\"rgpd-acepto\" value=\"1\" aria-invalid=\"false\" \/><span class=\"wpcf7-list-item-label\">Accepto la <a href=\"\/politica-de-privacitat\" target=\"_blank\" rel=\"nofollow\">pol\u00edtica de privacitat<\/a><\/span><\/label><\/span><\/span><\/span>\n<\/p>\n<p><input class=\"wpcf7-form-control wpcf7-submit has-spinner\" type=\"submit\" value=\"Subscriu-m&#039;hi\" \/>\n<\/p><p style=\"display: none !important;\" class=\"akismet-fields-container\" data-prefix=\"_wpcf7_ak_\"><label>&#916;<textarea name=\"_wpcf7_ak_hp_textarea\" cols=\"45\" rows=\"8\" maxlength=\"100\"><\/textarea><\/label><input type=\"hidden\" id=\"ak_js_1\" name=\"_wpcf7_ak_js\" value=\"224\"\/><script>document.getElementById( \"ak_js_1\" ).setAttribute( \"value\", ( new Date() ).getTime() );<\/script><\/p><input type='hidden' class='wpcf7-pum' value='{\"closepopup\":false,\"closedelay\":0,\"openpopup\":false,\"openpopup_id\":0}' \/><div class=\"wpcf7-response-output\" aria-hidden=\"true\"><\/div>\n<\/form>\n<\/div>\n\r\n<\/div><\/div><\/div><\/div><\/div><\/div><\/div><\/div><\/div><\/div><\/div><\/div><\/div><\/div><\/section>\n","protected":false},"excerpt":{"rendered":"El primer discurso sobre el futuro de Europa de 2017 El primer gran discurso de Macron sobre el futuro de Europa fue largo (95 minutos), grandilocuente y pronunciado de forma solemne en el marco majestuoso del auditorio de la Universidad de la Sorbona de Par\u00eds, con un t\u00edtulo tan ambicioso como \u00e9ste: \u201cIniciativa por Europa. Discurso por una Europa soberana, unida y democr\u00e1tica\u201c. Fue un discurso cargado de grandes prop\u00f3sitos, imitador de cierto estilo presidencial estadounidense. Const\u00f3 de tres comentarios introductorios y de un cat\u00e1logo de cinco propuestas. Los tres comentarios introductorios fueron: 1) El recientemente elegido presidente de la Rep\u00fablica Francesa (mayo de 2017) se presentaba como el \u00fanico l\u00edder europeo que todav\u00eda segu\u00eda defendiendo la necesidad de un gran salto adelante en el proceso de integraci\u00f3n hacia \"m\u00e1s Europa\". 2) Su larga lista de propuestas requer\u00eda diez a\u00f1os o m\u00e1s para ser realizada, y lo ser\u00eda despu\u00e9s de haber sido debatida en una serie de \"convenciones nacionales\" que se celebrar\u00edan en todos y cada uno de los estados miembros de la UE antes de las elecciones europeas de 2019. 3) Llamamiento a Alemania para formar una \"asociaci\u00f3n\" y una pareja que liderara \"la refundaci\u00f3n\" que la UE necesitaba. Las cinco propuestas fueron las siguientes: 1) Defensa com\u00fan europea para llegar a ser un verdadero actor global. 2) Asociaci\u00f3n con Alemania y reducci\u00f3n del n\u00famero de comisarios europeos de 28 a 15. 3) Larga relaci\u00f3n de propuestas concretas: listas transnacionales para las elecciones europeas, grabar a las empresas que se instalen fuera de Europa, crear un presupuesto com\u00fan y un responsable para la zona euro, definir una nueva \"convergencia social\", crear un nuevo impuesto europeo para las transacciones financieras, establecer un precio \u00fanico para el carb\u00f3n, crear una fuerza militar com\u00fan de intervenci\u00f3n, implantar una fiscal\u00eda europea de peticiones siguiendo el modelo alem\u00e1n, crear una red de universidades europeas\". 4) Avanzar hacia \"una Europa de dos velocidades\". 5) Europa debe \"proteger\" a sus ciudadanos y debe conseguir una nueva \"simplificaci\u00f3n y acercamiento a los ciudadanos\". Macron propuso concluir el proceso de \u201crefundaci\u00f3n\u201d en 2024 (a\u00f1o de las Olimpiadas de Par\u00eds). Las Olimpiadas de Par\u00eds est\u00e1n muy cerca y el proceso de \u201crefundaci\u00f3n\u201d de la UE no ha visto la luz y muchas de las propuestas anteriores no se han llevado a la pr\u00e1ctica. De Angela Merkel, entonces cancillera de Alemania y pol\u00edtica clave de la UE, lo m\u00ednimo que puede decirse es que no hizo mucho caso del discurso de Macron. Pensaba que se trataba esencialmente, una vez m\u00e1s, de \"grandes palabras\" por parte del \"flamante, nuevo, joven y brillante\" presidente de la Rep\u00fablica Francesa. Lo que entonces Merkel probablemente valoraba m\u00e1s de Macron es que hubiera sido capaz de derrotar a la populista de extrema derecha Marine le Pen en las elecciones generales francesas del mes de mayo de 2017 y que su primer viaje al extranjero lo hubiera hecho en Berl\u00edn, pocos d\u00edas despu\u00e9s de su gran victoria electoral. El segundo gran discurso sobre el futuro de Europa de 2024 El segundo gran discurso de Macron sobre el futuro de Europa de este mes de abril todav\u00eda ha durado m\u00e1s que el primero: 100 minutos. Se ha producido en el marco de las \u00a0 mismas dotes comunicativas y habilidad ret\u00f3rica del presidente franc\u00e9s. Con su nuevo gran discurso, lo que realmente ha hecho Macron es abrir la campa\u00f1a para las elecciones europeas de junio de 2024. Y lo ha hecho con un aviso dram\u00e1tico, parafraseando al poeta Paul Val\u00e9ry: \u201cNuestra Europa de hoy es mortal. Puede morir. Y depende de nuestras decisiones\u201c. Macron ha declarado, pues, solemnemente que \"la UE es mortal\" y esto se debe a los \"peligros mortales que la rodean, que van desde una econom\u00eda declinando, a una fuerte subida del iliberalismo en nuestra casa\". A principios de la d\u00e9cada en curso ya hab\u00eda avisado de que la OTAN se encontraba en estado de \"muerte cerebral\". \"La guerra de Ucrania le ha hecho reaccionar de forma contundente, como todo el mundo sabe\". Macron parec\u00eda reclamar una convulsi\u00f3n equivalente a la UE. El discurso de Macron ha sido crudo, apocal\u00edptico y pesimista sobre el futuro de Europa, si no se act\u00faa bien y con rapidez. Ha llamado a \"construir una defensa cre\u00edble en el continente europeo, a trav\u00e9s de la creaci\u00f3n de una autonom\u00eda estrat\u00e9gica\". \"La UE debe ser, por encima de todas las cosas, soberana\". Tambi\u00e9n ha pedido \"cambiar de modelo econ\u00f3mico\" para evitar quedarse atrasados \u200b\u200b\"en la carrera global con las grandes potencias, como Estados Unidos y China; durante la pr\u00f3xima d\u00e9cada existe el riesgo real de ser relegados porque estamos ante un cambio acelerado\". \"Las reglas del juego han cambiado, la UE debe invertir fuerte en materia de inteligencia artificial (IA), computaci\u00f3n cu\u00e1ntica, espacio, biotecnolog\u00eda, poder nuclear y producci\u00f3n de hidr\u00f3geno. La UE necesita instrumentos de subsidios tan f\u00e1ciles de desplegar como los que contiene la Inflation Reduction Act de Estados Unidos, de car\u00e1cter proteccionista, contrario a la globalizaci\u00f3n, reindustrializador y protector frente a China\u201d. Pidi\u00f3, como tal\u00f3n de fondo, elaborar un relato com\u00fan para todos los europeos, una identidad propia, \"un modelo democr\u00e1tico, humanista y liberal, hoy cuestionado\". Con todas estas propuestas, Macron aspira a evitar que la UE acabe sucumbiendo ante la amenaza de Rusia o de la competici\u00f3n entre Estados Unidos y China. Macron cree que, para evitar que Europa quede relegada, debe proyectarse como una potencia, lo que exige un avance en la cooperaci\u00f3n militar y en las inversiones industriales, as\u00ed como la protecci\u00f3n de sus fronteras. \"Los acontecimientos de los \u00faltimos a\u00f1os como la pandemia y la guerra de Ucrania han cambiado las reglas del juego y urge una adaptaci\u00f3n. La UE ha sabido reaccionar bien ante las \u00faltimas crisis, con medidas como el endeudamiento conjunto para afrontar las consecuencias econ\u00f3micas de la pandemia o la compra de vacunas, pero es necesario hacer mucho m\u00e1s\". Ha vuelto a hablar con insistencia \"de autonom\u00eda estrat\u00e9gica\", subrayando que Europa no puede ser un \"vasallo\" de Estados Unidos, y...","protected":false},"author":1,"featured_media":0,"parent":0,"menu_order":0,"comment_status":"closed","ping_status":"closed","template":"","meta":{"_FSMCFIC_featured_image_caption":"","_FSMCFIC_featured_image_nocaption":"","_FSMCFIC_featured_image_hide":"","footnotes":""},"class_list":["post-27963","page","type-page","status-publish","hentry"],"yoast_head":"<!-- This site is optimized with the Yoast SEO plugin v26.8 - https:\/\/yoast.com\/product\/yoast-seo-wordpress\/ -->\n<title>Pro Europa - Converses a Catalunya<\/title>\n<meta name=\"robots\" content=\"noindex, nofollow\" \/>\n<meta property=\"og:locale\" content=\"es_ES\" \/>\n<meta property=\"og:type\" content=\"article\" \/>\n<meta property=\"og:title\" content=\"Pro Europa - Converses a Catalunya\" \/>\n<meta property=\"og:url\" content=\"https:\/\/conversesacatalunya.cat\/es\/pro-europa\/\" \/>\n<meta property=\"og:site_name\" content=\"Converses a Catalunya\" \/>\n<meta property=\"article:modified_time\" content=\"2021-01-15T22:58:46+00:00\" \/>\n<meta name=\"twitter:card\" content=\"summary_large_image\" \/>\n<script type=\"application\/ld+json\" class=\"yoast-schema-graph\">{\"@context\":\"https:\/\/schema.org\",\"@graph\":[{\"@type\":\"WebPage\",\"@id\":\"https:\/\/conversesacatalunya.cat\/es\/pro-europa\/\",\"url\":\"https:\/\/conversesacatalunya.cat\/es\/pro-europa\/\",\"name\":\"Pro Europa - Converses a Catalunya\",\"isPartOf\":{\"@id\":\"https:\/\/conversesacatalunya.cat\/#website\"},\"datePublished\":\"2019-05-11T15:40:34+00:00\",\"dateModified\":\"2021-01-15T22:58:46+00:00\",\"breadcrumb\":{\"@id\":\"https:\/\/conversesacatalunya.cat\/es\/pro-europa\/#breadcrumb\"},\"inLanguage\":\"es\",\"potentialAction\":[{\"@type\":\"ReadAction\",\"target\":[\"https:\/\/conversesacatalunya.cat\/es\/pro-europa\/\"]}]},{\"@type\":\"BreadcrumbList\",\"@id\":\"https:\/\/conversesacatalunya.cat\/es\/pro-europa\/#breadcrumb\",\"itemListElement\":[{\"@type\":\"ListItem\",\"position\":1,\"name\":\"Inici\",\"item\":\"https:\/\/conversesacatalunya.cat\/es\/\"},{\"@type\":\"ListItem\",\"position\":2,\"name\":\"Pro Europa\"}]},{\"@type\":\"WebSite\",\"@id\":\"https:\/\/conversesacatalunya.cat\/#website\",\"url\":\"https:\/\/conversesacatalunya.cat\/\",\"name\":\"Converses a Catalunya\",\"description\":\"\",\"potentialAction\":[{\"@type\":\"SearchAction\",\"target\":{\"@type\":\"EntryPoint\",\"urlTemplate\":\"https:\/\/conversesacatalunya.cat\/?s={search_term_string}\"},\"query-input\":{\"@type\":\"PropertyValueSpecification\",\"valueRequired\":true,\"valueName\":\"search_term_string\"}}],\"inLanguage\":\"es\"}]}<\/script>\n<!-- \/ Yoast SEO plugin. -->","yoast_head_json":{"title":"Pro Europa - Converses a Catalunya","robots":{"index":"noindex","follow":"nofollow"},"og_locale":"es_ES","og_type":"article","og_title":"Pro Europa - Converses a Catalunya","og_url":"https:\/\/conversesacatalunya.cat\/es\/pro-europa\/","og_site_name":"Converses a Catalunya","article_modified_time":"2021-01-15T22:58:46+00:00","twitter_card":"summary_large_image","schema":{"@context":"https:\/\/schema.org","@graph":[{"@type":"WebPage","@id":"https:\/\/conversesacatalunya.cat\/es\/pro-europa\/","url":"https:\/\/conversesacatalunya.cat\/es\/pro-europa\/","name":"Pro Europa - Converses a Catalunya","isPartOf":{"@id":"https:\/\/conversesacatalunya.cat\/#website"},"datePublished":"2019-05-11T15:40:34+00:00","dateModified":"2021-01-15T22:58:46+00:00","breadcrumb":{"@id":"https:\/\/conversesacatalunya.cat\/es\/pro-europa\/#breadcrumb"},"inLanguage":"es","potentialAction":[{"@type":"ReadAction","target":["https:\/\/conversesacatalunya.cat\/es\/pro-europa\/"]}]},{"@type":"BreadcrumbList","@id":"https:\/\/conversesacatalunya.cat\/es\/pro-europa\/#breadcrumb","itemListElement":[{"@type":"ListItem","position":1,"name":"Inici","item":"https:\/\/conversesacatalunya.cat\/es\/"},{"@type":"ListItem","position":2,"name":"Pro Europa"}]},{"@type":"WebSite","@id":"https:\/\/conversesacatalunya.cat\/#website","url":"https:\/\/conversesacatalunya.cat\/","name":"Converses a Catalunya","description":"","potentialAction":[{"@type":"SearchAction","target":{"@type":"EntryPoint","urlTemplate":"https:\/\/conversesacatalunya.cat\/?s={search_term_string}"},"query-input":{"@type":"PropertyValueSpecification","valueRequired":true,"valueName":"search_term_string"}}],"inLanguage":"es"}]}},"wps_subtitle":"","_links":{"self":[{"href":"https:\/\/conversesacatalunya.cat\/es\/wp-json\/wp\/v2\/pages\/27963","targetHints":{"allow":["GET"]}}],"collection":[{"href":"https:\/\/conversesacatalunya.cat\/es\/wp-json\/wp\/v2\/pages"}],"about":[{"href":"https:\/\/conversesacatalunya.cat\/es\/wp-json\/wp\/v2\/types\/page"}],"author":[{"embeddable":true,"href":"https:\/\/conversesacatalunya.cat\/es\/wp-json\/wp\/v2\/users\/1"}],"replies":[{"embeddable":true,"href":"https:\/\/conversesacatalunya.cat\/es\/wp-json\/wp\/v2\/comments?post=27963"}],"version-history":[{"count":2,"href":"https:\/\/conversesacatalunya.cat\/es\/wp-json\/wp\/v2\/pages\/27963\/revisions"}],"predecessor-version":[{"id":28096,"href":"https:\/\/conversesacatalunya.cat\/es\/wp-json\/wp\/v2\/pages\/27963\/revisions\/28096"}],"wp:attachment":[{"href":"https:\/\/conversesacatalunya.cat\/es\/wp-json\/wp\/v2\/media?parent=27963"}],"curies":[{"name":"wp","href":"https:\/\/api.w.org\/{rel}","templated":true}]}}