{"id":27953,"date":"2019-02-12T15:35:45","date_gmt":"2019-02-12T14:35:45","guid":{"rendered":"https:\/\/conversesacatalunya.cat\/el-blog-de-josep-miro-i-ardevol\/"},"modified":"2021-01-15T23:58:45","modified_gmt":"2021-01-15T22:58:45","slug":"el-blog-de-josep-miro-i-ardevol","status":"publish","type":"page","link":"https:\/\/conversesacatalunya.cat\/es\/el-blog-de-josep-miro-i-ardevol\/","title":{"rendered":"El Blog de Josep Mir\u00f3 i Ard\u00e8vol"},"content":{"rendered":"<section class=\"l-section wpb_row height_small\"><div class=\"l-section-h i-cf\"><div class=\"g-cols vc_row via_flex valign_top type_default stacking_default\"><div class=\"vc_col-sm-12 wpb_column vc_column_container\"><div class=\"vc_column-inner\"><div class=\"wpb_wrapper\"><div class=\"wpb_text_column\"><div class=\"wpb_wrapper\"><h1>El Blog de Josep Mir\u00f3 i Ard\u00e8vol<\/h1>\n<\/div><\/div><div class=\"w-separator size_medium\"><\/div><div class=\"g-cols wpb_row via_flex valign_top type_default stacking_default\"><div class=\"vc_col-sm-8 wpb_column vc_column_container\"><div class=\"vc_column-inner\"><div class=\"wpb_wrapper\"><div class=\"w-grid type_grid layout_28091 cols_3 pagination_regular\" id=\"us_grid_1\" style=\"--gap:1.5rem;\" data-filterable=\"true\"><style>@media (max-width:1024px){#us_grid_1 .w-grid-item{width:50%}}@media (max-width:600px){#us_grid_1 .w-grid-list{margin:0}#us_grid_1 .w-grid-item{width:100%;padding:0;margin-bottom:var(--gap,0px)}}.layout_28091 .w-grid-item-h{}.layout_28091 .usg_post_image_1{margin-bottom:0.8rem!important}.layout_28091 .usg_post_title_1{margin-bottom:0!important;font-family:var(--h1-font-family)!important;font-size:1.2rem!important;font-weight:700!important}.layout_28091 .usg_post_date_1{font-family:var(--font-family)!important;font-size:13px!important;color:#aab2bd!important}.layout_28091 .usg_post_author_1{font-family:var(--font-family)!important;font-size:15px!important}@media (max-width:600px){.layout_28091 .usg_post_title_1{font-size:1.2rem!important}.layout_28091 .usg_post_date_1{font-size:13px!important}.layout_28091 .usg_post_author_1{font-size:15px!important}}<\/style><div class=\"w-grid-list\">\t<article class=\"w-grid-item size_1x1 post-97845 post type-post status-publish format-standard has-post-thumbnail hentry category-el-blog-de-josep-miro-i-ardevol-es category-punts-claus-del-dia-es tag-cataluna tag-catalunya-es\" data-id=\"97845\">\r\n\t\t<div class=\"w-grid-item-h\">\r\n\t\t\t\t\t\t<div class=\"w-post-elm post_image usg_post_image_1 actualitat_img stretched\"><a href=\"https:\/\/conversesacatalunya.cat\/es\/futuros-de-cataluna-cual-es-nuestra-eleccion\/\" aria-label=\"Los futuros de Catalu\u00f1a (1): \u00bfcu\u00e1l es nuestra elecci\u00f3n?\"><img fetchpriority=\"high\" decoding=\"async\" width=\"1024\" height=\"683\" src=\"https:\/\/conversesacatalunya.cat\/wp-content\/uploads\/2026\/04\/Futurs_100kb-1024x683.jpg\" class=\"attachment-large size-large wp-post-image\" alt=\"Futuros de Catalu\u00f1a\" srcset=\"https:\/\/conversesacatalunya.cat\/wp-content\/uploads\/2026\/04\/Futurs_100kb-1024x683.jpg 1024w, https:\/\/conversesacatalunya.cat\/wp-content\/uploads\/2026\/04\/Futurs_100kb-300x200.jpg 300w, https:\/\/conversesacatalunya.cat\/wp-content\/uploads\/2026\/04\/Futurs_100kb.jpg 2048w\" sizes=\"(max-width: 1024px) 100vw, 1024px\" \/><\/a><\/div><h2 class=\"w-post-elm post_title usg_post_title_1 entry-title color_link_inherit\"><a href=\"https:\/\/conversesacatalunya.cat\/es\/futuros-de-cataluna-cual-es-nuestra-eleccion\/\">Los futuros de Catalu\u00f1a (1): \u00bfcu\u00e1l es nuestra elecci\u00f3n?<\/a><\/h2><time class=\"w-post-elm post_date usg_post_date_1 has_text_color entry-date published\" datetime=\"2026-04-10T11:44:39+02:00\">10 abril, 2026<\/time><div class=\"w-post-elm post_author usg_post_author_1 vcard author color_link_inherit\"><div class=\"post-author-meta\"><a href=\"https:\/\/conversesacatalunya.cat\/es\/author\/josep-miro-i-ardevol\/\" class=\"post-author-name fn\">Josep Mir\u00f3 i Ard\u00e8vol<\/a><\/div><\/div>\t\t<\/div>\r\n\t\t\t<\/article>\r\n\t<article class=\"w-grid-item size_1x1 post-97483 post type-post status-publish format-standard has-post-thumbnail hentry category-el-blog-de-josep-miro-i-ardevol-es tag-eutanasia-es tag-ley-eutanasia\" data-id=\"97483\">\r\n\t\t<div class=\"w-grid-item-h\">\r\n\t\t\t\t\t\t<div class=\"w-post-elm post_image usg_post_image_1 actualitat_img stretched\"><a href=\"https:\/\/conversesacatalunya.cat\/es\/la-eutanasia-de-noelia-caso-real-espana\/\" aria-label=\"La eutanasia de Noelia o el hundimiento institucional y moral de una sociedad\"><img decoding=\"async\" width=\"1024\" height=\"576\" data-src=\"https:\/\/conversesacatalunya.cat\/wp-content\/uploads\/2026\/03\/eutanasia.jpg\" class=\"attachment-large size-large wp-post-image lazyload\" alt=\"eutanasia Espa\u00f1a caso real\" data-srcset=\"https:\/\/conversesacatalunya.cat\/wp-content\/uploads\/2026\/03\/eutanasia.jpg 1024w, https:\/\/conversesacatalunya.cat\/wp-content\/uploads\/2026\/03\/eutanasia-300x169.jpg 300w\" data-sizes=\"(max-width: 1024px) 100vw, 1024px\" src=\"data:image\/svg+xml;base64,PHN2ZyB3aWR0aD0iMSIgaGVpZ2h0PSIxIiB4bWxucz0iaHR0cDovL3d3dy53My5vcmcvMjAwMC9zdmciPjwvc3ZnPg==\" style=\"--smush-placeholder-width: 1024px; --smush-placeholder-aspect-ratio: 1024\/576;\" \/><\/a><\/div><h2 class=\"w-post-elm post_title usg_post_title_1 entry-title color_link_inherit\"><a href=\"https:\/\/conversesacatalunya.cat\/es\/la-eutanasia-de-noelia-caso-real-espana\/\">La eutanasia de Noelia o el hundimiento institucional y moral de una sociedad<\/a><\/h2><time class=\"w-post-elm post_date usg_post_date_1 has_text_color entry-date published\" datetime=\"2026-03-26T12:10:35+01:00\">26 marzo, 2026<\/time><div class=\"w-post-elm post_author usg_post_author_1 vcard author color_link_inherit\"><div class=\"post-author-meta\"><a href=\"https:\/\/conversesacatalunya.cat\/es\/author\/josep-miro-i-ardevol\/\" class=\"post-author-name fn\">Josep Mir\u00f3 i Ard\u00e8vol<\/a><\/div><\/div>\t\t<\/div>\r\n\t\t\t<\/article>\r\n\t<article class=\"w-grid-item size_1x1 post-97038 post type-post status-publish format-standard has-post-thumbnail hentry category-el-blog-de-josep-miro-i-ardevol-es tag-coeducat-2 tag-educacio-es tag-educacion tag-ensenanza tag-ensenyament-es\" data-id=\"97038\">\r\n\t\t<div class=\"w-grid-item-h\">\r\n\t\t\t\t\t\t<div class=\"w-post-elm post_image usg_post_image_1 actualitat_img stretched\"><a href=\"https:\/\/conversesacatalunya.cat\/es\/gobierno-illa-programa-coeducat\/\" aria-label=\"Cuando el Gobierno Illa quiere cambiar a la familia. Anatom\u00eda de una manipulaci\u00f3n pedag\u00f3gica en Catalu\u00f1a: Coeduca&#8217;t\"><img decoding=\"async\" width=\"1024\" height=\"887\" data-src=\"https:\/\/conversesacatalunya.cat\/wp-content\/uploads\/2026\/03\/Captura-4-1024x887.jpg\" class=\"attachment-large size-large wp-post-image lazyload\" alt=\"Programa Coeduca&#039;t\" data-srcset=\"https:\/\/conversesacatalunya.cat\/wp-content\/uploads\/2026\/03\/Captura-4-1024x887.jpg 1024w, https:\/\/conversesacatalunya.cat\/wp-content\/uploads\/2026\/03\/Captura-4-300x260.jpg 300w, https:\/\/conversesacatalunya.cat\/wp-content\/uploads\/2026\/03\/Captura-4.jpg 1061w\" data-sizes=\"(max-width: 1024px) 100vw, 1024px\" src=\"data:image\/svg+xml;base64,PHN2ZyB3aWR0aD0iMSIgaGVpZ2h0PSIxIiB4bWxucz0iaHR0cDovL3d3dy53My5vcmcvMjAwMC9zdmciPjwvc3ZnPg==\" style=\"--smush-placeholder-width: 1024px; --smush-placeholder-aspect-ratio: 1024\/887;\" \/><\/a><\/div><h2 class=\"w-post-elm post_title usg_post_title_1 entry-title color_link_inherit\"><a href=\"https:\/\/conversesacatalunya.cat\/es\/gobierno-illa-programa-coeducat\/\">Cuando el Gobierno Illa quiere cambiar a la familia. Anatom\u00eda de una manipulaci\u00f3n pedag\u00f3gica en Catalu\u00f1a: Coeduca&#8217;t<\/a><\/h2><time class=\"w-post-elm post_date usg_post_date_1 has_text_color entry-date published\" datetime=\"2026-03-11T08:00:22+01:00\">11 marzo, 2026<\/time><div class=\"w-post-elm post_author usg_post_author_1 vcard author color_link_inherit\"><div class=\"post-author-meta\"><a href=\"https:\/\/conversesacatalunya.cat\/es\/author\/josep-miro-i-ardevol\/\" class=\"post-author-name fn\">Josep Mir\u00f3 i Ard\u00e8vol<\/a><\/div><\/div>\t\t<\/div>\r\n\t\t\t<\/article>\r\n\t<article class=\"w-grid-item size_1x1 post-96368 post type-post status-publish format-standard has-post-thumbnail hentry category-el-blog-de-josep-miro-i-ardevol-es category-punts-claus-del-dia-es tag-familia-es\" data-id=\"96368\">\r\n\t\t<div class=\"w-grid-item-h\">\r\n\t\t\t\t\t\t<div class=\"w-post-elm post_image usg_post_image_1 actualitat_img stretched\"><a href=\"https:\/\/conversesacatalunya.cat\/es\/crisis-colapso-declive-cataluna-2-familia\/\" aria-label=\"Catalu\u00f1a. De la crisis reversible al declive estructural: La familia como epicentro de la ruptura (II)\"><img decoding=\"async\" width=\"485\" height=\"335\" data-src=\"https:\/\/conversesacatalunya.cat\/wp-content\/uploads\/2026\/02\/Captura-4.jpg\" class=\"attachment-large size-large wp-post-image lazyload\" alt=\"Crisis familia Catalu\u00f1a\" data-srcset=\"https:\/\/conversesacatalunya.cat\/wp-content\/uploads\/2026\/02\/Captura-4.jpg 485w, https:\/\/conversesacatalunya.cat\/wp-content\/uploads\/2026\/02\/Captura-4-300x207.jpg 300w\" data-sizes=\"(max-width: 485px) 100vw, 485px\" src=\"data:image\/svg+xml;base64,PHN2ZyB3aWR0aD0iMSIgaGVpZ2h0PSIxIiB4bWxucz0iaHR0cDovL3d3dy53My5vcmcvMjAwMC9zdmciPjwvc3ZnPg==\" style=\"--smush-placeholder-width: 485px; --smush-placeholder-aspect-ratio: 485\/335;\" \/><\/a><\/div><h2 class=\"w-post-elm post_title usg_post_title_1 entry-title color_link_inherit\"><a href=\"https:\/\/conversesacatalunya.cat\/es\/crisis-colapso-declive-cataluna-2-familia\/\">Catalu\u00f1a. De la crisis reversible al declive estructural: La familia como epicentro de la ruptura (II)<\/a><\/h2><time class=\"w-post-elm post_date usg_post_date_1 has_text_color entry-date published\" datetime=\"2026-02-12T05:26:15+01:00\">12 febrero, 2026<\/time><div class=\"w-post-elm post_author usg_post_author_1 vcard author color_link_inherit\"><div class=\"post-author-meta\"><a href=\"https:\/\/conversesacatalunya.cat\/es\/author\/josep-miro-i-ardevol\/\" class=\"post-author-name fn\">Josep Mir\u00f3 i Ard\u00e8vol<\/a><\/div><\/div>\t\t<\/div>\r\n\t\t\t<\/article>\r\n\t<article class=\"w-grid-item size_1x1 post-95968 post type-post status-publish format-standard has-post-thumbnail hentry category-el-blog-de-josep-miro-i-ardevol-es category-punts-claus-del-dia-es tag-ferroviario\" data-id=\"95968\">\r\n\t\t<div class=\"w-grid-item-h\">\r\n\t\t\t\t\t\t<div class=\"w-post-elm post_image usg_post_image_1 actualitat_img stretched\"><a href=\"https:\/\/conversesacatalunya.cat\/es\/los-idus-de-enero-la-pesada-losa-sobre-unos-ciudadanos-sin-capacidad-de-respuesta-y-iii\/\" aria-label=\"Los idus de enero: la pesada losa sobre unos ciudadanos sin capacidad de respuesta (y III)\"><img decoding=\"async\" width=\"1024\" height=\"682\" data-src=\"https:\/\/conversesacatalunya.cat\/wp-content\/uploads\/2026\/01\/Imagen1-15-1024x682.jpg\" class=\"attachment-large size-large wp-post-image lazyload\" alt=\"Idus de enero\" data-srcset=\"https:\/\/conversesacatalunya.cat\/wp-content\/uploads\/2026\/01\/Imagen1-15-1024x682.jpg 1024w, https:\/\/conversesacatalunya.cat\/wp-content\/uploads\/2026\/01\/Imagen1-15-300x200.jpg 300w, https:\/\/conversesacatalunya.cat\/wp-content\/uploads\/2026\/01\/Imagen1-15.jpg 1034w\" data-sizes=\"(max-width: 1024px) 100vw, 1024px\" src=\"data:image\/svg+xml;base64,PHN2ZyB3aWR0aD0iMSIgaGVpZ2h0PSIxIiB4bWxucz0iaHR0cDovL3d3dy53My5vcmcvMjAwMC9zdmciPjwvc3ZnPg==\" style=\"--smush-placeholder-width: 1024px; --smush-placeholder-aspect-ratio: 1024\/682;\" \/><\/a><\/div><h2 class=\"w-post-elm post_title usg_post_title_1 entry-title color_link_inherit\"><a href=\"https:\/\/conversesacatalunya.cat\/es\/los-idus-de-enero-la-pesada-losa-sobre-unos-ciudadanos-sin-capacidad-de-respuesta-y-iii\/\">Los idus de enero: la pesada losa sobre unos ciudadanos sin capacidad de respuesta (y III)<\/a><\/h2><time class=\"w-post-elm post_date usg_post_date_1 has_text_color entry-date published\" datetime=\"2026-01-29T07:00:12+01:00\">29 enero, 2026<\/time><div class=\"w-post-elm post_author usg_post_author_1 vcard author color_link_inherit\"><div class=\"post-author-meta\"><a href=\"https:\/\/conversesacatalunya.cat\/es\/author\/josep-miro-i-ardevol\/\" class=\"post-author-name fn\">Josep Mir\u00f3 i Ard\u00e8vol<\/a><\/div><\/div>\t\t<\/div>\r\n\t\t\t<\/article>\r\n\t<article class=\"w-grid-item size_1x1 post-95327 post type-post status-publish format-standard has-post-thumbnail hentry category-el-blog-de-josep-miro-i-ardevol-es category-punts-claus-del-dia-es tag-natalidad tag-natalitat-es\" data-id=\"95327\">\r\n\t\t<div class=\"w-grid-item-h\">\r\n\t\t\t\t\t\t<div class=\"w-post-elm post_image usg_post_image_1 actualitat_img stretched\"><a href=\"https:\/\/conversesacatalunya.cat\/es\/cataluna-tiene-futuro-sin-el-pueblo-catalan\/\" aria-label=\"\u00bfCatalu\u00f1a tiene futuro sin el pueblo catal\u00e1n?\"><img decoding=\"async\" width=\"640\" height=\"427\" data-src=\"https:\/\/conversesacatalunya.cat\/wp-content\/uploads\/2026\/01\/infant-821627_640.jpg\" class=\"attachment-large size-large wp-post-image lazyload\" alt=\"Crisis demogr\u00e1fica Catalu\u00f1a\" data-srcset=\"https:\/\/conversesacatalunya.cat\/wp-content\/uploads\/2026\/01\/infant-821627_640.jpg 640w, https:\/\/conversesacatalunya.cat\/wp-content\/uploads\/2026\/01\/infant-821627_640-300x200.jpg 300w\" data-sizes=\"(max-width: 640px) 100vw, 640px\" src=\"data:image\/svg+xml;base64,PHN2ZyB3aWR0aD0iMSIgaGVpZ2h0PSIxIiB4bWxucz0iaHR0cDovL3d3dy53My5vcmcvMjAwMC9zdmciPjwvc3ZnPg==\" style=\"--smush-placeholder-width: 640px; --smush-placeholder-aspect-ratio: 640\/427;\" \/><\/a><\/div><h2 class=\"w-post-elm post_title usg_post_title_1 entry-title color_link_inherit\"><a href=\"https:\/\/conversesacatalunya.cat\/es\/cataluna-tiene-futuro-sin-el-pueblo-catalan\/\">\u00bfCatalu\u00f1a tiene futuro sin el pueblo catal\u00e1n?<\/a><\/h2><time class=\"w-post-elm post_date usg_post_date_1 has_text_color entry-date published\" datetime=\"2026-01-08T09:17:58+01:00\">8 enero, 2026<\/time><div class=\"w-post-elm post_author usg_post_author_1 vcard author color_link_inherit\"><div class=\"post-author-meta\"><a href=\"https:\/\/conversesacatalunya.cat\/es\/author\/josep-miro-i-ardevol\/\" class=\"post-author-name fn\">Josep Mir\u00f3 i Ard\u00e8vol<\/a><\/div><\/div>\t\t<\/div>\r\n\t\t\t<\/article>\r\n\t<article class=\"w-grid-item size_1x1 post-94899 post type-post status-publish format-standard has-post-thumbnail hentry category-el-blog-de-josep-miro-i-ardevol-es category-punts-claus-del-dia-es tag-immigracio-es tag-inmigracion\" data-id=\"94899\">\r\n\t\t<div class=\"w-grid-item-h\">\r\n\t\t\t\t\t\t<div class=\"w-post-elm post_image usg_post_image_1 actualitat_img stretched\"><a href=\"https:\/\/conversesacatalunya.cat\/es\/ciclo-vital-por-que-la-inmigracion-no-resuelve-el-desequilibrio\/\" aria-label=\"El ciclo vital de lo que pagamos y de lo que recibimos del Estado: por qu\u00e9 la inmigraci\u00f3n no resuelve el desequilibrio (y II)\"><img decoding=\"async\" width=\"640\" height=\"427\" data-src=\"https:\/\/conversesacatalunya.cat\/wp-content\/uploads\/2025\/12\/immigracio.jpg\" class=\"attachment-large size-large wp-post-image lazyload\" alt=\"Inmigraci\u00f3n desequilibrio fiscal\" data-srcset=\"https:\/\/conversesacatalunya.cat\/wp-content\/uploads\/2025\/12\/immigracio.jpg 640w, https:\/\/conversesacatalunya.cat\/wp-content\/uploads\/2025\/12\/immigracio-300x200.jpg 300w\" data-sizes=\"(max-width: 640px) 100vw, 640px\" src=\"data:image\/svg+xml;base64,PHN2ZyB3aWR0aD0iMSIgaGVpZ2h0PSIxIiB4bWxucz0iaHR0cDovL3d3dy53My5vcmcvMjAwMC9zdmciPjwvc3ZnPg==\" style=\"--smush-placeholder-width: 640px; --smush-placeholder-aspect-ratio: 640\/427;\" \/><\/a><\/div><h2 class=\"w-post-elm post_title usg_post_title_1 entry-title color_link_inherit\"><a href=\"https:\/\/conversesacatalunya.cat\/es\/ciclo-vital-por-que-la-inmigracion-no-resuelve-el-desequilibrio\/\">El ciclo vital de lo que pagamos y de lo que recibimos del Estado: por qu\u00e9 la inmigraci\u00f3n no resuelve el desequilibrio (y II)<\/a><\/h2><time class=\"w-post-elm post_date usg_post_date_1 has_text_color entry-date published\" datetime=\"2025-12-19T06:05:37+01:00\">19 diciembre, 2025<\/time><div class=\"w-post-elm post_author usg_post_author_1 vcard author color_link_inherit\"><div class=\"post-author-meta\"><a href=\"https:\/\/conversesacatalunya.cat\/es\/author\/josep-miro-i-ardevol\/\" class=\"post-author-name fn\">Josep Mir\u00f3 i Ard\u00e8vol<\/a><\/div><\/div>\t\t<\/div>\r\n\t\t\t<\/article>\r\n\t<article class=\"w-grid-item size_1x1 post-93759 post type-post status-publish format-standard has-post-thumbnail hentry category-el-blog-de-josep-miro-i-ardevol-es category-punts-claus-del-dia-es tag-consideracio-de-catalunya-es tag-consideracion-de-cataluna\" data-id=\"93759\">\r\n\t\t<div class=\"w-grid-item-h\">\r\n\t\t\t\t\t\t<div class=\"w-post-elm post_image usg_post_image_1 actualitat_img stretched\"><a href=\"https:\/\/conversesacatalunya.cat\/es\/un-proyecto-politico-para-cataluna-espana-y-europa\/\" aria-label=\"Consideraci\u00f3n de Catalu\u00f1a (13) Un proyecto pol\u00edtico para Catalu\u00f1a, Espa\u00f1a y Europa\"><img decoding=\"async\" width=\"640\" height=\"360\" data-src=\"https:\/\/conversesacatalunya.cat\/wp-content\/uploads\/2025\/11\/projecte.jpg\" class=\"attachment-large size-large wp-post-image lazyload\" alt=\"Proyecto pol\u00edtico Catalu\u00f1a\" data-srcset=\"https:\/\/conversesacatalunya.cat\/wp-content\/uploads\/2025\/11\/projecte.jpg 640w, https:\/\/conversesacatalunya.cat\/wp-content\/uploads\/2025\/11\/projecte-300x169.jpg 300w\" data-sizes=\"(max-width: 640px) 100vw, 640px\" src=\"data:image\/svg+xml;base64,PHN2ZyB3aWR0aD0iMSIgaGVpZ2h0PSIxIiB4bWxucz0iaHR0cDovL3d3dy53My5vcmcvMjAwMC9zdmciPjwvc3ZnPg==\" style=\"--smush-placeholder-width: 640px; --smush-placeholder-aspect-ratio: 640\/360;\" \/><\/a><\/div><h2 class=\"w-post-elm post_title usg_post_title_1 entry-title color_link_inherit\"><a href=\"https:\/\/conversesacatalunya.cat\/es\/un-proyecto-politico-para-cataluna-espana-y-europa\/\">Consideraci\u00f3n de Catalu\u00f1a (13) Un proyecto pol\u00edtico para Catalu\u00f1a, Espa\u00f1a y Europa<\/a><\/h2><time class=\"w-post-elm post_date usg_post_date_1 has_text_color entry-date published\" datetime=\"2025-11-12T09:00:09+01:00\">12 noviembre, 2025<\/time><div class=\"w-post-elm post_author usg_post_author_1 vcard author color_link_inherit\"><div class=\"post-author-meta\"><a href=\"https:\/\/conversesacatalunya.cat\/es\/author\/josep-miro-i-ardevol\/\" class=\"post-author-name fn\">Josep Mir\u00f3 i Ard\u00e8vol<\/a><\/div><\/div>\t\t<\/div>\r\n\t\t\t<\/article>\r\n\t<article class=\"w-grid-item size_1x1 post-93714 post type-post status-publish format-standard has-post-thumbnail hentry category-el-blog-de-josep-miro-i-ardevol-es category-punts-claus-del-dia-es tag-consideracio-de-catalunya-es tag-consideracion-de-cataluna\" data-id=\"93714\">\r\n\t\t<div class=\"w-grid-item-h\">\r\n\t\t\t\t\t\t<div class=\"w-post-elm post_image usg_post_image_1 actualitat_img stretched\"><a href=\"https:\/\/conversesacatalunya.cat\/es\/la-renta-de-la-gente-no-acompana-al-crecimiento-economico\/\" aria-label=\"Consideraci\u00f3n de Catalu\u00f1a (12) El gran malestar. Cuando la renta de la gente no acompa\u00f1a al crecimiento econ\u00f3mico\"><img decoding=\"async\" width=\"514\" height=\"428\" data-src=\"https:\/\/conversesacatalunya.cat\/wp-content\/uploads\/2025\/11\/Imagen2.png\" class=\"attachment-large size-large wp-post-image lazyload\" alt=\"PIB catal\u00e1n\" data-srcset=\"https:\/\/conversesacatalunya.cat\/wp-content\/uploads\/2025\/11\/Imagen2.png 514w, https:\/\/conversesacatalunya.cat\/wp-content\/uploads\/2025\/11\/Imagen2-300x250.png 300w\" data-sizes=\"(max-width: 514px) 100vw, 514px\" src=\"data:image\/svg+xml;base64,PHN2ZyB3aWR0aD0iMSIgaGVpZ2h0PSIxIiB4bWxucz0iaHR0cDovL3d3dy53My5vcmcvMjAwMC9zdmciPjwvc3ZnPg==\" style=\"--smush-placeholder-width: 514px; --smush-placeholder-aspect-ratio: 514\/428;\" \/><\/a><\/div><h2 class=\"w-post-elm post_title usg_post_title_1 entry-title color_link_inherit\"><a href=\"https:\/\/conversesacatalunya.cat\/es\/la-renta-de-la-gente-no-acompana-al-crecimiento-economico\/\">Consideraci\u00f3n de Catalu\u00f1a (12) El gran malestar. Cuando la renta de la gente no acompa\u00f1a al crecimiento econ\u00f3mico<\/a><\/h2><time class=\"w-post-elm post_date usg_post_date_1 has_text_color entry-date published\" datetime=\"2025-11-11T09:00:57+01:00\">11 noviembre, 2025<\/time><div class=\"w-post-elm post_author usg_post_author_1 vcard author color_link_inherit\"><div class=\"post-author-meta\"><a href=\"https:\/\/conversesacatalunya.cat\/es\/author\/josep-miro-i-ardevol\/\" class=\"post-author-name fn\">Josep Mir\u00f3 i Ard\u00e8vol<\/a><\/div><\/div>\t\t<\/div>\r\n\t\t\t<\/article>\r\n\t<article class=\"w-grid-item size_1x1 post-93389 post type-post status-publish format-standard has-post-thumbnail hentry category-el-blog-de-josep-miro-i-ardevol-es category-punts-claus-del-dia-es tag-consideracio-de-catalunya-es tag-consideracion-de-cataluna\" data-id=\"93389\">\r\n\t\t<div class=\"w-grid-item-h\">\r\n\t\t\t\t\t\t<div class=\"w-post-elm post_image usg_post_image_1 actualitat_img stretched\"><a href=\"https:\/\/conversesacatalunya.cat\/es\/periodos-de-crisis-y-recuperaciones-que-hemos-aprendido\/\" aria-label=\"Consideraci\u00f3n de Catalu\u00f1a (11) Periodos de crisis y recuperaciones. \u00bfQu\u00e9 hemos aprendido?\"><img decoding=\"async\" width=\"1024\" height=\"476\" data-src=\"https:\/\/conversesacatalunya.cat\/wp-content\/uploads\/2025\/10\/consideracio-1024x476.jpg\" class=\"attachment-large size-large wp-post-image lazyload\" alt=\"Crisis y recuperaciones\" data-srcset=\"https:\/\/conversesacatalunya.cat\/wp-content\/uploads\/2025\/10\/consideracio-1024x476.jpg 1024w, https:\/\/conversesacatalunya.cat\/wp-content\/uploads\/2025\/10\/consideracio-300x139.jpg 300w, https:\/\/conversesacatalunya.cat\/wp-content\/uploads\/2025\/10\/consideracio.jpg 1033w\" data-sizes=\"(max-width: 1024px) 100vw, 1024px\" src=\"data:image\/svg+xml;base64,PHN2ZyB3aWR0aD0iMSIgaGVpZ2h0PSIxIiB4bWxucz0iaHR0cDovL3d3dy53My5vcmcvMjAwMC9zdmciPjwvc3ZnPg==\" style=\"--smush-placeholder-width: 1024px; --smush-placeholder-aspect-ratio: 1024\/476;\" \/><\/a><\/div><h2 class=\"w-post-elm post_title usg_post_title_1 entry-title color_link_inherit\"><a href=\"https:\/\/conversesacatalunya.cat\/es\/periodos-de-crisis-y-recuperaciones-que-hemos-aprendido\/\">Consideraci\u00f3n de Catalu\u00f1a (11) Periodos de crisis y recuperaciones. \u00bfQu\u00e9 hemos aprendido?<\/a><\/h2><time class=\"w-post-elm post_date usg_post_date_1 has_text_color entry-date published\" datetime=\"2025-10-29T11:00:50+01:00\">29 octubre, 2025<\/time><div class=\"w-post-elm post_author usg_post_author_1 vcard author color_link_inherit\"><div class=\"post-author-meta\"><a href=\"https:\/\/conversesacatalunya.cat\/es\/author\/josep-miro-i-ardevol\/\" class=\"post-author-name fn\">Josep Mir\u00f3 i Ard\u00e8vol<\/a><\/div><\/div>\t\t<\/div>\r\n\t\t\t<\/article>\r\n\t<article class=\"w-grid-item size_1x1 post-93195 post type-post status-publish format-standard has-post-thumbnail hentry category-el-blog-de-josep-miro-i-ardevol-es category-punts-claus-del-dia-es tag-consideracio-de-catalunya-es tag-consideracion-de-cataluna\" data-id=\"93195\">\r\n\t\t<div class=\"w-grid-item-h\">\r\n\t\t\t\t\t\t<div class=\"w-post-elm post_image usg_post_image_1 actualitat_img stretched\"><a href=\"https:\/\/conversesacatalunya.cat\/es\/de-la-expansion-a-la-bajada-economica-1975-24\/\" aria-label=\"Consideraci\u00f3n de Catalu\u00f1a (10) De la expansi\u00f3n a la bajada econ\u00f3mica (1975-24)\"><img decoding=\"async\" width=\"847\" height=\"377\" data-src=\"https:\/\/conversesacatalunya.cat\/wp-content\/uploads\/2025\/10\/Imagen2-1.jpg\" class=\"attachment-large size-large wp-post-image lazyload\" alt=\"Crisis 2008\" data-srcset=\"https:\/\/conversesacatalunya.cat\/wp-content\/uploads\/2025\/10\/Imagen2-1.jpg 847w, https:\/\/conversesacatalunya.cat\/wp-content\/uploads\/2025\/10\/Imagen2-1-300x134.jpg 300w\" data-sizes=\"(max-width: 847px) 100vw, 847px\" src=\"data:image\/svg+xml;base64,PHN2ZyB3aWR0aD0iMSIgaGVpZ2h0PSIxIiB4bWxucz0iaHR0cDovL3d3dy53My5vcmcvMjAwMC9zdmciPjwvc3ZnPg==\" style=\"--smush-placeholder-width: 847px; --smush-placeholder-aspect-ratio: 847\/377;\" \/><\/a><\/div><h2 class=\"w-post-elm post_title usg_post_title_1 entry-title color_link_inherit\"><a href=\"https:\/\/conversesacatalunya.cat\/es\/de-la-expansion-a-la-bajada-economica-1975-24\/\">Consideraci\u00f3n de Catalu\u00f1a (10) De la expansi\u00f3n a la bajada econ\u00f3mica (1975-24)<\/a><\/h2><time class=\"w-post-elm post_date usg_post_date_1 has_text_color entry-date published\" datetime=\"2025-10-23T12:44:17+02:00\">23 octubre, 2025<\/time><div class=\"w-post-elm post_author usg_post_author_1 vcard author color_link_inherit\"><div class=\"post-author-meta\"><a href=\"https:\/\/conversesacatalunya.cat\/es\/author\/josep-miro-i-ardevol\/\" class=\"post-author-name fn\">Josep Mir\u00f3 i Ard\u00e8vol<\/a><\/div><\/div>\t\t<\/div>\r\n\t\t\t<\/article>\r\n\t<article class=\"w-grid-item size_1x1 post-92923 post type-post status-publish format-standard has-post-thumbnail hentry category-el-blog-de-josep-miro-i-ardevol-es category-punts-claus-del-dia-es tag-consideracion-de-cataluna\" data-id=\"92923\">\r\n\t\t<div class=\"w-grid-item-h\">\r\n\t\t\t\t\t\t<div class=\"w-post-elm post_image usg_post_image_1 actualitat_img stretched\"><a href=\"https:\/\/conversesacatalunya.cat\/es\/cataluna-lectura-del-declive-y-la-creatividad-civilizatoria\/\" aria-label=\"Consideraci\u00f3n de Catalu\u00f1a (9) Una lectura del declive y la creatividad civilizatoria\"><img decoding=\"async\" width=\"369\" height=\"500\" data-src=\"https:\/\/conversesacatalunya.cat\/wp-content\/uploads\/2025\/10\/Toynbee.jpg\" class=\"attachment-large size-large wp-post-image lazyload\" alt=\"Toynbee Catalu\u00f1a\" data-srcset=\"https:\/\/conversesacatalunya.cat\/wp-content\/uploads\/2025\/10\/Toynbee.jpg 369w, https:\/\/conversesacatalunya.cat\/wp-content\/uploads\/2025\/10\/Toynbee-221x300.jpg 221w\" data-sizes=\"(max-width: 369px) 100vw, 369px\" src=\"data:image\/svg+xml;base64,PHN2ZyB3aWR0aD0iMSIgaGVpZ2h0PSIxIiB4bWxucz0iaHR0cDovL3d3dy53My5vcmcvMjAwMC9zdmciPjwvc3ZnPg==\" style=\"--smush-placeholder-width: 369px; --smush-placeholder-aspect-ratio: 369\/500;\" \/><\/a><\/div><h2 class=\"w-post-elm post_title usg_post_title_1 entry-title color_link_inherit\"><a href=\"https:\/\/conversesacatalunya.cat\/es\/cataluna-lectura-del-declive-y-la-creatividad-civilizatoria\/\">Consideraci\u00f3n de Catalu\u00f1a (9) Una lectura del declive y la creatividad civilizatoria<\/a><\/h2><time class=\"w-post-elm post_date usg_post_date_1 has_text_color entry-date published\" datetime=\"2025-10-17T11:19:10+02:00\">17 octubre, 2025<\/time><div class=\"w-post-elm post_author usg_post_author_1 vcard author color_link_inherit\"><div class=\"post-author-meta\"><a href=\"https:\/\/conversesacatalunya.cat\/es\/author\/josep-miro-i-ardevol\/\" class=\"post-author-name fn\">Josep Mir\u00f3 i Ard\u00e8vol<\/a><\/div><\/div>\t\t<\/div>\r\n\t\t\t<\/article>\r\n\t<article class=\"w-grid-item size_1x1 post-92521 post type-post status-publish format-standard has-post-thumbnail hentry category-el-blog-de-josep-miro-i-ardevol-es tag-consideracio-de-catalunya-es tag-consideracion-de-cataluna\" data-id=\"92521\">\r\n\t\t<div class=\"w-grid-item-h\">\r\n\t\t\t\t\t\t<div class=\"w-post-elm post_image usg_post_image_1 actualitat_img stretched\"><a href=\"https:\/\/conversesacatalunya.cat\/es\/urgente-y-necesario-el-resurgimiento-de-cataluna\/\" aria-label=\"Consideraci\u00f3n de Catalu\u00f1a (8) Es urgente y necesario el resurgimiento de Catalu\u00f1a\"><img decoding=\"async\" width=\"1024\" height=\"644\" data-src=\"https:\/\/conversesacatalunya.cat\/wp-content\/uploads\/2025\/10\/Captura-1024x644.jpg\" class=\"attachment-large size-large wp-post-image lazyload\" alt=\"Resurgimiento Catalu\u00f1a\" data-srcset=\"https:\/\/conversesacatalunya.cat\/wp-content\/uploads\/2025\/10\/Captura-1024x644.jpg 1024w, https:\/\/conversesacatalunya.cat\/wp-content\/uploads\/2025\/10\/Captura-300x189.jpg 300w, https:\/\/conversesacatalunya.cat\/wp-content\/uploads\/2025\/10\/Captura.jpg 1098w\" data-sizes=\"(max-width: 1024px) 100vw, 1024px\" src=\"data:image\/svg+xml;base64,PHN2ZyB3aWR0aD0iMSIgaGVpZ2h0PSIxIiB4bWxucz0iaHR0cDovL3d3dy53My5vcmcvMjAwMC9zdmciPjwvc3ZnPg==\" style=\"--smush-placeholder-width: 1024px; --smush-placeholder-aspect-ratio: 1024\/644;\" \/><\/a><\/div><h2 class=\"w-post-elm post_title usg_post_title_1 entry-title color_link_inherit\"><a href=\"https:\/\/conversesacatalunya.cat\/es\/urgente-y-necesario-el-resurgimiento-de-cataluna\/\">Consideraci\u00f3n de Catalu\u00f1a (8) Es urgente y necesario el resurgimiento de Catalu\u00f1a<\/a><\/h2><time class=\"w-post-elm post_date usg_post_date_1 has_text_color entry-date published\" datetime=\"2025-10-03T10:21:34+02:00\">3 octubre, 2025<\/time><div class=\"w-post-elm post_author usg_post_author_1 vcard author color_link_inherit\"><div class=\"post-author-meta\"><a href=\"https:\/\/conversesacatalunya.cat\/es\/author\/josep-miro-i-ardevol\/\" class=\"post-author-name fn\">Josep Mir\u00f3 i Ard\u00e8vol<\/a><\/div><\/div>\t\t<\/div>\r\n\t\t\t<\/article>\r\n\t<article class=\"w-grid-item size_1x1 post-91768 post type-post status-publish format-standard has-post-thumbnail hentry category-el-blog-de-josep-miro-i-ardevol-es tag-cataluna tag-catalunya-es tag-consideracio-de-catalunya-es tag-consideracion-de-cataluna\" data-id=\"91768\">\r\n\t\t<div class=\"w-grid-item-h\">\r\n\t\t\t\t\t\t<div class=\"w-post-elm post_image usg_post_image_1 actualitat_img stretched\"><a href=\"https:\/\/conversesacatalunya.cat\/es\/lengua-y-cultura-asociacionismo-y-religion\/\" aria-label=\"Consideraci\u00f3n de Catalu\u00f1a (2) Tres de los grandes vectores de fuerza: lengua y cultura, asociacionismo y religi\u00f3n\"><img decoding=\"async\" width=\"567\" height=\"567\" data-src=\"https:\/\/conversesacatalunya.cat\/wp-content\/uploads\/2025\/09\/Imagen1-3.jpg\" class=\"attachment-large size-large wp-post-image lazyload\" alt=\"Catalu\u00f1a vectores de fuerza\" data-srcset=\"https:\/\/conversesacatalunya.cat\/wp-content\/uploads\/2025\/09\/Imagen1-3.jpg 567w, https:\/\/conversesacatalunya.cat\/wp-content\/uploads\/2025\/09\/Imagen1-3-300x300.jpg 300w, https:\/\/conversesacatalunya.cat\/wp-content\/uploads\/2025\/09\/Imagen1-3-150x150.jpg 150w, https:\/\/conversesacatalunya.cat\/wp-content\/uploads\/2025\/09\/Imagen1-3-350x350.jpg 350w\" data-sizes=\"(max-width: 567px) 100vw, 567px\" src=\"data:image\/svg+xml;base64,PHN2ZyB3aWR0aD0iMSIgaGVpZ2h0PSIxIiB4bWxucz0iaHR0cDovL3d3dy53My5vcmcvMjAwMC9zdmciPjwvc3ZnPg==\" style=\"--smush-placeholder-width: 567px; --smush-placeholder-aspect-ratio: 567\/567;\" \/><\/a><\/div><h2 class=\"w-post-elm post_title usg_post_title_1 entry-title color_link_inherit\"><a href=\"https:\/\/conversesacatalunya.cat\/es\/lengua-y-cultura-asociacionismo-y-religion\/\">Consideraci\u00f3n de Catalu\u00f1a (2) Tres de los grandes vectores de fuerza: lengua y cultura, asociacionismo y religi\u00f3n<\/a><\/h2><time class=\"w-post-elm post_date usg_post_date_1 has_text_color entry-date published\" datetime=\"2025-09-12T05:38:54+02:00\">12 septiembre, 2025<\/time><div class=\"w-post-elm post_author usg_post_author_1 vcard author color_link_inherit\"><div class=\"post-author-meta\"><a href=\"https:\/\/conversesacatalunya.cat\/es\/author\/josep-miro-i-ardevol\/\" class=\"post-author-name fn\">Josep Mir\u00f3 i Ard\u00e8vol<\/a><\/div><\/div>\t\t<\/div>\r\n\t\t\t<\/article>\r\n\t<article class=\"w-grid-item size_1x1 post-91629 post type-post status-publish format-standard has-post-thumbnail hentry category-el-blog-de-josep-miro-i-ardevol-es tag-cataluna tag-catalunya-es tag-consideracio-de-catalunya-es tag-consideracion-de-cataluna\" data-id=\"91629\">\r\n\t\t<div class=\"w-grid-item-h\">\r\n\t\t\t\t\t\t<div class=\"w-post-elm post_image usg_post_image_1 actualitat_img stretched\"><a href=\"https:\/\/conversesacatalunya.cat\/es\/la-aparente-imposible-continuidad-historica-de-cataluna\/\" aria-label=\"Consideraci\u00f3n de Catalu\u00f1a (1) La aparente \u201cimposible\u201d continuidad hist\u00f3rica de Catalu\u00f1a\"><img decoding=\"async\" width=\"544\" height=\"451\" data-src=\"https:\/\/conversesacatalunya.cat\/wp-content\/uploads\/2025\/09\/Captura-2.jpg\" class=\"attachment-large size-large wp-post-image lazyload\" alt=\"continu\u00efdad hist\u00f3rica Catalu\u00f1a\" data-srcset=\"https:\/\/conversesacatalunya.cat\/wp-content\/uploads\/2025\/09\/Captura-2.jpg 544w, https:\/\/conversesacatalunya.cat\/wp-content\/uploads\/2025\/09\/Captura-2-300x249.jpg 300w\" data-sizes=\"(max-width: 544px) 100vw, 544px\" src=\"data:image\/svg+xml;base64,PHN2ZyB3aWR0aD0iMSIgaGVpZ2h0PSIxIiB4bWxucz0iaHR0cDovL3d3dy53My5vcmcvMjAwMC9zdmciPjwvc3ZnPg==\" style=\"--smush-placeholder-width: 544px; --smush-placeholder-aspect-ratio: 544\/451;\" \/><\/a><\/div><h2 class=\"w-post-elm post_title usg_post_title_1 entry-title color_link_inherit\"><a href=\"https:\/\/conversesacatalunya.cat\/es\/la-aparente-imposible-continuidad-historica-de-cataluna\/\">Consideraci\u00f3n de Catalu\u00f1a (1) La aparente \u201cimposible\u201d continuidad hist\u00f3rica de Catalu\u00f1a<\/a><\/h2><time class=\"w-post-elm post_date usg_post_date_1 has_text_color entry-date published\" datetime=\"2025-09-08T09:57:03+02:00\">8 septiembre, 2025<\/time><div class=\"w-post-elm post_author usg_post_author_1 vcard author color_link_inherit\"><div class=\"post-author-meta\"><a href=\"https:\/\/conversesacatalunya.cat\/es\/author\/josep-miro-i-ardevol\/\" class=\"post-author-name fn\">Josep Mir\u00f3 i Ard\u00e8vol<\/a><\/div><\/div>\t\t<\/div>\r\n\t\t\t<\/article>\r\n\t<article class=\"w-grid-item size_1x1 post-91274 post type-post status-publish format-standard has-post-thumbnail hentry category-el-blog-de-josep-miro-i-ardevol-es tag-cataluna tag-catalunya-es\" data-id=\"91274\">\r\n\t\t<div class=\"w-grid-item-h\">\r\n\t\t\t\t\t\t<div class=\"w-post-elm post_image usg_post_image_1 actualitat_img stretched\"><a href=\"https:\/\/conversesacatalunya.cat\/es\/la-cataluna-que-cae\/\" aria-label=\"La Catalu\u00f1a que cae\"><img decoding=\"async\" width=\"567\" height=\"567\" data-src=\"https:\/\/conversesacatalunya.cat\/wp-content\/uploads\/2025\/08\/Imagen1-2.jpg\" class=\"attachment-large size-large wp-post-image lazyload\" alt=\"Catalu\u00f1a declive\" data-srcset=\"https:\/\/conversesacatalunya.cat\/wp-content\/uploads\/2025\/08\/Imagen1-2.jpg 567w, https:\/\/conversesacatalunya.cat\/wp-content\/uploads\/2025\/08\/Imagen1-2-300x300.jpg 300w, https:\/\/conversesacatalunya.cat\/wp-content\/uploads\/2025\/08\/Imagen1-2-150x150.jpg 150w, https:\/\/conversesacatalunya.cat\/wp-content\/uploads\/2025\/08\/Imagen1-2-350x350.jpg 350w\" data-sizes=\"(max-width: 567px) 100vw, 567px\" src=\"data:image\/svg+xml;base64,PHN2ZyB3aWR0aD0iMSIgaGVpZ2h0PSIxIiB4bWxucz0iaHR0cDovL3d3dy53My5vcmcvMjAwMC9zdmciPjwvc3ZnPg==\" style=\"--smush-placeholder-width: 567px; --smush-placeholder-aspect-ratio: 567\/567;\" \/><\/a><\/div><h2 class=\"w-post-elm post_title usg_post_title_1 entry-title color_link_inherit\"><a href=\"https:\/\/conversesacatalunya.cat\/es\/la-cataluna-que-cae\/\">La Catalu\u00f1a que cae<\/a><\/h2><time class=\"w-post-elm post_date usg_post_date_1 has_text_color entry-date published\" datetime=\"2025-08-21T09:30:07+02:00\">21 agosto, 2025<\/time><div class=\"w-post-elm post_author usg_post_author_1 vcard author color_link_inherit\"><div class=\"post-author-meta\"><a href=\"https:\/\/conversesacatalunya.cat\/es\/author\/josep-miro-i-ardevol\/\" class=\"post-author-name fn\">Josep Mir\u00f3 i Ard\u00e8vol<\/a><\/div><\/div>\t\t<\/div>\r\n\t\t\t<\/article>\r\n\t<article class=\"w-grid-item size_1x1 post-89027 post type-post status-publish format-standard has-post-thumbnail hentry category-el-blog-de-josep-miro-i-ardevol-es tag-religion\" data-id=\"89027\">\r\n\t\t<div class=\"w-grid-item-h\">\r\n\t\t\t\t\t\t<div class=\"w-post-elm post_image usg_post_image_1 actualitat_img stretched\"><a href=\"https:\/\/conversesacatalunya.cat\/es\/creencias-en-espana-datos-y-retos-pastorales\/\" aria-label=\"Creencias en Espa\u00f1a: datos y retos pastorales\"><img decoding=\"async\" width=\"640\" height=\"427\" data-src=\"https:\/\/conversesacatalunya.cat\/wp-content\/uploads\/2025\/08\/irish-seminary-mass-656595_640.jpg\" class=\"attachment-large size-large wp-post-image lazyload\" alt=\"Creencias en Espa\u00f1a\" data-srcset=\"https:\/\/conversesacatalunya.cat\/wp-content\/uploads\/2025\/08\/irish-seminary-mass-656595_640.jpg 640w, https:\/\/conversesacatalunya.cat\/wp-content\/uploads\/2025\/08\/irish-seminary-mass-656595_640-300x200.jpg 300w\" data-sizes=\"(max-width: 640px) 100vw, 640px\" src=\"data:image\/svg+xml;base64,PHN2ZyB3aWR0aD0iMSIgaGVpZ2h0PSIxIiB4bWxucz0iaHR0cDovL3d3dy53My5vcmcvMjAwMC9zdmciPjwvc3ZnPg==\" style=\"--smush-placeholder-width: 640px; --smush-placeholder-aspect-ratio: 640\/427;\" \/><\/a><\/div><h2 class=\"w-post-elm post_title usg_post_title_1 entry-title color_link_inherit\"><a href=\"https:\/\/conversesacatalunya.cat\/es\/creencias-en-espana-datos-y-retos-pastorales\/\">Creencias en Espa\u00f1a: datos y retos pastorales<\/a><\/h2><time class=\"w-post-elm post_date usg_post_date_1 has_text_color entry-date published\" datetime=\"2025-08-13T07:18:47+02:00\">13 agosto, 2025<\/time><div class=\"w-post-elm post_author usg_post_author_1 vcard author color_link_inherit\"><div class=\"post-author-meta\"><a href=\"https:\/\/conversesacatalunya.cat\/es\/author\/josep-miro-i-ardevol\/\" class=\"post-author-name fn\">Josep Mir\u00f3 i Ard\u00e8vol<\/a><\/div><\/div>\t\t<\/div>\r\n\t\t\t<\/article>\r\n\t<article class=\"w-grid-item size_1x1 post-90905 post type-post status-publish format-standard has-post-thumbnail hentry category-el-blog-de-josep-miro-i-ardevol-es tag-covid-19-es tag-dana-es\" data-id=\"90905\">\r\n\t\t<div class=\"w-grid-item-h\">\r\n\t\t\t\t\t\t<div class=\"w-post-elm post_image usg_post_image_1 actualitat_img stretched\"><a href=\"https:\/\/conversesacatalunya.cat\/es\/covid-19-y-dana-en-valencia-errores-que-se-repiten-y-nadie-corrige\/\" aria-label=\"La consideraci\u00f3n de cada d\u00eda: COVID-19 y DANA en Valencia: errores que se repiten y nadie corrige\"><img decoding=\"async\" width=\"640\" height=\"427\" data-src=\"https:\/\/conversesacatalunya.cat\/wp-content\/uploads\/2025\/07\/flooded-5330617_640.jpg\" class=\"attachment-large size-large wp-post-image lazyload\" alt=\"COVID-19 DANA\" data-srcset=\"https:\/\/conversesacatalunya.cat\/wp-content\/uploads\/2025\/07\/flooded-5330617_640.jpg 640w, https:\/\/conversesacatalunya.cat\/wp-content\/uploads\/2025\/07\/flooded-5330617_640-300x200.jpg 300w\" data-sizes=\"(max-width: 640px) 100vw, 640px\" src=\"data:image\/svg+xml;base64,PHN2ZyB3aWR0aD0iMSIgaGVpZ2h0PSIxIiB4bWxucz0iaHR0cDovL3d3dy53My5vcmcvMjAwMC9zdmciPjwvc3ZnPg==\" style=\"--smush-placeholder-width: 640px; --smush-placeholder-aspect-ratio: 640\/427;\" \/><\/a><\/div><h2 class=\"w-post-elm post_title usg_post_title_1 entry-title color_link_inherit\"><a href=\"https:\/\/conversesacatalunya.cat\/es\/covid-19-y-dana-en-valencia-errores-que-se-repiten-y-nadie-corrige\/\">La consideraci\u00f3n de cada d\u00eda: COVID-19 y DANA en Valencia: errores que se repiten y nadie corrige<\/a><\/h2><time class=\"w-post-elm post_date usg_post_date_1 has_text_color entry-date published\" datetime=\"2025-07-30T11:01:27+02:00\">30 julio, 2025<\/time><div class=\"w-post-elm post_author usg_post_author_1 vcard author color_link_inherit\"><div class=\"post-author-meta\"><a href=\"https:\/\/conversesacatalunya.cat\/es\/author\/josep-miro-i-ardevol\/\" class=\"post-author-name fn\">Josep Mir\u00f3 i Ard\u00e8vol<\/a><\/div><\/div>\t\t<\/div>\r\n\t\t\t<\/article>\r\n\t<article class=\"w-grid-item size_1x1 post-90851 post type-post status-publish format-standard has-post-thumbnail hentry category-el-blog-de-josep-miro-i-ardevol-es tag-corrupcio-es tag-corrupcion\" data-id=\"90851\">\r\n\t\t<div class=\"w-grid-item-h\">\r\n\t\t\t\t\t\t<div class=\"w-post-elm post_image usg_post_image_1 actualitat_img stretched\"><a href=\"https:\/\/conversesacatalunya.cat\/es\/la-corrupcion-politica-en-espana-es-sistemica-la-conferencia-civica-de-regeneracion-politica\/\" aria-label=\"La corrupci\u00f3n pol\u00edtica en Espa\u00f1a es sist\u00e9mica. La Conferencia C\u00edvica de Regeneraci\u00f3n Pol\u00edtica\"><img decoding=\"async\" width=\"640\" height=\"441\" data-src=\"https:\/\/conversesacatalunya.cat\/wp-content\/uploads\/2025\/07\/Corrupcio-politica-a-Espanya.jpg\" class=\"attachment-large size-large wp-post-image lazyload\" alt=\"corrupci\u00f3n pol\u00edtica Espa\u00f1a\" data-srcset=\"https:\/\/conversesacatalunya.cat\/wp-content\/uploads\/2025\/07\/Corrupcio-politica-a-Espanya.jpg 640w, https:\/\/conversesacatalunya.cat\/wp-content\/uploads\/2025\/07\/Corrupcio-politica-a-Espanya-300x207.jpg 300w\" data-sizes=\"(max-width: 640px) 100vw, 640px\" src=\"data:image\/svg+xml;base64,PHN2ZyB3aWR0aD0iMSIgaGVpZ2h0PSIxIiB4bWxucz0iaHR0cDovL3d3dy53My5vcmcvMjAwMC9zdmciPjwvc3ZnPg==\" style=\"--smush-placeholder-width: 640px; --smush-placeholder-aspect-ratio: 640\/441;\" \/><\/a><\/div><h2 class=\"w-post-elm post_title usg_post_title_1 entry-title color_link_inherit\"><a href=\"https:\/\/conversesacatalunya.cat\/es\/la-corrupcion-politica-en-espana-es-sistemica-la-conferencia-civica-de-regeneracion-politica\/\">La corrupci\u00f3n pol\u00edtica en Espa\u00f1a es sist\u00e9mica. La Conferencia C\u00edvica de Regeneraci\u00f3n Pol\u00edtica<\/a><\/h2><time class=\"w-post-elm post_date usg_post_date_1 has_text_color entry-date published\" datetime=\"2025-07-28T11:35:20+02:00\">28 julio, 2025<\/time><div class=\"w-post-elm post_author usg_post_author_1 vcard author color_link_inherit\"><div class=\"post-author-meta\"><a href=\"https:\/\/conversesacatalunya.cat\/es\/author\/josep-miro-i-ardevol\/\" class=\"post-author-name fn\">Josep Mir\u00f3 i Ard\u00e8vol<\/a><\/div><\/div>\t\t<\/div>\r\n\t\t\t<\/article>\r\n\t<article class=\"w-grid-item size_1x1 post-90677 post type-post status-publish format-standard has-post-thumbnail hentry category-el-blog-de-josep-miro-i-ardevol-es tag-financiacion-singular tag-sanidad-catalana\" data-id=\"90677\">\r\n\t\t<div class=\"w-grid-item-h\">\r\n\t\t\t\t\t\t<div class=\"w-post-elm post_image usg_post_image_1 actualitat_img stretched\"><a href=\"https:\/\/conversesacatalunya.cat\/es\/sanidad-cataluna-deficit-nos-ahoga\/\" aria-label=\"Sanidad en Catalu\u00f1a: el d\u00e9ficit que ahoga mientras se habla de \u201cfinanciaci\u00f3n singular\u201d\"><img decoding=\"async\" width=\"545\" height=\"358\" data-src=\"https:\/\/conversesacatalunya.cat\/wp-content\/uploads\/2025\/07\/Captura-13.jpg\" class=\"attachment-large size-large wp-post-image lazyload\" alt=\"Sanidad Catalu\u00f1a\" data-srcset=\"https:\/\/conversesacatalunya.cat\/wp-content\/uploads\/2025\/07\/Captura-13.jpg 545w, https:\/\/conversesacatalunya.cat\/wp-content\/uploads\/2025\/07\/Captura-13-300x197.jpg 300w\" data-sizes=\"(max-width: 545px) 100vw, 545px\" src=\"data:image\/svg+xml;base64,PHN2ZyB3aWR0aD0iMSIgaGVpZ2h0PSIxIiB4bWxucz0iaHR0cDovL3d3dy53My5vcmcvMjAwMC9zdmciPjwvc3ZnPg==\" style=\"--smush-placeholder-width: 545px; --smush-placeholder-aspect-ratio: 545\/358;\" \/><\/a><\/div><h2 class=\"w-post-elm post_title usg_post_title_1 entry-title color_link_inherit\"><a href=\"https:\/\/conversesacatalunya.cat\/es\/sanidad-cataluna-deficit-nos-ahoga\/\">Sanidad en Catalu\u00f1a: el d\u00e9ficit que ahoga mientras se habla de \u201cfinanciaci\u00f3n singular\u201d<\/a><\/h2><time class=\"w-post-elm post_date usg_post_date_1 has_text_color entry-date published\" datetime=\"2025-07-23T10:53:38+02:00\">23 julio, 2025<\/time><div class=\"w-post-elm post_author usg_post_author_1 vcard author color_link_inherit\"><div class=\"post-author-meta\"><a href=\"https:\/\/conversesacatalunya.cat\/es\/author\/josep-miro-i-ardevol\/\" class=\"post-author-name fn\">Josep Mir\u00f3 i Ard\u00e8vol<\/a><\/div><\/div>\t\t<\/div>\r\n\t\t\t<\/article>\r\n\t<article class=\"w-grid-item size_1x1 post-90496 post type-post status-publish format-standard has-post-thumbnail hentry category-el-blog-de-josep-miro-i-ardevol-es tag-corrupcion\" data-id=\"90496\">\r\n\t\t<div class=\"w-grid-item-h\">\r\n\t\t\t\t\t\t<div class=\"w-post-elm post_image usg_post_image_1 actualitat_img stretched\"><a href=\"https:\/\/conversesacatalunya.cat\/es\/regenerar-la-politica-el-desafio-inaplazable-de-nuestra-sociedad-civil\/\" aria-label=\"Regenerar la pol\u00edtica: el desaf\u00edo inaplazable de nuestra  sociedad civil\"><img decoding=\"async\" width=\"551\" height=\"569\" data-src=\"https:\/\/conversesacatalunya.cat\/wp-content\/uploads\/2025\/07\/regeneracion-politica.jpg\" class=\"attachment-large size-large wp-post-image lazyload\" alt=\"Regeneraci\u00f3n pol\u00edtica Espa\u00f1a\" data-srcset=\"https:\/\/conversesacatalunya.cat\/wp-content\/uploads\/2025\/07\/regeneracion-politica.jpg 551w, https:\/\/conversesacatalunya.cat\/wp-content\/uploads\/2025\/07\/regeneracion-politica-291x300.jpg 291w\" data-sizes=\"(max-width: 551px) 100vw, 551px\" src=\"data:image\/svg+xml;base64,PHN2ZyB3aWR0aD0iMSIgaGVpZ2h0PSIxIiB4bWxucz0iaHR0cDovL3d3dy53My5vcmcvMjAwMC9zdmciPjwvc3ZnPg==\" style=\"--smush-placeholder-width: 551px; --smush-placeholder-aspect-ratio: 551\/569;\" \/><\/a><\/div><h2 class=\"w-post-elm post_title usg_post_title_1 entry-title color_link_inherit\"><a href=\"https:\/\/conversesacatalunya.cat\/es\/regenerar-la-politica-el-desafio-inaplazable-de-nuestra-sociedad-civil\/\">Regenerar la pol\u00edtica: el desaf\u00edo inaplazable de nuestra  sociedad civil<\/a><\/h2><time class=\"w-post-elm post_date usg_post_date_1 has_text_color entry-date published\" datetime=\"2025-07-17T12:48:52+02:00\">17 julio, 2025<\/time><div class=\"w-post-elm post_author usg_post_author_1 vcard author color_link_inherit\"><div class=\"post-author-meta\"><a href=\"https:\/\/conversesacatalunya.cat\/es\/author\/josep-miro-i-ardevol\/\" class=\"post-author-name fn\">Josep Mir\u00f3 i Ard\u00e8vol<\/a><\/div><\/div>\t\t<\/div>\r\n\t\t\t<\/article>\r\n\t<article class=\"w-grid-item size_1x1 post-90266 post type-post status-publish format-standard has-post-thumbnail hentry category-el-blog-de-josep-miro-i-ardevol-es tag-aborto tag-ley-aborto\" data-id=\"90266\">\r\n\t\t<div class=\"w-grid-item-h\">\r\n\t\t\t\t\t\t<div class=\"w-post-elm post_image usg_post_image_1 actualitat_img stretched\"><a href=\"https:\/\/conversesacatalunya.cat\/es\/cataluna-lidera-el-aborto-en-espana\/\" aria-label=\"Catalu\u00f1a lidera el aborto en Espa\u00f1a: una tragedia demogr\u00e1fica y econ\u00f3mica\"><img decoding=\"async\" width=\"640\" height=\"427\" data-src=\"https:\/\/conversesacatalunya.cat\/wp-content\/uploads\/2025\/07\/woman-5857738_640.jpg\" class=\"attachment-large size-large wp-post-image lazyload\" alt=\"aborto en Catalu\u00f1a\" data-srcset=\"https:\/\/conversesacatalunya.cat\/wp-content\/uploads\/2025\/07\/woman-5857738_640.jpg 640w, https:\/\/conversesacatalunya.cat\/wp-content\/uploads\/2025\/07\/woman-5857738_640-300x200.jpg 300w\" data-sizes=\"(max-width: 640px) 100vw, 640px\" src=\"data:image\/svg+xml;base64,PHN2ZyB3aWR0aD0iMSIgaGVpZ2h0PSIxIiB4bWxucz0iaHR0cDovL3d3dy53My5vcmcvMjAwMC9zdmciPjwvc3ZnPg==\" style=\"--smush-placeholder-width: 640px; --smush-placeholder-aspect-ratio: 640\/427;\" \/><\/a><\/div><h2 class=\"w-post-elm post_title usg_post_title_1 entry-title color_link_inherit\"><a href=\"https:\/\/conversesacatalunya.cat\/es\/cataluna-lidera-el-aborto-en-espana\/\">Catalu\u00f1a lidera el aborto en Espa\u00f1a: una tragedia demogr\u00e1fica y econ\u00f3mica<\/a><\/h2><time class=\"w-post-elm post_date usg_post_date_1 has_text_color entry-date published\" datetime=\"2025-07-14T09:04:50+02:00\">14 julio, 2025<\/time><div class=\"w-post-elm post_author usg_post_author_1 vcard author color_link_inherit\"><div class=\"post-author-meta\"><a href=\"https:\/\/conversesacatalunya.cat\/es\/author\/josep-miro-i-ardevol\/\" class=\"post-author-name fn\">Josep Mir\u00f3 i Ard\u00e8vol<\/a><\/div><\/div>\t\t<\/div>\r\n\t\t\t<\/article>\r\n\t<article class=\"w-grid-item size_1x1 post-89981 post type-post status-publish format-standard has-post-thumbnail hentry category-el-blog-de-josep-miro-i-ardevol-es tag-incendios\" data-id=\"89981\">\r\n\t\t<div class=\"w-grid-item-h\">\r\n\t\t\t\t\t\t<div class=\"w-post-elm post_image usg_post_image_1 actualitat_img stretched\"><a href=\"https:\/\/conversesacatalunya.cat\/es\/incendio-en-la-segarra-causas-victimas-foc-verd\/\" aria-label=\"Cuando el foco se hace frente: la tragedia del gran incendio de la Segarra y el olvido estrat\u00e9gico de Catalu\u00f1a\"><img decoding=\"async\" width=\"574\" height=\"453\" data-src=\"https:\/\/conversesacatalunya.cat\/wp-content\/uploads\/2025\/07\/Imagen1-1.jpg\" class=\"attachment-large size-large wp-post-image lazyload\" alt=\"incendio Segarra Foc Verd\" data-srcset=\"https:\/\/conversesacatalunya.cat\/wp-content\/uploads\/2025\/07\/Imagen1-1.jpg 574w, https:\/\/conversesacatalunya.cat\/wp-content\/uploads\/2025\/07\/Imagen1-1-300x237.jpg 300w\" data-sizes=\"(max-width: 574px) 100vw, 574px\" src=\"data:image\/svg+xml;base64,PHN2ZyB3aWR0aD0iMSIgaGVpZ2h0PSIxIiB4bWxucz0iaHR0cDovL3d3dy53My5vcmcvMjAwMC9zdmciPjwvc3ZnPg==\" style=\"--smush-placeholder-width: 574px; --smush-placeholder-aspect-ratio: 574\/453;\" \/><\/a><\/div><h2 class=\"w-post-elm post_title usg_post_title_1 entry-title color_link_inherit\"><a href=\"https:\/\/conversesacatalunya.cat\/es\/incendio-en-la-segarra-causas-victimas-foc-verd\/\">Cuando el foco se hace frente: la tragedia del gran incendio de la Segarra y el olvido estrat\u00e9gico de Catalu\u00f1a<\/a><\/h2><time class=\"w-post-elm post_date usg_post_date_1 has_text_color entry-date published\" datetime=\"2025-07-03T12:17:13+02:00\">3 julio, 2025<\/time><div class=\"w-post-elm post_author usg_post_author_1 vcard author color_link_inherit\"><div class=\"post-author-meta\"><a href=\"https:\/\/conversesacatalunya.cat\/es\/author\/josep-miro-i-ardevol\/\" class=\"post-author-name fn\">Josep Mir\u00f3 i Ard\u00e8vol<\/a><\/div><\/div>\t\t<\/div>\r\n\t\t\t<\/article>\r\n\t<article class=\"w-grid-item size_1x1 post-89608 post type-post status-publish format-standard has-post-thumbnail hentry category-el-blog-de-josep-miro-i-ardevol-es tag-corrupcion\" data-id=\"89608\">\r\n\t\t<div class=\"w-grid-item-h\">\r\n\t\t\t\t\t\t<div class=\"w-post-elm post_image usg_post_image_1 actualitat_img stretched\"><a href=\"https:\/\/conversesacatalunya.cat\/es\/la-crisis-de-la-corrupcion-espanola-es-la-virtud-estupidos\/\" aria-label=\"La crisis de la corrupci\u00f3n espa\u00f1ola: \u00a1Es la virtud, est\u00fapidos!\"><img decoding=\"async\" width=\"640\" height=\"427\" data-src=\"https:\/\/conversesacatalunya.cat\/wp-content\/uploads\/2025\/06\/scrabble-4957948_640.jpg\" class=\"attachment-large size-large wp-post-image lazyload\" alt=\"corrupci\u00f3n pol\u00edtica\" data-srcset=\"https:\/\/conversesacatalunya.cat\/wp-content\/uploads\/2025\/06\/scrabble-4957948_640.jpg 640w, https:\/\/conversesacatalunya.cat\/wp-content\/uploads\/2025\/06\/scrabble-4957948_640-300x200.jpg 300w\" data-sizes=\"(max-width: 640px) 100vw, 640px\" src=\"data:image\/svg+xml;base64,PHN2ZyB3aWR0aD0iMSIgaGVpZ2h0PSIxIiB4bWxucz0iaHR0cDovL3d3dy53My5vcmcvMjAwMC9zdmciPjwvc3ZnPg==\" style=\"--smush-placeholder-width: 640px; --smush-placeholder-aspect-ratio: 640\/427;\" \/><\/a><\/div><h2 class=\"w-post-elm post_title usg_post_title_1 entry-title color_link_inherit\"><a href=\"https:\/\/conversesacatalunya.cat\/es\/la-crisis-de-la-corrupcion-espanola-es-la-virtud-estupidos\/\">La crisis de la corrupci\u00f3n espa\u00f1ola: \u00a1Es la virtud, est\u00fapidos!<\/a><\/h2><time class=\"w-post-elm post_date usg_post_date_1 has_text_color entry-date published\" datetime=\"2025-06-19T11:37:25+02:00\">19 junio, 2025<\/time><div class=\"w-post-elm post_author usg_post_author_1 vcard author color_link_inherit\"><div class=\"post-author-meta\"><a href=\"https:\/\/conversesacatalunya.cat\/es\/author\/josep-miro-i-ardevol\/\" class=\"post-author-name fn\">Josep Mir\u00f3 i Ard\u00e8vol<\/a><\/div><\/div>\t\t<\/div>\r\n\t\t\t<\/article>\r\n\t<article class=\"w-grid-item size_1x1 post-89062 post type-post status-publish format-standard has-post-thumbnail hentry category-el-blog-de-josep-miro-i-ardevol-es tag-escuela-concertada\" data-id=\"89062\">\r\n\t\t<div class=\"w-grid-item-h\">\r\n\t\t\t\t\t\t<div class=\"w-post-elm post_image usg_post_image_1 actualitat_img stretched\"><a href=\"https:\/\/conversesacatalunya.cat\/es\/contra-la-escuela-concertada-cataluna\/\" aria-label=\"La suicida fijaci\u00f3n contra la escuela concertada en Catalu\u00f1a\"><img decoding=\"async\" width=\"640\" height=\"427\" data-src=\"https:\/\/conversesacatalunya.cat\/wp-content\/uploads\/2025\/06\/to-write-4559278_640.jpg\" class=\"attachment-large size-large wp-post-image lazyload\" alt=\"escuela concertada Catalu\u00f1a\" data-srcset=\"https:\/\/conversesacatalunya.cat\/wp-content\/uploads\/2025\/06\/to-write-4559278_640.jpg 640w, https:\/\/conversesacatalunya.cat\/wp-content\/uploads\/2025\/06\/to-write-4559278_640-300x200.jpg 300w\" data-sizes=\"(max-width: 640px) 100vw, 640px\" src=\"data:image\/svg+xml;base64,PHN2ZyB3aWR0aD0iMSIgaGVpZ2h0PSIxIiB4bWxucz0iaHR0cDovL3d3dy53My5vcmcvMjAwMC9zdmciPjwvc3ZnPg==\" style=\"--smush-placeholder-width: 640px; --smush-placeholder-aspect-ratio: 640\/427;\" \/><\/a><\/div><h2 class=\"w-post-elm post_title usg_post_title_1 entry-title color_link_inherit\"><a href=\"https:\/\/conversesacatalunya.cat\/es\/contra-la-escuela-concertada-cataluna\/\">La suicida fijaci\u00f3n contra la escuela concertada en Catalu\u00f1a<\/a><\/h2><time class=\"w-post-elm post_date usg_post_date_1 has_text_color entry-date published\" datetime=\"2025-06-02T12:14:04+02:00\">2 junio, 2025<\/time><div class=\"w-post-elm post_author usg_post_author_1 vcard author color_link_inherit\"><div class=\"post-author-meta\"><a href=\"https:\/\/conversesacatalunya.cat\/es\/author\/josep-miro-i-ardevol\/\" class=\"post-author-name fn\">Josep Mir\u00f3 i Ard\u00e8vol<\/a><\/div><\/div>\t\t<\/div>\r\n\t\t\t<\/article>\r\n\t<article class=\"w-grid-item size_1x1 post-87998 post type-post status-publish format-standard has-post-thumbnail hentry category-el-blog-de-josep-miro-i-ardevol-es tag-bien-comun tag-humanismo tag-maritain-es tag-sociedad\" data-id=\"87998\">\r\n\t\t<div class=\"w-grid-item-h\">\r\n\t\t\t\t\t\t<div class=\"w-post-elm post_image usg_post_image_1 actualitat_img stretched\"><a href=\"https:\/\/conversesacatalunya.cat\/es\/sociedad-civil-frente-estatismo-contemporanio\/\" aria-label=\"\u00bf\u00bbEstado salvador\u00bb o sociedad viva? Sociedad civil frente al estatismo contempor\u00e1neo\"><img decoding=\"async\" width=\"640\" height=\"485\" data-src=\"https:\/\/conversesacatalunya.cat\/wp-content\/uploads\/2025\/05\/young-woman-1034421_640.jpg\" class=\"attachment-large size-large wp-post-image lazyload\" alt=\"Maritain humanismo\" data-srcset=\"https:\/\/conversesacatalunya.cat\/wp-content\/uploads\/2025\/05\/young-woman-1034421_640.jpg 640w, https:\/\/conversesacatalunya.cat\/wp-content\/uploads\/2025\/05\/young-woman-1034421_640-300x227.jpg 300w\" data-sizes=\"(max-width: 640px) 100vw, 640px\" src=\"data:image\/svg+xml;base64,PHN2ZyB3aWR0aD0iMSIgaGVpZ2h0PSIxIiB4bWxucz0iaHR0cDovL3d3dy53My5vcmcvMjAwMC9zdmciPjwvc3ZnPg==\" style=\"--smush-placeholder-width: 640px; --smush-placeholder-aspect-ratio: 640\/485;\" \/><\/a><\/div><h2 class=\"w-post-elm post_title usg_post_title_1 entry-title color_link_inherit\"><a href=\"https:\/\/conversesacatalunya.cat\/es\/sociedad-civil-frente-estatismo-contemporanio\/\">\u00bf\u00bbEstado salvador\u00bb o sociedad viva? Sociedad civil frente al estatismo contempor\u00e1neo<\/a><\/h2><time class=\"w-post-elm post_date usg_post_date_1 has_text_color entry-date published\" datetime=\"2025-05-02T06:56:42+02:00\">2 mayo, 2025<\/time><div class=\"w-post-elm post_author usg_post_author_1 vcard author color_link_inherit\"><div class=\"post-author-meta\"><a href=\"https:\/\/conversesacatalunya.cat\/es\/author\/josep-miro-i-ardevol\/\" class=\"post-author-name fn\">Josep Mir\u00f3 i Ard\u00e8vol<\/a><\/div><\/div>\t\t<\/div>\r\n\t\t\t<\/article>\r\n\t<article class=\"w-grid-item size_1x1 post-87359 post type-post status-publish format-standard has-post-thumbnail hentry category-el-blog-de-josep-miro-i-ardevol-es category-punts-claus-del-dia-es tag-crisi-europea-es tag-crisis-europea\" data-id=\"87359\">\r\n\t\t<div class=\"w-grid-item-h\">\r\n\t\t\t\t\t\t<div class=\"w-post-elm post_image usg_post_image_1 actualitat_img stretched\"><a href=\"https:\/\/conversesacatalunya.cat\/es\/europa-y-su-crisis-moral-o-como-perder-el-alma-y-no-darse-cuenta\/\" aria-label=\"Europa y su crisis moral: o c\u00f3mo perder el alma y no darse cuenta\"><img decoding=\"async\" width=\"640\" height=\"427\" data-src=\"https:\/\/conversesacatalunya.cat\/wp-content\/uploads\/2025\/04\/Europa-crisi-moral.jpg\" class=\"attachment-large size-large wp-post-image lazyload\" alt=\"Europa crisis moral\" data-srcset=\"https:\/\/conversesacatalunya.cat\/wp-content\/uploads\/2025\/04\/Europa-crisi-moral.jpg 640w, https:\/\/conversesacatalunya.cat\/wp-content\/uploads\/2025\/04\/Europa-crisi-moral-300x200.jpg 300w\" data-sizes=\"(max-width: 640px) 100vw, 640px\" src=\"data:image\/svg+xml;base64,PHN2ZyB3aWR0aD0iMSIgaGVpZ2h0PSIxIiB4bWxucz0iaHR0cDovL3d3dy53My5vcmcvMjAwMC9zdmciPjwvc3ZnPg==\" style=\"--smush-placeholder-width: 640px; --smush-placeholder-aspect-ratio: 640\/427;\" \/><\/a><\/div><h2 class=\"w-post-elm post_title usg_post_title_1 entry-title color_link_inherit\"><a href=\"https:\/\/conversesacatalunya.cat\/es\/europa-y-su-crisis-moral-o-como-perder-el-alma-y-no-darse-cuenta\/\">Europa y su crisis moral: o c\u00f3mo perder el alma y no darse cuenta<\/a><\/h2><time class=\"w-post-elm post_date usg_post_date_1 has_text_color entry-date published\" datetime=\"2025-04-11T10:00:52+02:00\">11 abril, 2025<\/time><div class=\"w-post-elm post_author usg_post_author_1 vcard author color_link_inherit\"><div class=\"post-author-meta\"><a href=\"https:\/\/conversesacatalunya.cat\/es\/author\/josep-miro-i-ardevol\/\" class=\"post-author-name fn\">Josep Mir\u00f3 i Ard\u00e8vol<\/a><\/div><\/div>\t\t<\/div>\r\n\t\t\t<\/article>\r\n\t<article class=\"w-grid-item size_1x1 post-86519 post type-post status-publish format-standard has-post-thumbnail hentry category-el-blog-de-josep-miro-i-ardevol-es tag-catalunya-es\" data-id=\"86519\">\r\n\t\t<div class=\"w-grid-item-h\">\r\n\t\t\t\t\t\t<div class=\"w-post-elm post_image usg_post_image_1 actualitat_img stretched\"><a href=\"https:\/\/conversesacatalunya.cat\/es\/cataluna-necesita-ser-reparada\/\" aria-label=\"Catalu\u00f1a necesita ser reparada: reconstruir, compensar y garantizar el futuro\"><img decoding=\"async\" width=\"640\" height=\"427\" data-src=\"https:\/\/conversesacatalunya.cat\/wp-content\/uploads\/2025\/03\/barcelona-4278077_640.jpg\" class=\"attachment-large size-large wp-post-image lazyload\" alt=\"Catalunya ser reparada\" data-srcset=\"https:\/\/conversesacatalunya.cat\/wp-content\/uploads\/2025\/03\/barcelona-4278077_640.jpg 640w, https:\/\/conversesacatalunya.cat\/wp-content\/uploads\/2025\/03\/barcelona-4278077_640-300x200.jpg 300w\" data-sizes=\"(max-width: 640px) 100vw, 640px\" src=\"data:image\/svg+xml;base64,PHN2ZyB3aWR0aD0iMSIgaGVpZ2h0PSIxIiB4bWxucz0iaHR0cDovL3d3dy53My5vcmcvMjAwMC9zdmciPjwvc3ZnPg==\" style=\"--smush-placeholder-width: 640px; --smush-placeholder-aspect-ratio: 640\/427;\" \/><\/a><\/div><h2 class=\"w-post-elm post_title usg_post_title_1 entry-title color_link_inherit\"><a href=\"https:\/\/conversesacatalunya.cat\/es\/cataluna-necesita-ser-reparada\/\">Catalu\u00f1a necesita ser reparada: reconstruir, compensar y garantizar el futuro<\/a><\/h2><time class=\"w-post-elm post_date usg_post_date_1 has_text_color entry-date published\" datetime=\"2025-03-21T09:00:56+01:00\">21 marzo, 2025<\/time><div class=\"w-post-elm post_author usg_post_author_1 vcard author color_link_inherit\"><div class=\"post-author-meta\"><a href=\"https:\/\/conversesacatalunya.cat\/es\/author\/josep-miro-i-ardevol\/\" class=\"post-author-name fn\">Josep Mir\u00f3 i Ard\u00e8vol<\/a><\/div><\/div>\t\t<\/div>\r\n\t\t\t<\/article>\r\n\t<article class=\"w-grid-item size_1x1 post-85938 post type-post status-publish format-standard has-post-thumbnail hentry category-el-blog-de-josep-miro-i-ardevol-es category-punts-claus-del-dia-es tag-jordi-pujol-es\" data-id=\"85938\">\r\n\t\t<div class=\"w-grid-item-h\">\r\n\t\t\t\t\t\t<div class=\"w-post-elm post_image usg_post_image_1 actualitat_img stretched\"><a href=\"https:\/\/conversesacatalunya.cat\/es\/la-pelicula-sobre-jordi-pujol\/\" aria-label=\"Catalu\u00f1a, el pueblo que se destruye a s\u00ed mismo: ahora, la pel\u00edcula sobre Jordi Pujol\"><img decoding=\"async\" width=\"491\" height=\"305\" data-src=\"https:\/\/conversesacatalunya.cat\/wp-content\/uploads\/2025\/02\/pelicula-Jordi-Pujol.jpg\" class=\"attachment-large size-large wp-post-image lazyload\" alt=\"pel.l\u00edcula Jordi Pujol\" data-srcset=\"https:\/\/conversesacatalunya.cat\/wp-content\/uploads\/2025\/02\/pelicula-Jordi-Pujol.jpg 491w, https:\/\/conversesacatalunya.cat\/wp-content\/uploads\/2025\/02\/pelicula-Jordi-Pujol-300x186.jpg 300w\" data-sizes=\"(max-width: 491px) 100vw, 491px\" src=\"data:image\/svg+xml;base64,PHN2ZyB3aWR0aD0iMSIgaGVpZ2h0PSIxIiB4bWxucz0iaHR0cDovL3d3dy53My5vcmcvMjAwMC9zdmciPjwvc3ZnPg==\" style=\"--smush-placeholder-width: 491px; --smush-placeholder-aspect-ratio: 491\/305;\" \/><\/a><\/div><h2 class=\"w-post-elm post_title usg_post_title_1 entry-title color_link_inherit\"><a href=\"https:\/\/conversesacatalunya.cat\/es\/la-pelicula-sobre-jordi-pujol\/\">Catalu\u00f1a, el pueblo que se destruye a s\u00ed mismo: ahora, la pel\u00edcula sobre Jordi Pujol<\/a><\/h2><time class=\"w-post-elm post_date usg_post_date_1 has_text_color entry-date published\" datetime=\"2025-02-26T11:36:12+01:00\">26 febrero, 2025<\/time><div class=\"w-post-elm post_author usg_post_author_1 vcard author color_link_inherit\"><div class=\"post-author-meta\"><a href=\"https:\/\/conversesacatalunya.cat\/es\/author\/josep-miro-i-ardevol\/\" class=\"post-author-name fn\">Josep Mir\u00f3 i Ard\u00e8vol<\/a><\/div><\/div>\t\t<\/div>\r\n\t\t\t<\/article>\r\n\t<article class=\"w-grid-item size_1x1 post-85914 post type-post status-publish format-standard has-post-thumbnail hentry category-el-blog-de-josep-miro-i-ardevol-es category-punts-claus-del-dia-es tag-derecha-alternativa tag-donald-trump-es tag-dreta-alternativa-es\" data-id=\"85914\">\r\n\t\t<div class=\"w-grid-item-h\">\r\n\t\t\t\t\t\t<div class=\"w-post-elm post_image usg_post_image_1 actualitat_img stretched\"><a href=\"https:\/\/conversesacatalunya.cat\/es\/una-vision-alternativa-del-trumpismo-y-la-nueva-derecha-europea\/\" aria-label=\"Una visi\u00f3n alternativa del trumpismo y la nueva derecha europea\"><img decoding=\"async\" width=\"488\" height=\"298\" data-src=\"https:\/\/conversesacatalunya.cat\/wp-content\/uploads\/2025\/02\/Trump1-1.jpg\" class=\"attachment-large size-large wp-post-image lazyload\" alt=\"Trump i dreta europea\" data-srcset=\"https:\/\/conversesacatalunya.cat\/wp-content\/uploads\/2025\/02\/Trump1-1.jpg 488w, https:\/\/conversesacatalunya.cat\/wp-content\/uploads\/2025\/02\/Trump1-1-300x183.jpg 300w\" data-sizes=\"(max-width: 488px) 100vw, 488px\" src=\"data:image\/svg+xml;base64,PHN2ZyB3aWR0aD0iMSIgaGVpZ2h0PSIxIiB4bWxucz0iaHR0cDovL3d3dy53My5vcmcvMjAwMC9zdmciPjwvc3ZnPg==\" style=\"--smush-placeholder-width: 488px; --smush-placeholder-aspect-ratio: 488\/298;\" \/><\/a><\/div><h2 class=\"w-post-elm post_title usg_post_title_1 entry-title color_link_inherit\"><a href=\"https:\/\/conversesacatalunya.cat\/es\/una-vision-alternativa-del-trumpismo-y-la-nueva-derecha-europea\/\">Una visi\u00f3n alternativa del trumpismo y la nueva derecha europea<\/a><\/h2><time class=\"w-post-elm post_date usg_post_date_1 has_text_color entry-date published\" datetime=\"2025-02-25T13:06:07+01:00\">25 febrero, 2025<\/time><div class=\"w-post-elm post_author usg_post_author_1 vcard author color_link_inherit\"><div class=\"post-author-meta\"><a href=\"https:\/\/conversesacatalunya.cat\/es\/author\/josep-miro-i-ardevol\/\" class=\"post-author-name fn\">Josep Mir\u00f3 i Ard\u00e8vol<\/a><\/div><\/div>\t\t<\/div>\r\n\t\t\t<\/article>\r\n<\/div><div class=\"w-grid-preloader\">\t<div class=\"g-preloader type_1\">\r\n\t\t<div><\/div>\r\n\t<\/div>\r\n\t<\/div>\t\t\t<nav class=\"pagination navigation\" role=\"navigation\">\r\n\t\t\t\t<div class=\"nav-links\">\r\n\t\t\t\t\t<span aria-current=\"page\" class=\"page-numbers current\"><span>1<\/span><\/span>\n<a class=\"page-numbers\" href=\"https:\/\/conversesacatalunya.cat\/es\/wp-json\/wp\/v2\/pages\/27953\/page\/2\/\"><span>2<\/span><\/a>\n<a class=\"page-numbers\" href=\"https:\/\/conversesacatalunya.cat\/es\/wp-json\/wp\/v2\/pages\/27953\/page\/3\/\"><span>3<\/span><\/a>\n<a class=\"page-numbers\" href=\"https:\/\/conversesacatalunya.cat\/es\/wp-json\/wp\/v2\/pages\/27953\/page\/4\/\"><span>4<\/span><\/a>\n<span class=\"page-numbers dots\">&hellip;<\/span>\n<a class=\"page-numbers\" href=\"https:\/\/conversesacatalunya.cat\/es\/wp-json\/wp\/v2\/pages\/27953\/page\/8\/\"><span>8<\/span><\/a>\n<a class=\"next page-numbers\" href=\"https:\/\/conversesacatalunya.cat\/es\/wp-json\/wp\/v2\/pages\/27953\/page\/2\/\"><span>Siguiente<\/span><\/a>\t\t\t\t<\/div>\r\n\t\t\t<\/nav>\r\n\t\t\t\t<div class=\"w-grid-json hidden\" onclick='return {&quot;action&quot;:&quot;us_ajax_grid&quot;,&quot;infinite_scroll&quot;:0,&quot;max_num_pages&quot;:8,&quot;pagination&quot;:&quot;regular&quot;,&quot;template_vars&quot;:{&quot;columns&quot;:&quot;3&quot;,&quot;exclude_items&quot;:&quot;none&quot;,&quot;img_size&quot;:&quot;default&quot;,&quot;ignore_items_size&quot;:0,&quot;items_layout&quot;:&quot;28091&quot;,&quot;items_offset&quot;:&quot;1&quot;,&quot;load_animation&quot;:&quot;none&quot;,&quot;overriding_link&quot;:&quot;{\\&quot;url\\&quot;:\\&quot;\\&quot;}&quot;,&quot;post_id&quot;:0,&quot;query_args&quot;:{&quot;post_type&quot;:[&quot;post&quot;],&quot;tax_query&quot;:[{&quot;taxonomy&quot;:&quot;category&quot;,&quot;field&quot;:&quot;slug&quot;,&quot;terms&quot;:[&quot;el-blog-de-josep-miro-i-ardevol-es&quot;]}],&quot;post_status&quot;:[&quot;publish&quot;],&quot;posts_per_page&quot;:&quot;30&quot;},&quot;orderby_query_args&quot;:{&quot;orderby&quot;:{&quot;date&quot;:&quot;DESC&quot;}},&quot;type&quot;:&quot;grid&quot;,&quot;us_grid_post_type&quot;:&quot;post&quot;,&quot;us_grid_ajax_index&quot;:1,&quot;us_grid_filter_query_string&quot;:null,&quot;us_grid_index&quot;:1,&quot;page_args&quot;:[],&quot;lang&quot;:&quot;es&quot;}}'><\/div>\r\n\t<\/div><\/div><\/div><\/div><div class=\"vc_col-sm-4 wpb_column vc_column_container\"><div class=\"vc_column-inner\"><div class=\"wpb_wrapper\"><div class=\"wpb_widgetised_column wpb_content_element\"><div class=\"wpb_wrapper\"><div id=\"block-6\" class=\"widget widget_block\"><div class=\"a-single a-12\"><!-- Banner est\u00e1ndar -->\r\n<!-- Banner est\u00e1ndar -->\r\n<a class=\"gofollow\" data-track=\"MTIsMCw2MA==\" href=\"https:\/\/www.aiguesdebarcelona.cat\/es\/\" rel=\"nofollow\" target=\"_blank\"><img decoding=\"async\" data-src=\"https:\/\/conversesacatalunya.cat\/wp-content\/uploads\/2023\/06\/Banner_QdA_300x250_ES.jpg\" src=\"data:image\/svg+xml;base64,PHN2ZyB3aWR0aD0iMSIgaGVpZ2h0PSIxIiB4bWxucz0iaHR0cDovL3d3dy53My5vcmcvMjAwMC9zdmciPjwvc3ZnPg==\" class=\"lazyload\" style=\"--smush-placeholder-width: 300px; --smush-placeholder-aspect-ratio: 300\/250;\"><\/a><\/div>\n<\/div><div id=\"block-5\" class=\"widget widget_block\"><p><!-- Error, \u00a1el anuncio no est\u00e1 disponible en este momento debido a restricciones de programaci\u00f3n\/geolocalizaci\u00f3n! --><\/p>\n<\/div><div id=\"block-7\" class=\"widget widget_block\"><p><!-- Error, \u00a1el anuncio no est\u00e1 disponible en este momento debido a restricciones de programaci\u00f3n\/geolocalizaci\u00f3n! --><\/p>\n<\/div><div id=\"text-19\" class=\"widget widget_text\">\t\t\t<div class=\"textwidget\"><div class=\"desc-autor\"><img decoding=\"async\" data-src=\"https:\/\/conversesacatalunya.cat\/wp-content\/uploads\/2019\/05\/fotovictor2010.jpg\" src=\"data:image\/svg+xml;base64,PHN2ZyB3aWR0aD0iMSIgaGVpZ2h0PSIxIiB4bWxucz0iaHR0cDovL3d3dy53My5vcmcvMjAwMC9zdmciPjwvc3ZnPg==\" class=\"lazyload\" style=\"--smush-placeholder-width: 2136px; --smush-placeholder-aspect-ratio: 2136\/3216;\" \/><b>V\u00edctor Pou<\/b> es doctor en derecho y licenciado en ciencias econ\u00f3micas por la Universitat de Barcelona, MBA por la IESE Business School de la Universidad de Navarra y Graduado en Integraci\u00f3n Europea por la Universidad de \u00c1msterdam. Es profesor del IESE Business School y de la Universidad Internacional de Catalu\u00f1a (UIC). Es Socio de la consultor\u00eda TAS Europrojects (Bruselas). Ha sido Ninguno de Unidad y Consejero de Relaciones Exteriores a la Comisi\u00f3n Europea (Bruselas). Ha sido Director del Patronato Catal\u00e1n pro Europa y Director General de Adecuaci\u00f3n a las Comunidades Europeas de la Generalitat de Catalu\u00f1a.<\/div><\/div>\n\t\t<\/div><div id=\"text-31\" class=\"widget widget_text\">\t\t\t<div class=\"textwidget\"><div class=\"desc-autor\"><img decoding=\"async\" data-src=\"https:\/\/conversesacatalunya.cat\/wp-content\/uploads\/2019\/02\/Captura-de-pantalla-2019-02-18-a-las-15.39.34.png\" src=\"data:image\/svg+xml;base64,PHN2ZyB3aWR0aD0iMSIgaGVpZ2h0PSIxIiB4bWxucz0iaHR0cDovL3d3dy53My5vcmcvMjAwMC9zdmciPjwvc3ZnPg==\" class=\"lazyload\" style=\"--smush-placeholder-width: 685px; --smush-placeholder-aspect-ratio: 685\/575;\" \/><strong>Marc Mir\u00f3<\/strong> : (Barcelona 1994) soy economista por la Universitat Pompeu Fabra y m\u00e1ster en Econom\u00eda de las Pol\u00edticas P\u00fablicas. He estado representando de los estudiantes en varios \u00f3rganos de la universidad y zoco ninguna escucha. \u201cEl fin de tener la mente abierta, como el de la boca abierta, es llenarla con algo valiosa\u201d (G.K. Chesterton).<\/div><\/div>\n\t\t<\/div><div id=\"text-32\" class=\"widget widget_text\">\t\t\t<div class=\"textwidget\"><div class=\"desc-autor\"><img decoding=\"async\" data-src=\"https:\/\/conversesacatalunya.cat\/wp-content\/uploads\/2019\/02\/taG6Sd2i-2.jpg\" src=\"data:image\/svg+xml;base64,PHN2ZyB3aWR0aD0iMSIgaGVpZ2h0PSIxIiB4bWxucz0iaHR0cDovL3d3dy53My5vcmcvMjAwMC9zdmciPjwvc3ZnPg==\" class=\"lazyload\" style=\"--smush-placeholder-width: 512px; --smush-placeholder-aspect-ratio: 512\/512;\" \/><strong>Josep Mir\u00f3 y Ard\u00e8vol<\/strong>: Lo m\u00e1s importante que he hecho en mi vida es casarme con Muntsa, tener hijos, Marc y Josep y, pero eso ya es una feliz derivada, una nieta, Anna. Lo m\u00e1s grande que me ha sucedido es haber dispuesto del don de la fe. A partir de ah\u00ed, todo lo dem\u00e1s son consecuencias o complementos.<\/div><\/div>\n\t\t<\/div><div id=\"text-33\" class=\"widget widget_text\">\t\t\t<div class=\"textwidget\"><div class=\"desc-autor\"><img decoding=\"async\" data-src=\"https:\/\/conversesacatalunya.cat\/wp-content\/uploads\/2019\/02\/Fra-Valenti-Serra.jpg\" src=\"data:image\/svg+xml;base64,PHN2ZyB3aWR0aD0iMSIgaGVpZ2h0PSIxIiB4bWxucz0iaHR0cDovL3d3dy53My5vcmcvMjAwMC9zdmciPjwvc3ZnPg==\" class=\"lazyload\" style=\"--smush-placeholder-width: 300px; --smush-placeholder-aspect-ratio: 300\/300;\" \/><strong>Fray Valent\u00ed Serra de Manresa<\/strong> (Manresa, Barcelona, 1959) es un religioso capuchino y sacerdote que profesa la Regla de Sant Francesc. Se doctor\u00f3 en Historia en la Universitat de Barcelona el 1995. Desde el a\u00f1o 1987 es el archivero provincial de los capuchinos y director de la Biblioteca Hispano-Capuchina. Colaborador cient\u00edfico de la Facultad de Teolog\u00eda de Catalu\u00f1a, forma parte, a su vez, del Claustro de Doctores de la Universitat de Barcelona. Destaca por su producci\u00f3n acad\u00e9mica, pero la mayor notoriedad lo ha logrado por sus conocimientos y divulgaci\u00f3n de las hierbas medicinales y la tradicional sabidur\u00eda de los monasterios en relaci\u00f3n a la alimentaci\u00f3n saludable. Actualmente reside en el convento de los Capuchinos de Sarri\u00e1 (Barcelona).<\/div><\/div>\n\t\t<\/div><div id=\"text-34\" class=\"widget widget_text\">\t\t\t<div class=\"textwidget\"><div class=\"desc-autor\"><img decoding=\"async\" data-src=\"https:\/\/conversesacatalunya.cat\/wp-content\/uploads\/2019\/02\/Carlos-Losada-img.jpg\" src=\"data:image\/svg+xml;base64,PHN2ZyB3aWR0aD0iMSIgaGVpZ2h0PSIxIiB4bWxucz0iaHR0cDovL3d3dy53My5vcmcvMjAwMC9zdmciPjwvc3ZnPg==\" class=\"lazyload\" style=\"--smush-placeholder-width: 250px; --smush-placeholder-aspect-ratio: 250\/250;\" \/><strong>Carlos Losada<\/strong> Doctor en Ciencias de la Gesti\u00f3n (PhD in Management Sciences) por la Universitat Ramon Llull. Licenciado en Direcci\u00f3n y Administraci\u00f3n de Empresas y M\u00e1ster en Administraci\u00f3n y Direcci\u00f3n de Empresas por ESADE. Licenciado en Derecho por la Universitat de Barcelona. Diplomado por la JFK School of Government (Harvard University) .\r\nInici\u00f3 su carrera en el sector privado. Ha ejercido varios lugares de direcci\u00f3n, tanto t\u00e9cnica como pol\u00edtica , a la Generalitat de Catalu\u00f1a . Ha trabajado en varias instituciones multilaterales. En 2000, se reincorpora a ESADE como director general , cargo que ejerce hasta el a\u00f1o 2010. Durante este periodo, es miembro de varios consejos de administraci\u00f3n y \u00f3rganos de gobierno.\r\nActualmente, compagina su actividad acad\u00e9mica con la pertenencia a varios \u00f3rganos de gobierno. Es Miembro del grupo de reflexi\u00f3n Construimos.<\/div><\/div>\n\t\t<\/div><div id=\"text-41\" class=\"widget widget_text\">\t\t\t<div class=\"textwidget\"><div class=\"desc-autor\"><img decoding=\"async\" data-src=\"https:\/\/conversesacatalunya.cat\/wp-content\/uploads\/2020\/05\/MARGENAT-02.jpg\" src=\"data:image\/svg+xml;base64,PHN2ZyB3aWR0aD0iMSIgaGVpZ2h0PSIxIiB4bWxucz0iaHR0cDovL3d3dy53My5vcmcvMjAwMC9zdmciPjwvc3ZnPg==\" class=\"lazyload\" style=\"--smush-placeholder-width: 2032px; --smush-placeholder-aspect-ratio: 2032\/1354;\" \/><strong>Josep M. Margenat<\/strong> Jesuita, trabaja en Cristianismo y Justicia (Barcelona) y en el Centro Internacional de Espiritualidad de Manresa. Profesor titular de Filosof\u00eda social en la Universidad Loyola Andaluc\u00eda.<\/div><\/div>\n\t\t<\/div><div id=\"text-35\" class=\"widget widget_text\">\t\t\t<div class=\"textwidget\"><div class=\"desc-autor\"><img decoding=\"async\" data-src=\"https:\/\/conversesacatalunya.cat\/wp-content\/uploads\/2019\/02\/Antoni-Duran.jpg\" src=\"data:image\/svg+xml;base64,PHN2ZyB3aWR0aD0iMSIgaGVpZ2h0PSIxIiB4bWxucz0iaHR0cDovL3d3dy53My5vcmcvMjAwMC9zdmciPjwvc3ZnPg==\" class=\"lazyload\" style=\"--smush-placeholder-width: 250px; --smush-placeholder-aspect-ratio: 250\/250;\" \/><strong>Antoni Dur\u00e1n-Sindreu<\/strong> Es profesor de la UPF y socio-director de Dur\u00e1n-Sindreu, Abogados y Consultores de Empresa.<\/div><\/div>\n\t\t<\/div><div id=\"text-36\" class=\"widget widget_text\">\t\t\t<div class=\"textwidget\"><div class=\"desc-autor\"><img decoding=\"async\" data-src=\"https:\/\/conversesacatalunya.cat\/wp-content\/uploads\/2019\/02\/Josep-Manuel-Silva.jpg\" src=\"data:image\/svg+xml;base64,PHN2ZyB3aWR0aD0iMSIgaGVpZ2h0PSIxIiB4bWxucz0iaHR0cDovL3d3dy53My5vcmcvMjAwMC9zdmciPjwvc3ZnPg==\" class=\"lazyload\" style=\"--smush-placeholder-width: 226px; --smush-placeholder-aspect-ratio: 226\/226;\" \/><strong>Josep Manuel Silva<\/strong> (Barcelona, 1961) es abogado y periodista y profesor asociado del Departamento de Periodismo de la Facultad de Ciencias de Comunicaci\u00f3n de la Universitat Aut\u00f2noma de Barcelona. Colabora con varios medios de comunicaci\u00f3n y form\u00f3 parte del Consejo de Administraci\u00f3n de RTVE. Actualmente es miembro del Consejo de Administraci\u00f3n de Cugat.cat. y vocal de la Plataforma Construim.<\/div><\/div>\n\t\t<\/div><div id=\"text-37\" class=\"widget widget_text\">\t\t\t<div class=\"textwidget\"><div class=\"desc-autor\"><img decoding=\"async\" data-src=\"https:\/\/conversesacatalunya.cat\/wp-content\/uploads\/2019\/02\/simo-aliana.jpg\" src=\"data:image\/svg+xml;base64,PHN2ZyB3aWR0aD0iMSIgaGVpZ2h0PSIxIiB4bWxucz0iaHR0cDovL3d3dy53My5vcmcvMjAwMC9zdmciPjwvc3ZnPg==\" class=\"lazyload\" style=\"--smush-placeholder-width: 256px; --smush-placeholder-aspect-ratio: 256\/256;\" \/><strong>Sim\u00f3 Aliana<\/strong> (Almenar -Lleida-, 1947). Graduado por UB en Pedagog\u00eda, UAB en Econom\u00eda y MIT en Management. Ha trabajado en diferentes lugares de responsabilidad en el sector p\u00fablico y en el sector privado. Actualmente jubilado.<\/div><\/div>\n\t\t<\/div><div id=\"text-38\" class=\"widget widget_text\">\t\t\t<div class=\"textwidget\"><div class=\"desc-autor\"><img decoding=\"async\" data-src=\"https:\/\/conversesacatalunya.cat\/wp-content\/uploads\/2019\/02\/treva-i-pau.png\" src=\"data:image\/svg+xml;base64,PHN2ZyB3aWR0aD0iMSIgaGVpZ2h0PSIxIiB4bWxucz0iaHR0cDovL3d3dy53My5vcmcvMjAwMC9zdmciPjwvc3ZnPg==\" class=\"lazyload\" style=\"--smush-placeholder-width: 220px; --smush-placeholder-aspect-ratio: 220\/220;\" \/><strong>Col\u00b7lectiu Treva i Pau<\/strong> Grupo de personas que reflexiona sobre la situaci\u00f3n social, pol\u00edtica y econ\u00f3mica: Jordi Alberich, Josep M. Bricall, Eugeni Gay, Jaume Lanaspa, Carlos Losada, J.J. L\u00f3pez Burniol, Josep Mir\u00f3 y Ard\u00e8vol, Alfredo Pastor<\/div><\/div>\n\t\t<\/div><div id=\"text-39\" class=\"widget widget_text\">\t\t\t<div class=\"textwidget\"><div class=\"desc-autor\"><img decoding=\"async\" data-src=\"https:\/\/conversesacatalunya.cat\/wp-content\/uploads\/2019\/02\/p_092.jpg\" src=\"data:image\/svg+xml;base64,PHN2ZyB3aWR0aD0iMSIgaGVpZ2h0PSIxIiB4bWxucz0iaHR0cDovL3d3dy53My5vcmcvMjAwMC9zdmciPjwvc3ZnPg==\" class=\"lazyload\" style=\"--smush-placeholder-width: 364px; --smush-placeholder-aspect-ratio: 364\/364;\" \/><strong>Alfredo Pastor<\/strong> Se licenci\u00f3 en Econom\u00eda en la Universitat de Barcelona el 1968 y se doctor\u00f3 en Econom\u00eda en el Massachusetts Institute of Technology el 1972, y el a\u00f1o siguiente en Ciencias Econ\u00f3micas en la Universitat Aut\u00f2noma de Barcelona. Ha estado director del Instituto de la Empresa Familiar, consejero del Banco de Espa\u00f1a y economista para el Banco Mundial. De 1985 a 1990 fue presidente y consejero delegado de la Empresa Nacional Hidroel\u00e9ctrica del Ribagorzana (ENHER). De 1993 a 1995 fue secretario de Estado de Econom\u00eda del Ministerio de Econom\u00eda y Hacienda. En la actualidad es profesor de Econom\u00eda y Titular de la C\u00e1tedra Banco Sabadell de Mercados Emergentes al IESE Business School de la Universidad de Navarra. Es consejero de varias empresas y organismos. El 2004 recibi\u00f3 la gran cruz de la espa\u00f1ola de la Orden del M\u00e9rito Civil. El 2011 fue galardonado con el premio Conde de God\u00f3 de Periodismo.<\/div><\/div>\n\t\t<\/div><div id=\"text-40\" class=\"widget widget_text\">\t\t\t<div class=\"textwidget\"><div class=\"desc-autor\"><img decoding=\"async\" data-src=\"https:\/\/conversesacatalunya.cat\/wp-content\/uploads\/2019\/02\/FOTO-4.jpg\" src=\"data:image\/svg+xml;base64,PHN2ZyB3aWR0aD0iMSIgaGVpZ2h0PSIxIiB4bWxucz0iaHR0cDovL3d3dy53My5vcmcvMjAwMC9zdmciPjwvc3ZnPg==\" class=\"lazyload\" style=\"--smush-placeholder-width: 473px; --smush-placeholder-aspect-ratio: 473\/575;\" \/><strong>Carles Ros y Arpa<\/strong> (Cor\u00e7\u00e0,1966). Casado y padre de dos hijos y dos hijas. Licenciado en Derecho (UB), licenciado en Ciencias Religiosas (ISCREB) y M\u00e1ster en Gesti\u00f3n Urban\u00edstica por la SE de Arquitectura (UPC). Secretario de Administraci\u00f3n Local y abogado.<\/div><\/div>\n\t\t<\/div><div id=\"custom_html-2\" class=\"widget_text widget widget_custom_html\"><div class=\"textwidget custom-html-widget\"><!--<div class=\"fb-page\" data-href=\"https:\/\/www.facebook.com\/conversesacatalunya\/\" data-tabs=\"timeline\" data-width=\"300\" data-height=\"500\" data-small-header=\"false\" data-adapt-container-width=\"true\" data-hide-cover=\"false\" data-show-facepile=\"true\"><blockquote cite=\"https:\/\/www.facebook.com\/conversesacatalunya\/\" class=\"fb-xfbml-parse-ignore\"><a href=\"https:\/\/www.facebook.com\/conversesacatalunya\/\">Converses a Catalunya<\/a><\/blockquote><\/div>--><\/div><\/div><div id=\"custom_html-3\" class=\"widget_text widget widget_custom_html\"><div class=\"textwidget custom-html-widget\"><!--<a class=\"twitter-timeline\" data-lang=\"es\" data-width=\"300\" data-height=\"500\" href=\"https:\/\/twitter.com\/conversesacat?ref_src=twsrc%5Etfw\">Tweets by conversesacat<\/a> <script async src=\"https:\/\/platform.twitter.com\/widgets.js\" charset=\"utf-8\"><\/script>--><\/div><\/div><div id=\"custom_html-4\" class=\"widget_text widget widget_custom_html\"><div class=\"textwidget custom-html-widget\"><div class=\"caja_azul\" style=\"margin: 0px !important; text-align: center; padding: 20px !important;\">\r\n\t<h3 style=\"font-weight: bold;\">\u00a1Subscriu-te!<\/h3>\r\n\n<div class=\"wpcf7 no-js\" id=\"wpcf7-f8016-o1\" lang=\"es-ES\" dir=\"ltr\" data-wpcf7-id=\"8016\">\n<div class=\"screen-reader-response\"><p role=\"status\" aria-live=\"polite\" aria-atomic=\"true\"><\/p> <ul><\/ul><\/div>\n<form action=\"\/es\/wp-json\/wp\/v2\/pages\/27953#wpcf7-f8016-o1\" method=\"post\" class=\"wpcf7-form init demo c4250577650b cmatic-conn cmatic-aud-8 cmatic-mapd0-0 cmatic-v0978 cmatic-sent-0 cmatic-total-0 wpcf7-acceptance-as-validation\" aria-label=\"Formulario de contacto\" novalidate=\"novalidate\" data-status=\"init\">\n<fieldset class=\"hidden-fields-container\"><input type=\"hidden\" name=\"_wpcf7\" value=\"8016\" \/><input type=\"hidden\" name=\"_wpcf7_version\" value=\"6.1.5\" \/><input type=\"hidden\" name=\"_wpcf7_locale\" value=\"es_ES\" \/><input type=\"hidden\" name=\"_wpcf7_unit_tag\" value=\"wpcf7-f8016-o1\" \/><input type=\"hidden\" name=\"_wpcf7_container_post\" value=\"0\" \/><input type=\"hidden\" name=\"_wpcf7_posted_data_hash\" value=\"\" \/><input type=\"hidden\" name=\"_wpcf7_recaptcha_response\" value=\"\" \/>\n<\/fieldset>\n<p><span class=\"wpcf7-form-control-wrap\" data-name=\"nom\"><input size=\"40\" maxlength=\"400\" class=\"wpcf7-form-control wpcf7-text wpcf7-validates-as-required\" aria-required=\"true\" aria-invalid=\"false\" placeholder=\"Nom\" value=\"\" type=\"text\" name=\"nom\" \/><\/span>\n<\/p>\n<p><span class=\"wpcf7-form-control-wrap\" data-name=\"cognom\"><input size=\"40\" maxlength=\"400\" class=\"wpcf7-form-control wpcf7-text wpcf7-validates-as-required\" aria-required=\"true\" aria-invalid=\"false\" placeholder=\"Cognom\" value=\"\" type=\"text\" name=\"cognom\" \/><\/span>\n<\/p>\n<p><span class=\"wpcf7-form-control-wrap\" data-name=\"email\"><input size=\"40\" maxlength=\"400\" class=\"wpcf7-form-control wpcf7-email wpcf7-validates-as-required wpcf7-text wpcf7-validates-as-email\" aria-required=\"true\" aria-invalid=\"false\" placeholder=\"Correu electr\u00f2nic\" value=\"\" type=\"email\" name=\"email\" \/><\/span>\n<\/p>\n<p><span class=\"wpcf7-form-control-wrap\" data-name=\"rgpd-acepto\"><span class=\"wpcf7-form-control wpcf7-acceptance\"><span class=\"wpcf7-list-item\"><label><input type=\"checkbox\" name=\"rgpd-acepto\" value=\"1\" aria-invalid=\"false\" \/><span class=\"wpcf7-list-item-label\">Accepto la <a href=\"\/politica-de-privacitat\" target=\"_blank\" rel=\"nofollow\">pol\u00edtica de privacitat<\/a><\/span><\/label><\/span><\/span><\/span>\n<\/p>\n<p><input class=\"wpcf7-form-control wpcf7-submit has-spinner\" type=\"submit\" value=\"Subscriu-m&#039;hi\" \/>\n<\/p><p style=\"display: none !important;\" class=\"akismet-fields-container\" data-prefix=\"_wpcf7_ak_\"><label>&#916;<textarea name=\"_wpcf7_ak_hp_textarea\" cols=\"45\" rows=\"8\" maxlength=\"100\"><\/textarea><\/label><input type=\"hidden\" id=\"ak_js_1\" name=\"_wpcf7_ak_js\" value=\"19\"\/><script>document.getElementById( \"ak_js_1\" ).setAttribute( \"value\", ( new Date() ).getTime() );<\/script><\/p><input type='hidden' class='wpcf7-pum' value='{\"closepopup\":false,\"closedelay\":0,\"openpopup\":false,\"openpopup_id\":0}' \/><div class=\"wpcf7-response-output\" aria-hidden=\"true\"><\/div>\n<\/form>\n<\/div>\n\r\n<\/div><\/div><\/div><\/div><\/div><\/div><\/div><\/div><\/div><\/div><\/div><\/div><\/div><\/div><\/section>\n","protected":false},"excerpt":{"rendered":"A pesar del alboroto, estruendo, bullicio y algarab\u00eda, la disrupci\u00f3n pol\u00edtica provocada por figuras como Trump y la fuerte emergencia de una nueva derecha en Europa, no veo la situaci\u00f3n tanto como un problema, sino\u00a0como una oportunidad. Esta derecha, para algunos calificada como ultra, extrema; para otros como alternativa o radical, es en todo caso contraria al\u00a0establishment\u00a0instituido desde principios de este siglo en cuanto a pol\u00edticas concretas por parte de la Uni\u00f3n Europea y Estados Unidos. Creo que tengo razones concretas para afirmarlo; har\u00e9 una primera\u00a0aproximaci\u00f3n\u00a0a estas, en el bien entendido que no son ni mucho menos definitivas, sino simplemente un\u00a0primer esbozo. En relaci\u00f3n con las nuevas derechas, creo que los comentarios radicalmente descalificadores y la histeria que preside las posiciones de\u00a0la progres\u00eda de g\u00e9nero y del liberalismo cosmopolita,\u00a0no tienen relaci\u00f3n con la realidad de los hechos. Buscar la verdad exige contemplar antes lo real y no manipular la realidad para acomodarla a la ideolog\u00eda propia. Estos partidos\u00a0han gobernado y gobiernan en varios pa\u00edses: En el caso de Italia, con Meloni, han demostrado dotar al gobierno de coalici\u00f3n de una estabilidad ins\u00f3lita en lo que es la pol\u00edtica italiana; no han hecho nada que sea contrario al normal funcionamiento de la democracia, y mucho menos peor de lo que ha hecho y est\u00e1\u00a0haciendo S\u00e1nchez en Espa\u00f1a, o por poner un ejemplo provocador, lo que ha\u00a0hecho la socialdemocracia en Dinamarca\u00a0con los derechos de los inmigrantes. En Hungr\u00eda, donde los resultados electorales les son abrumadoramente favorables, las acusaciones sobre falta de democracia son perfectamente cuestionables y discutibles, salvo que el paradigma democr\u00e1tico sea el que se aplic\u00f3 en\u00a0Rumania, que consiste en que el Tribunal Constitucional invalida unas elecciones cuando el resultado no es del agrado de la\u00a0establishment, por la presunta o real implicaci\u00f3n informativa de terceros pa\u00edses, com si \u00e9sta no fuera una pr\u00e1ctica habitual de siempre, y como\u00a0 si esto fuera decisivo, porque con 100.000 d\u00f2lars ya se cambia de ra\u00edz la\u00a0 mente de los ciudadanos. En tan poco nos tienen. Esto, entre otras cosas, fue lo que denunci\u00f3 Vance a M\u00fanich, con gran esc\u00e1ndalo del poder establecido. Este tipo de derecha, en ning\u00fan caso homog\u00e9neo en t\u00e9rminos internacionales, gobern\u00f3 en\u00a0Polonia, hasta que en las \u00faltimas elecciones fue derrotada ante una coalici\u00f3n muy amplia de la democracia cristiana a la izquierda; se produjo el cambio de gobierno con conflictos pero nada que impidiera la alternancia en el poder. Ahora gobiernan en coalici\u00f3n tambi\u00e9n en los acomodados\u00a0Pa\u00edses Bajos, que tienen como problema de Estado, no la dependencia de la derecha alternativa, sino la amenaza, como si fuera un pa\u00eds hispanoamericano, de la Mocro mafia. El\u00a0gobierno belga\u00a0est\u00e1 presidido por el partido nacionalista flamenco, que forma parte del grupo europeo de conservadores y reformistas, que preside Meloni. En\u00a0Austria\u00a0, gobernaron hace a\u00f1os, perdieron esta posici\u00f3n, ahora han ganado las elecciones, si bien no logran formar gobierno. No es el caso de\u00a0Chequia, donde s\u00ed est\u00e1n en el poder. Y si no fuera por el sistema electoral a doble vuelta, ya ser\u00edan partido de gobierno en\u00a0Francia; tambi\u00e9n tienen una posici\u00f3n destacada en\u00a0Croacia\u00a0y en\u00a0Ruman\u00eda. Estos partidos han participado secundariamente en\u00a0gobiernos n\u00f3rdicos, participando en ellos o apoy\u00e1ndolos desde el parlamento. Pero aqu\u00ed (esto es de Vance) hace tiempo que lo denunciamos sin conseguir la menor atenci\u00f3n -Bienvenido quien dice que el rey va desnudo y deben escucharlo porque es importante. Es una evidencia, que\u00a0detienen, multan a personas por orar en silencio cerca de cl\u00ednicas abortistas\u00a0bajo los gobiernos del\u00a0establishment, quienes multan a pastores por predicar homil\u00edas cr\u00edticas con la homosexualidad citando a San Pablo, est\u00e1 aqu\u00ed, en Europa, quienes sostienen que el ser humano engendrado, el nasciturus no es\u00a0 nada y, por tanto, no es portadore de derecho. Es en nuestras democracias mod\u00e9licas donde \u00a0se da prioridad al aborto y no a la maternidad. Es por ejemplo en Espa\u00f1a, donde la pol\u00edtica p\u00fablica favorece la eutanasia y es escaso el apoyo a los cuidados paliativos. Es en el para\u00edso liberal del defenestrado Trudeau y en el gobierno progresista y feminista de S\u00e1nchez. Y todo esto, a m\u00ed, me parece no s\u00f3lo mal, sino claro exponente de un camino desastroso. Ocultar los problemas y costes que comporta la\u00a0inmigraci\u00f3n masiva\u00a0y descontrolada, presentando s\u00f3lo sus ventajas, es lo que hace con un enga\u00f1o grosero, el liberalismo cosmopolita y la progres\u00eda de g\u00e9nero. Y est\u00e1 claro una enajenaci\u00f3n tan grande de la realidad despu\u00e9s pasa factura. Si todo esto no es suficiente para observar a los partidos de la nueva derecha con cierta normalidad, es por una raz\u00f3n muy concreta:\u00a0la crisis existencial de la socialdemocracia\u00a0y la conversi\u00f3n de \u00e9sta y de los partidos de izquierda en una especie de bloque de progres\u00eda de g\u00e9nero, como en lo que se ha convertido el Partido Dem\u00f3crata en Estados Unidos, necessita normalizar todo lo que est\u00e1 a la izuirda del partido socialist, por muy extremo que sea, para as\u00ed conservar el gobierno, si conviene. En Alemania no conviene; en la Espa\u00f1a de S\u00e1nchez es absolutamente pertinente. Pero a su vez, la nueva derecha no puede pactar con la derecha tradicional en ning\u00fan caso, porque entonces esto configura un bloque de gobierno absolutamente mayoritario. En realidad, es un artificio para frenar lo que est\u00e1 en crisis: la gran alianza que se ha producido en este siglo entre el liberalismo cosmopolita de la globalizaci\u00f3n y los partidos de la progres\u00eda de g\u00e9nero, que, al haber gobernado e influido en las mentalidades y comportamientos, han sido hegem\u00f3nicos en el \u00e1mbito medi\u00e1tico y del entretenimiento, son l\u00f3gicamente los responsables de las crisis acumuladas y sin soluci\u00f3n en las que nos encontramos, la policrisis. I esto los expulsa del poder y para evitarlo han de conseguir que no exista alternativa. \u00c9sta es la raz\u00f3n principal y todo lo dem\u00e1s puro cuento chino. Meloni es menos peligrosa para la democracia entendiendo que la prueba del nueve de \u00e9sta es asumir la alternancia de gobierno, que S\u00e1nchez. As\u00ed estamos. Tengo m\u00e1s razones para que no me preocupe, y m\u00e1s bien me interese la emergencia de estos nuevos partidos. Entiendo que son, en la...","protected":false},"author":1,"featured_media":0,"parent":0,"menu_order":0,"comment_status":"closed","ping_status":"closed","template":"","meta":{"_FSMCFIC_featured_image_caption":"","_FSMCFIC_featured_image_nocaption":"","_FSMCFIC_featured_image_hide":"","footnotes":""},"class_list":["post-27953","page","type-page","status-publish","hentry"],"yoast_head":"<!-- This site is optimized with the Yoast SEO plugin v26.8 - https:\/\/yoast.com\/product\/yoast-seo-wordpress\/ -->\n<title>El Blog de Josep Mir\u00f3 i Ard\u00e8vol - Converses a Catalunya<\/title>\n<meta name=\"robots\" content=\"noindex, nofollow\" \/>\n<meta property=\"og:locale\" content=\"es_ES\" \/>\n<meta property=\"og:type\" content=\"article\" \/>\n<meta property=\"og:title\" content=\"El Blog de Josep Mir\u00f3 i Ard\u00e8vol - Converses a Catalunya\" \/>\n<meta property=\"og:url\" content=\"https:\/\/conversesacatalunya.cat\/es\/el-blog-de-josep-miro-i-ardevol\/\" \/>\n<meta property=\"og:site_name\" content=\"Converses a Catalunya\" \/>\n<meta property=\"article:modified_time\" content=\"2021-01-15T22:58:45+00:00\" \/>\n<meta name=\"twitter:card\" content=\"summary_large_image\" \/>\n<script type=\"application\/ld+json\" class=\"yoast-schema-graph\">{\"@context\":\"https:\/\/schema.org\",\"@graph\":[{\"@type\":\"WebPage\",\"@id\":\"https:\/\/conversesacatalunya.cat\/es\/el-blog-de-josep-miro-i-ardevol\/\",\"url\":\"https:\/\/conversesacatalunya.cat\/es\/el-blog-de-josep-miro-i-ardevol\/\",\"name\":\"El Blog de Josep Mir\u00f3 i Ard\u00e8vol - Converses a Catalunya\",\"isPartOf\":{\"@id\":\"https:\/\/conversesacatalunya.cat\/#website\"},\"datePublished\":\"2019-02-12T14:35:45+00:00\",\"dateModified\":\"2021-01-15T22:58:45+00:00\",\"breadcrumb\":{\"@id\":\"https:\/\/conversesacatalunya.cat\/es\/el-blog-de-josep-miro-i-ardevol\/#breadcrumb\"},\"inLanguage\":\"es\",\"potentialAction\":[{\"@type\":\"ReadAction\",\"target\":[\"https:\/\/conversesacatalunya.cat\/es\/el-blog-de-josep-miro-i-ardevol\/\"]}]},{\"@type\":\"BreadcrumbList\",\"@id\":\"https:\/\/conversesacatalunya.cat\/es\/el-blog-de-josep-miro-i-ardevol\/#breadcrumb\",\"itemListElement\":[{\"@type\":\"ListItem\",\"position\":1,\"name\":\"Inici\",\"item\":\"https:\/\/conversesacatalunya.cat\/es\/\"},{\"@type\":\"ListItem\",\"position\":2,\"name\":\"El Blog de Josep Mir\u00f3 i Ard\u00e8vol\"}]},{\"@type\":\"WebSite\",\"@id\":\"https:\/\/conversesacatalunya.cat\/#website\",\"url\":\"https:\/\/conversesacatalunya.cat\/\",\"name\":\"Converses a Catalunya\",\"description\":\"\",\"potentialAction\":[{\"@type\":\"SearchAction\",\"target\":{\"@type\":\"EntryPoint\",\"urlTemplate\":\"https:\/\/conversesacatalunya.cat\/?s={search_term_string}\"},\"query-input\":{\"@type\":\"PropertyValueSpecification\",\"valueRequired\":true,\"valueName\":\"search_term_string\"}}],\"inLanguage\":\"es\"}]}<\/script>\n<!-- \/ Yoast SEO plugin. -->","yoast_head_json":{"title":"El Blog de Josep Mir\u00f3 i Ard\u00e8vol - Converses a Catalunya","robots":{"index":"noindex","follow":"nofollow"},"og_locale":"es_ES","og_type":"article","og_title":"El Blog de Josep Mir\u00f3 i Ard\u00e8vol - Converses a Catalunya","og_url":"https:\/\/conversesacatalunya.cat\/es\/el-blog-de-josep-miro-i-ardevol\/","og_site_name":"Converses a Catalunya","article_modified_time":"2021-01-15T22:58:45+00:00","twitter_card":"summary_large_image","schema":{"@context":"https:\/\/schema.org","@graph":[{"@type":"WebPage","@id":"https:\/\/conversesacatalunya.cat\/es\/el-blog-de-josep-miro-i-ardevol\/","url":"https:\/\/conversesacatalunya.cat\/es\/el-blog-de-josep-miro-i-ardevol\/","name":"El Blog de Josep Mir\u00f3 i Ard\u00e8vol - Converses a Catalunya","isPartOf":{"@id":"https:\/\/conversesacatalunya.cat\/#website"},"datePublished":"2019-02-12T14:35:45+00:00","dateModified":"2021-01-15T22:58:45+00:00","breadcrumb":{"@id":"https:\/\/conversesacatalunya.cat\/es\/el-blog-de-josep-miro-i-ardevol\/#breadcrumb"},"inLanguage":"es","potentialAction":[{"@type":"ReadAction","target":["https:\/\/conversesacatalunya.cat\/es\/el-blog-de-josep-miro-i-ardevol\/"]}]},{"@type":"BreadcrumbList","@id":"https:\/\/conversesacatalunya.cat\/es\/el-blog-de-josep-miro-i-ardevol\/#breadcrumb","itemListElement":[{"@type":"ListItem","position":1,"name":"Inici","item":"https:\/\/conversesacatalunya.cat\/es\/"},{"@type":"ListItem","position":2,"name":"El Blog de Josep Mir\u00f3 i Ard\u00e8vol"}]},{"@type":"WebSite","@id":"https:\/\/conversesacatalunya.cat\/#website","url":"https:\/\/conversesacatalunya.cat\/","name":"Converses a Catalunya","description":"","potentialAction":[{"@type":"SearchAction","target":{"@type":"EntryPoint","urlTemplate":"https:\/\/conversesacatalunya.cat\/?s={search_term_string}"},"query-input":{"@type":"PropertyValueSpecification","valueRequired":true,"valueName":"search_term_string"}}],"inLanguage":"es"}]}},"wps_subtitle":"","_links":{"self":[{"href":"https:\/\/conversesacatalunya.cat\/es\/wp-json\/wp\/v2\/pages\/27953","targetHints":{"allow":["GET"]}}],"collection":[{"href":"https:\/\/conversesacatalunya.cat\/es\/wp-json\/wp\/v2\/pages"}],"about":[{"href":"https:\/\/conversesacatalunya.cat\/es\/wp-json\/wp\/v2\/types\/page"}],"author":[{"embeddable":true,"href":"https:\/\/conversesacatalunya.cat\/es\/wp-json\/wp\/v2\/users\/1"}],"replies":[{"embeddable":true,"href":"https:\/\/conversesacatalunya.cat\/es\/wp-json\/wp\/v2\/comments?post=27953"}],"version-history":[{"count":2,"href":"https:\/\/conversesacatalunya.cat\/es\/wp-json\/wp\/v2\/pages\/27953\/revisions"}],"predecessor-version":[{"id":28113,"href":"https:\/\/conversesacatalunya.cat\/es\/wp-json\/wp\/v2\/pages\/27953\/revisions\/28113"}],"wp:attachment":[{"href":"https:\/\/conversesacatalunya.cat\/es\/wp-json\/wp\/v2\/media?parent=27953"}],"curies":[{"name":"wp","href":"https:\/\/api.w.org\/{rel}","templated":true}]}}