{"id":27908,"date":"2019-01-09T18:28:11","date_gmt":"2019-01-09T17:28:11","guid":{"rendered":"https:\/\/conversesacatalunya.cat\/objectius-especifics\/"},"modified":"2021-01-15T23:58:40","modified_gmt":"2021-01-15T22:58:40","slug":"objetivos-especificos","status":"publish","type":"page","link":"https:\/\/conversesacatalunya.cat\/es\/objetivos-especificos\/","title":{"rendered":"Objetivos espec\u00edficos"},"content":{"rendered":"<section class=\"l-section wpb_row height_small\"><div class=\"l-section-h i-cf\"><div class=\"g-cols vc_row via_flex valign_top type_default stacking_default\"><div class=\"vc_col-sm-12 wpb_column vc_column_container\"><div class=\"vc_column-inner\"><div class=\"wpb_wrapper\"><div class=\"wpb_text_column\"><div class=\"wpb_wrapper\"><h1>Objetivos espec\u00edficos<\/h1>\n<\/div><\/div><div class=\"w-separator size_medium\"><\/div><div class=\"g-cols wpb_row via_flex valign_top type_default stacking_default\"><div class=\"vc_col-sm-8 wpb_column vc_column_container\"><div class=\"vc_column-inner\"><div class=\"wpb_wrapper\"><div class=\"w-grid type_grid layout_28091 cols_3 pagination_regular\" id=\"us_grid_1\" style=\"--gap:1.5rem;\" data-filterable=\"true\"><style>@media (max-width:1024px){#us_grid_1 .w-grid-item{width:50%}}@media (max-width:600px){#us_grid_1 .w-grid-list{margin:0}#us_grid_1 .w-grid-item{width:100%;padding:0;margin-bottom:var(--gap,0px)}}.layout_28091 .w-grid-item-h{}.layout_28091 .usg_post_image_1{margin-bottom:0.8rem!important}.layout_28091 .usg_post_title_1{margin-bottom:0!important;font-family:var(--h1-font-family)!important;font-size:1.2rem!important;font-weight:700!important}.layout_28091 .usg_post_date_1{font-family:var(--font-family)!important;font-size:13px!important;color:#aab2bd!important}.layout_28091 .usg_post_author_1{font-family:var(--font-family)!important;font-size:15px!important}@media (max-width:600px){.layout_28091 .usg_post_title_1{font-size:1.2rem!important}.layout_28091 .usg_post_date_1{font-size:13px!important}.layout_28091 .usg_post_author_1{font-size:15px!important}}<\/style><div class=\"w-grid-list\">\t<article class=\"w-grid-item size_1x1 post-96559 post type-post status-publish format-standard has-post-thumbnail hentry category-objectius-especifics-es category-punts-claus-del-dia-es tag-regeneracio-politica tag-regeneracion-politica\" data-id=\"96559\">\r\n\t\t<div class=\"w-grid-item-h\">\r\n\t\t\t\t\t\t<div class=\"w-post-elm post_image usg_post_image_1 actualitat_img stretched\"><a href=\"https:\/\/conversesacatalunya.cat\/es\/sociedad-civil-llamada-elecciones-generales-y-reforma-institucional\/\" aria-label=\"La sociedad civil impulsa la regeneraci\u00f3n pol\u00edtica: llamada a elecciones generales y reforma institucional\"><img fetchpriority=\"high\" decoding=\"async\" width=\"779\" height=\"868\" src=\"https:\/\/conversesacatalunya.cat\/wp-content\/uploads\/2026\/02\/Captura-8.jpg\" class=\"attachment-large size-large wp-post-image\" alt=\"Regeneraci\u00f3n pol\u00edtica Catalu\u00f1a\" srcset=\"https:\/\/conversesacatalunya.cat\/wp-content\/uploads\/2026\/02\/Captura-8.jpg 779w, https:\/\/conversesacatalunya.cat\/wp-content\/uploads\/2026\/02\/Captura-8-269x300.jpg 269w\" sizes=\"(max-width: 779px) 100vw, 779px\" \/><\/a><\/div><h2 class=\"w-post-elm post_title usg_post_title_1 entry-title color_link_inherit\"><a href=\"https:\/\/conversesacatalunya.cat\/es\/sociedad-civil-llamada-elecciones-generales-y-reforma-institucional\/\">La sociedad civil impulsa la regeneraci\u00f3n pol\u00edtica: llamada a elecciones generales y reforma institucional<\/a><\/h2><time class=\"w-post-elm post_date usg_post_date_1 has_text_color entry-date published\" datetime=\"2026-02-19T09:56:58+01:00\">19 febrero, 2026<\/time><div class=\"w-post-elm post_author usg_post_author_1 vcard author color_link_inherit\"><div class=\"post-author-meta\"><a href=\"https:\/\/conversesacatalunya.cat\/es\/author\/muntsa_escola\/\" class=\"post-author-name fn\">conversesacatalunya<\/a><\/div><\/div>\t\t<\/div>\r\n\t\t\t<\/article>\r\n\t<article class=\"w-grid-item size_1x1 post-94323 post type-post status-publish format-standard has-post-thumbnail hentry category-agenda-es category-objectius-especifics-es tag-corrupcio-es\" data-id=\"94323\">\r\n\t\t<div class=\"w-grid-item-h\">\r\n\t\t\t\t\t\t<div class=\"w-post-elm post_image usg_post_image_1 actualitat_img stretched\"><a href=\"https:\/\/conversesacatalunya.cat\/es\/ante-la-degradacion-politica-la-conferencia-civica-para-la-regeneracion-politica\/\" aria-label=\"Esc\u00e1ndalos y m\u00e1s esc\u00e1ndalos. Ante la degradaci\u00f3n pol\u00edtica: la Conferencia C\u00edvica para la Regeneraci\u00f3n Pol\u00edtica (14 de febrero de 2026)\"><img decoding=\"async\" width=\"1024\" height=\"670\" data-src=\"https:\/\/conversesacatalunya.cat\/wp-content\/uploads\/2025\/11\/regeneracio-1024x670.jpg\" class=\"attachment-large size-large wp-post-image lazyload\" alt=\"Degradaci\u00f3 pol\u00edtica\" data-srcset=\"https:\/\/conversesacatalunya.cat\/wp-content\/uploads\/2025\/11\/regeneracio-1024x670.jpg 1024w, https:\/\/conversesacatalunya.cat\/wp-content\/uploads\/2025\/11\/regeneracio-300x196.jpg 300w, https:\/\/conversesacatalunya.cat\/wp-content\/uploads\/2025\/11\/regeneracio.jpg 1333w\" data-sizes=\"(max-width: 1024px) 100vw, 1024px\" src=\"data:image\/svg+xml;base64,PHN2ZyB3aWR0aD0iMSIgaGVpZ2h0PSIxIiB4bWxucz0iaHR0cDovL3d3dy53My5vcmcvMjAwMC9zdmciPjwvc3ZnPg==\" style=\"--smush-placeholder-width: 1024px; --smush-placeholder-aspect-ratio: 1024\/670;\" \/><\/a><\/div><h2 class=\"w-post-elm post_title usg_post_title_1 entry-title color_link_inherit\"><a href=\"https:\/\/conversesacatalunya.cat\/es\/ante-la-degradacion-politica-la-conferencia-civica-para-la-regeneracion-politica\/\">Esc\u00e1ndalos y m\u00e1s esc\u00e1ndalos. Ante la degradaci\u00f3n pol\u00edtica: la Conferencia C\u00edvica para la Regeneraci\u00f3n Pol\u00edtica (14 de febrero de 2026)<\/a><\/h2><time class=\"w-post-elm post_date usg_post_date_1 has_text_color entry-date published\" datetime=\"2025-11-28T15:14:18+01:00\">28 noviembre, 2025<\/time><div class=\"w-post-elm post_author usg_post_author_1 vcard author color_link_inherit\"><div class=\"post-author-meta\"><a href=\"https:\/\/conversesacatalunya.cat\/es\/author\/josep-miro-i-ardevol\/\" class=\"post-author-name fn\">Josep Mir\u00f3 i Ard\u00e8vol<\/a><\/div><\/div>\t\t<\/div>\r\n\t\t\t<\/article>\r\n\t<article class=\"w-grid-item size_1x1 post-82861 post type-post status-publish format-standard has-post-thumbnail hentry category-especial-conferencia-civica-es category-objectius-especifics-es category-punts-claus-del-dia-es tag-i-conferencia-civica\" data-id=\"82861\">\r\n\t\t<div class=\"w-grid-item-h\">\r\n\t\t\t\t\t\t<div class=\"w-post-elm post_image usg_post_image_1 actualitat_img stretched\"><a href=\"https:\/\/conversesacatalunya.cat\/es\/la-esperanza-es-nuestra-responsabilidad-reparar-reformar-y-regenerar-la-politica\/\" aria-label=\"La esperanza es nuestra responsabilidad: reparar, reformar y regenerar la pol\u00edtica\"><img decoding=\"async\" width=\"1024\" height=\"1024\" data-src=\"https:\/\/conversesacatalunya.cat\/wp-content\/uploads\/2024\/10\/15-1024x1024.jpg\" class=\"attachment-large size-large wp-post-image lazyload\" alt=\"\" data-srcset=\"https:\/\/conversesacatalunya.cat\/wp-content\/uploads\/2024\/10\/15-1024x1024.jpg 1024w, https:\/\/conversesacatalunya.cat\/wp-content\/uploads\/2024\/10\/15-300x300.jpg 300w, https:\/\/conversesacatalunya.cat\/wp-content\/uploads\/2024\/10\/15-150x150.jpg 150w, https:\/\/conversesacatalunya.cat\/wp-content\/uploads\/2024\/10\/15-350x350.jpg 350w, https:\/\/conversesacatalunya.cat\/wp-content\/uploads\/2024\/10\/15-600x600.jpg 600w, https:\/\/conversesacatalunya.cat\/wp-content\/uploads\/2024\/10\/15.jpg 1080w\" data-sizes=\"(max-width: 1024px) 100vw, 1024px\" src=\"data:image\/svg+xml;base64,PHN2ZyB3aWR0aD0iMSIgaGVpZ2h0PSIxIiB4bWxucz0iaHR0cDovL3d3dy53My5vcmcvMjAwMC9zdmciPjwvc3ZnPg==\" style=\"--smush-placeholder-width: 1024px; --smush-placeholder-aspect-ratio: 1024\/1024;\" \/><\/a><\/div><h2 class=\"w-post-elm post_title usg_post_title_1 entry-title color_link_inherit\"><a href=\"https:\/\/conversesacatalunya.cat\/es\/la-esperanza-es-nuestra-responsabilidad-reparar-reformar-y-regenerar-la-politica\/\">La esperanza es nuestra responsabilidad: reparar, reformar y regenerar la pol\u00edtica<\/a><\/h2><time class=\"w-post-elm post_date usg_post_date_1 has_text_color entry-date published\" datetime=\"2024-10-25T11:29:22+02:00\">25 octubre, 2024<\/time><div class=\"w-post-elm post_author usg_post_author_1 vcard author color_link_inherit\"><div class=\"post-author-meta\"><a href=\"https:\/\/conversesacatalunya.cat\/es\/author\/josep-miro-i-ardevol\/\" class=\"post-author-name fn\">Josep Mir\u00f3 i Ard\u00e8vol<\/a><\/div><\/div>\t\t<\/div>\r\n\t\t\t<\/article>\r\n\t<article class=\"w-grid-item size_1x1 post-82675 post type-post status-publish format-standard has-post-thumbnail hentry category-especial-conferencia-civica-es category-objectius-especifics-es tag-i-conferencia-civica\" data-id=\"82675\">\r\n\t\t<div class=\"w-grid-item-h\">\r\n\t\t\t\t\t\t<div class=\"w-post-elm post_image usg_post_image_1 actualitat_img stretched\"><a href=\"https:\/\/conversesacatalunya.cat\/es\/para-regenerar-reformar-y-reparar-la-politica-catalana\/\" aria-label=\"Para regenerar, reformar y reparar la pol\u00edtica catalana\"><img decoding=\"async\" width=\"1024\" height=\"724\" data-src=\"https:\/\/conversesacatalunya.cat\/wp-content\/uploads\/2024\/10\/retol-conferencia-civica-1024x724.png\" class=\"attachment-large size-large wp-post-image lazyload\" alt=\"\" data-srcset=\"https:\/\/conversesacatalunya.cat\/wp-content\/uploads\/2024\/10\/retol-conferencia-civica-1024x724.png 1024w, https:\/\/conversesacatalunya.cat\/wp-content\/uploads\/2024\/10\/retol-conferencia-civica-300x212.png 300w, https:\/\/conversesacatalunya.cat\/wp-content\/uploads\/2024\/10\/retol-conferencia-civica.png 2000w\" data-sizes=\"(max-width: 1024px) 100vw, 1024px\" src=\"data:image\/svg+xml;base64,PHN2ZyB3aWR0aD0iMSIgaGVpZ2h0PSIxIiB4bWxucz0iaHR0cDovL3d3dy53My5vcmcvMjAwMC9zdmciPjwvc3ZnPg==\" style=\"--smush-placeholder-width: 1024px; --smush-placeholder-aspect-ratio: 1024\/724;\" \/><\/a><\/div><h2 class=\"w-post-elm post_title usg_post_title_1 entry-title color_link_inherit\"><a href=\"https:\/\/conversesacatalunya.cat\/es\/para-regenerar-reformar-y-reparar-la-politica-catalana\/\">Para regenerar, reformar y reparar la pol\u00edtica catalana<\/a><\/h2><time class=\"w-post-elm post_date usg_post_date_1 has_text_color entry-date published\" datetime=\"2024-10-16T11:16:38+02:00\">16 octubre, 2024<\/time><div class=\"w-post-elm post_author usg_post_author_1 vcard author color_link_inherit\"><div class=\"post-author-meta\"><a href=\"https:\/\/conversesacatalunya.cat\/es\/author\/carme_catala\/\" class=\"post-author-name fn\">conversesacatalunya<\/a><\/div><\/div>\t\t<\/div>\r\n\t\t\t<\/article>\r\n\t<article class=\"w-grid-item size_1x1 post-78409 post type-post status-publish format-standard has-post-thumbnail hentry category-objectius-especifics-es category-punts-claus-del-dia-es tag-elecciones-europeas-2024 tag-eleccions-europees-2024-es\" data-id=\"78409\">\r\n\t\t<div class=\"w-grid-item-h\">\r\n\t\t\t\t\t\t<div class=\"w-post-elm post_image usg_post_image_1 actualitat_img stretched\"><a href=\"https:\/\/conversesacatalunya.cat\/es\/declaracion-de-converses-a-catalunya-ante-las-elecciones-europeas\/\" aria-label=\"Declaraci\u00f3n de Converses a Catalunya ante las elecciones europeas\"><img decoding=\"async\" width=\"346\" height=\"351\" data-src=\"https:\/\/conversesacatalunya.cat\/wp-content\/uploads\/2024\/05\/declaracio1.png\" class=\"attachment-large size-large wp-post-image lazyload\" alt=\"\" data-srcset=\"https:\/\/conversesacatalunya.cat\/wp-content\/uploads\/2024\/05\/declaracio1.png 346w, https:\/\/conversesacatalunya.cat\/wp-content\/uploads\/2024\/05\/declaracio1-296x300.png 296w\" data-sizes=\"(max-width: 346px) 100vw, 346px\" src=\"data:image\/svg+xml;base64,PHN2ZyB3aWR0aD0iMSIgaGVpZ2h0PSIxIiB4bWxucz0iaHR0cDovL3d3dy53My5vcmcvMjAwMC9zdmciPjwvc3ZnPg==\" style=\"--smush-placeholder-width: 346px; --smush-placeholder-aspect-ratio: 346\/351;\" \/><\/a><\/div><h2 class=\"w-post-elm post_title usg_post_title_1 entry-title color_link_inherit\"><a href=\"https:\/\/conversesacatalunya.cat\/es\/declaracion-de-converses-a-catalunya-ante-las-elecciones-europeas\/\">Declaraci\u00f3n de Converses a Catalunya ante las elecciones europeas<\/a><\/h2><time class=\"w-post-elm post_date usg_post_date_1 has_text_color entry-date published\" datetime=\"2024-05-29T13:13:53+02:00\">29 mayo, 2024<\/time><div class=\"w-post-elm post_author usg_post_author_1 vcard author color_link_inherit\"><div class=\"post-author-meta\"><a href=\"https:\/\/conversesacatalunya.cat\/es\/author\/carme_catala\/\" class=\"post-author-name fn\">conversesacatalunya<\/a><\/div><\/div>\t\t<\/div>\r\n\t\t\t<\/article>\r\n\t<article class=\"w-grid-item size_1x1 post-76931 post type-post status-publish format-standard has-post-thumbnail hentry category-objectius-especifics-es category-sin-publicidad tag-elecciones-cataluna-2024\" data-id=\"76931\">\r\n\t\t<div class=\"w-grid-item-h\">\r\n\t\t\t\t\t\t<div class=\"w-post-elm post_image usg_post_image_1 actualitat_img stretched\"><a href=\"https:\/\/conversesacatalunya.cat\/es\/declaracion-elecciones-cataluna\/\" aria-label=\"Declaraci\u00f3n de Converses ante las elecciones catalanas del 12M\"><img decoding=\"async\" width=\"643\" height=\"427\" data-src=\"https:\/\/conversesacatalunya.cat\/wp-content\/uploads\/2024\/04\/elecciones-2024.jpg\" class=\"attachment-large size-large wp-post-image lazyload\" alt=\"eleccions catalanes\" data-srcset=\"https:\/\/conversesacatalunya.cat\/wp-content\/uploads\/2024\/04\/elecciones-2024.jpg 643w, https:\/\/conversesacatalunya.cat\/wp-content\/uploads\/2024\/04\/elecciones-2024-300x199.jpg 300w\" data-sizes=\"(max-width: 643px) 100vw, 643px\" src=\"data:image\/svg+xml;base64,PHN2ZyB3aWR0aD0iMSIgaGVpZ2h0PSIxIiB4bWxucz0iaHR0cDovL3d3dy53My5vcmcvMjAwMC9zdmciPjwvc3ZnPg==\" style=\"--smush-placeholder-width: 643px; --smush-placeholder-aspect-ratio: 643\/427;\" \/><\/a><\/div><h2 class=\"w-post-elm post_title usg_post_title_1 entry-title color_link_inherit\"><a href=\"https:\/\/conversesacatalunya.cat\/es\/declaracion-elecciones-cataluna\/\">Declaraci\u00f3n de Converses ante las elecciones catalanas del 12M<\/a><\/h2><time class=\"w-post-elm post_date usg_post_date_1 has_text_color entry-date published\" datetime=\"2024-04-12T10:48:36+02:00\">12 abril, 2024<\/time><div class=\"w-post-elm post_author usg_post_author_1 vcard author color_link_inherit\"><div class=\"post-author-meta\"><a href=\"https:\/\/conversesacatalunya.cat\/es\/author\/carme_catala\/\" class=\"post-author-name fn\">conversesacatalunya<\/a><\/div><\/div>\t\t<\/div>\r\n\t\t\t<\/article>\r\n\t<article class=\"w-grid-item size_1x1 post-75072 post type-post status-publish format-standard has-post-thumbnail hentry category-objectius-comuns-es category-objectius-especifics-es category-punts-claus-del-dia-es category-sin-publicidad\" data-id=\"75072\">\r\n\t\t<div class=\"w-grid-item-h\">\r\n\t\t\t\t\t\t<div class=\"w-post-elm post_image usg_post_image_1 actualitat_img stretched\"><a href=\"https:\/\/conversesacatalunya.cat\/es\/encuesta-situacion-cataluna\/\" aria-label=\"Consulta a todos los ciudadanos activos sobre la situaci\u00f3n actual de Catalu\u00f1a\"><img decoding=\"async\" width=\"1024\" height=\"575\" data-src=\"https:\/\/conversesacatalunya.cat\/wp-content\/uploads\/2024\/02\/senyera-1024x575.jpg\" class=\"attachment-large size-large wp-post-image lazyload\" alt=\"\" data-srcset=\"https:\/\/conversesacatalunya.cat\/wp-content\/uploads\/2024\/02\/senyera-1024x575.jpg 1024w, https:\/\/conversesacatalunya.cat\/wp-content\/uploads\/2024\/02\/senyera-300x169.jpg 300w, https:\/\/conversesacatalunya.cat\/wp-content\/uploads\/2024\/02\/senyera.jpg 1200w\" data-sizes=\"(max-width: 1024px) 100vw, 1024px\" src=\"data:image\/svg+xml;base64,PHN2ZyB3aWR0aD0iMSIgaGVpZ2h0PSIxIiB4bWxucz0iaHR0cDovL3d3dy53My5vcmcvMjAwMC9zdmciPjwvc3ZnPg==\" style=\"--smush-placeholder-width: 1024px; --smush-placeholder-aspect-ratio: 1024\/575;\" \/><\/a><\/div><h2 class=\"w-post-elm post_title usg_post_title_1 entry-title color_link_inherit\"><a href=\"https:\/\/conversesacatalunya.cat\/es\/encuesta-situacion-cataluna\/\">Consulta a todos los ciudadanos activos sobre la situaci\u00f3n actual de Catalu\u00f1a<\/a><\/h2><time class=\"w-post-elm post_date usg_post_date_1 has_text_color entry-date published\" datetime=\"2024-02-16T10:41:11+01:00\">16 febrero, 2024<\/time><div class=\"w-post-elm post_author usg_post_author_1 vcard author color_link_inherit\"><div class=\"post-author-meta\"><a href=\"https:\/\/conversesacatalunya.cat\/es\/author\/carme_catala\/\" class=\"post-author-name fn\">conversesacatalunya<\/a><\/div><\/div>\t\t<\/div>\r\n\t\t\t<\/article>\r\n\t<article class=\"w-grid-item size_1x1 post-67403 post type-post status-publish format-standard has-post-thumbnail hentry category-objectius-especifics-es category-sin-publicidad tag-pla-cerda-es tag-superilles-es\" data-id=\"67403\">\r\n\t\t<div class=\"w-grid-item-h\">\r\n\t\t\t\t\t\t<div class=\"w-post-elm post_image usg_post_image_1 actualitat_img stretched\"><a href=\"https:\/\/conversesacatalunya.cat\/es\/segunda-campana-carteles-en-barcelona\/\" aria-label=\"Segunda campa\u00f1a de carteles en Barcelona\"><img decoding=\"async\" width=\"1024\" height=\"1024\" data-src=\"https:\/\/conversesacatalunya.cat\/wp-content\/uploads\/2023\/05\/20230424_120640-marc-marti.com-002-1024x1024.jpg\" class=\"attachment-large size-large wp-post-image lazyload\" alt=\"\" data-srcset=\"https:\/\/conversesacatalunya.cat\/wp-content\/uploads\/2023\/05\/20230424_120640-marc-marti.com-002-1024x1024.jpg 1024w, https:\/\/conversesacatalunya.cat\/wp-content\/uploads\/2023\/05\/20230424_120640-marc-marti.com-002-300x300.jpg 300w, https:\/\/conversesacatalunya.cat\/wp-content\/uploads\/2023\/05\/20230424_120640-marc-marti.com-002-150x150.jpg 150w, https:\/\/conversesacatalunya.cat\/wp-content\/uploads\/2023\/05\/20230424_120640-marc-marti.com-002-350x350.jpg 350w, https:\/\/conversesacatalunya.cat\/wp-content\/uploads\/2023\/05\/20230424_120640-marc-marti.com-002-600x600.jpg 600w, https:\/\/conversesacatalunya.cat\/wp-content\/uploads\/2023\/05\/20230424_120640-marc-marti.com-002.jpg 1214w\" data-sizes=\"(max-width: 1024px) 100vw, 1024px\" src=\"data:image\/svg+xml;base64,PHN2ZyB3aWR0aD0iMSIgaGVpZ2h0PSIxIiB4bWxucz0iaHR0cDovL3d3dy53My5vcmcvMjAwMC9zdmciPjwvc3ZnPg==\" style=\"--smush-placeholder-width: 1024px; --smush-placeholder-aspect-ratio: 1024\/1024;\" \/><\/a><\/div><h2 class=\"w-post-elm post_title usg_post_title_1 entry-title color_link_inherit\"><a href=\"https:\/\/conversesacatalunya.cat\/es\/segunda-campana-carteles-en-barcelona\/\">Segunda campa\u00f1a de carteles en Barcelona<\/a><\/h2><time class=\"w-post-elm post_date usg_post_date_1 has_text_color entry-date published\" datetime=\"2023-05-15T10:22:06+02:00\">15 mayo, 2023<\/time><div class=\"w-post-elm post_author usg_post_author_1 vcard author color_link_inherit\"><div class=\"post-author-meta\"><a href=\"https:\/\/conversesacatalunya.cat\/es\/author\/muntsa_escola\/\" class=\"post-author-name fn\">conversesacatalunya<\/a><\/div><\/div>\t\t<\/div>\r\n\t\t\t<\/article>\r\n\t<article class=\"w-grid-item size_1x1 post-59652 post type-post status-publish format-standard has-post-thumbnail hentry category-objectius-especifics-es category-sin-publicidad tag-elecciones-municipales-barcelona tag-xavier-trias-es\" data-id=\"59652\">\r\n\t\t<div class=\"w-grid-item-h\">\r\n\t\t\t\t\t\t<div class=\"w-post-elm post_image usg_post_image_1 actualitat_img stretched\"><a href=\"https:\/\/conversesacatalunya.cat\/es\/xavier-trias-se-presentara-en-las-elecciones-de-2023\/\" aria-label=\"Resultados de la encuesta anterior: \u00bfCrees que Xavier Trias se presentar\u00e1 en las pr\u00f3ximas elecciones municipales de 2023?\"><img decoding=\"async\" width=\"1024\" height=\"449\" data-src=\"https:\/\/conversesacatalunya.cat\/wp-content\/uploads\/2022\/07\/Trias-alcalde-1024x449.jpg\" class=\"attachment-large size-large wp-post-image lazyload\" alt=\"Trias alcalde\" data-srcset=\"https:\/\/conversesacatalunya.cat\/wp-content\/uploads\/2022\/07\/Trias-alcalde-1024x449.jpg 1024w, https:\/\/conversesacatalunya.cat\/wp-content\/uploads\/2022\/07\/Trias-alcalde-300x131.jpg 300w, https:\/\/conversesacatalunya.cat\/wp-content\/uploads\/2022\/07\/Trias-alcalde.jpg 1280w\" data-sizes=\"(max-width: 1024px) 100vw, 1024px\" src=\"data:image\/svg+xml;base64,PHN2ZyB3aWR0aD0iMSIgaGVpZ2h0PSIxIiB4bWxucz0iaHR0cDovL3d3dy53My5vcmcvMjAwMC9zdmciPjwvc3ZnPg==\" style=\"--smush-placeholder-width: 1024px; --smush-placeholder-aspect-ratio: 1024\/449;\" \/><\/a><\/div><h2 class=\"w-post-elm post_title usg_post_title_1 entry-title color_link_inherit\"><a href=\"https:\/\/conversesacatalunya.cat\/es\/xavier-trias-se-presentara-en-las-elecciones-de-2023\/\">Resultados de la encuesta anterior: \u00bfCrees que Xavier Trias se presentar\u00e1 en las pr\u00f3ximas elecciones municipales de 2023?<\/a><\/h2><time class=\"w-post-elm post_date usg_post_date_1 has_text_color entry-date published\" datetime=\"2022-07-28T08:34:41+02:00\">28 julio, 2022<\/time><div class=\"w-post-elm post_author usg_post_author_1 vcard author color_link_inherit\"><div class=\"post-author-meta\"><a href=\"https:\/\/conversesacatalunya.cat\/es\/author\/muntsa_escola\/\" class=\"post-author-name fn\">conversesacatalunya<\/a><\/div><\/div>\t\t<\/div>\r\n\t\t\t<\/article>\r\n\t<article class=\"w-grid-item size_1x1 post-59277 post type-post status-publish format-standard has-post-thumbnail hentry category-objectius-especifics-es tag-ada-colau-es tag-colau-es tag-encuesta-municipal tag-encuestas\" data-id=\"59277\">\r\n\t\t<div class=\"w-grid-item-h\">\r\n\t\t\t\t\t\t<div class=\"w-post-elm post_image usg_post_image_1 actualitat_img stretched\"><a href=\"https:\/\/conversesacatalunya.cat\/es\/encuesta-municipal-colau-volvera-a-ganar-elecciones\/\" aria-label=\"Resultados de la encuesta anterior: Pese a lo que dice la encuesta municipal, \u00bfcrees que Colau volver\u00e1 a ganar las elecciones?\"><img decoding=\"async\" width=\"565\" height=\"424\" data-src=\"https:\/\/conversesacatalunya.cat\/wp-content\/uploads\/2022\/07\/Urgell-002.jpg\" class=\"attachment-large size-large wp-post-image lazyload\" alt=\"encuesta municipal\" data-srcset=\"https:\/\/conversesacatalunya.cat\/wp-content\/uploads\/2022\/07\/Urgell-002.jpg 565w, https:\/\/conversesacatalunya.cat\/wp-content\/uploads\/2022\/07\/Urgell-002-300x225.jpg 300w\" data-sizes=\"(max-width: 565px) 100vw, 565px\" src=\"data:image\/svg+xml;base64,PHN2ZyB3aWR0aD0iMSIgaGVpZ2h0PSIxIiB4bWxucz0iaHR0cDovL3d3dy53My5vcmcvMjAwMC9zdmciPjwvc3ZnPg==\" style=\"--smush-placeholder-width: 565px; --smush-placeholder-aspect-ratio: 565\/424;\" \/><\/a><\/div><h2 class=\"w-post-elm post_title usg_post_title_1 entry-title color_link_inherit\"><a href=\"https:\/\/conversesacatalunya.cat\/es\/encuesta-municipal-colau-volvera-a-ganar-elecciones\/\">Resultados de la encuesta anterior: Pese a lo que dice la encuesta municipal, \u00bfcrees que Colau volver\u00e1 a ganar las elecciones?<\/a><\/h2><time class=\"w-post-elm post_date usg_post_date_1 has_text_color entry-date published\" datetime=\"2022-07-14T12:41:16+02:00\">14 julio, 2022<\/time><div class=\"w-post-elm post_author usg_post_author_1 vcard author color_link_inherit\"><div class=\"post-author-meta\"><a href=\"https:\/\/conversesacatalunya.cat\/es\/author\/muntsa_escola\/\" class=\"post-author-name fn\">conversesacatalunya<\/a><\/div><\/div>\t\t<\/div>\r\n\t\t\t<\/article>\r\n\t<article class=\"w-grid-item size_1x1 post-58790 post type-post status-publish format-standard has-post-thumbnail hentry category-objectius-especifics-es category-sin-publicidad tag-refugis-climatics-es\" data-id=\"58790\">\r\n\t\t<div class=\"w-grid-item-h\">\r\n\t\t\t\t\t\t<div class=\"w-post-elm post_image usg_post_image_1 actualitat_img stretched\"><a href=\"https:\/\/conversesacatalunya.cat\/es\/has-utilizado-refugios-climaticos-de-colau\/\" aria-label=\"Resultados de la encuesta anterior: \u00bfHas utilizado alg\u00fan d\u00eda de la ola de calor alguno de los refugios clim\u00e1ticos del gobierno municipal de Ada Colau?\"><img decoding=\"async\" width=\"768\" height=\"1024\" data-src=\"https:\/\/conversesacatalunya.cat\/wp-content\/uploads\/2022\/06\/refugi-climatic-1.jpg\" class=\"attachment-large size-large wp-post-image lazyload\" alt=\"\" data-srcset=\"https:\/\/conversesacatalunya.cat\/wp-content\/uploads\/2022\/06\/refugi-climatic-1.jpg 768w, https:\/\/conversesacatalunya.cat\/wp-content\/uploads\/2022\/06\/refugi-climatic-1-225x300.jpg 225w\" data-sizes=\"(max-width: 768px) 100vw, 768px\" src=\"data:image\/svg+xml;base64,PHN2ZyB3aWR0aD0iMSIgaGVpZ2h0PSIxIiB4bWxucz0iaHR0cDovL3d3dy53My5vcmcvMjAwMC9zdmciPjwvc3ZnPg==\" style=\"--smush-placeholder-width: 768px; --smush-placeholder-aspect-ratio: 768\/1024;\" \/><\/a><\/div><h2 class=\"w-post-elm post_title usg_post_title_1 entry-title color_link_inherit\"><a href=\"https:\/\/conversesacatalunya.cat\/es\/has-utilizado-refugios-climaticos-de-colau\/\">Resultados de la encuesta anterior: \u00bfHas utilizado alg\u00fan d\u00eda de la ola de calor alguno de los refugios clim\u00e1ticos del gobierno municipal de Ada Colau?<\/a><\/h2><time class=\"w-post-elm post_date usg_post_date_1 has_text_color entry-date published\" datetime=\"2022-06-28T12:30:33+02:00\">28 junio, 2022<\/time><div class=\"w-post-elm post_author usg_post_author_1 vcard author color_link_inherit\"><div class=\"post-author-meta\"><a href=\"https:\/\/conversesacatalunya.cat\/es\/author\/muntsa_escola\/\" class=\"post-author-name fn\">conversesacatalunya<\/a><\/div><\/div>\t\t<\/div>\r\n\t\t\t<\/article>\r\n\t<article class=\"w-grid-item size_1x1 post-58610 post type-post status-publish format-standard has-post-thumbnail hentry category-objectius-especifics-es tag-municipales-2023 tag-municipals-2023-es\" data-id=\"58610\">\r\n\t\t<div class=\"w-grid-item-h\">\r\n\t\t\t\t\t\t<div class=\"w-post-elm post_image usg_post_image_1 actualitat_img stretched\"><a href=\"https:\/\/conversesacatalunya.cat\/es\/sandro-rosell-elecciones-municipales-barcelona\/\" aria-label=\"Resultados de la encuesta anterior: \u00bfSe presentar\u00e1 Sandro Rosell en las pr\u00f3ximas elecciones municipales en el Ayuntamiento de Barcelona?\"><img decoding=\"async\" width=\"500\" height=\"345\" data-src=\"https:\/\/conversesacatalunya.cat\/wp-content\/uploads\/2022\/06\/Barcelona-Rosell.jpg\" class=\"attachment-large size-large wp-post-image lazyload\" alt=\"Sandro Rosell\" data-srcset=\"https:\/\/conversesacatalunya.cat\/wp-content\/uploads\/2022\/06\/Barcelona-Rosell.jpg 500w, https:\/\/conversesacatalunya.cat\/wp-content\/uploads\/2022\/06\/Barcelona-Rosell-300x207.jpg 300w\" data-sizes=\"(max-width: 500px) 100vw, 500px\" src=\"data:image\/svg+xml;base64,PHN2ZyB3aWR0aD0iMSIgaGVpZ2h0PSIxIiB4bWxucz0iaHR0cDovL3d3dy53My5vcmcvMjAwMC9zdmciPjwvc3ZnPg==\" style=\"--smush-placeholder-width: 500px; --smush-placeholder-aspect-ratio: 500\/345;\" \/><\/a><\/div><h2 class=\"w-post-elm post_title usg_post_title_1 entry-title color_link_inherit\"><a href=\"https:\/\/conversesacatalunya.cat\/es\/sandro-rosell-elecciones-municipales-barcelona\/\">Resultados de la encuesta anterior: \u00bfSe presentar\u00e1 Sandro Rosell en las pr\u00f3ximas elecciones municipales en el Ayuntamiento de Barcelona?<\/a><\/h2><time class=\"w-post-elm post_date usg_post_date_1 has_text_color entry-date published\" datetime=\"2022-06-21T12:29:15+02:00\">21 junio, 2022<\/time><div class=\"w-post-elm post_author usg_post_author_1 vcard author color_link_inherit\"><div class=\"post-author-meta\"><a href=\"https:\/\/conversesacatalunya.cat\/es\/author\/muntsa_escola\/\" class=\"post-author-name fn\">conversesacatalunya<\/a><\/div><\/div>\t\t<\/div>\r\n\t\t\t<\/article>\r\n\t<article class=\"w-grid-item size_1x1 post-58529 post type-post status-publish format-standard has-post-thumbnail hentry category-objectius-especifics-es tag-circulacio-es\" data-id=\"58529\">\r\n\t\t<div class=\"w-grid-item-h\">\r\n\t\t\t\t\t\t<div class=\"w-post-elm post_image usg_post_image_1 actualitat_img stretched\"><a href=\"https:\/\/conversesacatalunya.cat\/es\/generalitat-colapsos-ap-7\/\" aria-label=\"Resultados de la encuesta anterior: \u00bfCrees que la Generalitat deber\u00eda abordar con urgencia los colapsos de la AP-7?\"><img decoding=\"async\" width=\"640\" height=\"426\" data-src=\"https:\/\/conversesacatalunya.cat\/wp-content\/uploads\/2022\/06\/AP7.jpg\" class=\"attachment-large size-large wp-post-image lazyload\" alt=\"\" data-srcset=\"https:\/\/conversesacatalunya.cat\/wp-content\/uploads\/2022\/06\/AP7.jpg 640w, https:\/\/conversesacatalunya.cat\/wp-content\/uploads\/2022\/06\/AP7-300x200.jpg 300w\" data-sizes=\"(max-width: 640px) 100vw, 640px\" src=\"data:image\/svg+xml;base64,PHN2ZyB3aWR0aD0iMSIgaGVpZ2h0PSIxIiB4bWxucz0iaHR0cDovL3d3dy53My5vcmcvMjAwMC9zdmciPjwvc3ZnPg==\" style=\"--smush-placeholder-width: 640px; --smush-placeholder-aspect-ratio: 640\/426;\" \/><\/a><\/div><h2 class=\"w-post-elm post_title usg_post_title_1 entry-title color_link_inherit\"><a href=\"https:\/\/conversesacatalunya.cat\/es\/generalitat-colapsos-ap-7\/\">Resultados de la encuesta anterior: \u00bfCrees que la Generalitat deber\u00eda abordar con urgencia los colapsos de la AP-7?<\/a><\/h2><time class=\"w-post-elm post_date usg_post_date_1 has_text_color entry-date published\" datetime=\"2022-06-17T09:06:29+02:00\">17 junio, 2022<\/time><div class=\"w-post-elm post_author usg_post_author_1 vcard author color_link_inherit\"><div class=\"post-author-meta\"><a href=\"https:\/\/conversesacatalunya.cat\/es\/author\/muntsa_escola\/\" class=\"post-author-name fn\">conversesacatalunya<\/a><\/div><\/div>\t\t<\/div>\r\n\t\t\t<\/article>\r\n\t<article class=\"w-grid-item size_1x1 post-57090 post type-post status-publish format-standard has-post-thumbnail hentry category-objectius-especifics-es category-sin-publicidad tag-ada-colau-es tag-colau-es\" data-id=\"57090\">\r\n\t\t<div class=\"w-grid-item-h\">\r\n\t\t\t\t\t\t<div class=\"w-post-elm post_image usg_post_image_1 actualitat_img stretched\"><a href=\"https:\/\/conversesacatalunya.cat\/es\/ada-colau-volvera-a-presentarse-elecciones\/\" aria-label=\"Resultados de la encuesta anterior: \u00bfCrees que Ada Colau volver\u00e1 a presentarse a las elecciones municipales de 2023?\"><img decoding=\"async\" width=\"640\" height=\"360\" data-src=\"https:\/\/conversesacatalunya.cat\/wp-content\/uploads\/2022\/04\/barcelona-g2b1bc1ccc_640.jpg\" class=\"attachment-large size-large wp-post-image lazyload\" alt=\"\" data-srcset=\"https:\/\/conversesacatalunya.cat\/wp-content\/uploads\/2022\/04\/barcelona-g2b1bc1ccc_640.jpg 640w, https:\/\/conversesacatalunya.cat\/wp-content\/uploads\/2022\/04\/barcelona-g2b1bc1ccc_640-300x169.jpg 300w\" data-sizes=\"(max-width: 640px) 100vw, 640px\" src=\"data:image\/svg+xml;base64,PHN2ZyB3aWR0aD0iMSIgaGVpZ2h0PSIxIiB4bWxucz0iaHR0cDovL3d3dy53My5vcmcvMjAwMC9zdmciPjwvc3ZnPg==\" style=\"--smush-placeholder-width: 640px; --smush-placeholder-aspect-ratio: 640\/360;\" \/><\/a><\/div><h2 class=\"w-post-elm post_title usg_post_title_1 entry-title color_link_inherit\"><a href=\"https:\/\/conversesacatalunya.cat\/es\/ada-colau-volvera-a-presentarse-elecciones\/\">Resultados de la encuesta anterior: \u00bfCrees que Ada Colau volver\u00e1 a presentarse a las elecciones municipales de 2023?<\/a><\/h2><time class=\"w-post-elm post_date usg_post_date_1 has_text_color entry-date published\" datetime=\"2022-04-26T13:02:39+02:00\">26 abril, 2022<\/time><div class=\"w-post-elm post_author usg_post_author_1 vcard author color_link_inherit\"><div class=\"post-author-meta\"><a href=\"https:\/\/conversesacatalunya.cat\/es\/author\/muntsa_escola\/\" class=\"post-author-name fn\">conversesacatalunya<\/a><\/div><\/div>\t\t<\/div>\r\n\t\t\t<\/article>\r\n\t<article class=\"w-grid-item size_1x1 post-56297 post type-post status-publish format-standard has-post-thumbnail hentry category-objectius-especifics-es category-sin-publicidad tag-zbe-es tag-zona-de-bajas-emisiones\" data-id=\"56297\">\r\n\t\t<div class=\"w-grid-item-h\">\r\n\t\t\t\t\t\t<div class=\"w-post-elm post_image usg_post_image_1 actualitat_img stretched\"><a href=\"https:\/\/conversesacatalunya.cat\/es\/ayuntamiento-de-barcelona-emita-voto-de-censura-a-ada-colau-zbe\/\" aria-label=\"Resultados de la encuesta anterior: \u00bfEs necesario que el plenario del Ayuntamiento de Barcelona emita un voto de censura a Ada Colau por la sentencia del TSJC que deja sin efecto las zonas de bajas emisiones (ZBE) en Barcelona?\"><img decoding=\"async\" width=\"640\" height=\"425\" data-src=\"https:\/\/conversesacatalunya.cat\/wp-content\/uploads\/2022\/03\/tubo-de-escape.jpg\" class=\"attachment-large size-large wp-post-image lazyload\" alt=\"\" data-srcset=\"https:\/\/conversesacatalunya.cat\/wp-content\/uploads\/2022\/03\/tubo-de-escape.jpg 640w, https:\/\/conversesacatalunya.cat\/wp-content\/uploads\/2022\/03\/tubo-de-escape-300x199.jpg 300w\" data-sizes=\"(max-width: 640px) 100vw, 640px\" src=\"data:image\/svg+xml;base64,PHN2ZyB3aWR0aD0iMSIgaGVpZ2h0PSIxIiB4bWxucz0iaHR0cDovL3d3dy53My5vcmcvMjAwMC9zdmciPjwvc3ZnPg==\" style=\"--smush-placeholder-width: 640px; --smush-placeholder-aspect-ratio: 640\/425;\" \/><\/a><\/div><h2 class=\"w-post-elm post_title usg_post_title_1 entry-title color_link_inherit\"><a href=\"https:\/\/conversesacatalunya.cat\/es\/ayuntamiento-de-barcelona-emita-voto-de-censura-a-ada-colau-zbe\/\">Resultados de la encuesta anterior: \u00bfEs necesario que el plenario del Ayuntamiento de Barcelona emita un voto de censura a Ada Colau por la sentencia del TSJC que deja sin efecto las zonas de bajas emisiones (ZBE) en Barcelona?<\/a><\/h2><time class=\"w-post-elm post_date usg_post_date_1 has_text_color entry-date published\" datetime=\"2022-03-30T09:45:54+02:00\">30 marzo, 2022<\/time><div class=\"w-post-elm post_author usg_post_author_1 vcard author color_link_inherit\"><div class=\"post-author-meta\"><a href=\"https:\/\/conversesacatalunya.cat\/es\/author\/muntsa_escola\/\" class=\"post-author-name fn\">conversesacatalunya<\/a><\/div><\/div>\t\t<\/div>\r\n\t\t\t<\/article>\r\n\t<article class=\"w-grid-item size_1x1 post-54966 post type-post status-publish format-standard has-post-thumbnail hentry category-objectius-especifics-es category-sin-publicidad\" data-id=\"54966\">\r\n\t\t<div class=\"w-grid-item-h\">\r\n\t\t\t\t\t\t<div class=\"w-post-elm post_image usg_post_image_1 actualitat_img stretched\"><a href=\"https:\/\/conversesacatalunya.cat\/es\/crees-que-habra-guerra-ucrania\/\" aria-label=\"Resultados de la encuesta anterior: \u00bfCrees que habr\u00e1 una guerra en Europa por Ucrania?\"><img decoding=\"async\" width=\"640\" height=\"423\" data-src=\"https:\/\/conversesacatalunya.cat\/wp-content\/uploads\/2022\/02\/Kiev-guerra.jpg\" class=\"attachment-large size-large wp-post-image lazyload\" alt=\"Kiev\" data-srcset=\"https:\/\/conversesacatalunya.cat\/wp-content\/uploads\/2022\/02\/Kiev-guerra.jpg 640w, https:\/\/conversesacatalunya.cat\/wp-content\/uploads\/2022\/02\/Kiev-guerra-300x198.jpg 300w\" data-sizes=\"(max-width: 640px) 100vw, 640px\" src=\"data:image\/svg+xml;base64,PHN2ZyB3aWR0aD0iMSIgaGVpZ2h0PSIxIiB4bWxucz0iaHR0cDovL3d3dy53My5vcmcvMjAwMC9zdmciPjwvc3ZnPg==\" style=\"--smush-placeholder-width: 640px; --smush-placeholder-aspect-ratio: 640\/423;\" \/><\/a><\/div><h2 class=\"w-post-elm post_title usg_post_title_1 entry-title color_link_inherit\"><a href=\"https:\/\/conversesacatalunya.cat\/es\/crees-que-habra-guerra-ucrania\/\">Resultados de la encuesta anterior: \u00bfCrees que habr\u00e1 una guerra en Europa por Ucrania?<\/a><\/h2><time class=\"w-post-elm post_date usg_post_date_1 has_text_color entry-date published\" datetime=\"2022-02-16T11:18:30+01:00\">16 febrero, 2022<\/time><div class=\"w-post-elm post_author usg_post_author_1 vcard author color_link_inherit\"><div class=\"post-author-meta\"><a href=\"https:\/\/conversesacatalunya.cat\/es\/author\/muntsa_escola\/\" class=\"post-author-name fn\">conversesacatalunya<\/a><\/div><\/div>\t\t<\/div>\r\n\t\t\t<\/article>\r\n\t<article class=\"w-grid-item size_1x1 post-54391 post type-post status-publish format-standard has-post-thumbnail hentry category-objectius-especifics-es category-sin-publicidad tag-bicicleta-es tag-patinet-electric-es tag-patinete-electrico\" data-id=\"54391\">\r\n\t\t<div class=\"w-grid-item-h\">\r\n\t\t\t\t\t\t<div class=\"w-post-elm post_image usg_post_image_1 actualitat_img stretched\"><a href=\"https:\/\/conversesacatalunya.cat\/es\/incidente-con-patinete-o-bicicleta\/\" aria-label=\"Resultados de la encuesta anterior: En coche o caminando por Barcelona, \u00bfha tenido alg\u00fan incidente con un patinete o bicicleta?\"><img decoding=\"async\" width=\"640\" height=\"427\" data-src=\"https:\/\/conversesacatalunya.cat\/wp-content\/uploads\/2022\/02\/patinet.jpg\" class=\"attachment-large size-large wp-post-image lazyload\" alt=\"patinete\" data-srcset=\"https:\/\/conversesacatalunya.cat\/wp-content\/uploads\/2022\/02\/patinet.jpg 640w, https:\/\/conversesacatalunya.cat\/wp-content\/uploads\/2022\/02\/patinet-300x200.jpg 300w\" data-sizes=\"(max-width: 640px) 100vw, 640px\" src=\"data:image\/svg+xml;base64,PHN2ZyB3aWR0aD0iMSIgaGVpZ2h0PSIxIiB4bWxucz0iaHR0cDovL3d3dy53My5vcmcvMjAwMC9zdmciPjwvc3ZnPg==\" style=\"--smush-placeholder-width: 640px; --smush-placeholder-aspect-ratio: 640\/427;\" \/><\/a><\/div><h2 class=\"w-post-elm post_title usg_post_title_1 entry-title color_link_inherit\"><a href=\"https:\/\/conversesacatalunya.cat\/es\/incidente-con-patinete-o-bicicleta\/\">Resultados de la encuesta anterior: En coche o caminando por Barcelona, \u00bfha tenido alg\u00fan incidente con un patinete o bicicleta?<\/a><\/h2><time class=\"w-post-elm post_date usg_post_date_1 has_text_color entry-date published\" datetime=\"2022-02-01T11:45:58+01:00\">1 febrero, 2022<\/time><div class=\"w-post-elm post_author usg_post_author_1 vcard author color_link_inherit\"><div class=\"post-author-meta\"><a href=\"https:\/\/conversesacatalunya.cat\/es\/author\/muntsa_escola\/\" class=\"post-author-name fn\">conversesacatalunya<\/a><\/div><\/div>\t\t<\/div>\r\n\t\t\t<\/article>\r\n\t<article class=\"w-grid-item size_1x1 post-53739 post type-post status-publish format-standard has-post-thumbnail hentry category-objectius-especifics-es tag-economia-mundial-es tag-reactivacio-economia-es\" data-id=\"53739\">\r\n\t\t<div class=\"w-grid-item-h\">\r\n\t\t\t\t\t\t<div class=\"w-post-elm post_image usg_post_image_1 actualitat_img stretched\"><a href=\"https:\/\/conversesacatalunya.cat\/es\/situacion-economica-2022\/\" aria-label=\"Resultados de la encuesta anterior: Con relaci\u00f3n a tu situaci\u00f3n econ\u00f3mica, \u00bfc\u00f3mo crees que ser\u00e1 en 2022?\"><img decoding=\"async\" width=\"640\" height=\"426\" data-src=\"https:\/\/conversesacatalunya.cat\/wp-content\/uploads\/2022\/01\/economia.jpg\" class=\"attachment-large size-large wp-post-image lazyload\" alt=\"econom\u00eda\" data-srcset=\"https:\/\/conversesacatalunya.cat\/wp-content\/uploads\/2022\/01\/economia.jpg 640w, https:\/\/conversesacatalunya.cat\/wp-content\/uploads\/2022\/01\/economia-300x200.jpg 300w\" data-sizes=\"(max-width: 640px) 100vw, 640px\" src=\"data:image\/svg+xml;base64,PHN2ZyB3aWR0aD0iMSIgaGVpZ2h0PSIxIiB4bWxucz0iaHR0cDovL3d3dy53My5vcmcvMjAwMC9zdmciPjwvc3ZnPg==\" style=\"--smush-placeholder-width: 640px; --smush-placeholder-aspect-ratio: 640\/426;\" \/><\/a><\/div><h2 class=\"w-post-elm post_title usg_post_title_1 entry-title color_link_inherit\"><a href=\"https:\/\/conversesacatalunya.cat\/es\/situacion-economica-2022\/\">Resultados de la encuesta anterior: Con relaci\u00f3n a tu situaci\u00f3n econ\u00f3mica, \u00bfc\u00f3mo crees que ser\u00e1 en 2022?<\/a><\/h2><time class=\"w-post-elm post_date usg_post_date_1 has_text_color entry-date published\" datetime=\"2022-01-10T09:17:13+01:00\">10 enero, 2022<\/time><div class=\"w-post-elm post_author usg_post_author_1 vcard author color_link_inherit\"><div class=\"post-author-meta\"><a href=\"https:\/\/conversesacatalunya.cat\/es\/author\/muntsa_escola\/\" class=\"post-author-name fn\">conversesacatalunya<\/a><\/div><\/div>\t\t<\/div>\r\n\t\t\t<\/article>\r\n\t<article class=\"w-grid-item size_1x1 post-53497 post type-post status-publish format-standard has-post-thumbnail hentry category-objectius-especifics-es tag-judici-josep-lluis-trapero-es\" data-id=\"53497\">\r\n\t\t<div class=\"w-grid-item-h\">\r\n\t\t\t\t\t\t<div class=\"w-post-elm post_image usg_post_image_1 actualitat_img stretched\"><a href=\"https:\/\/conversesacatalunya.cat\/es\/destitucion-de-josep-lluis-trapero\/\" aria-label=\"Resultados de la encuesta anterior: \u00bfTe parece bien la destituci\u00f3n de Josep Llu\u00eds Trapero?\"><img decoding=\"async\" width=\"1024\" height=\"576\" data-src=\"https:\/\/conversesacatalunya.cat\/wp-content\/uploads\/2021\/12\/mossos-aeroport-280120.jpg\" class=\"attachment-large size-large wp-post-image lazyload\" alt=\"Trapero\" data-srcset=\"https:\/\/conversesacatalunya.cat\/wp-content\/uploads\/2021\/12\/mossos-aeroport-280120.jpg 1024w, https:\/\/conversesacatalunya.cat\/wp-content\/uploads\/2021\/12\/mossos-aeroport-280120-300x169.jpg 300w\" data-sizes=\"(max-width: 1024px) 100vw, 1024px\" src=\"data:image\/svg+xml;base64,PHN2ZyB3aWR0aD0iMSIgaGVpZ2h0PSIxIiB4bWxucz0iaHR0cDovL3d3dy53My5vcmcvMjAwMC9zdmciPjwvc3ZnPg==\" style=\"--smush-placeholder-width: 1024px; --smush-placeholder-aspect-ratio: 1024\/576;\" \/><\/a><\/div><h2 class=\"w-post-elm post_title usg_post_title_1 entry-title color_link_inherit\"><a href=\"https:\/\/conversesacatalunya.cat\/es\/destitucion-de-josep-lluis-trapero\/\">Resultados de la encuesta anterior: \u00bfTe parece bien la destituci\u00f3n de Josep Llu\u00eds Trapero?<\/a><\/h2><time class=\"w-post-elm post_date usg_post_date_1 has_text_color entry-date published\" datetime=\"2021-12-28T12:39:17+01:00\">28 diciembre, 2021<\/time><div class=\"w-post-elm post_author usg_post_author_1 vcard author color_link_inherit\"><div class=\"post-author-meta\"><a href=\"https:\/\/conversesacatalunya.cat\/es\/author\/muntsa_escola\/\" class=\"post-author-name fn\">conversesacatalunya<\/a><\/div><\/div>\t\t<\/div>\r\n\t\t\t<\/article>\r\n\t<article class=\"w-grid-item size_1x1 post-53085 post type-post status-publish format-standard has-post-thumbnail hentry category-objectius-especifics-es category-sin-publicidad tag-pesebre tag-pessebre-es tag-plaza-sant-jaume\" data-id=\"53085\">\r\n\t\t<div class=\"w-grid-item-h\">\r\n\t\t\t\t\t\t<div class=\"w-post-elm post_image usg_post_image_1 actualitat_img stretched\"><a href=\"https:\/\/conversesacatalunya.cat\/es\/plaza-sant-jaume-el-pesebre\/\" aria-label=\"Resultados de la encuesta anterior: Si ha ido a la plaza Sant Jaume de Barcelona para ver el pesebre de este a\u00f1o, \u00bfha conseguido encontrarlo?\"><img decoding=\"async\" width=\"1024\" height=\"768\" data-src=\"https:\/\/conversesacatalunya.cat\/wp-content\/uploads\/2021\/12\/Pesebre-min-002-1024x768.jpg\" class=\"attachment-large size-large wp-post-image lazyload\" alt=\"Pesebre\" data-srcset=\"https:\/\/conversesacatalunya.cat\/wp-content\/uploads\/2021\/12\/Pesebre-min-002-1024x768.jpg 1024w, https:\/\/conversesacatalunya.cat\/wp-content\/uploads\/2021\/12\/Pesebre-min-002-300x225.jpg 300w\" data-sizes=\"(max-width: 1024px) 100vw, 1024px\" src=\"data:image\/svg+xml;base64,PHN2ZyB3aWR0aD0iMSIgaGVpZ2h0PSIxIiB4bWxucz0iaHR0cDovL3d3dy53My5vcmcvMjAwMC9zdmciPjwvc3ZnPg==\" style=\"--smush-placeholder-width: 1024px; --smush-placeholder-aspect-ratio: 1024\/768;\" \/><\/a><\/div><h2 class=\"w-post-elm post_title usg_post_title_1 entry-title color_link_inherit\"><a href=\"https:\/\/conversesacatalunya.cat\/es\/plaza-sant-jaume-el-pesebre\/\">Resultados de la encuesta anterior: Si ha ido a la plaza Sant Jaume de Barcelona para ver el pesebre de este a\u00f1o, \u00bfha conseguido encontrarlo?<\/a><\/h2><time class=\"w-post-elm post_date usg_post_date_1 has_text_color entry-date published\" datetime=\"2021-12-15T12:03:31+01:00\">15 diciembre, 2021<\/time><div class=\"w-post-elm post_author usg_post_author_1 vcard author color_link_inherit\"><div class=\"post-author-meta\"><a href=\"https:\/\/conversesacatalunya.cat\/es\/author\/muntsa_escola\/\" class=\"post-author-name fn\">conversesacatalunya<\/a><\/div><\/div>\t\t<\/div>\r\n\t\t\t<\/article>\r\n\t<article class=\"w-grid-item size_1x1 post-51716 post type-post status-publish format-standard has-post-thumbnail hentry category-objectius-especifics-es category-punts-claus-del-dia-es category-sin-publicidad tag-lateria-navidad\" data-id=\"51716\">\r\n\t\t<div class=\"w-grid-item-h\">\r\n\t\t\t\t\t\t<div class=\"w-post-elm post_image usg_post_image_1 actualitat_img stretched\"><a href=\"https:\/\/conversesacatalunya.cat\/es\/loteria-de-navidad-de-converses\/\" aria-label=\"Loteria de Navidad de Converses\"><img decoding=\"async\" width=\"723\" height=\"415\" data-src=\"https:\/\/conversesacatalunya.cat\/wp-content\/uploads\/2021\/10\/Captura-de-pantalla-2021-10-21-133429.jpg\" class=\"attachment-large size-large wp-post-image lazyload\" alt=\"Lateria Navidad Converses\" data-srcset=\"https:\/\/conversesacatalunya.cat\/wp-content\/uploads\/2021\/10\/Captura-de-pantalla-2021-10-21-133429.jpg 723w, https:\/\/conversesacatalunya.cat\/wp-content\/uploads\/2021\/10\/Captura-de-pantalla-2021-10-21-133429-300x172.jpg 300w\" data-sizes=\"(max-width: 723px) 100vw, 723px\" src=\"data:image\/svg+xml;base64,PHN2ZyB3aWR0aD0iMSIgaGVpZ2h0PSIxIiB4bWxucz0iaHR0cDovL3d3dy53My5vcmcvMjAwMC9zdmciPjwvc3ZnPg==\" style=\"--smush-placeholder-width: 723px; --smush-placeholder-aspect-ratio: 723\/415;\" \/><\/a><\/div><h2 class=\"w-post-elm post_title usg_post_title_1 entry-title color_link_inherit\"><a href=\"https:\/\/conversesacatalunya.cat\/es\/loteria-de-navidad-de-converses\/\">Loteria de Navidad de Converses<\/a><\/h2><time class=\"w-post-elm post_date usg_post_date_1 has_text_color entry-date published\" datetime=\"2021-10-21T11:09:11+02:00\">21 octubre, 2021<\/time><div class=\"w-post-elm post_author usg_post_author_1 vcard author color_link_inherit\"><div class=\"post-author-meta\"><a href=\"https:\/\/conversesacatalunya.cat\/es\/author\/muntsa_escola\/\" class=\"post-author-name fn\">conversesacatalunya<\/a><\/div><\/div>\t\t<\/div>\r\n\t\t\t<\/article>\r\n\t<article class=\"w-grid-item size_1x1 post-49935 post type-post status-publish format-standard has-post-thumbnail hentry category-objectius-especifics-es category-sin-publicidad tag-covid-19-es tag-desescalada tag-variante-delta\" data-id=\"49935\">\r\n\t\t<div class=\"w-grid-item-h\">\r\n\t\t\t\t\t\t<div class=\"w-post-elm post_image usg_post_image_1 actualitat_img stretched\"><a href=\"https:\/\/conversesacatalunya.cat\/es\/variante-india-verano\/\" aria-label=\"Resultados de la encuesta anterior: \u00bfCre\u00e9is que la variante india de la covid-19 estropear\u00e1 el verano?\"><img decoding=\"async\" width=\"640\" height=\"427\" data-src=\"https:\/\/conversesacatalunya.cat\/wp-content\/uploads\/2021\/07\/test-antigens.jpg\" class=\"attachment-large size-large wp-post-image lazyload\" alt=\"\" data-srcset=\"https:\/\/conversesacatalunya.cat\/wp-content\/uploads\/2021\/07\/test-antigens.jpg 640w, https:\/\/conversesacatalunya.cat\/wp-content\/uploads\/2021\/07\/test-antigens-300x200.jpg 300w, https:\/\/conversesacatalunya.cat\/wp-content\/uploads\/2021\/07\/test-antigens-150x100.jpg 150w\" data-sizes=\"(max-width: 640px) 100vw, 640px\" src=\"data:image\/svg+xml;base64,PHN2ZyB3aWR0aD0iMSIgaGVpZ2h0PSIxIiB4bWxucz0iaHR0cDovL3d3dy53My5vcmcvMjAwMC9zdmciPjwvc3ZnPg==\" style=\"--smush-placeholder-width: 640px; --smush-placeholder-aspect-ratio: 640\/427;\" \/><\/a><\/div><h2 class=\"w-post-elm post_title usg_post_title_1 entry-title color_link_inherit\"><a href=\"https:\/\/conversesacatalunya.cat\/es\/variante-india-verano\/\">Resultados de la encuesta anterior: \u00bfCre\u00e9is que la variante india de la covid-19 estropear\u00e1 el verano?<\/a><\/h2><time class=\"w-post-elm post_date usg_post_date_1 has_text_color entry-date published\" datetime=\"2021-07-14T10:47:15+02:00\">14 julio, 2021<\/time><div class=\"w-post-elm post_author usg_post_author_1 vcard author color_link_inherit\"><div class=\"post-author-meta\"><a href=\"https:\/\/conversesacatalunya.cat\/es\/author\/muntsa_escola\/\" class=\"post-author-name fn\">conversesacatalunya<\/a><\/div><\/div>\t\t<\/div>\r\n\t\t\t<\/article>\r\n\t<article class=\"w-grid-item size_1x1 post-49489 post type-post status-publish format-standard has-post-thumbnail hentry category-objectius-especifics-es tag-indultos\" data-id=\"49489\">\r\n\t\t<div class=\"w-grid-item-h\">\r\n\t\t\t\t\t\t<div class=\"w-post-elm post_image usg_post_image_1 actualitat_img stretched\"><a href=\"https:\/\/conversesacatalunya.cat\/es\/solucio-del-conflicte-a-catalunya\/\" aria-label=\"Resultados de la encuesta anterior: \u00bfCreeis que la concesi\u00f3n de los indultos son el inicio de la soluci\u00f3n del conflicto en Catalunya?\"><img decoding=\"async\" width=\"640\" height=\"305\" data-src=\"https:\/\/conversesacatalunya.cat\/wp-content\/uploads\/2021\/06\/enquesta.jpg\" class=\"attachment-large size-large wp-post-image lazyload\" alt=\"\" data-srcset=\"https:\/\/conversesacatalunya.cat\/wp-content\/uploads\/2021\/06\/enquesta.jpg 640w, https:\/\/conversesacatalunya.cat\/wp-content\/uploads\/2021\/06\/enquesta-300x143.jpg 300w, https:\/\/conversesacatalunya.cat\/wp-content\/uploads\/2021\/06\/enquesta-150x71.jpg 150w\" data-sizes=\"(max-width: 640px) 100vw, 640px\" src=\"data:image\/svg+xml;base64,PHN2ZyB3aWR0aD0iMSIgaGVpZ2h0PSIxIiB4bWxucz0iaHR0cDovL3d3dy53My5vcmcvMjAwMC9zdmciPjwvc3ZnPg==\" style=\"--smush-placeholder-width: 640px; --smush-placeholder-aspect-ratio: 640\/305;\" \/><\/a><\/div><h2 class=\"w-post-elm post_title usg_post_title_1 entry-title color_link_inherit\"><a href=\"https:\/\/conversesacatalunya.cat\/es\/solucio-del-conflicte-a-catalunya\/\">Resultados de la encuesta anterior: \u00bfCreeis que la concesi\u00f3n de los indultos son el inicio de la soluci\u00f3n del conflicto en Catalunya?<\/a><\/h2><time class=\"w-post-elm post_date usg_post_date_1 has_text_color entry-date published\" datetime=\"2021-06-29T12:30:54+02:00\">29 junio, 2021<\/time><div class=\"w-post-elm post_author usg_post_author_1 vcard author color_link_inherit\"><div class=\"post-author-meta\"><a href=\"https:\/\/conversesacatalunya.cat\/es\/author\/muntsa_escola\/\" class=\"post-author-name fn\">conversesacatalunya<\/a><\/div><\/div>\t\t<\/div>\r\n\t\t\t<\/article>\r\n\t<article class=\"w-grid-item size_1x1 post-49395 post type-post status-publish format-standard has-post-thumbnail hentry category-objectius-especifics-es\" data-id=\"49395\">\r\n\t\t<div class=\"w-grid-item-h\">\r\n\t\t\t\t\t\t<div class=\"w-post-elm post_image usg_post_image_1 actualitat_img stretched\"><a href=\"https:\/\/conversesacatalunya.cat\/es\/ridiculo-sanchez-encuentro-biden\/\" aria-label=\"Resultados de la encuesta anterior: \u00bfHa hecho el rid\u00edculo el presidente S\u00e1nchez en su encuentro con el presidente Biden?\"><img decoding=\"async\" width=\"1024\" height=\"576\" data-src=\"https:\/\/conversesacatalunya.cat\/wp-content\/uploads\/2021\/06\/Sanchez-1-1024x576.jpg\" class=\"attachment-large size-large wp-post-image lazyload\" alt=\"\" data-srcset=\"https:\/\/conversesacatalunya.cat\/wp-content\/uploads\/2021\/06\/Sanchez-1-1024x576.jpg 1024w, https:\/\/conversesacatalunya.cat\/wp-content\/uploads\/2021\/06\/Sanchez-1-300x169.jpg 300w, https:\/\/conversesacatalunya.cat\/wp-content\/uploads\/2021\/06\/Sanchez-1-150x84.jpg 150w, https:\/\/conversesacatalunya.cat\/wp-content\/uploads\/2021\/06\/Sanchez-1.jpg 1200w\" data-sizes=\"(max-width: 1024px) 100vw, 1024px\" src=\"data:image\/svg+xml;base64,PHN2ZyB3aWR0aD0iMSIgaGVpZ2h0PSIxIiB4bWxucz0iaHR0cDovL3d3dy53My5vcmcvMjAwMC9zdmciPjwvc3ZnPg==\" style=\"--smush-placeholder-width: 1024px; --smush-placeholder-aspect-ratio: 1024\/576;\" \/><\/a><\/div><h2 class=\"w-post-elm post_title usg_post_title_1 entry-title color_link_inherit\"><a href=\"https:\/\/conversesacatalunya.cat\/es\/ridiculo-sanchez-encuentro-biden\/\">Resultados de la encuesta anterior: \u00bfHa hecho el rid\u00edculo el presidente S\u00e1nchez en su encuentro con el presidente Biden?<\/a><\/h2><time class=\"w-post-elm post_date usg_post_date_1 has_text_color entry-date published\" datetime=\"2021-06-25T09:50:44+02:00\">25 junio, 2021<\/time><div class=\"w-post-elm post_author usg_post_author_1 vcard author color_link_inherit\"><div class=\"post-author-meta\"><a href=\"https:\/\/conversesacatalunya.cat\/es\/author\/muntsa_escola\/\" class=\"post-author-name fn\">conversesacatalunya<\/a><\/div><\/div>\t\t<\/div>\r\n\t\t\t<\/article>\r\n\t<article class=\"w-grid-item size_1x1 post-49158 post type-post status-publish format-standard has-post-thumbnail hentry category-objectius-especifics-es\" data-id=\"49158\">\r\n\t\t<div class=\"w-grid-item-h\">\r\n\t\t\t\t\t\t<div class=\"w-post-elm post_image usg_post_image_1 actualitat_img stretched\"><a href=\"https:\/\/conversesacatalunya.cat\/es\/final-via-independentista\/\" aria-label=\"Resultados de la encuesta anterior: \u00bfLa carta de Oriol Junqueras representa el final de la v\u00eda independentista a medio plazo?\"><img decoding=\"async\" width=\"640\" height=\"425\" data-src=\"https:\/\/conversesacatalunya.cat\/wp-content\/uploads\/2021\/06\/Independencia.jpg\" class=\"attachment-large size-large wp-post-image lazyload\" alt=\"\" data-srcset=\"https:\/\/conversesacatalunya.cat\/wp-content\/uploads\/2021\/06\/Independencia.jpg 640w, https:\/\/conversesacatalunya.cat\/wp-content\/uploads\/2021\/06\/Independencia-300x199.jpg 300w, https:\/\/conversesacatalunya.cat\/wp-content\/uploads\/2021\/06\/Independencia-150x100.jpg 150w\" data-sizes=\"(max-width: 640px) 100vw, 640px\" src=\"data:image\/svg+xml;base64,PHN2ZyB3aWR0aD0iMSIgaGVpZ2h0PSIxIiB4bWxucz0iaHR0cDovL3d3dy53My5vcmcvMjAwMC9zdmciPjwvc3ZnPg==\" style=\"--smush-placeholder-width: 640px; --smush-placeholder-aspect-ratio: 640\/425;\" \/><\/a><\/div><h2 class=\"w-post-elm post_title usg_post_title_1 entry-title color_link_inherit\"><a href=\"https:\/\/conversesacatalunya.cat\/es\/final-via-independentista\/\">Resultados de la encuesta anterior: \u00bfLa carta de Oriol Junqueras representa el final de la v\u00eda independentista a medio plazo?<\/a><\/h2><time class=\"w-post-elm post_date usg_post_date_1 has_text_color entry-date published\" datetime=\"2021-06-16T12:56:22+02:00\">16 junio, 2021<\/time><div class=\"w-post-elm post_author usg_post_author_1 vcard author color_link_inherit\"><div class=\"post-author-meta\"><a href=\"https:\/\/conversesacatalunya.cat\/es\/author\/muntsa_escola\/\" class=\"post-author-name fn\">conversesacatalunya<\/a><\/div><\/div>\t\t<\/div>\r\n\t\t\t<\/article>\r\n\t<article class=\"w-grid-item size_1x1 post-48859 post type-post status-publish format-standard has-post-thumbnail hentry category-objectius-especifics-es tag-indult-1-o-es tag-indulto-1-o\" data-id=\"48859\">\r\n\t\t<div class=\"w-grid-item-h\">\r\n\t\t\t\t\t\t<div class=\"w-post-elm post_image usg_post_image_1 actualitat_img stretched\"><a href=\"https:\/\/conversesacatalunya.cat\/es\/encuesta-indulto-presos-1-o\/\" aria-label=\"Resultados de la encuesta anterior: \u00bfEst\u00e1s de acuerdo con que se otorguen los indultos a los condenados por el proc\u00e9s?\"><img decoding=\"async\" width=\"640\" height=\"426\" data-src=\"https:\/\/conversesacatalunya.cat\/wp-content\/uploads\/2021\/06\/preso.jpg\" class=\"attachment-large size-large wp-post-image lazyload\" alt=\"indulto\" data-srcset=\"https:\/\/conversesacatalunya.cat\/wp-content\/uploads\/2021\/06\/preso.jpg 640w, https:\/\/conversesacatalunya.cat\/wp-content\/uploads\/2021\/06\/preso-300x200.jpg 300w, https:\/\/conversesacatalunya.cat\/wp-content\/uploads\/2021\/06\/preso-150x100.jpg 150w\" data-sizes=\"(max-width: 640px) 100vw, 640px\" src=\"data:image\/svg+xml;base64,PHN2ZyB3aWR0aD0iMSIgaGVpZ2h0PSIxIiB4bWxucz0iaHR0cDovL3d3dy53My5vcmcvMjAwMC9zdmciPjwvc3ZnPg==\" style=\"--smush-placeholder-width: 640px; --smush-placeholder-aspect-ratio: 640\/426;\" \/><\/a><\/div><h2 class=\"w-post-elm post_title usg_post_title_1 entry-title color_link_inherit\"><a href=\"https:\/\/conversesacatalunya.cat\/es\/encuesta-indulto-presos-1-o\/\">Resultados de la encuesta anterior: \u00bfEst\u00e1s de acuerdo con que se otorguen los indultos a los condenados por el proc\u00e9s?<\/a><\/h2><time class=\"w-post-elm post_date usg_post_date_1 has_text_color entry-date published\" datetime=\"2021-06-08T11:17:21+02:00\">8 junio, 2021<\/time><div class=\"w-post-elm post_author usg_post_author_1 vcard author color_link_inherit\"><div class=\"post-author-meta\"><a href=\"https:\/\/conversesacatalunya.cat\/es\/author\/muntsa_escola\/\" class=\"post-author-name fn\">conversesacatalunya<\/a><\/div><\/div>\t\t<\/div>\r\n\t\t\t<\/article>\r\n\t<article class=\"w-grid-item size_1x1 post-48641 post type-post status-publish format-standard has-post-thumbnail hentry category-objectius-especifics-es\" data-id=\"48641\">\r\n\t\t<div class=\"w-grid-item-h\">\r\n\t\t\t\t\t\t<div class=\"w-post-elm post_image usg_post_image_1 actualitat_img stretched\"><a href=\"https:\/\/conversesacatalunya.cat\/es\/resultados-encuesta-nuevo-gobierno\/\" aria-label=\"Resultados de la encuesta anterior: \u00bfC\u00f3mo valoras el nuevo Gobierno de la Generalitat?\"><img decoding=\"async\" width=\"1024\" height=\"790\" data-src=\"https:\/\/conversesacatalunya.cat\/wp-content\/uploads\/2021\/06\/Palau-Generalitat-1024x790.jpg\" class=\"attachment-large size-large wp-post-image lazyload\" alt=\"Palacio Generalitat\" data-srcset=\"https:\/\/conversesacatalunya.cat\/wp-content\/uploads\/2021\/06\/Palau-Generalitat-1024x790.jpg 1024w, https:\/\/conversesacatalunya.cat\/wp-content\/uploads\/2021\/06\/Palau-Generalitat-300x232.jpg 300w, https:\/\/conversesacatalunya.cat\/wp-content\/uploads\/2021\/06\/Palau-Generalitat-150x116.jpg 150w\" data-sizes=\"(max-width: 1024px) 100vw, 1024px\" src=\"data:image\/svg+xml;base64,PHN2ZyB3aWR0aD0iMSIgaGVpZ2h0PSIxIiB4bWxucz0iaHR0cDovL3d3dy53My5vcmcvMjAwMC9zdmciPjwvc3ZnPg==\" style=\"--smush-placeholder-width: 1024px; --smush-placeholder-aspect-ratio: 1024\/790;\" \/><\/a><\/div><h2 class=\"w-post-elm post_title usg_post_title_1 entry-title color_link_inherit\"><a href=\"https:\/\/conversesacatalunya.cat\/es\/resultados-encuesta-nuevo-gobierno\/\">Resultados de la encuesta anterior: \u00bfC\u00f3mo valoras el nuevo Gobierno de la Generalitat?<\/a><\/h2><time class=\"w-post-elm post_date usg_post_date_1 has_text_color entry-date published\" datetime=\"2021-06-01T11:54:53+02:00\">1 junio, 2021<\/time><div class=\"w-post-elm post_author usg_post_author_1 vcard author color_link_inherit\"><div class=\"post-author-meta\"><a href=\"https:\/\/conversesacatalunya.cat\/es\/author\/muntsa_escola\/\" class=\"post-author-name fn\">conversesacatalunya<\/a><\/div><\/div>\t\t<\/div>\r\n\t\t\t<\/article>\r\n\t<article class=\"w-grid-item size_1x1 post-48429 post type-post status-publish format-standard has-post-thumbnail hentry category-objectius-especifics-es tag-cup tag-encuestas tag-pere-aragones-es\" data-id=\"48429\">\r\n\t\t<div class=\"w-grid-item-h\">\r\n\t\t\t\t\t\t<div class=\"w-post-elm post_image usg_post_image_1 actualitat_img stretched\"><a href=\"https:\/\/conversesacatalunya.cat\/es\/erc-y-junts-per-catalunya-legislatura\/\" aria-label=\"Resultados de la encuesta anterior: \u00bfCre\u00e9is que el Gobierno de ERC y Junts per Catalunya durar\u00e1 toda la legislatura?\"><img decoding=\"async\" width=\"710\" height=\"434\" data-src=\"https:\/\/conversesacatalunya.cat\/wp-content\/uploads\/2021\/05\/fichero_22775_20101027-710x434-1.jpg\" class=\"attachment-large size-large wp-post-image lazyload\" alt=\"ERC\" data-srcset=\"https:\/\/conversesacatalunya.cat\/wp-content\/uploads\/2021\/05\/fichero_22775_20101027-710x434-1.jpg 710w, https:\/\/conversesacatalunya.cat\/wp-content\/uploads\/2021\/05\/fichero_22775_20101027-710x434-1-300x183.jpg 300w, https:\/\/conversesacatalunya.cat\/wp-content\/uploads\/2021\/05\/fichero_22775_20101027-710x434-1-150x92.jpg 150w\" data-sizes=\"(max-width: 710px) 100vw, 710px\" src=\"data:image\/svg+xml;base64,PHN2ZyB3aWR0aD0iMSIgaGVpZ2h0PSIxIiB4bWxucz0iaHR0cDovL3d3dy53My5vcmcvMjAwMC9zdmciPjwvc3ZnPg==\" style=\"--smush-placeholder-width: 710px; --smush-placeholder-aspect-ratio: 710\/434;\" \/><\/a><\/div><h2 class=\"w-post-elm post_title usg_post_title_1 entry-title color_link_inherit\"><a href=\"https:\/\/conversesacatalunya.cat\/es\/erc-y-junts-per-catalunya-legislatura\/\">Resultados de la encuesta anterior: \u00bfCre\u00e9is que el Gobierno de ERC y Junts per Catalunya durar\u00e1 toda la legislatura?<\/a><\/h2><time class=\"w-post-elm post_date usg_post_date_1 has_text_color entry-date published\" datetime=\"2021-05-26T10:39:24+02:00\">26 mayo, 2021<\/time><div class=\"w-post-elm post_author usg_post_author_1 vcard author color_link_inherit\"><div class=\"post-author-meta\"><a href=\"https:\/\/conversesacatalunya.cat\/es\/author\/muntsa_escola\/\" class=\"post-author-name fn\">conversesacatalunya<\/a><\/div><\/div>\t\t<\/div>\r\n\t\t\t<\/article>\r\n\t<article class=\"w-grid-item size_1x1 post-48159 post type-post status-publish format-standard has-post-thumbnail hentry category-objectius-especifics-es tag-elecciones-14-f tag-erc-es tag-jxcat-es\" data-id=\"48159\">\r\n\t\t<div class=\"w-grid-item-h\">\r\n\t\t\t\t\t\t<div class=\"w-post-elm post_image usg_post_image_1 actualitat_img stretched\"><a href=\"https:\/\/conversesacatalunya.cat\/es\/resconseguira-erc-gobernar-en-solitario\/\" aria-label=\"Resultados de la encuesta anterior: \u00bfConseguir\u00e1 ERC gobernar en solitario?\"><img decoding=\"async\" width=\"640\" height=\"442\" data-src=\"https:\/\/conversesacatalunya.cat\/wp-content\/uploads\/2021\/05\/Parlament-Catalunya.jpg\" class=\"attachment-large size-large wp-post-image lazyload\" alt=\"Nou govern\" data-srcset=\"https:\/\/conversesacatalunya.cat\/wp-content\/uploads\/2021\/05\/Parlament-Catalunya.jpg 640w, https:\/\/conversesacatalunya.cat\/wp-content\/uploads\/2021\/05\/Parlament-Catalunya-300x207.jpg 300w, https:\/\/conversesacatalunya.cat\/wp-content\/uploads\/2021\/05\/Parlament-Catalunya-150x104.jpg 150w\" data-sizes=\"(max-width: 640px) 100vw, 640px\" src=\"data:image\/svg+xml;base64,PHN2ZyB3aWR0aD0iMSIgaGVpZ2h0PSIxIiB4bWxucz0iaHR0cDovL3d3dy53My5vcmcvMjAwMC9zdmciPjwvc3ZnPg==\" style=\"--smush-placeholder-width: 640px; --smush-placeholder-aspect-ratio: 640\/442;\" \/><\/a><\/div><h2 class=\"w-post-elm post_title usg_post_title_1 entry-title color_link_inherit\"><a href=\"https:\/\/conversesacatalunya.cat\/es\/resconseguira-erc-gobernar-en-solitario\/\">Resultados de la encuesta anterior: \u00bfConseguir\u00e1 ERC gobernar en solitario?<\/a><\/h2><time class=\"w-post-elm post_date usg_post_date_1 has_text_color entry-date published\" datetime=\"2021-05-18T10:30:45+02:00\">18 mayo, 2021<\/time><div class=\"w-post-elm post_author usg_post_author_1 vcard author color_link_inherit\"><div class=\"post-author-meta\"><a href=\"https:\/\/conversesacatalunya.cat\/es\/author\/muntsa_escola\/\" class=\"post-author-name fn\">conversesacatalunya<\/a><\/div><\/div>\t\t<\/div>\r\n\t\t\t<\/article>\r\n\t<article class=\"w-grid-item size_1x1 post-48014 post type-post status-publish format-standard has-post-thumbnail hentry category-objectius-especifics-es tag-ayuso tag-ciudadanos tag-elecciones-madrid\" data-id=\"48014\">\r\n\t\t<div class=\"w-grid-item-h\">\r\n\t\t\t\t\t\t<div class=\"w-post-elm post_image usg_post_image_1 actualitat_img stretched\"><a href=\"https:\/\/conversesacatalunya.cat\/es\/comunidad-madrid-espana\/\" aria-label=\"Resultados de la encuesta anterior: \u00bfCrees que los resultados de las elecciones en la Comunidad de Madrid tendr\u00e1n consecuencias electorales en toda Espa\u00f1a?\"><img decoding=\"async\" width=\"640\" height=\"360\" data-src=\"https:\/\/conversesacatalunya.cat\/wp-content\/uploads\/2021\/05\/elecciones.jpg\" class=\"attachment-large size-large wp-post-image lazyload\" alt=\"elecciones Madrid\" data-srcset=\"https:\/\/conversesacatalunya.cat\/wp-content\/uploads\/2021\/05\/elecciones.jpg 640w, https:\/\/conversesacatalunya.cat\/wp-content\/uploads\/2021\/05\/elecciones-300x169.jpg 300w, https:\/\/conversesacatalunya.cat\/wp-content\/uploads\/2021\/05\/elecciones-150x84.jpg 150w\" data-sizes=\"(max-width: 640px) 100vw, 640px\" src=\"data:image\/svg+xml;base64,PHN2ZyB3aWR0aD0iMSIgaGVpZ2h0PSIxIiB4bWxucz0iaHR0cDovL3d3dy53My5vcmcvMjAwMC9zdmciPjwvc3ZnPg==\" style=\"--smush-placeholder-width: 640px; --smush-placeholder-aspect-ratio: 640\/360;\" \/><\/a><\/div><h2 class=\"w-post-elm post_title usg_post_title_1 entry-title color_link_inherit\"><a href=\"https:\/\/conversesacatalunya.cat\/es\/comunidad-madrid-espana\/\">Resultados de la encuesta anterior: \u00bfCrees que los resultados de las elecciones en la Comunidad de Madrid tendr\u00e1n consecuencias electorales en toda Espa\u00f1a?<\/a><\/h2><time class=\"w-post-elm post_date usg_post_date_1 has_text_color entry-date published\" datetime=\"2021-05-13T09:43:32+02:00\">13 mayo, 2021<\/time><div class=\"w-post-elm post_author usg_post_author_1 vcard author color_link_inherit\"><div class=\"post-author-meta\"><a href=\"https:\/\/conversesacatalunya.cat\/es\/author\/muntsa_escola\/\" class=\"post-author-name fn\">conversesacatalunya<\/a><\/div><\/div>\t\t<\/div>\r\n\t\t\t<\/article>\r\n<\/div><div class=\"w-grid-preloader\">\t<div class=\"g-preloader type_1\">\r\n\t\t<div><\/div>\r\n\t<\/div>\r\n\t<\/div>\t\t\t<nav class=\"pagination navigation\" role=\"navigation\">\r\n\t\t\t\t<div class=\"nav-links\">\r\n\t\t\t\t\t<span aria-current=\"page\" class=\"page-numbers current\"><span>1<\/span><\/span>\n<a class=\"page-numbers\" href=\"https:\/\/conversesacatalunya.cat\/es\/wp-json\/wp\/v2\/pages\/27908\/page\/2\/\"><span>2<\/span><\/a>\n<a class=\"page-numbers\" href=\"https:\/\/conversesacatalunya.cat\/es\/wp-json\/wp\/v2\/pages\/27908\/page\/3\/\"><span>3<\/span><\/a>\n<a class=\"next page-numbers\" href=\"https:\/\/conversesacatalunya.cat\/es\/wp-json\/wp\/v2\/pages\/27908\/page\/2\/\"><span>Siguiente<\/span><\/a>\t\t\t\t<\/div>\r\n\t\t\t<\/nav>\r\n\t\t\t\t<div class=\"w-grid-json hidden\" onclick='return {&quot;action&quot;:&quot;us_ajax_grid&quot;,&quot;infinite_scroll&quot;:0,&quot;max_num_pages&quot;:3,&quot;pagination&quot;:&quot;regular&quot;,&quot;template_vars&quot;:{&quot;columns&quot;:&quot;3&quot;,&quot;exclude_items&quot;:&quot;none&quot;,&quot;img_size&quot;:&quot;default&quot;,&quot;ignore_items_size&quot;:0,&quot;items_layout&quot;:&quot;28091&quot;,&quot;items_offset&quot;:&quot;1&quot;,&quot;load_animation&quot;:&quot;none&quot;,&quot;overriding_link&quot;:&quot;{\\&quot;url\\&quot;:\\&quot;\\&quot;}&quot;,&quot;post_id&quot;:0,&quot;query_args&quot;:{&quot;post_type&quot;:[&quot;post&quot;],&quot;tax_query&quot;:[{&quot;taxonomy&quot;:&quot;category&quot;,&quot;field&quot;:&quot;slug&quot;,&quot;terms&quot;:[&quot;objectius-especifics-es&quot;]}],&quot;post_status&quot;:[&quot;publish&quot;],&quot;posts_per_page&quot;:&quot;30&quot;},&quot;orderby_query_args&quot;:{&quot;orderby&quot;:{&quot;date&quot;:&quot;DESC&quot;}},&quot;type&quot;:&quot;grid&quot;,&quot;us_grid_post_type&quot;:&quot;post&quot;,&quot;us_grid_ajax_index&quot;:1,&quot;us_grid_filter_query_string&quot;:null,&quot;us_grid_index&quot;:1,&quot;page_args&quot;:[],&quot;lang&quot;:&quot;es&quot;}}'><\/div>\r\n\t<\/div><\/div><\/div><\/div><div class=\"vc_col-sm-4 wpb_column vc_column_container\"><div class=\"vc_column-inner\"><div class=\"wpb_wrapper\"><div class=\"wpb_widgetised_column wpb_content_element\"><div class=\"wpb_wrapper\"><div id=\"block-6\" class=\"widget widget_block\"><div class=\"a-single a-12\"><!-- Banner est\u00e1ndar -->\r\n<!-- Banner est\u00e1ndar -->\r\n<a class=\"gofollow\" data-track=\"MTIsMCw2MA==\" href=\"https:\/\/www.aiguesdebarcelona.cat\/es\/\" rel=\"nofollow\" target=\"_blank\"><img decoding=\"async\" data-src=\"https:\/\/conversesacatalunya.cat\/wp-content\/uploads\/2023\/06\/Banner_QdA_300x250_ES.jpg\" src=\"data:image\/svg+xml;base64,PHN2ZyB3aWR0aD0iMSIgaGVpZ2h0PSIxIiB4bWxucz0iaHR0cDovL3d3dy53My5vcmcvMjAwMC9zdmciPjwvc3ZnPg==\" class=\"lazyload\" style=\"--smush-placeholder-width: 300px; --smush-placeholder-aspect-ratio: 300\/250;\"><\/a><\/div>\n<\/div><div id=\"block-5\" class=\"widget widget_block\"><p><!-- Error, \u00a1el anuncio no est\u00e1 disponible en este momento debido a restricciones de programaci\u00f3n\/geolocalizaci\u00f3n! --><\/p>\n<\/div><div id=\"block-7\" class=\"widget widget_block\"><p><!-- Error, \u00a1el anuncio no est\u00e1 disponible en este momento debido a restricciones de programaci\u00f3n\/geolocalizaci\u00f3n! --><\/p>\n<\/div><div id=\"text-19\" class=\"widget widget_text\">\t\t\t<div class=\"textwidget\"><div class=\"desc-autor\"><img decoding=\"async\" data-src=\"https:\/\/conversesacatalunya.cat\/wp-content\/uploads\/2019\/05\/fotovictor2010.jpg\" src=\"data:image\/svg+xml;base64,PHN2ZyB3aWR0aD0iMSIgaGVpZ2h0PSIxIiB4bWxucz0iaHR0cDovL3d3dy53My5vcmcvMjAwMC9zdmciPjwvc3ZnPg==\" class=\"lazyload\" style=\"--smush-placeholder-width: 2136px; --smush-placeholder-aspect-ratio: 2136\/3216;\" \/><b>V\u00edctor Pou<\/b> es doctor en derecho y licenciado en ciencias econ\u00f3micas por la Universitat de Barcelona, MBA por la IESE Business School de la Universidad de Navarra y Graduado en Integraci\u00f3n Europea por la Universidad de \u00c1msterdam. Es profesor del IESE Business School y de la Universidad Internacional de Catalu\u00f1a (UIC). Es Socio de la consultor\u00eda TAS Europrojects (Bruselas). Ha sido Ninguno de Unidad y Consejero de Relaciones Exteriores a la Comisi\u00f3n Europea (Bruselas). Ha sido Director del Patronato Catal\u00e1n pro Europa y Director General de Adecuaci\u00f3n a las Comunidades Europeas de la Generalitat de Catalu\u00f1a.<\/div><\/div>\n\t\t<\/div><div id=\"text-31\" class=\"widget widget_text\">\t\t\t<div class=\"textwidget\"><div class=\"desc-autor\"><img decoding=\"async\" data-src=\"https:\/\/conversesacatalunya.cat\/wp-content\/uploads\/2019\/02\/Captura-de-pantalla-2019-02-18-a-las-15.39.34.png\" src=\"data:image\/svg+xml;base64,PHN2ZyB3aWR0aD0iMSIgaGVpZ2h0PSIxIiB4bWxucz0iaHR0cDovL3d3dy53My5vcmcvMjAwMC9zdmciPjwvc3ZnPg==\" class=\"lazyload\" style=\"--smush-placeholder-width: 685px; --smush-placeholder-aspect-ratio: 685\/575;\" \/><strong>Marc Mir\u00f3<\/strong> : (Barcelona 1994) soy economista por la Universitat Pompeu Fabra y m\u00e1ster en Econom\u00eda de las Pol\u00edticas P\u00fablicas. He estado representando de los estudiantes en varios \u00f3rganos de la universidad y zoco ninguna escucha. \u201cEl fin de tener la mente abierta, como el de la boca abierta, es llenarla con algo valiosa\u201d (G.K. Chesterton).<\/div><\/div>\n\t\t<\/div><div id=\"text-32\" class=\"widget widget_text\">\t\t\t<div class=\"textwidget\"><div class=\"desc-autor\"><img decoding=\"async\" data-src=\"https:\/\/conversesacatalunya.cat\/wp-content\/uploads\/2019\/02\/taG6Sd2i-2.jpg\" src=\"data:image\/svg+xml;base64,PHN2ZyB3aWR0aD0iMSIgaGVpZ2h0PSIxIiB4bWxucz0iaHR0cDovL3d3dy53My5vcmcvMjAwMC9zdmciPjwvc3ZnPg==\" class=\"lazyload\" style=\"--smush-placeholder-width: 512px; --smush-placeholder-aspect-ratio: 512\/512;\" \/><strong>Josep Mir\u00f3 y Ard\u00e8vol<\/strong>: Lo m\u00e1s importante que he hecho en mi vida es casarme con Muntsa, tener hijos, Marc y Josep y, pero eso ya es una feliz derivada, una nieta, Anna. Lo m\u00e1s grande que me ha sucedido es haber dispuesto del don de la fe. A partir de ah\u00ed, todo lo dem\u00e1s son consecuencias o complementos.<\/div><\/div>\n\t\t<\/div><div id=\"text-33\" class=\"widget widget_text\">\t\t\t<div class=\"textwidget\"><div class=\"desc-autor\"><img decoding=\"async\" data-src=\"https:\/\/conversesacatalunya.cat\/wp-content\/uploads\/2019\/02\/Fra-Valenti-Serra.jpg\" src=\"data:image\/svg+xml;base64,PHN2ZyB3aWR0aD0iMSIgaGVpZ2h0PSIxIiB4bWxucz0iaHR0cDovL3d3dy53My5vcmcvMjAwMC9zdmciPjwvc3ZnPg==\" class=\"lazyload\" style=\"--smush-placeholder-width: 300px; --smush-placeholder-aspect-ratio: 300\/300;\" \/><strong>Fray Valent\u00ed Serra de Manresa<\/strong> (Manresa, Barcelona, 1959) es un religioso capuchino y sacerdote que profesa la Regla de Sant Francesc. Se doctor\u00f3 en Historia en la Universitat de Barcelona el 1995. Desde el a\u00f1o 1987 es el archivero provincial de los capuchinos y director de la Biblioteca Hispano-Capuchina. Colaborador cient\u00edfico de la Facultad de Teolog\u00eda de Catalu\u00f1a, forma parte, a su vez, del Claustro de Doctores de la Universitat de Barcelona. Destaca por su producci\u00f3n acad\u00e9mica, pero la mayor notoriedad lo ha logrado por sus conocimientos y divulgaci\u00f3n de las hierbas medicinales y la tradicional sabidur\u00eda de los monasterios en relaci\u00f3n a la alimentaci\u00f3n saludable. Actualmente reside en el convento de los Capuchinos de Sarri\u00e1 (Barcelona).<\/div><\/div>\n\t\t<\/div><div id=\"text-34\" class=\"widget widget_text\">\t\t\t<div class=\"textwidget\"><div class=\"desc-autor\"><img decoding=\"async\" data-src=\"https:\/\/conversesacatalunya.cat\/wp-content\/uploads\/2019\/02\/Carlos-Losada-img.jpg\" src=\"data:image\/svg+xml;base64,PHN2ZyB3aWR0aD0iMSIgaGVpZ2h0PSIxIiB4bWxucz0iaHR0cDovL3d3dy53My5vcmcvMjAwMC9zdmciPjwvc3ZnPg==\" class=\"lazyload\" style=\"--smush-placeholder-width: 250px; --smush-placeholder-aspect-ratio: 250\/250;\" \/><strong>Carlos Losada<\/strong> Doctor en Ciencias de la Gesti\u00f3n (PhD in Management Sciences) por la Universitat Ramon Llull. Licenciado en Direcci\u00f3n y Administraci\u00f3n de Empresas y M\u00e1ster en Administraci\u00f3n y Direcci\u00f3n de Empresas por ESADE. Licenciado en Derecho por la Universitat de Barcelona. Diplomado por la JFK School of Government (Harvard University) .\r\nInici\u00f3 su carrera en el sector privado. Ha ejercido varios lugares de direcci\u00f3n, tanto t\u00e9cnica como pol\u00edtica , a la Generalitat de Catalu\u00f1a . Ha trabajado en varias instituciones multilaterales. En 2000, se reincorpora a ESADE como director general , cargo que ejerce hasta el a\u00f1o 2010. Durante este periodo, es miembro de varios consejos de administraci\u00f3n y \u00f3rganos de gobierno.\r\nActualmente, compagina su actividad acad\u00e9mica con la pertenencia a varios \u00f3rganos de gobierno. Es Miembro del grupo de reflexi\u00f3n Construimos.<\/div><\/div>\n\t\t<\/div><div id=\"text-41\" class=\"widget widget_text\">\t\t\t<div class=\"textwidget\"><div class=\"desc-autor\"><img decoding=\"async\" data-src=\"https:\/\/conversesacatalunya.cat\/wp-content\/uploads\/2020\/05\/MARGENAT-02.jpg\" src=\"data:image\/svg+xml;base64,PHN2ZyB3aWR0aD0iMSIgaGVpZ2h0PSIxIiB4bWxucz0iaHR0cDovL3d3dy53My5vcmcvMjAwMC9zdmciPjwvc3ZnPg==\" class=\"lazyload\" style=\"--smush-placeholder-width: 2032px; --smush-placeholder-aspect-ratio: 2032\/1354;\" \/><strong>Josep M. Margenat<\/strong> Jesuita, trabaja en Cristianismo y Justicia (Barcelona) y en el Centro Internacional de Espiritualidad de Manresa. Profesor titular de Filosof\u00eda social en la Universidad Loyola Andaluc\u00eda.<\/div><\/div>\n\t\t<\/div><div id=\"text-35\" class=\"widget widget_text\">\t\t\t<div class=\"textwidget\"><div class=\"desc-autor\"><img decoding=\"async\" data-src=\"https:\/\/conversesacatalunya.cat\/wp-content\/uploads\/2019\/02\/Antoni-Duran.jpg\" src=\"data:image\/svg+xml;base64,PHN2ZyB3aWR0aD0iMSIgaGVpZ2h0PSIxIiB4bWxucz0iaHR0cDovL3d3dy53My5vcmcvMjAwMC9zdmciPjwvc3ZnPg==\" class=\"lazyload\" style=\"--smush-placeholder-width: 250px; --smush-placeholder-aspect-ratio: 250\/250;\" \/><strong>Antoni Dur\u00e1n-Sindreu<\/strong> Es profesor de la UPF y socio-director de Dur\u00e1n-Sindreu, Abogados y Consultores de Empresa.<\/div><\/div>\n\t\t<\/div><div id=\"text-36\" class=\"widget widget_text\">\t\t\t<div class=\"textwidget\"><div class=\"desc-autor\"><img decoding=\"async\" data-src=\"https:\/\/conversesacatalunya.cat\/wp-content\/uploads\/2019\/02\/Josep-Manuel-Silva.jpg\" src=\"data:image\/svg+xml;base64,PHN2ZyB3aWR0aD0iMSIgaGVpZ2h0PSIxIiB4bWxucz0iaHR0cDovL3d3dy53My5vcmcvMjAwMC9zdmciPjwvc3ZnPg==\" class=\"lazyload\" style=\"--smush-placeholder-width: 226px; --smush-placeholder-aspect-ratio: 226\/226;\" \/><strong>Josep Manuel Silva<\/strong> (Barcelona, 1961) es abogado y periodista y profesor asociado del Departamento de Periodismo de la Facultad de Ciencias de Comunicaci\u00f3n de la Universitat Aut\u00f2noma de Barcelona. Colabora con varios medios de comunicaci\u00f3n y form\u00f3 parte del Consejo de Administraci\u00f3n de RTVE. Actualmente es miembro del Consejo de Administraci\u00f3n de Cugat.cat. y vocal de la Plataforma Construim.<\/div><\/div>\n\t\t<\/div><div id=\"text-37\" class=\"widget widget_text\">\t\t\t<div class=\"textwidget\"><div class=\"desc-autor\"><img decoding=\"async\" data-src=\"https:\/\/conversesacatalunya.cat\/wp-content\/uploads\/2019\/02\/simo-aliana.jpg\" src=\"data:image\/svg+xml;base64,PHN2ZyB3aWR0aD0iMSIgaGVpZ2h0PSIxIiB4bWxucz0iaHR0cDovL3d3dy53My5vcmcvMjAwMC9zdmciPjwvc3ZnPg==\" class=\"lazyload\" style=\"--smush-placeholder-width: 256px; --smush-placeholder-aspect-ratio: 256\/256;\" \/><strong>Sim\u00f3 Aliana<\/strong> (Almenar -Lleida-, 1947). Graduado por UB en Pedagog\u00eda, UAB en Econom\u00eda y MIT en Management. Ha trabajado en diferentes lugares de responsabilidad en el sector p\u00fablico y en el sector privado. Actualmente jubilado.<\/div><\/div>\n\t\t<\/div><div id=\"text-38\" class=\"widget widget_text\">\t\t\t<div class=\"textwidget\"><div class=\"desc-autor\"><img decoding=\"async\" data-src=\"https:\/\/conversesacatalunya.cat\/wp-content\/uploads\/2019\/02\/treva-i-pau.png\" src=\"data:image\/svg+xml;base64,PHN2ZyB3aWR0aD0iMSIgaGVpZ2h0PSIxIiB4bWxucz0iaHR0cDovL3d3dy53My5vcmcvMjAwMC9zdmciPjwvc3ZnPg==\" class=\"lazyload\" style=\"--smush-placeholder-width: 220px; --smush-placeholder-aspect-ratio: 220\/220;\" \/><strong>Col\u00b7lectiu Treva i Pau<\/strong> Grupo de personas que reflexiona sobre la situaci\u00f3n social, pol\u00edtica y econ\u00f3mica: Jordi Alberich, Josep M. Bricall, Eugeni Gay, Jaume Lanaspa, Carlos Losada, J.J. L\u00f3pez Burniol, Josep Mir\u00f3 y Ard\u00e8vol, Alfredo Pastor<\/div><\/div>\n\t\t<\/div><div id=\"text-39\" class=\"widget widget_text\">\t\t\t<div class=\"textwidget\"><div class=\"desc-autor\"><img decoding=\"async\" data-src=\"https:\/\/conversesacatalunya.cat\/wp-content\/uploads\/2019\/02\/p_092.jpg\" src=\"data:image\/svg+xml;base64,PHN2ZyB3aWR0aD0iMSIgaGVpZ2h0PSIxIiB4bWxucz0iaHR0cDovL3d3dy53My5vcmcvMjAwMC9zdmciPjwvc3ZnPg==\" class=\"lazyload\" style=\"--smush-placeholder-width: 364px; --smush-placeholder-aspect-ratio: 364\/364;\" \/><strong>Alfredo Pastor<\/strong> Se licenci\u00f3 en Econom\u00eda en la Universitat de Barcelona el 1968 y se doctor\u00f3 en Econom\u00eda en el Massachusetts Institute of Technology el 1972, y el a\u00f1o siguiente en Ciencias Econ\u00f3micas en la Universitat Aut\u00f2noma de Barcelona. Ha estado director del Instituto de la Empresa Familiar, consejero del Banco de Espa\u00f1a y economista para el Banco Mundial. De 1985 a 1990 fue presidente y consejero delegado de la Empresa Nacional Hidroel\u00e9ctrica del Ribagorzana (ENHER). De 1993 a 1995 fue secretario de Estado de Econom\u00eda del Ministerio de Econom\u00eda y Hacienda. En la actualidad es profesor de Econom\u00eda y Titular de la C\u00e1tedra Banco Sabadell de Mercados Emergentes al IESE Business School de la Universidad de Navarra. Es consejero de varias empresas y organismos. El 2004 recibi\u00f3 la gran cruz de la espa\u00f1ola de la Orden del M\u00e9rito Civil. El 2011 fue galardonado con el premio Conde de God\u00f3 de Periodismo.<\/div><\/div>\n\t\t<\/div><div id=\"text-40\" class=\"widget widget_text\">\t\t\t<div class=\"textwidget\"><div class=\"desc-autor\"><img decoding=\"async\" data-src=\"https:\/\/conversesacatalunya.cat\/wp-content\/uploads\/2019\/02\/FOTO-4.jpg\" src=\"data:image\/svg+xml;base64,PHN2ZyB3aWR0aD0iMSIgaGVpZ2h0PSIxIiB4bWxucz0iaHR0cDovL3d3dy53My5vcmcvMjAwMC9zdmciPjwvc3ZnPg==\" class=\"lazyload\" style=\"--smush-placeholder-width: 473px; --smush-placeholder-aspect-ratio: 473\/575;\" \/><strong>Carles Ros y Arpa<\/strong> (Cor\u00e7\u00e0,1966). Casado y padre de dos hijos y dos hijas. Licenciado en Derecho (UB), licenciado en Ciencias Religiosas (ISCREB) y M\u00e1ster en Gesti\u00f3n Urban\u00edstica por la SE de Arquitectura (UPC). Secretario de Administraci\u00f3n Local y abogado.<\/div><\/div>\n\t\t<\/div><div id=\"custom_html-2\" class=\"widget_text widget widget_custom_html\"><div class=\"textwidget custom-html-widget\"><!--<div class=\"fb-page\" data-href=\"https:\/\/www.facebook.com\/conversesacatalunya\/\" data-tabs=\"timeline\" data-width=\"300\" data-height=\"500\" data-small-header=\"false\" data-adapt-container-width=\"true\" data-hide-cover=\"false\" data-show-facepile=\"true\"><blockquote cite=\"https:\/\/www.facebook.com\/conversesacatalunya\/\" class=\"fb-xfbml-parse-ignore\"><a href=\"https:\/\/www.facebook.com\/conversesacatalunya\/\">Converses a Catalunya<\/a><\/blockquote><\/div>--><\/div><\/div><div id=\"custom_html-3\" class=\"widget_text widget widget_custom_html\"><div class=\"textwidget custom-html-widget\"><!--<a class=\"twitter-timeline\" data-lang=\"es\" data-width=\"300\" data-height=\"500\" href=\"https:\/\/twitter.com\/conversesacat?ref_src=twsrc%5Etfw\">Tweets by conversesacat<\/a> <script async src=\"https:\/\/platform.twitter.com\/widgets.js\" charset=\"utf-8\"><\/script>--><\/div><\/div><div id=\"custom_html-4\" class=\"widget_text widget widget_custom_html\"><div class=\"textwidget custom-html-widget\"><div class=\"caja_azul\" style=\"margin: 0px !important; text-align: center; padding: 20px !important;\">\r\n\t<h3 style=\"font-weight: bold;\">\u00a1Subscriu-te!<\/h3>\r\n\n<div class=\"wpcf7 no-js\" id=\"wpcf7-f8016-o1\" lang=\"es-ES\" dir=\"ltr\" data-wpcf7-id=\"8016\">\n<div class=\"screen-reader-response\"><p role=\"status\" aria-live=\"polite\" aria-atomic=\"true\"><\/p> <ul><\/ul><\/div>\n<form action=\"\/es\/wp-json\/wp\/v2\/pages\/27908#wpcf7-f8016-o1\" method=\"post\" class=\"wpcf7-form init demo c4250577650b cmatic-conn cmatic-aud-8 cmatic-mapd0-0 cmatic-v0978 cmatic-sent-0 cmatic-total-0 wpcf7-acceptance-as-validation\" aria-label=\"Formulario de contacto\" novalidate=\"novalidate\" data-status=\"init\">\n<fieldset class=\"hidden-fields-container\"><input type=\"hidden\" name=\"_wpcf7\" value=\"8016\" \/><input type=\"hidden\" name=\"_wpcf7_version\" value=\"6.1.5\" \/><input type=\"hidden\" name=\"_wpcf7_locale\" value=\"es_ES\" \/><input type=\"hidden\" name=\"_wpcf7_unit_tag\" value=\"wpcf7-f8016-o1\" \/><input type=\"hidden\" name=\"_wpcf7_container_post\" value=\"0\" \/><input type=\"hidden\" name=\"_wpcf7_posted_data_hash\" value=\"\" \/><input type=\"hidden\" name=\"_wpcf7_recaptcha_response\" value=\"\" \/>\n<\/fieldset>\n<p><span class=\"wpcf7-form-control-wrap\" data-name=\"nom\"><input size=\"40\" maxlength=\"400\" class=\"wpcf7-form-control wpcf7-text wpcf7-validates-as-required\" aria-required=\"true\" aria-invalid=\"false\" placeholder=\"Nom\" value=\"\" type=\"text\" name=\"nom\" \/><\/span>\n<\/p>\n<p><span class=\"wpcf7-form-control-wrap\" data-name=\"cognom\"><input size=\"40\" maxlength=\"400\" class=\"wpcf7-form-control wpcf7-text wpcf7-validates-as-required\" aria-required=\"true\" aria-invalid=\"false\" placeholder=\"Cognom\" value=\"\" type=\"text\" name=\"cognom\" \/><\/span>\n<\/p>\n<p><span class=\"wpcf7-form-control-wrap\" data-name=\"email\"><input size=\"40\" maxlength=\"400\" class=\"wpcf7-form-control wpcf7-email wpcf7-validates-as-required wpcf7-text wpcf7-validates-as-email\" aria-required=\"true\" aria-invalid=\"false\" placeholder=\"Correu electr\u00f2nic\" value=\"\" type=\"email\" name=\"email\" \/><\/span>\n<\/p>\n<p><span class=\"wpcf7-form-control-wrap\" data-name=\"rgpd-acepto\"><span class=\"wpcf7-form-control wpcf7-acceptance\"><span class=\"wpcf7-list-item\"><label><input type=\"checkbox\" name=\"rgpd-acepto\" value=\"1\" aria-invalid=\"false\" \/><span class=\"wpcf7-list-item-label\">Accepto la <a href=\"\/politica-de-privacitat\" target=\"_blank\" rel=\"nofollow\">pol\u00edtica de privacitat<\/a><\/span><\/label><\/span><\/span><\/span>\n<\/p>\n<p><input class=\"wpcf7-form-control wpcf7-submit has-spinner\" type=\"submit\" value=\"Subscriu-m&#039;hi\" \/>\n<\/p><p style=\"display: none !important;\" class=\"akismet-fields-container\" data-prefix=\"_wpcf7_ak_\"><label>&#916;<textarea name=\"_wpcf7_ak_hp_textarea\" cols=\"45\" rows=\"8\" maxlength=\"100\"><\/textarea><\/label><input type=\"hidden\" id=\"ak_js_1\" name=\"_wpcf7_ak_js\" value=\"129\"\/><script>document.getElementById( \"ak_js_1\" ).setAttribute( \"value\", ( new Date() ).getTime() );<\/script><\/p><input type='hidden' class='wpcf7-pum' value='{\"closepopup\":false,\"closedelay\":0,\"openpopup\":false,\"openpopup_id\":0}' \/><div class=\"wpcf7-response-output\" aria-hidden=\"true\"><\/div>\n<\/form>\n<\/div>\n\r\n<\/div><\/div><\/div><\/div><\/div><\/div><\/div><\/div><\/div><\/div><\/div><\/div><\/div><\/div><\/section>\n","protected":false},"excerpt":{"rendered":"En la encuesta anterior: \u00bfCrees que los resultados de las elecciones en la Comunidad de Madrid tendr\u00e1n consecuencias electorales en toda Espa\u00f1a? Nuestros lectores han votado S\u00ed un 82% y No un 18%. Con estos resultados queda claro que los resultados no quedan enmarcados en una Comunidad Aut\u00f3noma, sino que van m\u00e1s all\u00e1.\u00a0De hecho, la misma noche electoral, el l\u00edder de Podemos, Pablo Iglesias, dimiti\u00f3 de todos sus cargos;\u00a0Ciudadanos no sac\u00f3 representaci\u00f3n en el Parlamento de Madrid;\u00a0el PSM-PSOE se hundi\u00f3;\u00a0M\u00e1s Madrid, con M\u00f3nica Garc\u00eda, se convirti\u00f3 en la nueva l\u00edder de la oposici\u00f3n;\u00a0y VOX se mantuvo. Es evidente que los\u00a065 esca\u00f1os obtenidos por el PP, con Isabel D\u00edaz Ayuso al frente, ha tenido consecuencias en todos los partidos pol\u00edticos a escala nacional. Habr\u00e1 que seguir de cerca la pol\u00edtica espa\u00f1ola para ver si esta subida del PP, s\u00f3lo responde al efecto Ayuso, o bien es extrapolable al resto de Espa\u00f1a. Aconseguir\u00e0 ERC governar en solitari? S\u00ed No No ho s\u00e9 Mira els resultats &nbsp;Cargando ...","protected":false},"author":1,"featured_media":0,"parent":0,"menu_order":0,"comment_status":"closed","ping_status":"closed","template":"","meta":{"_FSMCFIC_featured_image_caption":"","_FSMCFIC_featured_image_nocaption":"","_FSMCFIC_featured_image_hide":"","footnotes":""},"class_list":["post-27908","page","type-page","status-publish","hentry"],"yoast_head":"<!-- This site is optimized with the Yoast SEO plugin v26.8 - https:\/\/yoast.com\/product\/yoast-seo-wordpress\/ -->\n<title>Objetivos espec\u00edficos - Converses a Catalunya<\/title>\n<meta name=\"robots\" content=\"noindex, nofollow\" \/>\n<meta property=\"og:locale\" content=\"es_ES\" \/>\n<meta property=\"og:type\" content=\"article\" \/>\n<meta property=\"og:title\" content=\"Objetivos espec\u00edficos - Converses a Catalunya\" \/>\n<meta property=\"og:url\" content=\"https:\/\/conversesacatalunya.cat\/es\/objetivos-especificos\/\" \/>\n<meta property=\"og:site_name\" content=\"Converses a Catalunya\" \/>\n<meta property=\"article:modified_time\" content=\"2021-01-15T22:58:40+00:00\" \/>\n<meta name=\"twitter:card\" content=\"summary_large_image\" \/>\n<script type=\"application\/ld+json\" class=\"yoast-schema-graph\">{\"@context\":\"https:\/\/schema.org\",\"@graph\":[{\"@type\":\"WebPage\",\"@id\":\"https:\/\/conversesacatalunya.cat\/es\/objetivos-especificos\/\",\"url\":\"https:\/\/conversesacatalunya.cat\/es\/objetivos-especificos\/\",\"name\":\"Objetivos espec\u00edficos - Converses a Catalunya\",\"isPartOf\":{\"@id\":\"https:\/\/conversesacatalunya.cat\/#website\"},\"datePublished\":\"2019-01-09T17:28:11+00:00\",\"dateModified\":\"2021-01-15T22:58:40+00:00\",\"breadcrumb\":{\"@id\":\"https:\/\/conversesacatalunya.cat\/es\/objetivos-especificos\/#breadcrumb\"},\"inLanguage\":\"es\",\"potentialAction\":[{\"@type\":\"ReadAction\",\"target\":[\"https:\/\/conversesacatalunya.cat\/es\/objetivos-especificos\/\"]}]},{\"@type\":\"BreadcrumbList\",\"@id\":\"https:\/\/conversesacatalunya.cat\/es\/objetivos-especificos\/#breadcrumb\",\"itemListElement\":[{\"@type\":\"ListItem\",\"position\":1,\"name\":\"Inici\",\"item\":\"https:\/\/conversesacatalunya.cat\/es\/\"},{\"@type\":\"ListItem\",\"position\":2,\"name\":\"Objetivos espec\u00edficos\"}]},{\"@type\":\"WebSite\",\"@id\":\"https:\/\/conversesacatalunya.cat\/#website\",\"url\":\"https:\/\/conversesacatalunya.cat\/\",\"name\":\"Converses a Catalunya\",\"description\":\"\",\"potentialAction\":[{\"@type\":\"SearchAction\",\"target\":{\"@type\":\"EntryPoint\",\"urlTemplate\":\"https:\/\/conversesacatalunya.cat\/?s={search_term_string}\"},\"query-input\":{\"@type\":\"PropertyValueSpecification\",\"valueRequired\":true,\"valueName\":\"search_term_string\"}}],\"inLanguage\":\"es\"}]}<\/script>\n<!-- \/ Yoast SEO plugin. -->","yoast_head_json":{"title":"Objetivos espec\u00edficos - Converses a Catalunya","robots":{"index":"noindex","follow":"nofollow"},"og_locale":"es_ES","og_type":"article","og_title":"Objetivos espec\u00edficos - Converses a Catalunya","og_url":"https:\/\/conversesacatalunya.cat\/es\/objetivos-especificos\/","og_site_name":"Converses a Catalunya","article_modified_time":"2021-01-15T22:58:40+00:00","twitter_card":"summary_large_image","schema":{"@context":"https:\/\/schema.org","@graph":[{"@type":"WebPage","@id":"https:\/\/conversesacatalunya.cat\/es\/objetivos-especificos\/","url":"https:\/\/conversesacatalunya.cat\/es\/objetivos-especificos\/","name":"Objetivos espec\u00edficos - Converses a Catalunya","isPartOf":{"@id":"https:\/\/conversesacatalunya.cat\/#website"},"datePublished":"2019-01-09T17:28:11+00:00","dateModified":"2021-01-15T22:58:40+00:00","breadcrumb":{"@id":"https:\/\/conversesacatalunya.cat\/es\/objetivos-especificos\/#breadcrumb"},"inLanguage":"es","potentialAction":[{"@type":"ReadAction","target":["https:\/\/conversesacatalunya.cat\/es\/objetivos-especificos\/"]}]},{"@type":"BreadcrumbList","@id":"https:\/\/conversesacatalunya.cat\/es\/objetivos-especificos\/#breadcrumb","itemListElement":[{"@type":"ListItem","position":1,"name":"Inici","item":"https:\/\/conversesacatalunya.cat\/es\/"},{"@type":"ListItem","position":2,"name":"Objetivos espec\u00edficos"}]},{"@type":"WebSite","@id":"https:\/\/conversesacatalunya.cat\/#website","url":"https:\/\/conversesacatalunya.cat\/","name":"Converses a Catalunya","description":"","potentialAction":[{"@type":"SearchAction","target":{"@type":"EntryPoint","urlTemplate":"https:\/\/conversesacatalunya.cat\/?s={search_term_string}"},"query-input":{"@type":"PropertyValueSpecification","valueRequired":true,"valueName":"search_term_string"}}],"inLanguage":"es"}]}},"wps_subtitle":"","_links":{"self":[{"href":"https:\/\/conversesacatalunya.cat\/es\/wp-json\/wp\/v2\/pages\/27908","targetHints":{"allow":["GET"]}}],"collection":[{"href":"https:\/\/conversesacatalunya.cat\/es\/wp-json\/wp\/v2\/pages"}],"about":[{"href":"https:\/\/conversesacatalunya.cat\/es\/wp-json\/wp\/v2\/types\/page"}],"author":[{"embeddable":true,"href":"https:\/\/conversesacatalunya.cat\/es\/wp-json\/wp\/v2\/users\/1"}],"replies":[{"embeddable":true,"href":"https:\/\/conversesacatalunya.cat\/es\/wp-json\/wp\/v2\/comments?post=27908"}],"version-history":[{"count":2,"href":"https:\/\/conversesacatalunya.cat\/es\/wp-json\/wp\/v2\/pages\/27908\/revisions"}],"predecessor-version":[{"id":28101,"href":"https:\/\/conversesacatalunya.cat\/es\/wp-json\/wp\/v2\/pages\/27908\/revisions\/28101"}],"wp:attachment":[{"href":"https:\/\/conversesacatalunya.cat\/es\/wp-json\/wp\/v2\/media?parent=27908"}],"curies":[{"name":"wp","href":"https:\/\/api.w.org\/{rel}","templated":true}]}}