{"id":27797,"date":"2019-01-08T17:05:34","date_gmt":"2019-01-08T16:05:34","guid":{"rendered":"https:\/\/conversesacatalunya.cat\/opinem\/"},"modified":"2021-05-19T16:04:09","modified_gmt":"2021-05-19T14:04:09","slug":"opinemos","status":"publish","type":"page","link":"https:\/\/conversesacatalunya.cat\/es\/opinemos\/","title":{"rendered":"Opinemos"},"content":{"rendered":"<section class=\"l-section wpb_row height_small\"><div class=\"l-section-h i-cf\"><div class=\"g-cols vc_row via_flex valign_top type_default stacking_default\"><div class=\"vc_col-sm-12 wpb_column vc_column_container\"><div class=\"vc_column-inner\"><div class=\"wpb_wrapper\"><div class=\"wpb_text_column\"><div class=\"wpb_wrapper\"><h1>Opinemos<\/h1>\n<\/div><\/div><div class=\"w-separator size_medium\"><\/div><div class=\"g-cols wpb_row via_flex valign_top type_default stacking_default\"><div class=\"vc_col-sm-8 wpb_column vc_column_container\"><div class=\"vc_column-inner\"><div class=\"wpb_wrapper\"><div class=\"w-grid type_grid layout_28091 cols_3 pagination_regular\" id=\"us_grid_1\" style=\"--gap:1.5rem;\" data-filterable=\"true\"><style>@media (max-width:1024px){#us_grid_1 .w-grid-item{width:50%}}@media (max-width:600px){#us_grid_1 .w-grid-list{margin:0}#us_grid_1 .w-grid-item{width:100%;padding:0;margin-bottom:var(--gap,0px)}}.layout_28091 .w-grid-item-h{}.layout_28091 .usg_post_image_1{margin-bottom:0.8rem!important}.layout_28091 .usg_post_title_1{margin-bottom:0!important;font-family:var(--h1-font-family)!important;font-size:1.2rem!important;font-weight:700!important}.layout_28091 .usg_post_date_1{font-family:var(--font-family)!important;font-size:13px!important;color:#aab2bd!important}.layout_28091 .usg_post_author_1{font-family:var(--font-family)!important;font-size:15px!important}@media (max-width:600px){.layout_28091 .usg_post_title_1{font-size:1.2rem!important}.layout_28091 .usg_post_date_1{font-size:13px!important}.layout_28091 .usg_post_author_1{font-size:15px!important}}<\/style><div class=\"w-grid-list\">\t<article class=\"w-grid-item size_1x1 post-98101 post type-post status-publish format-standard has-post-thumbnail hentry category-opinem-es category-punts-claus-del-dia-es tag-leon-xiv\" data-id=\"98101\">\r\n\t\t<div class=\"w-grid-item-h\">\r\n\t\t\t\t\t\t<div class=\"w-post-elm post_image usg_post_image_1 actualitat_img stretched\"><a href=\"https:\/\/conversesacatalunya.cat\/es\/una-linea-muy-roja\/\" aria-label=\"Una l\u00ednea muy roja\"><img fetchpriority=\"high\" decoding=\"async\" width=\"1024\" height=\"683\" src=\"https:\/\/conversesacatalunya.cat\/wp-content\/uploads\/2026\/04\/bandera-1024x683.jpg\" class=\"attachment-large size-large wp-post-image\" alt=\"Trump papa Le\u00f3n XIV\" srcset=\"https:\/\/conversesacatalunya.cat\/wp-content\/uploads\/2026\/04\/bandera-1024x683.jpg 1024w, https:\/\/conversesacatalunya.cat\/wp-content\/uploads\/2026\/04\/bandera-300x200.jpg 300w, https:\/\/conversesacatalunya.cat\/wp-content\/uploads\/2026\/04\/bandera.jpg 1536w\" sizes=\"(max-width: 1024px) 100vw, 1024px\" \/><\/a><\/div><h2 class=\"w-post-elm post_title usg_post_title_1 entry-title color_link_inherit\"><a href=\"https:\/\/conversesacatalunya.cat\/es\/una-linea-muy-roja\/\">Una l\u00ednea muy roja<\/a><\/h2><time class=\"w-post-elm post_date usg_post_date_1 has_text_color entry-date published\" datetime=\"2026-04-21T08:33:06+02:00\">21 abril, 2026<\/time><div class=\"w-post-elm post_author usg_post_author_1 vcard author color_link_inherit\"><div class=\"post-author-meta\"><a href=\"https:\/\/conversesacatalunya.cat\/es\/author\/juan-messerschmidt\/\" class=\"post-author-name fn\">J. Messerschmidt<\/a><\/div><\/div>\t\t<\/div>\r\n\t\t\t<\/article>\r\n\t<article class=\"w-grid-item size_1x1 post-97938 post type-post status-publish format-standard has-post-thumbnail hentry category-opinem-es category-punts-claus-del-dia-es tag-hungria\" data-id=\"97938\">\r\n\t\t<div class=\"w-grid-item-h\">\r\n\t\t\t\t\t\t<div class=\"w-post-elm post_image usg_post_image_1 actualitat_img stretched\"><a href=\"https:\/\/conversesacatalunya.cat\/es\/hungria-peter-magyar-desconocido-e-inquietante\/\" aria-label=\"Hungr\u00eda: P\u00e9ter Magyar, desconocido e inquietante\"><img decoding=\"async\" width=\"1024\" height=\"681\" data-src=\"https:\/\/conversesacatalunya.cat\/wp-content\/uploads\/2026\/04\/magyar_100kb-1024x681.jpg\" class=\"attachment-large size-large wp-post-image lazyload\" alt=\"Pol\u00e9micas de Magyar\" data-srcset=\"https:\/\/conversesacatalunya.cat\/wp-content\/uploads\/2026\/04\/magyar_100kb-1024x681.jpg 1024w, https:\/\/conversesacatalunya.cat\/wp-content\/uploads\/2026\/04\/magyar_100kb-300x199.jpg 300w, https:\/\/conversesacatalunya.cat\/wp-content\/uploads\/2026\/04\/magyar_100kb.jpg 1280w\" data-sizes=\"(max-width: 1024px) 100vw, 1024px\" src=\"data:image\/svg+xml;base64,PHN2ZyB3aWR0aD0iMSIgaGVpZ2h0PSIxIiB4bWxucz0iaHR0cDovL3d3dy53My5vcmcvMjAwMC9zdmciPjwvc3ZnPg==\" style=\"--smush-placeholder-width: 1024px; --smush-placeholder-aspect-ratio: 1024\/681;\" \/><\/a><\/div><h2 class=\"w-post-elm post_title usg_post_title_1 entry-title color_link_inherit\"><a href=\"https:\/\/conversesacatalunya.cat\/es\/hungria-peter-magyar-desconocido-e-inquietante\/\">Hungr\u00eda: P\u00e9ter Magyar, desconocido e inquietante<\/a><\/h2><time class=\"w-post-elm post_date usg_post_date_1 has_text_color entry-date published\" datetime=\"2026-04-15T06:24:12+02:00\">15 abril, 2026<\/time><div class=\"w-post-elm post_author usg_post_author_1 vcard author color_link_inherit\"><div class=\"post-author-meta\"><a href=\"https:\/\/conversesacatalunya.cat\/es\/author\/juan-messerschmidt\/\" class=\"post-author-name fn\">J. Messerschmidt<\/a><\/div><\/div>\t\t<\/div>\r\n\t\t\t<\/article>\r\n\t<article class=\"w-grid-item size_1x1 post-97670 post type-post status-publish format-standard has-post-thumbnail hentry category-opinem-es category-punts-claus-del-dia-es tag-calles-barcelona tag-carrers-barcelona-es\" data-id=\"97670\">\r\n\t\t<div class=\"w-grid-item-h\">\r\n\t\t\t\t\t\t<div class=\"w-post-elm post_image usg_post_image_1 actualitat_img stretched\"><a href=\"https:\/\/conversesacatalunya.cat\/es\/canvio-de-nombre-calles-tres-santas-de-gracia\/\" aria-label=\"Yo acuso: el fraude del cambio de nombre de las calles de las tres Santas de Gr\u00e0cia (I)\"><img decoding=\"async\" width=\"1024\" height=\"397\" data-src=\"https:\/\/conversesacatalunya.cat\/wp-content\/uploads\/2026\/04\/placa_carrer-1024x397.jpg\" class=\"attachment-large size-large wp-post-image lazyload\" alt=\"Nomencl\u00e1tor de Gr\u00e0cia\" data-srcset=\"https:\/\/conversesacatalunya.cat\/wp-content\/uploads\/2026\/04\/placa_carrer-1024x397.jpg 1024w, https:\/\/conversesacatalunya.cat\/wp-content\/uploads\/2026\/04\/placa_carrer-300x116.jpg 300w, https:\/\/conversesacatalunya.cat\/wp-content\/uploads\/2026\/04\/placa_carrer.jpg 1200w\" data-sizes=\"(max-width: 1024px) 100vw, 1024px\" src=\"data:image\/svg+xml;base64,PHN2ZyB3aWR0aD0iMSIgaGVpZ2h0PSIxIiB4bWxucz0iaHR0cDovL3d3dy53My5vcmcvMjAwMC9zdmciPjwvc3ZnPg==\" style=\"--smush-placeholder-width: 1024px; --smush-placeholder-aspect-ratio: 1024\/397;\" \/><\/a><\/div><h2 class=\"w-post-elm post_title usg_post_title_1 entry-title color_link_inherit\"><a href=\"https:\/\/conversesacatalunya.cat\/es\/canvio-de-nombre-calles-tres-santas-de-gracia\/\">Yo acuso: el fraude del cambio de nombre de las calles de las tres Santas de Gr\u00e0cia (I)<\/a><\/h2><time class=\"w-post-elm post_date usg_post_date_1 has_text_color entry-date published\" datetime=\"2026-04-02T09:44:48+02:00\">2 abril, 2026<\/time><div class=\"w-post-elm post_author usg_post_author_1 vcard author color_link_inherit\"><div class=\"post-author-meta\"><a href=\"https:\/\/conversesacatalunya.cat\/es\/author\/josep-maria-guillen\/\" class=\"post-author-name fn\">Josep Maria Guill\u00e9n<\/a><\/div><\/div>\t\t<\/div>\r\n\t\t\t<\/article>\r\n\t<article class=\"w-grid-item size_1x1 post-97608 post type-post status-publish format-standard has-post-thumbnail hentry category-opinem-es category-punts-claus-del-dia-es tag-israel-es\" data-id=\"97608\">\r\n\t\t<div class=\"w-grid-item-h\">\r\n\t\t\t\t\t\t<div class=\"w-post-elm post_image usg_post_image_1 actualitat_img stretched\"><a href=\"https:\/\/conversesacatalunya.cat\/es\/israel-contra-los-cristianos\/\" aria-label=\"Israel contra los cristianos\"><img decoding=\"async\" width=\"1024\" height=\"683\" data-src=\"https:\/\/conversesacatalunya.cat\/wp-content\/uploads\/2026\/03\/Israel-1024x683.jpg\" class=\"attachment-large size-large wp-post-image lazyload\" alt=\"Cristianos en Israel\" data-srcset=\"https:\/\/conversesacatalunya.cat\/wp-content\/uploads\/2026\/03\/Israel-1024x683.jpg 1024w, https:\/\/conversesacatalunya.cat\/wp-content\/uploads\/2026\/03\/Israel-300x200.jpg 300w, https:\/\/conversesacatalunya.cat\/wp-content\/uploads\/2026\/03\/Israel.jpg 1536w\" data-sizes=\"(max-width: 1024px) 100vw, 1024px\" src=\"data:image\/svg+xml;base64,PHN2ZyB3aWR0aD0iMSIgaGVpZ2h0PSIxIiB4bWxucz0iaHR0cDovL3d3dy53My5vcmcvMjAwMC9zdmciPjwvc3ZnPg==\" style=\"--smush-placeholder-width: 1024px; --smush-placeholder-aspect-ratio: 1024\/683;\" \/><\/a><\/div><h2 class=\"w-post-elm post_title usg_post_title_1 entry-title color_link_inherit\"><a href=\"https:\/\/conversesacatalunya.cat\/es\/israel-contra-los-cristianos\/\">Israel contra los cristianos<\/a><\/h2><time class=\"w-post-elm post_date usg_post_date_1 has_text_color entry-date published\" datetime=\"2026-04-01T05:34:29+02:00\">1 abril, 2026<\/time><div class=\"w-post-elm post_author usg_post_author_1 vcard author color_link_inherit\"><div class=\"post-author-meta\"><a href=\"https:\/\/conversesacatalunya.cat\/es\/author\/juan-messerschmidt\/\" class=\"post-author-name fn\">J. Messerschmidt<\/a><\/div><\/div>\t\t<\/div>\r\n\t\t\t<\/article>\r\n\t<article class=\"w-grid-item size_1x1 post-97544 post type-post status-publish format-standard has-post-thumbnail hentry category-opinem-es category-punts-claus-del-dia-es tag-benestar-es tag-bienestar\" data-id=\"97544\">\r\n\t\t<div class=\"w-grid-item-h\">\r\n\t\t\t\t\t\t<div class=\"w-post-elm post_image usg_post_image_1 actualitat_img stretched\"><a href=\"https:\/\/conversesacatalunya.cat\/es\/bienestar-espanol-potencia-en-salud-animo-bajo-minimos\/\" aria-label=\"La paradoja del bienestar espa\u00f1ol: Una potencia en salud con el \u00e1nimo bajo m\u00ednimos\"><img decoding=\"async\" width=\"640\" height=\"427\" data-src=\"https:\/\/conversesacatalunya.cat\/wp-content\/uploads\/2026\/03\/m.jpg\" class=\"attachment-large size-large wp-post-image lazyload\" alt=\"Bienestar en Espa\u00f1a\" data-srcset=\"https:\/\/conversesacatalunya.cat\/wp-content\/uploads\/2026\/03\/m.jpg 640w, https:\/\/conversesacatalunya.cat\/wp-content\/uploads\/2026\/03\/m-300x200.jpg 300w\" data-sizes=\"(max-width: 640px) 100vw, 640px\" src=\"data:image\/svg+xml;base64,PHN2ZyB3aWR0aD0iMSIgaGVpZ2h0PSIxIiB4bWxucz0iaHR0cDovL3d3dy53My5vcmcvMjAwMC9zdmciPjwvc3ZnPg==\" style=\"--smush-placeholder-width: 640px; --smush-placeholder-aspect-ratio: 640\/427;\" \/><\/a><\/div><h2 class=\"w-post-elm post_title usg_post_title_1 entry-title color_link_inherit\"><a href=\"https:\/\/conversesacatalunya.cat\/es\/bienestar-espanol-potencia-en-salud-animo-bajo-minimos\/\">La paradoja del bienestar espa\u00f1ol: Una potencia en salud con el \u00e1nimo bajo m\u00ednimos<\/a><\/h2><time class=\"w-post-elm post_date usg_post_date_1 has_text_color entry-date published\" datetime=\"2026-03-30T04:43:24+02:00\">30 marzo, 2026<\/time><div class=\"w-post-elm post_author usg_post_author_1 vcard author color_link_inherit\"><div class=\"post-author-meta\"><a href=\"https:\/\/conversesacatalunya.cat\/es\/author\/marc__miro\/\" class=\"post-author-name fn\">Marc Mir\u00f3<\/a><\/div><\/div>\t\t<\/div>\r\n\t\t\t<\/article>\r\n\t<article class=\"w-grid-item size_1x1 post-91996 post type-post status-publish format-standard has-post-thumbnail hentry category-opinem-es tag-proces-es tag-proceso-catalan\" data-id=\"91996\">\r\n\t\t<div class=\"w-grid-item-h\">\r\n\t\t\t\t\t\t<div class=\"w-post-elm post_image usg_post_image_1 actualitat_img stretched\"><a href=\"https:\/\/conversesacatalunya.cat\/es\/proces-o-progreso-la-gran-renuncia-catalana\/\" aria-label=\"\u00bfProc\u00e9s o progreso? La gran renuncia catalana\"><img decoding=\"async\" width=\"640\" height=\"480\" data-src=\"https:\/\/conversesacatalunya.cat\/wp-content\/uploads\/2025\/09\/Proces-o-progres.jpg\" class=\"attachment-large size-large wp-post-image lazyload\" alt=\"Proc\u00e9s o progreso\" data-srcset=\"https:\/\/conversesacatalunya.cat\/wp-content\/uploads\/2025\/09\/Proces-o-progres.jpg 640w, https:\/\/conversesacatalunya.cat\/wp-content\/uploads\/2025\/09\/Proces-o-progres-300x225.jpg 300w\" data-sizes=\"(max-width: 640px) 100vw, 640px\" src=\"data:image\/svg+xml;base64,PHN2ZyB3aWR0aD0iMSIgaGVpZ2h0PSIxIiB4bWxucz0iaHR0cDovL3d3dy53My5vcmcvMjAwMC9zdmciPjwvc3ZnPg==\" style=\"--smush-placeholder-width: 640px; --smush-placeholder-aspect-ratio: 640\/480;\" \/><\/a><\/div><h2 class=\"w-post-elm post_title usg_post_title_1 entry-title color_link_inherit\"><a href=\"https:\/\/conversesacatalunya.cat\/es\/proces-o-progreso-la-gran-renuncia-catalana\/\">\u00bfProc\u00e9s o progreso? La gran renuncia catalana<\/a><\/h2><time class=\"w-post-elm post_date usg_post_date_1 has_text_color entry-date published\" datetime=\"2025-09-17T12:33:05+02:00\">17 septiembre, 2025<\/time><div class=\"w-post-elm post_author usg_post_author_1 vcard author color_link_inherit\"><div class=\"post-author-meta\"><a href=\"https:\/\/conversesacatalunya.cat\/es\/author\/marc__miro\/\" class=\"post-author-name fn\">Marc Mir\u00f3<\/a><\/div><\/div>\t\t<\/div>\r\n\t\t\t<\/article>\r\n\t<article class=\"w-grid-item size_1x1 post-91211 post type-post status-publish format-standard has-post-thumbnail hentry category-opinem-es category-punts-claus-del-dia-es tag-primer-ciclo-bursatil-del-franquismo\" data-id=\"91211\">\r\n\t\t<div class=\"w-grid-item-h\">\r\n\t\t\t\t\t\t<div class=\"w-post-elm post_image usg_post_image_1 actualitat_img stretched\"><a href=\"https:\/\/conversesacatalunya.cat\/es\/las-dos-espanas\/\" aria-label=\"El trasfondo cultural del primer ciclo burs\u00e1til del franquismo (16). Las Letras. Las dos Espa\u00f1as (XI)\"><img decoding=\"async\" width=\"319\" height=\"514\" data-src=\"https:\/\/conversesacatalunya.cat\/wp-content\/uploads\/2025\/08\/Captura-de-pantalla-2025-08-18-131820.png\" class=\"attachment-large size-large wp-post-image lazyload\" alt=\"La tercera Espa\u00f1a\" data-srcset=\"https:\/\/conversesacatalunya.cat\/wp-content\/uploads\/2025\/08\/Captura-de-pantalla-2025-08-18-131820.png 319w, https:\/\/conversesacatalunya.cat\/wp-content\/uploads\/2025\/08\/Captura-de-pantalla-2025-08-18-131820-186x300.png 186w\" data-sizes=\"(max-width: 319px) 100vw, 319px\" src=\"data:image\/svg+xml;base64,PHN2ZyB3aWR0aD0iMSIgaGVpZ2h0PSIxIiB4bWxucz0iaHR0cDovL3d3dy53My5vcmcvMjAwMC9zdmciPjwvc3ZnPg==\" style=\"--smush-placeholder-width: 319px; --smush-placeholder-aspect-ratio: 319\/514;\" \/><\/a><\/div><h2 class=\"w-post-elm post_title usg_post_title_1 entry-title color_link_inherit\"><a href=\"https:\/\/conversesacatalunya.cat\/es\/las-dos-espanas\/\">El trasfondo cultural del primer ciclo burs\u00e1til del franquismo (16). Las Letras. Las dos Espa\u00f1as (XI)<\/a><\/h2><time class=\"w-post-elm post_date usg_post_date_1 has_text_color entry-date published\" datetime=\"2025-08-19T05:40:12+02:00\">19 agosto, 2025<\/time><div class=\"w-post-elm post_author usg_post_author_1 vcard author color_link_inherit\"><div class=\"post-author-meta\"><a href=\"https:\/\/conversesacatalunya.cat\/es\/author\/joan-hortala-i-arau\/\" class=\"post-author-name fn\">Joan Hortal\u00e0 i Arau<\/a><\/div><\/div>\t\t<\/div>\r\n\t\t\t<\/article>\r\n\t<article class=\"w-grid-item size_1x1 post-91012 post type-post status-publish format-standard has-post-thumbnail hentry category-opinem-es tag-derechos-humanos tag-drets-humans-es\" data-id=\"91012\">\r\n\t\t<div class=\"w-grid-item-h\">\r\n\t\t\t\t\t\t<div class=\"w-post-elm post_image usg_post_image_1 actualitat_img stretched\"><a href=\"https:\/\/conversesacatalunya.cat\/es\/la-practica-de-la-tortura\/\" aria-label=\"La pr\u00e1ctica de la tortura\"><img decoding=\"async\" width=\"640\" height=\"427\" data-src=\"https:\/\/conversesacatalunya.cat\/wp-content\/uploads\/2021\/08\/tortura.jpg\" class=\"attachment-large size-large wp-post-image lazyload\" alt=\"tortura\" data-srcset=\"https:\/\/conversesacatalunya.cat\/wp-content\/uploads\/2021\/08\/tortura.jpg 640w, https:\/\/conversesacatalunya.cat\/wp-content\/uploads\/2021\/08\/tortura-300x200.jpg 300w, https:\/\/conversesacatalunya.cat\/wp-content\/uploads\/2021\/08\/tortura-150x100.jpg 150w\" data-sizes=\"(max-width: 640px) 100vw, 640px\" src=\"data:image\/svg+xml;base64,PHN2ZyB3aWR0aD0iMSIgaGVpZ2h0PSIxIiB4bWxucz0iaHR0cDovL3d3dy53My5vcmcvMjAwMC9zdmciPjwvc3ZnPg==\" style=\"--smush-placeholder-width: 640px; --smush-placeholder-aspect-ratio: 640\/427;\" \/><\/a><\/div><h2 class=\"w-post-elm post_title usg_post_title_1 entry-title color_link_inherit\"><a href=\"https:\/\/conversesacatalunya.cat\/es\/la-practica-de-la-tortura\/\">La pr\u00e1ctica de la tortura<\/a><\/h2><time class=\"w-post-elm post_date usg_post_date_1 has_text_color entry-date published\" datetime=\"2025-08-04T09:09:15+02:00\">4 agosto, 2025<\/time><div class=\"w-post-elm post_author usg_post_author_1 vcard author color_link_inherit\"><div class=\"post-author-meta\"><a href=\"https:\/\/conversesacatalunya.cat\/es\/author\/antoni-pedragosa\/\" class=\"post-author-name fn\">Antoni Pedragosa<\/a><\/div><\/div>\t\t<\/div>\r\n\t\t\t<\/article>\r\n\t<article class=\"w-grid-item size_1x1 post-90649 post type-post status-publish format-standard has-post-thumbnail hentry category-opinem-es tag-alquiler tag-lloguer-es tag-precios-alquiler tag-preus-lloguer-es\" data-id=\"90649\">\r\n\t\t<div class=\"w-grid-item-h\">\r\n\t\t\t\t\t\t<div class=\"w-post-elm post_image usg_post_image_1 actualitat_img stretched\"><a href=\"https:\/\/conversesacatalunya.cat\/es\/no-la-ley-de-vivienda-no-te-salvara\/\" aria-label=\"No, la Ley de Vivienda no te salvar\u00e1\"><img decoding=\"async\" width=\"731\" height=\"536\" data-src=\"https:\/\/conversesacatalunya.cat\/wp-content\/uploads\/2025\/07\/Captura-11.jpg\" class=\"attachment-large size-large wp-post-image lazyload\" alt=\"topall preus lloguer\" data-srcset=\"https:\/\/conversesacatalunya.cat\/wp-content\/uploads\/2025\/07\/Captura-11.jpg 731w, https:\/\/conversesacatalunya.cat\/wp-content\/uploads\/2025\/07\/Captura-11-300x220.jpg 300w\" data-sizes=\"(max-width: 731px) 100vw, 731px\" src=\"data:image\/svg+xml;base64,PHN2ZyB3aWR0aD0iMSIgaGVpZ2h0PSIxIiB4bWxucz0iaHR0cDovL3d3dy53My5vcmcvMjAwMC9zdmciPjwvc3ZnPg==\" style=\"--smush-placeholder-width: 731px; --smush-placeholder-aspect-ratio: 731\/536;\" \/><\/a><\/div><h2 class=\"w-post-elm post_title usg_post_title_1 entry-title color_link_inherit\"><a href=\"https:\/\/conversesacatalunya.cat\/es\/no-la-ley-de-vivienda-no-te-salvara\/\">No, la Ley de Vivienda no te salvar\u00e1<\/a><\/h2><time class=\"w-post-elm post_date usg_post_date_1 has_text_color entry-date published\" datetime=\"2025-07-22T10:07:19+02:00\">22 julio, 2025<\/time><div class=\"w-post-elm post_author usg_post_author_1 vcard author color_link_inherit\"><div class=\"post-author-meta\"><a href=\"https:\/\/conversesacatalunya.cat\/es\/author\/marc__miro\/\" class=\"post-author-name fn\">Marc Mir\u00f3<\/a><\/div><\/div>\t\t<\/div>\r\n\t\t\t<\/article>\r\n\t<article class=\"w-grid-item size_1x1 post-89444 post type-post status-publish format-standard has-post-thumbnail hentry category-opinem-es\" data-id=\"89444\">\r\n\t\t<div class=\"w-grid-item-h\">\r\n\t\t\t\t\t\t<div class=\"w-post-elm post_image usg_post_image_1 actualitat_img stretched\"><a href=\"https:\/\/conversesacatalunya.cat\/es\/cada-persona-un-voto\/\" aria-label=\"Cada persona un voto\"><img decoding=\"async\" width=\"800\" height=\"533\" data-src=\"https:\/\/conversesacatalunya.cat\/wp-content\/uploads\/2025\/06\/santa-coloma-cervello.jpg\" class=\"attachment-large size-large wp-post-image lazyload\" alt=\"Castell Santa Coloma de Cervell\u00f3\" data-srcset=\"https:\/\/conversesacatalunya.cat\/wp-content\/uploads\/2025\/06\/santa-coloma-cervello.jpg 800w, https:\/\/conversesacatalunya.cat\/wp-content\/uploads\/2025\/06\/santa-coloma-cervello-300x200.jpg 300w\" data-sizes=\"(max-width: 800px) 100vw, 800px\" src=\"data:image\/svg+xml;base64,PHN2ZyB3aWR0aD0iMSIgaGVpZ2h0PSIxIiB4bWxucz0iaHR0cDovL3d3dy53My5vcmcvMjAwMC9zdmciPjwvc3ZnPg==\" style=\"--smush-placeholder-width: 800px; --smush-placeholder-aspect-ratio: 800\/533;\" \/><\/a><\/div><h2 class=\"w-post-elm post_title usg_post_title_1 entry-title color_link_inherit\"><a href=\"https:\/\/conversesacatalunya.cat\/es\/cada-persona-un-voto\/\">Cada persona un voto<\/a><\/h2><time class=\"w-post-elm post_date usg_post_date_1 has_text_color entry-date published\" datetime=\"2025-06-15T06:06:11+02:00\">15 junio, 2025<\/time><div class=\"w-post-elm post_author usg_post_author_1 vcard author color_link_inherit\"><div class=\"post-author-meta\"><a href=\"https:\/\/conversesacatalunya.cat\/es\/author\/josep-maria-garriga\/\" class=\"post-author-name fn\">Josep Maria Garriga<\/a><\/div><\/div>\t\t<\/div>\r\n\t\t\t<\/article>\r\n\t<article class=\"w-grid-item size_1x1 post-88987 post type-post status-publish format-standard has-post-thumbnail hentry category-opinem-es tag-teletrabajo tag-teletreball-es\" data-id=\"88987\">\r\n\t\t<div class=\"w-grid-item-h\">\r\n\t\t\t\t\t\t<div class=\"w-post-elm post_image usg_post_image_1 actualitat_img stretched\"><a href=\"https:\/\/conversesacatalunya.cat\/es\/volvamos-a-la-ley-maura\/\" aria-label=\"Volvamos a la Ley Maura\"><img decoding=\"async\" width=\"1024\" height=\"585\" data-src=\"https:\/\/conversesacatalunya.cat\/wp-content\/uploads\/2025\/05\/teletrabajo-1024x585.jpg\" class=\"attachment-large size-large wp-post-image lazyload\" alt=\"Ley Maura\" data-srcset=\"https:\/\/conversesacatalunya.cat\/wp-content\/uploads\/2025\/05\/teletrabajo-1024x585.jpg 1024w, https:\/\/conversesacatalunya.cat\/wp-content\/uploads\/2025\/05\/teletrabajo-300x171.jpg 300w, https:\/\/conversesacatalunya.cat\/wp-content\/uploads\/2025\/05\/teletrabajo.jpg 1280w\" data-sizes=\"(max-width: 1024px) 100vw, 1024px\" src=\"data:image\/svg+xml;base64,PHN2ZyB3aWR0aD0iMSIgaGVpZ2h0PSIxIiB4bWxucz0iaHR0cDovL3d3dy53My5vcmcvMjAwMC9zdmciPjwvc3ZnPg==\" style=\"--smush-placeholder-width: 1024px; --smush-placeholder-aspect-ratio: 1024\/585;\" \/><\/a><\/div><h2 class=\"w-post-elm post_title usg_post_title_1 entry-title color_link_inherit\"><a href=\"https:\/\/conversesacatalunya.cat\/es\/volvamos-a-la-ley-maura\/\">Volvamos a la Ley Maura<\/a><\/h2><time class=\"w-post-elm post_date usg_post_date_1 has_text_color entry-date published\" datetime=\"2025-05-30T10:22:46+02:00\">30 mayo, 2025<\/time><div class=\"w-post-elm post_author usg_post_author_1 vcard author color_link_inherit\"><div class=\"post-author-meta\"><a href=\"https:\/\/conversesacatalunya.cat\/es\/author\/silvia-requena\/\" class=\"post-author-name fn\">S\u00edlvia Requena<\/a><\/div><\/div>\t\t<\/div>\r\n\t\t\t<\/article>\r\n\t<article class=\"w-grid-item size_1x1 post-88327 post type-post status-publish format-standard has-post-thumbnail hentry category-opinem-es tag-conclave-es tag-leon-xiv\" data-id=\"88327\">\r\n\t\t<div class=\"w-grid-item-h\">\r\n\t\t\t\t\t\t<div class=\"w-post-elm post_image usg_post_image_1 actualitat_img stretched\"><a href=\"https:\/\/conversesacatalunya.cat\/es\/paciencia-e-impaciencia\/\" aria-label=\"Paciencia e impaciencia\"><img decoding=\"async\" width=\"1024\" height=\"682\" data-src=\"https:\/\/conversesacatalunya.cat\/wp-content\/uploads\/2025\/05\/impaciencia-1024x682.jpg\" class=\"attachment-large size-large wp-post-image lazyload\" alt=\"impaciencia\" data-srcset=\"https:\/\/conversesacatalunya.cat\/wp-content\/uploads\/2025\/05\/impaciencia-1024x682.jpg 1024w, https:\/\/conversesacatalunya.cat\/wp-content\/uploads\/2025\/05\/impaciencia-300x200.jpg 300w, https:\/\/conversesacatalunya.cat\/wp-content\/uploads\/2025\/05\/impaciencia.jpg 1280w\" data-sizes=\"(max-width: 1024px) 100vw, 1024px\" src=\"data:image\/svg+xml;base64,PHN2ZyB3aWR0aD0iMSIgaGVpZ2h0PSIxIiB4bWxucz0iaHR0cDovL3d3dy53My5vcmcvMjAwMC9zdmciPjwvc3ZnPg==\" style=\"--smush-placeholder-width: 1024px; --smush-placeholder-aspect-ratio: 1024\/682;\" \/><\/a><\/div><h2 class=\"w-post-elm post_title usg_post_title_1 entry-title color_link_inherit\"><a href=\"https:\/\/conversesacatalunya.cat\/es\/paciencia-e-impaciencia\/\">Paciencia e impaciencia<\/a><\/h2><time class=\"w-post-elm post_date usg_post_date_1 has_text_color entry-date published\" datetime=\"2025-05-13T09:19:41+02:00\">13 mayo, 2025<\/time><div class=\"w-post-elm post_author usg_post_author_1 vcard author color_link_inherit\"><div class=\"post-author-meta\"><a href=\"https:\/\/conversesacatalunya.cat\/es\/author\/juan-messerschmidt\/\" class=\"post-author-name fn\">J. Messerschmidt<\/a><\/div><\/div>\t\t<\/div>\r\n\t\t\t<\/article>\r\n\t<article class=\"w-grid-item size_1x1 post-88105 post type-post status-publish format-standard has-post-thumbnail hentry category-opinem-es tag-apagon\" data-id=\"88105\">\r\n\t\t<div class=\"w-grid-item-h\">\r\n\t\t\t\t\t\t<div class=\"w-post-elm post_image usg_post_image_1 actualitat_img stretched\"><a href=\"https:\/\/conversesacatalunya.cat\/es\/enchufismo-lecciones-del-gran-apagon-en-espana\/\" aria-label=\"La sombra del enchufismo: lecciones del gran apag\u00f3n en Espa\u00f1a\"><img decoding=\"async\" width=\"640\" height=\"427\" data-src=\"https:\/\/conversesacatalunya.cat\/wp-content\/uploads\/2025\/05\/network-cable-499792_640.jpg\" class=\"attachment-large size-large wp-post-image lazyload\" alt=\"enchufismo Espa\u00f1a\" data-srcset=\"https:\/\/conversesacatalunya.cat\/wp-content\/uploads\/2025\/05\/network-cable-499792_640.jpg 640w, https:\/\/conversesacatalunya.cat\/wp-content\/uploads\/2025\/05\/network-cable-499792_640-300x200.jpg 300w\" data-sizes=\"(max-width: 640px) 100vw, 640px\" src=\"data:image\/svg+xml;base64,PHN2ZyB3aWR0aD0iMSIgaGVpZ2h0PSIxIiB4bWxucz0iaHR0cDovL3d3dy53My5vcmcvMjAwMC9zdmciPjwvc3ZnPg==\" style=\"--smush-placeholder-width: 640px; --smush-placeholder-aspect-ratio: 640\/427;\" \/><\/a><\/div><h2 class=\"w-post-elm post_title usg_post_title_1 entry-title color_link_inherit\"><a href=\"https:\/\/conversesacatalunya.cat\/es\/enchufismo-lecciones-del-gran-apagon-en-espana\/\">La sombra del enchufismo: lecciones del gran apag\u00f3n en Espa\u00f1a<\/a><\/h2><time class=\"w-post-elm post_date usg_post_date_1 has_text_color entry-date published\" datetime=\"2025-05-08T09:00:16+02:00\">8 mayo, 2025<\/time><div class=\"w-post-elm post_author usg_post_author_1 vcard author color_link_inherit\"><div class=\"post-author-meta\"><a href=\"https:\/\/conversesacatalunya.cat\/es\/author\/llucia-pou\/\" class=\"post-author-name fn\">Lluci\u00e0 Pou Sabat\u00e9<\/a><\/div><\/div>\t\t<\/div>\r\n\t\t\t<\/article>\r\n\t<article class=\"w-grid-item size_1x1 post-87284 post type-post status-publish format-standard has-post-thumbnail hentry category-opinem-es tag-calles-barcelona tag-carrers-barcelona-es\" data-id=\"87284\">\r\n\t\t<div class=\"w-grid-item-h\">\r\n\t\t\t\t\t\t<div class=\"w-post-elm post_image usg_post_image_1 actualitat_img stretched\"><a href=\"https:\/\/conversesacatalunya.cat\/es\/otros-aspectos-sobre-el-cambio-de-denominacion-de-jardines-de-mossen-cinto-verdaguer\/\" aria-label=\"Otros aspectos sobre el cambio de denominaci\u00f3n de jardines de Moss\u00e8n Cinto Verdaguer\"><img decoding=\"async\" width=\"1024\" height=\"576\" data-src=\"https:\/\/conversesacatalunya.cat\/wp-content\/uploads\/2025\/04\/VPA-enterrament-verdaguer-ok-1024x576.jpg\" class=\"attachment-large size-large wp-post-image lazyload\" alt=\"moss\u00e8n Cinto Verdaguer\" data-srcset=\"https:\/\/conversesacatalunya.cat\/wp-content\/uploads\/2025\/04\/VPA-enterrament-verdaguer-ok-1024x576.jpg 1024w, https:\/\/conversesacatalunya.cat\/wp-content\/uploads\/2025\/04\/VPA-enterrament-verdaguer-ok-300x169.jpg 300w, https:\/\/conversesacatalunya.cat\/wp-content\/uploads\/2025\/04\/VPA-enterrament-verdaguer-ok.jpg 1920w\" data-sizes=\"(max-width: 1024px) 100vw, 1024px\" src=\"data:image\/svg+xml;base64,PHN2ZyB3aWR0aD0iMSIgaGVpZ2h0PSIxIiB4bWxucz0iaHR0cDovL3d3dy53My5vcmcvMjAwMC9zdmciPjwvc3ZnPg==\" style=\"--smush-placeholder-width: 1024px; --smush-placeholder-aspect-ratio: 1024\/576;\" \/><\/a><\/div><h2 class=\"w-post-elm post_title usg_post_title_1 entry-title color_link_inherit\"><a href=\"https:\/\/conversesacatalunya.cat\/es\/otros-aspectos-sobre-el-cambio-de-denominacion-de-jardines-de-mossen-cinto-verdaguer\/\">Otros aspectos sobre el cambio de denominaci\u00f3n de jardines de Moss\u00e8n Cinto Verdaguer<\/a><\/h2><time class=\"w-post-elm post_date usg_post_date_1 has_text_color entry-date published\" datetime=\"2025-04-10T09:06:26+02:00\">10 abril, 2025<\/time><div class=\"w-post-elm post_author usg_post_author_1 vcard author color_link_inherit\"><div class=\"post-author-meta\"><a href=\"https:\/\/conversesacatalunya.cat\/es\/author\/josep-maria-guillen\/\" class=\"post-author-name fn\">Josep Maria Guill\u00e9n<\/a><\/div><\/div>\t\t<\/div>\r\n\t\t\t<\/article>\r\n\t<article class=\"w-grid-item size_1x1 post-85791 post type-post status-publish format-standard has-post-thumbnail hentry category-opinem-es tag-dana-es\" data-id=\"85791\">\r\n\t\t<div class=\"w-grid-item-h\">\r\n\t\t\t\t\t\t<div class=\"w-post-elm post_image usg_post_image_1 actualitat_img stretched\"><a href=\"https:\/\/conversesacatalunya.cat\/es\/depresion-aislada-a-niveles-altos-dana\/\" aria-label=\"Depresi\u00f3n aislada a niveles altos: DANA\"><img decoding=\"async\" width=\"1024\" height=\"683\" data-src=\"https:\/\/conversesacatalunya.cat\/wp-content\/uploads\/2025\/02\/pexels-photo-1440372-1024x683.jpeg\" class=\"attachment-large size-large wp-post-image lazyload\" alt=\"muertes inesperadas\" data-srcset=\"https:\/\/conversesacatalunya.cat\/wp-content\/uploads\/2025\/02\/pexels-photo-1440372-1024x683.jpeg 1024w, https:\/\/conversesacatalunya.cat\/wp-content\/uploads\/2025\/02\/pexels-photo-1440372-300x200.jpeg 300w, https:\/\/conversesacatalunya.cat\/wp-content\/uploads\/2025\/02\/pexels-photo-1440372.jpeg 1125w\" data-sizes=\"(max-width: 1024px) 100vw, 1024px\" src=\"data:image\/svg+xml;base64,PHN2ZyB3aWR0aD0iMSIgaGVpZ2h0PSIxIiB4bWxucz0iaHR0cDovL3d3dy53My5vcmcvMjAwMC9zdmciPjwvc3ZnPg==\" style=\"--smush-placeholder-width: 1024px; --smush-placeholder-aspect-ratio: 1024\/683;\" \/><\/a><\/div><h2 class=\"w-post-elm post_title usg_post_title_1 entry-title color_link_inherit\"><a href=\"https:\/\/conversesacatalunya.cat\/es\/depresion-aislada-a-niveles-altos-dana\/\">Depresi\u00f3n aislada a niveles altos: DANA<\/a><\/h2><time class=\"w-post-elm post_date usg_post_date_1 has_text_color entry-date published\" datetime=\"2025-02-20T10:00:21+01:00\">20 febrero, 2025<\/time><div class=\"w-post-elm post_author usg_post_author_1 vcard author color_link_inherit\"><div class=\"post-author-meta\"><a href=\"https:\/\/conversesacatalunya.cat\/es\/author\/antoni-pedragosa\/\" class=\"post-author-name fn\">Antoni Pedragosa<\/a><\/div><\/div>\t\t<\/div>\r\n\t\t\t<\/article>\r\n\t<article class=\"w-grid-item size_1x1 post-85681 post type-post status-publish format-standard has-post-thumbnail hentry category-opinem-es tag-inteligencia-artificial-es\" data-id=\"85681\">\r\n\t\t<div class=\"w-grid-item-h\">\r\n\t\t\t\t\t\t<div class=\"w-post-elm post_image usg_post_image_1 actualitat_img stretched\"><a href=\"https:\/\/conversesacatalunya.cat\/es\/la-inteligencia-artificial-y-el-bienestar-animal-una-revolucion-con-limites\/\" aria-label=\"La inteligencia artificial y el bienestar animal: \u00bfuna revoluci\u00f3n con l\u00edmites?\"><img decoding=\"async\" width=\"434\" height=\"246\" data-src=\"https:\/\/conversesacatalunya.cat\/wp-content\/uploads\/2025\/02\/emociones-animales-2.jpg\" class=\"attachment-large size-large wp-post-image lazyload\" alt=\"\" data-srcset=\"https:\/\/conversesacatalunya.cat\/wp-content\/uploads\/2025\/02\/emociones-animales-2.jpg 434w, https:\/\/conversesacatalunya.cat\/wp-content\/uploads\/2025\/02\/emociones-animales-2-300x170.jpg 300w\" data-sizes=\"(max-width: 434px) 100vw, 434px\" src=\"data:image\/svg+xml;base64,PHN2ZyB3aWR0aD0iMSIgaGVpZ2h0PSIxIiB4bWxucz0iaHR0cDovL3d3dy53My5vcmcvMjAwMC9zdmciPjwvc3ZnPg==\" style=\"--smush-placeholder-width: 434px; --smush-placeholder-aspect-ratio: 434\/246;\" \/><\/a><\/div><h2 class=\"w-post-elm post_title usg_post_title_1 entry-title color_link_inherit\"><a href=\"https:\/\/conversesacatalunya.cat\/es\/la-inteligencia-artificial-y-el-bienestar-animal-una-revolucion-con-limites\/\">La inteligencia artificial y el bienestar animal: \u00bfuna revoluci\u00f3n con l\u00edmites?<\/a><\/h2><time class=\"w-post-elm post_date usg_post_date_1 has_text_color entry-date published\" datetime=\"2025-02-18T10:47:30+01:00\">18 febrero, 2025<\/time><div class=\"w-post-elm post_author usg_post_author_1 vcard author color_link_inherit\"><div class=\"post-author-meta\"><a href=\"https:\/\/conversesacatalunya.cat\/es\/author\/nuria_freixa\/\" class=\"post-author-name fn\">N\u00faria Freixa<\/a><\/div><\/div>\t\t<\/div>\r\n\t\t\t<\/article>\r\n\t<article class=\"w-grid-item size_1x1 post-85578 post type-post status-publish format-standard has-post-thumbnail hentry category-opinem-es tag-corrupcion\" data-id=\"85578\">\r\n\t\t<div class=\"w-grid-item-h\">\r\n\t\t\t\t\t\t<div class=\"w-post-elm post_image usg_post_image_1 actualitat_img stretched\"><a href=\"https:\/\/conversesacatalunya.cat\/es\/millones-de-euros-desperdiciados-los-estudios-absurdos-que-financio-la-generalitat\/\" aria-label=\"Millones de euros desperdiciados: los estudios absurdos que financi\u00f3 la Generalitat\"><img decoding=\"async\" width=\"386\" height=\"281\" data-src=\"https:\/\/conversesacatalunya.cat\/wp-content\/uploads\/2025\/02\/informes.jpg\" class=\"attachment-large size-large wp-post-image lazyload\" alt=\"\" data-srcset=\"https:\/\/conversesacatalunya.cat\/wp-content\/uploads\/2025\/02\/informes.jpg 386w, https:\/\/conversesacatalunya.cat\/wp-content\/uploads\/2025\/02\/informes-300x218.jpg 300w\" data-sizes=\"(max-width: 386px) 100vw, 386px\" src=\"data:image\/svg+xml;base64,PHN2ZyB3aWR0aD0iMSIgaGVpZ2h0PSIxIiB4bWxucz0iaHR0cDovL3d3dy53My5vcmcvMjAwMC9zdmciPjwvc3ZnPg==\" style=\"--smush-placeholder-width: 386px; --smush-placeholder-aspect-ratio: 386\/281;\" \/><\/a><\/div><h2 class=\"w-post-elm post_title usg_post_title_1 entry-title color_link_inherit\"><a href=\"https:\/\/conversesacatalunya.cat\/es\/millones-de-euros-desperdiciados-los-estudios-absurdos-que-financio-la-generalitat\/\">Millones de euros desperdiciados: los estudios absurdos que financi\u00f3 la Generalitat<\/a><\/h2><time class=\"w-post-elm post_date usg_post_date_1 has_text_color entry-date published\" datetime=\"2025-02-14T08:50:11+01:00\">14 febrero, 2025<\/time><div class=\"w-post-elm post_author usg_post_author_1 vcard author color_link_inherit\"><div class=\"post-author-meta\"><a href=\"https:\/\/conversesacatalunya.cat\/es\/author\/nuria_freixa\/\" class=\"post-author-name fn\">N\u00faria Freixa<\/a><\/div><\/div>\t\t<\/div>\r\n\t\t\t<\/article>\r\n\t<article class=\"w-grid-item size_1x1 post-85464 post type-post status-publish format-standard has-post-thumbnail hentry category-opinem-es tag-deportes tag-futbol-es tag-solidaridad\" data-id=\"85464\">\r\n\t\t<div class=\"w-grid-item-h\">\r\n\t\t\t\t\t\t<div class=\"w-post-elm post_image usg_post_image_1 actualitat_img stretched\"><a href=\"https:\/\/conversesacatalunya.cat\/es\/neymar-un-testimonio-de-fe-y-solidaridad\/\" aria-label=\"Neymar, un testimonio de fe y solidaridad\"><img decoding=\"async\" width=\"793\" height=\"523\" data-src=\"https:\/\/conversesacatalunya.cat\/wp-content\/uploads\/2025\/02\/neymar.jpg\" class=\"attachment-large size-large wp-post-image lazyload\" alt=\"\" data-srcset=\"https:\/\/conversesacatalunya.cat\/wp-content\/uploads\/2025\/02\/neymar.jpg 793w, https:\/\/conversesacatalunya.cat\/wp-content\/uploads\/2025\/02\/neymar-300x198.jpg 300w\" data-sizes=\"(max-width: 793px) 100vw, 793px\" src=\"data:image\/svg+xml;base64,PHN2ZyB3aWR0aD0iMSIgaGVpZ2h0PSIxIiB4bWxucz0iaHR0cDovL3d3dy53My5vcmcvMjAwMC9zdmciPjwvc3ZnPg==\" style=\"--smush-placeholder-width: 793px; --smush-placeholder-aspect-ratio: 793\/523;\" \/><\/a><\/div><h2 class=\"w-post-elm post_title usg_post_title_1 entry-title color_link_inherit\"><a href=\"https:\/\/conversesacatalunya.cat\/es\/neymar-un-testimonio-de-fe-y-solidaridad\/\">Neymar, un testimonio de fe y solidaridad<\/a><\/h2><time class=\"w-post-elm post_date usg_post_date_1 has_text_color entry-date published\" datetime=\"2025-02-10T12:41:51+01:00\">10 febrero, 2025<\/time><div class=\"w-post-elm post_author usg_post_author_1 vcard author color_link_inherit\"><div class=\"post-author-meta\"><a href=\"https:\/\/conversesacatalunya.cat\/es\/author\/nuria_freixa\/\" class=\"post-author-name fn\">N\u00faria Freixa<\/a><\/div><\/div>\t\t<\/div>\r\n\t\t\t<\/article>\r\n\t<article class=\"w-grid-item size_1x1 post-84534 post type-post status-publish format-standard has-post-thumbnail hentry category-opinem-es category-punts-claus-del-dia-es tag-nadal-es\" data-id=\"84534\">\r\n\t\t<div class=\"w-grid-item-h\">\r\n\t\t\t\t\t\t<div class=\"w-post-elm post_image usg_post_image_1 actualitat_img stretched\"><a href=\"https:\/\/conversesacatalunya.cat\/es\/villancico-hacer-el-belen\/\" aria-label=\"Villancico, hago el bel\u00e9n\"><img decoding=\"async\" width=\"377\" height=\"239\" data-src=\"https:\/\/conversesacatalunya.cat\/wp-content\/uploads\/2024\/12\/fer-pesebre.png\" class=\"attachment-large size-large wp-post-image lazyload\" alt=\"\" data-srcset=\"https:\/\/conversesacatalunya.cat\/wp-content\/uploads\/2024\/12\/fer-pesebre.png 377w, https:\/\/conversesacatalunya.cat\/wp-content\/uploads\/2024\/12\/fer-pesebre-300x190.png 300w\" data-sizes=\"(max-width: 377px) 100vw, 377px\" src=\"data:image\/svg+xml;base64,PHN2ZyB3aWR0aD0iMSIgaGVpZ2h0PSIxIiB4bWxucz0iaHR0cDovL3d3dy53My5vcmcvMjAwMC9zdmciPjwvc3ZnPg==\" style=\"--smush-placeholder-width: 377px; --smush-placeholder-aspect-ratio: 377\/239;\" \/><\/a><\/div><h2 class=\"w-post-elm post_title usg_post_title_1 entry-title color_link_inherit\"><a href=\"https:\/\/conversesacatalunya.cat\/es\/villancico-hacer-el-belen\/\">Villancico, hago el bel\u00e9n<\/a><\/h2><time class=\"w-post-elm post_date usg_post_date_1 has_text_color entry-date published\" datetime=\"2024-12-20T10:23:44+01:00\">20 diciembre, 2024<\/time><div class=\"w-post-elm post_author usg_post_author_1 vcard author color_link_inherit\"><div class=\"post-author-meta\"><a href=\"https:\/\/conversesacatalunya.cat\/es\/author\/carme_catala\/\" class=\"post-author-name fn\">conversesacatalunya<\/a><\/div><\/div>\t\t<\/div>\r\n\t\t\t<\/article>\r\n\t<article class=\"w-grid-item size_1x1 post-83688 post type-post status-publish format-standard has-post-thumbnail hentry category-opinem-es tag-navidad tag-pesebre\" data-id=\"83688\">\r\n\t\t<div class=\"w-grid-item-h\">\r\n\t\t\t\t\t\t<div class=\"w-post-elm post_image usg_post_image_1 actualitat_img stretched\"><a href=\"https:\/\/conversesacatalunya.cat\/es\/barcelona-desdibuja-la-navidad-estrella-sant-jaume\/\" aria-label=\"Barcelona desdibuja la Navidad: la estrella gigante que eclipsa el pesebre tradicional\"><img decoding=\"async\" width=\"661\" height=\"413\" data-src=\"https:\/\/conversesacatalunya.cat\/wp-content\/uploads\/2024\/11\/estel-gegant.jpg\" class=\"attachment-large size-large wp-post-image lazyload\" alt=\"estel pla\u00e7a Sant Jaume\" data-srcset=\"https:\/\/conversesacatalunya.cat\/wp-content\/uploads\/2024\/11\/estel-gegant.jpg 661w, https:\/\/conversesacatalunya.cat\/wp-content\/uploads\/2024\/11\/estel-gegant-300x187.jpg 300w\" data-sizes=\"(max-width: 661px) 100vw, 661px\" src=\"data:image\/svg+xml;base64,PHN2ZyB3aWR0aD0iMSIgaGVpZ2h0PSIxIiB4bWxucz0iaHR0cDovL3d3dy53My5vcmcvMjAwMC9zdmciPjwvc3ZnPg==\" style=\"--smush-placeholder-width: 661px; --smush-placeholder-aspect-ratio: 661\/413;\" \/><\/a><\/div><h2 class=\"w-post-elm post_title usg_post_title_1 entry-title color_link_inherit\"><a href=\"https:\/\/conversesacatalunya.cat\/es\/barcelona-desdibuja-la-navidad-estrella-sant-jaume\/\">Barcelona desdibuja la Navidad: la estrella gigante que eclipsa el pesebre tradicional<\/a><\/h2><time class=\"w-post-elm post_date usg_post_date_1 has_text_color entry-date published\" datetime=\"2024-11-19T16:39:17+01:00\">19 noviembre, 2024<\/time><div class=\"w-post-elm post_author usg_post_author_1 vcard author color_link_inherit\"><div class=\"post-author-meta\"><a href=\"https:\/\/conversesacatalunya.cat\/es\/author\/emili_clos\/\" class=\"post-author-name fn\">Emili Clos<\/a><\/div><\/div>\t\t<\/div>\r\n\t\t\t<\/article>\r\n\t<article class=\"w-grid-item size_1x1 post-83472 post type-post status-publish format-standard has-post-thumbnail hentry category-expedient-barcelona-es category-opinem-es tag-tranvia\" data-id=\"83472\">\r\n\t\t<div class=\"w-grid-item-h\">\r\n\t\t\t\t\t\t<div class=\"w-post-elm post_image usg_post_image_1 actualitat_img stretched\"><a href=\"https:\/\/conversesacatalunya.cat\/es\/el-tranvia-de-la-diagonal-una-solucion-que-atasca-barcelona\/\" aria-label=\"El tranv\u00eda de la Diagonal: \u00bfuna soluci\u00f3n que atasca Barcelona?\"><img decoding=\"async\" width=\"716\" height=\"492\" data-src=\"https:\/\/conversesacatalunya.cat\/wp-content\/uploads\/2024\/11\/tramvia_avui.jpg\" class=\"attachment-large size-large wp-post-image lazyload\" alt=\"tramvia de la diagonal\" data-srcset=\"https:\/\/conversesacatalunya.cat\/wp-content\/uploads\/2024\/11\/tramvia_avui.jpg 716w, https:\/\/conversesacatalunya.cat\/wp-content\/uploads\/2024\/11\/tramvia_avui-300x206.jpg 300w\" data-sizes=\"(max-width: 716px) 100vw, 716px\" src=\"data:image\/svg+xml;base64,PHN2ZyB3aWR0aD0iMSIgaGVpZ2h0PSIxIiB4bWxucz0iaHR0cDovL3d3dy53My5vcmcvMjAwMC9zdmciPjwvc3ZnPg==\" style=\"--smush-placeholder-width: 716px; --smush-placeholder-aspect-ratio: 716\/492;\" \/><\/a><\/div><h2 class=\"w-post-elm post_title usg_post_title_1 entry-title color_link_inherit\"><a href=\"https:\/\/conversesacatalunya.cat\/es\/el-tranvia-de-la-diagonal-una-solucion-que-atasca-barcelona\/\">El tranv\u00eda de la Diagonal: \u00bfuna soluci\u00f3n que atasca Barcelona?<\/a><\/h2><time class=\"w-post-elm post_date usg_post_date_1 has_text_color entry-date published\" datetime=\"2024-11-14T11:59:47+01:00\">14 noviembre, 2024<\/time><div class=\"w-post-elm post_author usg_post_author_1 vcard author color_link_inherit\"><div class=\"post-author-meta\"><a href=\"https:\/\/conversesacatalunya.cat\/es\/author\/nuria_freixa\/\" class=\"post-author-name fn\">N\u00faria Freixa<\/a><\/div><\/div>\t\t<\/div>\r\n\t\t\t<\/article>\r\n\t<article class=\"w-grid-item size_1x1 post-83073 post type-post status-publish format-standard has-post-thumbnail hentry category-opinem-es category-punts-claus-del-dia-es tag-cambio-climatico tag-canvi-climatic-es\" data-id=\"83073\">\r\n\t\t<div class=\"w-grid-item-h\">\r\n\t\t\t\t\t\t<div class=\"w-post-elm post_image usg_post_image_1 actualitat_img stretched\"><a href=\"https:\/\/conversesacatalunya.cat\/es\/que-es-una-dana-y-que-la-diferencia-de-las-tormentas-de-toda-la-vida\/\" aria-label=\"Qu\u00e9 es una DANA y qu\u00e9 la diferencia de las tormentas de toda la vida\"><img decoding=\"async\" width=\"701\" height=\"383\" data-src=\"https:\/\/conversesacatalunya.cat\/wp-content\/uploads\/2024\/10\/Dana.jpg\" class=\"attachment-large size-large wp-post-image lazyload\" alt=\"Qu\u00e8 \u00e9s una Dana\" data-srcset=\"https:\/\/conversesacatalunya.cat\/wp-content\/uploads\/2024\/10\/Dana.jpg 701w, https:\/\/conversesacatalunya.cat\/wp-content\/uploads\/2024\/10\/Dana-300x164.jpg 300w\" data-sizes=\"(max-width: 701px) 100vw, 701px\" src=\"data:image\/svg+xml;base64,PHN2ZyB3aWR0aD0iMSIgaGVpZ2h0PSIxIiB4bWxucz0iaHR0cDovL3d3dy53My5vcmcvMjAwMC9zdmciPjwvc3ZnPg==\" style=\"--smush-placeholder-width: 701px; --smush-placeholder-aspect-ratio: 701\/383;\" \/><\/a><\/div><h2 class=\"w-post-elm post_title usg_post_title_1 entry-title color_link_inherit\"><a href=\"https:\/\/conversesacatalunya.cat\/es\/que-es-una-dana-y-que-la-diferencia-de-las-tormentas-de-toda-la-vida\/\">Qu\u00e9 es una DANA y qu\u00e9 la diferencia de las tormentas de toda la vida<\/a><\/h2><time class=\"w-post-elm post_date usg_post_date_1 has_text_color entry-date published\" datetime=\"2024-10-31T11:09:16+01:00\">31 octubre, 2024<\/time><div class=\"w-post-elm post_author usg_post_author_1 vcard author color_link_inherit\"><div class=\"post-author-meta\"><a href=\"https:\/\/conversesacatalunya.cat\/es\/author\/nuria_freixa\/\" class=\"post-author-name fn\">N\u00faria Freixa<\/a><\/div><\/div>\t\t<\/div>\r\n\t\t\t<\/article>\r\n\t<article class=\"w-grid-item size_1x1 post-82645 post type-post status-publish format-standard has-post-thumbnail hentry category-opinem-es category-punts-claus-del-dia-es tag-gaza tag-israel-es\" data-id=\"82645\">\r\n\t\t<div class=\"w-grid-item-h\">\r\n\t\t\t\t\t\t<div class=\"w-post-elm post_image usg_post_image_1 actualitat_img stretched\"><a href=\"https:\/\/conversesacatalunya.cat\/es\/el-conflicto-entre-israel-gaza-y-libano-una-explicacion-sencilla\/\" aria-label=\"El conflicto entre Israel, Gaza y L\u00edbano: Una explicaci\u00f3n sencilla\"><img decoding=\"async\" width=\"576\" height=\"353\" data-src=\"https:\/\/conversesacatalunya.cat\/wp-content\/uploads\/2024\/10\/conflicto-israel.jpg\" class=\"attachment-large size-large wp-post-image lazyload\" alt=\"\" data-srcset=\"https:\/\/conversesacatalunya.cat\/wp-content\/uploads\/2024\/10\/conflicto-israel.jpg 576w, https:\/\/conversesacatalunya.cat\/wp-content\/uploads\/2024\/10\/conflicto-israel-300x184.jpg 300w\" data-sizes=\"(max-width: 576px) 100vw, 576px\" src=\"data:image\/svg+xml;base64,PHN2ZyB3aWR0aD0iMSIgaGVpZ2h0PSIxIiB4bWxucz0iaHR0cDovL3d3dy53My5vcmcvMjAwMC9zdmciPjwvc3ZnPg==\" style=\"--smush-placeholder-width: 576px; --smush-placeholder-aspect-ratio: 576\/353;\" \/><\/a><\/div><h2 class=\"w-post-elm post_title usg_post_title_1 entry-title color_link_inherit\"><a href=\"https:\/\/conversesacatalunya.cat\/es\/el-conflicto-entre-israel-gaza-y-libano-una-explicacion-sencilla\/\">El conflicto entre Israel, Gaza y L\u00edbano: Una explicaci\u00f3n sencilla<\/a><\/h2><time class=\"w-post-elm post_date usg_post_date_1 has_text_color entry-date published\" datetime=\"2024-10-15T11:28:44+02:00\">15 octubre, 2024<\/time><div class=\"w-post-elm post_author usg_post_author_1 vcard author color_link_inherit\"><div class=\"post-author-meta\"><a href=\"https:\/\/conversesacatalunya.cat\/es\/author\/nuria_freixa\/\" class=\"post-author-name fn\">N\u00faria Freixa<\/a><\/div><\/div>\t\t<\/div>\r\n\t\t\t<\/article>\r\n\t<article class=\"w-grid-item size_1x1 post-82576 post type-post status-publish format-standard has-post-thumbnail hentry category-opinem-es tag-habitatge-es tag-precios-vivienda tag-preu-de-lhabitatge tag-preu-de-lhabitatge-es-2 tag-vivienda\" data-id=\"82576\">\r\n\t\t<div class=\"w-grid-item-h\">\r\n\t\t\t\t\t\t<div class=\"w-post-elm post_image usg_post_image_1 actualitat_img stretched\"><a href=\"https:\/\/conversesacatalunya.cat\/es\/vivienda-un-mal-endemico\/\" aria-label=\"La vivienda un mal end\u00e9mico\"><img decoding=\"async\" width=\"1024\" height=\"682\" data-src=\"https:\/\/conversesacatalunya.cat\/wp-content\/uploads\/2024\/10\/piso-1024x682.jpg\" class=\"attachment-large size-large wp-post-image lazyload\" alt=\"habitatge mal end\u00e8mic\" data-srcset=\"https:\/\/conversesacatalunya.cat\/wp-content\/uploads\/2024\/10\/piso-1024x682.jpg 1024w, https:\/\/conversesacatalunya.cat\/wp-content\/uploads\/2024\/10\/piso-300x200.jpg 300w, https:\/\/conversesacatalunya.cat\/wp-content\/uploads\/2024\/10\/piso.jpg 1280w\" data-sizes=\"(max-width: 1024px) 100vw, 1024px\" src=\"data:image\/svg+xml;base64,PHN2ZyB3aWR0aD0iMSIgaGVpZ2h0PSIxIiB4bWxucz0iaHR0cDovL3d3dy53My5vcmcvMjAwMC9zdmciPjwvc3ZnPg==\" style=\"--smush-placeholder-width: 1024px; --smush-placeholder-aspect-ratio: 1024\/682;\" \/><\/a><\/div><h2 class=\"w-post-elm post_title usg_post_title_1 entry-title color_link_inherit\"><a href=\"https:\/\/conversesacatalunya.cat\/es\/vivienda-un-mal-endemico\/\">La vivienda un mal end\u00e9mico<\/a><\/h2><time class=\"w-post-elm post_date usg_post_date_1 has_text_color entry-date published\" datetime=\"2024-10-14T09:00:16+02:00\">14 octubre, 2024<\/time><div class=\"w-post-elm post_author usg_post_author_1 vcard author color_link_inherit\"><div class=\"post-author-meta\"><a href=\"https:\/\/conversesacatalunya.cat\/es\/author\/pere-alavedra\/\" class=\"post-author-name fn\">Pere Alavedra<\/a><\/div><\/div>\t\t<\/div>\r\n\t\t\t<\/article>\r\n\t<article class=\"w-grid-item size_1x1 post-82435 post type-post status-publish format-standard has-post-thumbnail hentry category-opinem-es tag-catala-es tag-catalan-es tag-immigracio-es tag-inmigracion\" data-id=\"82435\">\r\n\t\t<div class=\"w-grid-item-h\">\r\n\t\t\t\t\t\t<div class=\"w-post-elm post_image usg_post_image_1 actualitat_img stretched\"><a href=\"https:\/\/conversesacatalunya.cat\/es\/quieren-hacer-cataluna-sin-catalanitos\/\" aria-label=\"Quieren hacer Catalu\u00f1a sin \u00abcatalanitos\u00bb\"><img decoding=\"async\" width=\"1024\" height=\"682\" data-src=\"https:\/\/conversesacatalunya.cat\/wp-content\/uploads\/2024\/10\/ruins-6863571_1280-1024x682.jpg\" class=\"attachment-large size-large wp-post-image lazyload\" alt=\"Catalu\u00f1a inmigraci\u00f3n\" data-srcset=\"https:\/\/conversesacatalunya.cat\/wp-content\/uploads\/2024\/10\/ruins-6863571_1280-1024x682.jpg 1024w, https:\/\/conversesacatalunya.cat\/wp-content\/uploads\/2024\/10\/ruins-6863571_1280-300x200.jpg 300w, https:\/\/conversesacatalunya.cat\/wp-content\/uploads\/2024\/10\/ruins-6863571_1280.jpg 1280w\" data-sizes=\"(max-width: 1024px) 100vw, 1024px\" src=\"data:image\/svg+xml;base64,PHN2ZyB3aWR0aD0iMSIgaGVpZ2h0PSIxIiB4bWxucz0iaHR0cDovL3d3dy53My5vcmcvMjAwMC9zdmciPjwvc3ZnPg==\" style=\"--smush-placeholder-width: 1024px; --smush-placeholder-aspect-ratio: 1024\/682;\" \/><\/a><\/div><h2 class=\"w-post-elm post_title usg_post_title_1 entry-title color_link_inherit\"><a href=\"https:\/\/conversesacatalunya.cat\/es\/quieren-hacer-cataluna-sin-catalanitos\/\">Quieren hacer Catalu\u00f1a sin \u00abcatalanitos\u00bb<\/a><\/h2><time class=\"w-post-elm post_date usg_post_date_1 has_text_color entry-date published\" datetime=\"2024-10-09T09:21:05+02:00\">9 octubre, 2024<\/time><div class=\"w-post-elm post_author usg_post_author_1 vcard author color_link_inherit\"><div class=\"post-author-meta\"><a href=\"https:\/\/conversesacatalunya.cat\/es\/author\/daniel-arasa\/\" class=\"post-author-name fn\">Daniel Arasa<\/a><\/div><\/div>\t\t<\/div>\r\n\t\t\t<\/article>\r\n\t<article class=\"w-grid-item size_1x1 post-81636 post type-post status-publish format-standard has-post-thumbnail hentry category-opinem-es tag-redes-sociales tag-xarxes-socials-es\" data-id=\"81636\">\r\n\t\t<div class=\"w-grid-item-h\">\r\n\t\t\t\t\t\t<div class=\"w-post-elm post_image usg_post_image_1 actualitat_img stretched\"><a href=\"https:\/\/conversesacatalunya.cat\/es\/vivir-la-vida\/\" aria-label=\"Vivir la vida\"><img decoding=\"async\" width=\"487\" height=\"562\" data-src=\"https:\/\/conversesacatalunya.cat\/wp-content\/uploads\/2024\/09\/Captura-4.jpg\" class=\"attachment-large size-large wp-post-image lazyload\" alt=\"vivir la vida\" data-srcset=\"https:\/\/conversesacatalunya.cat\/wp-content\/uploads\/2024\/09\/Captura-4.jpg 487w, https:\/\/conversesacatalunya.cat\/wp-content\/uploads\/2024\/09\/Captura-4-260x300.jpg 260w\" data-sizes=\"(max-width: 487px) 100vw, 487px\" src=\"data:image\/svg+xml;base64,PHN2ZyB3aWR0aD0iMSIgaGVpZ2h0PSIxIiB4bWxucz0iaHR0cDovL3d3dy53My5vcmcvMjAwMC9zdmciPjwvc3ZnPg==\" style=\"--smush-placeholder-width: 487px; --smush-placeholder-aspect-ratio: 487\/562;\" \/><\/a><\/div><h2 class=\"w-post-elm post_title usg_post_title_1 entry-title color_link_inherit\"><a href=\"https:\/\/conversesacatalunya.cat\/es\/vivir-la-vida\/\">Vivir la vida<\/a><\/h2><time class=\"w-post-elm post_date usg_post_date_1 has_text_color entry-date published\" datetime=\"2024-09-18T11:19:44+02:00\">18 septiembre, 2024<\/time><div class=\"w-post-elm post_author usg_post_author_1 vcard author color_link_inherit\"><div class=\"post-author-meta\"><a href=\"https:\/\/conversesacatalunya.cat\/es\/author\/marc__miro\/\" class=\"post-author-name fn\">Marc Mir\u00f3<\/a><\/div><\/div>\t\t<\/div>\r\n\t\t\t<\/article>\r\n\t<article class=\"w-grid-item size_1x1 post-81258 post type-post status-publish format-standard has-post-thumbnail hentry category-opinem-es tag-turisme-es tag-turismo\" data-id=\"81258\">\r\n\t\t<div class=\"w-grid-item-h\">\r\n\t\t\t\t\t\t<div class=\"w-post-elm post_image usg_post_image_1 actualitat_img stretched\"><a href=\"https:\/\/conversesacatalunya.cat\/es\/andrea-victrix-llorenc-vilallonga\/\" aria-label=\"Un libro: \u00abAndrea V\u00edctrix\u00bb, una distop\u00eda prof\u00e9tica (Lloren\u00e7 Villalonga)\"><img decoding=\"async\" width=\"478\" height=\"698\" data-src=\"https:\/\/conversesacatalunya.cat\/wp-content\/uploads\/2024\/09\/Andrea-Victric.jpg\" class=\"attachment-large size-large wp-post-image lazyload\" alt=\"Andrea V\u00edctrix\" data-srcset=\"https:\/\/conversesacatalunya.cat\/wp-content\/uploads\/2024\/09\/Andrea-Victric.jpg 478w, https:\/\/conversesacatalunya.cat\/wp-content\/uploads\/2024\/09\/Andrea-Victric-205x300.jpg 205w\" data-sizes=\"(max-width: 478px) 100vw, 478px\" src=\"data:image\/svg+xml;base64,PHN2ZyB3aWR0aD0iMSIgaGVpZ2h0PSIxIiB4bWxucz0iaHR0cDovL3d3dy53My5vcmcvMjAwMC9zdmciPjwvc3ZnPg==\" style=\"--smush-placeholder-width: 478px; --smush-placeholder-aspect-ratio: 478\/698;\" \/><\/a><\/div><h2 class=\"w-post-elm post_title usg_post_title_1 entry-title color_link_inherit\"><a href=\"https:\/\/conversesacatalunya.cat\/es\/andrea-victrix-llorenc-vilallonga\/\">Un libro: \u00abAndrea V\u00edctrix\u00bb, una distop\u00eda prof\u00e9tica (Lloren\u00e7 Villalonga)<\/a><\/h2><time class=\"w-post-elm post_date usg_post_date_1 has_text_color entry-date published\" datetime=\"2024-09-13T10:15:26+02:00\">13 septiembre, 2024<\/time><div class=\"w-post-elm post_author usg_post_author_1 vcard author color_link_inherit\"><div class=\"post-author-meta\"><a href=\"https:\/\/conversesacatalunya.cat\/es\/author\/ramon-torra\/\" class=\"post-author-name fn\">Ramon Torra<\/a><\/div><\/div>\t\t<\/div>\r\n\t\t\t<\/article>\r\n\t<article class=\"w-grid-item size_1x1 post-80898 post type-post status-publish format-standard has-post-thumbnail hentry category-opinem-es tag-vacaciones tag-vacances-es\" data-id=\"80898\">\r\n\t\t<div class=\"w-grid-item-h\">\r\n\t\t\t\t\t\t<div class=\"w-post-elm post_image usg_post_image_1 actualitat_img stretched\"><a href=\"https:\/\/conversesacatalunya.cat\/es\/il-dolce-far-niente\/\" aria-label=\"\u201cIl dolce far niente\u201d\"><img decoding=\"async\" width=\"1000\" height=\"750\" data-src=\"https:\/\/conversesacatalunya.cat\/wp-content\/uploads\/2024\/08\/pla-calma-1000x750-1.jpg\" class=\"attachment-large size-large wp-post-image lazyload\" alt=\"il dolce far niente\" data-srcset=\"https:\/\/conversesacatalunya.cat\/wp-content\/uploads\/2024\/08\/pla-calma-1000x750-1.jpg 1000w, https:\/\/conversesacatalunya.cat\/wp-content\/uploads\/2024\/08\/pla-calma-1000x750-1-300x225.jpg 300w\" data-sizes=\"(max-width: 1000px) 100vw, 1000px\" src=\"data:image\/svg+xml;base64,PHN2ZyB3aWR0aD0iMSIgaGVpZ2h0PSIxIiB4bWxucz0iaHR0cDovL3d3dy53My5vcmcvMjAwMC9zdmciPjwvc3ZnPg==\" style=\"--smush-placeholder-width: 1000px; --smush-placeholder-aspect-ratio: 1000\/750;\" \/><\/a><\/div><h2 class=\"w-post-elm post_title usg_post_title_1 entry-title color_link_inherit\"><a href=\"https:\/\/conversesacatalunya.cat\/es\/il-dolce-far-niente\/\">\u201cIl dolce far niente\u201d<\/a><\/h2><time class=\"w-post-elm post_date usg_post_date_1 has_text_color entry-date published\" datetime=\"2024-08-30T10:46:37+02:00\">30 agosto, 2024<\/time><div class=\"w-post-elm post_author usg_post_author_1 vcard author color_link_inherit\"><div class=\"post-author-meta\"><a href=\"https:\/\/conversesacatalunya.cat\/es\/author\/antoni-pedragosa\/\" class=\"post-author-name fn\">Antoni Pedragosa<\/a><\/div><\/div>\t\t<\/div>\r\n\t\t\t<\/article>\r\n\t<article class=\"w-grid-item size_1x1 post-80779 post type-post status-publish format-standard has-post-thumbnail hentry category-opinem-es category-punts-claus-del-dia-es tag-vacaciones\" data-id=\"80779\">\r\n\t\t<div class=\"w-grid-item-h\">\r\n\t\t\t\t\t\t<div class=\"w-post-elm post_image usg_post_image_1 actualitat_img stretched\"><a href=\"https:\/\/conversesacatalunya.cat\/es\/vuelta-al-trabajo-despues-de-las-vacaciones-de-verano\/\" aria-label=\"C\u00f3mo afrontar la vuelta al trabajo despu\u00e9s de las vacaciones de verano\"><img decoding=\"async\" width=\"714\" height=\"478\" data-src=\"https:\/\/conversesacatalunya.cat\/wp-content\/uploads\/2024\/08\/rutina.jpg\" class=\"attachment-large size-large wp-post-image lazyload\" alt=\"vuelta al trabajo despu\u00e9s de las vacaciones\" data-srcset=\"https:\/\/conversesacatalunya.cat\/wp-content\/uploads\/2024\/08\/rutina.jpg 714w, https:\/\/conversesacatalunya.cat\/wp-content\/uploads\/2024\/08\/rutina-300x201.jpg 300w\" data-sizes=\"(max-width: 714px) 100vw, 714px\" src=\"data:image\/svg+xml;base64,PHN2ZyB3aWR0aD0iMSIgaGVpZ2h0PSIxIiB4bWxucz0iaHR0cDovL3d3dy53My5vcmcvMjAwMC9zdmciPjwvc3ZnPg==\" style=\"--smush-placeholder-width: 714px; --smush-placeholder-aspect-ratio: 714\/478;\" \/><\/a><\/div><h2 class=\"w-post-elm post_title usg_post_title_1 entry-title color_link_inherit\"><a href=\"https:\/\/conversesacatalunya.cat\/es\/vuelta-al-trabajo-despues-de-las-vacaciones-de-verano\/\">C\u00f3mo afrontar la vuelta al trabajo despu\u00e9s de las vacaciones de verano<\/a><\/h2><time class=\"w-post-elm post_date usg_post_date_1 has_text_color entry-date published\" datetime=\"2024-08-28T11:37:11+02:00\">28 agosto, 2024<\/time><div class=\"w-post-elm post_author usg_post_author_1 vcard author color_link_inherit\"><div class=\"post-author-meta\"><a href=\"https:\/\/conversesacatalunya.cat\/es\/author\/frederic-catala\/\" class=\"post-author-name fn\">Frederic Catal\u00e0<\/a><\/div><\/div>\t\t<\/div>\r\n\t\t\t<\/article>\r\n\t<article class=\"w-grid-item size_1x1 post-79982 post type-post status-publish format-standard has-post-thumbnail hentry category-opinem-es category-punts-claus-del-dia-es tag-bolsa tag-primer-ciclo-bursatil-del-franquismo\" data-id=\"79982\">\r\n\t\t<div class=\"w-grid-item-h\">\r\n\t\t\t\t\t\t<div class=\"w-post-elm post_image usg_post_image_1 actualitat_img stretched\"><a href=\"https:\/\/conversesacatalunya.cat\/es\/trasfondo-cultural-primer-ciclo-bursatil-del-franquismo\/\" aria-label=\"El trasfondo cultural del primer ciclo burs\u00e1til del franquismo (1). Marco de referencia: la Bolsa\"><img decoding=\"async\" width=\"640\" height=\"328\" data-src=\"https:\/\/conversesacatalunya.cat\/wp-content\/uploads\/2024\/07\/Borsa_de_Barcelona_-_001.jpg\" class=\"attachment-large size-large wp-post-image lazyload\" alt=\"primer ciclo burs\u00e1til del franquismo\" data-srcset=\"https:\/\/conversesacatalunya.cat\/wp-content\/uploads\/2024\/07\/Borsa_de_Barcelona_-_001.jpg 640w, https:\/\/conversesacatalunya.cat\/wp-content\/uploads\/2024\/07\/Borsa_de_Barcelona_-_001-300x154.jpg 300w\" data-sizes=\"(max-width: 640px) 100vw, 640px\" src=\"data:image\/svg+xml;base64,PHN2ZyB3aWR0aD0iMSIgaGVpZ2h0PSIxIiB4bWxucz0iaHR0cDovL3d3dy53My5vcmcvMjAwMC9zdmciPjwvc3ZnPg==\" style=\"--smush-placeholder-width: 640px; --smush-placeholder-aspect-ratio: 640\/328;\" \/><\/a><\/div><h2 class=\"w-post-elm post_title usg_post_title_1 entry-title color_link_inherit\"><a href=\"https:\/\/conversesacatalunya.cat\/es\/trasfondo-cultural-primer-ciclo-bursatil-del-franquismo\/\">El trasfondo cultural del primer ciclo burs\u00e1til del franquismo (1). Marco de referencia: la Bolsa<\/a><\/h2><time class=\"w-post-elm post_date usg_post_date_1 has_text_color entry-date published\" datetime=\"2024-07-30T08:41:46+02:00\">30 julio, 2024<\/time><div class=\"w-post-elm post_author usg_post_author_1 vcard author color_link_inherit\"><div class=\"post-author-meta\"><a href=\"https:\/\/conversesacatalunya.cat\/es\/author\/joan-hortala-i-arau\/\" class=\"post-author-name fn\">Joan Hortal\u00e0 i Arau<\/a><\/div><\/div>\t\t<\/div>\r\n\t\t\t<\/article>\r\n<\/div><div class=\"w-grid-preloader\">\t<div class=\"g-preloader type_1\">\r\n\t\t<div><\/div>\r\n\t<\/div>\r\n\t<\/div>\t\t\t<nav class=\"pagination navigation\" role=\"navigation\">\r\n\t\t\t\t<div class=\"nav-links\">\r\n\t\t\t\t\t<span aria-current=\"page\" class=\"page-numbers current\"><span>1<\/span><\/span>\n<a class=\"page-numbers\" href=\"https:\/\/conversesacatalunya.cat\/es\/wp-json\/wp\/v2\/pages\/27797\/page\/2\/\"><span>2<\/span><\/a>\n<a class=\"page-numbers\" href=\"https:\/\/conversesacatalunya.cat\/es\/wp-json\/wp\/v2\/pages\/27797\/page\/3\/\"><span>3<\/span><\/a>\n<a class=\"page-numbers\" href=\"https:\/\/conversesacatalunya.cat\/es\/wp-json\/wp\/v2\/pages\/27797\/page\/4\/\"><span>4<\/span><\/a>\n<span class=\"page-numbers dots\">&hellip;<\/span>\n<a class=\"page-numbers\" href=\"https:\/\/conversesacatalunya.cat\/es\/wp-json\/wp\/v2\/pages\/27797\/page\/8\/\"><span>8<\/span><\/a>\n<a class=\"next page-numbers\" href=\"https:\/\/conversesacatalunya.cat\/es\/wp-json\/wp\/v2\/pages\/27797\/page\/2\/\"><span>Siguiente<\/span><\/a>\t\t\t\t<\/div>\r\n\t\t\t<\/nav>\r\n\t\t\t\t<div class=\"w-grid-json hidden\" onclick='return {&quot;action&quot;:&quot;us_ajax_grid&quot;,&quot;infinite_scroll&quot;:0,&quot;max_num_pages&quot;:8,&quot;pagination&quot;:&quot;regular&quot;,&quot;template_vars&quot;:{&quot;columns&quot;:&quot;3&quot;,&quot;exclude_items&quot;:&quot;none&quot;,&quot;img_size&quot;:&quot;default&quot;,&quot;ignore_items_size&quot;:0,&quot;items_layout&quot;:&quot;28091&quot;,&quot;items_offset&quot;:&quot;1&quot;,&quot;load_animation&quot;:&quot;none&quot;,&quot;overriding_link&quot;:&quot;{\\&quot;url\\&quot;:\\&quot;\\&quot;}&quot;,&quot;post_id&quot;:0,&quot;query_args&quot;:{&quot;post_type&quot;:[&quot;post&quot;],&quot;tax_query&quot;:[{&quot;taxonomy&quot;:&quot;category&quot;,&quot;field&quot;:&quot;slug&quot;,&quot;terms&quot;:[&quot;opinem-es&quot;]}],&quot;post_status&quot;:[&quot;publish&quot;],&quot;posts_per_page&quot;:&quot;30&quot;},&quot;orderby_query_args&quot;:{&quot;orderby&quot;:{&quot;date&quot;:&quot;DESC&quot;}},&quot;type&quot;:&quot;grid&quot;,&quot;us_grid_post_type&quot;:&quot;post&quot;,&quot;us_grid_ajax_index&quot;:1,&quot;us_grid_filter_query_string&quot;:null,&quot;us_grid_index&quot;:1,&quot;page_args&quot;:[],&quot;lang&quot;:&quot;es&quot;}}'><\/div>\r\n\t<\/div><\/div><\/div><\/div><div class=\"vc_col-sm-4 wpb_column vc_column_container\"><div class=\"vc_column-inner\"><div class=\"wpb_wrapper\"><div class=\"wpb_widgetised_column wpb_content_element\"><div class=\"wpb_wrapper\"><div id=\"block-6\" class=\"widget widget_block\"><div class=\"a-single a-12\"><!-- Banner est\u00e1ndar -->\r\n<!-- Banner est\u00e1ndar -->\r\n<a class=\"gofollow\" data-track=\"MTIsMCw2MA==\" href=\"https:\/\/www.aiguesdebarcelona.cat\/es\/\" rel=\"nofollow\" target=\"_blank\"><img decoding=\"async\" data-src=\"https:\/\/conversesacatalunya.cat\/wp-content\/uploads\/2023\/06\/Banner_QdA_300x250_ES.jpg\" src=\"data:image\/svg+xml;base64,PHN2ZyB3aWR0aD0iMSIgaGVpZ2h0PSIxIiB4bWxucz0iaHR0cDovL3d3dy53My5vcmcvMjAwMC9zdmciPjwvc3ZnPg==\" class=\"lazyload\" style=\"--smush-placeholder-width: 300px; --smush-placeholder-aspect-ratio: 300\/250;\"><\/a><\/div>\n<\/div><div id=\"block-5\" class=\"widget widget_block\"><p><!-- Error, \u00a1el anuncio no est\u00e1 disponible en este momento debido a restricciones de programaci\u00f3n\/geolocalizaci\u00f3n! --><\/p>\n<\/div><div id=\"block-7\" class=\"widget widget_block\"><p><!-- Error, \u00a1el anuncio no est\u00e1 disponible en este momento debido a restricciones de programaci\u00f3n\/geolocalizaci\u00f3n! --><\/p>\n<\/div><div id=\"text-19\" class=\"widget widget_text\">\t\t\t<div class=\"textwidget\"><div class=\"desc-autor\"><img decoding=\"async\" data-src=\"https:\/\/conversesacatalunya.cat\/wp-content\/uploads\/2019\/05\/fotovictor2010.jpg\" src=\"data:image\/svg+xml;base64,PHN2ZyB3aWR0aD0iMSIgaGVpZ2h0PSIxIiB4bWxucz0iaHR0cDovL3d3dy53My5vcmcvMjAwMC9zdmciPjwvc3ZnPg==\" class=\"lazyload\" style=\"--smush-placeholder-width: 2136px; --smush-placeholder-aspect-ratio: 2136\/3216;\" \/><b>V\u00edctor Pou<\/b> es doctor en derecho y licenciado en ciencias econ\u00f3micas por la Universitat de Barcelona, MBA por la IESE Business School de la Universidad de Navarra y Graduado en Integraci\u00f3n Europea por la Universidad de \u00c1msterdam. Es profesor del IESE Business School y de la Universidad Internacional de Catalu\u00f1a (UIC). Es Socio de la consultor\u00eda TAS Europrojects (Bruselas). Ha sido Ninguno de Unidad y Consejero de Relaciones Exteriores a la Comisi\u00f3n Europea (Bruselas). Ha sido Director del Patronato Catal\u00e1n pro Europa y Director General de Adecuaci\u00f3n a las Comunidades Europeas de la Generalitat de Catalu\u00f1a.<\/div><\/div>\n\t\t<\/div><div id=\"text-31\" class=\"widget widget_text\">\t\t\t<div class=\"textwidget\"><div class=\"desc-autor\"><img decoding=\"async\" data-src=\"https:\/\/conversesacatalunya.cat\/wp-content\/uploads\/2019\/02\/Captura-de-pantalla-2019-02-18-a-las-15.39.34.png\" src=\"data:image\/svg+xml;base64,PHN2ZyB3aWR0aD0iMSIgaGVpZ2h0PSIxIiB4bWxucz0iaHR0cDovL3d3dy53My5vcmcvMjAwMC9zdmciPjwvc3ZnPg==\" class=\"lazyload\" style=\"--smush-placeholder-width: 685px; --smush-placeholder-aspect-ratio: 685\/575;\" \/><strong>Marc Mir\u00f3<\/strong> : (Barcelona 1994) soy economista por la Universitat Pompeu Fabra y m\u00e1ster en Econom\u00eda de las Pol\u00edticas P\u00fablicas. He estado representando de los estudiantes en varios \u00f3rganos de la universidad y zoco ninguna escucha. \u201cEl fin de tener la mente abierta, como el de la boca abierta, es llenarla con algo valiosa\u201d (G.K. Chesterton).<\/div><\/div>\n\t\t<\/div><div id=\"text-32\" class=\"widget widget_text\">\t\t\t<div class=\"textwidget\"><div class=\"desc-autor\"><img decoding=\"async\" data-src=\"https:\/\/conversesacatalunya.cat\/wp-content\/uploads\/2019\/02\/taG6Sd2i-2.jpg\" src=\"data:image\/svg+xml;base64,PHN2ZyB3aWR0aD0iMSIgaGVpZ2h0PSIxIiB4bWxucz0iaHR0cDovL3d3dy53My5vcmcvMjAwMC9zdmciPjwvc3ZnPg==\" class=\"lazyload\" style=\"--smush-placeholder-width: 512px; --smush-placeholder-aspect-ratio: 512\/512;\" \/><strong>Josep Mir\u00f3 y Ard\u00e8vol<\/strong>: Lo m\u00e1s importante que he hecho en mi vida es casarme con Muntsa, tener hijos, Marc y Josep y, pero eso ya es una feliz derivada, una nieta, Anna. Lo m\u00e1s grande que me ha sucedido es haber dispuesto del don de la fe. A partir de ah\u00ed, todo lo dem\u00e1s son consecuencias o complementos.<\/div><\/div>\n\t\t<\/div><div id=\"text-33\" class=\"widget widget_text\">\t\t\t<div class=\"textwidget\"><div class=\"desc-autor\"><img decoding=\"async\" data-src=\"https:\/\/conversesacatalunya.cat\/wp-content\/uploads\/2019\/02\/Fra-Valenti-Serra.jpg\" src=\"data:image\/svg+xml;base64,PHN2ZyB3aWR0aD0iMSIgaGVpZ2h0PSIxIiB4bWxucz0iaHR0cDovL3d3dy53My5vcmcvMjAwMC9zdmciPjwvc3ZnPg==\" class=\"lazyload\" style=\"--smush-placeholder-width: 300px; --smush-placeholder-aspect-ratio: 300\/300;\" \/><strong>Fray Valent\u00ed Serra de Manresa<\/strong> (Manresa, Barcelona, 1959) es un religioso capuchino y sacerdote que profesa la Regla de Sant Francesc. Se doctor\u00f3 en Historia en la Universitat de Barcelona el 1995. Desde el a\u00f1o 1987 es el archivero provincial de los capuchinos y director de la Biblioteca Hispano-Capuchina. Colaborador cient\u00edfico de la Facultad de Teolog\u00eda de Catalu\u00f1a, forma parte, a su vez, del Claustro de Doctores de la Universitat de Barcelona. Destaca por su producci\u00f3n acad\u00e9mica, pero la mayor notoriedad lo ha logrado por sus conocimientos y divulgaci\u00f3n de las hierbas medicinales y la tradicional sabidur\u00eda de los monasterios en relaci\u00f3n a la alimentaci\u00f3n saludable. Actualmente reside en el convento de los Capuchinos de Sarri\u00e1 (Barcelona).<\/div><\/div>\n\t\t<\/div><div id=\"text-34\" class=\"widget widget_text\">\t\t\t<div class=\"textwidget\"><div class=\"desc-autor\"><img decoding=\"async\" data-src=\"https:\/\/conversesacatalunya.cat\/wp-content\/uploads\/2019\/02\/Carlos-Losada-img.jpg\" src=\"data:image\/svg+xml;base64,PHN2ZyB3aWR0aD0iMSIgaGVpZ2h0PSIxIiB4bWxucz0iaHR0cDovL3d3dy53My5vcmcvMjAwMC9zdmciPjwvc3ZnPg==\" class=\"lazyload\" style=\"--smush-placeholder-width: 250px; --smush-placeholder-aspect-ratio: 250\/250;\" \/><strong>Carlos Losada<\/strong> Doctor en Ciencias de la Gesti\u00f3n (PhD in Management Sciences) por la Universitat Ramon Llull. Licenciado en Direcci\u00f3n y Administraci\u00f3n de Empresas y M\u00e1ster en Administraci\u00f3n y Direcci\u00f3n de Empresas por ESADE. Licenciado en Derecho por la Universitat de Barcelona. Diplomado por la JFK School of Government (Harvard University) .\r\nInici\u00f3 su carrera en el sector privado. Ha ejercido varios lugares de direcci\u00f3n, tanto t\u00e9cnica como pol\u00edtica , a la Generalitat de Catalu\u00f1a . Ha trabajado en varias instituciones multilaterales. En 2000, se reincorpora a ESADE como director general , cargo que ejerce hasta el a\u00f1o 2010. Durante este periodo, es miembro de varios consejos de administraci\u00f3n y \u00f3rganos de gobierno.\r\nActualmente, compagina su actividad acad\u00e9mica con la pertenencia a varios \u00f3rganos de gobierno. Es Miembro del grupo de reflexi\u00f3n Construimos.<\/div><\/div>\n\t\t<\/div><div id=\"text-41\" class=\"widget widget_text\">\t\t\t<div class=\"textwidget\"><div class=\"desc-autor\"><img decoding=\"async\" data-src=\"https:\/\/conversesacatalunya.cat\/wp-content\/uploads\/2020\/05\/MARGENAT-02.jpg\" src=\"data:image\/svg+xml;base64,PHN2ZyB3aWR0aD0iMSIgaGVpZ2h0PSIxIiB4bWxucz0iaHR0cDovL3d3dy53My5vcmcvMjAwMC9zdmciPjwvc3ZnPg==\" class=\"lazyload\" style=\"--smush-placeholder-width: 2032px; --smush-placeholder-aspect-ratio: 2032\/1354;\" \/><strong>Josep M. Margenat<\/strong> Jesuita, trabaja en Cristianismo y Justicia (Barcelona) y en el Centro Internacional de Espiritualidad de Manresa. Profesor titular de Filosof\u00eda social en la Universidad Loyola Andaluc\u00eda.<\/div><\/div>\n\t\t<\/div><div id=\"text-35\" class=\"widget widget_text\">\t\t\t<div class=\"textwidget\"><div class=\"desc-autor\"><img decoding=\"async\" data-src=\"https:\/\/conversesacatalunya.cat\/wp-content\/uploads\/2019\/02\/Antoni-Duran.jpg\" src=\"data:image\/svg+xml;base64,PHN2ZyB3aWR0aD0iMSIgaGVpZ2h0PSIxIiB4bWxucz0iaHR0cDovL3d3dy53My5vcmcvMjAwMC9zdmciPjwvc3ZnPg==\" class=\"lazyload\" style=\"--smush-placeholder-width: 250px; --smush-placeholder-aspect-ratio: 250\/250;\" \/><strong>Antoni Dur\u00e1n-Sindreu<\/strong> Es profesor de la UPF y socio-director de Dur\u00e1n-Sindreu, Abogados y Consultores de Empresa.<\/div><\/div>\n\t\t<\/div><div id=\"text-36\" class=\"widget widget_text\">\t\t\t<div class=\"textwidget\"><div class=\"desc-autor\"><img decoding=\"async\" data-src=\"https:\/\/conversesacatalunya.cat\/wp-content\/uploads\/2019\/02\/Josep-Manuel-Silva.jpg\" src=\"data:image\/svg+xml;base64,PHN2ZyB3aWR0aD0iMSIgaGVpZ2h0PSIxIiB4bWxucz0iaHR0cDovL3d3dy53My5vcmcvMjAwMC9zdmciPjwvc3ZnPg==\" class=\"lazyload\" style=\"--smush-placeholder-width: 226px; --smush-placeholder-aspect-ratio: 226\/226;\" \/><strong>Josep Manuel Silva<\/strong> (Barcelona, 1961) es abogado y periodista y profesor asociado del Departamento de Periodismo de la Facultad de Ciencias de Comunicaci\u00f3n de la Universitat Aut\u00f2noma de Barcelona. Colabora con varios medios de comunicaci\u00f3n y form\u00f3 parte del Consejo de Administraci\u00f3n de RTVE. Actualmente es miembro del Consejo de Administraci\u00f3n de Cugat.cat. y vocal de la Plataforma Construim.<\/div><\/div>\n\t\t<\/div><div id=\"text-37\" class=\"widget widget_text\">\t\t\t<div class=\"textwidget\"><div class=\"desc-autor\"><img decoding=\"async\" data-src=\"https:\/\/conversesacatalunya.cat\/wp-content\/uploads\/2019\/02\/simo-aliana.jpg\" src=\"data:image\/svg+xml;base64,PHN2ZyB3aWR0aD0iMSIgaGVpZ2h0PSIxIiB4bWxucz0iaHR0cDovL3d3dy53My5vcmcvMjAwMC9zdmciPjwvc3ZnPg==\" class=\"lazyload\" style=\"--smush-placeholder-width: 256px; --smush-placeholder-aspect-ratio: 256\/256;\" \/><strong>Sim\u00f3 Aliana<\/strong> (Almenar -Lleida-, 1947). Graduado por UB en Pedagog\u00eda, UAB en Econom\u00eda y MIT en Management. Ha trabajado en diferentes lugares de responsabilidad en el sector p\u00fablico y en el sector privado. Actualmente jubilado.<\/div><\/div>\n\t\t<\/div><div id=\"text-38\" class=\"widget widget_text\">\t\t\t<div class=\"textwidget\"><div class=\"desc-autor\"><img decoding=\"async\" data-src=\"https:\/\/conversesacatalunya.cat\/wp-content\/uploads\/2019\/02\/treva-i-pau.png\" src=\"data:image\/svg+xml;base64,PHN2ZyB3aWR0aD0iMSIgaGVpZ2h0PSIxIiB4bWxucz0iaHR0cDovL3d3dy53My5vcmcvMjAwMC9zdmciPjwvc3ZnPg==\" class=\"lazyload\" style=\"--smush-placeholder-width: 220px; --smush-placeholder-aspect-ratio: 220\/220;\" \/><strong>Col\u00b7lectiu Treva i Pau<\/strong> Grupo de personas que reflexiona sobre la situaci\u00f3n social, pol\u00edtica y econ\u00f3mica: Jordi Alberich, Josep M. Bricall, Eugeni Gay, Jaume Lanaspa, Carlos Losada, J.J. L\u00f3pez Burniol, Josep Mir\u00f3 y Ard\u00e8vol, Alfredo Pastor<\/div><\/div>\n\t\t<\/div><div id=\"text-39\" class=\"widget widget_text\">\t\t\t<div class=\"textwidget\"><div class=\"desc-autor\"><img decoding=\"async\" data-src=\"https:\/\/conversesacatalunya.cat\/wp-content\/uploads\/2019\/02\/p_092.jpg\" src=\"data:image\/svg+xml;base64,PHN2ZyB3aWR0aD0iMSIgaGVpZ2h0PSIxIiB4bWxucz0iaHR0cDovL3d3dy53My5vcmcvMjAwMC9zdmciPjwvc3ZnPg==\" class=\"lazyload\" style=\"--smush-placeholder-width: 364px; --smush-placeholder-aspect-ratio: 364\/364;\" \/><strong>Alfredo Pastor<\/strong> Se licenci\u00f3 en Econom\u00eda en la Universitat de Barcelona el 1968 y se doctor\u00f3 en Econom\u00eda en el Massachusetts Institute of Technology el 1972, y el a\u00f1o siguiente en Ciencias Econ\u00f3micas en la Universitat Aut\u00f2noma de Barcelona. Ha estado director del Instituto de la Empresa Familiar, consejero del Banco de Espa\u00f1a y economista para el Banco Mundial. De 1985 a 1990 fue presidente y consejero delegado de la Empresa Nacional Hidroel\u00e9ctrica del Ribagorzana (ENHER). De 1993 a 1995 fue secretario de Estado de Econom\u00eda del Ministerio de Econom\u00eda y Hacienda. En la actualidad es profesor de Econom\u00eda y Titular de la C\u00e1tedra Banco Sabadell de Mercados Emergentes al IESE Business School de la Universidad de Navarra. Es consejero de varias empresas y organismos. El 2004 recibi\u00f3 la gran cruz de la espa\u00f1ola de la Orden del M\u00e9rito Civil. El 2011 fue galardonado con el premio Conde de God\u00f3 de Periodismo.<\/div><\/div>\n\t\t<\/div><div id=\"text-40\" class=\"widget widget_text\">\t\t\t<div class=\"textwidget\"><div class=\"desc-autor\"><img decoding=\"async\" data-src=\"https:\/\/conversesacatalunya.cat\/wp-content\/uploads\/2019\/02\/FOTO-4.jpg\" src=\"data:image\/svg+xml;base64,PHN2ZyB3aWR0aD0iMSIgaGVpZ2h0PSIxIiB4bWxucz0iaHR0cDovL3d3dy53My5vcmcvMjAwMC9zdmciPjwvc3ZnPg==\" class=\"lazyload\" style=\"--smush-placeholder-width: 473px; --smush-placeholder-aspect-ratio: 473\/575;\" \/><strong>Carles Ros y Arpa<\/strong> (Cor\u00e7\u00e0,1966). Casado y padre de dos hijos y dos hijas. Licenciado en Derecho (UB), licenciado en Ciencias Religiosas (ISCREB) y M\u00e1ster en Gesti\u00f3n Urban\u00edstica por la SE de Arquitectura (UPC). Secretario de Administraci\u00f3n Local y abogado.<\/div><\/div>\n\t\t<\/div><div id=\"custom_html-2\" class=\"widget_text widget widget_custom_html\"><div class=\"textwidget custom-html-widget\"><!--<div class=\"fb-page\" data-href=\"https:\/\/www.facebook.com\/conversesacatalunya\/\" data-tabs=\"timeline\" data-width=\"300\" data-height=\"500\" data-small-header=\"false\" data-adapt-container-width=\"true\" data-hide-cover=\"false\" data-show-facepile=\"true\"><blockquote cite=\"https:\/\/www.facebook.com\/conversesacatalunya\/\" class=\"fb-xfbml-parse-ignore\"><a href=\"https:\/\/www.facebook.com\/conversesacatalunya\/\">Converses a Catalunya<\/a><\/blockquote><\/div>--><\/div><\/div><div id=\"custom_html-3\" class=\"widget_text widget widget_custom_html\"><div class=\"textwidget custom-html-widget\"><!--<a class=\"twitter-timeline\" data-lang=\"es\" data-width=\"300\" data-height=\"500\" href=\"https:\/\/twitter.com\/conversesacat?ref_src=twsrc%5Etfw\">Tweets by conversesacat<\/a> <script async src=\"https:\/\/platform.twitter.com\/widgets.js\" charset=\"utf-8\"><\/script>--><\/div><\/div><div id=\"custom_html-4\" class=\"widget_text widget widget_custom_html\"><div class=\"textwidget custom-html-widget\"><div class=\"caja_azul\" style=\"margin: 0px !important; text-align: center; padding: 20px !important;\">\r\n\t<h3 style=\"font-weight: bold;\">\u00a1Subscriu-te!<\/h3>\r\n\n<div class=\"wpcf7 no-js\" id=\"wpcf7-f8016-o1\" lang=\"es-ES\" dir=\"ltr\" data-wpcf7-id=\"8016\">\n<div class=\"screen-reader-response\"><p role=\"status\" aria-live=\"polite\" aria-atomic=\"true\"><\/p> <ul><\/ul><\/div>\n<form action=\"\/es\/wp-json\/wp\/v2\/pages\/27797#wpcf7-f8016-o1\" method=\"post\" class=\"wpcf7-form init demo c4250577650b cmatic-conn cmatic-aud-8 cmatic-mapd0-0 cmatic-v0978 cmatic-sent-0 cmatic-total-0 wpcf7-acceptance-as-validation\" aria-label=\"Formulario de contacto\" novalidate=\"novalidate\" data-status=\"init\">\n<fieldset class=\"hidden-fields-container\"><input type=\"hidden\" name=\"_wpcf7\" value=\"8016\" \/><input type=\"hidden\" name=\"_wpcf7_version\" value=\"6.1.5\" \/><input type=\"hidden\" name=\"_wpcf7_locale\" value=\"es_ES\" \/><input type=\"hidden\" name=\"_wpcf7_unit_tag\" value=\"wpcf7-f8016-o1\" \/><input type=\"hidden\" name=\"_wpcf7_container_post\" value=\"0\" \/><input type=\"hidden\" name=\"_wpcf7_posted_data_hash\" value=\"\" \/><input type=\"hidden\" name=\"_wpcf7_recaptcha_response\" value=\"\" \/>\n<\/fieldset>\n<p><span class=\"wpcf7-form-control-wrap\" data-name=\"nom\"><input size=\"40\" maxlength=\"400\" class=\"wpcf7-form-control wpcf7-text wpcf7-validates-as-required\" aria-required=\"true\" aria-invalid=\"false\" placeholder=\"Nom\" value=\"\" type=\"text\" name=\"nom\" \/><\/span>\n<\/p>\n<p><span class=\"wpcf7-form-control-wrap\" data-name=\"cognom\"><input size=\"40\" maxlength=\"400\" class=\"wpcf7-form-control wpcf7-text wpcf7-validates-as-required\" aria-required=\"true\" aria-invalid=\"false\" placeholder=\"Cognom\" value=\"\" type=\"text\" name=\"cognom\" \/><\/span>\n<\/p>\n<p><span class=\"wpcf7-form-control-wrap\" data-name=\"email\"><input size=\"40\" maxlength=\"400\" class=\"wpcf7-form-control wpcf7-email wpcf7-validates-as-required wpcf7-text wpcf7-validates-as-email\" aria-required=\"true\" aria-invalid=\"false\" placeholder=\"Correu electr\u00f2nic\" value=\"\" type=\"email\" name=\"email\" \/><\/span>\n<\/p>\n<p><span class=\"wpcf7-form-control-wrap\" data-name=\"rgpd-acepto\"><span class=\"wpcf7-form-control wpcf7-acceptance\"><span class=\"wpcf7-list-item\"><label><input type=\"checkbox\" name=\"rgpd-acepto\" value=\"1\" aria-invalid=\"false\" \/><span class=\"wpcf7-list-item-label\">Accepto la <a href=\"\/politica-de-privacitat\" target=\"_blank\" rel=\"nofollow\">pol\u00edtica de privacitat<\/a><\/span><\/label><\/span><\/span><\/span>\n<\/p>\n<p><input class=\"wpcf7-form-control wpcf7-submit has-spinner\" type=\"submit\" value=\"Subscriu-m&#039;hi\" \/>\n<\/p><p style=\"display: none !important;\" class=\"akismet-fields-container\" data-prefix=\"_wpcf7_ak_\"><label>&#916;<textarea name=\"_wpcf7_ak_hp_textarea\" cols=\"45\" rows=\"8\" maxlength=\"100\"><\/textarea><\/label><input type=\"hidden\" id=\"ak_js_1\" name=\"_wpcf7_ak_js\" value=\"131\"\/><script>document.getElementById( \"ak_js_1\" ).setAttribute( \"value\", ( new Date() ).getTime() );<\/script><\/p><input type='hidden' class='wpcf7-pum' value='{\"closepopup\":false,\"closedelay\":0,\"openpopup\":false,\"openpopup_id\":0}' \/><div class=\"wpcf7-response-output\" aria-hidden=\"true\"><\/div>\n<\/form>\n<\/div>\n\r\n<\/div><\/div><\/div><\/div><\/div><\/div><\/div><\/div><\/div><\/div><\/div><\/div><\/div><\/div><\/section>\n","protected":false},"excerpt":{"rendered":"NOTA PREVIA Hace unos d\u00edas envi\u00e9 a Josep Mir\u00f3 una copia del \u00faltimo trabajo que he publicado sobre la historia de la Bolsa de Barcelona. Pocos d\u00edas despu\u00e9s me respondi\u00f3 dici\u00e9ndome que, si me parec\u00eda bien, este trabajo podr\u00eda publicarse por partes a trav\u00e9s de CONVERSES. Le agradec\u00ed el ofrecimiento, advirti\u00e9ndole, sin embargo, que se trata de un trabajo especializado que forma parte de una obra, que pretende ser completa, sobre la historia de la Bolsa de Barcelona. Cuando empec\u00e9 estas publicaciones, hace cuatro a\u00f1os, lo hice con el fin de que se dispusiera de una historia del mercado de capitales catal\u00e1n, pues, salvo un interesante trabajo de J. Fontana y V. Villacampa (La vieja Bolsa de Barcelona), no se dispon\u00eda de un estudio completo sobre el particular y tampoco, de forma relevante a efectos anal\u00edticos, de una serie hist\u00f3rica de los correspondientes \u00edndices de cotizaci\u00f3n. Para remarcar las vicisitudes burs\u00e1tiles en cada contexto hist\u00f3rico, me pareci\u00f3 adecuado (aunque quiz\u00e1s algo estrafalario) emplear como m\u00e9todo operativo el referente \"La bolsa y la vida\", lo que implicaba, despu\u00e9s de exponer como punto principal la evoluci\u00f3n y caracter\u00edsticas de cada ciclo burs\u00e1til, a\u00f1adir el correspondiente trasfondo pol\u00edtico, econ\u00f3mico y cultural. De acuerdo con este criterio, y en este caso de forma excepcional, el trabajo que difundir\u00e1 CONVERSES corresponde a la \u00faltima parte del cap\u00edtulo primero del tercer volumen (que saldr\u00e1 pronto) de estos estudios sobre la Bolsa de Barcelona y que hace referencia al trasfondo cultural del primer ciclo burs\u00e1til del franquismo (1940-1950). Barcelona, \u200b\u200bjulio 2024 Joan Hortal\u00e0 i Arau &nbsp; Al reabrirse los mercados en el mes de marzo de 1940, comienza en la Bolsa de Barcelona un ciclo de duraci\u00f3n mediana. Es el primer ciclo burs\u00e1til del franquismo con todo lo que supone el nuevo aparato pol\u00edtico institucional, la reconstrucci\u00f3n de lo mucho destruido, de una sociedad dividida y sujeta a represi\u00f3n, un pa\u00eds sin ahorro y, en fin, de una econom\u00eda destrozada con altos y generalizados niveles de pobreza. Y, por si ello fuera poco, el comienzo de la Segunda Guerra Mundial. Precisamente, el final de este conflicto b\u00e9lico fija el punto de separaci\u00f3n entre las dos etapas que caracterizaron este ciclo burs\u00e1til. La primera parte, aparte de la relativamente alta contrataci\u00f3n de las primeras sesiones, debida a los propios ajustes derivados de la Guerra Civil, depar\u00f3 un panorama mortecino condicionado por la decisi\u00f3n del gobierno de excluir de la negociaci\u00f3n a los valores ferroviarios en pro de la nacionalizaci\u00f3n del servicio. Tampoco favoreci\u00f3 al mercado, m\u00e1s bien todo lo contrario, una legislaci\u00f3n que, al tiempo que gravaba los beneficios extraordinarios por ganancias obtenidas de la guerra europea, limitaba sensiblemente la cuant\u00eda de los dividendos, en especial los de las entidades bancarias. La segunda etapa registra una mayor actividad tanto por la incipiente pol\u00edtica empresarial de ampliaci\u00f3n de capitales como y principalmente por el \u201ctir\u00f3n\u201d inmobiliario (el primer \u201cboom\u201d burs\u00e1til del franquismo). Y ello a pesar de los recelos que supuso la nacionalizaci\u00f3n de la Compa\u00f1\u00eda Telef\u00f3nica Nacional. Con todo, la Bolsa se anim\u00f3. En Madrid, de la mano de la contrataci\u00f3n justamente de las acciones de compa\u00f1\u00edas inmobiliarias; en Barcelona, por la propia de los t\u00edtulos industriales y bancarios; y en Bilbao, en fin, por el empuje de los valores navieros. Ahora bien, lo relevante de este primer ciclo burs\u00e1til es el papel destacado del negocio de la Deuda P\u00fablica. Este fue un mercado particularmente protegido por los poderes p\u00fablicos con el objetivo de conseguir financiaci\u00f3n para las inversiones consideradas de inter\u00e9s nacional. El bando sublevado financi\u00f3 principalmente el gasto de guerra con anticipos de \u201csu\u201d Banco de Espa\u00f1a. Pero terminada la guerra y elaborado el primer presupuesto del Nuevo Estado, el recurso de la deuda devino la fuente sustantiva de financiaci\u00f3n. De hecho, la Deuda P\u00fablica fue el \u201cb\u00e1lsamo financiero\u201d del Estado para atender a un gasto gubernamental dirigido b\u00e1sicamente a la obra p\u00fablica, incluyendo vivienda, y a la reindustrializaci\u00f3n. Y ello con la particularidad de que las emisiones de deuda no respond\u00edan, como prescribe la ortodoxia hacend\u00edstica, a remediar el d\u00e9ficit presupuestario, sino que ten\u00eda en s\u00ed misma car\u00e1cter directo y finalista al ser emitida incluso m\u00e1s all\u00e1 de los presupuestos extraordinarios por organismos aut\u00f3nomos y empresas p\u00fablicas. Su colocaci\u00f3n estaba protegida y en buena medida asegurada. Por un lado, el ahorro encontraba acomodo en la adquisici\u00f3n de t\u00edtulos de deuda puesto que el dividendo, si bien no siempre superior al inter\u00e9s bancario, se ve\u00eda recompensado por una pol\u00edtica de importantes ventajas fiscales. Por otro lado, ya que las emisiones calificadas de \u201cinter\u00e9s nacional\u201d las suscrib\u00eda, con recomendaci\u00f3n de obligado cumplimiento, el sistema bancario que con todo pod\u00eda emplear el mecanismo de pignoraci\u00f3n ante el Banco de Espa\u00f1a. La banca de este modo pudo tambi\u00e9n contribuir a la financiaci\u00f3n empresarial aunque no a largo plazo, motivo por el cual quedaba patente que en la Espa\u00f1a posb\u00e9lica el proceso reindustrializador a cargo del sector privado se financi\u00f3 con \u201cletras a noventa d\u00edas\u201d. Obviamente, este c\u00edrculo vicioso (emisi\u00f3n-suscripci\u00f3n-pignoraci\u00f3n) aument\u00f3 la base monetaria de manera espectacular, multiplic\u00e1ndose as\u00ed el dinero bancario y alimentando una grave inflaci\u00f3n (en determinados a\u00f1os se dispar\u00f3 hasta el 30%). La Deuda P\u00fablica, pues, protagoniz\u00f3 el mercado burs\u00e1til. En t\u00e9rminos cuantitativos, en los primeros a\u00f1os del franquismo su volumen llegar\u00eda a alcanzar el 80% del total de la contrataci\u00f3n. Fue as\u00ed como en este primer ciclo burs\u00e1til el mercado de acciones describiera una trayectoria fluctuante que con un \u00cdndice 100 (Base 31-12-1939) y alcanzando un m\u00e1ximo de 228,60 acabar\u00eda en 148,37. En cambio, el \u00cdndice de Renta Fija P\u00fablica se movi\u00f3 en trayectoria ascendente que, con un \u00cdndice Inicial 100 (Base 01-03-1940), acabar\u00eda el ciclo en 232,84. Al reabrirse los mercados en el mes de marzo de 1940, comienza en la Bolsa de Barcelona un ciclo de duraci\u00f3n mediana. Es el primer ciclo burs\u00e1til del franquismo Compartir en X","protected":false},"author":1,"featured_media":0,"parent":0,"menu_order":0,"comment_status":"closed","ping_status":"closed","template":"","meta":{"_FSMCFIC_featured_image_caption":"","_FSMCFIC_featured_image_nocaption":"","_FSMCFIC_featured_image_hide":"","footnotes":""},"class_list":["post-27797","page","type-page","status-publish","hentry"],"yoast_head":"<!-- This site is optimized with the Yoast SEO plugin v26.8 - https:\/\/yoast.com\/product\/yoast-seo-wordpress\/ -->\n<title>Opinemos - Converses a Catalunya<\/title>\n<meta name=\"robots\" content=\"noindex, follow\" \/>\n<meta property=\"og:locale\" content=\"es_ES\" \/>\n<meta property=\"og:type\" content=\"article\" \/>\n<meta property=\"og:title\" content=\"Opinemos - Converses a Catalunya\" \/>\n<meta property=\"og:url\" content=\"https:\/\/conversesacatalunya.cat\/es\/opinemos\/\" \/>\n<meta property=\"og:site_name\" content=\"Converses a Catalunya\" \/>\n<meta property=\"article:modified_time\" content=\"2021-05-19T14:04:09+00:00\" \/>\n<meta name=\"twitter:card\" content=\"summary_large_image\" \/>\n<script type=\"application\/ld+json\" class=\"yoast-schema-graph\">{\"@context\":\"https:\/\/schema.org\",\"@graph\":[{\"@type\":\"WebPage\",\"@id\":\"https:\/\/conversesacatalunya.cat\/es\/opinemos\/\",\"url\":\"https:\/\/conversesacatalunya.cat\/es\/opinemos\/\",\"name\":\"Opinemos - Converses a Catalunya\",\"isPartOf\":{\"@id\":\"https:\/\/conversesacatalunya.cat\/#website\"},\"datePublished\":\"2019-01-08T16:05:34+00:00\",\"dateModified\":\"2021-05-19T14:04:09+00:00\",\"breadcrumb\":{\"@id\":\"https:\/\/conversesacatalunya.cat\/es\/opinemos\/#breadcrumb\"},\"inLanguage\":\"es\",\"potentialAction\":[{\"@type\":\"ReadAction\",\"target\":[\"https:\/\/conversesacatalunya.cat\/es\/opinemos\/\"]}]},{\"@type\":\"BreadcrumbList\",\"@id\":\"https:\/\/conversesacatalunya.cat\/es\/opinemos\/#breadcrumb\",\"itemListElement\":[{\"@type\":\"ListItem\",\"position\":1,\"name\":\"Inici\",\"item\":\"https:\/\/conversesacatalunya.cat\/es\/\"},{\"@type\":\"ListItem\",\"position\":2,\"name\":\"Opinemos\"}]},{\"@type\":\"WebSite\",\"@id\":\"https:\/\/conversesacatalunya.cat\/#website\",\"url\":\"https:\/\/conversesacatalunya.cat\/\",\"name\":\"Converses a Catalunya\",\"description\":\"\",\"potentialAction\":[{\"@type\":\"SearchAction\",\"target\":{\"@type\":\"EntryPoint\",\"urlTemplate\":\"https:\/\/conversesacatalunya.cat\/?s={search_term_string}\"},\"query-input\":{\"@type\":\"PropertyValueSpecification\",\"valueRequired\":true,\"valueName\":\"search_term_string\"}}],\"inLanguage\":\"es\"}]}<\/script>\n<!-- \/ Yoast SEO plugin. -->","yoast_head_json":{"title":"Opinemos - Converses a Catalunya","robots":{"index":"noindex","follow":"follow"},"og_locale":"es_ES","og_type":"article","og_title":"Opinemos - Converses a Catalunya","og_url":"https:\/\/conversesacatalunya.cat\/es\/opinemos\/","og_site_name":"Converses a Catalunya","article_modified_time":"2021-05-19T14:04:09+00:00","twitter_card":"summary_large_image","schema":{"@context":"https:\/\/schema.org","@graph":[{"@type":"WebPage","@id":"https:\/\/conversesacatalunya.cat\/es\/opinemos\/","url":"https:\/\/conversesacatalunya.cat\/es\/opinemos\/","name":"Opinemos - Converses a Catalunya","isPartOf":{"@id":"https:\/\/conversesacatalunya.cat\/#website"},"datePublished":"2019-01-08T16:05:34+00:00","dateModified":"2021-05-19T14:04:09+00:00","breadcrumb":{"@id":"https:\/\/conversesacatalunya.cat\/es\/opinemos\/#breadcrumb"},"inLanguage":"es","potentialAction":[{"@type":"ReadAction","target":["https:\/\/conversesacatalunya.cat\/es\/opinemos\/"]}]},{"@type":"BreadcrumbList","@id":"https:\/\/conversesacatalunya.cat\/es\/opinemos\/#breadcrumb","itemListElement":[{"@type":"ListItem","position":1,"name":"Inici","item":"https:\/\/conversesacatalunya.cat\/es\/"},{"@type":"ListItem","position":2,"name":"Opinemos"}]},{"@type":"WebSite","@id":"https:\/\/conversesacatalunya.cat\/#website","url":"https:\/\/conversesacatalunya.cat\/","name":"Converses a Catalunya","description":"","potentialAction":[{"@type":"SearchAction","target":{"@type":"EntryPoint","urlTemplate":"https:\/\/conversesacatalunya.cat\/?s={search_term_string}"},"query-input":{"@type":"PropertyValueSpecification","valueRequired":true,"valueName":"search_term_string"}}],"inLanguage":"es"}]}},"wps_subtitle":"","_links":{"self":[{"href":"https:\/\/conversesacatalunya.cat\/es\/wp-json\/wp\/v2\/pages\/27797","targetHints":{"allow":["GET"]}}],"collection":[{"href":"https:\/\/conversesacatalunya.cat\/es\/wp-json\/wp\/v2\/pages"}],"about":[{"href":"https:\/\/conversesacatalunya.cat\/es\/wp-json\/wp\/v2\/types\/page"}],"author":[{"embeddable":true,"href":"https:\/\/conversesacatalunya.cat\/es\/wp-json\/wp\/v2\/users\/1"}],"replies":[{"embeddable":true,"href":"https:\/\/conversesacatalunya.cat\/es\/wp-json\/wp\/v2\/comments?post=27797"}],"version-history":[{"count":3,"href":"https:\/\/conversesacatalunya.cat\/es\/wp-json\/wp\/v2\/pages\/27797\/revisions"}],"predecessor-version":[{"id":28098,"href":"https:\/\/conversesacatalunya.cat\/es\/wp-json\/wp\/v2\/pages\/27797\/revisions\/28098"}],"wp:attachment":[{"href":"https:\/\/conversesacatalunya.cat\/es\/wp-json\/wp\/v2\/media?parent=27797"}],"curies":[{"name":"wp","href":"https:\/\/api.w.org\/{rel}","templated":true}]}}