{"id":27777,"date":"2019-01-08T17:05:12","date_gmt":"2019-01-08T16:05:12","guid":{"rendered":"https:\/\/conversesacatalunya.cat\/punts-claus-del-dia\/"},"modified":"2024-05-15T09:11:33","modified_gmt":"2024-05-15T07:11:33","slug":"puntos-clave-del-dia","status":"publish","type":"page","link":"https:\/\/conversesacatalunya.cat\/es\/puntos-clave-del-dia\/","title":{"rendered":"Puntos clave del d\u00eda"},"content":{"rendered":"<section class=\"l-section wpb_row height_small\"><div class=\"l-section-h i-cf\"><div class=\"g-cols vc_row via_flex valign_top type_default stacking_default\"><div class=\"vc_col-sm-12 wpb_column vc_column_container\"><div class=\"vc_column-inner\"><div class=\"wpb_wrapper\"><div class=\"wpb_text_column\"><div class=\"wpb_wrapper\"><h1>Puntos clave del d\u00eda<\/h1>\n<div id=\"gtx-trans\" style=\"position: absolute; left: 81px; top: -7px;\">\n<div class=\"gtx-trans-icon\"><\/div>\n<\/div>\n<\/div><\/div><div class=\"w-separator size_medium\"><\/div><div class=\"g-cols wpb_row via_flex valign_top type_default stacking_default\"><div class=\"vc_col-sm-8 wpb_column vc_column_container\"><div class=\"vc_column-inner\"><div class=\"wpb_wrapper\"><div class=\"w-grid type_grid layout_28091 cols_3 pagination_regular\" id=\"us_grid_1\" style=\"--gap:1.5rem;\" data-filterable=\"true\"><style>@media (max-width:1024px){#us_grid_1 .w-grid-item{width:50%}}@media (max-width:600px){#us_grid_1 .w-grid-list{margin:0}#us_grid_1 .w-grid-item{width:100%;padding:0;margin-bottom:var(--gap,0px)}}.layout_28091 .w-grid-item-h{}.layout_28091 .usg_post_image_1{margin-bottom:0.8rem!important}.layout_28091 .usg_post_title_1{margin-bottom:0!important;font-family:var(--h1-font-family)!important;font-size:1.2rem!important;font-weight:700!important}.layout_28091 .usg_post_date_1{font-family:var(--font-family)!important;font-size:13px!important;color:#aab2bd!important}.layout_28091 .usg_post_author_1{font-family:var(--font-family)!important;font-size:15px!important}@media (max-width:600px){.layout_28091 .usg_post_title_1{font-size:1.2rem!important}.layout_28091 .usg_post_date_1{font-size:13px!important}.layout_28091 .usg_post_author_1{font-size:15px!important}}<\/style><div class=\"w-grid-list\">\t<article class=\"w-grid-item size_1x1 post-98374 post type-post status-publish format-standard has-post-thumbnail hentry category-punts-claus-del-dia-es tag-coeducat-2 tag-ensenanza tag-ensenyament-es\" data-id=\"98374\">\r\n\t\t<div class=\"w-grid-item-h\">\r\n\t\t\t\t\t\t<div class=\"w-post-elm post_image usg_post_image_1 actualitat_img stretched\"><a href=\"https:\/\/conversesacatalunya.cat\/es\/identidad-genero-escuela-coeducat\/\" aria-label=\"El derrumbe de la escuela de la Generalitat: del programa Coeduca&#8217;t a la soluci\u00f3n policial (2)\"><img fetchpriority=\"high\" decoding=\"async\" width=\"1024\" height=\"683\" src=\"https:\/\/conversesacatalunya.cat\/wp-content\/uploads\/2026\/04\/imatge_100kb-1-1024x683.jpg\" class=\"attachment-large size-large wp-post-image\" alt=\"identidad g\u00e9nero escuela\" srcset=\"https:\/\/conversesacatalunya.cat\/wp-content\/uploads\/2026\/04\/imatge_100kb-1-1024x683.jpg 1024w, https:\/\/conversesacatalunya.cat\/wp-content\/uploads\/2026\/04\/imatge_100kb-1-300x200.jpg 300w, https:\/\/conversesacatalunya.cat\/wp-content\/uploads\/2026\/04\/imatge_100kb-1.jpg 1536w\" sizes=\"(max-width: 1024px) 100vw, 1024px\" \/><\/a><\/div><h2 class=\"w-post-elm post_title usg_post_title_1 entry-title color_link_inherit\"><a href=\"https:\/\/conversesacatalunya.cat\/es\/identidad-genero-escuela-coeducat\/\">El derrumbe de la escuela de la Generalitat: del programa Coeduca&#8217;t a la soluci\u00f3n policial (2)<\/a><\/h2><time class=\"w-post-elm post_date usg_post_date_1 has_text_color entry-date published\" datetime=\"2026-04-29T10:30:11+02:00\">29 abril, 2026<\/time><div class=\"w-post-elm post_author usg_post_author_1 vcard author color_link_inherit\"><div class=\"post-author-meta\"><a href=\"https:\/\/conversesacatalunya.cat\/es\/author\/joan-masip\/\" class=\"post-author-name fn\">Joan Masip<\/a><\/div><\/div>\t\t<\/div>\r\n\t\t\t<\/article>\r\n\t<article class=\"w-grid-item size_1x1 post-98384 post type-post status-publish format-standard has-post-thumbnail hentry category-punts-claus-del-dia-es tag-estado-del-bienestar\" data-id=\"98384\">\r\n\t\t<div class=\"w-grid-item-h\">\r\n\t\t\t\t\t\t<div class=\"w-post-elm post_image usg_post_image_1 actualitat_img stretched\"><a href=\"https:\/\/conversesacatalunya.cat\/es\/modelo-bienestar-espana-productividad-ciclo-vital\/\" aria-label=\"M\u00e1s all\u00e1 de los datos de empleo: el problema del ciclo vital en Espa\u00f1a\"><img decoding=\"async\" width=\"567\" height=\"361\" data-src=\"https:\/\/conversesacatalunya.cat\/wp-content\/uploads\/2026\/04\/Imagen1_compressed.jpg\" class=\"attachment-large size-large wp-post-image lazyload\" alt=\"Modelo de bienestar Espa\u00f1a\" data-srcset=\"https:\/\/conversesacatalunya.cat\/wp-content\/uploads\/2026\/04\/Imagen1_compressed.jpg 567w, https:\/\/conversesacatalunya.cat\/wp-content\/uploads\/2026\/04\/Imagen1_compressed-300x191.jpg 300w\" data-sizes=\"(max-width: 567px) 100vw, 567px\" src=\"data:image\/svg+xml;base64,PHN2ZyB3aWR0aD0iMSIgaGVpZ2h0PSIxIiB4bWxucz0iaHR0cDovL3d3dy53My5vcmcvMjAwMC9zdmciPjwvc3ZnPg==\" style=\"--smush-placeholder-width: 567px; --smush-placeholder-aspect-ratio: 567\/361;\" \/><\/a><\/div><h2 class=\"w-post-elm post_title usg_post_title_1 entry-title color_link_inherit\"><a href=\"https:\/\/conversesacatalunya.cat\/es\/modelo-bienestar-espana-productividad-ciclo-vital\/\">M\u00e1s all\u00e1 de los datos de empleo: el problema del ciclo vital en Espa\u00f1a<\/a><\/h2><time class=\"w-post-elm post_date usg_post_date_1 has_text_color entry-date published\" datetime=\"2026-04-29T10:04:27+02:00\">29 abril, 2026<\/time><div class=\"w-post-elm post_author usg_post_author_1 vcard author color_link_inherit\"><div class=\"post-author-meta\"><a href=\"https:\/\/conversesacatalunya.cat\/es\/author\/emili_clos\/\" class=\"post-author-name fn\">Emili Clos<\/a><\/div><\/div>\t\t<\/div>\r\n\t\t\t<\/article>\r\n\t<article class=\"w-grid-item size_1x1 post-98362 post type-post status-publish format-standard has-post-thumbnail hentry category-punts-claus-del-dia-es tag-coeducat-2 tag-ensenanza tag-ensenyament-es\" data-id=\"98362\">\r\n\t\t<div class=\"w-grid-item-h\">\r\n\t\t\t\t\t\t<div class=\"w-post-elm post_image usg_post_image_1 actualitat_img stretched\"><a href=\"https:\/\/conversesacatalunya.cat\/es\/programa-coeducat-sistema-educativo-catalan\/\" aria-label=\"El derrumbe de la escuela de la Generalitat: del programa Coeduca&#8217;t a la soluci\u00f3n policial (1)\"><img decoding=\"async\" width=\"544\" height=\"541\" data-src=\"https:\/\/conversesacatalunya.cat\/wp-content\/uploads\/2026\/04\/tutty_compressed.jpg\" class=\"attachment-large size-large wp-post-image lazyload\" alt=\"Sistema educativo catal\u00e1n\" data-srcset=\"https:\/\/conversesacatalunya.cat\/wp-content\/uploads\/2026\/04\/tutty_compressed.jpg 544w, https:\/\/conversesacatalunya.cat\/wp-content\/uploads\/2026\/04\/tutty_compressed-300x298.jpg 300w, https:\/\/conversesacatalunya.cat\/wp-content\/uploads\/2026\/04\/tutty_compressed-150x150.jpg 150w\" data-sizes=\"(max-width: 544px) 100vw, 544px\" src=\"data:image\/svg+xml;base64,PHN2ZyB3aWR0aD0iMSIgaGVpZ2h0PSIxIiB4bWxucz0iaHR0cDovL3d3dy53My5vcmcvMjAwMC9zdmciPjwvc3ZnPg==\" style=\"--smush-placeholder-width: 544px; --smush-placeholder-aspect-ratio: 544\/541;\" \/><\/a><\/div><h2 class=\"w-post-elm post_title usg_post_title_1 entry-title color_link_inherit\"><a href=\"https:\/\/conversesacatalunya.cat\/es\/programa-coeducat-sistema-educativo-catalan\/\">El derrumbe de la escuela de la Generalitat: del programa Coeduca&#8217;t a la soluci\u00f3n policial (1)<\/a><\/h2><time class=\"w-post-elm post_date usg_post_date_1 has_text_color entry-date published\" datetime=\"2026-04-28T12:38:31+02:00\">28 abril, 2026<\/time><div class=\"w-post-elm post_author usg_post_author_1 vcard author color_link_inherit\"><div class=\"post-author-meta\"><a href=\"https:\/\/conversesacatalunya.cat\/es\/author\/joan-masip\/\" class=\"post-author-name fn\">Joan Masip<\/a><\/div><\/div>\t\t<\/div>\r\n\t\t\t<\/article>\r\n\t<article class=\"w-grid-item size_1x1 post-98339 post type-post status-publish format-standard has-post-thumbnail hentry category-punts-claus-del-dia-es tag-cataluna tag-catalunya-es\" data-id=\"98339\">\r\n\t\t<div class=\"w-grid-item-h\">\r\n\t\t\t\t\t\t<div class=\"w-post-elm post_image usg_post_image_1 actualitat_img stretched\"><a href=\"https:\/\/conversesacatalunya.cat\/es\/depositos-continuidad-cataluna-sociedad-civil-lengua-memoria\/\" aria-label=\"Los futuros de Catalu\u00f1a (4). Los cinco fundamentos que explican su continuidad\"><img decoding=\"async\" width=\"640\" height=\"427\" data-src=\"https:\/\/conversesacatalunya.cat\/wp-content\/uploads\/2026\/04\/laura_o-lamp-6997864_640.jpg\" class=\"attachment-large size-large wp-post-image lazyload\" alt=\"Dep\u00f3sitos de continuidad Catalu\u00f1a\" data-srcset=\"https:\/\/conversesacatalunya.cat\/wp-content\/uploads\/2026\/04\/laura_o-lamp-6997864_640.jpg 640w, https:\/\/conversesacatalunya.cat\/wp-content\/uploads\/2026\/04\/laura_o-lamp-6997864_640-300x200.jpg 300w\" data-sizes=\"(max-width: 640px) 100vw, 640px\" src=\"data:image\/svg+xml;base64,PHN2ZyB3aWR0aD0iMSIgaGVpZ2h0PSIxIiB4bWxucz0iaHR0cDovL3d3dy53My5vcmcvMjAwMC9zdmciPjwvc3ZnPg==\" style=\"--smush-placeholder-width: 640px; --smush-placeholder-aspect-ratio: 640\/427;\" \/><\/a><\/div><h2 class=\"w-post-elm post_title usg_post_title_1 entry-title color_link_inherit\"><a href=\"https:\/\/conversesacatalunya.cat\/es\/depositos-continuidad-cataluna-sociedad-civil-lengua-memoria\/\">Los futuros de Catalu\u00f1a (4). Los cinco fundamentos que explican su continuidad<\/a><\/h2><time class=\"w-post-elm post_date usg_post_date_1 has_text_color entry-date published\" datetime=\"2026-04-28T09:18:35+02:00\">28 abril, 2026<\/time><div class=\"w-post-elm post_author usg_post_author_1 vcard author color_link_inherit\"><div class=\"post-author-meta\"><a href=\"https:\/\/conversesacatalunya.cat\/es\/author\/josep-miro-i-ardevol\/\" class=\"post-author-name fn\">Josep Mir\u00f3 i Ard\u00e8vol<\/a><\/div><\/div>\t\t<\/div>\r\n\t\t\t<\/article>\r\n\t<article class=\"w-grid-item size_1x1 post-98301 post type-post status-publish format-standard has-post-thumbnail hentry category-punts-claus-del-dia-es tag-catala-es\" data-id=\"98301\">\r\n\t\t<div class=\"w-grid-item-h\">\r\n\t\t\t\t\t\t<div class=\"w-post-elm post_image usg_post_image_1 actualitat_img stretched\"><a href=\"https:\/\/conversesacatalunya.cat\/es\/vox-o-la-obsesion-contra-cataluna\/\" aria-label=\"Vox o la obsesi\u00f3n contra Catalu\u00f1a\"><img decoding=\"async\" width=\"909\" height=\"649\" data-src=\"https:\/\/conversesacatalunya.cat\/wp-content\/uploads\/2026\/04\/VOX-catala.jpg\" class=\"attachment-large size-large wp-post-image lazyload\" alt=\"VOX catal\u00e0\" data-srcset=\"https:\/\/conversesacatalunya.cat\/wp-content\/uploads\/2026\/04\/VOX-catala.jpg 909w, https:\/\/conversesacatalunya.cat\/wp-content\/uploads\/2026\/04\/VOX-catala-300x214.jpg 300w\" data-sizes=\"(max-width: 909px) 100vw, 909px\" src=\"data:image\/svg+xml;base64,PHN2ZyB3aWR0aD0iMSIgaGVpZ2h0PSIxIiB4bWxucz0iaHR0cDovL3d3dy53My5vcmcvMjAwMC9zdmciPjwvc3ZnPg==\" style=\"--smush-placeholder-width: 909px; --smush-placeholder-aspect-ratio: 909\/649;\" \/><\/a><\/div><h2 class=\"w-post-elm post_title usg_post_title_1 entry-title color_link_inherit\"><a href=\"https:\/\/conversesacatalunya.cat\/es\/vox-o-la-obsesion-contra-cataluna\/\">Vox o la obsesi\u00f3n contra Catalu\u00f1a<\/a><\/h2><time class=\"w-post-elm post_date usg_post_date_1 has_text_color entry-date published\" datetime=\"2026-04-27T08:08:16+02:00\">27 abril, 2026<\/time><div class=\"w-post-elm post_author usg_post_author_1 vcard author color_link_inherit\"><div class=\"post-author-meta\"><a href=\"https:\/\/conversesacatalunya.cat\/es\/author\/nuria_freixa\/\" class=\"post-author-name fn\">N\u00faria Freixa<\/a><\/div><\/div>\t\t<\/div>\r\n\t\t\t<\/article>\r\n\t<article class=\"w-grid-item size_1x1 post-98281 post type-post status-publish format-standard has-post-thumbnail hentry category-punts-claus-del-dia-es tag-montserrat\" data-id=\"98281\">\r\n\t\t<div class=\"w-grid-item-h\">\r\n\t\t\t\t\t\t<div class=\"w-post-elm post_image usg_post_image_1 actualitat_img stretched\"><a href=\"https:\/\/conversesacatalunya.cat\/es\/virgen-de-montserrat-de-patrona-de-cataluna-a-un-nombre-en-retroceso\/\" aria-label=\"Virgen de Montserrat: de patrona de Catalu\u00f1a a un nombre en retroceso\"><img decoding=\"async\" width=\"1024\" height=\"683\" data-src=\"https:\/\/conversesacatalunya.cat\/wp-content\/uploads\/2026\/04\/mare_de_deu_montserrat_compressed-1024x683.jpg\" class=\"attachment-large size-large wp-post-image lazyload\" alt=\"\u00bfSe pone el nombre Montserrat?\" data-srcset=\"https:\/\/conversesacatalunya.cat\/wp-content\/uploads\/2026\/04\/mare_de_deu_montserrat_compressed-1024x683.jpg 1024w, https:\/\/conversesacatalunya.cat\/wp-content\/uploads\/2026\/04\/mare_de_deu_montserrat_compressed-300x200.jpg 300w, https:\/\/conversesacatalunya.cat\/wp-content\/uploads\/2026\/04\/mare_de_deu_montserrat_compressed.jpg 1536w\" data-sizes=\"(max-width: 1024px) 100vw, 1024px\" src=\"data:image\/svg+xml;base64,PHN2ZyB3aWR0aD0iMSIgaGVpZ2h0PSIxIiB4bWxucz0iaHR0cDovL3d3dy53My5vcmcvMjAwMC9zdmciPjwvc3ZnPg==\" style=\"--smush-placeholder-width: 1024px; --smush-placeholder-aspect-ratio: 1024\/683;\" \/><\/a><\/div><h2 class=\"w-post-elm post_title usg_post_title_1 entry-title color_link_inherit\"><a href=\"https:\/\/conversesacatalunya.cat\/es\/virgen-de-montserrat-de-patrona-de-cataluna-a-un-nombre-en-retroceso\/\">Virgen de Montserrat: de patrona de Catalu\u00f1a a un nombre en retroceso<\/a><\/h2><time class=\"w-post-elm post_date usg_post_date_1 has_text_color entry-date published\" datetime=\"2026-04-27T04:51:52+02:00\">27 abril, 2026<\/time><div class=\"w-post-elm post_author usg_post_author_1 vcard author color_link_inherit\"><div class=\"post-author-meta\"><a href=\"https:\/\/conversesacatalunya.cat\/es\/author\/maria-roca\/\" class=\"post-author-name fn\">Maria Roca<\/a><\/div><\/div>\t\t<\/div>\r\n\t\t\t<\/article>\r\n\t<article class=\"w-grid-item size_1x1 post-98321 post type-post status-publish format-standard has-post-thumbnail hentry category-punts-claus-del-dia-es tag-jordi-pujol-es\" data-id=\"98321\">\r\n\t\t<div class=\"w-grid-item-h\">\r\n\t\t\t\t\t\t<div class=\"w-post-elm post_image usg_post_image_1 actualitat_img stretched\"><a href=\"https:\/\/conversesacatalunya.cat\/es\/juicio-a-jordi-pujol\/\" aria-label=\"Juicio a Jordi Pujol\"><img decoding=\"async\" width=\"781\" height=\"831\" data-src=\"https:\/\/conversesacatalunya.cat\/wp-content\/uploads\/2026\/04\/Pujol.jpg\" class=\"attachment-large size-large wp-post-image lazyload\" alt=\"Jordi Pujol juicio\" data-srcset=\"https:\/\/conversesacatalunya.cat\/wp-content\/uploads\/2026\/04\/Pujol.jpg 781w, https:\/\/conversesacatalunya.cat\/wp-content\/uploads\/2026\/04\/Pujol-282x300.jpg 282w\" data-sizes=\"(max-width: 781px) 100vw, 781px\" src=\"data:image\/svg+xml;base64,PHN2ZyB3aWR0aD0iMSIgaGVpZ2h0PSIxIiB4bWxucz0iaHR0cDovL3d3dy53My5vcmcvMjAwMC9zdmciPjwvc3ZnPg==\" style=\"--smush-placeholder-width: 781px; --smush-placeholder-aspect-ratio: 781\/831;\" \/><\/a><\/div><h2 class=\"w-post-elm post_title usg_post_title_1 entry-title color_link_inherit\"><a href=\"https:\/\/conversesacatalunya.cat\/es\/juicio-a-jordi-pujol\/\">Juicio a Jordi Pujol<\/a><\/h2><time class=\"w-post-elm post_date usg_post_date_1 has_text_color entry-date published\" datetime=\"2026-04-27T04:00:47+02:00\">27 abril, 2026<\/time><div class=\"w-post-elm post_author usg_post_author_1 vcard author color_link_inherit\"><div class=\"post-author-meta\"><a href=\"https:\/\/conversesacatalunya.cat\/es\/author\/josep-miro-i-ardevol\/\" class=\"post-author-name fn\">Josep Mir\u00f3 i Ard\u00e8vol<\/a><\/div><\/div>\t\t<\/div>\r\n\t\t\t<\/article>\r\n\t<article class=\"w-grid-item size_1x1 post-98259 post type-post status-publish format-standard has-post-thumbnail hentry category-punts-claus-del-dia-es tag-next-generation-es tag-next-generation-ue\" data-id=\"98259\">\r\n\t\t<div class=\"w-grid-item-h\">\r\n\t\t\t\t\t\t<div class=\"w-post-elm post_image usg_post_image_1 actualitat_img stretched\"><a href=\"https:\/\/conversesacatalunya.cat\/es\/analisis-de-los-fondos-next-generation-en-espana-71-366-millones-y-un-impacto-de-apenas-04-en-productividad\/\" aria-label=\"An\u00e1lisis de los fondos Next Generation en Espa\u00f1a: 71.366 millones y un impacto de apenas +0,4 en productividad\"><img decoding=\"async\" width=\"1024\" height=\"683\" data-src=\"https:\/\/conversesacatalunya.cat\/wp-content\/uploads\/2026\/04\/imagen_comprimida-1-1024x683.jpg\" class=\"attachment-large size-large wp-post-image lazyload\" alt=\"impacto fondos Next Generation Espa\u00f1a\" data-srcset=\"https:\/\/conversesacatalunya.cat\/wp-content\/uploads\/2026\/04\/imagen_comprimida-1-1024x683.jpg 1024w, https:\/\/conversesacatalunya.cat\/wp-content\/uploads\/2026\/04\/imagen_comprimida-1-300x200.jpg 300w, https:\/\/conversesacatalunya.cat\/wp-content\/uploads\/2026\/04\/imagen_comprimida-1.jpg 1536w\" data-sizes=\"(max-width: 1024px) 100vw, 1024px\" src=\"data:image\/svg+xml;base64,PHN2ZyB3aWR0aD0iMSIgaGVpZ2h0PSIxIiB4bWxucz0iaHR0cDovL3d3dy53My5vcmcvMjAwMC9zdmciPjwvc3ZnPg==\" style=\"--smush-placeholder-width: 1024px; --smush-placeholder-aspect-ratio: 1024\/683;\" \/><\/a><\/div><h2 class=\"w-post-elm post_title usg_post_title_1 entry-title color_link_inherit\"><a href=\"https:\/\/conversesacatalunya.cat\/es\/analisis-de-los-fondos-next-generation-en-espana-71-366-millones-y-un-impacto-de-apenas-04-en-productividad\/\">An\u00e1lisis de los fondos Next Generation en Espa\u00f1a: 71.366 millones y un impacto de apenas +0,4 en productividad<\/a><\/h2><time class=\"w-post-elm post_date usg_post_date_1 has_text_color entry-date published\" datetime=\"2026-04-24T10:43:20+02:00\">24 abril, 2026<\/time><div class=\"w-post-elm post_author usg_post_author_1 vcard author color_link_inherit\"><div class=\"post-author-meta\"><a href=\"https:\/\/conversesacatalunya.cat\/es\/author\/joan-masip\/\" class=\"post-author-name fn\">Joan Masip<\/a><\/div><\/div>\t\t<\/div>\r\n\t\t\t<\/article>\r\n\t<article class=\"w-grid-item size_1x1 post-98255 post type-post status-publish format-standard has-post-thumbnail hentry category-punts-claus-del-dia-es tag-eutanasia-es\" data-id=\"98255\">\r\n\t\t<div class=\"w-grid-item-h\">\r\n\t\t\t\t\t\t<div class=\"w-post-elm post_image usg_post_image_1 actualitat_img stretched\"><a href=\"https:\/\/conversesacatalunya.cat\/es\/10-preguntss-que-el-parlamento-debe-responder-sobre-el-escandalo-noelia\/\" aria-label=\"Las 10 preguntas que el Parlamento debe responder sobre el esc\u00e1ndalo Noelia\"><img decoding=\"async\" width=\"763\" height=\"389\" data-src=\"https:\/\/conversesacatalunya.cat\/wp-content\/uploads\/2026\/04\/imagen_comprimida_100kb.jpg\" class=\"attachment-large size-large wp-post-image lazyload\" alt=\"caso Noelia Parlamento\" data-srcset=\"https:\/\/conversesacatalunya.cat\/wp-content\/uploads\/2026\/04\/imagen_comprimida_100kb.jpg 763w, https:\/\/conversesacatalunya.cat\/wp-content\/uploads\/2026\/04\/imagen_comprimida_100kb-300x153.jpg 300w\" data-sizes=\"(max-width: 763px) 100vw, 763px\" src=\"data:image\/svg+xml;base64,PHN2ZyB3aWR0aD0iMSIgaGVpZ2h0PSIxIiB4bWxucz0iaHR0cDovL3d3dy53My5vcmcvMjAwMC9zdmciPjwvc3ZnPg==\" style=\"--smush-placeholder-width: 763px; --smush-placeholder-aspect-ratio: 763\/389;\" \/><\/a><\/div><h2 class=\"w-post-elm post_title usg_post_title_1 entry-title color_link_inherit\"><a href=\"https:\/\/conversesacatalunya.cat\/es\/10-preguntss-que-el-parlamento-debe-responder-sobre-el-escandalo-noelia\/\">Las 10 preguntas que el Parlamento debe responder sobre el esc\u00e1ndalo Noelia<\/a><\/h2><time class=\"w-post-elm post_date usg_post_date_1 has_text_color entry-date published\" datetime=\"2026-04-24T06:34:43+02:00\">24 abril, 2026<\/time><div class=\"w-post-elm post_author usg_post_author_1 vcard author color_link_inherit\"><div class=\"post-author-meta\"><a href=\"https:\/\/conversesacatalunya.cat\/es\/author\/josep-miro-i-ardevol\/\" class=\"post-author-name fn\">Josep Mir\u00f3 i Ard\u00e8vol<\/a><\/div><\/div>\t\t<\/div>\r\n\t\t\t<\/article>\r\n\t<article class=\"w-grid-item size_1x1 post-98235 post type-post status-publish format-standard has-post-thumbnail hentry category-punts-claus-del-dia-es tag-fiscalidad tag-fiscalitat-es\" data-id=\"98235\">\r\n\t\t<div class=\"w-grid-item-h\">\r\n\t\t\t\t\t\t<div class=\"w-post-elm post_image usg_post_image_1 actualitat_img stretched\"><a href=\"https:\/\/conversesacatalunya.cat\/es\/el-suicidio-espanol-el-gobierno-expolia-las-familias-con-hijos\/\" aria-label=\"El suicidio espa\u00f1ol: el gobierno expolia a las familias con hijos\"><img decoding=\"async\" width=\"1024\" height=\"683\" data-src=\"https:\/\/conversesacatalunya.cat\/wp-content\/uploads\/2026\/04\/imagen_comprimida-1024x683.jpg\" class=\"attachment-large size-large wp-post-image lazyload\" alt=\"fiscalidad hijos\" data-srcset=\"https:\/\/conversesacatalunya.cat\/wp-content\/uploads\/2026\/04\/imagen_comprimida-1024x683.jpg 1024w, https:\/\/conversesacatalunya.cat\/wp-content\/uploads\/2026\/04\/imagen_comprimida-300x200.jpg 300w, https:\/\/conversesacatalunya.cat\/wp-content\/uploads\/2026\/04\/imagen_comprimida.jpg 1205w\" data-sizes=\"(max-width: 1024px) 100vw, 1024px\" src=\"data:image\/svg+xml;base64,PHN2ZyB3aWR0aD0iMSIgaGVpZ2h0PSIxIiB4bWxucz0iaHR0cDovL3d3dy53My5vcmcvMjAwMC9zdmciPjwvc3ZnPg==\" style=\"--smush-placeholder-width: 1024px; --smush-placeholder-aspect-ratio: 1024\/683;\" \/><\/a><\/div><h2 class=\"w-post-elm post_title usg_post_title_1 entry-title color_link_inherit\"><a href=\"https:\/\/conversesacatalunya.cat\/es\/el-suicidio-espanol-el-gobierno-expolia-las-familias-con-hijos\/\">El suicidio espa\u00f1ol: el gobierno expolia a las familias con hijos<\/a><\/h2><time class=\"w-post-elm post_date usg_post_date_1 has_text_color entry-date published\" datetime=\"2026-04-23T12:02:50+02:00\">23 abril, 2026<\/time><div class=\"w-post-elm post_author usg_post_author_1 vcard author color_link_inherit\"><div class=\"post-author-meta\"><a href=\"https:\/\/conversesacatalunya.cat\/es\/author\/emili_clos\/\" class=\"post-author-name fn\">Emili Clos<\/a><\/div><\/div>\t\t<\/div>\r\n\t\t\t<\/article>\r\n\t<article class=\"w-grid-item size_1x1 post-98189 post type-post status-publish format-standard has-post-thumbnail hentry category-cocina-y-tradiciones category-punts-claus-del-dia-es tag-diada-de-sant-jordi-es\" data-id=\"98189\">\r\n\t\t<div class=\"w-grid-item-h\">\r\n\t\t\t\t\t\t<div class=\"w-post-elm post_image usg_post_image_1 actualitat_img stretched\"><a href=\"https:\/\/conversesacatalunya.cat\/es\/que-hacer-sant-jordi-2026\/\" aria-label=\"Sant Jordi 2026 en Barcelona: qu\u00e9 hacer y mejores planes\"><img decoding=\"async\" width=\"1024\" height=\"683\" data-src=\"https:\/\/conversesacatalunya.cat\/wp-content\/uploads\/2026\/04\/sant_jordi_2026_100kb-1024x683.jpg\" class=\"attachment-large size-large wp-post-image lazyload\" alt=\"qu\u00e9 hacer Sant Jordi 2026\" data-srcset=\"https:\/\/conversesacatalunya.cat\/wp-content\/uploads\/2026\/04\/sant_jordi_2026_100kb-1024x683.jpg 1024w, https:\/\/conversesacatalunya.cat\/wp-content\/uploads\/2026\/04\/sant_jordi_2026_100kb-300x200.jpg 300w, https:\/\/conversesacatalunya.cat\/wp-content\/uploads\/2026\/04\/sant_jordi_2026_100kb.jpg 1536w\" data-sizes=\"(max-width: 1024px) 100vw, 1024px\" src=\"data:image\/svg+xml;base64,PHN2ZyB3aWR0aD0iMSIgaGVpZ2h0PSIxIiB4bWxucz0iaHR0cDovL3d3dy53My5vcmcvMjAwMC9zdmciPjwvc3ZnPg==\" style=\"--smush-placeholder-width: 1024px; --smush-placeholder-aspect-ratio: 1024\/683;\" \/><\/a><\/div><h2 class=\"w-post-elm post_title usg_post_title_1 entry-title color_link_inherit\"><a href=\"https:\/\/conversesacatalunya.cat\/es\/que-hacer-sant-jordi-2026\/\">Sant Jordi 2026 en Barcelona: qu\u00e9 hacer y mejores planes<\/a><\/h2><time class=\"w-post-elm post_date usg_post_date_1 has_text_color entry-date published\" datetime=\"2026-04-23T08:00:58+02:00\">23 abril, 2026<\/time><div class=\"w-post-elm post_author usg_post_author_1 vcard author color_link_inherit\"><div class=\"post-author-meta\"><a href=\"https:\/\/conversesacatalunya.cat\/es\/author\/nuria_freixa\/\" class=\"post-author-name fn\">N\u00faria Freixa<\/a><\/div><\/div>\t\t<\/div>\r\n\t\t\t<\/article>\r\n\t<article class=\"w-grid-item size_1x1 post-98201 post type-post status-publish format-standard has-post-thumbnail hentry category-punts-claus-del-dia-es tag-vivienda\" data-id=\"98201\">\r\n\t\t<div class=\"w-grid-item-h\">\r\n\t\t\t\t\t\t<div class=\"w-post-elm post_image usg_post_image_1 actualitat_img stretched\"><a href=\"https:\/\/conversesacatalunya.cat\/es\/el-nuevo-plan-de-la-vivienda-7000-millones\/\" aria-label=\"El nuevo Plan de la vivienda. El parto de los montes o como nos toman el pelo\"><img decoding=\"async\" width=\"1024\" height=\"768\" data-src=\"https:\/\/conversesacatalunya.cat\/wp-content\/uploads\/2026\/04\/viviendas_100kb-1024x768.jpg\" class=\"attachment-large size-large wp-post-image lazyload\" alt=\"plan vivienda 7.000 millones\" data-srcset=\"https:\/\/conversesacatalunya.cat\/wp-content\/uploads\/2026\/04\/viviendas_100kb-1024x768.jpg 1024w, https:\/\/conversesacatalunya.cat\/wp-content\/uploads\/2026\/04\/viviendas_100kb-300x225.jpg 300w, https:\/\/conversesacatalunya.cat\/wp-content\/uploads\/2026\/04\/viviendas_100kb.jpg 1448w\" data-sizes=\"(max-width: 1024px) 100vw, 1024px\" src=\"data:image\/svg+xml;base64,PHN2ZyB3aWR0aD0iMSIgaGVpZ2h0PSIxIiB4bWxucz0iaHR0cDovL3d3dy53My5vcmcvMjAwMC9zdmciPjwvc3ZnPg==\" style=\"--smush-placeholder-width: 1024px; --smush-placeholder-aspect-ratio: 1024\/768;\" \/><\/a><\/div><h2 class=\"w-post-elm post_title usg_post_title_1 entry-title color_link_inherit\"><a href=\"https:\/\/conversesacatalunya.cat\/es\/el-nuevo-plan-de-la-vivienda-7000-millones\/\">El nuevo Plan de la vivienda. El parto de los montes o como nos toman el pelo<\/a><\/h2><time class=\"w-post-elm post_date usg_post_date_1 has_text_color entry-date published\" datetime=\"2026-04-23T06:23:45+02:00\">23 abril, 2026<\/time><div class=\"w-post-elm post_author usg_post_author_1 vcard author color_link_inherit\"><div class=\"post-author-meta\"><a href=\"https:\/\/conversesacatalunya.cat\/es\/author\/josep-miro-i-ardevol\/\" class=\"post-author-name fn\">Josep Mir\u00f3 i Ard\u00e8vol<\/a><\/div><\/div>\t\t<\/div>\r\n\t\t\t<\/article>\r\n\t<article class=\"w-grid-item size_1x1 post-98150 post type-post status-publish format-standard has-post-thumbnail hentry category-punts-claus-del-dia-es tag-sanidad tag-sanidad-catalana\" data-id=\"98150\">\r\n\t\t<div class=\"w-grid-item-h\">\r\n\t\t\t\t\t\t<div class=\"w-post-elm post_image usg_post_image_1 actualitat_img stretched\"><a href=\"https:\/\/conversesacatalunya.cat\/es\/sanidad-cataluna-vs-madrid-gasto-listas-espera\/\" aria-label=\"Catalu\u00f1a. M\u00e1s impuestos, m\u00e1s gasto y m\u00e1s espera: la sanidad que no cuadra\"><img decoding=\"async\" width=\"640\" height=\"427\" data-src=\"https:\/\/conversesacatalunya.cat\/wp-content\/uploads\/2026\/04\/doilersanjuan-hospital-5023120_640.jpg\" class=\"attachment-large size-large wp-post-image lazyload\" alt=\"Sanidad Catalu\u00f1a Madrid\" data-srcset=\"https:\/\/conversesacatalunya.cat\/wp-content\/uploads\/2026\/04\/doilersanjuan-hospital-5023120_640.jpg 640w, https:\/\/conversesacatalunya.cat\/wp-content\/uploads\/2026\/04\/doilersanjuan-hospital-5023120_640-300x200.jpg 300w\" data-sizes=\"(max-width: 640px) 100vw, 640px\" src=\"data:image\/svg+xml;base64,PHN2ZyB3aWR0aD0iMSIgaGVpZ2h0PSIxIiB4bWxucz0iaHR0cDovL3d3dy53My5vcmcvMjAwMC9zdmciPjwvc3ZnPg==\" style=\"--smush-placeholder-width: 640px; --smush-placeholder-aspect-ratio: 640\/427;\" \/><\/a><\/div><h2 class=\"w-post-elm post_title usg_post_title_1 entry-title color_link_inherit\"><a href=\"https:\/\/conversesacatalunya.cat\/es\/sanidad-cataluna-vs-madrid-gasto-listas-espera\/\">Catalu\u00f1a. M\u00e1s impuestos, m\u00e1s gasto y m\u00e1s espera: la sanidad que no cuadra<\/a><\/h2><time class=\"w-post-elm post_date usg_post_date_1 has_text_color entry-date published\" datetime=\"2026-04-22T09:15:03+02:00\">22 abril, 2026<\/time><div class=\"w-post-elm post_author usg_post_author_1 vcard author color_link_inherit\"><div class=\"post-author-meta\"><a href=\"https:\/\/conversesacatalunya.cat\/es\/author\/enric-casanovas\/\" class=\"post-author-name fn\">Enric Casanovas<\/a><\/div><\/div>\t\t<\/div>\r\n\t\t\t<\/article>\r\n\t<article class=\"w-grid-item size_1x1 post-98182 post type-post status-publish format-standard has-post-thumbnail hentry category-punts-claus-del-dia-es tag-cataluna tag-catalunya-es\" data-id=\"98182\">\r\n\t\t<div class=\"w-grid-item-h\">\r\n\t\t\t\t\t\t<div class=\"w-post-elm post_image usg_post_image_1 actualitat_img stretched\"><a href=\"https:\/\/conversesacatalunya.cat\/es\/cataluna-nacion-sin-estado-que-podemos-aprender-del-pasado\/\" aria-label=\"Los futuros de Catalu\u00f1a (3). Rehacer Catalu\u00f1a: \u00bfqu\u00e9 podemos aprender del pasado?\"><img decoding=\"async\" width=\"640\" height=\"480\" data-src=\"https:\/\/conversesacatalunya.cat\/wp-content\/uploads\/2026\/04\/stecatlliure-catalunya-979416_640.jpg\" class=\"attachment-large size-large wp-post-image lazyload\" alt=\"Catalu\u00f1a naci\u00f3n sin Estado\" data-srcset=\"https:\/\/conversesacatalunya.cat\/wp-content\/uploads\/2026\/04\/stecatlliure-catalunya-979416_640.jpg 640w, https:\/\/conversesacatalunya.cat\/wp-content\/uploads\/2026\/04\/stecatlliure-catalunya-979416_640-300x225.jpg 300w\" data-sizes=\"(max-width: 640px) 100vw, 640px\" src=\"data:image\/svg+xml;base64,PHN2ZyB3aWR0aD0iMSIgaGVpZ2h0PSIxIiB4bWxucz0iaHR0cDovL3d3dy53My5vcmcvMjAwMC9zdmciPjwvc3ZnPg==\" style=\"--smush-placeholder-width: 640px; --smush-placeholder-aspect-ratio: 640\/480;\" \/><\/a><\/div><h2 class=\"w-post-elm post_title usg_post_title_1 entry-title color_link_inherit\"><a href=\"https:\/\/conversesacatalunya.cat\/es\/cataluna-nacion-sin-estado-que-podemos-aprender-del-pasado\/\">Los futuros de Catalu\u00f1a (3). Rehacer Catalu\u00f1a: \u00bfqu\u00e9 podemos aprender del pasado?<\/a><\/h2><time class=\"w-post-elm post_date usg_post_date_1 has_text_color entry-date published\" datetime=\"2026-04-22T09:00:24+02:00\">22 abril, 2026<\/time><div class=\"w-post-elm post_author usg_post_author_1 vcard author color_link_inherit\"><div class=\"post-author-meta\"><a href=\"https:\/\/conversesacatalunya.cat\/es\/author\/josep-miro-i-ardevol\/\" class=\"post-author-name fn\">Josep Mir\u00f3 i Ard\u00e8vol<\/a><\/div><\/div>\t\t<\/div>\r\n\t\t\t<\/article>\r\n\t<article class=\"w-grid-item size_1x1 post-98101 post type-post status-publish format-standard has-post-thumbnail hentry category-opinem-es category-punts-claus-del-dia-es tag-leon-xiv\" data-id=\"98101\">\r\n\t\t<div class=\"w-grid-item-h\">\r\n\t\t\t\t\t\t<div class=\"w-post-elm post_image usg_post_image_1 actualitat_img stretched\"><a href=\"https:\/\/conversesacatalunya.cat\/es\/una-linea-muy-roja\/\" aria-label=\"Una l\u00ednea muy roja\"><img decoding=\"async\" width=\"1024\" height=\"683\" data-src=\"https:\/\/conversesacatalunya.cat\/wp-content\/uploads\/2026\/04\/bandera-1024x683.jpg\" class=\"attachment-large size-large wp-post-image lazyload\" alt=\"Trump papa Le\u00f3n XIV\" data-srcset=\"https:\/\/conversesacatalunya.cat\/wp-content\/uploads\/2026\/04\/bandera-1024x683.jpg 1024w, https:\/\/conversesacatalunya.cat\/wp-content\/uploads\/2026\/04\/bandera-300x200.jpg 300w, https:\/\/conversesacatalunya.cat\/wp-content\/uploads\/2026\/04\/bandera.jpg 1536w\" data-sizes=\"(max-width: 1024px) 100vw, 1024px\" src=\"data:image\/svg+xml;base64,PHN2ZyB3aWR0aD0iMSIgaGVpZ2h0PSIxIiB4bWxucz0iaHR0cDovL3d3dy53My5vcmcvMjAwMC9zdmciPjwvc3ZnPg==\" style=\"--smush-placeholder-width: 1024px; --smush-placeholder-aspect-ratio: 1024\/683;\" \/><\/a><\/div><h2 class=\"w-post-elm post_title usg_post_title_1 entry-title color_link_inherit\"><a href=\"https:\/\/conversesacatalunya.cat\/es\/una-linea-muy-roja\/\">Una l\u00ednea muy roja<\/a><\/h2><time class=\"w-post-elm post_date usg_post_date_1 has_text_color entry-date published\" datetime=\"2026-04-21T08:33:06+02:00\">21 abril, 2026<\/time><div class=\"w-post-elm post_author usg_post_author_1 vcard author color_link_inherit\"><div class=\"post-author-meta\"><a href=\"https:\/\/conversesacatalunya.cat\/es\/author\/juan-messerschmidt\/\" class=\"post-author-name fn\">J. Messerschmidt<\/a><\/div><\/div>\t\t<\/div>\r\n\t\t\t<\/article>\r\n\t<article class=\"w-grid-item size_1x1 post-98139 post type-post status-publish format-standard has-post-thumbnail hentry category-punts-claus-del-dia-es tag-coeducat-2\" data-id=\"98139\">\r\n\t\t<div class=\"w-grid-item-h\">\r\n\t\t\t\t\t\t<div class=\"w-post-elm post_image usg_post_image_1 actualitat_img stretched\"><a href=\"https:\/\/conversesacatalunya.cat\/es\/programa-coeducat-generalitat-destruye-la-formacion-de-ninos-y-adolescentes\/\" aria-label=\"C\u00f3mo el programa Coeduca&#8217;t de la Generalitat destruye la formaci\u00f3n de ni\u00f1os y adolescentes\"><img decoding=\"async\" width=\"518\" height=\"389\" data-src=\"https:\/\/conversesacatalunya.cat\/wp-content\/uploads\/2026\/04\/imagen_100kb-3.jpg\" class=\"attachment-large size-large wp-post-image lazyload\" alt=\"Coeduca\u2019t qu\u00e9 es y c\u00f3mo funciona\" data-srcset=\"https:\/\/conversesacatalunya.cat\/wp-content\/uploads\/2026\/04\/imagen_100kb-3.jpg 518w, https:\/\/conversesacatalunya.cat\/wp-content\/uploads\/2026\/04\/imagen_100kb-3-300x225.jpg 300w\" data-sizes=\"(max-width: 518px) 100vw, 518px\" src=\"data:image\/svg+xml;base64,PHN2ZyB3aWR0aD0iMSIgaGVpZ2h0PSIxIiB4bWxucz0iaHR0cDovL3d3dy53My5vcmcvMjAwMC9zdmciPjwvc3ZnPg==\" style=\"--smush-placeholder-width: 518px; --smush-placeholder-aspect-ratio: 518\/389;\" \/><\/a><\/div><h2 class=\"w-post-elm post_title usg_post_title_1 entry-title color_link_inherit\"><a href=\"https:\/\/conversesacatalunya.cat\/es\/programa-coeducat-generalitat-destruye-la-formacion-de-ninos-y-adolescentes\/\">C\u00f3mo el programa Coeduca&#8217;t de la Generalitat destruye la formaci\u00f3n de ni\u00f1os y adolescentes<\/a><\/h2><time class=\"w-post-elm post_date usg_post_date_1 has_text_color entry-date published\" datetime=\"2026-04-21T08:00:36+02:00\">21 abril, 2026<\/time><div class=\"w-post-elm post_author usg_post_author_1 vcard author color_link_inherit\"><div class=\"post-author-meta\"><a href=\"https:\/\/conversesacatalunya.cat\/es\/author\/josep-miro-i-ardevol\/\" class=\"post-author-name fn\">Josep Mir\u00f3 i Ard\u00e8vol<\/a><\/div><\/div>\t\t<\/div>\r\n\t\t\t<\/article>\r\n\t<article class=\"w-grid-item size_1x1 post-98090 post type-post status-publish format-standard has-post-thumbnail hentry category-punts-claus-del-dia-es tag-pedro-sanchez-es tag-sanchez-es\" data-id=\"98090\">\r\n\t\t<div class=\"w-grid-item-h\">\r\n\t\t\t\t\t\t<div class=\"w-post-elm post_image usg_post_image_1 actualitat_img stretched\"><a href=\"https:\/\/conversesacatalunya.cat\/es\/internacional-progresista-barcelona-quien-lo-paga\/\" aria-label=\"Y todo esto, \u00bfqui\u00e9n lo paga? La fiesta de S\u00e1nchez en Barcelona\"><img decoding=\"async\" width=\"1024\" height=\"683\" data-src=\"https:\/\/conversesacatalunya.cat\/wp-content\/uploads\/2026\/04\/poster_100kb-1024x683.jpg\" class=\"attachment-large size-large wp-post-image lazyload\" alt=\"Internacional Progresista Barcelona\" data-srcset=\"https:\/\/conversesacatalunya.cat\/wp-content\/uploads\/2026\/04\/poster_100kb-1024x683.jpg 1024w, https:\/\/conversesacatalunya.cat\/wp-content\/uploads\/2026\/04\/poster_100kb-300x200.jpg 300w, https:\/\/conversesacatalunya.cat\/wp-content\/uploads\/2026\/04\/poster_100kb.jpg 1536w\" data-sizes=\"(max-width: 1024px) 100vw, 1024px\" src=\"data:image\/svg+xml;base64,PHN2ZyB3aWR0aD0iMSIgaGVpZ2h0PSIxIiB4bWxucz0iaHR0cDovL3d3dy53My5vcmcvMjAwMC9zdmciPjwvc3ZnPg==\" style=\"--smush-placeholder-width: 1024px; --smush-placeholder-aspect-ratio: 1024\/683;\" \/><\/a><\/div><h2 class=\"w-post-elm post_title usg_post_title_1 entry-title color_link_inherit\"><a href=\"https:\/\/conversesacatalunya.cat\/es\/internacional-progresista-barcelona-quien-lo-paga\/\">Y todo esto, \u00bfqui\u00e9n lo paga? La fiesta de S\u00e1nchez en Barcelona<\/a><\/h2><time class=\"w-post-elm post_date usg_post_date_1 has_text_color entry-date published\" datetime=\"2026-04-20T08:56:04+02:00\">20 abril, 2026<\/time><div class=\"w-post-elm post_author usg_post_author_1 vcard author color_link_inherit\"><div class=\"post-author-meta\"><a href=\"https:\/\/conversesacatalunya.cat\/es\/author\/emili_clos\/\" class=\"post-author-name fn\">Emili Clos<\/a><\/div><\/div>\t\t<\/div>\r\n\t\t\t<\/article>\r\n\t<article class=\"w-grid-item size_1x1 post-98067 post type-post status-publish format-standard has-post-thumbnail hentry category-punts-claus-del-dia-es tag-religio-es tag-religion\" data-id=\"98067\">\r\n\t\t<div class=\"w-grid-item-h\">\r\n\t\t\t\t\t\t<div class=\"w-post-elm post_image usg_post_image_1 actualitat_img stretched\"><a href=\"https:\/\/conversesacatalunya.cat\/es\/el-siglo-postsecular-la-fe-desmiente-el-pronostico\/\" aria-label=\"El siglo postsecular: cuando la fe desmiente el pron\u00f3stico\"><img decoding=\"async\" width=\"1024\" height=\"683\" data-src=\"https:\/\/conversesacatalunya.cat\/wp-content\/uploads\/2026\/04\/imagen_horizontal_100kb-1024x683.jpg\" class=\"attachment-large size-large wp-post-image lazyload\" alt=\"religi\u00f3n mundo\" data-srcset=\"https:\/\/conversesacatalunya.cat\/wp-content\/uploads\/2026\/04\/imagen_horizontal_100kb-1024x683.jpg 1024w, https:\/\/conversesacatalunya.cat\/wp-content\/uploads\/2026\/04\/imagen_horizontal_100kb-300x200.jpg 300w, https:\/\/conversesacatalunya.cat\/wp-content\/uploads\/2026\/04\/imagen_horizontal_100kb.jpg 1398w\" data-sizes=\"(max-width: 1024px) 100vw, 1024px\" src=\"data:image\/svg+xml;base64,PHN2ZyB3aWR0aD0iMSIgaGVpZ2h0PSIxIiB4bWxucz0iaHR0cDovL3d3dy53My5vcmcvMjAwMC9zdmciPjwvc3ZnPg==\" style=\"--smush-placeholder-width: 1024px; --smush-placeholder-aspect-ratio: 1024\/683;\" \/><\/a><\/div><h2 class=\"w-post-elm post_title usg_post_title_1 entry-title color_link_inherit\"><a href=\"https:\/\/conversesacatalunya.cat\/es\/el-siglo-postsecular-la-fe-desmiente-el-pronostico\/\">El siglo postsecular: cuando la fe desmiente el pron\u00f3stico<\/a><\/h2><time class=\"w-post-elm post_date usg_post_date_1 has_text_color entry-date published\" datetime=\"2026-04-20T08:17:06+02:00\">20 abril, 2026<\/time><div class=\"w-post-elm post_author usg_post_author_1 vcard author color_link_inherit\"><div class=\"post-author-meta\"><a href=\"https:\/\/conversesacatalunya.cat\/es\/author\/joan-masip\/\" class=\"post-author-name fn\">Joan Masip<\/a><\/div><\/div>\t\t<\/div>\r\n\t\t\t<\/article>\r\n\t<article class=\"w-grid-item size_1x1 post-98060 post type-post status-publish format-standard has-post-thumbnail hentry category-punts-claus-del-dia-es tag-immigracio-es tag-inmigracion tag-regularitzacio tag-regularizacion\" data-id=\"98060\">\r\n\t\t<div class=\"w-grid-item-h\">\r\n\t\t\t\t\t\t<div class=\"w-post-elm post_image usg_post_image_1 actualitat_img stretched\"><a href=\"https:\/\/conversesacatalunya.cat\/es\/regularizacion-politica-migratoria-espanola\/\" aria-label=\"Regularizaci\u00f3n: una idea necesaria, p\u00e9simamente concebida y peor ejecutada\"><img decoding=\"async\" width=\"1024\" height=\"576\" data-src=\"https:\/\/conversesacatalunya.cat\/wp-content\/uploads\/2026\/04\/immigrants_city_horizontal_correct_100kb-1024x576.jpg\" class=\"attachment-large size-large wp-post-image lazyload\" alt=\"Pol\u00edtica migratoria espa\u00f1ola\" data-srcset=\"https:\/\/conversesacatalunya.cat\/wp-content\/uploads\/2026\/04\/immigrants_city_horizontal_correct_100kb-1024x576.jpg 1024w, https:\/\/conversesacatalunya.cat\/wp-content\/uploads\/2026\/04\/immigrants_city_horizontal_correct_100kb-300x169.jpg 300w, https:\/\/conversesacatalunya.cat\/wp-content\/uploads\/2026\/04\/immigrants_city_horizontal_correct_100kb.jpg 1280w\" data-sizes=\"(max-width: 1024px) 100vw, 1024px\" src=\"data:image\/svg+xml;base64,PHN2ZyB3aWR0aD0iMSIgaGVpZ2h0PSIxIiB4bWxucz0iaHR0cDovL3d3dy53My5vcmcvMjAwMC9zdmciPjwvc3ZnPg==\" style=\"--smush-placeholder-width: 1024px; --smush-placeholder-aspect-ratio: 1024\/576;\" \/><\/a><\/div><h2 class=\"w-post-elm post_title usg_post_title_1 entry-title color_link_inherit\"><a href=\"https:\/\/conversesacatalunya.cat\/es\/regularizacion-politica-migratoria-espanola\/\">Regularizaci\u00f3n: una idea necesaria, p\u00e9simamente concebida y peor ejecutada<\/a><\/h2><time class=\"w-post-elm post_date usg_post_date_1 has_text_color entry-date published\" datetime=\"2026-04-17T10:39:25+02:00\">17 abril, 2026<\/time><div class=\"w-post-elm post_author usg_post_author_1 vcard author color_link_inherit\"><div class=\"post-author-meta\"><a href=\"https:\/\/conversesacatalunya.cat\/es\/author\/nuria_freixa\/\" class=\"post-author-name fn\">N\u00faria Freixa<\/a><\/div><\/div>\t\t<\/div>\r\n\t\t\t<\/article>\r\n\t<article class=\"w-grid-item size_1x1 post-98045 post type-post status-publish format-standard has-post-thumbnail hentry category-punts-claus-del-dia-es tag-cataluna\" data-id=\"98045\">\r\n\t\t<div class=\"w-grid-item-h\">\r\n\t\t\t\t\t\t<div class=\"w-post-elm post_image usg_post_image_1 actualitat_img stretched\"><a href=\"https:\/\/conversesacatalunya.cat\/es\/mucha-politiqueria-i-poco-pais\/\" aria-label=\"Mucha politiquer\u00eda y poco pa\u00eds\"><img decoding=\"async\" width=\"567\" height=\"375\" data-src=\"https:\/\/conversesacatalunya.cat\/wp-content\/uploads\/2026\/04\/imagen_editada.jpg\" class=\"attachment-large size-large wp-post-image lazyload\" alt=\"Catalu\u00f1a continuidad nacional\" data-srcset=\"https:\/\/conversesacatalunya.cat\/wp-content\/uploads\/2026\/04\/imagen_editada.jpg 567w, https:\/\/conversesacatalunya.cat\/wp-content\/uploads\/2026\/04\/imagen_editada-300x198.jpg 300w\" data-sizes=\"(max-width: 567px) 100vw, 567px\" src=\"data:image\/svg+xml;base64,PHN2ZyB3aWR0aD0iMSIgaGVpZ2h0PSIxIiB4bWxucz0iaHR0cDovL3d3dy53My5vcmcvMjAwMC9zdmciPjwvc3ZnPg==\" style=\"--smush-placeholder-width: 567px; --smush-placeholder-aspect-ratio: 567\/375;\" \/><\/a><\/div><h2 class=\"w-post-elm post_title usg_post_title_1 entry-title color_link_inherit\"><a href=\"https:\/\/conversesacatalunya.cat\/es\/mucha-politiqueria-i-poco-pais\/\">Mucha politiquer\u00eda y poco pa\u00eds<\/a><\/h2><time class=\"w-post-elm post_date usg_post_date_1 has_text_color entry-date published\" datetime=\"2026-04-17T06:05:16+02:00\">17 abril, 2026<\/time><div class=\"w-post-elm post_author usg_post_author_1 vcard author color_link_inherit\"><div class=\"post-author-meta\"><a href=\"https:\/\/conversesacatalunya.cat\/es\/author\/maria-roca\/\" class=\"post-author-name fn\">Maria Roca<\/a><\/div><\/div>\t\t<\/div>\r\n\t\t\t<\/article>\r\n\t<article class=\"w-grid-item size_1x1 post-98034 post type-post status-publish format-standard has-post-thumbnail hentry category-punts-claus-del-dia-es tag-eutanasia-es\" data-id=\"98034\">\r\n\t\t<div class=\"w-grid-item-h\">\r\n\t\t\t\t\t\t<div class=\"w-post-elm post_image usg_post_image_1 actualitat_img stretched\"><a href=\"https:\/\/conversesacatalunya.cat\/es\/caso-noelia-reforma-eutanasia-fracaso-institucional-garantias-cataluna\/\" aria-label=\"Parlamento de Catalu\u00f1a. El caso Noelia o c\u00f3mo se legisla para acelerar la muerte y ocultar el fracaso\"><img decoding=\"async\" width=\"1024\" height=\"819\" data-src=\"https:\/\/conversesacatalunya.cat\/wp-content\/uploads\/2026\/04\/imagen_editada-1-1024x819.jpg\" class=\"attachment-large size-large wp-post-image lazyload\" alt=\"Reforma eutanasia Catalu\u00f1a\" data-srcset=\"https:\/\/conversesacatalunya.cat\/wp-content\/uploads\/2026\/04\/imagen_editada-1-1024x819.jpg 1024w, https:\/\/conversesacatalunya.cat\/wp-content\/uploads\/2026\/04\/imagen_editada-1-300x240.jpg 300w, https:\/\/conversesacatalunya.cat\/wp-content\/uploads\/2026\/04\/imagen_editada-1.jpg 1101w\" data-sizes=\"(max-width: 1024px) 100vw, 1024px\" src=\"data:image\/svg+xml;base64,PHN2ZyB3aWR0aD0iMSIgaGVpZ2h0PSIxIiB4bWxucz0iaHR0cDovL3d3dy53My5vcmcvMjAwMC9zdmciPjwvc3ZnPg==\" style=\"--smush-placeholder-width: 1024px; --smush-placeholder-aspect-ratio: 1024\/819;\" \/><\/a><\/div><h2 class=\"w-post-elm post_title usg_post_title_1 entry-title color_link_inherit\"><a href=\"https:\/\/conversesacatalunya.cat\/es\/caso-noelia-reforma-eutanasia-fracaso-institucional-garantias-cataluna\/\">Parlamento de Catalu\u00f1a. El caso Noelia o c\u00f3mo se legisla para acelerar la muerte y ocultar el fracaso<\/a><\/h2><time class=\"w-post-elm post_date usg_post_date_1 has_text_color entry-date published\" datetime=\"2026-04-16T12:46:19+02:00\">16 abril, 2026<\/time><div class=\"w-post-elm post_author usg_post_author_1 vcard author color_link_inherit\"><div class=\"post-author-meta\"><a href=\"https:\/\/conversesacatalunya.cat\/es\/author\/josep-miro-i-ardevol\/\" class=\"post-author-name fn\">Josep Mir\u00f3 i Ard\u00e8vol<\/a><\/div><\/div>\t\t<\/div>\r\n\t\t\t<\/article>\r\n\t<article class=\"w-grid-item size_1x1 post-98006 post type-post status-publish format-standard has-post-thumbnail hentry category-punts-claus-del-dia-es tag-laboral-es\" data-id=\"98006\">\r\n\t\t<div class=\"w-grid-item-h\">\r\n\t\t\t\t\t\t<div class=\"w-post-elm post_image usg_post_image_1 actualitat_img stretched\"><a href=\"https:\/\/conversesacatalunya.cat\/es\/aumento-bajas-laborales-sintoma-crisis-politica\/\" aria-label=\"Aumento de las bajas laborales: el s\u00edntoma silencioso de una crisis pol\u00edtica\"><img decoding=\"async\" width=\"638\" height=\"499\" data-src=\"https:\/\/conversesacatalunya.cat\/wp-content\/uploads\/2026\/04\/foto_100kb-2.jpg\" class=\"attachment-large size-large wp-post-image lazyload\" alt=\"Aumento bajas laborales\" data-srcset=\"https:\/\/conversesacatalunya.cat\/wp-content\/uploads\/2026\/04\/foto_100kb-2.jpg 638w, https:\/\/conversesacatalunya.cat\/wp-content\/uploads\/2026\/04\/foto_100kb-2-300x235.jpg 300w\" data-sizes=\"(max-width: 638px) 100vw, 638px\" src=\"data:image\/svg+xml;base64,PHN2ZyB3aWR0aD0iMSIgaGVpZ2h0PSIxIiB4bWxucz0iaHR0cDovL3d3dy53My5vcmcvMjAwMC9zdmciPjwvc3ZnPg==\" style=\"--smush-placeholder-width: 638px; --smush-placeholder-aspect-ratio: 638\/499;\" \/><\/a><\/div><h2 class=\"w-post-elm post_title usg_post_title_1 entry-title color_link_inherit\"><a href=\"https:\/\/conversesacatalunya.cat\/es\/aumento-bajas-laborales-sintoma-crisis-politica\/\">Aumento de las bajas laborales: el s\u00edntoma silencioso de una crisis pol\u00edtica<\/a><\/h2><time class=\"w-post-elm post_date usg_post_date_1 has_text_color entry-date published\" datetime=\"2026-04-16T04:56:12+02:00\">16 abril, 2026<\/time><div class=\"w-post-elm post_author usg_post_author_1 vcard author color_link_inherit\"><div class=\"post-author-meta\"><a href=\"https:\/\/conversesacatalunya.cat\/es\/author\/joan-masip\/\" class=\"post-author-name fn\">Joan Masip<\/a><\/div><\/div>\t\t<\/div>\r\n\t\t\t<\/article>\r\n\t<article class=\"w-grid-item size_1x1 post-97999 post type-post status-publish format-standard has-post-thumbnail hentry category-punts-claus-del-dia-es tag-pedro-sanchez-es tag-sanchez-es\" data-id=\"97999\">\r\n\t\t<div class=\"w-grid-item-h\">\r\n\t\t\t\t\t\t<div class=\"w-post-elm post_image usg_post_image_1 actualitat_img stretched\"><a href=\"https:\/\/conversesacatalunya.cat\/es\/sanchez-mamdani-barcelona-progresia-global\/\" aria-label=\"S\u00e1nchez y Mamdani en Barcelona, \u200b\u200bcapital de una izquierda de escaparate\"><img decoding=\"async\" width=\"1024\" height=\"819\" data-src=\"https:\/\/conversesacatalunya.cat\/wp-content\/uploads\/2026\/04\/imagen_reducida-1024x819.jpg\" class=\"attachment-large size-large wp-post-image lazyload\" alt=\"Progres\u00eda global\" data-srcset=\"https:\/\/conversesacatalunya.cat\/wp-content\/uploads\/2026\/04\/imagen_reducida-1024x819.jpg 1024w, https:\/\/conversesacatalunya.cat\/wp-content\/uploads\/2026\/04\/imagen_reducida-300x240.jpg 300w, https:\/\/conversesacatalunya.cat\/wp-content\/uploads\/2026\/04\/imagen_reducida.jpg 1200w\" data-sizes=\"(max-width: 1024px) 100vw, 1024px\" src=\"data:image\/svg+xml;base64,PHN2ZyB3aWR0aD0iMSIgaGVpZ2h0PSIxIiB4bWxucz0iaHR0cDovL3d3dy53My5vcmcvMjAwMC9zdmciPjwvc3ZnPg==\" style=\"--smush-placeholder-width: 1024px; --smush-placeholder-aspect-ratio: 1024\/819;\" \/><\/a><\/div><h2 class=\"w-post-elm post_title usg_post_title_1 entry-title color_link_inherit\"><a href=\"https:\/\/conversesacatalunya.cat\/es\/sanchez-mamdani-barcelona-progresia-global\/\">S\u00e1nchez y Mamdani en Barcelona, \u200b\u200bcapital de una izquierda de escaparate<\/a><\/h2><time class=\"w-post-elm post_date usg_post_date_1 has_text_color entry-date published\" datetime=\"2026-04-15T13:44:52+02:00\">15 abril, 2026<\/time><div class=\"w-post-elm post_author usg_post_author_1 vcard author color_link_inherit\"><div class=\"post-author-meta\"><a href=\"https:\/\/conversesacatalunya.cat\/es\/author\/emili_clos\/\" class=\"post-author-name fn\">Emili Clos<\/a><\/div><\/div>\t\t<\/div>\r\n\t\t\t<\/article>\r\n\t<article class=\"w-grid-item size_1x1 post-97969 post type-post status-publish format-standard has-post-thumbnail hentry category-punts-claus-del-dia-es tag-cataluna tag-catalunya-es\" data-id=\"97969\">\r\n\t\t<div class=\"w-grid-item-h\">\r\n\t\t\t\t\t\t<div class=\"w-post-elm post_image usg_post_image_1 actualitat_img stretched\"><a href=\"https:\/\/conversesacatalunya.cat\/es\/cataluna-historia-frustraciones-soberania-futuro\/\" aria-label=\"Los futuros de Catalu\u00f1a (2). \u00bfQu\u00e9 hemos aprendido de nuestro pasado, si es que hemos aprendido algo?\"><img decoding=\"async\" width=\"1024\" height=\"683\" data-src=\"https:\/\/conversesacatalunya.cat\/wp-content\/uploads\/2026\/04\/mapa_catalunya_100kb-1024x683.jpg\" class=\"attachment-large size-large wp-post-image lazyload\" alt=\"Catalu\u00f1a historia\" data-srcset=\"https:\/\/conversesacatalunya.cat\/wp-content\/uploads\/2026\/04\/mapa_catalunya_100kb-1024x683.jpg 1024w, https:\/\/conversesacatalunya.cat\/wp-content\/uploads\/2026\/04\/mapa_catalunya_100kb-300x200.jpg 300w, https:\/\/conversesacatalunya.cat\/wp-content\/uploads\/2026\/04\/mapa_catalunya_100kb.jpg 1536w\" data-sizes=\"(max-width: 1024px) 100vw, 1024px\" src=\"data:image\/svg+xml;base64,PHN2ZyB3aWR0aD0iMSIgaGVpZ2h0PSIxIiB4bWxucz0iaHR0cDovL3d3dy53My5vcmcvMjAwMC9zdmciPjwvc3ZnPg==\" style=\"--smush-placeholder-width: 1024px; --smush-placeholder-aspect-ratio: 1024\/683;\" \/><\/a><\/div><h2 class=\"w-post-elm post_title usg_post_title_1 entry-title color_link_inherit\"><a href=\"https:\/\/conversesacatalunya.cat\/es\/cataluna-historia-frustraciones-soberania-futuro\/\">Los futuros de Catalu\u00f1a (2). \u00bfQu\u00e9 hemos aprendido de nuestro pasado, si es que hemos aprendido algo?<\/a><\/h2><time class=\"w-post-elm post_date usg_post_date_1 has_text_color entry-date published\" datetime=\"2026-04-15T10:33:41+02:00\">15 abril, 2026<\/time><div class=\"w-post-elm post_author usg_post_author_1 vcard author color_link_inherit\"><div class=\"post-author-meta\"><a href=\"https:\/\/conversesacatalunya.cat\/es\/author\/josep-miro-i-ardevol\/\" class=\"post-author-name fn\">Josep Mir\u00f3 i Ard\u00e8vol<\/a><\/div><\/div>\t\t<\/div>\r\n\t\t\t<\/article>\r\n\t<article class=\"w-grid-item size_1x1 post-97938 post type-post status-publish format-standard has-post-thumbnail hentry category-opinem-es category-punts-claus-del-dia-es tag-hungria\" data-id=\"97938\">\r\n\t\t<div class=\"w-grid-item-h\">\r\n\t\t\t\t\t\t<div class=\"w-post-elm post_image usg_post_image_1 actualitat_img stretched\"><a href=\"https:\/\/conversesacatalunya.cat\/es\/hungria-peter-magyar-desconocido-e-inquietante\/\" aria-label=\"Hungr\u00eda: P\u00e9ter Magyar, desconocido e inquietante\"><img decoding=\"async\" width=\"1024\" height=\"681\" data-src=\"https:\/\/conversesacatalunya.cat\/wp-content\/uploads\/2026\/04\/magyar_100kb-1024x681.jpg\" class=\"attachment-large size-large wp-post-image lazyload\" alt=\"Pol\u00e9micas de Magyar\" data-srcset=\"https:\/\/conversesacatalunya.cat\/wp-content\/uploads\/2026\/04\/magyar_100kb-1024x681.jpg 1024w, https:\/\/conversesacatalunya.cat\/wp-content\/uploads\/2026\/04\/magyar_100kb-300x199.jpg 300w, https:\/\/conversesacatalunya.cat\/wp-content\/uploads\/2026\/04\/magyar_100kb.jpg 1280w\" data-sizes=\"(max-width: 1024px) 100vw, 1024px\" src=\"data:image\/svg+xml;base64,PHN2ZyB3aWR0aD0iMSIgaGVpZ2h0PSIxIiB4bWxucz0iaHR0cDovL3d3dy53My5vcmcvMjAwMC9zdmciPjwvc3ZnPg==\" style=\"--smush-placeholder-width: 1024px; --smush-placeholder-aspect-ratio: 1024\/681;\" \/><\/a><\/div><h2 class=\"w-post-elm post_title usg_post_title_1 entry-title color_link_inherit\"><a href=\"https:\/\/conversesacatalunya.cat\/es\/hungria-peter-magyar-desconocido-e-inquietante\/\">Hungr\u00eda: P\u00e9ter Magyar, desconocido e inquietante<\/a><\/h2><time class=\"w-post-elm post_date usg_post_date_1 has_text_color entry-date published\" datetime=\"2026-04-15T06:24:12+02:00\">15 abril, 2026<\/time><div class=\"w-post-elm post_author usg_post_author_1 vcard author color_link_inherit\"><div class=\"post-author-meta\"><a href=\"https:\/\/conversesacatalunya.cat\/es\/author\/juan-messerschmidt\/\" class=\"post-author-name fn\">J. Messerschmidt<\/a><\/div><\/div>\t\t<\/div>\r\n\t\t\t<\/article>\r\n\t<article class=\"w-grid-item size_1x1 post-97934 post type-post status-publish format-standard has-post-thumbnail hentry category-punts-claus-del-dia-es tag-sahel-es tag-sudan\" data-id=\"97934\">\r\n\t\t<div class=\"w-grid-item-h\">\r\n\t\t\t\t\t\t<div class=\"w-post-elm post_image usg_post_image_1 actualitat_img stretched\"><a href=\"https:\/\/conversesacatalunya.cat\/es\/sudan-guerra-olvidada-crisis-humanitaria-onu-ue\/\" aria-label=\"La peor guerra del mundo, ahora mismo\"><img decoding=\"async\" width=\"1024\" height=\"683\" data-src=\"https:\/\/conversesacatalunya.cat\/wp-content\/uploads\/2026\/04\/sudan_100kb-1024x683.jpg\" class=\"attachment-large size-large wp-post-image lazyload\" alt=\"Crisis humanitaria Sud\u00e1n\" data-srcset=\"https:\/\/conversesacatalunya.cat\/wp-content\/uploads\/2026\/04\/sudan_100kb-1024x683.jpg 1024w, https:\/\/conversesacatalunya.cat\/wp-content\/uploads\/2026\/04\/sudan_100kb-300x200.jpg 300w, https:\/\/conversesacatalunya.cat\/wp-content\/uploads\/2026\/04\/sudan_100kb.jpg 1200w\" data-sizes=\"(max-width: 1024px) 100vw, 1024px\" src=\"data:image\/svg+xml;base64,PHN2ZyB3aWR0aD0iMSIgaGVpZ2h0PSIxIiB4bWxucz0iaHR0cDovL3d3dy53My5vcmcvMjAwMC9zdmciPjwvc3ZnPg==\" style=\"--smush-placeholder-width: 1024px; --smush-placeholder-aspect-ratio: 1024\/683;\" \/><\/a><\/div><h2 class=\"w-post-elm post_title usg_post_title_1 entry-title color_link_inherit\"><a href=\"https:\/\/conversesacatalunya.cat\/es\/sudan-guerra-olvidada-crisis-humanitaria-onu-ue\/\">La peor guerra del mundo, ahora mismo<\/a><\/h2><time class=\"w-post-elm post_date usg_post_date_1 has_text_color entry-date published\" datetime=\"2026-04-14T11:17:40+02:00\">14 abril, 2026<\/time><div class=\"w-post-elm post_author usg_post_author_1 vcard author color_link_inherit\"><div class=\"post-author-meta\"><a href=\"https:\/\/conversesacatalunya.cat\/es\/author\/nuria_freixa\/\" class=\"post-author-name fn\">N\u00faria Freixa<\/a><\/div><\/div>\t\t<\/div>\r\n\t\t\t<\/article>\r\n\t<article class=\"w-grid-item size_1x1 post-97917 post type-post status-publish format-standard has-post-thumbnail hentry category-punts-claus-del-dia-es tag-fiscalidad tag-fiscalitat-es tag-irpf-es tag-presio-fiscal\" data-id=\"97917\">\r\n\t\t<div class=\"w-grid-item-h\">\r\n\t\t\t\t\t\t<div class=\"w-post-elm post_image usg_post_image_1 actualitat_img stretched\"><a href=\"https:\/\/conversesacatalunya.cat\/es\/la-fiscalidad-que-nos-asfixia-y-mas-aun-a-los-catalanes\/\" aria-label=\"La fiscalidad que nos asfixia\u2026 y m\u00e1s a\u00fan a los catalanes\"><img decoding=\"async\" width=\"1024\" height=\"682\" data-src=\"https:\/\/conversesacatalunya.cat\/wp-content\/uploads\/2026\/04\/IRPF-1024x682.jpg\" class=\"attachment-large size-large wp-post-image lazyload\" alt=\"IRPF Catalu\u00f1a\" data-srcset=\"https:\/\/conversesacatalunya.cat\/wp-content\/uploads\/2026\/04\/IRPF-1024x682.jpg 1024w, https:\/\/conversesacatalunya.cat\/wp-content\/uploads\/2026\/04\/IRPF-300x200.jpg 300w, https:\/\/conversesacatalunya.cat\/wp-content\/uploads\/2026\/04\/IRPF.jpg 1280w\" data-sizes=\"(max-width: 1024px) 100vw, 1024px\" src=\"data:image\/svg+xml;base64,PHN2ZyB3aWR0aD0iMSIgaGVpZ2h0PSIxIiB4bWxucz0iaHR0cDovL3d3dy53My5vcmcvMjAwMC9zdmciPjwvc3ZnPg==\" style=\"--smush-placeholder-width: 1024px; --smush-placeholder-aspect-ratio: 1024\/682;\" \/><\/a><\/div><h2 class=\"w-post-elm post_title usg_post_title_1 entry-title color_link_inherit\"><a href=\"https:\/\/conversesacatalunya.cat\/es\/la-fiscalidad-que-nos-asfixia-y-mas-aun-a-los-catalanes\/\">La fiscalidad que nos asfixia\u2026 y m\u00e1s a\u00fan a los catalanes<\/a><\/h2><time class=\"w-post-elm post_date usg_post_date_1 has_text_color entry-date published\" datetime=\"2026-04-14T06:36:39+02:00\">14 abril, 2026<\/time><div class=\"w-post-elm post_author usg_post_author_1 vcard author color_link_inherit\"><div class=\"post-author-meta\"><a href=\"https:\/\/conversesacatalunya.cat\/es\/author\/emili_clos\/\" class=\"post-author-name fn\">Emili Clos<\/a><\/div><\/div>\t\t<\/div>\r\n\t\t\t<\/article>\r\n\t<article class=\"w-grid-item size_1x1 post-97898 post type-post status-publish format-standard has-post-thumbnail hentry category-punts-claus-del-dia-es tag-hongria-es tag-hungria tag-peter-magyar tag-viktor-orban-es\" data-id=\"97898\">\r\n\t\t<div class=\"w-grid-item-h\">\r\n\t\t\t\t\t\t<div class=\"w-post-elm post_image usg_post_image_1 actualitat_img stretched\"><a href=\"https:\/\/conversesacatalunya.cat\/es\/gana-el-conservadurismo-hungaro-pierde-orban\/\" aria-label=\"Hungr\u00eda: ganan los conservadores, pierde Orb\u00e1n\"><img decoding=\"async\" width=\"1024\" height=\"683\" data-src=\"https:\/\/conversesacatalunya.cat\/wp-content\/uploads\/2026\/04\/orban_magyar_100kb-1024x683.jpg\" class=\"attachment-large size-large wp-post-image lazyload\" alt=\"Conservadurismo h\u00fangaro\" data-srcset=\"https:\/\/conversesacatalunya.cat\/wp-content\/uploads\/2026\/04\/orban_magyar_100kb-1024x683.jpg 1024w, https:\/\/conversesacatalunya.cat\/wp-content\/uploads\/2026\/04\/orban_magyar_100kb-300x200.jpg 300w, https:\/\/conversesacatalunya.cat\/wp-content\/uploads\/2026\/04\/orban_magyar_100kb.jpg 1536w\" data-sizes=\"(max-width: 1024px) 100vw, 1024px\" src=\"data:image\/svg+xml;base64,PHN2ZyB3aWR0aD0iMSIgaGVpZ2h0PSIxIiB4bWxucz0iaHR0cDovL3d3dy53My5vcmcvMjAwMC9zdmciPjwvc3ZnPg==\" style=\"--smush-placeholder-width: 1024px; --smush-placeholder-aspect-ratio: 1024\/683;\" \/><\/a><\/div><h2 class=\"w-post-elm post_title usg_post_title_1 entry-title color_link_inherit\"><a href=\"https:\/\/conversesacatalunya.cat\/es\/gana-el-conservadurismo-hungaro-pierde-orban\/\">Hungr\u00eda: ganan los conservadores, pierde Orb\u00e1n<\/a><\/h2><time class=\"w-post-elm post_date usg_post_date_1 has_text_color entry-date published\" datetime=\"2026-04-13T12:23:53+02:00\">13 abril, 2026<\/time><div class=\"w-post-elm post_author usg_post_author_1 vcard author color_link_inherit\"><div class=\"post-author-meta\"><a href=\"https:\/\/conversesacatalunya.cat\/es\/author\/enric-casanovas\/\" class=\"post-author-name fn\">Enric Casanovas<\/a><\/div><\/div>\t\t<\/div>\r\n\t\t\t<\/article>\r\n\t<article class=\"w-grid-item size_1x1 post-97884 post type-post status-publish format-standard has-post-thumbnail hentry category-punts-claus-del-dia-es tag-ferroviari-es tag-ferroviario tag-sanchez-es-2\" data-id=\"97884\">\r\n\t\t<div class=\"w-grid-item-h\">\r\n\t\t\t\t\t\t<div class=\"w-post-elm post_image usg_post_image_1 actualitat_img stretched\"><a href=\"https:\/\/conversesacatalunya.cat\/es\/sanchez-puente-responsabilidad-explicaciones\/\" aria-label=\"S\u00e1nchez, Puente y la responsabilidad de explicarse\"><img decoding=\"async\" width=\"822\" height=\"548\" data-src=\"https:\/\/conversesacatalunya.cat\/wp-content\/uploads\/2026\/04\/compressed.jpg\" class=\"attachment-large size-large wp-post-image lazyload\" alt=\"S\u00e1nchez explicaciones\" data-srcset=\"https:\/\/conversesacatalunya.cat\/wp-content\/uploads\/2026\/04\/compressed.jpg 822w, https:\/\/conversesacatalunya.cat\/wp-content\/uploads\/2026\/04\/compressed-300x200.jpg 300w\" data-sizes=\"(max-width: 822px) 100vw, 822px\" src=\"data:image\/svg+xml;base64,PHN2ZyB3aWR0aD0iMSIgaGVpZ2h0PSIxIiB4bWxucz0iaHR0cDovL3d3dy53My5vcmcvMjAwMC9zdmciPjwvc3ZnPg==\" style=\"--smush-placeholder-width: 822px; --smush-placeholder-aspect-ratio: 822\/548;\" \/><\/a><\/div><h2 class=\"w-post-elm post_title usg_post_title_1 entry-title color_link_inherit\"><a href=\"https:\/\/conversesacatalunya.cat\/es\/sanchez-puente-responsabilidad-explicaciones\/\">S\u00e1nchez, Puente y la responsabilidad de explicarse<\/a><\/h2><time class=\"w-post-elm post_date usg_post_date_1 has_text_color entry-date published\" datetime=\"2026-04-13T09:58:41+02:00\">13 abril, 2026<\/time><div class=\"w-post-elm post_author usg_post_author_1 vcard author color_link_inherit\"><div class=\"post-author-meta\"><a href=\"https:\/\/conversesacatalunya.cat\/es\/author\/joan-masip\/\" class=\"post-author-name fn\">Joan Masip<\/a><\/div><\/div>\t\t<\/div>\r\n\t\t\t<\/article>\r\n\t<article class=\"w-grid-item size_1x1 post-97845 post type-post status-publish format-standard has-post-thumbnail hentry category-el-blog-de-josep-miro-i-ardevol-es category-punts-claus-del-dia-es tag-cataluna tag-catalunya-es\" data-id=\"97845\">\r\n\t\t<div class=\"w-grid-item-h\">\r\n\t\t\t\t\t\t<div class=\"w-post-elm post_image usg_post_image_1 actualitat_img stretched\"><a href=\"https:\/\/conversesacatalunya.cat\/es\/futuros-de-cataluna-cual-es-nuestra-eleccion\/\" aria-label=\"Los futuros de Catalu\u00f1a (1): \u00bfcu\u00e1l es nuestra elecci\u00f3n?\"><img decoding=\"async\" width=\"1024\" height=\"683\" data-src=\"https:\/\/conversesacatalunya.cat\/wp-content\/uploads\/2026\/04\/Futurs_100kb-1024x683.jpg\" class=\"attachment-large size-large wp-post-image lazyload\" alt=\"Futuros de Catalu\u00f1a\" data-srcset=\"https:\/\/conversesacatalunya.cat\/wp-content\/uploads\/2026\/04\/Futurs_100kb-1024x683.jpg 1024w, https:\/\/conversesacatalunya.cat\/wp-content\/uploads\/2026\/04\/Futurs_100kb-300x200.jpg 300w, https:\/\/conversesacatalunya.cat\/wp-content\/uploads\/2026\/04\/Futurs_100kb.jpg 2048w\" data-sizes=\"(max-width: 1024px) 100vw, 1024px\" src=\"data:image\/svg+xml;base64,PHN2ZyB3aWR0aD0iMSIgaGVpZ2h0PSIxIiB4bWxucz0iaHR0cDovL3d3dy53My5vcmcvMjAwMC9zdmciPjwvc3ZnPg==\" style=\"--smush-placeholder-width: 1024px; --smush-placeholder-aspect-ratio: 1024\/683;\" \/><\/a><\/div><h2 class=\"w-post-elm post_title usg_post_title_1 entry-title color_link_inherit\"><a href=\"https:\/\/conversesacatalunya.cat\/es\/futuros-de-cataluna-cual-es-nuestra-eleccion\/\">Los futuros de Catalu\u00f1a (1): \u00bfcu\u00e1l es nuestra elecci\u00f3n?<\/a><\/h2><time class=\"w-post-elm post_date usg_post_date_1 has_text_color entry-date published\" datetime=\"2026-04-10T11:44:39+02:00\">10 abril, 2026<\/time><div class=\"w-post-elm post_author usg_post_author_1 vcard author color_link_inherit\"><div class=\"post-author-meta\"><a href=\"https:\/\/conversesacatalunya.cat\/es\/author\/josep-miro-i-ardevol\/\" class=\"post-author-name fn\">Josep Mir\u00f3 i Ard\u00e8vol<\/a><\/div><\/div>\t\t<\/div>\r\n\t\t\t<\/article>\r\n<\/div><div class=\"w-grid-preloader\">\t<div class=\"g-preloader type_1\">\r\n\t\t<div><\/div>\r\n\t<\/div>\r\n\t<\/div>\t\t\t<nav class=\"pagination navigation\" role=\"navigation\">\r\n\t\t\t\t<div class=\"nav-links\">\r\n\t\t\t\t\t<span aria-current=\"page\" class=\"page-numbers current\"><span>1<\/span><\/span>\n<a class=\"page-numbers\" href=\"https:\/\/conversesacatalunya.cat\/es\/wp-json\/wp\/v2\/pages\/27777\/page\/2\/\"><span>2<\/span><\/a>\n<a class=\"page-numbers\" href=\"https:\/\/conversesacatalunya.cat\/es\/wp-json\/wp\/v2\/pages\/27777\/page\/3\/\"><span>3<\/span><\/a>\n<a class=\"page-numbers\" href=\"https:\/\/conversesacatalunya.cat\/es\/wp-json\/wp\/v2\/pages\/27777\/page\/4\/\"><span>4<\/span><\/a>\n<span class=\"page-numbers dots\">&hellip;<\/span>\n<a class=\"page-numbers\" href=\"https:\/\/conversesacatalunya.cat\/es\/wp-json\/wp\/v2\/pages\/27777\/page\/135\/\"><span>135<\/span><\/a>\n<a class=\"next page-numbers\" href=\"https:\/\/conversesacatalunya.cat\/es\/wp-json\/wp\/v2\/pages\/27777\/page\/2\/\"><span>Siguiente<\/span><\/a>\t\t\t\t<\/div>\r\n\t\t\t<\/nav>\r\n\t\t\t\t<div class=\"w-grid-json hidden\" onclick='return {&quot;action&quot;:&quot;us_ajax_grid&quot;,&quot;infinite_scroll&quot;:0,&quot;max_num_pages&quot;:135,&quot;pagination&quot;:&quot;regular&quot;,&quot;template_vars&quot;:{&quot;columns&quot;:&quot;3&quot;,&quot;exclude_items&quot;:&quot;none&quot;,&quot;img_size&quot;:&quot;default&quot;,&quot;ignore_items_size&quot;:0,&quot;items_layout&quot;:&quot;28091&quot;,&quot;items_offset&quot;:&quot;1&quot;,&quot;load_animation&quot;:&quot;none&quot;,&quot;overriding_link&quot;:&quot;{\\&quot;url\\&quot;:\\&quot;\\&quot;}&quot;,&quot;post_id&quot;:0,&quot;query_args&quot;:{&quot;post_type&quot;:[&quot;post&quot;],&quot;tax_query&quot;:[{&quot;taxonomy&quot;:&quot;category&quot;,&quot;field&quot;:&quot;slug&quot;,&quot;terms&quot;:[&quot;punts-claus-del-dia-es&quot;]}],&quot;post_status&quot;:[&quot;publish&quot;],&quot;posts_per_page&quot;:&quot;30&quot;},&quot;orderby_query_args&quot;:{&quot;orderby&quot;:{&quot;date&quot;:&quot;DESC&quot;}},&quot;type&quot;:&quot;grid&quot;,&quot;us_grid_post_type&quot;:&quot;post&quot;,&quot;us_grid_ajax_index&quot;:1,&quot;us_grid_filter_query_string&quot;:null,&quot;us_grid_index&quot;:1,&quot;page_args&quot;:[],&quot;lang&quot;:&quot;es&quot;}}'><\/div>\r\n\t<\/div><\/div><\/div><\/div><div class=\"vc_col-sm-4 wpb_column vc_column_container\"><div class=\"vc_column-inner\"><div class=\"wpb_wrapper\"><div class=\"wpb_widgetised_column wpb_content_element\"><div class=\"wpb_wrapper\"><div id=\"custom_html-6\" class=\"widget_text widget widget_custom_html\"><div class=\"textwidget custom-html-widget\"><!-- wp:shortcode -->\r\n<div class=\"a-single a-12\"><!-- Banner est\u00e1ndar -->\r\n<!-- Banner est\u00e1ndar -->\r\n<a class=\"gofollow\" data-track=\"MTIsMCw2MA==\" href=\"https:\/\/www.aiguesdebarcelona.cat\/es\/\" rel=\"nofollow\" target=\"_blank\"><img decoding=\"async\" data-src=\"https:\/\/conversesacatalunya.cat\/wp-content\/uploads\/2023\/06\/Banner_QdA_300x250_ES.jpg\" src=\"data:image\/svg+xml;base64,PHN2ZyB3aWR0aD0iMSIgaGVpZ2h0PSIxIiB4bWxucz0iaHR0cDovL3d3dy53My5vcmcvMjAwMC9zdmciPjwvc3ZnPg==\" class=\"lazyload\" style=\"--smush-placeholder-width: 300px; --smush-placeholder-aspect-ratio: 300\/250;\"><\/a><\/div>\r\n<!-- \/wp:shortcode --><\/div><\/div><div id=\"custom_html-8\" class=\"widget_text widget widget_custom_html\"><div class=\"textwidget custom-html-widget\"><!-- wp:shortcode -->\r\n<div class=\"a-single a-27\"><!-- Banner est\u00e1ndar -->\r\n<a class=\"gofollow\" data-track=\"MjcsMCw2MA==\" href=\"https:\/\/www.uaoceu.es\/\" rel=\"nofollow\" target=\"_blank\"><img decoding=\"async\" data-src=\"https:\/\/conversesacatalunya.cat\/wp-content\/uploads\/2025\/07\/Banner-Univesitat-Abat-Oliba-ES.png\" src=\"data:image\/svg+xml;base64,PHN2ZyB3aWR0aD0iMSIgaGVpZ2h0PSIxIiB4bWxucz0iaHR0cDovL3d3dy53My5vcmcvMjAwMC9zdmciPjwvc3ZnPg==\" class=\"lazyload\" style=\"--smush-placeholder-width: 300px; --smush-placeholder-aspect-ratio: 300\/250;\"><\/a><\/div>\r\n<!-- \/wp:shortcode --><\/div><\/div><div id=\"custom_html-10\" class=\"widget_text widget widget_custom_html\"><div class=\"textwidget custom-html-widget\"><!-- wp:shortcode -->\r\n<!-- Error, \u00a1el anuncio no est\u00e1 disponible en este momento debido a restricciones de programaci\u00f3n\/geolocalizaci\u00f3n! -->\r\n<!-- \/wp:shortcode --><\/div><\/div><div id=\"custom_html-12\" class=\"widget_text widget widget_custom_html\"><div class=\"textwidget custom-html-widget\"><div class=\"caja_azul\" style=\"margin: 0px !important; text-align: center; padding: 20px !important;\">\r\n\t<h3 style=\"font-weight: bold;\">\u00a1Subscriu-te!<\/h3>\r\n\n<div class=\"wpcf7 no-js\" id=\"wpcf7-f8016-o1\" lang=\"es-ES\" dir=\"ltr\" data-wpcf7-id=\"8016\">\n<div class=\"screen-reader-response\"><p role=\"status\" aria-live=\"polite\" aria-atomic=\"true\"><\/p> <ul><\/ul><\/div>\n<form action=\"\/es\/wp-json\/wp\/v2\/pages\/27777#wpcf7-f8016-o1\" method=\"post\" class=\"wpcf7-form init demo c4250577650b cmatic-conn cmatic-aud-8 cmatic-mapd0-0 cmatic-v0978 cmatic-sent-0 cmatic-total-0 wpcf7-acceptance-as-validation\" aria-label=\"Formulario de contacto\" novalidate=\"novalidate\" data-status=\"init\">\n<fieldset class=\"hidden-fields-container\"><input type=\"hidden\" name=\"_wpcf7\" value=\"8016\" \/><input type=\"hidden\" name=\"_wpcf7_version\" value=\"6.1.5\" \/><input type=\"hidden\" name=\"_wpcf7_locale\" value=\"es_ES\" \/><input type=\"hidden\" name=\"_wpcf7_unit_tag\" value=\"wpcf7-f8016-o1\" \/><input type=\"hidden\" name=\"_wpcf7_container_post\" value=\"0\" \/><input type=\"hidden\" name=\"_wpcf7_posted_data_hash\" value=\"\" \/><input type=\"hidden\" name=\"_wpcf7_recaptcha_response\" value=\"\" \/>\n<\/fieldset>\n<p><span class=\"wpcf7-form-control-wrap\" data-name=\"nom\"><input size=\"40\" maxlength=\"400\" class=\"wpcf7-form-control wpcf7-text wpcf7-validates-as-required\" aria-required=\"true\" aria-invalid=\"false\" placeholder=\"Nom\" value=\"\" type=\"text\" name=\"nom\" \/><\/span>\n<\/p>\n<p><span class=\"wpcf7-form-control-wrap\" data-name=\"cognom\"><input size=\"40\" maxlength=\"400\" class=\"wpcf7-form-control wpcf7-text wpcf7-validates-as-required\" aria-required=\"true\" aria-invalid=\"false\" placeholder=\"Cognom\" value=\"\" type=\"text\" name=\"cognom\" \/><\/span>\n<\/p>\n<p><span class=\"wpcf7-form-control-wrap\" data-name=\"email\"><input size=\"40\" maxlength=\"400\" class=\"wpcf7-form-control wpcf7-email wpcf7-validates-as-required wpcf7-text wpcf7-validates-as-email\" aria-required=\"true\" aria-invalid=\"false\" placeholder=\"Correu electr\u00f2nic\" value=\"\" type=\"email\" name=\"email\" \/><\/span>\n<\/p>\n<p><span class=\"wpcf7-form-control-wrap\" data-name=\"rgpd-acepto\"><span class=\"wpcf7-form-control wpcf7-acceptance\"><span class=\"wpcf7-list-item\"><label><input type=\"checkbox\" name=\"rgpd-acepto\" value=\"1\" aria-invalid=\"false\" \/><span class=\"wpcf7-list-item-label\">Accepto la <a href=\"\/politica-de-privacitat\" target=\"_blank\" rel=\"nofollow\">pol\u00edtica de privacitat<\/a><\/span><\/label><\/span><\/span><\/span>\n<\/p>\n<p><input class=\"wpcf7-form-control wpcf7-submit has-spinner\" type=\"submit\" value=\"Subscriu-m&#039;hi\" \/>\n<\/p><p style=\"display: none !important;\" class=\"akismet-fields-container\" data-prefix=\"_wpcf7_ak_\"><label>&#916;<textarea name=\"_wpcf7_ak_hp_textarea\" cols=\"45\" rows=\"8\" maxlength=\"100\"><\/textarea><\/label><input type=\"hidden\" id=\"ak_js_1\" name=\"_wpcf7_ak_js\" value=\"231\"\/><script>document.getElementById( \"ak_js_1\" ).setAttribute( \"value\", ( new Date() ).getTime() );<\/script><\/p><input type='hidden' class='wpcf7-pum' value='{\"closepopup\":false,\"closedelay\":0,\"openpopup\":false,\"openpopup_id\":0}' \/><div class=\"wpcf7-response-output\" aria-hidden=\"true\"><\/div>\n<\/form>\n<\/div>\n\r\n<\/div><\/div><\/div><\/div><\/div><\/div><\/div><\/div><\/div><\/div><\/div><\/div><\/div><\/div><\/section>\n","protected":false},"excerpt":{"rendered":"El futuro de Catalu\u00f1a \u2014el de nuestros hijos y nietos\u2014 no est\u00e1 escrito, aunque est\u00e1 fuertemente condicionado por el presente, que concentra a los vectores del pasado. Sin embargo, somos nosotros quienes lo forjaremos de acuerdo con la visi\u00f3n de que seamos capaces de construir y con las virtudes que demostramos reunir. Desde mi perspectiva de m\u00e1s de siete d\u00e9cadas de memoria (y ocho vividas), ya partir de la lectura acad\u00e9mica y de la consideraci\u00f3n atenta de hechos, experiencias y teorizaciones,\u00a0denuncio una necesidad existencial insatisfecha: la de repensar Catalu\u00f1a. Vuelve a ser hora de hacerlo, como en otros momentos de nuestra historia. Hay que hacerlo si no queremos que, bajo la apariencia de instituciones \u2014una carcasa despejada\u2014,\u00a0el pa\u00eds desaparezca por el sumidero de la historia\u00a0. Repensar no significa ensimismarse en el pasado, sino hacer surgir de su an\u00e1lisis nuestras ra\u00edces, fortalezas y debilidades estructurales y tendenciales, para afrontar el presente y el futuro sobre fundamentos s\u00f3lidos y bien objetivados. Esto implica alejar los arrebatos del subjetivismo y el emotivismo, as\u00ed como el impulso de los deseos y pasiones propios de nuestro tiempo y de sus modos ideol\u00f3gicos, que tanto da\u00f1o causan y pueden acabar consumando nuestra autodestrucci\u00f3n. Hay pueblos que nacen dentro de un estado y despu\u00e9s lo pierden. Algunos nunca llegan a tener ninguna forma reconocible. Y unos pocos hacen algo a\u00fan m\u00e1s dif\u00edcil:\u00a0sobrevivir como naci\u00f3n durante siglos despu\u00e9s de haber perdido su v\u00eda normal de soberan\u00eda. Catalu\u00f1a pertenece a esta tercera categor\u00eda. Su historia no comienza en la frustraci\u00f3n, sino en la culminaci\u00f3n. La\u00a0Catalu\u00f1a medieval\u00a0no es un embri\u00f3n fallido, sino una potencia pol\u00edtica compuesta, con derecho propio, Corts, fiscalidad, pactismo y proyecci\u00f3n mediterr\u00e1nea. La uni\u00f3n din\u00e1stica con Arag\u00f3n no la disuelve, sino que ampl\u00eda su alcance. La primera mutaci\u00f3n significativa llega m\u00e1s tarde, con\u00a0el final de la propia dinast\u00eda en 1410. El pa\u00eds mantiene fuerza econ\u00f3mica y densidad institucional, pero pierde centralidad estrat\u00e9gica. Sigue siendo una naci\u00f3n robusta, pero con menos capacidad para transformar su peso en acumulaci\u00f3n soberana. Este patr\u00f3n reaparece\u00a0en 1640.\u00a0La sublevaci\u00f3n abre una ventana de secesi\u00f3n, pero no cristaliza en un estado duradero. Falta cohesi\u00f3n completa de las \u00e9lites, persistencia en la ruptura y un contexto internacional favorable. Aqu\u00ed aparece una constante catalana:\u00a0alta energ\u00eda pol\u00edtica, pero menor capacidad de culminaci\u00f3n estatal. La ruptura decisiva llega en 1714. La derrota no destruye a Catalu\u00f1a: la transforma. Sin una v\u00eda pol\u00edtica propia estable, la naci\u00f3n traslada su continuidad a la sociedad. Lengua, familia, municipio, parroquia, asociacionismo, ateneos y econom\u00eda productiva se convierten en\u00a0sustitutos funcionales del Estado ausente. De ah\u00ed nacen la Renaixen\u00e7a y, m\u00e1s adelante, el catalanismo moderno. Pero la prueba crucial contempor\u00e1nea no es 1714, sino 1939. El franquismo representa la interrupci\u00f3n m\u00e1s profunda de la continuidad catalana desde la Nueva Planta: abolici\u00f3n del autogobierno, persecuci\u00f3n sistem\u00e1tica de la lengua, represi\u00f3n de las \u00e9lites culturales y pol\u00edticas y total subordinaci\u00f3n del pa\u00eds a una l\u00f3gica estatal centralista.\u00a0La dictadura intenta convertir a Catalu\u00f1a en una mera regi\u00f3n administrativa y neutralizar su memoria hist\u00f3rica. Sin embargo,\u00a0reaparece la singularidad catalana:\u00a0la naci\u00f3n resiste desde la sociedad civil. La familia, la Iglesia catalanista, Montserrat, las redes culturales semiclandestinas, la edici\u00f3n, los barrios, la escuela informal y la vida asociativa mantienen vivo lo que el r\u00e9gimen quer\u00eda disolver.\u00a0La lengua es expulsada del espacio p\u00fablico, pero sobrevive en la transmisi\u00f3n cotidiana. Es dentro del mismo franquismo que se produce la segunda gran mutaci\u00f3n:\u00a0el desarrollo industrial y la inmigraci\u00f3n masiva de los a\u00f1os sesenta.\u00a0Este proceso reactiva a la econom\u00eda catalana, pero transforma profundamente su sociolog\u00eda. Miles de familias llegadas de otros puntos de Espa\u00f1a se incorporan al pa\u00eds y terminan formando parte del nuevo demos catal\u00e1n. Esta fase es clave porque anticipa el reto actual: c\u00f3mo convertir crecimiento demogr\u00e1fico y heterogeneidad social en continuidad nacional compartida. La Transici\u00f3n restituye instituciones y autogobierno, pero\u00a0el\u00a0siglo XXI\u00a0desplaza de nuevo el eje del problema.\u00a0La cuesti\u00f3n ya no es principalmente institucional. La pregunta de fondo es otra:\u00a0\u00bfpuede Catalu\u00f1a seguir reproduci\u00e9ndose como naci\u00f3n sociol\u00f3gica? Este es el verdadero cambio de fase. La\u00a0baja natalidad\u00a0es su primer s\u00edntoma. Con una fecundidad baja, la reproducci\u00f3n interna es insuficiente. Esto no condena a ninguna naci\u00f3n, pero altera profundamente la transmisi\u00f3n de la lengua, la memoria, las costumbres y el sentido de pertenencia. Lo que antes descansaba sobre todo en la continuidad familiar depende ahora mucho m\u00e1s de la escuela, el espacio p\u00fablico, los medios, la cultura digital y la capacidad de integraci\u00f3n. Catalu\u00f1a sigue creciendo gracias a la inmigraci\u00f3n internacional, un factor econ\u00f3micamente din\u00e1mico. Sin embargo, la cuesti\u00f3n decisiva es la misma que en los a\u00f1os sesenta \u2014ahora a escala ampliada\u2014: \u00bfen qu\u00e9 cultura c\u00edvica, ling\u00fc\u00edstica y moral se integra esta nueva poblaci\u00f3n?\u00a0Y si tenemos la capacidad de continuar incorporando de nuevo a ritmos similares sin perder bueyes y cencerros. La Catalu\u00f1a industrial,\u00a0que vertebraba identidad a trav\u00e9s de la f\u00e1brica, el barrio y la movilidad social, ha mutado hacia los servicios, el turismo, la log\u00edstica y el talento global. No es necesariamente decadencia; puede ser una adaptaci\u00f3n exitosa. Pero altera la base material de la cohesi\u00f3n. Por eso la fase actual no deber\u00eda leerse con el vocabulario f\u00e1cil del declive, sino con una categor\u00eda m\u00e1s exigente: la reproducci\u00f3n cr\u00edtica. Catalu\u00f1a conserva autogobierno, universidades, capitalidad econ\u00f3mica, lengua y una memoria hist\u00f3rica densa. El riesgo no es la desaparici\u00f3n formal, sino algo m\u00e1s sutil: que\u00a0la continuidad nominal no coincida con la continuidad sociol\u00f3gica. Dicho de otra forma: el nombre puede sobrevivir incluso si se debilita la sustancia. Esta es la trascendental prueba del pa\u00eds en el siglo XXI. No si se puede reabrir una nueva batalla institucional, sino si es capaz de convertir a una sociedad m\u00e1s heterog\u00e9nea, m\u00f3vil y urbana en una comunidad nacional consciente de s\u00ed misma. Las naciones no desaparecen solo cuando son derrotadas. Tambi\u00e9n pueden disolverse cuando dejen de transmitirse. Y esta es, hoy, la pregunta decisiva de Catalu\u00f1a. Catalu\u00f1a no desaparecer\u00e1 por decreto. Puede desaparecer si deja de transmitirse. #Catalunya #Naci\u00f3 Compartir en X","protected":false},"author":1,"featured_media":0,"parent":0,"menu_order":0,"comment_status":"closed","ping_status":"closed","template":"","meta":{"_FSMCFIC_featured_image_caption":"","_FSMCFIC_featured_image_nocaption":"","_FSMCFIC_featured_image_hide":"","footnotes":""},"class_list":["post-27777","page","type-page","status-publish","hentry"],"yoast_head":"<!-- This site is optimized with the Yoast SEO plugin v26.8 - https:\/\/yoast.com\/product\/yoast-seo-wordpress\/ -->\n<title>Puntos clave del d\u00eda - Converses a Catalunya<\/title>\n<meta name=\"robots\" content=\"index, follow, max-snippet:-1, max-image-preview:large, max-video-preview:-1\" \/>\n<link rel=\"canonical\" href=\"https:\/\/conversesacatalunya.cat\/es\/puntos-clave-del-dia\/\" \/>\n<meta property=\"og:locale\" content=\"es_ES\" \/>\n<meta property=\"og:type\" content=\"article\" \/>\n<meta property=\"og:title\" content=\"Puntos clave del d\u00eda - Converses a Catalunya\" \/>\n<meta property=\"og:url\" content=\"https:\/\/conversesacatalunya.cat\/es\/puntos-clave-del-dia\/\" \/>\n<meta property=\"og:site_name\" content=\"Converses a Catalunya\" \/>\n<meta property=\"article:modified_time\" content=\"2024-05-15T07:11:33+00:00\" \/>\n<meta name=\"twitter:card\" content=\"summary_large_image\" \/>\n<script type=\"application\/ld+json\" class=\"yoast-schema-graph\">{\"@context\":\"https:\/\/schema.org\",\"@graph\":[{\"@type\":\"WebPage\",\"@id\":\"https:\/\/conversesacatalunya.cat\/es\/puntos-clave-del-dia\/\",\"url\":\"https:\/\/conversesacatalunya.cat\/es\/puntos-clave-del-dia\/\",\"name\":\"Puntos clave del d\u00eda - Converses a Catalunya\",\"isPartOf\":{\"@id\":\"https:\/\/conversesacatalunya.cat\/#website\"},\"datePublished\":\"2019-01-08T16:05:12+00:00\",\"dateModified\":\"2024-05-15T07:11:33+00:00\",\"breadcrumb\":{\"@id\":\"https:\/\/conversesacatalunya.cat\/es\/puntos-clave-del-dia\/#breadcrumb\"},\"inLanguage\":\"es\",\"potentialAction\":[{\"@type\":\"ReadAction\",\"target\":[\"https:\/\/conversesacatalunya.cat\/es\/puntos-clave-del-dia\/\"]}]},{\"@type\":\"BreadcrumbList\",\"@id\":\"https:\/\/conversesacatalunya.cat\/es\/puntos-clave-del-dia\/#breadcrumb\",\"itemListElement\":[{\"@type\":\"ListItem\",\"position\":1,\"name\":\"Inici\",\"item\":\"https:\/\/conversesacatalunya.cat\/es\/\"},{\"@type\":\"ListItem\",\"position\":2,\"name\":\"Puntos clave del d\u00eda\"}]},{\"@type\":\"WebSite\",\"@id\":\"https:\/\/conversesacatalunya.cat\/#website\",\"url\":\"https:\/\/conversesacatalunya.cat\/\",\"name\":\"Converses a Catalunya\",\"description\":\"\",\"potentialAction\":[{\"@type\":\"SearchAction\",\"target\":{\"@type\":\"EntryPoint\",\"urlTemplate\":\"https:\/\/conversesacatalunya.cat\/?s={search_term_string}\"},\"query-input\":{\"@type\":\"PropertyValueSpecification\",\"valueRequired\":true,\"valueName\":\"search_term_string\"}}],\"inLanguage\":\"es\"}]}<\/script>\n<!-- \/ Yoast SEO plugin. -->","yoast_head_json":{"title":"Puntos clave del d\u00eda - Converses a Catalunya","robots":{"index":"index","follow":"follow","max-snippet":"max-snippet:-1","max-image-preview":"max-image-preview:large","max-video-preview":"max-video-preview:-1"},"canonical":"https:\/\/conversesacatalunya.cat\/es\/puntos-clave-del-dia\/","og_locale":"es_ES","og_type":"article","og_title":"Puntos clave del d\u00eda - Converses a Catalunya","og_url":"https:\/\/conversesacatalunya.cat\/es\/puntos-clave-del-dia\/","og_site_name":"Converses a Catalunya","article_modified_time":"2024-05-15T07:11:33+00:00","twitter_card":"summary_large_image","schema":{"@context":"https:\/\/schema.org","@graph":[{"@type":"WebPage","@id":"https:\/\/conversesacatalunya.cat\/es\/puntos-clave-del-dia\/","url":"https:\/\/conversesacatalunya.cat\/es\/puntos-clave-del-dia\/","name":"Puntos clave del d\u00eda - Converses a Catalunya","isPartOf":{"@id":"https:\/\/conversesacatalunya.cat\/#website"},"datePublished":"2019-01-08T16:05:12+00:00","dateModified":"2024-05-15T07:11:33+00:00","breadcrumb":{"@id":"https:\/\/conversesacatalunya.cat\/es\/puntos-clave-del-dia\/#breadcrumb"},"inLanguage":"es","potentialAction":[{"@type":"ReadAction","target":["https:\/\/conversesacatalunya.cat\/es\/puntos-clave-del-dia\/"]}]},{"@type":"BreadcrumbList","@id":"https:\/\/conversesacatalunya.cat\/es\/puntos-clave-del-dia\/#breadcrumb","itemListElement":[{"@type":"ListItem","position":1,"name":"Inici","item":"https:\/\/conversesacatalunya.cat\/es\/"},{"@type":"ListItem","position":2,"name":"Puntos clave del d\u00eda"}]},{"@type":"WebSite","@id":"https:\/\/conversesacatalunya.cat\/#website","url":"https:\/\/conversesacatalunya.cat\/","name":"Converses a Catalunya","description":"","potentialAction":[{"@type":"SearchAction","target":{"@type":"EntryPoint","urlTemplate":"https:\/\/conversesacatalunya.cat\/?s={search_term_string}"},"query-input":{"@type":"PropertyValueSpecification","valueRequired":true,"valueName":"search_term_string"}}],"inLanguage":"es"}]}},"wps_subtitle":"","_links":{"self":[{"href":"https:\/\/conversesacatalunya.cat\/es\/wp-json\/wp\/v2\/pages\/27777","targetHints":{"allow":["GET"]}}],"collection":[{"href":"https:\/\/conversesacatalunya.cat\/es\/wp-json\/wp\/v2\/pages"}],"about":[{"href":"https:\/\/conversesacatalunya.cat\/es\/wp-json\/wp\/v2\/types\/page"}],"author":[{"embeddable":true,"href":"https:\/\/conversesacatalunya.cat\/es\/wp-json\/wp\/v2\/users\/1"}],"replies":[{"embeddable":true,"href":"https:\/\/conversesacatalunya.cat\/es\/wp-json\/wp\/v2\/comments?post=27777"}],"version-history":[{"count":6,"href":"https:\/\/conversesacatalunya.cat\/es\/wp-json\/wp\/v2\/pages\/27777\/revisions"}],"predecessor-version":[{"id":77990,"href":"https:\/\/conversesacatalunya.cat\/es\/wp-json\/wp\/v2\/pages\/27777\/revisions\/77990"}],"wp:attachment":[{"href":"https:\/\/conversesacatalunya.cat\/es\/wp-json\/wp\/v2\/media?parent=27777"}],"curies":[{"name":"wp","href":"https:\/\/api.w.org\/{rel}","templated":true}]}}