{"version":"1.0","provider_name":"Converses a Catalunya","provider_url":"https:\/\/conversesacatalunya.cat\/es\/","title":"Vivienda y sequ\u00eda: S\u00e1nchez se pasa tres pueblos - Converses a Catalunya","type":"rich","width":600,"height":338,"html":"<blockquote class=\"wp-embedded-content\" data-secret=\"o7BCUafmqu\"><a href=\"https:\/\/conversesacatalunya.cat\/es\/vivienda-y-sequia-sanchez-se-pasa-tres-pueblos\/\">Vivienda y sequ\u00eda: S\u00e1nchez se pasa tres pueblos<\/a><\/blockquote><iframe sandbox=\"allow-scripts\" security=\"restricted\" src=\"https:\/\/conversesacatalunya.cat\/es\/vivienda-y-sequia-sanchez-se-pasa-tres-pueblos\/embed\/#?secret=o7BCUafmqu\" width=\"600\" height=\"338\" title=\"\u00abVivienda y sequ\u00eda: S\u00e1nchez se pasa tres pueblos\u00bb \u2014 Converses a Catalunya\" data-secret=\"o7BCUafmqu\" frameborder=\"0\" marginwidth=\"0\" marginheight=\"0\" scrolling=\"no\" class=\"wp-embedded-content\"><\/iframe><script>\n\/*! This file is auto-generated *\/\n!function(d,l){\"use strict\";l.querySelector&&d.addEventListener&&\"undefined\"!=typeof URL&&(d.wp=d.wp||{},d.wp.receiveEmbedMessage||(d.wp.receiveEmbedMessage=function(e){var t=e.data;if((t||t.secret||t.message||t.value)&&!\/[^a-zA-Z0-9]\/.test(t.secret)){for(var s,r,n,a=l.querySelectorAll('iframe[data-secret=\"'+t.secret+'\"]'),o=l.querySelectorAll('blockquote[data-secret=\"'+t.secret+'\"]'),c=new RegExp(\"^https?:$\",\"i\"),i=0;i<o.length;i++)o[i].style.display=\"none\";for(i=0;i<a.length;i++)s=a[i],e.source===s.contentWindow&&(s.removeAttribute(\"style\"),\"height\"===t.message?(1e3<(r=parseInt(t.value,10))?r=1e3:~~r<200&&(r=200),s.height=r):\"link\"===t.message&&(r=new URL(s.getAttribute(\"src\")),n=new URL(t.value),c.test(n.protocol))&&n.host===r.host&&l.activeElement===s&&(d.top.location.href=t.value))}},d.addEventListener(\"message\",d.wp.receiveEmbedMessage,!1),l.addEventListener(\"DOMContentLoaded\",function(){for(var e,t,s=l.querySelectorAll(\"iframe.wp-embedded-content\"),r=0;r<s.length;r++)(t=(e=s[r]).getAttribute(\"data-secret\"))||(t=Math.random().toString(36).substring(2,12),e.src+=\"#?secret=\"+t,e.setAttribute(\"data-secret\",t)),e.contentWindow.postMessage({message:\"ready\",secret:t},\"*\")},!1)))}(window,document);\n<\/script>\n","thumbnail_url":"https:\/\/conversesacatalunya.cat\/wp-content\/uploads\/2023\/04\/vivienda-social.jpeg","thumbnail_width":1920,"thumbnail_height":1282,"description":"S\u00e1nchez lleva 5 a\u00f1os gobernando y en todo este periodo de tiempo su aportaci\u00f3n al problema de la vivienda y al estr\u00e9s h\u00eddrico de Espa\u00f1a ha sido insignificante.\u00a0Pero, he aqu\u00ed, que\u00a0vienen las elecciones y se despierta. Ahora mismo ha prometido en el senado otras 20.000 viviendas en terrenos del ministerio de Defensa, que se a\u00f1aden a los anuncios anteriores, perfectamente desordenados, en los que primero se\u00f1al\u00f3 una aportaci\u00f3n de viviendas de la Sareb, que r\u00e1pidamente quedaron reducidas a casi nada , y posiblemente por este hecho pocos d\u00edas despu\u00e9s anunci\u00f3 en el transcurso del debate de control en el Congreso\u00a0otras 43.000 viviendas que ahora se a\u00f1aden a las 20.000.\u00a0En total, en pocos d\u00edas, ha pasado de la nada a anunciar m\u00e1s de 100.000 viviendas. Pero,\u00a0\u00bfqu\u00e9 ha hecho realmente hasta ahora\u00a0? En 2019 elev\u00f3 la pr\u00f3rroga de los contratos de alquiler de 3 a 5 a\u00f1os y\u00a0limit\u00f3 al 2% el m\u00e1ximo que un arrendador pod\u00eda aplicar al precio de alquiler a un arrendatario, es decir, hizo lo mismo que Franco hab\u00eda realizado de forma bastante sistem\u00e1tica: limitar el precio del alquiler. El 5 de octubre anunci\u00f3 que daba una\u00a0buena ayuda de 250 euros\u00a0a los j\u00f3venes de 18 a 35 a\u00f1os que reunieran una serie de requisitos.\u00a0En la pr\u00e1ctica, el resultado ha sido muy marginal. Tambi\u00e9n anunci\u00f3 una\u00a0ley de la vivienda\u00a0que es la que en la actualidad se ha aprobado en el Congreso en abril del 2023 y que todav\u00eda est\u00e1 por pasar por el Senado.\u00a0Habr\u00e1n pasado 2,5 a\u00f1os desde el anuncio de la ley, pero que no hace m\u00e1s que\u00a0acentuar el control sobre los precios, pero no prev\u00e9 ning\u00fan plan espec\u00edfico de nueva vivienda. \u00c9ste ha sido el balance, todav\u00eda no totalmente resuelto, de S\u00e1nchez y que se concreta en un concepto:\u00a0intervenir el mercado de alquiler de la vivienda, aunque todas las experiencias internacionales se\u00f1alan que esta medida crea m\u00e1s problemas de los que resuelve, porque reduce a\u00fan m\u00e1s la oferta.\u00a0En ning\u00fan caso ha puesto en marcha ninguna financiaci\u00f3n dirigida a corregir lo que es la ra\u00edz del problema: la\u00a0falta de vivienda social. Ahora ha anunciado, en pocos d\u00edas, m\u00e1s de 100.000 viviendas, no hace m\u00e1s que repetir por 18\u00aa vez declaraciones que ya se han producido en el pasado y lo hace precisamente a 3 semanas de unas elecciones, con el agravante de que la vivienda es una competencia auton\u00f3mica y que, por tanto, la intervenci\u00f3n del gobierno deber\u00eda ser en todo caso la de facilitar recursos econ\u00f3micos a las autonom\u00edas\u00a0para que pudieran cumplir con su obligaci\u00f3n.\u00a0Es l\u00f3gico hacer propuestas de beneficio electoral en momentos como el actual, pero es evidente que las de S\u00e1nchez con la vivienda sobrepasan todos los l\u00edmites. Y algo parecido puede decirse en el\u00a0caso de Do\u00f1ana.\u00a0No es aceptable que en plena sequ\u00eda el gobierno transforme este problema en un factor de confrontaci\u00f3n pol\u00edtica, dada su complejidad y debido a que las circunstancias actuales no dejan de ser una herencia de a\u00f1os y a\u00f1os de inacci\u00f3n del gobierno socialista en\u00a0Andaluc\u00eda\u00a0y tambi\u00e9n del gobierno espa\u00f1ol. En Do\u00f1ana chocan intereses contrapuestos dif\u00edciles de conciliar: las extracciones ilegales de agua del acu\u00edfero para el cultivo de la fresa, pero tambi\u00e9n las extracciones legales que disminuyen el acu\u00edfero sobre todo en per\u00edodo de sequ\u00eda.\u00a0La cuesti\u00f3n econ\u00f3mica y social que todo esto plantea a los cultivadores, la necesidad de mantener esta gran zona h\u00fameda y las medidas preexistentes determinadas por la UE para su protecci\u00f3n.\u00a0Todo esto hace un paquete de una gran complejidad acentuada por la\u00a0sequ\u00eda\u00a0que, cabe recordarlo, no es algo ins\u00f3lito, sino un fen\u00f3meno recurrente en la mitad sur de la pen\u00ednsula, que da lugar a per\u00edodos lluviosos y de menos o escasa precipitaci\u00f3n cada aproximadamente 7 a\u00f1os. En este contexto, la\u00a0soluci\u00f3n del problema\u00a0pide sentarse a las partes y negociar sobre la base de la m\u00e1xima objetividad t\u00e9cnica, cient\u00edfica y econ\u00f3mica y tratar de encontrar la soluci\u00f3n a corto y largo plazo que maximice los buenos resultados para todas las partes implicadas.\u00a0Pero en lugar de eso S\u00e1nchez atiza el conflicto y su ministra responsable, Teresa Rivera, en un acto de soberbia impropio de un gobernante, que se niega ni siquiera a hablar con la Junta de Andaluc\u00eda. Es evidente que en estos t\u00e9rminos no se puede gobernar bien un pa\u00eds."}