{"version":"1.0","provider_name":"Converses a Catalunya","provider_url":"https:\/\/conversesacatalunya.cat\/es\/","title":"Una desescalada inaceptable - Converses a Catalunya","type":"rich","width":600,"height":338,"html":"<blockquote class=\"wp-embedded-content\" data-secret=\"HTyQ5g9SKP\"><a href=\"https:\/\/conversesacatalunya.cat\/es\/una-desescalada-inaceptable\/\">Una desescalada inaceptable<\/a><\/blockquote><iframe sandbox=\"allow-scripts\" security=\"restricted\" src=\"https:\/\/conversesacatalunya.cat\/es\/una-desescalada-inaceptable\/embed\/#?secret=HTyQ5g9SKP\" width=\"600\" height=\"338\" title=\"\u00abUna desescalada inaceptable\u00bb \u2014 Converses a Catalunya\" data-secret=\"HTyQ5g9SKP\" frameborder=\"0\" marginwidth=\"0\" marginheight=\"0\" scrolling=\"no\" class=\"wp-embedded-content\"><\/iframe><script>\n\/*! This file is auto-generated *\/\n!function(d,l){\"use strict\";l.querySelector&&d.addEventListener&&\"undefined\"!=typeof URL&&(d.wp=d.wp||{},d.wp.receiveEmbedMessage||(d.wp.receiveEmbedMessage=function(e){var t=e.data;if((t||t.secret||t.message||t.value)&&!\/[^a-zA-Z0-9]\/.test(t.secret)){for(var s,r,n,a=l.querySelectorAll('iframe[data-secret=\"'+t.secret+'\"]'),o=l.querySelectorAll('blockquote[data-secret=\"'+t.secret+'\"]'),c=new RegExp(\"^https?:$\",\"i\"),i=0;i<o.length;i++)o[i].style.display=\"none\";for(i=0;i<a.length;i++)s=a[i],e.source===s.contentWindow&&(s.removeAttribute(\"style\"),\"height\"===t.message?(1e3<(r=parseInt(t.value,10))?r=1e3:~~r<200&&(r=200),s.height=r):\"link\"===t.message&&(r=new URL(s.getAttribute(\"src\")),n=new URL(t.value),c.test(n.protocol))&&n.host===r.host&&l.activeElement===s&&(d.top.location.href=t.value))}},d.addEventListener(\"message\",d.wp.receiveEmbedMessage,!1),l.addEventListener(\"DOMContentLoaded\",function(){for(var e,t,s=l.querySelectorAll(\"iframe.wp-embedded-content\"),r=0;r<s.length;r++)(t=(e=s[r]).getAttribute(\"data-secret\"))||(t=Math.random().toString(36).substring(2,12),e.src+=\"#?secret=\"+t,e.setAttribute(\"data-secret\",t)),e.contentWindow.postMessage({message:\"ready\",secret:t},\"*\")},!1)))}(window,document);\n<\/script>\n","thumbnail_url":"https:\/\/conversesacatalunya.cat\/wp-content\/uploads\/2020\/11\/desescalada.jpg","thumbnail_width":1200,"thumbnail_height":800,"description":"El cuadro de desescalada que ha presentado la Generalitat es absolutamente inaceptable porque significa traducir su incapacidad para controlar la pandemia en la\u00a0liquidaci\u00f3n de la tenue recuperaci\u00f3n navide\u00f1a\u00a0. Es muy leg\u00edtimo y necesario establecer medidas para controlar la pandemia, pero estas no pueden recaer s\u00f3lo a expensas de la econom\u00eda de las empresas y las personas. Lo que hace la Generalitat es\u00a0privatizar los costes de la Covidien-19\u00a0. La seguridad no puede nacer s\u00f3lo de congelar la sociedad, sino que cada vez m\u00e1s debe surgir de las pol\u00edticas activas que desarrollan los gobiernos. Basta contemplar el hecho de que los\u00a0centros comerciales\u00a0permanezcan cerrados\u00a0hasta el 21 de diciembre , por lo tanto, los dejen pr\u00e1cticamente sin posibilidad de campa\u00f1a de Navidad con lo que ello significa de freno para la contrataci\u00f3n de personal.\u00a0Mientras, los centros comerciales permanecen cerrados, la cultura podr\u00e1 alcanzar un aforo del 50% con un m\u00e1ximo de 600 personas, y si son equipamientos, del 70%. No parece una relaci\u00f3n demasiado l\u00f3gica. La Generalitat nos sit\u00faa en un escenario b\u00e9lico, en un confinamiento total de un tercio del d\u00eda, y esto hasta el 4 de enero. Meses y meses de limitaci\u00f3n de nuestros derechos y eso tambi\u00e9n es inasumible. Como lo es que bares y restaurantes\u00a0tengan las terrazas limitadas al 30% hasta el 6 de diciembre, cuando toda la informaci\u00f3n cient\u00edfica se\u00f1ala que al aire libre las posibilidades de contagio son mucho menores. Tambi\u00e9n las confesiones religiosas y en particular la Iglesia sufre una clara discriminaci\u00f3n que no tiene otra explicaci\u00f3n que la arbitrariedad. Si en la fase de la que venimos permanec\u00edan cerrados teatros y cines, y los actos religiosos pod\u00edan celebrarse con un aforo del 30%, ahora esto se ha invertido. Teatros y cines pueden llegar a aforos del 50 y del 70%,\u00a0 seg\u00fan la fase, con unos m\u00e1ximos que oscilan entre las 600 y las 700\u00a0personas en los primeros tramos, mientras los centros religiosos s\u00f3lo podr\u00e1n tener un aforo que ir\u00e1 del\u00a030 al 50%\u00a0en la cuarta fase y no podr\u00e1n superar las\u00a0200 personas en el primer tramo y las 500 en el siguiente. \u00bfC\u00f3mo se puede explicar esta inversi\u00f3n de criterio? La respuesta que se nos ocurre s\u00f3lo puede ser una: toda la gente del mundo del teatro protest\u00f3, y la Iglesia siempre acepta las limitaciones que le imponen. Quien no llora no mama. A su lado se encuentra la incapacidad para establecer los mecanismos de control que son evidentes. Han pasado muchos meses desde marzo y la Generalitat sigue sin tener la m\u00ednima capacidad para controlar los positivos y garantizar que cumplen la cuarentena. Este es el principal punto d\u00e9bil del sistema y, mientras esto no se resuelva, viviremos una situaci\u00f3n de escalada y desescalada continua que nos ahogar\u00e1 en todos los sentidos. Es una verg\u00fcenza que con las disponibilidades t\u00e9cnicas y econ\u00f3micas de la Generalitat haya sido incapaz de crear un sistema de control eficiente y eficaz\u00a0. Su incompetencia es nuestro sacrificio. Y en este marco de incompetencia tambi\u00e9n hay que se\u00f1alar la fragilidad de los criterios que se aplican, por ejemplo, dado que el factor m\u00e1s importante de contagio son los aerosoles, es evidente que hablar en voz alta, cantar, gritar y fumar son factores importantes de propagaci\u00f3n. La prohibici\u00f3n total de fumar en lugares de p\u00fablica concurrencia, como puedan ser las terrazas, ser\u00eda una medida necesaria y permitir\u00eda aumentar el aforo de estas. En realidad no es el aforo de los locales lo que determina el riesgo, sino el volumen de aire que contiene y la capacidad de renovarlo. No son por tanto s\u00f3lo dos dimensiones a considerar, a lo largo y ancho, las que grosso modo\u00a0determinan el aforo, sino tambi\u00e9n la altura. En este sentido la instalaci\u00f3n de aparatos de\u00a0controles del CO2 y de medios de renovaci\u00f3n interior del aire son de hecho m\u00e1s importantes que el simple aforo. En este sentido, ser\u00eda necesario que la Generalitat incentivara econ\u00f3micamente aquellos aparatos de medici\u00f3n de la calidad del aire en las superficies interiores de p\u00fablica concurrencia. Este enfoque permitir\u00eda una mejor normalizaci\u00f3n de la actividad econ\u00f3mica. Esto y el uso correcto de las mascarillas. La Generalitat no ha desarrollado ninguna campa\u00f1a sistem\u00e1tica y masiva dirigida a ense\u00f1ar a los ciudadanos de manera repetitiva de c\u00f3mo deben ponerse bien la mascarilla y usarla. En este cap\u00edtulo, como en muchos otros, se constata la inoperancia de algo denominado Protecci\u00f3n Civil, que en teor\u00eda es una organizaci\u00f3n de la Generalitat precisamente para actuar en situaciones de cat\u00e1strofe como la que vivimos, pero que en realidad no tiene ning\u00fan papel, a pesar de s\u00ed dispone de los cargos profesionales y la estructura administrativa. Hay gasto pero no la misi\u00f3n.\u00a0Una protecci\u00f3n civil desarrollada\u00a0tendr\u00eda un importante papel en una mejora de la prevenci\u00f3n. Tambi\u00e9n la incapacidad de la Generalitat para hacer cumplir la normativa sobre botellones y otras concentraciones al aire libre le hace tomar la decisi\u00f3n radical de encerrarnos a todos en casa a las 10 horas de la noche. Una vez m\u00e1s deposita la carga sobre nuestros hombros. Ahora, siguiendo la pista de Madrid, apunta que har\u00e1 test\u00a0masivos a la poblaci\u00f3n, si bien todav\u00eda no sabe d\u00f3nde ni cu\u00e1ndo. Bienvenida sea la medida, pero de nada servir\u00e1 si previamente no se construye el\u00a0sistema de control y seguimiento de los positivos y las cuarentenas, porque los test por s\u00ed solos no resuelven nada.\u00a0S\u00f3lo avisan.\u00a0Lo que importa es lo que viene detr\u00e1s. M\u00e1s informaci\u00f3n sobre el coronavirus en ESPECIAL CORONAVIRUS"}