{"version":"1.0","provider_name":"Converses a Catalunya","provider_url":"https:\/\/conversesacatalunya.cat\/es\/","title":"S\u00e1nchez: un presupuesto pr\u00e1cticamente imposible - Converses a Catalunya","type":"rich","width":600,"height":338,"html":"<blockquote class=\"wp-embedded-content\" data-secret=\"IpssSzlGkr\"><a href=\"https:\/\/conversesacatalunya.cat\/es\/sanchez-un-presupuesto-practicamente-imposible\/\">S\u00e1nchez: un presupuesto pr\u00e1cticamente imposible<\/a><\/blockquote><iframe sandbox=\"allow-scripts\" security=\"restricted\" src=\"https:\/\/conversesacatalunya.cat\/es\/sanchez-un-presupuesto-practicamente-imposible\/embed\/#?secret=IpssSzlGkr\" width=\"600\" height=\"338\" title=\"\u00abS\u00e1nchez: un presupuesto pr\u00e1cticamente imposible\u00bb \u2014 Converses a Catalunya\" data-secret=\"IpssSzlGkr\" frameborder=\"0\" marginwidth=\"0\" marginheight=\"0\" scrolling=\"no\" class=\"wp-embedded-content\"><\/iframe><script>\n\/*! This file is auto-generated *\/\n!function(d,l){\"use strict\";l.querySelector&&d.addEventListener&&\"undefined\"!=typeof URL&&(d.wp=d.wp||{},d.wp.receiveEmbedMessage||(d.wp.receiveEmbedMessage=function(e){var t=e.data;if((t||t.secret||t.message||t.value)&&!\/[^a-zA-Z0-9]\/.test(t.secret)){for(var s,r,n,a=l.querySelectorAll('iframe[data-secret=\"'+t.secret+'\"]'),o=l.querySelectorAll('blockquote[data-secret=\"'+t.secret+'\"]'),c=new RegExp(\"^https?:$\",\"i\"),i=0;i<o.length;i++)o[i].style.display=\"none\";for(i=0;i<a.length;i++)s=a[i],e.source===s.contentWindow&&(s.removeAttribute(\"style\"),\"height\"===t.message?(1e3<(r=parseInt(t.value,10))?r=1e3:~~r<200&&(r=200),s.height=r):\"link\"===t.message&&(r=new URL(s.getAttribute(\"src\")),n=new URL(t.value),c.test(n.protocol))&&n.host===r.host&&l.activeElement===s&&(d.top.location.href=t.value))}},d.addEventListener(\"message\",d.wp.receiveEmbedMessage,!1),l.addEventListener(\"DOMContentLoaded\",function(){for(var e,t,s=l.querySelectorAll(\"iframe.wp-embedded-content\"),r=0;r<s.length;r++)(t=(e=s[r]).getAttribute(\"data-secret\"))||(t=Math.random().toString(36).substring(2,12),e.src+=\"#?secret=\"+t,e.setAttribute(\"data-secret\",t)),e.contentWindow.postMessage({message:\"ready\",secret:t},\"*\")},!1)))}(window,document);\n<\/script>\n","thumbnail_url":"https:\/\/conversesacatalunya.cat\/wp-content\/uploads\/2020\/01\/pressupost.png","thumbnail_width":680,"thumbnail_height":380,"description":"Si S\u00e1nchez quiere cumplir con el programa de gobierno pactado con UP y sus otros socios, el presupuesto ser\u00e1 imposible. Estas son las principales razones: 2020 es el a\u00f1o en que entra en vigor la reforma del art\u00edculo 135 de la Constituci\u00f3n acordada en 2011 y que establece como l\u00edmite de gasto el no incurrir en d\u00e9ficit estructural. Es una limitaci\u00f3n importante que no ha aflorado hasta ahora con suficiente fuerza en el an\u00e1lisis de la situaci\u00f3n. El compromiso con Bruselas para este a\u00f1o es reducir el d\u00e9ficit al 1,1%, una cifra l\u00f3gica si se considera que en teor\u00eda en 2018 se ten\u00eda que conseguir el 1,3% si bien los presupuestos que S\u00e1nchez envi\u00f3 a Bruselas elevaron la cifra hasta el 2%, con la idea de tirar la pelota adelante. El problema a\u00f1adido es que, con toda certeza, el gobierno tambi\u00e9n se habr\u00e1 saltado esta limitaci\u00f3n. Para dar una idea: entre septiembre de 2018 y de 2019, el d\u00e9ficit p\u00fablico ha sido del 3,1% del PIB. Con la certeza de que mejorar\u00e1 a 31 de diciembre, pero tambi\u00e9n con la misma seguridad superar\u00e1 el 2%. Por lo tanto, tendr\u00e1 que reducir 1 punto de PIB en relaci\u00f3n con lo que podr\u00e1 gastarse en 2020, y aunque Bruselas pueda ser generosa y dejarle m\u00e1s margen, el recorte ser\u00e1 importante. Los compromisos con los funcionarios de aumentarles el 2% el salario y de las pensiones se comen por s\u00ed solos la mayor parte de la previsi\u00f3n de los ingresos. La previsi\u00f3n econ\u00f3mica para 2020, sin ser mala, no es para tirar cohetes, porque no superar\u00e1 en mucho el 1,5% el incremento del PIB, lo que significa una ralentizaci\u00f3n del empleo. Si a este hecho se le a\u00f1aden las medidas de modificaci\u00f3n del actual marco laboral, el aumento del salario m\u00ednimo y el incremento de la presi\u00f3n fiscal sobre las empresas, es muy posible que el empleo a\u00fan decaiga m\u00e1s. \u00bfPodr\u00eda soportar el nuevo gobierno de S\u00e1nchez unos datos sobre empleo en oto\u00f1o que rompieran en negativo la tendencia mantenida hasta ahora? Los costos pol\u00edticos ser\u00edan muy importantes. Y es que con todo ello el gobierno del PSOE no ha apuntado, ni ninguno de los otros partidos lo hace, el centro neur\u00e1lgico de nuestra debilidad. Ciertamente lo es la abundancia de trabajo precario y mal pagado, pero hay un correlato decisivo donde se juegan todas las posibilidades econ\u00f3micas. Es el de la productividad, que en el caso espa\u00f1ol es muy baja, tanto que los incrementos de PIB por ocupado han sido del orden del 0,1% en los \u00faltimos a\u00f1os, mientras que en Francia y Alemania crec\u00edan a ritmos del 0,7%. Est\u00e1 claro que una parte demasiado grande de la empresa espa\u00f1ola intenta resolver esta cuesti\u00f3n a base de deprimir los sueldos. Es la v\u00eda f\u00e1cil y equivocada, porque la respuesta se sit\u00faa en mejorar las capacidades t\u00e9cnicas y de gesti\u00f3n, las m\u00e1s ligadas a la productividad total de los factores."}