{"version":"1.0","provider_name":"Converses a Catalunya","provider_url":"https:\/\/conversesacatalunya.cat\/es\/","title":"Los 20 pecados capitales del Gobierno S\u00e1nchez-Iglesias - Converses a Catalunya","type":"rich","width":600,"height":338,"html":"<blockquote class=\"wp-embedded-content\" data-secret=\"6YWpy4Y1bZ\"><a href=\"https:\/\/conversesacatalunya.cat\/es\/sanchez-iglesias\/\">Los 20 pecados capitales del Gobierno S\u00e1nchez-Iglesias<\/a><\/blockquote><iframe sandbox=\"allow-scripts\" security=\"restricted\" src=\"https:\/\/conversesacatalunya.cat\/es\/sanchez-iglesias\/embed\/#?secret=6YWpy4Y1bZ\" width=\"600\" height=\"338\" title=\"\u00abLos 20 pecados capitales del Gobierno S\u00e1nchez-Iglesias\u00bb \u2014 Converses a Catalunya\" data-secret=\"6YWpy4Y1bZ\" frameborder=\"0\" marginwidth=\"0\" marginheight=\"0\" scrolling=\"no\" class=\"wp-embedded-content\"><\/iframe><script>\n\/*! This file is auto-generated *\/\n!function(d,l){\"use strict\";l.querySelector&&d.addEventListener&&\"undefined\"!=typeof URL&&(d.wp=d.wp||{},d.wp.receiveEmbedMessage||(d.wp.receiveEmbedMessage=function(e){var t=e.data;if((t||t.secret||t.message||t.value)&&!\/[^a-zA-Z0-9]\/.test(t.secret)){for(var s,r,n,a=l.querySelectorAll('iframe[data-secret=\"'+t.secret+'\"]'),o=l.querySelectorAll('blockquote[data-secret=\"'+t.secret+'\"]'),c=new RegExp(\"^https?:$\",\"i\"),i=0;i<o.length;i++)o[i].style.display=\"none\";for(i=0;i<a.length;i++)s=a[i],e.source===s.contentWindow&&(s.removeAttribute(\"style\"),\"height\"===t.message?(1e3<(r=parseInt(t.value,10))?r=1e3:~~r<200&&(r=200),s.height=r):\"link\"===t.message&&(r=new URL(s.getAttribute(\"src\")),n=new URL(t.value),c.test(n.protocol))&&n.host===r.host&&l.activeElement===s&&(d.top.location.href=t.value))}},d.addEventListener(\"message\",d.wp.receiveEmbedMessage,!1),l.addEventListener(\"DOMContentLoaded\",function(){for(var e,t,s=l.querySelectorAll(\"iframe.wp-embedded-content\"),r=0;r<s.length;r++)(t=(e=s[r]).getAttribute(\"data-secret\"))||(t=Math.random().toString(36).substring(2,12),e.src+=\"#?secret=\"+t,e.setAttribute(\"data-secret\",t)),e.contentWindow.postMessage({message:\"ready\",secret:t},\"*\")},!1)))}(window,document);\n<\/script>\n","thumbnail_url":"https:\/\/conversesacatalunya.cat\/wp-content\/uploads\/2020\/08\/img_paclosap_20200330-111858_imagenes_lv_otras_fuentes_coronavirus-espaa-1200x675-10-k9LF-U48778364875mTH-992x558@LaVanguardia-Web.jpg","thumbnail_width":992,"thumbnail_height":558,"description":"Una mortalidad superior al 1%, de las m\u00e1s elevadas del mundo durante en el periodo \u00e1lgido de la epidemia, a pesar de que las cifras oficiales subvaloran las reales, como lo ha asumido el propio doctor Sim\u00f3n. La incapacidad o falta de voluntad para construir un sistema estad\u00edstico fiable y cre\u00edble del n\u00famero de casos y de muertos; una de las consecuencias ha sido la escasa credibilidad internacional del gobierno espa\u00f1ol, cuando se han producido los rebrotes de julio y ha estallado la crisis del turismo. Un de los peores pa\u00edses para la gente mayor: el 69,9% en relaci\u00f3n con el total oficial de difuntos, Cerca del 50% si se compara con la cifra real (INE, Instituto de Salud Carlos III) La pr\u00e1ctica del cribaje en el acceso a los hospitales y las UCI por razones de edad. Pero lo peor es que el Mando \u00danico del estado de alarma \u201colvid\u00f3\u201d que exist\u00edan 2.000 camas de UCI libres en el pico de la epidemia, aportadas por la Alianza de la Sanidad Privada Espa\u00f1ola (ASPE), que no fueron utilizadas, mientras que el tren medicalizado para este tipo de traslados ni tan siquiera funcion\u00f3. La huella es terrible: por primera vez en la historia 45.000 pensionistas han desaparecido de golpe de la Seguridad Social. De los primeros, junto con B\u00e9lgica, en n\u00famero oficial de muertos en proporci\u00f3n a la poblaci\u00f3n. El primero de acuerdo con los datos del INE y del Instituto de Salud Carlos III del orden de 43.000 en junio. Tambi\u00e9n de los primeros por el n\u00famero de m\u00e9dicos y sanitarios contagiados. El pa\u00eds, a excepci\u00f3n de Italia, con el mayor periodo de restricciones severas, y el que mayor impacto econ\u00f3mico negativo ha registrado por esta causa en el segundo trimestre. El segundo pa\u00eds donde se redujo m\u00e1s la movilidad solo por detr\u00e1s de Italia. El que peor ha gestionado la llegada del turismo; mucho peor que Grecia, Italia, Portugal\u2026 a pesar de que es el segundo pa\u00eds del mundo por importancia del turismo en su PIB (15%), solo por detr\u00e1s de M\u00e9xico. En plena crisis tur\u00edstica de finales de julio Espa\u00f1a presentaba por cada cien mil habitantes 47,1 casos, Portugal 32,6, Suecia 32,0 Reino Unido12,7, Francia 12,2, Alemania 7,5, e Italia 4,8. Tres autonom\u00edas concentraban los casos Arag\u00f3n (237) Catalu\u00f1a (111) Navarra (110). La segu\u00eda a distancia el Pa\u00eds Vasco (50). En t\u00e9rminos absolutos el peso de Catalu\u00f1a es determinante El peor pa\u00eds seg\u00fan el estudio de la Universidad de Cambridge Covid 19 Index Pilot and Performance Indicators for the OECD Countries El peor pa\u00eds en eficiencia para controlar la epidemia, incluso es mejor Turqu\u00eda Un Congreso congelado, durante buena parte del estado de alarma. La limitaci\u00f3n de garant\u00edas constitucionales deb\u00eda llevar aparejada como cauci\u00f3n una mayor vigilancia por parte del legislativo. A pesar de ello se congel\u00f3 toda actividad hasta medianos de abril. El estado que presenta peores perspectivas para este a\u00f1o y el pr\u00f3ximo, en t\u00e9rminos combinados de ca\u00edda del crecimiento econ\u00f3mico, y aumento del paro. Seg\u00fan la OCDE, solo Sud\u00e1frica presenta una perspectiva peor. Nuestra tasa de desempleo ser\u00eda a final de a\u00f1o del 25,5%; la media de la OCDE 12,6% Unos resultados del segundo trimestre que hunden al pa\u00eds. Seg\u00fan la EPA solo han trabajado 13,9 millones de espa\u00f1oles sobre una poblaci\u00f3n activa de 21,97 millones. La diferencia est\u00e1 en el paro, los ERTE, suspensiones temporales, enfermos, incapacitados o accidentados. Nuestra recuperaci\u00f3n, en el mejor de los casos, no llegar\u00e1 hasta finales del 2022 (AIReF); m\u00e1s all\u00e1 para el empleo. Necesitamos m\u00e1s de medio bill\u00f3n (con \u201cb\u201d) de euros para financiar este a\u00f1o y el pr\u00f3ximo. Una de las econom\u00edas con menores est\u00edmulos gubernamentales destinados a la recuperaci\u00f3n econ\u00f3mica, en t\u00e9rminos de impulso fiscal, aplazamiento de pagos al estado, cr\u00e9ditos y avales (Bruegel datasets dixit). Una administraci\u00f3n ca\u00f3tica que envi\u00f3 a los funcionarios a trabajar a casa sin medios para hacerlo. El resultado va desde el colapso de los servicios del Ministerio de Trabajo, un drama para decenas de miles de personas, hasta la par\u00e1lisis de la administraci\u00f3n de Justicia, porque la gran mayor\u00eda de los puestos de trabajo solo est\u00e1n preparados para ser presenciales. Pero los ministros se limitan a negar la mayor, y el gobierno no tiene prevista la profunda y urgente reforma de la administraci\u00f3n, que incluso Portugal ya contempla con su Plan de Redu\u00e7ao e Melhorian da Administra\u00e7ao Central (PREMAC) Un gran castigo demogr\u00e1fico como consecuencia de la epidemia. Se perder\u00e1 cerca de un a\u00f1o en esperanza de vida (1,4 en Catalu\u00f1a) y caer\u00e1 todav\u00eda m\u00e1s la natalidad que ahora ya es muy baja, la segunda peor de Europa ( 1,26 hijos por mujer, casi uno menos de lo necesario para mantener una poblaci\u00f3n en equilibrio). Empeorar\u00e1 el balance vegetativo que ya disminuy\u00f3 en 57.000 personas el a\u00f1o pasado."}