{"version":"1.0","provider_name":"Converses a Catalunya","provider_url":"https:\/\/conversesacatalunya.cat\/es\/","title":"Resultados de la encuesta anterior: \u00bfCree que la nueva presidenta del Parlamento de Catalunya, Laura Borr\u00e0s, durar\u00e1 toda la legislatura? - Converses a Catalunya","type":"rich","width":600,"height":338,"html":"<blockquote class=\"wp-embedded-content\" data-secret=\"EvZY9DqKJB\"><a href=\"https:\/\/conversesacatalunya.cat\/es\/resultados-encuesta-borras\/\">Resultados de la encuesta anterior: \u00bfCree que la nueva presidenta del Parlamento de Catalunya, Laura Borr\u00e0s, durar\u00e1 toda la legislatura?<\/a><\/blockquote><iframe sandbox=\"allow-scripts\" security=\"restricted\" src=\"https:\/\/conversesacatalunya.cat\/es\/resultados-encuesta-borras\/embed\/#?secret=EvZY9DqKJB\" width=\"600\" height=\"338\" title=\"\u00abResultados de la encuesta anterior: \u00bfCree que la nueva presidenta del Parlamento de Catalunya, Laura Borr\u00e0s, durar\u00e1 toda la legislatura?\u00bb \u2014 Converses a Catalunya\" data-secret=\"EvZY9DqKJB\" frameborder=\"0\" marginwidth=\"0\" marginheight=\"0\" scrolling=\"no\" class=\"wp-embedded-content\"><\/iframe><script>\n\/*! This file is auto-generated *\/\n!function(d,l){\"use strict\";l.querySelector&&d.addEventListener&&\"undefined\"!=typeof URL&&(d.wp=d.wp||{},d.wp.receiveEmbedMessage||(d.wp.receiveEmbedMessage=function(e){var t=e.data;if((t||t.secret||t.message||t.value)&&!\/[^a-zA-Z0-9]\/.test(t.secret)){for(var s,r,n,a=l.querySelectorAll('iframe[data-secret=\"'+t.secret+'\"]'),o=l.querySelectorAll('blockquote[data-secret=\"'+t.secret+'\"]'),c=new RegExp(\"^https?:$\",\"i\"),i=0;i<o.length;i++)o[i].style.display=\"none\";for(i=0;i<a.length;i++)s=a[i],e.source===s.contentWindow&&(s.removeAttribute(\"style\"),\"height\"===t.message?(1e3<(r=parseInt(t.value,10))?r=1e3:~~r<200&&(r=200),s.height=r):\"link\"===t.message&&(r=new URL(s.getAttribute(\"src\")),n=new URL(t.value),c.test(n.protocol))&&n.host===r.host&&l.activeElement===s&&(d.top.location.href=t.value))}},d.addEventListener(\"message\",d.wp.receiveEmbedMessage,!1),l.addEventListener(\"DOMContentLoaded\",function(){for(var e,t,s=l.querySelectorAll(\"iframe.wp-embedded-content\"),r=0;r<s.length;r++)(t=(e=s[r]).getAttribute(\"data-secret\"))||(t=Math.random().toString(36).substring(2,12),e.src+=\"#?secret=\"+t,e.setAttribute(\"data-secret\",t)),e.contentWindow.postMessage({message:\"ready\",secret:t},\"*\")},!1)))}(window,document);\n<\/script>\n","thumbnail_url":"https:\/\/conversesacatalunya.cat\/wp-content\/uploads\/2021\/03\/Laura-Borras.jpg","thumbnail_width":640,"thumbnail_height":480,"description":"En la encuesta anterior: \u00bfCree que la nueva presidenta del Parlamento de Catalunya, Laura Borr\u00e0s, durar\u00e1 toda la legislatura? Nuestros lectores han votado No un 81%, S\u00ed un 12% y No lo s\u00e9 un 7%. Con estos resultados parece que una gran mayor\u00eda apuesta por que la Presidenta del Parlamento no llegue al final de la legislatura. Pero, la H. Sra.\u00a0Laura Borr\u00e0s, ya manifest\u00f3 ayer lunes, 22 de marzo, en el programa \u00abEls Matins\u00bb de TV3, que pudo escoger entre la vicepresidencia del gobierno y la presidencia del Parlamento y por tanto, \u00abNi me apartan ni me aparto\u00bb. Tambi\u00e9n asegur\u00f3 que no est\u00e1 en sus manos la opci\u00f3n de cambiar o no cambiar el reglamento: \u00abNo he cometido ning\u00fan delito, no me siento interpelada por esta pol\u00e9mica\u00bb. Ahora abrir\u00e1 una ronda de consultas con los partidos pol\u00edticos para saber qui\u00e9n tiene m\u00e1s apoyos, si Salvador Illa o Pere Aragon\u00e9s. Tambi\u00e9n confirm\u00f3 que el viernes 26 de marzo habr\u00e1 candidato y habr\u00e1 lleno."}