{"version":"1.0","provider_name":"Converses a Catalunya","provider_url":"https:\/\/conversesacatalunya.cat\/es\/","title":"Los rebrotes acaban con la campa\u00f1a de verano - Converses a Catalunya","type":"rich","width":600,"height":338,"html":"<blockquote class=\"wp-embedded-content\" data-secret=\"iQAzHo0oSQ\"><a href=\"https:\/\/conversesacatalunya.cat\/es\/rebrotes-campana-verano\/\">Los rebrotes acaban con la campa\u00f1a de verano<\/a><\/blockquote><iframe sandbox=\"allow-scripts\" security=\"restricted\" src=\"https:\/\/conversesacatalunya.cat\/es\/rebrotes-campana-verano\/embed\/#?secret=iQAzHo0oSQ\" width=\"600\" height=\"338\" title=\"\u00abLos rebrotes acaban con la campa\u00f1a de verano\u00bb \u2014 Converses a Catalunya\" data-secret=\"iQAzHo0oSQ\" frameborder=\"0\" marginwidth=\"0\" marginheight=\"0\" scrolling=\"no\" class=\"wp-embedded-content\"><\/iframe><script>\n\/*! This file is auto-generated *\/\n!function(d,l){\"use strict\";l.querySelector&&d.addEventListener&&\"undefined\"!=typeof URL&&(d.wp=d.wp||{},d.wp.receiveEmbedMessage||(d.wp.receiveEmbedMessage=function(e){var t=e.data;if((t||t.secret||t.message||t.value)&&!\/[^a-zA-Z0-9]\/.test(t.secret)){for(var s,r,n,a=l.querySelectorAll('iframe[data-secret=\"'+t.secret+'\"]'),o=l.querySelectorAll('blockquote[data-secret=\"'+t.secret+'\"]'),c=new RegExp(\"^https?:$\",\"i\"),i=0;i<o.length;i++)o[i].style.display=\"none\";for(i=0;i<a.length;i++)s=a[i],e.source===s.contentWindow&&(s.removeAttribute(\"style\"),\"height\"===t.message?(1e3<(r=parseInt(t.value,10))?r=1e3:~~r<200&&(r=200),s.height=r):\"link\"===t.message&&(r=new URL(s.getAttribute(\"src\")),n=new URL(t.value),c.test(n.protocol))&&n.host===r.host&&l.activeElement===s&&(d.top.location.href=t.value))}},d.addEventListener(\"message\",d.wp.receiveEmbedMessage,!1),l.addEventListener(\"DOMContentLoaded\",function(){for(var e,t,s=l.querySelectorAll(\"iframe.wp-embedded-content\"),r=0;r<s.length;r++)(t=(e=s[r]).getAttribute(\"data-secret\"))||(t=Math.random().toString(36).substring(2,12),e.src+=\"#?secret=\"+t,e.setAttribute(\"data-secret\",t)),e.contentWindow.postMessage({message:\"ready\",secret:t},\"*\")},!1)))}(window,document);\n<\/script>\n","thumbnail_url":"https:\/\/conversesacatalunya.cat\/wp-content\/uploads\/2020\/07\/Capture-8.png","thumbnail_width":1098,"thumbnail_height":733,"description":"Los \u00faltimos rebrotes que se est\u00e1n produciendo a lo largo de la Pen\u00ednsula Ib\u00e9rica est\u00e1n acabando con las pocas expectativas que ten\u00eda el sector hostelero. El presidente de Exceltur y CEO de Meli\u00e1, Gabriel Escarrer estima que la ocupaci\u00f3n se est\u00e1 situando en torno al 30%. La campa\u00f1a de verano representa, con car\u00e1cter general, en torno al 60-70 % de la facturaci\u00f3n anual del sector. En la hip\u00f3tesis, muy optimista, de que este a\u00f1o se venda algo menos de la mitad que el pasado, la factura podr\u00eda situarse en torno a los 40.000 millones de euros si a los ingresos dejados de percibir de los extranjeros se suman los menores gastos de los nacionales. Los datos de turismo de los nacionales que registra el INE (en este caso las cifras son trimestrales) indican que entre julio y septiembre del a\u00f1o pasado se registraron 61,16 millones de viajes, que indujeron un gasto de 19.297 millones de euros. De esta \u00faltima cantidad, 12.762 millones se gastaron en viajes en Espa\u00f1a y los 6.534 restantes, en desplazamientos al extranjero. Esta segunda partida quedar\u00e1 este a\u00f1o, con toda probabilidad, reducida a la m\u00ednima expresi\u00f3n y la primera se ver\u00e1 tambi\u00e9n mermada, porque aunque se primar\u00e1 el turismo nacional, el temor a los rebrotes del coronavirus y los efectos de la crisis econ\u00f3mica se dejar\u00e1n sentir en la propensi\u00f3n a viajar. Si a las p\u00e9rdidas calculadas para el verano con rebrotes se suman los m\u00e1s de 30.000 millones que ha dejado de ingresar el sector hasta mayo por la prohibici\u00f3n de entrada de turistas extranjeros y de movimientos de los nacionales, la factura se dispara por encima de los 70.000 millones de euros. Habr\u00e1 que esperar la evoluci\u00f3n del cuarto trimestre -cuando los operadores creen que podr\u00eda empezar a reactivarse con m\u00e1s fuerza el turismo internacional- para ver c\u00f3mo se cierra el ejercicio, pero Exceltur cree que las p\u00e9rdidas anuales superar\u00e1n los 83.000 millones. Eso significa que se evaporar\u00e1n en torno a un 60 % de los 140.300 millones que se consignaron el a\u00f1o pasado como ingresos del turismo tanto nacional como exterior: 48.066 millones de gasto de los nacionales y los 92.278 millones de los extranjeros que vienen a Espa\u00f1a. Atr\u00e1s quedar\u00e1 tambi\u00e9n la racha de siete r\u00e9cords anuales en llegadas de turistas extranjeros, que se cerr\u00f3 en 2019 con 83,7 millones. Nadie en el sector se aventura a dar una cifra de cierre del a\u00f1o, pero en mayo las llegadas segu\u00edan en los 10,6 millones de marzo, casi veinte millones menos que un a\u00f1o antes. En esos cinco meses, los ingresos de los turistas extranjeros ca\u00edan en 18.977 millones de euros y se situaban en apenas 11.707 millones. Si los rebrotes se perpet\u00faan m\u00e1s a lo largo del a\u00f1o, supondr\u00eda un golpe letal para uno de los sectores m\u00e1s importantes de Espa\u00f1a."}