{"version":"1.0","provider_name":"Converses a Catalunya","provider_url":"https:\/\/conversesacatalunya.cat\/es\/","title":"Pujol cumple 90 a\u00f1os y Nissan se marcha - Converses a Catalunya","type":"rich","width":600,"height":338,"html":"<blockquote class=\"wp-embedded-content\" data-secret=\"8XJGC5l5bn\"><a href=\"https:\/\/conversesacatalunya.cat\/es\/pujol-cumple-90-anos-y-nissan-se-marcha\/\">Pujol cumple 90 a\u00f1os y Nissan se marcha<\/a><\/blockquote><iframe sandbox=\"allow-scripts\" security=\"restricted\" src=\"https:\/\/conversesacatalunya.cat\/es\/pujol-cumple-90-anos-y-nissan-se-marcha\/embed\/#?secret=8XJGC5l5bn\" width=\"600\" height=\"338\" title=\"\u00abPujol cumple 90 a\u00f1os y Nissan se marcha\u00bb \u2014 Converses a Catalunya\" data-secret=\"8XJGC5l5bn\" frameborder=\"0\" marginwidth=\"0\" marginheight=\"0\" scrolling=\"no\" class=\"wp-embedded-content\"><\/iframe><script>\n\/*! This file is auto-generated *\/\n!function(d,l){\"use strict\";l.querySelector&&d.addEventListener&&\"undefined\"!=typeof URL&&(d.wp=d.wp||{},d.wp.receiveEmbedMessage||(d.wp.receiveEmbedMessage=function(e){var t=e.data;if((t||t.secret||t.message||t.value)&&!\/[^a-zA-Z0-9]\/.test(t.secret)){for(var s,r,n,a=l.querySelectorAll('iframe[data-secret=\"'+t.secret+'\"]'),o=l.querySelectorAll('blockquote[data-secret=\"'+t.secret+'\"]'),c=new RegExp(\"^https?:$\",\"i\"),i=0;i<o.length;i++)o[i].style.display=\"none\";for(i=0;i<a.length;i++)s=a[i],e.source===s.contentWindow&&(s.removeAttribute(\"style\"),\"height\"===t.message?(1e3<(r=parseInt(t.value,10))?r=1e3:~~r<200&&(r=200),s.height=r):\"link\"===t.message&&(r=new URL(s.getAttribute(\"src\")),n=new URL(t.value),c.test(n.protocol))&&n.host===r.host&&l.activeElement===s&&(d.top.location.href=t.value))}},d.addEventListener(\"message\",d.wp.receiveEmbedMessage,!1),l.addEventListener(\"DOMContentLoaded\",function(){for(var e,t,s=l.querySelectorAll(\"iframe.wp-embedded-content\"),r=0;r<s.length;r++)(t=(e=s[r]).getAttribute(\"data-secret\"))||(t=Math.random().toString(36).substring(2,12),e.src+=\"#?secret=\"+t,e.setAttribute(\"data-secret\",t)),e.contentWindow.postMessage({message:\"ready\",secret:t},\"*\")},!1)))}(window,document);\n<\/script>\n","thumbnail_url":"https:\/\/conversesacatalunya.cat\/wp-content\/uploads\/2020\/06\/pujol.png","thumbnail_width":612,"thumbnail_height":408,"description":"El 9 de junio Pujol cumplir\u00e1 90 a\u00f1os y tambi\u00e9n se cumplir\u00e1n, de hecho se cumplieron en abril, los 40 a\u00f1os de su primera presidencia de la Generalitat. Pujol consigui\u00f3, en un momento dram\u00e1tico debido a la gran crisis econ\u00f3mica que destruy\u00f3 gran parte del tejido industrial catal\u00e1n, empezando por el textil que qued\u00f3 casi desaparecido, atraer a industrias a Catalu\u00f1a. Tambi\u00e9n fue la \u00e9poca en que se liquidaron empresas emblem\u00e1ticas del sector de la automoci\u00f3n como Montesa, Ossa y Bultaco. En medio de aquel desastre, sin embargo, se produjo una primera luz: la progresiva instalaci\u00f3n de la multinacional Nissan en Catalu\u00f1a, a trav\u00e9s de la adquisici\u00f3n de la f\u00e1brica de camiones y tractores Ebro. A lo largo de 7 a\u00f1os, de 1980 a 1987, la empresa japonesa adquiri\u00f3 la totalidad de las acciones a la canadiense Massey Fergusson, constituyendo as\u00ed Nissan Motor Ib\u00e9rica, desde entonces estrechamente vinculada a la industria de Catalu\u00f1a. Tambi\u00e9n fue el precedente del inter\u00e9s de otras empresas japonesas por ubicarse en Catalu\u00f1a. La ve\u00edan como una buena base de operaciones para hacerse presentes en Europa, a la vez que Espa\u00f1a se incorporaba a la CEE. En esta din\u00e1mica, el presidente Pujol fue determinante. Todav\u00eda hoy lo destaca la Asociaci\u00f3n de Empresas Japonesas en Espa\u00f1a, Shach Kai: \u00abSu papel fue determinante para establecer un flujo de localizaciones y situar la Generalitat como un interlocutor decisivo en Jap\u00f3n\u00bb. En 1990 el primer ministro japon\u00e9s, Kaifu, dijo que \u00abPujol era un hombre clave para las relaciones de Jap\u00f3n con Espa\u00f1a\u00bb, y lo prueba el hecho de que sea uno de los gobernantes que haya tenido la distinci\u00f3n de ser recibido en dos ocasiones diferentes por el emperador de Jap\u00f3n. Fruto de toda aquella actividad fue la implantaci\u00f3n de empresas japonesas, como es el caso de Sony y muchas otras, por lo que hoy todav\u00eda Catalu\u00f1a es la comunidad con m\u00e1s presencia industrial de Jap\u00f3n. Pero esta visi\u00f3n es enga\u00f1osa, porque responde al pasado. Ahora la din\u00e1mica es diferente. Madrid ya hace algunos a\u00f1os que supera a Catalu\u00f1a en nueva inversi\u00f3n, tanto que concentra el 90% de toda la que se ha llevado a cabo. El protagonismo catal\u00e1n en Jap\u00f3n ha pasado a mayor vida, y todo aquel denso entramado de relaciones que construy\u00f3 Pujol ha sido malversado. Como mucho, hoy lo que hay es un presidente gesticulando al que, una vez decidido el cierre de Nissan, no se le ocurre otra cosa que \u00abpedir una interlocuci\u00f3n directa con Jap\u00f3n\u00bb. Lo que no explic\u00f3 Torra es a qui\u00e9n lo pide, porque la carta a los Reyes Magos a\u00fan queda lejos."}