{"version":"1.0","provider_name":"Converses a Catalunya","provider_url":"https:\/\/conversesacatalunya.cat\/es\/","title":"Pacto S\u00e1nchez-Otegi. \u00a1No pasa nada! - Converses a Catalunya","type":"rich","width":600,"height":338,"html":"<blockquote class=\"wp-embedded-content\" data-secret=\"ritriXNSpA\"><a href=\"https:\/\/conversesacatalunya.cat\/es\/pacto-sanchez-otegi-no-pasa-nada\/\">Pacto S\u00e1nchez-Otegi. \u00a1No pasa nada!<\/a><\/blockquote><iframe sandbox=\"allow-scripts\" security=\"restricted\" src=\"https:\/\/conversesacatalunya.cat\/es\/pacto-sanchez-otegi-no-pasa-nada\/embed\/#?secret=ritriXNSpA\" width=\"600\" height=\"338\" title=\"\u00abPacto S\u00e1nchez-Otegi. \u00a1No pasa nada!\u00bb \u2014 Converses a Catalunya\" data-secret=\"ritriXNSpA\" frameborder=\"0\" marginwidth=\"0\" marginheight=\"0\" scrolling=\"no\" class=\"wp-embedded-content\"><\/iframe><script>\n\/*! This file is auto-generated *\/\n!function(d,l){\"use strict\";l.querySelector&&d.addEventListener&&\"undefined\"!=typeof URL&&(d.wp=d.wp||{},d.wp.receiveEmbedMessage||(d.wp.receiveEmbedMessage=function(e){var t=e.data;if((t||t.secret||t.message||t.value)&&!\/[^a-zA-Z0-9]\/.test(t.secret)){for(var s,r,n,a=l.querySelectorAll('iframe[data-secret=\"'+t.secret+'\"]'),o=l.querySelectorAll('blockquote[data-secret=\"'+t.secret+'\"]'),c=new RegExp(\"^https?:$\",\"i\"),i=0;i<o.length;i++)o[i].style.display=\"none\";for(i=0;i<a.length;i++)s=a[i],e.source===s.contentWindow&&(s.removeAttribute(\"style\"),\"height\"===t.message?(1e3<(r=parseInt(t.value,10))?r=1e3:~~r<200&&(r=200),s.height=r):\"link\"===t.message&&(r=new URL(s.getAttribute(\"src\")),n=new URL(t.value),c.test(n.protocol))&&n.host===r.host&&l.activeElement===s&&(d.top.location.href=t.value))}},d.addEventListener(\"message\",d.wp.receiveEmbedMessage,!1),l.addEventListener(\"DOMContentLoaded\",function(){for(var e,t,s=l.querySelectorAll(\"iframe.wp-embedded-content\"),r=0;r<s.length;r++)(t=(e=s[r]).getAttribute(\"data-secret\"))||(t=Math.random().toString(36).substring(2,12),e.src+=\"#?secret=\"+t,e.setAttribute(\"data-secret\",t)),e.contentWindow.postMessage({message:\"ready\",secret:t},\"*\")},!1)))}(window,document);\n<\/script>\n","thumbnail_url":"https:\/\/conversesacatalunya.cat\/wp-content\/uploads\/2020\/05\/Sanchez-y-Bildu-1.jpg","thumbnail_width":1200,"thumbnail_height":600,"description":"Ayer inform\u00e1bamos a primera hora del sorprendente pacto entre la coalici\u00f3n gobernante y EH Bildu. El impacto que ha tenido este acuerdo ha sido extraordinario, tanto que ha llevado a la rotura de las relaciones con las organizaciones empresariales, dinamitando as\u00ed la fotograf\u00eda del acuerdo alcanzado d\u00edas atr\u00e1s entre sindicatos, patronal y gobierno, y que dio lugar a un vistoso acto en la Moncloa. Las reacciones se han extendido a toda la oposici\u00f3n, que ha acusado a S\u00e1nchez de no tener la m\u00e1s m\u00ednima credibilidad por enga\u00f1ar a aquellos con los que pacta y utilizar los estados de alerta para cerrar acuerdos que nada tienen que ver con la salud de los ciudadanos. Efectivamente, todo esto es muy grave, porque significa que tenemos un presidente de gobierno en el que ni sus aliados, por s\u00f3lidos que sean, como es el caso del PNV, pueden confiar. Ahora, una vez pasada esta sacudida extraordinaria, que sin duda ha calado en la situaci\u00f3n pol\u00edtica de los socialistas, \u00bfcu\u00e1l es la realidad? Para empezar, el gobierno no cumplir\u00e1 el acuerdo con Bildu. No derogar\u00e1 \u00edntegramente la reforma laboral y, atenci\u00f3n a este punto, no hay discrepancias con Iglesias, que sencillamente se limita a hacer el parip\u00e9. Su \u00abpacto sunt servanda\u00bb es de consumo externo y para proteger a su portavoz Echenique, pero UP se encuentra muy c\u00f3modo en el gobierno, y ya tiene asumido que habr\u00e1 retoques en la reforma laboral pero no derogaci\u00f3n, y que en todo caso estos cambios saldr\u00e1n del acuerdo entre sindicatos y patronal. Por otra parte, los aliados de S\u00e1nchez est\u00e1n donde estaban, tal vez porque no tienen otro camino. ERC ve confirmada su l\u00ednea pactando por la actitud de Bildu y continuar\u00e1 explorando alianzas con los socialistas, si bien su desider\u00e1tum, negociar la autodeterminaci\u00f3n, es a\u00fan m\u00e1s inviable que la \u00abderogaci\u00f3n \u00edntegra\u00bb de la reforma laboral. Pero puede intentar acuerdos sobre otras medidas, como la revitalizaci\u00f3n de la mesa de di\u00e1logo que no lleva a nada concreto, pero que alimenta las bases independentistas. Cs, por su parte, se conforma con rechazar duramente el pacto con Bildu, pero no considera necesario romper las perspectivas de acuerdo con el PSOE, y por lo tanto es posible que vote a favor de la en\u00e9sima pr\u00f3rroga. En este caso, el miedo a la desaparici\u00f3n electoral y los buenos resultados que le ha fabricado el CIS lo conducen por un camino contradictorio, pero que parece ser inexorable. Aquellos que rechazaban incluso el concierto econ\u00f3mico se tragan ahora los acuerdos del gobierno, no ya con el PNV, sino con Bildu. Hasta aqu\u00ed ninguna novedad en el frente. El \u00fanico interrogante es el PNV. El acuerdo de S\u00e1nchez ha significado una bofetada en plena campa\u00f1a electoral y ha hecho crecer la amenaza de una alianza de izquierdas que pueda desbancarlo del gobierno. Y aqu\u00ed se encuentra la piedra angular. El PSOE puede presionar a su aliado, chantajearlo, a base de ponerle sobre la mesa que, si deja de apoyar a S\u00e1nchez en Madrid, tras las elecciones de junio el PSOE podr\u00eda hacer una alianza para gobernar en el Pa\u00eds Vasco con UP y Bildu. Ser\u00eda muy arriesgado para el mismo PSOE, pero precisamente la falta de miramientos de S\u00e1nchez a la hora de pactar hace m\u00e1s cre\u00edble la amenaza."}