{"version":"1.0","provider_name":"Converses a Catalunya","provider_url":"https:\/\/conversesacatalunya.cat\/es\/","title":"Pablo Has\u00e9l - Converses a Catalunya","type":"rich","width":600,"height":338,"html":"<blockquote class=\"wp-embedded-content\" data-secret=\"4G5wCnkzxw\"><a href=\"https:\/\/conversesacatalunya.cat\/es\/pablo-hasel\/\">Pablo Has\u00e9l<\/a><\/blockquote><iframe sandbox=\"allow-scripts\" security=\"restricted\" src=\"https:\/\/conversesacatalunya.cat\/es\/pablo-hasel\/embed\/#?secret=4G5wCnkzxw\" width=\"600\" height=\"338\" title=\"\u00abPablo Has\u00e9l\u00bb \u2014 Converses a Catalunya\" data-secret=\"4G5wCnkzxw\" frameborder=\"0\" marginwidth=\"0\" marginheight=\"0\" scrolling=\"no\" class=\"wp-embedded-content\"><\/iframe><script>\n\/*! This file is auto-generated *\/\n!function(d,l){\"use strict\";l.querySelector&&d.addEventListener&&\"undefined\"!=typeof URL&&(d.wp=d.wp||{},d.wp.receiveEmbedMessage||(d.wp.receiveEmbedMessage=function(e){var t=e.data;if((t||t.secret||t.message||t.value)&&!\/[^a-zA-Z0-9]\/.test(t.secret)){for(var s,r,n,a=l.querySelectorAll('iframe[data-secret=\"'+t.secret+'\"]'),o=l.querySelectorAll('blockquote[data-secret=\"'+t.secret+'\"]'),c=new RegExp(\"^https?:$\",\"i\"),i=0;i<o.length;i++)o[i].style.display=\"none\";for(i=0;i<a.length;i++)s=a[i],e.source===s.contentWindow&&(s.removeAttribute(\"style\"),\"height\"===t.message?(1e3<(r=parseInt(t.value,10))?r=1e3:~~r<200&&(r=200),s.height=r):\"link\"===t.message&&(r=new URL(s.getAttribute(\"src\")),n=new URL(t.value),c.test(n.protocol))&&n.host===r.host&&l.activeElement===s&&(d.top.location.href=t.value))}},d.addEventListener(\"message\",d.wp.receiveEmbedMessage,!1),l.addEventListener(\"DOMContentLoaded\",function(){for(var e,t,s=l.querySelectorAll(\"iframe.wp-embedded-content\"),r=0;r<s.length;r++)(t=(e=s[r]).getAttribute(\"data-secret\"))||(t=Math.random().toString(36).substring(2,12),e.src+=\"#?secret=\"+t,e.setAttribute(\"data-secret\",t)),e.contentWindow.postMessage({message:\"ready\",secret:t},\"*\")},!1)))}(window,document);\n<\/script>\n","thumbnail_url":"https:\/\/conversesacatalunya.cat\/wp-content\/uploads\/2021\/03\/Aparador-trencat-Pg-de-Gracia-scaled.jpg","thumbnail_width":2560,"thumbnail_height":1920,"description":"El encarcelamiento del cantante rapero Pablo Has\u00e9l ha provocado manifestaciones y protestas en varias ciudades espa\u00f1olas, sobre todo en Barcelona, reclamando su puesta en libertad al entender una parte de la sociedad que el cantante no debe estar en prisi\u00f3n por actos efectuados en lo que consideran el ejercicio de su derecho de libertad de expresi\u00f3n. En estas protestas se ha desatado una brutal ola de violencia, con el resultado de m\u00e1s de un centenar de detenidos por actos vand\u00e1licos, elevad\u00edsimo coste por los da\u00f1os ocasionados\u00a0 en elementos p\u00fablicos de la ciudad de Barcelona as\u00ed como en negocios particulares que han sido asaltados y desvalijados aprovechando la ocasi\u00f3n, a lo que hay que sumar da\u00f1os personales entre los manifestantes as\u00ed como entre el personal que forma parte de los cuerpos de seguridad del Estado,\u00a0 \u00e9stos \u00faltimos agredidos\u00a0 en el ejercicio de su labor profesional de velar por el mantenimiento de la seguridad p\u00fablica. El rapero Pablo Has\u00e9l ha sido encarcelado porque tiene una orden judicial que as\u00ed lo ha estipulado, por haber sido condenado por nuestro sistema judicial en diversas resoluciones judiciales, unas firmes, otras de momento no; Las resoluciones firmes son de obligado cumplimiento, por lo cual, con su entrada en prisi\u00f3n se est\u00e1 cumpliendo la ley, pues su ingreso deviene de una condena firme. Su primera condena, ya firme, fue en el a\u00f1o 2014 por enaltecimiento del terrorismo en algunas de las letras de sus canciones. En aquel entonces no entr\u00f3 en prisi\u00f3n por carecer de antecedentes penales y no ser la pena superior a dos a\u00f1os de prisi\u00f3n, por lo que se procedi\u00f3 a la suspensi\u00f3n de la condena, con el apercibimiento de su cumplimiento si volv\u00eda a delinquir. En marzo de 2018 el rapero vuelve a ser condenado por enaltecimiento del terrorismo e injurias y calumnias a la Corona y a\u00a0 las Fuerzas y Cuerpos de Seguridad del Estado en una serie de tuits; En el a\u00f1o 2020 volvi\u00f3 a ser condenado a 6 meses de prisi\u00f3n por agredir\u00a0 a un a un periodista de TV3 en una rueda de prensa y a pagar m\u00e1s de 12.000 euros de indemnizaci\u00f3n; y por \u00faltimo, la Audiencia de Lleida ha confirmado en estos d\u00edas otra condena de dos a\u00f1os y medio por amenazar a un testigo de un juicio contra unos guardias urbanos de Lleida.\u00a0 Queda pues acreditado, que es una persona que ha delinquido, dicho por los Tribunales de justicia. Cabe preguntarse si bajo el concepto de libertad de expresi\u00f3n puede esconderse el historial delictivo de un rapero m\u00e1s o menos de moda. Es el momento de reiterar que, en un acto de libertad de expresi\u00f3n, no cabe amparar ning\u00fan tipo de amenazas, ning\u00fan tipo de violencia, ni la comisi\u00f3n de ning\u00fan delito tipificado como tal en nuestro ordenamiento jur\u00eddico, y menos cabe tolerar ninguna incitaci\u00f3n al odio. Bastante ha sufrido ya nuestro pa\u00eds, que sufri\u00f3 una guerra civil, para volver a alimentar divisiones sociales utilizando la violencia y la incitaci\u00f3n al odio. &nbsp;"}