{"version":"1.0","provider_name":"Converses a Catalunya","provider_url":"https:\/\/conversesacatalunya.cat\/es\/","title":"Mossos de esquadra comienza un juicio clave - Converses a Catalunya","type":"rich","width":600,"height":338,"html":"<blockquote class=\"wp-embedded-content\" data-secret=\"4PXHLPygDl\"><a href=\"https:\/\/conversesacatalunya.cat\/es\/mossos-de-esquadra-comienza-un-juicio-clave\/\">Mossos de esquadra comienza un juicio clave<\/a><\/blockquote><iframe sandbox=\"allow-scripts\" security=\"restricted\" src=\"https:\/\/conversesacatalunya.cat\/es\/mossos-de-esquadra-comienza-un-juicio-clave\/embed\/#?secret=4PXHLPygDl\" width=\"600\" height=\"338\" title=\"\u00abMossos de esquadra comienza un juicio clave\u00bb \u2014 Converses a Catalunya\" data-secret=\"4PXHLPygDl\" frameborder=\"0\" marginwidth=\"0\" marginheight=\"0\" scrolling=\"no\" class=\"wp-embedded-content\"><\/iframe><script>\n\/*! This file is auto-generated *\/\n!function(d,l){\"use strict\";l.querySelector&&d.addEventListener&&\"undefined\"!=typeof URL&&(d.wp=d.wp||{},d.wp.receiveEmbedMessage||(d.wp.receiveEmbedMessage=function(e){var t=e.data;if((t||t.secret||t.message||t.value)&&!\/[^a-zA-Z0-9]\/.test(t.secret)){for(var s,r,n,a=l.querySelectorAll('iframe[data-secret=\"'+t.secret+'\"]'),o=l.querySelectorAll('blockquote[data-secret=\"'+t.secret+'\"]'),c=new RegExp(\"^https?:$\",\"i\"),i=0;i<o.length;i++)o[i].style.display=\"none\";for(i=0;i<a.length;i++)s=a[i],e.source===s.contentWindow&&(s.removeAttribute(\"style\"),\"height\"===t.message?(1e3<(r=parseInt(t.value,10))?r=1e3:~~r<200&&(r=200),s.height=r):\"link\"===t.message&&(r=new URL(s.getAttribute(\"src\")),n=new URL(t.value),c.test(n.protocol))&&n.host===r.host&&l.activeElement===s&&(d.top.location.href=t.value))}},d.addEventListener(\"message\",d.wp.receiveEmbedMessage,!1),l.addEventListener(\"DOMContentLoaded\",function(){for(var e,t,s=l.querySelectorAll(\"iframe.wp-embedded-content\"),r=0;r<s.length;r++)(t=(e=s[r]).getAttribute(\"data-secret\"))||(t=Math.random().toString(36).substring(2,12),e.src+=\"#?secret=\"+t,e.setAttribute(\"data-secret\",t)),e.contentWindow.postMessage({message:\"ready\",secret:t},\"*\")},!1)))}(window,document);\n<\/script>\n","thumbnail_url":"https:\/\/conversesacatalunya.cat\/wp-content\/uploads\/2020\/01\/Trapero.jpg","thumbnail_width":1440,"thumbnail_height":808,"description":"Comienza este lunes en la Audiencia Nacional el juicio contra Josep Llu\u00eds Trapero, quien fue el m\u00e1ximo responsable, intendente mayor, de los Mossos de esquadra cuando el uno de octubre. Su figura es emblem\u00e1tica por lo que represent\u00f3 de profesionalizaci\u00f3n de los mossos, y voluntad de mantenerlo separado de toda injerencia pol\u00edtica. Tambi\u00e9n porque alcanz\u00f3 un gran protagonismo cuando los atentados terroristas de Barcelona el 17 de agosto de 2017. La Fiscal\u00eda mantiene su acusaci\u00f3n de rebeli\u00f3n, aunque es muy probable que a lo largo de la vista la modifique por sedici\u00f3n, vista la sentencia del Tribunal Supremo sobre los l\u00edderes pol\u00edticos. Pero incluso as\u00ed, es dudoso que pueda sostenerse esta calificaci\u00f3n, dado que la abogada de Trapero, Olga Tubau, utiliz\u00f3 inteligentemente la condici\u00f3n de testigo del responsable uniformado de los mossos en el juicio a Junqueras y los otros imputados, para manifestar que Trapero ten\u00eda previsto un operativo para detener a Puigdemont y dem\u00e1s miembros del Gobierno, si se declaraba la independencia. Esta manifestaci\u00f3n, que consta en el sumario, re\u00fane dos ventajas. La primera que al declarar como testigo ten\u00eda la obligaci\u00f3n de decir la verdad; y la segunda, que tal declaraci\u00f3n no fue cuestionada en ning\u00fan momento por el Tribunal ni por los fiscales, y por lo tanto expresa un hecho asumido por el TS. Resulta dif\u00edcil combinar este operativo con la presunci\u00f3n de estar implicado en llevar a t\u00e9rmino un acto sedicioso. Trapero tiene el inconveniente de que esta posici\u00f3n le ha despertado las antipat\u00edas de todo el sector independentista, y por tanto dif\u00edcilmente contar\u00e1 con los buenos oficios de Esquerra Republicana ante el Gobierno de S\u00e1nchez. Su condena no levantar\u00eda nuevas ampollas, ni en el Partido Republicano ni en JxCat. Los fiscales tambi\u00e9n intentar\u00e1n probar que el dispositivo policial dise\u00f1ado por la polic\u00eda auton\u00f3mica, y responsabilidad de Trapero, fue un enga\u00f1o que ten\u00eda por objeto simular que se intentaba impedir la votaci\u00f3n de la consulta, una actuaci\u00f3n policial ficticia. Pero esta acusaci\u00f3n no es nada f\u00e1cil de probar, por diversos motivos: Trapero dise\u00f1\u00f3 una actuaci\u00f3n siguiendo las instrucciones de la juez encargada del caso, que limit\u00f3 la intervenci\u00f3n policial al mismo d\u00eda de la votaci\u00f3n, en lugar de ordenar una actuaci\u00f3n preventiva en los centros de votaci\u00f3n uno o dos d\u00edas antes, que impidiera el acceso de los organizadores y los primeros grupos movilizados. Conocido este hecho, las fuerzas independentistas ocuparon las escuelas donde se votaba, la noche antes, de manera que cuando la polic\u00eda se hizo presente, la mayor\u00eda de los centros se encontraban abarrotados por una multitud. El operativo estaba coordinado por el coronel de la Guardia Civil, P\u00e9rez de los Cobos, que no opuso ning\u00fan inconveniente al tipo de despliegue efectuado por los mossos. Por \u00faltimo, y a pesar de que fueron generalmente centros de votaci\u00f3n peque\u00f1os, la polic\u00eda auton\u00f3mica consigui\u00f3 impedir muchas m\u00e1s votaciones que las fuerzas desplegadas por la Guardia Civil y la Polic\u00eda Nacional, que actuaron con un procedimiento cuyo origen todav\u00eda no est\u00e1 claro, cuya violencia ha alimentado los argumentos independentistas desde el uno de octubre. Junto con Trapero tambi\u00e9n se juzga al secretario general de Interior, C\u00e9sar Puig, y al que fue director general de la polic\u00eda auton\u00f3mica, Pere Soler. Su situaci\u00f3n, especialmente la de este \u00faltimo, no es tan favorable como la de Trapero, porque no disponen de los hechos probados que aquel puede exhibir. En el caso del secretario general, cabe la argumentaci\u00f3n que, si bien su designaci\u00f3n es pol\u00edtica, el ejercicio de sus funciones es, sobre todo, t\u00e9cnica y carece de intervenci\u00f3n en los operativos policiales. Por \u00faltimo, tambi\u00e9n se juzgar\u00e1 a la intendente Teresa Laplana, por un hecho distinto y previo al uno de octubre, como fue la manifestaci\u00f3n que rode\u00f3 el edificio del departamento de Econom\u00eda y Finanzas de la Generalitat, el d\u00eda 20 de septiembre, mientras se estaba produciendo un registro por parte de la Guardia Civil. Los hechos en este caso se relacionan con el intento de impedir esta operaci\u00f3n policial, el de retener a las fuerzas de seguridad y presionarlos, as\u00ed como los da\u00f1os que sufrieron los dos veh\u00edculos policiales aparcados delante del departamento. Se acusa a Laplana de no actuar de manera suficiente para garantizar la tarea policial y la salida de los efectivos y del agente judicial del edificio."}