{"version":"1.0","provider_name":"Converses a Catalunya","provider_url":"https:\/\/conversesacatalunya.cat\/es\/","title":"Mobile Week 2020 - Converses a Catalunya","type":"rich","width":600,"height":338,"html":"<blockquote class=\"wp-embedded-content\" data-secret=\"KRYGOfr5op\"><a href=\"https:\/\/conversesacatalunya.cat\/es\/mobile-week-2020\/\">Mobile Week 2020<\/a><\/blockquote><iframe sandbox=\"allow-scripts\" security=\"restricted\" src=\"https:\/\/conversesacatalunya.cat\/es\/mobile-week-2020\/embed\/#?secret=KRYGOfr5op\" width=\"600\" height=\"338\" title=\"\u00abMobile Week 2020\u00bb \u2014 Converses a Catalunya\" data-secret=\"KRYGOfr5op\" frameborder=\"0\" marginwidth=\"0\" marginheight=\"0\" scrolling=\"no\" class=\"wp-embedded-content\"><\/iframe><script>\n\/*! This file is auto-generated *\/\n!function(d,l){\"use strict\";l.querySelector&&d.addEventListener&&\"undefined\"!=typeof URL&&(d.wp=d.wp||{},d.wp.receiveEmbedMessage||(d.wp.receiveEmbedMessage=function(e){var t=e.data;if((t||t.secret||t.message||t.value)&&!\/[^a-zA-Z0-9]\/.test(t.secret)){for(var s,r,n,a=l.querySelectorAll('iframe[data-secret=\"'+t.secret+'\"]'),o=l.querySelectorAll('blockquote[data-secret=\"'+t.secret+'\"]'),c=new RegExp(\"^https?:$\",\"i\"),i=0;i<o.length;i++)o[i].style.display=\"none\";for(i=0;i<a.length;i++)s=a[i],e.source===s.contentWindow&&(s.removeAttribute(\"style\"),\"height\"===t.message?(1e3<(r=parseInt(t.value,10))?r=1e3:~~r<200&&(r=200),s.height=r):\"link\"===t.message&&(r=new URL(s.getAttribute(\"src\")),n=new URL(t.value),c.test(n.protocol))&&n.host===r.host&&l.activeElement===s&&(d.top.location.href=t.value))}},d.addEventListener(\"message\",d.wp.receiveEmbedMessage,!1),l.addEventListener(\"DOMContentLoaded\",function(){for(var e,t,s=l.querySelectorAll(\"iframe.wp-embedded-content\"),r=0;r<s.length;r++)(t=(e=s[r]).getAttribute(\"data-secret\"))||(t=Math.random().toString(36).substring(2,12),e.src+=\"#?secret=\"+t,e.setAttribute(\"data-secret\",t)),e.contentWindow.postMessage({message:\"ready\",secret:t},\"*\")},!1)))}(window,document);\n<\/script>\n","thumbnail_url":"https:\/\/conversesacatalunya.cat\/wp-content\/uploads\/2020\/02\/MobileWeek20201-760x428-1.png","thumbnail_width":760,"thumbnail_height":428,"description":"Bajo el lema\u00a0\u00abTecnolog\u00eda para la ciudadan\u00eda\u00bb, la Mobile Week ofrecer\u00e1 a la ciudadan\u00eda un espacio donde poder participar activamente de los cambios que llevan las novedades tecnol\u00f3gicas. Las charlas y los talleres previstos permitir\u00e1n, por ejemplo, que\u00a0el ciudadano conozca qu\u00e9 pasa cuando acepta una cookie, que conozca el potencial del veh\u00edculo el\u00e9ctrico o 10 maneras para mejorar su ciberseguridad. La cuarta edici\u00f3n de la Mobile Week Barcelona\u00a0arranca el 20 de febrero, incluir\u00e1 150 actividades en los 10 distritos y acabar\u00e1 el 1 de marzo con el Family Day Antigua F\u00e1brica Damm. La edici\u00f3n de este a\u00f1o lleva por lema \u00abTecnolog\u00eda para la ciudadan\u00eda\u00bb y presenta una programaci\u00f3n de debates y actividades abiertas y gratuitas que invitan al ciudadano a entender mejor el uso de la tecnolog\u00eda mediante la reflexi\u00f3n y la participaci\u00f3n activa.\u00a0Las conferencias y talleres se centran en tres tem\u00e1ticas:\u00a0la rob\u00f3tica y la inteligencia artificial, para reflexionar sobre c\u00f3mo se combina la inteligencia humana con l&#8217;artificial;\u00a0los datos y la ciberseguridad, para debatir sobre el uso adecuado de los datos;\u00a0y la movilidad del futuro con la creaci\u00f3n de modelos m\u00e1s sostenibles. La Mobile Week, impulsada por\u00a0Mobile World Capital Barcelona (MWCapital),\u00a0naci\u00f3 hace cuatro a\u00f1os en Barcelona con el objetivo de poner al alcance de los ciudadanos un espacio de participaci\u00f3n y reflexi\u00f3n sobre la tecnolog\u00eda. Barcelona acoger\u00e1, por cuarto a\u00f1o consecutivo, una programaci\u00f3n con m\u00e1s de\u00a0150 actividades distribuidas por todos los barrios de la ciudad\u00a0entre el 20 de febrero y el 1 de marzo.\u00a0Las conferencias se concentrar\u00e1n en 3 espacios diferentes: &#8216;ImaginCaf\u00e9&#8217;, el Centro C\u00edvico Cotxeres-Borrell y la antigua F\u00e1brica Estrella Damm. Expertos de diferentes \u00e1mbitos\u00a0compartir\u00e1n con la ciudadan\u00eda su conocimiento y visi\u00f3n de la tecnolog\u00eda como Alfons Cornella, fundador de la consultora de innovaci\u00f3n Institute of Next;\u00a0Diana Mesa, project manager de SEAT Urban Mobility;\u00a0o Ander Orcasitas, Director Iberia de Dynamic Yield y experto en personalizaci\u00f3n de servicios digitales y gesti\u00f3n de datos. Los talleres, repartidos por todos los distritos de Barcelona, \u200b\u200bofrecer\u00e1n a los participantes la posibilidad de descubrir nuevos h\u00e1bitos para movernos eficientemente por las ciudades, c\u00f3mo hacer un buen uso de las redes sociales y evitar la adicci\u00f3n tecnol\u00f3gica, qu\u00e9 hay detr\u00e1s del &#8216;acceptaci\u00f3 una cookie o como la inteligencia artificial puede cambiar nuestro d\u00eda a d\u00eda. Mobile Week\u00a0lanzar\u00e1 una actividad interactiva, \u00abCiudadan\u00eda Conectada\u00bb,\u00a0con el objetivo de hacer reflexionar a los ciudadanos sobre cu\u00e1l es su nivel de conectividad.\u00a0A trav\u00e9s de una serie de preguntas podr\u00e1n descubrir cu\u00e1l es su relaci\u00f3n con la tecnolog\u00eda, comparativas h\u00e1bitos por barrio y obtener datos globales sobre la conectividad de los ciudadanos de Barcelona. La inauguraci\u00f3n de la Mobile Week tendr\u00e1 lugar el 20 de febrero a las 18h en el Auditorio ONCE\u00a0donde con la conferencia \u00abTiene la tecnolog\u00eda una discapacidad?\u00a0Hacia un futuro m\u00e1s inclusivo \u00abde Joan Pahisa, gestor de proyectos de tecnolog\u00eda accesible e I + D de Fundaci\u00f3n ONCE.\u00a0Y\u00a0el programa culminar\u00e1 con el Family Day, el domingo 1 de marzo en la Antigua F\u00e1brica Damm,\u00a0con una jornada dedicada a familias.\u00a0Se realizar\u00e1n actividades donde los asistentes podr\u00e1n interactuar con la tecnolog\u00eda construyendo un robot, experimentar la realidad aumentada o pinchar m\u00fasica electr\u00f3nica.\u00a0Los talleres se complementar\u00e1n con conferencias sobre c\u00f3mo educar a trav\u00e9s de la tecnolog\u00eda o adoptar h\u00e1bitos cibersaludables."}