{"version":"1.0","provider_name":"Converses a Catalunya","provider_url":"https:\/\/conversesacatalunya.cat\/es\/","title":"Las medidas econ\u00f3micas de S\u00e1nchez son insuficientes - Converses a Catalunya","type":"rich","width":600,"height":338,"html":"<blockquote class=\"wp-embedded-content\" data-secret=\"sWFjMbw4cf\"><a href=\"https:\/\/conversesacatalunya.cat\/es\/las-medidas-economicas-de-sanchez-son-insuficientes\/\">Las medidas econ\u00f3micas de S\u00e1nchez son insuficientes<\/a><\/blockquote><iframe sandbox=\"allow-scripts\" security=\"restricted\" src=\"https:\/\/conversesacatalunya.cat\/es\/las-medidas-economicas-de-sanchez-son-insuficientes\/embed\/#?secret=sWFjMbw4cf\" width=\"600\" height=\"338\" title=\"\u00abLas medidas econ\u00f3micas de S\u00e1nchez son insuficientes\u00bb \u2014 Converses a Catalunya\" data-secret=\"sWFjMbw4cf\" frameborder=\"0\" marginwidth=\"0\" marginheight=\"0\" scrolling=\"no\" class=\"wp-embedded-content\"><\/iframe><script>\n\/*! This file is auto-generated *\/\n!function(d,l){\"use strict\";l.querySelector&&d.addEventListener&&\"undefined\"!=typeof URL&&(d.wp=d.wp||{},d.wp.receiveEmbedMessage||(d.wp.receiveEmbedMessage=function(e){var t=e.data;if((t||t.secret||t.message||t.value)&&!\/[^a-zA-Z0-9]\/.test(t.secret)){for(var s,r,n,a=l.querySelectorAll('iframe[data-secret=\"'+t.secret+'\"]'),o=l.querySelectorAll('blockquote[data-secret=\"'+t.secret+'\"]'),c=new RegExp(\"^https?:$\",\"i\"),i=0;i<o.length;i++)o[i].style.display=\"none\";for(i=0;i<a.length;i++)s=a[i],e.source===s.contentWindow&&(s.removeAttribute(\"style\"),\"height\"===t.message?(1e3<(r=parseInt(t.value,10))?r=1e3:~~r<200&&(r=200),s.height=r):\"link\"===t.message&&(r=new URL(s.getAttribute(\"src\")),n=new URL(t.value),c.test(n.protocol))&&n.host===r.host&&l.activeElement===s&&(d.top.location.href=t.value))}},d.addEventListener(\"message\",d.wp.receiveEmbedMessage,!1),l.addEventListener(\"DOMContentLoaded\",function(){for(var e,t,s=l.querySelectorAll(\"iframe.wp-embedded-content\"),r=0;r<s.length;r++)(t=(e=s[r]).getAttribute(\"data-secret\"))||(t=Math.random().toString(36).substring(2,12),e.src+=\"#?secret=\"+t,e.setAttribute(\"data-secret\",t)),e.contentWindow.postMessage({message:\"ready\",secret:t},\"*\")},!1)))}(window,document);\n<\/script>\n","thumbnail_url":"https:\/\/conversesacatalunya.cat\/wp-content\/uploads\/2020\/04\/CORONAVIRUS-5-3.jpg","thumbnail_width":502,"thumbnail_height":333,"description":"Las previsiones econ\u00f3micas publicadas por el FMI son francamente malas para Espa\u00f1a. No se trata solo de la ca\u00edda del PIB para este a\u00f1o, del orden de un 9%, y del paro, m\u00e1s del 20%, sino que a 31 de diciembre del 2021 y seg\u00fan aquella estimaci\u00f3n la desocupaci\u00f3n ser\u00e1 todav\u00eda del 17%, y nuestro PIB continuar\u00e1 estando 4 o 5 puntos por debajo del correspondiente al 2019. Para este a\u00f1o, Espa\u00f1a ser\u00e1 el tercer pa\u00eds de los estudiados por el FMI con la mayor cifra de paro, y el segundo de Europa por detr\u00e1s de Grecia. A pesar de ello, la deuda p\u00fablica habr\u00e1 crecido, s\u00ed, hasta el 113% del PIB, pero dadas las circunstancias y la posici\u00f3n del BCE, asegurando que no se dispare la prima de riesgo, el resultado est\u00e1 lejos de la cat\u00e1strofe. De hecho, ser\u00e1 menor que el de Italia antes de la pandemia. Todo parece indicar que el problema espa\u00f1ol, dada la pol\u00edtica del gobierno, no parece que vaya por ah\u00ed, sino por el lado de una recuperaci\u00f3n lenta y da\u00f1ina, que ser\u00eda el resultado de la combinaci\u00f3n de dos aspectos. Una pol\u00edtica econ\u00f3mica poco expansiva, y la incapacidad del gobierno para realizar pol\u00edticas efectivas contra el SAR Covid-2 que vayan m\u00e1s all\u00e1 del confinamiento y las restricciones, mucho mayores que el com\u00fan europeo. Necesaria s\u00ed, pero sin olvidar que lo son tanto m\u00e1s como menos eficaz es el gobierno en las medidas activas, detecci\u00f3n r\u00e1pida, aislamiento de los casos de riesgo, identificaci\u00f3n y abordaje de los focos, barrera de protecci\u00f3n personal. Es decir, la actividad se ve sometida a los sobresaltos del confinamiento, que ser\u00e1 intermitente en el futuro si no aumenta la eficacia, que a su vez castiga la capacidad de recuperaci\u00f3n econ\u00f3mica. Pero vayamos a las medidas econ\u00f3micas propiamente dichas. La respuesta fiscal para dotar de incentivos a la econom\u00eda espa\u00f1ola ha sido, comparada con la de los otros pa\u00edses, m\u00e1s bien modesta. El conjunto aprobado por el Gobierno de S\u00e1nchez se sit\u00faa en torno a un valor del 10% del PIB. Adem\u00e1s, ha optado sobre todo por la v\u00eda de las garant\u00edas de cr\u00e9dito m\u00e1s que por la inyecci\u00f3n de dinero fresco, y esto no va a servir para salvar muchas empresas porque en realidad est\u00e1n contrayendo una deuda que deber\u00e1n de pagar antes de que la situaci\u00f3n se haya normalizado. No hablemos ya de las peque\u00f1as empresas y aut\u00f3nomos dedicados a actividades de dif\u00edcil salida, como bares, restaurantes, hoteles, espect\u00e1culos, todo aquello que comporte una cierta concentraci\u00f3n de poblaci\u00f3n, lo tienen particularmente dif\u00edcil. Otros pa\u00edses han dado respuestas mucho m\u00e1s potentes. Italia, que presenta una situaci\u00f3n fiscal m\u00e1s dif\u00edcil incluso que la espa\u00f1ola, aporta el 30% del PIB, al igual que hace Alemania. El Reino Unido es m\u00e1s modesto, pero aun as\u00ed dobla el esfuerzo espa\u00f1ol. He aqu\u00ed una gran paradoja: el Gobierno m\u00e1s de izquierdas de toda la Uni\u00f3n Europea, es el menos keynesiano a la hora de atreverse a inyectar est\u00edmulos econ\u00f3micos. M\u00e1s informaci\u00f3n sobre el coronavirus en ESPECIAL CORONAVIRUS"}