{"version":"1.0","provider_name":"Converses a Catalunya","provider_url":"https:\/\/conversesacatalunya.cat\/es\/","title":"Las graves insuficiencias de la pol\u00edtica sanitaria espa\u00f1ola - Converses a Catalunya","type":"rich","width":600,"height":338,"html":"<blockquote class=\"wp-embedded-content\" data-secret=\"Uel3qjXEGL\"><a href=\"https:\/\/conversesacatalunya.cat\/es\/las-graves-insuficiencias-de-la-politica-sanitaria-espanola\/\">Las graves insuficiencias de la pol\u00edtica sanitaria espa\u00f1ola<\/a><\/blockquote><iframe sandbox=\"allow-scripts\" security=\"restricted\" src=\"https:\/\/conversesacatalunya.cat\/es\/las-graves-insuficiencias-de-la-politica-sanitaria-espanola\/embed\/#?secret=Uel3qjXEGL\" width=\"600\" height=\"338\" title=\"\u00abLas graves insuficiencias de la pol\u00edtica sanitaria espa\u00f1ola\u00bb \u2014 Converses a Catalunya\" data-secret=\"Uel3qjXEGL\" frameborder=\"0\" marginwidth=\"0\" marginheight=\"0\" scrolling=\"no\" class=\"wp-embedded-content\"><\/iframe><script>\n\/*! This file is auto-generated *\/\n!function(d,l){\"use strict\";l.querySelector&&d.addEventListener&&\"undefined\"!=typeof URL&&(d.wp=d.wp||{},d.wp.receiveEmbedMessage||(d.wp.receiveEmbedMessage=function(e){var t=e.data;if((t||t.secret||t.message||t.value)&&!\/[^a-zA-Z0-9]\/.test(t.secret)){for(var s,r,n,a=l.querySelectorAll('iframe[data-secret=\"'+t.secret+'\"]'),o=l.querySelectorAll('blockquote[data-secret=\"'+t.secret+'\"]'),c=new RegExp(\"^https?:$\",\"i\"),i=0;i<o.length;i++)o[i].style.display=\"none\";for(i=0;i<a.length;i++)s=a[i],e.source===s.contentWindow&&(s.removeAttribute(\"style\"),\"height\"===t.message?(1e3<(r=parseInt(t.value,10))?r=1e3:~~r<200&&(r=200),s.height=r):\"link\"===t.message&&(r=new URL(s.getAttribute(\"src\")),n=new URL(t.value),c.test(n.protocol))&&n.host===r.host&&l.activeElement===s&&(d.top.location.href=t.value))}},d.addEventListener(\"message\",d.wp.receiveEmbedMessage,!1),l.addEventListener(\"DOMContentLoaded\",function(){for(var e,t,s=l.querySelectorAll(\"iframe.wp-embedded-content\"),r=0;r<s.length;r++)(t=(e=s[r]).getAttribute(\"data-secret\"))||(t=Math.random().toString(36).substring(2,12),e.src+=\"#?secret=\"+t,e.setAttribute(\"data-secret\",t)),e.contentWindow.postMessage({message:\"ready\",secret:t},\"*\")},!1)))}(window,document);\n<\/script>\n","thumbnail_url":"https:\/\/conversesacatalunya.cat\/wp-content\/uploads\/2020\/04\/coronavirus-10.jpg","thumbnail_width":643,"thumbnail_height":362,"description":"Posiblemente recuerde un baile ef\u00edmero pero que tuvo una gran relevancia en pasados y lejanos veranos, la Yenca, que basaba su ritmo en un avance y retroceso sincopado. Pues a este baile recuerdan las iniciativas gubernamentales sobre las mascarillas. Son cercanas en el tiempo las manifestaciones de ministros, empezando por el de Sanidad y sus expertos, con el doctor Sim\u00f3n a la cabeza, reiterando una y otra vez que las mascarillas carec\u00edan de utilidad, y que m\u00e1s bien eran contraproducentes porque inspiraban una falsa sensaci\u00f3n de seguridad. Esto suced\u00eda con el estado de alarma ya declarado, por tanto, despu\u00e9s del 15 de marzo. Pero es que adem\u00e1s, los observadores internacionales estaban sorprendidos por la falta de iniciativa a pesar de lo que estaba sucediendo en Italia. Porque lo cierto es que Espa\u00f1a dispuso de dos semanas de ventaja respecto a aquel pa\u00eds para prepararse, a partir de lo que all\u00ed estaba sucediendo. De haber obrado as\u00ed, habr\u00eda previsto medidas espec\u00edficas para las personas de m\u00e1s edad, puesto que los datos italianos ya mostraban que m\u00e1s del 75% de los muertos correspond\u00edan a este grupo de poblaci\u00f3n. Pero nada se hizo. En China el confinamiento solo cuando se hab\u00edan producido 30 muertos, Alemania estableci\u00f3 el primer confinamiento parcial con 28; Espa\u00f1a esper\u00f3 a tener 200, y no se atrevi\u00f3 a actuar cerrando Madrid, a pesar de que la situaci\u00f3n explot\u00f3 los dos d\u00edas siguientes en la gran manifestaci\u00f3n feminista del 8 de marzo. Claro que esta falta de medidas en las pol\u00edticas p\u00fablicas ten\u00eda un relato distinto en la interioridad del Gobierno, porque como ahora revela 20 Minutos, a principios de marzo ya se establecieron las primeras medidas preventivas para evitar contagios. Este hecho es muy grave porque constata dos evidencias: la primera, que el Gobierno pens\u00f3 antes en protegerse a s\u00ed mismo que a los ciudadanos; la segunda que permiti\u00f3 en efectivo la manifestaci\u00f3n del d\u00eda 8 a pesar de que en su funcionamiento interno ya hab\u00eda adoptado precauciones. Uno de los muchos costes de esta actitud, que dif\u00edcilmente puede calificarse de responsable, si no es acaso desaprensiva, se encuentra en las mascarillas. El menosprecio de pol\u00edticos y expertos del Gobierno hacia ellas tuvieron como consecuencia pr\u00e1ctica el absoluto desabastecimiento. Tanto que el personal de primera l\u00ednea, el sanitario, y tambi\u00e9n aquel otro que interviene en situaciones de riesgo, como las fuerzas policiales, han venido sufriendo un d\u00e9ficit continuado de ellas. Pero es que adem\u00e1s la poblaci\u00f3n que no son funcionarios, pero que realizan tareas declaradas esenciales por el propio Gobierno, y que mantienen un intenso contacto con las personas, como los que trabajan en supermercados, mercados, quioscos de peri\u00f3dicos, entre otros, no han tenido acceso a esta elemental protecci\u00f3n, porque hace semanas que est\u00e1n desaparecidas. Por no hacer, el Gobierno ni tan solo impuls\u00f3 su fabricaci\u00f3n, cosa perfectamente a su alcance con la declaraci\u00f3n del Estado de alarma. Esta carencia de material tan b\u00e1sico sorprendi\u00f3 a los expertos de pa\u00edses como China, Corea o Hong Kong, que desde el primer momento lo han utilizado como una protecci\u00f3n fundamental. No hace falta ser un experto gubernamental para entender que la mascarilla limita mucho la capacidad de contagio de un portador del Covid-19, y que tambi\u00e9n, en segundo lugar, pero para nada menospreciable, significa una barrera para evitar ser contagiado. La combinaci\u00f3n de estos dos factores establece un nivel de seguridad razonable. Ahora, muchas semanas despu\u00e9s del inicio del Estado de alarma, el Gobierno ha llegado a la conclusi\u00f3n de que las mascarillas son necesarias para toda la poblaci\u00f3n y dice que \u201cest\u00e1 estudiando recomendar el uso de esta protecci\u00f3n a la poblaci\u00f3n general\u201d. Esto naturalmente es un eufemismo, lo \u00fanico que intenta con ese \u201cestar estudiando\u201d es ganar tiempo para intentar disponer del stock de mascarillas suficientes, algo que ten\u00eda de haber resuelto hace tiempo. Pero es que incluso ahora, y comparada con la evoluci\u00f3n italiana que est\u00e1 lejos de ser un modelo, la disponibilidad de mascarillas en aquel pa\u00eds es mucho m\u00e1s amplia que en Espa\u00f1a. Es un caso m\u00e1s que pone de relieve que el grado de desastre que sufre la sociedad espa\u00f1ola tiene como causa primera el coronavirus, evidentemente, pero la causa eficiente es la incapacidad del Gobierno espa\u00f1ol para adoptar en tiempo y forma las decisiones adecuadas. M\u00e1s sobre el coronavirus en ESPECIAL CORONAVIRUS"}