{"version":"1.0","provider_name":"Converses a Catalunya","provider_url":"https:\/\/conversesacatalunya.cat\/es\/","title":"Las 10 causas de la revuelta del agricultor - Converses a Catalunya","type":"rich","width":600,"height":338,"html":"<blockquote class=\"wp-embedded-content\" data-secret=\"HeM37LSkT3\"><a href=\"https:\/\/conversesacatalunya.cat\/es\/las-10-causas-de-la-revuelta-del-agricultor\/\">Las 10 causas de la revuelta del agricultor<\/a><\/blockquote><iframe sandbox=\"allow-scripts\" security=\"restricted\" src=\"https:\/\/conversesacatalunya.cat\/es\/las-10-causas-de-la-revuelta-del-agricultor\/embed\/#?secret=HeM37LSkT3\" width=\"600\" height=\"338\" title=\"\u00abLas 10 causas de la revuelta del agricultor\u00bb \u2014 Converses a Catalunya\" data-secret=\"HeM37LSkT3\" frameborder=\"0\" marginwidth=\"0\" marginheight=\"0\" scrolling=\"no\" class=\"wp-embedded-content\"><\/iframe><script>\n\/*! This file is auto-generated *\/\n!function(d,l){\"use strict\";l.querySelector&&d.addEventListener&&\"undefined\"!=typeof URL&&(d.wp=d.wp||{},d.wp.receiveEmbedMessage||(d.wp.receiveEmbedMessage=function(e){var t=e.data;if((t||t.secret||t.message||t.value)&&!\/[^a-zA-Z0-9]\/.test(t.secret)){for(var s,r,n,a=l.querySelectorAll('iframe[data-secret=\"'+t.secret+'\"]'),o=l.querySelectorAll('blockquote[data-secret=\"'+t.secret+'\"]'),c=new RegExp(\"^https?:$\",\"i\"),i=0;i<o.length;i++)o[i].style.display=\"none\";for(i=0;i<a.length;i++)s=a[i],e.source===s.contentWindow&&(s.removeAttribute(\"style\"),\"height\"===t.message?(1e3<(r=parseInt(t.value,10))?r=1e3:~~r<200&&(r=200),s.height=r):\"link\"===t.message&&(r=new URL(s.getAttribute(\"src\")),n=new URL(t.value),c.test(n.protocol))&&n.host===r.host&&l.activeElement===s&&(d.top.location.href=t.value))}},d.addEventListener(\"message\",d.wp.receiveEmbedMessage,!1),l.addEventListener(\"DOMContentLoaded\",function(){for(var e,t,s=l.querySelectorAll(\"iframe.wp-embedded-content\"),r=0;r<s.length;r++)(t=(e=s[r]).getAttribute(\"data-secret\"))||(t=Math.random().toString(36).substring(2,12),e.src+=\"#?secret=\"+t,e.setAttribute(\"data-secret\",t)),e.contentWindow.postMessage({message:\"ready\",secret:t},\"*\")},!1)))}(window,document);\n<\/script>\n","thumbnail_url":"https:\/\/conversesacatalunya.cat\/wp-content\/uploads\/2024\/02\/pagesia.jpg","thumbnail_width":780,"thumbnail_height":440,"description":"C\u00f3mo han cambiado las cosas. La UE es heredera del Mercado Com\u00fan. Y \u00e9ste naci\u00f3 despu\u00e9s de la II Guerra Mundial, teniendo como tronco central la Pol\u00edtica Agraria Com\u00fan (PAC), orientada a mejorar las condiciones de vida de los agricultores que se convirtieron en la ni\u00f1a de los ojos de la nueva Europa. De esa situaci\u00f3n a la actual va un abismo que est\u00e1 caracterizado como m\u00ednimo por diez puntos cr\u00edticos: Los\u00a0impuestos a los combustibles en tiempos de inflaci\u00f3n. Los\u00a0impuestos ambientales\u00a0que por su naturaleza son regresivos; es decir, no discriminan en funci\u00f3n de la renta. Y, por tanto, castigan especialmente al mundo rural. El\u00a0mal reparto de los costes de la transici\u00f3n energ\u00e9tica. Las \u00e9lites gubernamentales europeas y estatales, la espa\u00f1ola y de manera muy destacada la catalana, han hecho del cambio clim\u00e1tico y la transici\u00f3n energ\u00e9tica una especie de t\u00f3tem que es seguido por medidas sacralizadas sin tener demasiado en cuenta sus consecuencias ni sus efectos colaterales. El campo es especialmente receptor de estos costes por las numerosas limitaciones que se le van imponiendo, cada vez con mayor proporci\u00f3n, sin tener en cuenta sus aportaciones. Las\u00a0restricciones derivadas de criterios ecol\u00f3gicos y animalistas. \u00c9stas se a\u00f1aden a los de la transici\u00f3n energ\u00e9tica, pero parten de otros supuestos relacionados con la protecci\u00f3n de la fauna, la flora y los animales. La legislaci\u00f3n que se ha producido tanto en Europa como en Espa\u00f1a no toma en consideraci\u00f3n el modo de vida rural; si es que no lo desprecia. La burocracia europea. Cada vez m\u00e1s el agricultor, y \u00e9ste es un punto de contacto incre\u00edble con el profesor universitario, debe dedicar m\u00e1s tiempo a cumplimentar el papeleo y con exigencias crecientes. Como por ejemplo, el uso de un cuaderno digital en el que registrar la actividad agr\u00edcola sin considerar que por la avanzada edad de muchos campesinos les representa una gran dificultad para poder adaptarse a estas nuevas exigencias concebidas desde despachos muy lejanos a las realidades humanas sobre las que registran. De hecho, la burocracia europea es tal que ha convertido lo que era el departamento de Agricultura de la Generalitat, tan devaluado que ni conserva ese nombre, en una gran gestor\u00eda. La\u00a0asimetr\u00eda del mercado. El campesino compra en la gran industria y vende en la gran superficie. Es el jam\u00f3n de un bocadillo configurado por dos rebanadas muy poderosas y que, por tanto, el que est\u00e1 en medio, tiene una enorme posibilidad de negociar los precios a los que compra y a los que vende y esto crea una gran indefensi\u00f3n que las medidas gubernamentales no han sabido todav\u00eda resolver de una forma evidente. Los\u00a0tratados de libre comercio de la UE, que tienen como consecuencia las importaciones de productos agrarios en condiciones de clara desigualdad, dado que los pa\u00edses exportadores no tienen las normativas exigentes de la UE y, por tanto, pueden producir alimentos y materia prima agraria con mejores condiciones de precio, a las que se les a\u00f1ade en la mayor\u00eda de los casos salarios mucho m\u00e1s bajos y menor protecci\u00f3n social. Ucrania se ha convertido en un problema cada vez m\u00e1s grave de presente y de futuro. En el inmediato porque el grano ucraniano ha derribado los precios de zonas de cereales de la Uni\u00f3n cercanas, caso de Polonia y Ruman\u00eda. Por otra parte, y aunque sea para un futuro indeterminado, los agricultores ven que la amenaza ucraniana se multiplica con la integraci\u00f3n en la UE. Primero porque se llevar\u00e1 la mayor parte de los recursos de la PAC y segundo porque llevar\u00e1 al mercado producciones a muy bajo precio. La percepci\u00f3n de un\u00a0trato desigual con otros sectores , como el turismo. Es evidente que el sector agrario tiene un impacto ambiental importante, pero tambi\u00e9n lo es que al mismo tiempo es un reductor de ese impacto porque su actividad fija grandes cantidades de CO\u2082, preserva el suelo y conserva el paisaje. La agricultura es una gran generadora de bienes comunes que son aprovechados por el conjunto de la sociedad y esta aportaci\u00f3n, poco com\u00fan entre los sectores productivos, no se tiene en cuenta. El turismo, por su parte, tiene tambi\u00e9n un fuerte impacto ambiental. No s\u00f3lo en las grandes aglomeraciones, sino tambi\u00e9n en el transporte de masas que genera, pero a diferencia de la agricultura no genera estas externalidades ambientales positivas, por el contrario, es un consumidor de bienes p\u00fablicos que en ning\u00fan caso son contabilizados. A pesar de esta situaci\u00f3n, cuando debe restringirse por cuestiones ambientales o ecol\u00f3gicas la actividad, el peso recae sobre el sector agrario y no sobre el turismo. Ahora mismo, en el caso de Catalu\u00f1a las restricciones de agua son demoledoras para el campo y de momento apenas tienen significaci\u00f3n para los hoteles, restaurantes y servicios conectados al turismo. Este trato desigual tambi\u00e9n podr\u00eda extenderse hacia la peque\u00f1a minor\u00eda de m\u00e1ximos ingresos, digamos el 1% m\u00e1s rico, que es generador de un impacto ambiental extraordinariamente mayor que la media de la poblaci\u00f3n; sin embargo, no est\u00e1 ni de lejos bajo el foco de normativas espec\u00edficas como s\u00ed lo est\u00e1 la agricultura. Por ejemplo, en Francia la d\u00e9cima parte de todos los vuelos fueron en aviones privados, seg\u00fan Bloomberg. En tan s\u00f3lo 4 horas estos aviones generan tanto di\u00f3xido de carbono como el que emite una persona de la UE en todo el a\u00f1o. Pero esto tampoco es sujeto de atenci\u00f3n para nuestros pol\u00edticos. Y es l\u00f3gico porque: Existe un desprecio clar\u00edsimo, incluso difamatorio, contra los agricultores, que son presentados a menudo como reaccionarios o sospechosos de apoyar a la extrema derecha. La evidencia es la opuesta. En Francia, donde hay m\u00e1s datos y la revuelta del campesinado es m\u00e1s fuerte, votan menos a Le Penn que la media de los franceses. Tampoco reflejan la idea antieurope\u00edsta del populismo, por el contrario, son unos firmes defensores de la UE porque \u00e9sta tiene como fundamento, ya lo he dicho, la pol\u00edtica agr\u00edcola com\u00fan. Pese a estos hechos, la vocaci\u00f3n de presentarlos como reaccionarios porque se oponen a los t\u00f3tems de la progres\u00eda de las \u00e9lites..."}