{"version":"1.0","provider_name":"Converses a Catalunya","provider_url":"https:\/\/conversesacatalunya.cat\/es\/","title":"La sequ\u00eda ya es un problema - Converses a Catalunya","type":"rich","width":600,"height":338,"html":"<blockquote class=\"wp-embedded-content\" data-secret=\"j6ZCNbczl8\"><a href=\"https:\/\/conversesacatalunya.cat\/es\/la-sequia-ya-es-un-problema\/\">La sequ\u00eda ya es un problema<\/a><\/blockquote><iframe sandbox=\"allow-scripts\" security=\"restricted\" src=\"https:\/\/conversesacatalunya.cat\/es\/la-sequia-ya-es-un-problema\/embed\/#?secret=j6ZCNbczl8\" width=\"600\" height=\"338\" title=\"\u00abLa sequ\u00eda ya es un problema\u00bb \u2014 Converses a Catalunya\" data-secret=\"j6ZCNbczl8\" frameborder=\"0\" marginwidth=\"0\" marginheight=\"0\" scrolling=\"no\" class=\"wp-embedded-content\"><\/iframe><script>\n\/*! This file is auto-generated *\/\n!function(d,l){\"use strict\";l.querySelector&&d.addEventListener&&\"undefined\"!=typeof URL&&(d.wp=d.wp||{},d.wp.receiveEmbedMessage||(d.wp.receiveEmbedMessage=function(e){var t=e.data;if((t||t.secret||t.message||t.value)&&!\/[^a-zA-Z0-9]\/.test(t.secret)){for(var s,r,n,a=l.querySelectorAll('iframe[data-secret=\"'+t.secret+'\"]'),o=l.querySelectorAll('blockquote[data-secret=\"'+t.secret+'\"]'),c=new RegExp(\"^https?:$\",\"i\"),i=0;i<o.length;i++)o[i].style.display=\"none\";for(i=0;i<a.length;i++)s=a[i],e.source===s.contentWindow&&(s.removeAttribute(\"style\"),\"height\"===t.message?(1e3<(r=parseInt(t.value,10))?r=1e3:~~r<200&&(r=200),s.height=r):\"link\"===t.message&&(r=new URL(s.getAttribute(\"src\")),n=new URL(t.value),c.test(n.protocol))&&n.host===r.host&&l.activeElement===s&&(d.top.location.href=t.value))}},d.addEventListener(\"message\",d.wp.receiveEmbedMessage,!1),l.addEventListener(\"DOMContentLoaded\",function(){for(var e,t,s=l.querySelectorAll(\"iframe.wp-embedded-content\"),r=0;r<s.length;r++)(t=(e=s[r]).getAttribute(\"data-secret\"))||(t=Math.random().toString(36).substring(2,12),e.src+=\"#?secret=\"+t,e.setAttribute(\"data-secret\",t)),e.contentWindow.postMessage({message:\"ready\",secret:t},\"*\")},!1)))}(window,document);\n<\/script>\n","thumbnail_url":"https:\/\/conversesacatalunya.cat\/wp-content\/uploads\/2022\/02\/sequera.jpg","thumbnail_width":670,"thumbnail_height":378,"description":"En contra de lo que se pueda pensar, los per\u00edodos de sequ\u00eda no son un hecho extra\u00f1o en Catalu\u00f1a, y ahora nos estamos abocando a una nueva circunstancia de este tipo.\u00a0Como puede observarse en el gr\u00e1fico adjunto, los a\u00f1os en los que el conjunto de Catalu\u00f1a o una parte de ella ha sufrido sequ\u00edas son numerosos.\u00a0Los \u00faltimos tan pr\u00f3ximos como 2019, 2017 que fue una sequ\u00eda ib\u00e9rica, 2016 que tambi\u00e9n abarc\u00f3 toda la pen\u00ednsula casi con excepci\u00f3n del Valle del Ebro y la costa sur del Mediterr\u00e1neo, en 2012. En definitiva, algo at\u00edpico, que ahora con el cambio clim\u00e1tico tiende a acentuarse.\u00a0Sin embargo, esta circunstancia comporta una ventaja adicional.\u00a0Catalu\u00f1a y en general la costa mediterr\u00e1nea, Baleares y Canarias, est\u00e1n mejor preparadas que el resto de Espa\u00f1a, \u00e1rea central y cant\u00e1brico, para afrontar per\u00edodos de falta de agua porque disponemos de desaladoras y un mayor nivel de reutilizaci\u00f3n del agua. Los ciclos secos siguen un proceso que puede caracterizarse en estos t\u00e9rminos.\u00a0Primero se produce la sequ\u00eda meteorol\u00f3gica, es decir, la\u00a0falta de lluvia, que a su vez da lugar a un aumento de la evapotranspiraci\u00f3n de la vegetaci\u00f3n por falta de nubes y provoca una sequ\u00eda ecol\u00f3gica incrementando el riesgo de incendios.\u00a0El muy reciente que se ha producido en Roses (Alt Empord\u00e0) es un ejemplo de este tipo de consecuencia. A continuaci\u00f3n se produce la sequ\u00eda hidrol\u00f3gica cuando los embalses reducen su capacidad por debajo de niveles cr\u00edticos. Se produce la\u00a0sequ\u00eda agr\u00edcola\u00a0que comienza con el secano menguando sustancialmente su producci\u00f3n, y que se extiende a las limitaciones de agua por los regad\u00edos que multiplican el problema.\u00a0Tambi\u00e9n disminuye la\u00a0producci\u00f3n hidroel\u00e9ctrica, lo que en las actuales circunstancias agravar\u00eda el problema del coste de la energ\u00eda.\u00a0La \u00faltima consecuencia del d\u00e9ficit pluviom\u00e9trico es cuando llega a las ciudades y a la industria, provocando las restricciones de agua. Se trata, por tanto, de un proceso lento, pero que a diferencia de otros fen\u00f3menos adversos tiene una extensi\u00f3n territorial importante.\u00a0Sus inicios pueden quedar m\u00e1s o menos difuminados o fragmentados y s\u00f3lo se percibe en toda su importancia cuando se extiende y agudiza. La sequ\u00eda en Espa\u00f1a no es todav\u00eda una realidad salvo en Andaluc\u00eda, Catalu\u00f1a, Canarias y Galicia, que ya han formulado la alerta correspondiente. La evoluci\u00f3n atmosf\u00e9rica para el per\u00edodo de marzo a mayo, que en el \u00e1mbito mediterr\u00e1neo es de precipitaciones, determina que la pr\u00f3xima primavera las lluvias ser\u00e1n escasas y en consecuencia estaremos ante un\u00a0a\u00f1o seco importante, que podr\u00eda ser el origen de un per\u00edodo de sequ\u00eda de larga duraci\u00f3n.\u00a0La excepci\u00f3n puede ser la franja m\u00e1s oriental de la pen\u00ednsula y, por tanto, posiblemente Catalu\u00f1a, donde las precipitaciones pudieran ser m\u00e1s o menos normales.\u00a0Las previsiones de temperatura se\u00f1alan que ser\u00e1n superiores a las de un a\u00f1o medio y, como resultado, la escasez h\u00eddrica se ver\u00e1 agravada y la sequ\u00eda de los bosques comportar\u00e1 un mayor riesgo de posibles incendios forestales. Ante este nuevo episodio de a\u00f1o seco, del que todav\u00eda desconocemos su intensidad, es necesario formular la reflexi\u00f3n sobre la circunstancia de que a consecuencia del cambio clim\u00e1tico estos per\u00edodos de insuficiente precipitaci\u00f3n no s\u00f3lo ser\u00e1n m\u00e1s frecuentes, sino que tambi\u00e9n los a\u00f1os normales o de lluvia importante tendr\u00e1n como caracter\u00edstica un aumento de la torrencialidad.\u00a0Es decir, la cifra en agua total ca\u00edda a lo largo del a\u00f1o ser\u00e1 la misma, pero su distribuci\u00f3n har\u00e1 que haya per\u00edodos de lluvias muy intensas y, en este sentido, de efectos menos favorables, y meses en los que no caer\u00e1 ni una gota. Todo ello obliga a un planteamiento integral del sistema hidrol\u00f3gico y de abastecimiento de aguas de nuestro pa\u00eds, en el que adem\u00e1s de la sequ\u00eda, la torrencialidad ha sido tambi\u00e9n una caracter\u00edstica hist\u00f3rica. &nbsp;"}