{"version":"1.0","provider_name":"Converses a Catalunya","provider_url":"https:\/\/conversesacatalunya.cat\/es\/","title":"La necesaria defensa de lo humano - Converses a Catalunya","type":"rich","width":600,"height":338,"html":"<blockquote class=\"wp-embedded-content\" data-secret=\"FngAjBNaOH\"><a href=\"https:\/\/conversesacatalunya.cat\/es\/la-necesaria-defensa-de-lo-humano\/\">La necesaria defensa de lo humano<\/a><\/blockquote><iframe sandbox=\"allow-scripts\" security=\"restricted\" src=\"https:\/\/conversesacatalunya.cat\/es\/la-necesaria-defensa-de-lo-humano\/embed\/#?secret=FngAjBNaOH\" width=\"600\" height=\"338\" title=\"\u00abLa necesaria defensa de lo humano\u00bb \u2014 Converses a Catalunya\" data-secret=\"FngAjBNaOH\" frameborder=\"0\" marginwidth=\"0\" marginheight=\"0\" scrolling=\"no\" class=\"wp-embedded-content\"><\/iframe><script>\n\/*! This file is auto-generated *\/\n!function(d,l){\"use strict\";l.querySelector&&d.addEventListener&&\"undefined\"!=typeof URL&&(d.wp=d.wp||{},d.wp.receiveEmbedMessage||(d.wp.receiveEmbedMessage=function(e){var t=e.data;if((t||t.secret||t.message||t.value)&&!\/[^a-zA-Z0-9]\/.test(t.secret)){for(var s,r,n,a=l.querySelectorAll('iframe[data-secret=\"'+t.secret+'\"]'),o=l.querySelectorAll('blockquote[data-secret=\"'+t.secret+'\"]'),c=new RegExp(\"^https?:$\",\"i\"),i=0;i<o.length;i++)o[i].style.display=\"none\";for(i=0;i<a.length;i++)s=a[i],e.source===s.contentWindow&&(s.removeAttribute(\"style\"),\"height\"===t.message?(1e3<(r=parseInt(t.value,10))?r=1e3:~~r<200&&(r=200),s.height=r):\"link\"===t.message&&(r=new URL(s.getAttribute(\"src\")),n=new URL(t.value),c.test(n.protocol))&&n.host===r.host&&l.activeElement===s&&(d.top.location.href=t.value))}},d.addEventListener(\"message\",d.wp.receiveEmbedMessage,!1),l.addEventListener(\"DOMContentLoaded\",function(){for(var e,t,s=l.querySelectorAll(\"iframe.wp-embedded-content\"),r=0;r<s.length;r++)(t=(e=s[r]).getAttribute(\"data-secret\"))||(t=Math.random().toString(36).substring(2,12),e.src+=\"#?secret=\"+t,e.setAttribute(\"data-secret\",t)),e.contentWindow.postMessage({message:\"ready\",secret:t},\"*\")},!1)))}(window,document);\n<\/script>\n","thumbnail_url":"https:\/\/conversesacatalunya.cat\/wp-content\/uploads\/2020\/05\/Coronavirus-2-Especial.jpg","thumbnail_width":770,"thumbnail_height":420,"description":"En nombre de la emergencia sanitaria se ha instituido de hecho un estado de excepci\u00f3n, disfrazado formalmente de estado de alarma. Debido a la crisis desencadenada, Espa\u00f1a adopt\u00f3 de forma muy radical, que todav\u00eda mantiene, la medida m\u00e1s primitiva de todas: el confinamiento general bajo vigilancia policial. En pleno siglo XXI, la \u00fanica respuesta que han considerado eficaz es\u00a0la que ya se aplicaba en la Edad Media. Deber\u00eda hacernos pensar. Como tambi\u00e9n deber\u00eda empujarnos a ello, la rapidez con la que se aplic\u00f3 el control social, o las aportaciones espont\u00e1neas e innovadoras como el \u201cpasaporte biol\u00f3gico\u201d una especie de carn\u00e9 sanitario para facilitar la libre circulaci\u00f3n, o la f\u00e1cil aceptaci\u00f3n del control de nuestros desplazamientos mediante los tel\u00e9fonos m\u00f3viles. Y tambi\u00e9n da que pensar como se ha suprimido de un plumazo el derecho de reuni\u00f3n, o se ha controlado la libertad de expresi\u00f3n por m\u00e9todos m\u00e1s sofisticados que la anta\u00f1ona censura. Lo que sucedi\u00f3 con el propio informe de la Guardia Civil y su concepto de lo que se consideraban \u201cnoticias falsas\u201d, es una advertencia que no debe caer en saco roto. Todo esto contrasta con el retraso en la respuesta -\u00bfd\u00f3nde paraba la red de alerta epidemiol\u00f3gica en enero y febrero?-, la falta de preparaci\u00f3n de nuestros dirigentes y la confusi\u00f3n de las pol\u00edticas adoptada. Est\u00e1n por escribir las causas de la falta de mascarillas, o el pobre n\u00famero de pruebas realizado, que sit\u00faan a Espa\u00f1a en el lugar 17 de los pa\u00edses de la OCDE. Peor todav\u00eda, hace falta explicar el tr\u00e1gico retraso en la disponibilidad de suficientes respiradores, uno de los motivos de la elevada mortalidad espa\u00f1ola, que a su vez nos remite a los directamente perjudicados: las personas de m\u00e1s edad. Y todo ello enmarcado por el cruel trato que han sufrido, como los propios datos se\u00f1alan a quien quiera leerlos. A partir de los datos oficiales hasta el 23 de abril sobre los ingresos hospitalarios, en UCI, y la defunciones, por franjas de edad, se observa que mientras para el conjunto de los\u00a0 ingresados en los hospitales pasaron a la UCI el 8,6%, para los comprendidos entre los 80 y 89 a\u00f1os solo ingresaron el 1,68%, cinco veces menos, mientras que los mayores de 90 a\u00f1os tuvieron una presencia insignificante. \u00a1El 0,68% de los hospitalizados!\u00a0Solo 217 entre 13.654 octogenarios\u00a0hospitalizados ingresaron en la UCI, y tan pocos\u00a0como 28 sobre 4.095\u00a0hospitalizados de nonagenarios El resultado de esta selecci\u00f3n ha sido la gran mortalidad. La media sobre el total de hospitalizados fue del 19%, mientras que para los\u00a0octogenarios ha sido del 40% y entre los nonagenarios llegaba al 60%. Mor\u00edan m\u00e1s que se salvaban. Son unas cifras de esc\u00e1ndalo. Cierto es que la Covid-19 es m\u00e1s peligrosa en funci\u00f3n de la edad, pero los datos muestran que, a pesar de la gravedad de sus casos,\u00a0estas personas fueron discriminadas en cuanto a su ingreso en la UCI. No ingresaron los m\u00e1s graves sino los de menor edad, y por ello\u00a0murieron en mayor medida, que la provocada por la gravedad de su estado. Los dieron por muertos antes de que fallecieran. \u00bfQu\u00e9 conclusiones se deben extraer de todo esto? Dos hechos adicionales deber\u00edan llamarnos poderosamente la atenci\u00f3n. Uno es la prohibici\u00f3n de acompa\u00f1ar\u00a0m\u00ednimamente al ser querido en el momento de su traspaso final. Todos entendemos que los rituales habituales no pueden realizarse, pero que no se nos venda como un imposible, la pr\u00e1ctica de un \u00faltimo gesto de compa\u00f1\u00eda, sin mayores riesgos que los que sufre diariamente la cajera del supermercado. El otro\u00a0guarda relaci\u00f3n con la libertad religiosa del culto, que es la matriz de otros derechos. Se permite la salida y el consiguiente paseo para satisfacer las necesidades de nuestros perros, pero al mismo tiempo acudir a un templo a orar no est\u00e1 contemplado como una necesidad a satisfacer. \u00bfQu\u00e9 hay que entender de todo\u00a0ello? \u00a0\u00bfSe trata de que hayan situado en el primer plano el derecho a vivir de los m\u00e1s j\u00f3venes? No lo creo. Hace tiempo que se\u00a0deslegitim\u00f3 el derecho a nacer, y se le retir\u00f3 toda condici\u00f3n de ser humano a la criatura engendrada. Hace tiempo que se ha generalizado el aborto eugen\u00e9sico. Un estado que admite esto, no est\u00e1 defendiendo la vida de los m\u00e1s j\u00f3venes. Es la\u00a0ideolog\u00eda del poder, una mezcla de realizaci\u00f3n del deseo y concepci\u00f3n instrumental de la vida humana la que impera, donde el humanismo ha sido liquidado. El resultado ante una crisis grave ha sido el abandono de nuestros mayores, la selecci\u00f3n del derecho a vivir debido a la edad, la liquidaci\u00f3n de todo acompa\u00f1amiento en la muerte, y la\u00a0prohibici\u00f3n\u00a0f\u00e1ctica, que no la restricci\u00f3n, del culto religioso y en las condiciones de seguridad que resultasen necesarias, Mientras que por l\u00f3gicas razones funcionales, s\u00ed se puede sacar a pasear al perro las veces que haga falta, tal consideraci\u00f3n no rige para las cosas del alma. \u00bfA la luz de todos estos hechos concretos, qu\u00e9 proyecto vital refleja esta forma de ordenar la vida social? Se entiende que en las crisis sucedan cosas anormales, pero precisamente por ello lo peor que se puede hacer es intentar justificarlas, en lugar de velar por el respeto a lo humano, porque es precisamente en el aprieto donde se verifica la humanidad. Art\u00edculo publicado en La Vanguardia"}