{"version":"1.0","provider_name":"Converses a Catalunya","provider_url":"https:\/\/conversesacatalunya.cat\/es\/","title":"\u00cdndice de competitividad regional en la UE - Converses a Catalunya","type":"rich","width":600,"height":338,"html":"<blockquote class=\"wp-embedded-content\" data-secret=\"dFkWKPh4mw\"><a href=\"https:\/\/conversesacatalunya.cat\/es\/index-de-competitivitat-regional-a-la-ue\/\">\u00cdndice de competitividad regional en la UE<\/a><\/blockquote><iframe sandbox=\"allow-scripts\" security=\"restricted\" src=\"https:\/\/conversesacatalunya.cat\/es\/index-de-competitivitat-regional-a-la-ue\/embed\/#?secret=dFkWKPh4mw\" width=\"600\" height=\"338\" title=\"\u00ab\u00cdndice de competitividad regional en la UE\u00bb \u2014 Converses a Catalunya\" data-secret=\"dFkWKPh4mw\" frameborder=\"0\" marginwidth=\"0\" marginheight=\"0\" scrolling=\"no\" class=\"wp-embedded-content\"><\/iframe><script>\n\/*! This file is auto-generated *\/\n!function(d,l){\"use strict\";l.querySelector&&d.addEventListener&&\"undefined\"!=typeof URL&&(d.wp=d.wp||{},d.wp.receiveEmbedMessage||(d.wp.receiveEmbedMessage=function(e){var t=e.data;if((t||t.secret||t.message||t.value)&&!\/[^a-zA-Z0-9]\/.test(t.secret)){for(var s,r,n,a=l.querySelectorAll('iframe[data-secret=\"'+t.secret+'\"]'),o=l.querySelectorAll('blockquote[data-secret=\"'+t.secret+'\"]'),c=new RegExp(\"^https?:$\",\"i\"),i=0;i<o.length;i++)o[i].style.display=\"none\";for(i=0;i<a.length;i++)s=a[i],e.source===s.contentWindow&&(s.removeAttribute(\"style\"),\"height\"===t.message?(1e3<(r=parseInt(t.value,10))?r=1e3:~~r<200&&(r=200),s.height=r):\"link\"===t.message&&(r=new URL(s.getAttribute(\"src\")),n=new URL(t.value),c.test(n.protocol))&&n.host===r.host&&l.activeElement===s&&(d.top.location.href=t.value))}},d.addEventListener(\"message\",d.wp.receiveEmbedMessage,!1),l.addEventListener(\"DOMContentLoaded\",function(){for(var e,t,s=l.querySelectorAll(\"iframe.wp-embedded-content\"),r=0;r<s.length;r++)(t=(e=s[r]).getAttribute(\"data-secret\"))||(t=Math.random().toString(36).substring(2,12),e.src+=\"#?secret=\"+t,e.setAttribute(\"data-secret\",t)),e.contentWindow.postMessage({message:\"ready\",secret:t},\"*\")},!1)))}(window,document);\n<\/script>\n","thumbnail_url":"https:\/\/conversesacatalunya.cat\/wp-content\/uploads\/2023\/04\/competitividad.jpg","thumbnail_width":991,"thumbnail_height":545,"description":"En un\u00a0informe anterior\u00a0presentamos los principales perfiles que sobre Catalu\u00f1a se\u00f1ala el \u00edndice de competitividad regional europea.\u00a0Para acabar de redondear el diagn\u00f3stico podemos ver ahora una comparativa entre Catalu\u00f1a y Madrid a las que le hemos a\u00f1adido como elemento de contraste la regi\u00f3n alemana de la Alta Baviera con su capital M\u00fanich, con una poblaci\u00f3n de 4,2 millones de euros. habitantes y 17.000 km\u00b2. Catalu\u00f1a tiene 31.000 km\u00b2. De esta comparativa quedamos\u00a0maltrechos\u00a0salvo en algunos aspectos que no son menores.\u00a0Globalmente, en el \u00edndice de competitividad quedamos claramente por detr\u00e1s de la Alta Baviera (130,4) y de Madrid (119,3), por s\u00f3lo 101,3 de Catalunya.\u00a0En el sub\u00edndice b\u00e1sico (que mide las instituciones pol\u00edticas, el cuadro macroecon\u00f3mico del estado, las infraestructuras, la salud y la educaci\u00f3n b\u00e1sica) quedamos tambi\u00e9n claramente por debajo de Baviera (128,9) y Madrid (98.0) porque s\u00f3lo alcanzamos un 88,5. Pero atenci\u00f3n, porque en este cap\u00edtulo se dan dos de nuestros\u00a0puntos fuertes\u00a0que compartimos con Madrid desde la segunda posici\u00f3n.\u00a0Se trata de las\u00a0infraestructuras y la salud.\u00a0En ambos casos nos situamos codo con codo con Madrid, si bien con ventaja por su parte (152 y 154, respectivamente) y por delante de Baviera.\u00a0Tambi\u00e9n pasa en salud, aunque aqu\u00ed la posici\u00f3n de Madrid, primera, es m\u00e1s destacada (127,2) por 117 Catalunya y 112 Baviera.\u00a0Puede sorprender, no esa dimensi\u00f3n de salud, pero s\u00ed la de infraestructuras porque normalmente la vemos como un punto d\u00e9bil, pero esto es lo que nos dicen los datos del \u00edndice. Entonces, y aqu\u00ed hay que prestar atenci\u00f3n, \u00bfpor qu\u00e9 el resultado de este sub\u00edndice b\u00e1sico no es m\u00e1s claramente positivo?\u00a0Porque fallamos en tres aspectos muy importantes.\u00a0El marco\u00a0macroecon\u00f3mico, que es el com\u00fan del estado, donde Alemania est\u00e1 muy por encima de Espa\u00f1a, 136,7 a 78,1.\u00a0Pero tambi\u00e9n pinchamos en las\u00a0instituciones, sobre todo en el caso catal\u00e1n, con un 88,5, mientras que en Madrid alcanza el 98. Ambos casos por debajo de la media europea, pero en el nuestro muy por debajo.\u00a0Mientras que la Alta Baviera se sit\u00faa en un 128,9. Y tambi\u00e9n en la\u00a0ense\u00f1anza b\u00e1sica, dato referido al conjunto del estado, la diferencia es perjudicial y compartida por Madrid y Catalu\u00f1a. El segundo sub\u00edndice es el que mide\u00a0la eficiencia\u00a0e incorpora los cap\u00edtulos de ense\u00f1anza superior, aprendizaje permanente, mercado laboral y tama\u00f1o del mercado.\u00a0Obviamente en este \u00faltimo la ventaja alemana es muy grande, pero tambi\u00e9n nos supera en todos los dem\u00e1s, si bien en educaci\u00f3n superior Madrid queda ligeramente por encima de la subregi\u00f3n alemana ,116,7 a 114,9, mientras que Catalu\u00f1a ha de conformarse con un 93,6. En el\u00a0mercado laboral, tambi\u00e9n como es l\u00f3gico, la situaci\u00f3n alemana aparece mucho mejor que la nuestra. Pero siempre con Madrid frente a Catalunya. Por \u00faltimo, el sub\u00edndice\u00a0de innovaci\u00f3n\u00a0nos reporta algunas alegr\u00edas.\u00a0Si bien considerado globalmente volvemos a ser los terceros como pr\u00e1cticamente todos los dem\u00e1s, las cifras son mejores: Alta Baviera con 131,8, Madrid 126,4 y Catalu\u00f1a 117,7.\u00a0Por tanto, una cifra claramente por encima de la media europea. Pero es que si observamos el apartado de\u00a0preparaci\u00f3n tecnol\u00f3gica, tanto Catalu\u00f1a como Madrid quedan pr\u00e1cticamente a la par, con 136 y 140 respectivamente, un resultado mucho mejor que el de la regi\u00f3n de M\u00fanich, con un 103,4. Y \u00e9ste es un punto a favor.\u00a0Lo que ocurre es que en los otros dos apartados,\u00a0sofisticaci\u00f3n empresarial e innovaci\u00f3n, quedamos muy atr\u00e1s.\u00a0En sofisticaci\u00f3n empresarial, Catalu\u00f1a no se sit\u00faa ni siquiera en la media de la Uni\u00f3n, porque s\u00f3lo alcanza un 96,9.\u00a0Y en innovaci\u00f3n, si bien la marca es buena, 116,4, similar a la de Madrid de 119,7, la Alta Baviera nos da sopas porque se eleva hasta el 177,1 uno de los registros m\u00e1s elevados del conjunto de regiones europeas. El diagn\u00f3stico por el lado de la comparaci\u00f3n tambi\u00e9n resulta claro.\u00a0Las instituciones catalanas son un fracaso desde el punto de vista de mejorar la competitividad del pa\u00eds.\u00a0El marco macroecon\u00f3mico espa\u00f1ol es altamente deficiente.\u00a0La educaci\u00f3n b\u00e1sica no llega a la media europea, como tampoco lo hace la superior ni el mercado laboral ni la sofisticaci\u00f3n empresarial.\u00a0En contrapartida, tenemos ventajas en las infraestructuras y eso significa que algo no acabamos de hacer bien si no sacamos m\u00e1s provecho. Contamos con una poblaci\u00f3n saludable y tenemos una buena preparaci\u00f3n tecnol\u00f3gica. Es deducible de todo ello que junto a los errores b\u00e1sicos, como los relacionados con la ense\u00f1anza, existe una incapacidad colectiva, y aqu\u00ed tiene mucho que ver la dimensi\u00f3n pol\u00edtica, al combinar bien la gesti\u00f3n de los factores para obtener mejores resultados.\u00a0Este d\u00e9ficit, si bien con mucha menor intensidad, tambi\u00e9n lo sufre nuestro mundo empresarial."}