{"version":"1.0","provider_name":"Converses a Catalunya","provider_url":"https:\/\/conversesacatalunya.cat\/es\/","title":"Hay que empezar desde los cimientos - Converses a Catalunya","type":"rich","width":600,"height":338,"html":"<blockquote class=\"wp-embedded-content\" data-secret=\"XXPVEOl7JN\"><a href=\"https:\/\/conversesacatalunya.cat\/es\/hay-que-empezar-desde-los-cimientos\/\">Hay que empezar desde los cimientos<\/a><\/blockquote><iframe sandbox=\"allow-scripts\" security=\"restricted\" src=\"https:\/\/conversesacatalunya.cat\/es\/hay-que-empezar-desde-los-cimientos\/embed\/#?secret=XXPVEOl7JN\" width=\"600\" height=\"338\" title=\"\u00abHay que empezar desde los cimientos\u00bb \u2014 Converses a Catalunya\" data-secret=\"XXPVEOl7JN\" frameborder=\"0\" marginwidth=\"0\" marginheight=\"0\" scrolling=\"no\" class=\"wp-embedded-content\"><\/iframe><script>\n\/*! This file is auto-generated *\/\n!function(d,l){\"use strict\";l.querySelector&&d.addEventListener&&\"undefined\"!=typeof URL&&(d.wp=d.wp||{},d.wp.receiveEmbedMessage||(d.wp.receiveEmbedMessage=function(e){var t=e.data;if((t||t.secret||t.message||t.value)&&!\/[^a-zA-Z0-9]\/.test(t.secret)){for(var s,r,n,a=l.querySelectorAll('iframe[data-secret=\"'+t.secret+'\"]'),o=l.querySelectorAll('blockquote[data-secret=\"'+t.secret+'\"]'),c=new RegExp(\"^https?:$\",\"i\"),i=0;i<o.length;i++)o[i].style.display=\"none\";for(i=0;i<a.length;i++)s=a[i],e.source===s.contentWindow&&(s.removeAttribute(\"style\"),\"height\"===t.message?(1e3<(r=parseInt(t.value,10))?r=1e3:~~r<200&&(r=200),s.height=r):\"link\"===t.message&&(r=new URL(s.getAttribute(\"src\")),n=new URL(t.value),c.test(n.protocol))&&n.host===r.host&&l.activeElement===s&&(d.top.location.href=t.value))}},d.addEventListener(\"message\",d.wp.receiveEmbedMessage,!1),l.addEventListener(\"DOMContentLoaded\",function(){for(var e,t,s=l.querySelectorAll(\"iframe.wp-embedded-content\"),r=0;r<s.length;r++)(t=(e=s[r]).getAttribute(\"data-secret\"))||(t=Math.random().toString(36).substring(2,12),e.src+=\"#?secret=\"+t,e.setAttribute(\"data-secret\",t)),e.contentWindow.postMessage({message:\"ready\",secret:t},\"*\")},!1)))}(window,document);\n<\/script>\n","thumbnail_url":"https:\/\/conversesacatalunya.cat\/wp-content\/uploads\/2021\/07\/Construction-hero.jpg","thumbnail_width":920,"thumbnail_height":500,"description":"No hay atajos, hay que empezar desde los cimientos, siguiendo lo que dice el Evangelio: \u00abNadie cose en un vestido viejo un parche de tela sin tratar: la ropa nueva estirar\u00eda la vieja y se har\u00eda un desgarr\u00f3n gordo. Y nadie echa vino nuevo en botes viejos, porque el vino reventar\u00eda los botes y se estropear\u00edan botes y el vino. A vino nuevo, botes nuevos \u00ab(Marcos 2,21-22). Es lo que hay que hacer para lograr una buena respuesta pol\u00edtica para la situaci\u00f3n en la que ha llegado Catalu\u00f1a, que presenta unos graves problemas espec\u00edficos vinculados al callej\u00f3n del independentismo y haberse transformado en un sistema de vida para unas nuevas \u00e9lites, una \u00abnueva clase\u00ab, que TV-3 muestra tan bien cada d\u00eda. Pero junto con este escenario, por s\u00ed solo bastante grave, est\u00e1 la\u00a0crisis generalizada de valores y virtudes de las instituciones y la sociedad, que hace -es s\u00f3lo un ejemplo- que nos mostremos tan incapaces de salir del destructor Vietnam que est\u00e1 resultando\u00a0la pandemia inacabable. Hay tambi\u00e9n una crisis de estado, con una tendencia terrible a alterar el estado de derecho en una especie\u00a0de dictadura del poder ejecutivo, y una transformaci\u00f3n de todas las instituciones de la sociedad, la familia, la paternidad y maternidad, la descendencia, inventando una neolengua, que no s\u00f3lo designa nombres, sino que prescribe nuevas realidades. El padre y la madre, por citar tan s\u00f3lo uno de los \u00faltimos cambios, dejan de ser tales para pasar a convertirse en\u00a0progenitores no gestante y gestante. Lo que sucede, ante un conformismo generalizado, es que se legisla desde los m\u00e1rgenes para transformar a toda la sociedad, no de acuerdo con lo que ella es realmente, sino de acuerdo con los intereses de aquellos m\u00e1rgenes. Todo esto significa un problema no s\u00f3lo pol\u00edtico, sino antropol\u00f3gico y moral, y su consecuencia es econ\u00f3mica y social; cultural tambi\u00e9n, en el sentido de cu\u00e1les son los valores y virtudes compartidos y practicados. Y tambi\u00e9n sobre la naturaleza del estado, porque un estado pretendidamente liberal no tiene una ideolog\u00eda espec\u00edfica, por eso es liberal, mientras que\u00a0el actual nos adoctrina desde la escuela, tanto que quiere que los ni\u00f1os prescindan de los padres, y desde su infancia se \u00abdescubran\u00bb para saber si son hombres -mal- mujeres, cada vez m\u00e1s mal vistas porque son heterosexuales fijadas, o cisg\u00e8nere, como desee, y vean si son GLBT + Y la cuesti\u00f3n no es s\u00f3lo espa\u00f1ola o catalana. Cada vez m\u00e1s la Uni\u00f3n Europea se convierte en un\u00a0club de \u00abprogres\u00bb en el que los estados que abusan econ\u00f3micamente de otros estados, porque son verdaderos para\u00edsos fiscales, caso de los Pa\u00edses Bajos, son los due\u00f1os del discurso, porque su discurso es m\u00e1s progre, no porque sea socialmente m\u00e1s justo, sino porque va m\u00e1s de identidades de g\u00e9nero, eutanasia y aborto. Ninguno de los partidos pol\u00edticos del \u00e1mbito catal\u00e1n reflexiona seriamente sobre todo esto, que se combina adem\u00e1s con la incertidumbre econ\u00f3mica, clim\u00e1tica y el desmoronamiento demogr\u00e1fico. Todos hablan y tratan lo pol\u00edticamente correcto en un c\u00edrculo vicioso que hace desprendernos m\u00e1s y m\u00e1s al agujero negro que nos est\u00e1n construyendo. Por ello, hay que empezar de nuevo desde la base, en la que los j\u00f3venes que escapan de las olas de alienaci\u00f3n tienen un papel determinante. \u00bfQue todo esto afrontado muy de golpe es dif\u00edcil de digerir? \u00a1Por supuesto!\u00a0Estoy de acuerdo, pero al mismo tiempo no podemos ignorarlo.\u00a0Hay que tener claro y ordenar con prudencia, aquella virtud que significa escoger el mejor camino para alcanzar los fines deseados.\u00a0Pragmatismo no es dedicarse a los detalles menores, sino sacrificar lo secundario para lo que es principal. Y Aqu\u00ed hay que dejar claro que es lo principal para nosotros. Pero, pensar en t\u00e9rminos de la magnitud del problema no nos hace perder de vista la pr\u00e1ctica pol\u00edtica, porque el leer no nos hace perder el escribir.\u00a0Le da testimonio la primera campa\u00f1a lanzada en la perspectiva de las pr\u00f3ximas elecciones en Barcelona. Una llamada y una campa\u00f1a en las redes social combinada con cartelera en la calle, c\u00f3digo QR incluido, lo se\u00f1alan claramente.\u00a0Una llamada a la que, por cierto, te invito a\u00a0leer el manifiesto y adherirse te."}