{"version":"1.0","provider_name":"Converses a Catalunya","provider_url":"https:\/\/conversesacatalunya.cat\/es\/","title":"Europa habla por fin de la crisis de la natalidad, pero presenta ideas desconcertantes - Converses a Catalunya","type":"rich","width":600,"height":338,"html":"<blockquote class=\"wp-embedded-content\" data-secret=\"ko526lr2gd\"><a href=\"https:\/\/conversesacatalunya.cat\/es\/europa-crisis-natalidad-no-solucion\/\">Europa habla por fin de la crisis de la natalidad, pero presenta ideas desconcertantes<\/a><\/blockquote><iframe sandbox=\"allow-scripts\" security=\"restricted\" src=\"https:\/\/conversesacatalunya.cat\/es\/europa-crisis-natalidad-no-solucion\/embed\/#?secret=ko526lr2gd\" width=\"600\" height=\"338\" title=\"\u00abEuropa habla por fin de la crisis de la natalidad, pero presenta ideas desconcertantes\u00bb \u2014 Converses a Catalunya\" data-secret=\"ko526lr2gd\" frameborder=\"0\" marginwidth=\"0\" marginheight=\"0\" scrolling=\"no\" class=\"wp-embedded-content\"><\/iframe><script>\n\/*! This file is auto-generated *\/\n!function(d,l){\"use strict\";l.querySelector&&d.addEventListener&&\"undefined\"!=typeof URL&&(d.wp=d.wp||{},d.wp.receiveEmbedMessage||(d.wp.receiveEmbedMessage=function(e){var t=e.data;if((t||t.secret||t.message||t.value)&&!\/[^a-zA-Z0-9]\/.test(t.secret)){for(var s,r,n,a=l.querySelectorAll('iframe[data-secret=\"'+t.secret+'\"]'),o=l.querySelectorAll('blockquote[data-secret=\"'+t.secret+'\"]'),c=new RegExp(\"^https?:$\",\"i\"),i=0;i<o.length;i++)o[i].style.display=\"none\";for(i=0;i<a.length;i++)s=a[i],e.source===s.contentWindow&&(s.removeAttribute(\"style\"),\"height\"===t.message?(1e3<(r=parseInt(t.value,10))?r=1e3:~~r<200&&(r=200),s.height=r):\"link\"===t.message&&(r=new URL(s.getAttribute(\"src\")),n=new URL(t.value),c.test(n.protocol))&&n.host===r.host&&l.activeElement===s&&(d.top.location.href=t.value))}},d.addEventListener(\"message\",d.wp.receiveEmbedMessage,!1),l.addEventListener(\"DOMContentLoaded\",function(){for(var e,t,s=l.querySelectorAll(\"iframe.wp-embedded-content\"),r=0;r<s.length;r++)(t=(e=s[r]).getAttribute(\"data-secret\"))||(t=Math.random().toString(36).substring(2,12),e.src+=\"#?secret=\"+t,e.setAttribute(\"data-secret\",t)),e.contentWindow.postMessage({message:\"ready\",secret:t},\"*\")},!1)))}(window,document);\n<\/script>\n","thumbnail_url":"https:\/\/conversesacatalunya.cat\/wp-content\/uploads\/2020\/06\/natalitat.jpg","thumbnail_width":768,"thumbnail_height":477,"description":"El pasado 17 de junio, la Comisi\u00f3n Europea public\u00f3 un balance demogr\u00e1fico de los 27 pa\u00edses de la Uni\u00f3n.\u00a0El\u00a0documento pone \u00e9nfasis en el envejecimiento y el declive demogr\u00e1fico en el que se encuentran abocados, pr\u00e1cticamente sin excepciones. A pesar de la importancia crucial del tema que plantea, la obra de 30 p\u00e1ginas ha pasado totalmente desapercibida en Espa\u00f1a, que parad\u00f3jicamente es uno de los pa\u00edses m\u00e1s afectados por la crisis. En la UE, Espa\u00f1a se sit\u00faa tan s\u00f3lo por detr\u00e1s de Malta en t\u00e9rminos de\u00a0baja fertilidad.\u00a0Con\u00a01,26 hijos por mujer\u00a0contra 1,55 de media en Europa, nos encontramos particularmente lejos de los 2,1 necesarios seg\u00fan los dem\u00f3grafos por una demograf\u00eda sana. A nivel europeo, 2019 fue el segundo a\u00f1o consecutivo en que la zona UE registr\u00f3 m\u00e1s muertes que nacimientos.\u00a0Si bien la poblaci\u00f3n total aument\u00f3 ligeramente, el incremento se debi\u00f3 exclusivamente al fen\u00f3meno inmigratorio. La ca\u00edda demogr\u00e1fica europea se inscribe en una\u00a0tendencia que se inici\u00f3 ya en los a\u00f1os 70\u00a0del siglo pasado en Europa occidental, pero que las oleadas migratorias hacia pa\u00edses como Francia, Reino Unido y Alemania han camuflado.\u00a0En Europa del este, que no atrae inmigrantes, el fen\u00f3meno apareci\u00f3 sin atenuantes a finales de los a\u00f1os 80. El informe de la Comisi\u00f3n afirma que si la tendencia actual se mantiene, el n\u00famero de europeos disminuir\u00e1 a partir de 2030 y se situar\u00e1 el 2070 en 424 millones de personas.\u00a0El equivalente a la\u00a0p\u00e9rdida del 5% de la poblaci\u00f3n total actual. Comparaci\u00f3n de las tasas de fertilidad de Espa\u00f1a, Alemania y Polonia entre 1960 y 2018. Fuente: Banco Mundial \u00bfPor qu\u00e9 el declive demogr\u00e1fico es tan preocupante? 1.\u00a0A pesar de que un 5% pueda parecer poco relevante, si se tiene en cuenta el incremento de la esperanza de vida el descenso demogr\u00e1fico implicar\u00e1 la\u00a0p\u00e9rdida del 18% de la poblaci\u00f3n activa. De entrada, esto implica un menor crecimiento econ\u00f3mico. Tanto por la p\u00e9rdida de poblaci\u00f3n total como para la sobre-representaci\u00f3n de las personas mayores en la poblaci\u00f3n activa restante, en general menos productivas y menos tolerantes a los riesgos que las personas j\u00f3venes, como diversos estudios han confirmado. 2.\u00a0Otra cara de la misma moneda,\u00a0Europa\u00a0 se debilitar\u00e1 pol\u00edtica y econ\u00f3micamente ante los pa\u00edses din\u00e1micos\u00a0con una demograf\u00eda fuerte. Seg\u00fan el informe de la UE, el 2070 tan s\u00f3lo el 4% de la poblaci\u00f3n mundial ser\u00e1 europea, mientras que en 1960 los europeos representaban el 12%. Si bien los Estados Unidos tambi\u00e9n perder\u00e1n poblaci\u00f3n respecto al resto del mundo, se trata de un cambio mucho m\u00e1s d\u00e9bil. 3.\u00a0Profundizando en el segundo punto, la debilidad demogr\u00e1fica\u00a0dejar\u00e1 Europa dependiendo de las fuerzas vivas importadas\u00a0de otros lugares. Como se ha visto repetidamente, integrar estos grupos y hacer que se sientan tanto europeos como los descendientes de aut\u00f3ctonos es extremadamente\u00a0complicado\u00a0. De momento se ha saldado con un fracaso aterrador en el pa\u00eds que ha acogido m\u00e1s inmigrantes extra-europeos, Francia. En t\u00e9rminos econ\u00f3micos, la inmigraci\u00f3n que recibe mayoritariamente Europa desde hace d\u00e9cadas\u00a0no favorece ni los pa\u00edses de emigraci\u00f3n ni los de acogida ya que se lleva los j\u00f3venes m\u00e1s din\u00e1micos en los primeros y genera empleo precario y de baja productividad en los segundos. 4.\u00a0La ca\u00edda demogr\u00e1fica tendr\u00e1 un\u00a0impacto devastador sobre las finanzas p\u00fablicas:\u00a0aumento del gasto en salud y atenci\u00f3n a las personas mayores, y simult\u00e1neamente menos impuestos y cotizaciones a la seguridad social. Espa\u00f1a est\u00e1 actualmente viviendo el preludio de esta tragedia, que\u00a0aparecer\u00e1\u00a0con todo su peso hacia el\u00a02030. 5. Por \u00faltimo, el hecho de que la poblaci\u00f3n joven de los pa\u00edses del este de Europa est\u00e9 emigrando masivamente hacia los pa\u00edses ricos del oeste para llenar agujeros vac\u00edos, contribuye a\u00a0aumentar las tensiones entre los estados de la UE\u00a0.\u00a0Se calcula que la inmigraci\u00f3n este-oeste ha hecho que 18 millones de personas se fueran los antiguos pa\u00edses comunistas en los \u00faltimos 30 a\u00f1os, y que Rumania\u00a0perdiera\u00a0la mitad de sus m\u00e9dicos entre 2009 y 2015. En Polonia, la mitad de los estudiantes de medicina quieren actualmente marchar al extranjero despu\u00e9s de graduarse en el pa\u00eds. Las desconcertantes ideas de la Comisi\u00f3n para hacer frente al problema No es exagerado afirmar que, por todas estas razones,\u00a0la demograf\u00eda ser\u00e1 el reto m\u00e1s importante de la UE en el siglo XXI\u00a0.\u00a0M\u00e1s a\u00fan que una transici\u00f3n ecol\u00f3gica que en Europa ya est\u00e1 bien encarada e interiorizada por la opini\u00f3n p\u00fablica y los agentes econ\u00f3micos. Sorprende pues que el informe europeo no proponga ninguna pista para fomentar la natalidad, y se\u00a0limite\u00a0a anunciar la \u00abnecesidad de incorporar consideraciones demogr\u00e1ficas en la pol\u00edtica de la UE\u00bb.\u00a0Los autores del documento s\u00ed se muestran sensibles a limitar las disparidades demogr\u00e1ficas entre regiones, pero m\u00e1s all\u00e1 de eso, dejan caer dos ideas desconcertantes. La primera tiene que ver con la transici\u00f3n hacia una econom\u00eda \u00abverde y digital\u00bb. El texto parece indicar que la UE asume el\u00a0discurso reduccionista de moda seg\u00fan el cual es urgente reducir la poblaci\u00f3n para hacer frente al cambio clim\u00e1tico. En este sentido, la p\u00e9rdida de poblaci\u00f3n europea ser\u00eda una buena noticia. Nada m\u00e1s lejos de la realidad: incluso en el supuesto de una econom\u00eda verde y digital se necesita una base s\u00f3lida de gente joven que crea en el futuro de sus pa\u00edses. Por otra parte, el texto hace referencia a la\u00a0\u00abcomplementariedad demogr\u00e1fica\u00bb de Europa con \u00c1frica, el continente con la tasa de fertilidad m\u00e1s importante del mundo.\u00a0Una afirmaci\u00f3n que podr\u00eda hacer pensar en un nuevo incremento de la \u00abimportaci\u00f3n\u00bb de mano de obra subsahariana.\u00a0Aunque por otra parte la Comisi\u00f3n expresa acertadamente la importancia de reducir los efectos del cambio clim\u00e1tico para minimizar el flujo de migrantes.\u00a0Y es que nadie quiere dejar su pa\u00eds si en \u00e9l tiene perspectivas de futuro. En cualquier caso, y a pesar de la evidencia de la urgencia demogr\u00e1fica, la Comisi\u00f3n no se atreve a proclamar abiertamente la necesidad de impulsar la natalidad, la \u00fanica soluci\u00f3n posible al problema. Esta carencia quiz\u00e1s se explique por el miedo a alinearse con los pa\u00edses de Europa del este como la Hungr\u00eda de Viktor Orb\u00e1n o la Polonia de Ley y Justicia, que apuestan abiertamente\u00a0por\u00a0fomentar la natalidad\u00a0pero son regularmente tachadas de populistas por los pa\u00edses del oeste...."}