{"version":"1.0","provider_name":"Converses a Catalunya","provider_url":"https:\/\/conversesacatalunya.cat\/es\/","title":"Espa\u00f1a: \u00bfuna democracia sin control? - Converses a Catalunya","type":"rich","width":600,"height":338,"html":"<blockquote class=\"wp-embedded-content\" data-secret=\"kPKsXWaeZj\"><a href=\"https:\/\/conversesacatalunya.cat\/es\/espana-una-democracia-sin-control\/\">Espa\u00f1a: \u00bfuna democracia sin control?<\/a><\/blockquote><iframe sandbox=\"allow-scripts\" security=\"restricted\" src=\"https:\/\/conversesacatalunya.cat\/es\/espana-una-democracia-sin-control\/embed\/#?secret=kPKsXWaeZj\" width=\"600\" height=\"338\" title=\"\u00abEspa\u00f1a: \u00bfuna democracia sin control?\u00bb \u2014 Converses a Catalunya\" data-secret=\"kPKsXWaeZj\" frameborder=\"0\" marginwidth=\"0\" marginheight=\"0\" scrolling=\"no\" class=\"wp-embedded-content\"><\/iframe><script>\n\/*! This file is auto-generated *\/\n!function(d,l){\"use strict\";l.querySelector&&d.addEventListener&&\"undefined\"!=typeof URL&&(d.wp=d.wp||{},d.wp.receiveEmbedMessage||(d.wp.receiveEmbedMessage=function(e){var t=e.data;if((t||t.secret||t.message||t.value)&&!\/[^a-zA-Z0-9]\/.test(t.secret)){for(var s,r,n,a=l.querySelectorAll('iframe[data-secret=\"'+t.secret+'\"]'),o=l.querySelectorAll('blockquote[data-secret=\"'+t.secret+'\"]'),c=new RegExp(\"^https?:$\",\"i\"),i=0;i<o.length;i++)o[i].style.display=\"none\";for(i=0;i<a.length;i++)s=a[i],e.source===s.contentWindow&&(s.removeAttribute(\"style\"),\"height\"===t.message?(1e3<(r=parseInt(t.value,10))?r=1e3:~~r<200&&(r=200),s.height=r):\"link\"===t.message&&(r=new URL(s.getAttribute(\"src\")),n=new URL(t.value),c.test(n.protocol))&&n.host===r.host&&l.activeElement===s&&(d.top.location.href=t.value))}},d.addEventListener(\"message\",d.wp.receiveEmbedMessage,!1),l.addEventListener(\"DOMContentLoaded\",function(){for(var e,t,s=l.querySelectorAll(\"iframe.wp-embedded-content\"),r=0;r<s.length;r++)(t=(e=s[r]).getAttribute(\"data-secret\"))||(t=Math.random().toString(36).substring(2,12),e.src+=\"#?secret=\"+t,e.setAttribute(\"data-secret\",t)),e.contentWindow.postMessage({message:\"ready\",secret:t},\"*\")},!1)))}(window,document);\n<\/script>\n","thumbnail_url":"https:\/\/conversesacatalunya.cat\/wp-content\/uploads\/2023\/02\/Congreso_de_los_Diputados_Espana_14.jpg","thumbnail_width":1024,"thumbnail_height":768,"description":"Las\u00a0sesiones de control\u00a0del gobierno, que se realizan regularmente en el Congreso y en el Senado, tienen un car\u00e1cter constitucional porque forman parte del mecanismo democr\u00e1tico que hace posible que los ciudadanos tengamos conocimiento cr\u00edtico de las acciones del gobierno. Se trata de un\u00a0acto imprescindible para la democracia \u00a0y el gobierno de turno debe cumplir con \u00e9l de la mejor forma posible. Es evidente que en todos los parlamentos la sesi\u00f3n de control es tambi\u00e9n un\u00a0instrumento de la oposici\u00f3n para ejercer la cr\u00edtica al gobierno.\u00a0Es l\u00f3gico que as\u00ed sea, porque si no ser\u00eda el gran silencioso y no habr\u00eda forma de que se produjera el necesario contraste de realidades que la democracia exige.\u00a0En modo alguno el gobierno puede entender este control cr\u00edtico como un ataque, sino como el ejercicio, a la vez, de un derecho y un deber por parte de la oposici\u00f3n. Pero, de forma escandalosa, el gobierno se niega a aceptar esta acci\u00f3n y la ha convertido en el control de la oposici\u00f3n y la b\u00fasqueda de su descr\u00e9dito.\u00a0Se ha visto en la \u00faltima sesi\u00f3n en el Senado con las cuestiones que le plante\u00f3 Feij\u00f3o, pero en realidad es una caracter\u00edstica com\u00fan desde hace meses y en las dos c\u00e1maras.\u00a0S\u00e1nchez y sus ministros no responden a las cuestiones concretas\u00a0que les son planteadas, sino que contestan con otras consideraciones y sobre todo se dedican a atacar y despreciar a quienes les plantean la cuesti\u00f3n, con un ejercicio in\u00fatil de intimidaci\u00f3n.\u00a0Hay en este sentido una\u00a0carencia de control democr\u00e1tico\u00a0y hay que subrayarlo. Tambi\u00e9n nos encontramos en una situaci\u00f3n preocupante con la\u00a0nueva composici\u00f3n del Tribunal Constitucional que ha convertido su acci\u00f3n en una pantomima sin credibilidad a base de resolver instant\u00e1neamente temas complejos, siempre al 100% de acuerdo con el gobierno, y sobre todo sin atender a las peticiones de recusaci\u00f3n para intervenir en aquella materia porque los magistrados en cuesti\u00f3n ya se han pronunciado sobre ella en el pasado. De hecho, ya se sab\u00eda que con los nuevos nombramientos, todos ellos muy politizados (ex fiscal jefe Conde-Pumpido, el ministro Campos, la miembro del CGPJ por parte del gobierno, Laura D\u00edaz), eran personas que ven\u00edan con la mochila muy cargada porque hab\u00edan intervenido en leyes que ahora est\u00e1n recurridas y sobre las que se hab\u00edan pronunciado.\u00a0Por tanto, lo que est\u00e1 pasando estaba cantado. Lo que no lo estaba era\u00a0la forma como lo resuelve el propio Tribunal, ignorando absolutamente todas las recusaciones.\u00a0El argumento que utiliza, por ejemplo, ante la recusaci\u00f3n presentada por 50 diputados de Vox contra C\u00e1ndido Conde-Pumpido, Juan Carlos Campo, Mar\u00eda Luisa Segoviano y Laura D\u00edaz por la reforma del C\u00f3digo Penal, el Tribunal le ha rehusado a fuerza de argumentar que si hicieran caso a la recusaci\u00f3n no habr\u00eda qu\u00f3rum y se paralizar\u00eda la actividad. Es un\u00a0c\u00edrculo vicioso si admitimos ese argumento.\u00a0Un pez que se muerde la cola que crea un precedente muy grave.\u00a0Cuanto m\u00e1s politizados sean los miembros del TC m\u00e1s dif\u00edcil ser\u00e1 recusarlos, porque si se lleva a cabo esta garant\u00eda democr\u00e1tica, el Tribunal se paralizar\u00e1.\u00a0Peor planteamiento imposible.\u00a0Pero, en caso de que ahora nos ocupa, todav\u00eda es m\u00e1s grave porque si se nombrara la plaza que queda pendiente, que corresponde al Senado y que en el actual sistema de designaci\u00f3n ser\u00eda un magistrado propuesto por las filas del PP, aquella falta de qu\u00f3rum quedar\u00eda enmendada. Pero, como los partidos del gobierno bloquean este nombramiento en el Senado, el defecto de qu\u00f3rum puede mantenerse indefinidamente.\u00a0Todo ello un gran disparate que se\u00f1ala bien a las claras lo d\u00e9bil que es\u00a0el control democr\u00e1tico en Espa\u00f1a. Y todav\u00eda podr\u00edamos se\u00f1alar una cuesti\u00f3n m\u00e1s cotidiana, que nos afecta a todos.\u00a0La\u00a0huelga de letrados\u00a0de la administraci\u00f3n de justicia, sin que la ministra todav\u00eda haya intervenido para nada.\u00a0El resultado son 160.000 juicios suspendidos, 130.000 demandas sin tramitar y 535 millones de euros con leg\u00edtimos receptores bloqueados.\u00a0Pero es que cuando la huelga acabe, cuyo calendario ya estaba absolutamente colapsado, tendr\u00e1n que a\u00f1adir ahora cerca de 300.000 juicios adicionales.\u00a0Por tanto, el da\u00f1o no se acabar\u00e1 con la huelga sino que se prolongar\u00e1 meses y meses en perjuicio de los derechos de los ciudadanos.\u00a0Aqu\u00ed tambi\u00e9n existe una profunda vulneraci\u00f3n democr\u00e1tica de disponer de una justicia en las condiciones adecuadas."}