{"version":"1.0","provider_name":"Converses a Catalunya","provider_url":"https:\/\/conversesacatalunya.cat\/es\/","title":"El escenario de la tragedia - Converses a Catalunya","type":"rich","width":600,"height":338,"html":"<blockquote class=\"wp-embedded-content\" data-secret=\"r5RDb9tKN9\"><a href=\"https:\/\/conversesacatalunya.cat\/es\/el-escenario-de-la-tragedia\/\">El escenario de la tragedia<\/a><\/blockquote><iframe sandbox=\"allow-scripts\" security=\"restricted\" src=\"https:\/\/conversesacatalunya.cat\/es\/el-escenario-de-la-tragedia\/embed\/#?secret=r5RDb9tKN9\" width=\"600\" height=\"338\" title=\"\u00abEl escenario de la tragedia\u00bb \u2014 Converses a Catalunya\" data-secret=\"r5RDb9tKN9\" frameborder=\"0\" marginwidth=\"0\" marginheight=\"0\" scrolling=\"no\" class=\"wp-embedded-content\"><\/iframe><script>\n\/*! This file is auto-generated *\/\n!function(d,l){\"use strict\";l.querySelector&&d.addEventListener&&\"undefined\"!=typeof URL&&(d.wp=d.wp||{},d.wp.receiveEmbedMessage||(d.wp.receiveEmbedMessage=function(e){var t=e.data;if((t||t.secret||t.message||t.value)&&!\/[^a-zA-Z0-9]\/.test(t.secret)){for(var s,r,n,a=l.querySelectorAll('iframe[data-secret=\"'+t.secret+'\"]'),o=l.querySelectorAll('blockquote[data-secret=\"'+t.secret+'\"]'),c=new RegExp(\"^https?:$\",\"i\"),i=0;i<o.length;i++)o[i].style.display=\"none\";for(i=0;i<a.length;i++)s=a[i],e.source===s.contentWindow&&(s.removeAttribute(\"style\"),\"height\"===t.message?(1e3<(r=parseInt(t.value,10))?r=1e3:~~r<200&&(r=200),s.height=r):\"link\"===t.message&&(r=new URL(s.getAttribute(\"src\")),n=new URL(t.value),c.test(n.protocol))&&n.host===r.host&&l.activeElement===s&&(d.top.location.href=t.value))}},d.addEventListener(\"message\",d.wp.receiveEmbedMessage,!1),l.addEventListener(\"DOMContentLoaded\",function(){for(var e,t,s=l.querySelectorAll(\"iframe.wp-embedded-content\"),r=0;r<s.length;r++)(t=(e=s[r]).getAttribute(\"data-secret\"))||(t=Math.random().toString(36).substring(2,12),e.src+=\"#?secret=\"+t,e.setAttribute(\"data-secret\",t)),e.contentWindow.postMessage({message:\"ready\",secret:t},\"*\")},!1)))}(window,document);\n<\/script>\n","thumbnail_url":"https:\/\/conversesacatalunya.cat\/wp-content\/uploads\/2020\/03\/coronavirus-7.jpg","thumbnail_width":1,"thumbnail_height":1,"description":"Los perfiles estilizados de este escenario no se\u00f1alan el continuado crecimiento de la epidemia y de las defunciones. Estamos lejos de que la curva sea contenida, tanto que cuestiona su misma direcci\u00f3n. No se actu\u00f3 de acuerdo con los que se\u00f1alaban los modelos predictivos a medio plazo, y se adopt\u00f3 una estrategia de contenci\u00f3n pasiva, en lugar de activa, que estaba condenada al fracaso ante unos focos que se transmiten con tanta facilidad. Est\u00e1 por ver los costes pol\u00edticos de todo esto. En todo caso, los econ\u00f3micos ser\u00e1n muy grandes. Las instituciones del Estado se ven sometidas a una doble y grav\u00edsima crisis, la de la respuesta a la pandemia y la que experimenta la figura del Rey. Las caceroladas, particularmente intensas en Catalu\u00f1a, pero generalizadas en toda Espa\u00f1a, no son una an\u00e9cdota. Dos interrogantes nada menores est\u00e1n planteados \u00bfCu\u00e1l ser\u00e1 el papel de Iglesias y hasta qu\u00e9 punto S\u00e1nchez est\u00e1 dispuesto a sacrificarse para proteger a la monarqu\u00eda? Por otra parte, el Gobierno espa\u00f1ol necesita un presupuesto de emergencia para lo que queda de a\u00f1o. Ni le sirve el que ten\u00eda previsto, ni puede continuar funcionando con otro presupuesto prorrogado. Las circunstancias, la forma como se produjo el reciente debate, hacen que esta necesidad pueda ser bien cubierta con un presupuesto de consenso con el Partido Popular, aunque esto podr\u00eda tensionar las relaciones con Unidas Podemos. En realidad, y como afirma el propio Gobierno, estamos ante una situaci\u00f3n de guerra. El problema es que todav\u00eda no se ha adoptado el proyecto econ\u00f3mico que responda realmente a este planteamiento, es decir, a una econom\u00eda de guerra, que empezar\u00eda por estimular o forzar a determinadas actividades industriales a transformar su producci\u00f3n para producir aquellos bienes necesarios, que ahora se encuentran con una demanda insatisfecha. Una situaci\u00f3n que afecta espec\u00edficamente a la sanidad. Tambi\u00e9n se habr\u00eda agilizado la transformaci\u00f3n de hoteles vac\u00edos en hospitales \u201climpios\u201d para acoger a aquellos enfermos que no necesitan de instalaciones especiales y no est\u00e1n infectados. Es otra tarea en la que el Gobierno va con retraso. El acreditado Instituto de Virolog\u00eda de Alemania considera que esta pandemia durar\u00e1 unos dos a\u00f1os y actuar\u00e1 por oleadas. Si esto fuera cierto, nos situar\u00eda en un estado dif\u00edcil hasta finales de invierno de 2022. En cualquier caso, est\u00e1 claro que la soluci\u00f3n no llegar\u00e1 hasta disponer de una vacuna, algo que la mayor\u00eda de previsiones sit\u00faan para dentro de un a\u00f1o, m\u00e1s el tiempo para su uso masificado, aunque otras m\u00e1s optimistas se\u00f1alan que es posible para inicios de este invierno. Una previsi\u00f3n podr\u00eda ser en el caso espa\u00f1ol, que el pico de la crisis se alcanzar\u00e1 en todo o buena parte del mes de abril, para remitir significativamente desde la segunda mitad de mayo, y sin desaparecer del todo pudiera resurgir con fuerza en noviembre. En cualquier caso, el Gobierno tiene el deber de abordar el problema, no con la visi\u00f3n de vuelo gallin\u00e1ceo con la que hasta ahora ha venido funcionando, sino con previsiones a medio y largo plazo y pol\u00edticas p\u00fablicas que se acomoden a ellas. Espa\u00f1a previsiblemente entrar\u00e1 en recesi\u00f3n este a\u00f1o, como el conjunto de la zona euro cuyas previsiones auguran una reducci\u00f3n de entre el 15% y el 22% del PIB, hasta ahora estimado. Por consiguiente, el impacto econ\u00f3mico ser\u00e1 de consideraci\u00f3n. De ah\u00ed la necesidad de articular una econom\u00eda de guerra, que no solo debe velar por la situaci\u00f3n social de todos los ciudadanos, sino que deber\u00e1 exigirles al mismo tiempo un esfuerzo inusual. \u00bfEs concebible en las actuales circunstancias unas vacaciones plenas en el mes de agosto como si nada sucediera? El Gobierno de la Generalitat y el independentismo se han constituido en la nota m\u00e1s discordante en todo este escenario, sin pensar que sus actitudes pasar\u00e1n factura. La forma como ha gestionado el Gobierno espa\u00f1ol la crisis es obviamente criticable, pero no por raz\u00f3n de su centralismo, sino por su falta de capacidad, la misma que manifiesta y acrecienta el Gobierno de la Generalitat. Su visi\u00f3n de resolver el problema a base de levantar una especie de frontera con el resto de Espa\u00f1a es absurda y su pr\u00e9dica de un confinamiento total de los ciudadanos cerrando toda la producci\u00f3n del pa\u00eds, tiene su contrapunto en la actitud del Gobierno vasco, que m\u00e1s bien preconiza el mantenimiento de la industria compatible con el m\u00e1ximo de seguridad. La \u00fanica decisi\u00f3n importante que ha tomado Torra y su gobierno tiene un resultado lamentable. Se trata del confinamiento de Igualada y su entorno, la Conca d\u2019Odena, que se realiz\u00f3 sin adoptar y concentrar los recursos necesarios. El resultado es que el hospital de Igualada se encuentra desbordado por falta de personal. La muy mejorable consejera de Salud, Alba Verg\u00e9s, no puede justificar la falta de recursos y personal a base de decir que tienen necesidad de recopilar m\u00e1s informaci\u00f3n previa, porque eso es demostrar la improvisaci\u00f3n con que se ha funcionado. No se puede cerrar un foco sin previamente aportar los medios extraordinarios para que puedan hacer frente a esta dif\u00edcil contingencia. La Generalitat ha condenado con su improvisaci\u00f3n a 70.000 catalanes a vivir en un estado de angustia y de riesgo imperdonables. Acostumbrados a vivir en el mundo de ficci\u00f3n de la Rep\u00fablica, que todo lo soporta, son incapaces de abordar la realidad y esto es muy peligroso en las circunstancias actuales, porque est\u00e1n utilizando el alarmismo y la tragedia para cubrir su incompetencia y para desarrollar su pol\u00edtica de enfrentamiento con el Gobierno espa\u00f1ol. La Consejera de Sanidad no puede alarmar a los ciudadanos saliendo a informar que en pocos d\u00edas el sistema quedar\u00e1 colapsado, porque este anuncio no justificar\u00e1 para nada su inanidad. Su tarea es trabajar para que este posible colapso no llegue, o sea el menor posible. Y hay que decir que hasta ahora nada se ha hecho. Est\u00e1 en manos del Gobierno de la Generalitat evitarlo trasladando enfermos de los hospitales a hoteles medicalizados en todos aquellos casos en los que la raz\u00f3n de su internamiento no es..."}