{"version":"1.0","provider_name":"Converses a Catalunya","provider_url":"https:\/\/conversesacatalunya.cat\/es\/","title":"El d\u00eda que se examin\u00f3 S\u00e1nchez - Converses a Catalunya","type":"rich","width":600,"height":338,"html":"<blockquote class=\"wp-embedded-content\" data-secret=\"SLQ66qq7l0\"><a href=\"https:\/\/conversesacatalunya.cat\/es\/el-dia-que-se-examino-sanchez\/\">El d\u00eda que se examin\u00f3 S\u00e1nchez<\/a><\/blockquote><iframe sandbox=\"allow-scripts\" security=\"restricted\" src=\"https:\/\/conversesacatalunya.cat\/es\/el-dia-que-se-examino-sanchez\/embed\/#?secret=SLQ66qq7l0\" width=\"600\" height=\"338\" title=\"\u00abEl d\u00eda que se examin\u00f3 S\u00e1nchez\u00bb \u2014 Converses a Catalunya\" data-secret=\"SLQ66qq7l0\" frameborder=\"0\" marginwidth=\"0\" marginheight=\"0\" scrolling=\"no\" class=\"wp-embedded-content\"><\/iframe><script>\n\/*! This file is auto-generated *\/\n!function(d,l){\"use strict\";l.querySelector&&d.addEventListener&&\"undefined\"!=typeof URL&&(d.wp=d.wp||{},d.wp.receiveEmbedMessage||(d.wp.receiveEmbedMessage=function(e){var t=e.data;if((t||t.secret||t.message||t.value)&&!\/[^a-zA-Z0-9]\/.test(t.secret)){for(var s,r,n,a=l.querySelectorAll('iframe[data-secret=\"'+t.secret+'\"]'),o=l.querySelectorAll('blockquote[data-secret=\"'+t.secret+'\"]'),c=new RegExp(\"^https?:$\",\"i\"),i=0;i<o.length;i++)o[i].style.display=\"none\";for(i=0;i<a.length;i++)s=a[i],e.source===s.contentWindow&&(s.removeAttribute(\"style\"),\"height\"===t.message?(1e3<(r=parseInt(t.value,10))?r=1e3:~~r<200&&(r=200),s.height=r):\"link\"===t.message&&(r=new URL(s.getAttribute(\"src\")),n=new URL(t.value),c.test(n.protocol))&&n.host===r.host&&l.activeElement===s&&(d.top.location.href=t.value))}},d.addEventListener(\"message\",d.wp.receiveEmbedMessage,!1),l.addEventListener(\"DOMContentLoaded\",function(){for(var e,t,s=l.querySelectorAll(\"iframe.wp-embedded-content\"),r=0;r<s.length;r++)(t=(e=s[r]).getAttribute(\"data-secret\"))||(t=Math.random().toString(36).substring(2,12),e.src+=\"#?secret=\"+t,e.setAttribute(\"data-secret\",t)),e.contentWindow.postMessage({message:\"ready\",secret:t},\"*\")},!1)))}(window,document);\n<\/script>\n","thumbnail_url":"https:\/\/conversesacatalunya.cat\/wp-content\/uploads\/2021\/06\/plaza-colon-2-e1623655307102-1568x881-1.jpg","thumbnail_width":1568,"thumbnail_height":881,"description":"Este domingo era un d\u00eda importante para S\u00e1nchez, sobre todo porque las elecciones en Andaluc\u00eda del candidato del PSOE a la Junta habr\u00edan significado un golpe a su autoridad si D\u00edaz se hubiera impuesto a\u00a0Juan Espadas, que era el hombre del presidente del gobierno. Al final, su victoria ha sido clara con un 55% de los votos, y por tanto, no ir\u00e1 a la segunda vuelta.\u00a0Adem\u00e1s\u00a0D\u00edaz ya ha anunciado que no se presentar\u00e1 para repetir en el cargo de secretaria general de los socialistas andaluces. Hay, sin embargo, un dato relevante:\u00a0m\u00e1s de un 40% votaron contra el candidato oficial de Ferraz y del gobierno. Naturalmente en esta masa de votos hab\u00eda causas muy diferentes, pero es evidente que representan una luz roja porque si, pese a conocer ampliamente lo que habr\u00eda significado una derrota del hombre elegido por S\u00e1nchez en un momento en el que el gobierno espa\u00f1ol vive sometido a la fuerte tensi\u00f3n de los indultos, si todo esto no ha servido para cerrar filas de una manera m\u00e1s grande en torno al presidente del gobierno, significa que, sean los indultos, sean otras causas, la desafecci\u00f3n de sus afiliados, siempre m\u00e1s comprometidos que los votantes, es importante. El otro elemento de examen -relativo- era la\u00a0concentraci\u00f3n en la plaza de Colon. Se ha producido la habitual\u00a0guerra de cifras que no deja de ser una verg\u00fcenza p\u00fablica porque los datos escandalosamente diferentes sobre la asistencia los dan la delegaci\u00f3n del gobierno espa\u00f1ol, con 35.000 personas, y la Guardia urbana del ayuntamiento de Madrid, con 125.000. No es normal y deber\u00eda constituir un fuerte elemento de alarma que no se pongan de acuerdo ni siquiera en el recuento de una concentraci\u00f3n. En cualquier caso, el hecho evidente es que se\u00a0cumpli\u00f3 el patr\u00f3n y hab\u00eda mucha gente. Los periodistas, que quieren hacer punta de este aspecto evidente de la presencia separada y sin protagonismo de los dirigentes del PP, Vox y Cs, no tienen en cuenta que en realidad lo \u00fanico que hay que considerar es el resultado que pueda tener todo en las perspectivas electorales. La \u00faltima encuesta hecha p\u00fablica hoy por Nius Diario, difundida tambi\u00e9n por Electoman\u00eda a cargo de GAD3, se\u00f1ala que el PP y Vox ganan ampliamente, y con 174 esca\u00f1os estar\u00edan a 2 de la mayor\u00eda absoluta. Si se a\u00f1adiera el de Cs, la distancia ser\u00eda s\u00f3lo de 1, considerando que Podemos y el PSOE s\u00f3lo llegar\u00edan a 122. Todos los restantes forman parte mayoritariamente de partidos de \u00e1mbito auton\u00f3mico, excepto M\u00e1s Pa\u00eds que sube hasta alcanzar los 8 esca\u00f1os. En este conjunto, el PSOE dispone s\u00f3lo de 102 diputados por 136 del PP, al tiempo que se hace evidente el progresivo declive de Podemos. En este escenario, el peso de ERC con 13 diputados es incuestionable e insuficiente, pero incuestionable. A esta presencia catalana hay que a\u00f1adir los 10 diputados de JxCat. Esta fotograf\u00eda electoral coincide con las anteriores en \u00f3rdenes de magnitud; es decir, con un centroderecha que se sit\u00faa muy cerca de la mayor\u00eda absoluta. Otros indicadores van en el mismo sentido. En Andaluc\u00eda tambi\u00e9n lograr\u00edan claramente la victoria, y en la ciudad de Valencia el PP ser\u00eda la primera fuerza y \u200b\u200bjunto con Vox quedar\u00eda a 1 esca\u00f1o de poder superar la coalici\u00f3n de Comprom\u00eds y PSOE. Naturalmente, cuando las elecciones no tienen una fecha definida, el valor de estas encuestas es relativo.\u00a0Pero, en todo caso, es innegable que se\u00f1alan un claro debilitamiento de la coalici\u00f3n gobernante, que le resta credibilidad a todas sus decisiones, porque si bien parlamentariamente prospera con una mayor\u00eda muy heterog\u00e9nea, la debilidad del gobierno que radica en el PSOE es evidente."}