{"version":"1.0","provider_name":"Converses a Catalunya","provider_url":"https:\/\/conversesacatalunya.cat\/es\/","title":"Recuperaci\u00f3n econ\u00f3mica: la distancia entre los Estados Unidos y Europa no deja de crecer - Converses a Catalunya","type":"rich","width":600,"height":338,"html":"<blockquote class=\"wp-embedded-content\" data-secret=\"Mh9GC8uRqZ\"><a href=\"https:\/\/conversesacatalunya.cat\/es\/distancia-estados-unidos-europa\/\">Recuperaci\u00f3n econ\u00f3mica: la distancia entre los Estados Unidos y Europa no deja de crecer<\/a><\/blockquote><iframe sandbox=\"allow-scripts\" security=\"restricted\" src=\"https:\/\/conversesacatalunya.cat\/es\/distancia-estados-unidos-europa\/embed\/#?secret=Mh9GC8uRqZ\" width=\"600\" height=\"338\" title=\"\u00abRecuperaci\u00f3n econ\u00f3mica: la distancia entre los Estados Unidos y Europa no deja de crecer\u00bb \u2014 Converses a Catalunya\" data-secret=\"Mh9GC8uRqZ\" frameborder=\"0\" marginwidth=\"0\" marginheight=\"0\" scrolling=\"no\" class=\"wp-embedded-content\"><\/iframe><script>\n\/*! This file is auto-generated *\/\n!function(d,l){\"use strict\";l.querySelector&&d.addEventListener&&\"undefined\"!=typeof URL&&(d.wp=d.wp||{},d.wp.receiveEmbedMessage||(d.wp.receiveEmbedMessage=function(e){var t=e.data;if((t||t.secret||t.message||t.value)&&!\/[^a-zA-Z0-9]\/.test(t.secret)){for(var s,r,n,a=l.querySelectorAll('iframe[data-secret=\"'+t.secret+'\"]'),o=l.querySelectorAll('blockquote[data-secret=\"'+t.secret+'\"]'),c=new RegExp(\"^https?:$\",\"i\"),i=0;i<o.length;i++)o[i].style.display=\"none\";for(i=0;i<a.length;i++)s=a[i],e.source===s.contentWindow&&(s.removeAttribute(\"style\"),\"height\"===t.message?(1e3<(r=parseInt(t.value,10))?r=1e3:~~r<200&&(r=200),s.height=r):\"link\"===t.message&&(r=new URL(s.getAttribute(\"src\")),n=new URL(t.value),c.test(n.protocol))&&n.host===r.host&&l.activeElement===s&&(d.top.location.href=t.value))}},d.addEventListener(\"message\",d.wp.receiveEmbedMessage,!1),l.addEventListener(\"DOMContentLoaded\",function(){for(var e,t,s=l.querySelectorAll(\"iframe.wp-embedded-content\"),r=0;r<s.length;r++)(t=(e=s[r]).getAttribute(\"data-secret\"))||(t=Math.random().toString(36).substring(2,12),e.src+=\"#?secret=\"+t,e.setAttribute(\"data-secret\",t)),e.contentWindow.postMessage({message:\"ready\",secret:t},\"*\")},!1)))}(window,document);\n<\/script>\n","thumbnail_url":"https:\/\/conversesacatalunya.cat\/wp-content\/uploads\/2021\/03\/fabrica-estados-unidos.jpg","thumbnail_width":1800,"thumbnail_height":1079,"description":"Desde el comienzo de la pandemia, se vio claro que Europa saldr\u00eda mas perjudicada que los Estados Unidos econ\u00f3micamente hablando. Ahora, sin embargo, en plena fase de aplicaci\u00f3n de las estrategias de recuperaci\u00f3n, la brecha sigue ampli\u00e1ndose. El descenso de la producci\u00f3n en Europa ha sido la doble que la que se ha dado en Estados Unidos, lo que quiere decir que el Viejo Continente genera menos empleos, menor demanda y menos inflaci\u00f3n que su socio de la otra orilla del Atl\u00e1ntico. Todas las previsiones indican que los Estados Unidos seguir\u00e1n distanci\u00e1ndose de Europa a lo largo del 2021. Expertos consultados por el Financial Times apuntan a que los Estados Unidos habr\u00e1n alcanzado sus previsiones de crecimiento previas a la Covid-19 el pr\u00f3ximo a\u00f1o. Mientras tanto, Europa no podr\u00e1 llegar (si es que llega nunca) hasta dentro de unos cuantos a\u00f1os m\u00e1s. Fondos dedicados a la recuperaci\u00f3n: un impacto m\u00e1s de tres veces superior en Estados Unidos que en Europa Las razones que explican esta brecha cada vez mayor entre el viejo y el nuevo mundo son diversas, pero incluyen como factores clave la rapidez de la vacunaci\u00f3n masiva, el dinero puesto sobre la mesa para implementar los planes de recuperaci\u00f3n econ\u00f3mica, y la mayor regulaci\u00f3n empresarial a que deben someterse los actores econ\u00f3micos europeos. El gobierno de los Estados Unidos aprob\u00f3 la semana pasada un plan de recuperaci\u00f3n particularmente ambicioso de pr\u00e1cticamente 2 billones de d\u00f3lares que se espera que genere incentivos del orden del 11% o 12% de su PIB por 2021. En cambio, todos los planes combinados de las econom\u00edas europeas (a nivel nacional m\u00e1s el famoso fondo europeo de recuperaci\u00f3n) s\u00f3lo podr\u00edan generar el equivalente al 6% del PIB total del bloque. El plan de Washington permitir\u00eda compensar por s\u00ed solo 3 veces la producci\u00f3n perdida a causa de la pandemia en Estados Unidos, mientras que las ayudas combinadas de los pa\u00edses europeos y de la UE se quedar\u00edan en tan s\u00f3lo el 70% del descenso de la producci\u00f3n econ\u00f3mica en el Viejo Continente. Rapidez de las vacunaciones: no hay color En t\u00e9rminos de vacunaci\u00f3n, Europa tambi\u00e9n se queda atr\u00e1s, muy atr\u00e1s. El presidente estadounidense Joe Biden ha anunciado que a partir del 1 de mayo, todos los adultos ser\u00e1n elegibles para ser vacunados. Su objetivo es que el 4 de julio, fiesta de la independencia, se pueda volver a una vida m\u00e1s o menos normal. Mientras tanto, Europa parece incapaz de cumplir con su objetivo, ya de entrada menos ambicioso, de vacunar al 70% de su poblaci\u00f3n en el mes de septiembre. No s\u00f3lo eso, sino que adem\u00e1s est\u00e1n emergente cada vez m\u00e1s dudas sobre la pertinencia de una de las vacunas m\u00e1s utilizadas en Europa, la de AstraZeneca. Mientras numerosos estados norteamericanos, como Florida o Texas, est\u00e1n retirando la mayor parte de las restricciones por Covid-19, en numerosos pa\u00edses europeos se han impuesto de nuevo medidas altamente restrictivas (Italia, Alemania) o aparecen opciones serias de reconfinamiento (como en la regi\u00f3n de Par\u00eds en Francia). \u00daltimos incluso entre los rezagados Christine Lagarde, presidenta del Banco Central Europeo, ha mostrado su inquietud porque los est\u00edmulos fiscales europeos a\u00fan no se notan en la econom\u00eda. Asimismo, ya se habla de retirar las ayudas excepcionales desplegadas durante la primera ola de la pandemia, como por los ERTO. Tampoco se ha puesto sobre la mesa una propuesta para incrementar sensiblemente el ritmo de vacunaciones: los pa\u00edses europeos son impotentes porque ninguna de las vacunas ha sido inventada ni es fabricada por una empresa de un pa\u00eds miembro de la UE. La Reserva Federal de Estados Unidos se prepara para mejorar las previsiones de crecimiento del pa\u00eds. Todo ello no hace m\u00e1s que acentuar una desconexi\u00f3n que ya se not\u00f3 con fuerza en diciembre pasado: en 2020, la econom\u00eda estadounidense retrocedi\u00f3 un 3,5%. La econom\u00eda europea lo hizo en un 6,6%. Y Espa\u00f1a perdi\u00f3 un espantoso 11%. No se trata ya de que Espa\u00f1a se quede atr\u00e1s respecto a otros pa\u00edses europeos como Alemania, sino que adem\u00e1s, incluso los mejores alumnos del Viejo Continente se encuentran muy por detr\u00e1s de la capacidad de los Estados Unidos. Dicho de otro modo, somos los \u00faltimos incluso dentro del grupo de los rezagados. &nbsp;"}