{"version":"1.0","provider_name":"Converses a Catalunya","provider_url":"https:\/\/conversesacatalunya.cat\/es\/","title":"Colau a Maduro: San Felipe Neri, \u00a1expropiad! - Converses a Catalunya","type":"rich","width":600,"height":338,"html":"<blockquote class=\"wp-embedded-content\" data-secret=\"Dxtj6S6Ma3\"><a href=\"https:\/\/conversesacatalunya.cat\/es\/colau-a-maduro-san-felipe-neri-expropiad\/\">Colau a Maduro: San Felipe Neri, \u00a1expropiad!<\/a><\/blockquote><iframe sandbox=\"allow-scripts\" security=\"restricted\" src=\"https:\/\/conversesacatalunya.cat\/es\/colau-a-maduro-san-felipe-neri-expropiad\/embed\/#?secret=Dxtj6S6Ma3\" width=\"600\" height=\"338\" title=\"\u00abColau a Maduro: San Felipe Neri, \u00a1expropiad!\u00bb \u2014 Converses a Catalunya\" data-secret=\"Dxtj6S6Ma3\" frameborder=\"0\" marginwidth=\"0\" marginheight=\"0\" scrolling=\"no\" class=\"wp-embedded-content\"><\/iframe><script>\n\/*! This file is auto-generated *\/\n!function(d,l){\"use strict\";l.querySelector&&d.addEventListener&&\"undefined\"!=typeof URL&&(d.wp=d.wp||{},d.wp.receiveEmbedMessage||(d.wp.receiveEmbedMessage=function(e){var t=e.data;if((t||t.secret||t.message||t.value)&&!\/[^a-zA-Z0-9]\/.test(t.secret)){for(var s,r,n,a=l.querySelectorAll('iframe[data-secret=\"'+t.secret+'\"]'),o=l.querySelectorAll('blockquote[data-secret=\"'+t.secret+'\"]'),c=new RegExp(\"^https?:$\",\"i\"),i=0;i<o.length;i++)o[i].style.display=\"none\";for(i=0;i<a.length;i++)s=a[i],e.source===s.contentWindow&&(s.removeAttribute(\"style\"),\"height\"===t.message?(1e3<(r=parseInt(t.value,10))?r=1e3:~~r<200&&(r=200),s.height=r):\"link\"===t.message&&(r=new URL(s.getAttribute(\"src\")),n=new URL(t.value),c.test(n.protocol))&&n.host===r.host&&l.activeElement===s&&(d.top.location.href=t.value))}},d.addEventListener(\"message\",d.wp.receiveEmbedMessage,!1),l.addEventListener(\"DOMContentLoaded\",function(){for(var e,t,s=l.querySelectorAll(\"iframe.wp-embedded-content\"),r=0;r<s.length;r++)(t=(e=s[r]).getAttribute(\"data-secret\"))||(t=Math.random().toString(36).substring(2,12),e.src+=\"#?secret=\"+t,e.setAttribute(\"data-secret\",t)),e.contentWindow.postMessage({message:\"ready\",secret:t},\"*\")},!1)))}(window,document);\n<\/script>\n","thumbnail_url":"https:\/\/conversesacatalunya.cat\/wp-content\/uploads\/2023\/03\/Sant-Felip-Neri.jpg","thumbnail_width":960,"thumbnail_height":642,"description":"Sant Felip Neri\u00a0es una iglesia y convento de estilo barroco del siglo XVIII que alberga la congregaci\u00f3n del Oratorio de Barcelona, \u200b\u200bconocidos popularmente como \u201cfelipones\u201d.\u00a0De forma ininterrumpida, s\u00f3lo por la persecuci\u00f3n de la Guerra Civil, esta congregaci\u00f3n ha habitado el convento y le ha dado servicios lit\u00fargicos y culturales a la comunidad.\u00a0El \u00faltimo gran evento fue la inauguraci\u00f3n del gran \u00f3rgano barroco de 2021, en presencia del ministro de Cultura, Miquel Iceta y del cardenal Omella, y con una audici\u00f3n de la coral Sant Jordi. Anexa a este oratorio existe una escuela, hasta ahora concertada, que las dificultades econ\u00f3micas le han hecho pasarse a la red p\u00fablica con un acuerdo entre el Consorcio de Educaci\u00f3n de Barcelona y la congregaci\u00f3n, que se firm\u00f3 el pasado 7 de octubre, en el que se hac\u00eda efectivo el cambio de titularidad y en el que, evidentemente, no figuraba para nada el uso del espacio del convento y menos a\u00fan su expropiaci\u00f3n. Pero, por sorpresa, la comisi\u00f3n de gobierno del Ayuntamiento anunci\u00f3 el pasado viernes la aprobaci\u00f3n de un plan urban\u00edstico para iniciar\u00a0la expropiaci\u00f3n del convento de la iglesia de Sant Felip Neri\u00a0con la idea de instalar all\u00ed un instituto.\u00a0De esta forma el gobierno de Colau reproduc\u00eda lo que ya ocurri\u00f3 en 1936. Es evidente que el gobierno municipal no tiene ning\u00fan derecho para ejercer una expropiaci\u00f3n de este tipo y menos de una obra patrimonial como \u00e9sta.\u00a0Si el Ayuntamiento quiere resolver los problemas de equipamiento educativo debe encontrar otras v\u00edas.\u00a0Y de la misma manera que no expropiar\u00eda un edificio privado por el alboroto y el precedente de inseguridad jur\u00eddica que determinar\u00eda, tampoco puede hacerlo por el hecho de que \u00e9ste sea religioso. Pero estamos en periodo electoral y Colau quiere asegurar como sea que su votante, que tiene en gran parte un contenido ferozmente contrario a la iglesia, est\u00e9 motivado. Cabe recordar en este sentido que Colau gobierna por segunda vez, con el alrededor del 13% del total de votantes. Es una m\u00ednima expresi\u00f3n de la\u00a0opini\u00f3n pol\u00edtica de la ciudad, pero esto no le impide actuar de forma desp\u00f3tica y retorciendo la ley de acuerdo con su ideolog\u00eda. M\u00e1s all\u00e1 del intento de expropiar del oratorio, existe en la actuaci\u00f3n del gobierno Colau una amenaza continua a la legalidad\u00a0que recibe un trato favorable de la fiscal\u00eda y del gobierno espa\u00f1ol, pero que sigue siendo vulneraci\u00f3n.\u00a0El hecho de que imponga con un simple plan de obras una reforma tan radical del Eixample como\u00a0la supermanzana , es otro ejemplo clamoroso de este pasarse la norma jur\u00eddica\u00a0por el forro. Pero hay que decir que Colau no tiene mayor\u00eda pol\u00edtica en el Ayuntamiento, y si bien es previsible que ERC le apoye, una actitud \u201ccomecapellanos\u201d cl\u00e1sica en su repertorio tradicional, el conjunto de otros partidos, incluidos los socialistas, siguen teniendo mayor\u00eda absoluta, 21 esca\u00f1os.\u00a0Ahora es necesario que el Ayuntamiento a trav\u00e9s de su pleno municipal haga o\u00edr su voz sobre esta arbitrariedad y ponga de relieve, tanto para los de dentro como para los de fuera, que Barcelona es una ciudad que sigue ofreciendo garant\u00edas y responsabilidades jur\u00eddicas a todo el mundo\u00a0con independencia de si son considerados amigos o enemigos por el gobernante de turno."}