{"version":"1.0","provider_name":"Converses a Catalunya","provider_url":"https:\/\/conversesacatalunya.cat\/es\/","title":"Cine y moda. Por Jean Paul Gaultier - Converses a Catalunya","type":"rich","width":600,"height":338,"html":"<blockquote class=\"wp-embedded-content\" data-secret=\"RWdqfR395v\"><a href=\"https:\/\/conversesacatalunya.cat\/es\/cine-y-moda-por-jean-paul-gaultier\/\">Cine y moda. Por Jean Paul Gaultier<\/a><\/blockquote><iframe sandbox=\"allow-scripts\" security=\"restricted\" src=\"https:\/\/conversesacatalunya.cat\/es\/cine-y-moda-por-jean-paul-gaultier\/embed\/#?secret=RWdqfR395v\" width=\"600\" height=\"338\" title=\"\u00abCine y moda. Por Jean Paul Gaultier\u00bb \u2014 Converses a Catalunya\" data-secret=\"RWdqfR395v\" frameborder=\"0\" marginwidth=\"0\" marginheight=\"0\" scrolling=\"no\" class=\"wp-embedded-content\"><\/iframe><script>\n\/*! This file is auto-generated *\/\n!function(d,l){\"use strict\";l.querySelector&&d.addEventListener&&\"undefined\"!=typeof URL&&(d.wp=d.wp||{},d.wp.receiveEmbedMessage||(d.wp.receiveEmbedMessage=function(e){var t=e.data;if((t||t.secret||t.message||t.value)&&!\/[^a-zA-Z0-9]\/.test(t.secret)){for(var s,r,n,a=l.querySelectorAll('iframe[data-secret=\"'+t.secret+'\"]'),o=l.querySelectorAll('blockquote[data-secret=\"'+t.secret+'\"]'),c=new RegExp(\"^https?:$\",\"i\"),i=0;i<o.length;i++)o[i].style.display=\"none\";for(i=0;i<a.length;i++)s=a[i],e.source===s.contentWindow&&(s.removeAttribute(\"style\"),\"height\"===t.message?(1e3<(r=parseInt(t.value,10))?r=1e3:~~r<200&&(r=200),s.height=r):\"link\"===t.message&&(r=new URL(s.getAttribute(\"src\")),n=new URL(t.value),c.test(n.protocol))&&n.host===r.host&&l.activeElement===s&&(d.top.location.href=t.value))}},d.addEventListener(\"message\",d.wp.receiveEmbedMessage,!1),l.addEventListener(\"DOMContentLoaded\",function(){for(var e,t,s=l.querySelectorAll(\"iframe.wp-embedded-content\"),r=0;r<s.length;r++)(t=(e=s[r]).getAttribute(\"data-secret\"))||(t=Math.random().toString(36).substring(2,12),e.src+=\"#?secret=\"+t,e.setAttribute(\"data-secret\",t)),e.contentWindow.postMessage({message:\"ready\",secret:t},\"*\")},!1)))}(window,document);\n<\/script>\n","thumbnail_url":"https:\/\/conversesacatalunya.cat\/wp-content\/uploads\/2022\/07\/Gautier022-scaled.jpg","thumbnail_width":2560,"thumbnail_height":1704,"description":"Cine y moda. Por Jean Paul Gaultier,\u00a0coorganizada por la\u00a0Fundaci\u00f3n \u201dla Caixa\u201d\u00a0y\u00a0La Cin\u00e9math\u00e8que fran\u00e7aise,\u00a0propone un viaje ecl\u00e9ctico que entrelaza cine y moda con grandes creadores y artistas, desde la \u00f3ptica personal del\u00a0enfant terrible,\u00a0como dise\u00f1ador de vestuario y como cin\u00e9filo. Desde un enfoque sociol\u00f3gico y m\u00e1s all\u00e1 de la mitoman\u00eda, la muestra ahonda en\u00a0el contexto de creaci\u00f3n del vestuario para filmes\u00a0y pone el acento en aspectos clave como el\u00a0empoderamiento femenino, y su reflejo en la moda y en la filmograf\u00eda del siglo XX. La exposici\u00f3n re\u00fane obras de dise\u00f1adores de la talla de\u00a0Coco Chanel, Balenciaga, Pierre Cardin y Sybilla, as\u00ed como cerca de 70\u00a0looks\u00a0ic\u00f3nicos del cine con vestidos de\u00a0Sharon Stone, Graces Jones, Grace Kelly, Catherine Deneuve o Madonna; los trajes de\u00a0Superman,\u00a0La m\u00e1scara del Zorro\u00a0o\u00a0Rocky, adem\u00e1s de proyecciones audiovisuales, carteles originales y fotograf\u00edas. Para Gaultier, el ecosistema del cine y la moda en Espa\u00f1a ha sido siempre una inspiraci\u00f3n. Su estrecha relaci\u00f3n se remonta a su ni\u00f1ez, cuando empez\u00f3 a veranear con su familia en el Pa\u00eds Vasco. Conoce de primera mano una gran parte de Espa\u00f1a, las costumbres, el idioma y reconoce que ciertos aspectos de la est\u00e9tica tradicional de los a\u00f1os sesenta forman parte de su universo creativo. Es por ello que, para esta ocasi\u00f3n,\u00a0Gaultier ha rendido homenaje al cine y la moda espa\u00f1oles con gui\u00f1os a figuras de referencia para \u00e9l como\u00a0Pedro Almod\u00f3var, Rossy de Palma, Sara Montiel, Balenciaga, Paco Rabanne e incluso Don Quijote. Cine y Moda. Por Jean Paul Gaultier\u00a0se podr\u00e1 visitar hasta el 23 de octubre de 2022 en CaixaForum Barcelona (Av. de Francesc Ferrer i Gu\u00e0rdia, 6-8)."}