{"version":"1.0","provider_name":"Converses a Catalunya","provider_url":"https:\/\/conversesacatalunya.cat\/es\/","title":"Cat\u00f3licos en Catalu\u00f1a. Con cifras en mano, no se entiende su insignificancia p\u00fablica - Converses a Catalunya","type":"rich","width":600,"height":338,"html":"<blockquote class=\"wp-embedded-content\" data-secret=\"qoxWXOzQ9q\"><a href=\"https:\/\/conversesacatalunya.cat\/es\/catolicos-cataluna-en-cifras\/\">Cat\u00f3licos en Catalu\u00f1a. Con cifras en mano, no se entiende su insignificancia p\u00fablica<\/a><\/blockquote><iframe sandbox=\"allow-scripts\" security=\"restricted\" src=\"https:\/\/conversesacatalunya.cat\/es\/catolicos-cataluna-en-cifras\/embed\/#?secret=qoxWXOzQ9q\" width=\"600\" height=\"338\" title=\"\u00abCat\u00f3licos en Catalu\u00f1a. Con cifras en mano, no se entiende su insignificancia p\u00fablica\u00bb \u2014 Converses a Catalunya\" data-secret=\"qoxWXOzQ9q\" frameborder=\"0\" marginwidth=\"0\" marginheight=\"0\" scrolling=\"no\" class=\"wp-embedded-content\"><\/iframe><script>\n\/*! This file is auto-generated *\/\n!function(d,l){\"use strict\";l.querySelector&&d.addEventListener&&\"undefined\"!=typeof URL&&(d.wp=d.wp||{},d.wp.receiveEmbedMessage||(d.wp.receiveEmbedMessage=function(e){var t=e.data;if((t||t.secret||t.message||t.value)&&!\/[^a-zA-Z0-9]\/.test(t.secret)){for(var s,r,n,a=l.querySelectorAll('iframe[data-secret=\"'+t.secret+'\"]'),o=l.querySelectorAll('blockquote[data-secret=\"'+t.secret+'\"]'),c=new RegExp(\"^https?:$\",\"i\"),i=0;i<o.length;i++)o[i].style.display=\"none\";for(i=0;i<a.length;i++)s=a[i],e.source===s.contentWindow&&(s.removeAttribute(\"style\"),\"height\"===t.message?(1e3<(r=parseInt(t.value,10))?r=1e3:~~r<200&&(r=200),s.height=r):\"link\"===t.message&&(r=new URL(s.getAttribute(\"src\")),n=new URL(t.value),c.test(n.protocol))&&n.host===r.host&&l.activeElement===s&&(d.top.location.href=t.value))}},d.addEventListener(\"message\",d.wp.receiveEmbedMessage,!1),l.addEventListener(\"DOMContentLoaded\",function(){for(var e,t,s=l.querySelectorAll(\"iframe.wp-embedded-content\"),r=0;r<s.length;r++)(t=(e=s[r]).getAttribute(\"data-secret\"))||(t=Math.random().toString(36).substring(2,12),e.src+=\"#?secret=\"+t,e.setAttribute(\"data-secret\",t)),e.contentWindow.postMessage({message:\"ready\",secret:t},\"*\")},!1)))}(window,document);\n<\/script>\n","thumbnail_url":"https:\/\/conversesacatalunya.cat\/wp-content\/uploads\/2024\/02\/catolics.jpg","thumbnail_width":612,"thumbnail_height":417,"description":"Los cat\u00f3licos, en particular, y los cristianos, por lo general, lo que creen y proponen est\u00e1 absolutamente desplazado del espacio p\u00fablico-pol\u00edtico catal\u00e1n.\u00a0Es dif\u00edcil encontrar una ley, una norma, un discurso que tenga m\u00ednimamente en cuenta lo que propone esta creencia.\u00a0Se podr\u00eda pensar que este hecho se debe a que constituyen una minor\u00eda marginal, tanto cuantitativa como cualitativamente, como puedan significar los cristianos en un pa\u00eds tolerante de cultura musulmana, como Marruecos o Jordania. Pero no es as\u00ed.\u00a0Las cifras se\u00f1alan otra cosa. Si tomamos como base la \u00faltima referencia disponible, la encuesta del CEO de la Generalitat de Catalunya sobre valores, constataremos que no es as\u00ed. Un 42% de la poblaci\u00f3n se declara cat\u00f3lico.\u00a0Si se a\u00f1aden otros cristianos (protestantes, evang\u00e9licos, ortodoxos), la cifra se eleva hasta el 47%, casi la mitad de la poblaci\u00f3n. \u00bfPuede pensarse c\u00f3mo ser\u00edan las leyes si ese guarismo equivaliera al de la poblaci\u00f3n LGBTIQ, que toda sumada ahora apenas llega al 8%, contando que la gran mayor\u00eda son bisexuales?\u00a0La comparaci\u00f3n entre estas dos cifras y su traducci\u00f3n en leyes, normas, consideraci\u00f3n pol\u00edtica, etc.\u00a0da una idea de la enorme\u00a0contradicci\u00f3n entre el peso de la poblaci\u00f3n y significaci\u00f3n pol\u00edtica. Adem\u00e1s, un 37% de los catalanes se considera religioso, y para un 27% Dios es muy importante porque de una escala de 1 a 10, esa es la cifra del conjunto formado por las posiciones 8, 9 y 10, uno 38% afirma creer en Dios, mientras que un 28% \u00abno lo sabe o no contesta\u00bb.\u00a0Por tanto, el peso es grande y cualitativamente destacado, porque un 12% asiste con regularidad a misa y hasta un 22% tiene una pr\u00e1ctica religiosa bien establecida. Si se considera que toda esta gente es portadora de una\u00a0cultura propia que se expresa desde las creencias sobre la naturaleza humana, el sentido del matrimonio, la descendencia, los postulados sociales y econ\u00f3micos, el fin de la vida. \u00bfdebe practicar la pol\u00edtica y la democracia, lo que significa una vida realizada, lo que significa hacer una familia y un largo etc\u00e9tera de cuestiones que afectan a todas las dimensiones personales y colectivas? Es dif\u00edcil entender c\u00f3mo \u00e9stas no se traducen en una medida tangible en la vida pol\u00edtica. Si a todas estas magnitudes se le a\u00f1ade el hecho de que en cada festividad religiosa se re\u00fanen miles y miles de personas, semana tras semana, para escuchar 15 o 20 minutos de discurso del sacerdote en la misa, si se tiene en cuenta que 1\/3 de las escuelas del pa\u00eds se determinan cristianas, si se considera que la mayor fundaci\u00f3n de juventud con distancia, Pere Tarr\u00e9s, pertenece al obispado de Barcelona, \u200b\u200bsi resulta que hay un m\u00ednimo de 3 universidades cat\u00f3licas, que dos de las m\u00e1s prestigiosas escuelas de negocios del mundo est\u00e1n vinculadas a instancias cat\u00f3licas, si disponen de una emisora \u200b\u200bde radio y un semanario y multitud de publicaciones, si hay cientos de asociaciones cat\u00f3licas y m\u00e1s de un millar de centros de culto, si tienen fundaciones para la cultura y sobre todo una acci\u00f3n solidaria estupenda con C\u00e1ritas en primer t\u00e9rmino, pero con muchas m\u00e1s entidades m\u00e1s all\u00e1 de ella. \u00bfC\u00f3mo es posible tanta incapacidad para imprimir un m\u00ednimo sello de lo que ellos piensan que es lo mejor para la vida personal y colectiva?\u00a0\u00bfC\u00f3mo se explica su silencio a la hora de proyectarse sobre el conjunto de la sociedad, tanto como organizaci\u00f3n como por transmisi\u00f3n personal boca a boca basada en la firmeza de las mismas convicciones? Ciertamente, es un gran enigma y adem\u00e1s negativo en sus resultados, porque significa que una porci\u00f3n muy grande del pa\u00eds que hist\u00f3ricamente ha forjado su cultura y su forma de ser,\u00a0est\u00e1 ausente de las instituciones y de la vida p\u00fablica.\u00a0En su lugar hay un extra\u00f1o agujero negro, y naturalmente en una sociedad democr\u00e1tica, la dimensi\u00f3n de este gran boquete castiga, no s\u00f3lo a los cat\u00f3licos, a los cristianos, sino al conjunto de la sociedad, porque pierde el potencial de todo un gran recurso humano. COLABORA EN LA ENCUESTA DE CONVERSES SOBRE LA SITUACI\u00d3N DE CATALU\u00d1A: Cargando\u2026 &nbsp;"}