{"version":"1.0","provider_name":"Converses a Catalunya","provider_url":"https:\/\/conversesacatalunya.cat\/es\/","title":"Alcaldesa de Vic, \u201cErra que erra\u201d - Converses a Catalunya","type":"rich","width":600,"height":338,"html":"<blockquote class=\"wp-embedded-content\" data-secret=\"y7Bupyp2m4\"><a href=\"https:\/\/conversesacatalunya.cat\/es\/alcaldesa-de-vic-erra-que-erra\/\">Alcaldesa de Vic, \u201cErra que erra\u201d<\/a><\/blockquote><iframe sandbox=\"allow-scripts\" security=\"restricted\" src=\"https:\/\/conversesacatalunya.cat\/es\/alcaldesa-de-vic-erra-que-erra\/embed\/#?secret=y7Bupyp2m4\" width=\"600\" height=\"338\" title=\"\u00abAlcaldesa de Vic, \u201cErra que erra\u201d\u00bb \u2014 Converses a Catalunya\" data-secret=\"y7Bupyp2m4\" frameborder=\"0\" marginwidth=\"0\" marginheight=\"0\" scrolling=\"no\" class=\"wp-embedded-content\"><\/iframe><script>\n\/*! This file is auto-generated *\/\n!function(d,l){\"use strict\";l.querySelector&&d.addEventListener&&\"undefined\"!=typeof URL&&(d.wp=d.wp||{},d.wp.receiveEmbedMessage||(d.wp.receiveEmbedMessage=function(e){var t=e.data;if((t||t.secret||t.message||t.value)&&!\/[^a-zA-Z0-9]\/.test(t.secret)){for(var s,r,n,a=l.querySelectorAll('iframe[data-secret=\"'+t.secret+'\"]'),o=l.querySelectorAll('blockquote[data-secret=\"'+t.secret+'\"]'),c=new RegExp(\"^https?:$\",\"i\"),i=0;i<o.length;i++)o[i].style.display=\"none\";for(i=0;i<a.length;i++)s=a[i],e.source===s.contentWindow&&(s.removeAttribute(\"style\"),\"height\"===t.message?(1e3<(r=parseInt(t.value,10))?r=1e3:~~r<200&&(r=200),s.height=r):\"link\"===t.message&&(r=new URL(s.getAttribute(\"src\")),n=new URL(t.value),c.test(n.protocol))&&n.host===r.host&&l.activeElement===s&&(d.top.location.href=t.value))}},d.addEventListener(\"message\",d.wp.receiveEmbedMessage,!1),l.addEventListener(\"DOMContentLoaded\",function(){for(var e,t,s=l.querySelectorAll(\"iframe.wp-embedded-content\"),r=0;r<s.length;r++)(t=(e=s[r]).getAttribute(\"data-secret\"))||(t=Math.random().toString(36).substring(2,12),e.src+=\"#?secret=\"+t,e.setAttribute(\"data-secret\",t)),e.contentWindow.postMessage({message:\"ready\",secret:t},\"*\")},!1)))}(window,document);\n<\/script>\n","thumbnail_url":"https:\/\/conversesacatalunya.cat\/wp-content\/uploads\/2020\/02\/Anna-Erra.jpg","thumbnail_width":982,"thumbnail_height":558,"description":"Es p\u00fablico y notorio que la alcaldesa de Vic, Anna Erra, ha provocado un esc\u00e1ndalo profundamente divisorio. El hecho es conocido: en la sesi\u00f3n de control en el Govern de este mi\u00e9rcoles y en referencia a la campa\u00f1a de la Generalitat \u00abNo me cambies la lengua\u00bb, afirm\u00f3 que \u00abdebemos concienciar a los catalanes aut\u00f3ctonos de que hay gente nacida fuera que quiere y es necesario que aprendan el catal\u00e1n y poner fin a la costumbre, muy presente en determinadas zonas del pa\u00eds, de hablar siempre en espa\u00f1ol con cualquier persona que, por su aspecto f\u00edsico o su nombre, no parece catalana\u00bb. Estas declaraciones le valieron la descalificaci\u00f3n de pr\u00e1cticamente todos los grupos de la c\u00e1mara, exceptuando ERC y JxCat. Posteriormente, en su cuenta de Twitter emiti\u00f3 un mensaje en el que se disculpaba: \u00abLamento que mi intervenci\u00f3n en el Parlament se haya malinterpretado y pido disculpas a quien haya podido molestar\u00bb. Hasta aqu\u00ed los hechos. Y ahora las consideraciones. El primer problema que plantea la intervenci\u00f3n de Erra, incluso considerando su mensaje de disculpa, es que ignora que el espa\u00f1ol es lengua oficial de Catalu\u00f1a y es la propia de muchos catalanes aut\u00f3ctonos, si consideramos como tales a aquellos que han nacido aqu\u00ed o que han venido hace muchos a\u00f1os y tienen la ciudadan\u00eda catalana. No tienen porque cambiar de lengua. Y ese es el problema de fondo, porque es evidente que el espa\u00f1ol, por potencial demogr\u00e1fico, es una lengua dominante, y que el catal\u00e1n se ha mantenido incluso en periodos muy dif\u00edciles por la voluntad de las familias catalanohablantes. Pero hay que diferenciar claramente lo que son los incentivos positivos para que el catal\u00e1n se extienda y perviva, de las consideraciones peyorativas sobre el espa\u00f1ol, porque en el momento en que esto se produce se est\u00e1 incidiendo negativamente sobre otros catalanes. En este sentido, la campa\u00f1a de la Generalitat \u00abNo me cambies la lengua\u00bb quiere incidir en un hecho muy extenso, pero lo hace entrando en una zona de riesgo. El hecho extenso es que la mayor\u00eda de los catalanes cambian con facilidad de lengua si perciben que el interlocutor se expresa en castellano. La raz\u00f3n de este hecho, entre otras, pero muy decisiva, es que la gente de habla catalana somos biling\u00fces perfectos, una categor\u00eda no muy extendida en Europa. Mientras que los de habla castellana, excepto las generaciones m\u00e1s j\u00f3venes que han disfrutado de la inmersi\u00f3n ling\u00fc\u00edstica, no tienen esta caracter\u00edstica. En realidad, el biling\u00fcismo como caracter\u00edstica de Catalu\u00f1a, donde ha de entenderse es entre los castellanohablantes. La Generalitat debe incentivar estos procesos, pero lo tiene que hacer a trav\u00e9s de motivos y hechos que otorguen valor a la lengua catalana y utilidad, m\u00e1s que a trav\u00e9s de querer incidir sobre las mentalidades, porque este no es el trabajo de un gobierno democr\u00e1tico. Volviendo a la alcaldesa de Vic, hay que decir que expresa una mentalidad que existe en el pa\u00eds y que considera que realmente los catalanes son f\u00edsica e intelectualmente diferentes, en muchos casos superiores, a los que han nacido fuera de Catalu\u00f1a, o incluso que, habiendo nacido aqu\u00ed, no responden al perfil del \u00abcatal\u00e1n aut\u00e9ntico\u00bb. El independentismo ha acentuado esta manera de sentir que no hace sino perjudicar a Catalu\u00f1a, porque genera rechazo sobre la catalanidad, que es lo peor que nos puede pasar. Hay que recordar que poco m\u00e1s de una tercera parte de los habitantes tienen la lengua propia de Catalu\u00f1a como \u00fanica lengua materna. Mientras que el resto se dividen entre aquellos que responden que tienen por igual las dos lenguas, y aquellos otros que solo tienen el espa\u00f1ol como expresi\u00f3n materna."}