{"version":"1.0","provider_name":"Converses a Catalunya","provider_url":"https:\/\/conversesacatalunya.cat\/es\/","title":"Adi\u00f3s supermanzanas, adi\u00f3s - Converses a Catalunya","type":"rich","width":600,"height":338,"html":"<blockquote class=\"wp-embedded-content\" data-secret=\"YAtBEh3udn\"><a href=\"https:\/\/conversesacatalunya.cat\/es\/adios-supermanzanas-adios\/\">Adi\u00f3s supermanzanas, adi\u00f3s<\/a><\/blockquote><iframe sandbox=\"allow-scripts\" security=\"restricted\" src=\"https:\/\/conversesacatalunya.cat\/es\/adios-supermanzanas-adios\/embed\/#?secret=YAtBEh3udn\" width=\"600\" height=\"338\" title=\"\u00abAdi\u00f3s supermanzanas, adi\u00f3s\u00bb \u2014 Converses a Catalunya\" data-secret=\"YAtBEh3udn\" frameborder=\"0\" marginwidth=\"0\" marginheight=\"0\" scrolling=\"no\" class=\"wp-embedded-content\"><\/iframe><script>\n\/*! This file is auto-generated *\/\n!function(d,l){\"use strict\";l.querySelector&&d.addEventListener&&\"undefined\"!=typeof URL&&(d.wp=d.wp||{},d.wp.receiveEmbedMessage||(d.wp.receiveEmbedMessage=function(e){var t=e.data;if((t||t.secret||t.message||t.value)&&!\/[^a-zA-Z0-9]\/.test(t.secret)){for(var s,r,n,a=l.querySelectorAll('iframe[data-secret=\"'+t.secret+'\"]'),o=l.querySelectorAll('blockquote[data-secret=\"'+t.secret+'\"]'),c=new RegExp(\"^https?:$\",\"i\"),i=0;i<o.length;i++)o[i].style.display=\"none\";for(i=0;i<a.length;i++)s=a[i],e.source===s.contentWindow&&(s.removeAttribute(\"style\"),\"height\"===t.message?(1e3<(r=parseInt(t.value,10))?r=1e3:~~r<200&&(r=200),s.height=r):\"link\"===t.message&&(r=new URL(s.getAttribute(\"src\")),n=new URL(t.value),c.test(n.protocol))&&n.host===r.host&&l.activeElement===s&&(d.top.location.href=t.value))}},d.addEventListener(\"message\",d.wp.receiveEmbedMessage,!1),l.addEventListener(\"DOMContentLoaded\",function(){for(var e,t,s=l.querySelectorAll(\"iframe.wp-embedded-content\"),r=0;r<s.length;r++)(t=(e=s[r]).getAttribute(\"data-secret\"))||(t=Math.random().toString(36).substring(2,12),e.src+=\"#?secret=\"+t,e.setAttribute(\"data-secret\",t)),e.contentWindow.postMessage({message:\"ready\",secret:t},\"*\")},!1)))}(window,document);\n<\/script>\n","thumbnail_url":"https:\/\/conversesacatalunya.cat\/wp-content\/uploads\/2021\/11\/superilles.jpg","thumbnail_width":1200,"thumbnail_height":675,"description":"La supermanzana del Eixample sale por la puerta trasera del Ayuntamiento y sin voluntad de reconocerlo.\u00a0Siguen habiendo peque\u00f1as acciones puntuales en este cruce o en aquella calle, pero el proyecto que nos han vendido y que tanta pol\u00e9mica ha llevado\u00a0ha pasado a la historia.\u00a0\u00bfPor qu\u00e9 esa afirmaci\u00f3n tan rotunda si nadie se ha hecho eco de ello? Por una raz\u00f3n muy concreta, la\u00a0supermanzana del Eixample s\u00f3lo es factible, en las condiciones actuales, si la circulaci\u00f3n de veh\u00edculos se reduce en una tercera parte, y eso evidentemente no est\u00e1 en la voluntad de ninguno de los usuarios y s\u00f3lo una prohibici\u00f3n radical permitir\u00eda hacerlo. Pero naturalmente esta acci\u00f3n es terriblemente dificultosa en manos del Ayuntamiento adem\u00e1s de muy perjudicial en t\u00e9rminos econ\u00f3micos. Esto lo saben incluso Ada Colau y los Comuns. Entonces, \u00bfc\u00f3mo pod\u00eda pensar que estos coches desaparecer\u00edan? Tambi\u00e9n la respuesta est\u00e1 clara, y ya ense\u00f1\u00f3 la pata cuando el Ayuntamiento hace unas semanas retras\u00f3 con fecha indefinida las limitaciones que quer\u00eda imponer a la circulaci\u00f3n de veh\u00edculos con etiqueta amarilla, que son precisamente una tercera parte de quienes actualmente circulan. Ahora ya sabemos desde mediados de noviembre, por qu\u00e9 el Ayuntamiento se cur\u00f3 en salud y dio marcha atr\u00e1s. La raz\u00f3n se debe a que el gobierno espa\u00f1ol ha decidido\u00a0aparcar sin fecha el cambio de etiquetas que quer\u00eda realizar la Direcci\u00f3n General de Tr\u00e1fico y que habr\u00eda comportado la liquidaci\u00f3n de la etiqueta amarilla o su gran limitaci\u00f3n. Pero las dificultades que est\u00e1 pasado el sector del autom\u00f3vil han hecho que en la \u00faltima reuni\u00f3n de la patronal de los fabricantes (ANFAC) que se celebr\u00f3 en Barcelona en octubre con motivo del Sal\u00f3n del Autom\u00f3vil, Pedro S\u00e1nchez se comprometi\u00f3 a no llevar a cabo ese cambio que a\u00fan dificultar\u00eda m\u00e1s la venta de veh\u00edculos. La idea era modificar las etiquetas para hacer m\u00e1s exigente el sistema. No afectaba s\u00f3lo al distintivo amarillo, tambi\u00e9n a los h\u00edbridos enchufables, que habr\u00edan perdido la etiqueta Cero. Por tanto, sin situar a fecha fija la liquidaci\u00f3n de veh\u00edculos con distintivo amarillo y aumentar la penalizaci\u00f3n a los h\u00edbridos enchufables, cualquier perspectiva de\u00a0reducci\u00f3n del veh\u00edculo privado,\u00a0v\u00eda norma general del estado, es inviable. Y no s\u00f3lo eso, la\u00a0crisis del sector del autom\u00f3vil es tan importante y al mismo tiempo esta actividad es tan decisiva para Espa\u00f1a, y en particular para Catalu\u00f1a, que el futuro a corto plazo m\u00e1s bien lleva a incentivar la compra de veh\u00edculos, y esto es contrario a una pol\u00edtica en una gran ciudad como Barcelona que lo que quiere hacer es sacarlos de la circulaci\u00f3n. Recordemos, como\u00a0se\u00f1alaba Converses\u00a0que si las cosas van baldadas, la continuidad de Seat no est\u00e1 ni mucho menos garantizada y \u00e9ste ser\u00eda un golpe demoledor para nuestra econom\u00eda, porque su sustituto, el Cupra, pese a ser cualitativamente m\u00e1s valioso, tendr\u00e1 siempre una producci\u00f3n mucho menor.\u00a0Y si a este hecho se le une la progresiva expansi\u00f3n del coche el\u00e9ctrico, que necesita menos mano de obra, la posibilidad de un escenario muy desfavorable salta a la vista. Por tanto, Colau, que ya tiene una mala papeleta electoral, se guardar\u00e1 mucho de impulsar la supermanzana."}