{"version":"1.0","provider_name":"Converses a Catalunya","provider_url":"https:\/\/conversesacatalunya.cat\/es\/","title":"Adi\u00f3s a La Vanguardia - Converses a Catalunya","type":"rich","width":600,"height":338,"html":"<blockquote class=\"wp-embedded-content\" data-secret=\"0K4UVIJqTO\"><a href=\"https:\/\/conversesacatalunya.cat\/es\/adeu-vanguardia\/\">Adi\u00f3s a La Vanguardia<\/a><\/blockquote><iframe sandbox=\"allow-scripts\" security=\"restricted\" src=\"https:\/\/conversesacatalunya.cat\/es\/adeu-vanguardia\/embed\/#?secret=0K4UVIJqTO\" width=\"600\" height=\"338\" title=\"\u00abAdi\u00f3s a La Vanguardia\u00bb \u2014 Converses a Catalunya\" data-secret=\"0K4UVIJqTO\" frameborder=\"0\" marginwidth=\"0\" marginheight=\"0\" scrolling=\"no\" class=\"wp-embedded-content\"><\/iframe><script>\n\/*! This file is auto-generated *\/\n!function(d,l){\"use strict\";l.querySelector&&d.addEventListener&&\"undefined\"!=typeof URL&&(d.wp=d.wp||{},d.wp.receiveEmbedMessage||(d.wp.receiveEmbedMessage=function(e){var t=e.data;if((t||t.secret||t.message||t.value)&&!\/[^a-zA-Z0-9]\/.test(t.secret)){for(var s,r,n,a=l.querySelectorAll('iframe[data-secret=\"'+t.secret+'\"]'),o=l.querySelectorAll('blockquote[data-secret=\"'+t.secret+'\"]'),c=new RegExp(\"^https?:$\",\"i\"),i=0;i<o.length;i++)o[i].style.display=\"none\";for(i=0;i<a.length;i++)s=a[i],e.source===s.contentWindow&&(s.removeAttribute(\"style\"),\"height\"===t.message?(1e3<(r=parseInt(t.value,10))?r=1e3:~~r<200&&(r=200),s.height=r):\"link\"===t.message&&(r=new URL(s.getAttribute(\"src\")),n=new URL(t.value),c.test(n.protocol))&&n.host===r.host&&l.activeElement===s&&(d.top.location.href=t.value))}},d.addEventListener(\"message\",d.wp.receiveEmbedMessage,!1),l.addEventListener(\"DOMContentLoaded\",function(){for(var e,t,s=l.querySelectorAll(\"iframe.wp-embedded-content\"),r=0;r<s.length;r++)(t=(e=s[r]).getAttribute(\"data-secret\"))||(t=Math.random().toString(36).substring(2,12),e.src+=\"#?secret=\"+t,e.setAttribute(\"data-secret\",t)),e.contentWindow.postMessage({message:\"ready\",secret:t},\"*\")},!1)))}(window,document);\n<\/script>\n","thumbnail_url":"https:\/\/conversesacatalunya.cat\/wp-content\/uploads\/2023\/05\/jmiro.jpeg","thumbnail_width":1200,"thumbnail_height":628,"description":"Publicado en La Vanguardia 29\/05\/2023 Pensaba escribir sobre los resultados de mi \u00faltimo estudio, dedicado a las previsiones econ\u00f3micas de Barcelona, y que puedo \u00adresumir en una idea: mucho potencial y poco futuro. Pero no lo har\u00e9. Una llamada del director, anunci\u00e1ndome que desde el 1 de junio dejaba de colaborar con\u00a0La Vanguardia,\u00a0lo ha cambiado todo. Hace treinta a\u00f1os que escribo en este diario y, claro, despu\u00e9s de tanto tiempo y casi 700 art\u00edculos, quiero aprovechar el espacio para despedirme. Lo hago agradeciendo a los lectores su atenci\u00f3n. La comprensi\u00f3n de los directores que he conocido; cuatro, Tapia, Antich, Carol y Juan, y del editor. La amabilidad y diligencia de los responsables de Opini\u00f3n. Solo puedo decir que lo he hecho lo mejor que he sabido. No soy periodista, ni escritor, aunque he escrito, y lo har\u00e9 hasta el final, much\u00edsimo y en muchos medios. En\u00a0El\u00a0Correo Catal\u00e1n, Diario de Barcelona, El Noticiero Universal,\u00a0en una columna como Jordi Mercader, en las secciones de Catalunya de\u00a0El Pa\u00eds\u00a0y\u00a0El Mundo,\u00a0en el\u00a0Avui,\u00a0en las revistas\u00a0Garaia\u00a0del Pa\u00eds Vasco y\u00a0Oriflama,\u00a0y desde hace poco en\u00a0Catalu\u00adnya Cristiana.\u00a0Tambi\u00e9n en\u00a0Destino\u00a0,\u00a0en el periodo de Baltasar Porcel y por partida doble, con mi nombre para la p\u00e1gina de internacional y sobre pol\u00edtica catalana como Ricard Mestres. Hubo un periodo en que escrib\u00eda tanto que parec\u00eda mi oficio, pero no lo era, y fui disminuyendo. Porque mi trabajo ha sido, excepto unos doce a\u00f1os de pol\u00edtico profesional, el trabajo y la direcci\u00f3n de ingenier\u00edas y servicios de estudios. Aproximadamente, entre realizados y dirigidos, tengo m\u00e1s de 350 en mi curr\u00edculum. No tiene mucho m\u00e9rito. Es fruto de la edad y de haber empezado joven. Me duele dejar de colaborar; claro est\u00e1. Es mucho tiempo, tanto que genera un h\u00e1bito y un v\u00ednculo, aunque te sepas marginal en el\u00a0m\u00e9tier\u00a0del diario. Tambi\u00e9n te duele porque no deja de ser un rechazo, si bien no hay que exagerar. Forma parte de la vida natural de todo medio de comunicaci\u00f3n, a\u00f1adido al convencimiento de que el\u00a0mainstream\u00a0de\u00a0La Vanguardia\u00a0y mi particular visi\u00f3n de la realidad han ido divergiendo. Llegamos al final. Queridos amigos, gracias de todo coraz\u00f3n. Adi\u00f3s. @jmiroardevol"}