{"version":"1.0","provider_name":"Converses a Catalunya","provider_url":"https:\/\/conversesacatalunya.cat\/es\/","title":"14F: unas elecciones extra\u00f1as. Crecen los hu\u00e9rfanos electorales - Converses a Catalunya","type":"rich","width":600,"height":338,"html":"<blockquote class=\"wp-embedded-content\" data-secret=\"Rcdg3cRp5W\"><a href=\"https:\/\/conversesacatalunya.cat\/es\/14f-unas-elecciones-extranas-crecen-los-huerfanos-electorales\/\">14F: unas elecciones extra\u00f1as. Crecen los hu\u00e9rfanos electorales<\/a><\/blockquote><iframe sandbox=\"allow-scripts\" security=\"restricted\" src=\"https:\/\/conversesacatalunya.cat\/es\/14f-unas-elecciones-extranas-crecen-los-huerfanos-electorales\/embed\/#?secret=Rcdg3cRp5W\" width=\"600\" height=\"338\" title=\"\u00ab14F: unas elecciones extra\u00f1as. Crecen los hu\u00e9rfanos electorales\u00bb \u2014 Converses a Catalunya\" data-secret=\"Rcdg3cRp5W\" frameborder=\"0\" marginwidth=\"0\" marginheight=\"0\" scrolling=\"no\" class=\"wp-embedded-content\"><\/iframe><script>\n\/*! This file is auto-generated *\/\n!function(d,l){\"use strict\";l.querySelector&&d.addEventListener&&\"undefined\"!=typeof URL&&(d.wp=d.wp||{},d.wp.receiveEmbedMessage||(d.wp.receiveEmbedMessage=function(e){var t=e.data;if((t||t.secret||t.message||t.value)&&!\/[^a-zA-Z0-9]\/.test(t.secret)){for(var s,r,n,a=l.querySelectorAll('iframe[data-secret=\"'+t.secret+'\"]'),o=l.querySelectorAll('blockquote[data-secret=\"'+t.secret+'\"]'),c=new RegExp(\"^https?:$\",\"i\"),i=0;i<o.length;i++)o[i].style.display=\"none\";for(i=0;i<a.length;i++)s=a[i],e.source===s.contentWindow&&(s.removeAttribute(\"style\"),\"height\"===t.message?(1e3<(r=parseInt(t.value,10))?r=1e3:~~r<200&&(r=200),s.height=r):\"link\"===t.message&&(r=new URL(s.getAttribute(\"src\")),n=new URL(t.value),c.test(n.protocol))&&n.host===r.host&&l.activeElement===s&&(d.top.location.href=t.value))}},d.addEventListener(\"message\",d.wp.receiveEmbedMessage,!1),l.addEventListener(\"DOMContentLoaded\",function(){for(var e,t,s=l.querySelectorAll(\"iframe.wp-embedded-content\"),r=0;r<s.length;r++)(t=(e=s[r]).getAttribute(\"data-secret\"))||(t=Math.random().toString(36).substring(2,12),e.src+=\"#?secret=\"+t,e.setAttribute(\"data-secret\",t)),e.contentWindow.postMessage({message:\"ready\",secret:t},\"*\")},!1)))}(window,document);\n<\/script>\n","thumbnail_url":"https:\/\/conversesacatalunya.cat\/wp-content\/uploads\/2020\/12\/abstencio-1.jpg","thumbnail_width":1080,"thumbnail_height":720,"description":"Las elecciones al Parlamento de Catalu\u00f1a del mes de febrero se presentan de una manera extra\u00f1a y no s\u00f3lo por la pandemia y el riesgo que significa, sino por las caracter\u00edsticas del escenario pol\u00edtico. Cada d\u00eda que pasa aumenta el n\u00famero de catalanes que se declaran indecisos porque no saben a qui\u00e9n dar su voto.\u00a0Son los hu\u00e9rfanos electorales, que van creciendo y que en una parte importante acabar\u00e1 haciendo aumentar\u00a0la abstenci\u00f3n\u00a0.\u00a0Habr\u00e1 que medirse con mucho cuidado porque en esta ocasi\u00f3n su dimensi\u00f3n tendr\u00e1 un profundo significado pol\u00edtico, dada la sensaci\u00f3n de la orfandad que se extiende. No es para menos. El gobierno catal\u00e1n (es un decir) parece empe\u00f1ado en demostrar su incapacidad a tres meses de las elecciones.\u00a0Los 55\u00a0muertos en la residencia de Tremp son un pestillo dif\u00edcil de borrar para todo el gobierno, especialmente para las \u00e1reas gestionadas por ERC. Y en concreto para la consejera Alba Verg\u00e9s. En un orden muy diferente de esta tragedia, pero tambi\u00e9n demostrativo de la falta de capacidad, est\u00e1 el asunto de la gratuidad del 061, la l\u00ednea telef\u00f3nica del CatSalut, hace dos meses se afirm\u00f3 que ser\u00eda gratuita porque no tiene ning\u00fan sentido hacer pagar por un servicio necesario. La resoluci\u00f3n de este asunto correspond\u00eda al vicepresidente y responsable econ\u00f3mico, Pedro Aragon\u00e9s. Y ahora constata que no se puede llevar a cabo. Hay varias razones, pero una sobresale entre todas las dem\u00e1s. El\u00a0coste\u00a0de asumir esta gratuidad es\u00a0mucho mayor que la previsi\u00f3n que el mismo Aragon\u00e9s hizo. La pregunta es evidente: \u00bfsi no son ni capaces de calcular cu\u00e1nto cuesta pagar el servicio de 061, como se puede pensar que puedan gestionar bien el Presupuesto de la Generalitat, la pandemia, los fondos europeos para la reconstrucci\u00f3n, las cuestiones realmente complejas &#8230; ? El\u00a0papel lo soporta todo, pero es muy dif\u00edcil creer que\u00a0ERC\u00a0se pueda presentar ahora como un partido de gesti\u00f3n. Los partidos catalanistas, La Lliga, Lliures, Units, que ten\u00edan que construir una alternativa al independentismo a estas alturas est\u00e1n literalmente desaparecidos de la vida p\u00fablica. Ninguna actividad, ning\u00fan proyecto, nada. Todo parece cerrado en un entorno de negociaci\u00f3n para ir a la lista con el PSC. Con estas perspectivas es dif\u00edcil que estas organizaciones puedan acabar significando una alternativa de futuro, tal y como en principio se pod\u00eda presuponer. Sin duda, contribuye a la orfandad electoral. Y es que el PSC hoy lleva una gran mochila que arrastra conflictos, contradicciones y sobre todo carga a la espalda a Colau y a Iglesias,\u00a0de los que no se puede separar por necesidad electoral. Pactar con el socialismo hoy en d\u00eda es tambi\u00e9n pactar con estas dos personalidades pol\u00edticas y sus respectivas organizaciones por v\u00eda interpuesta, y esto para muchos es demasiado. El PNC\u00a0es el que todav\u00eda manifiesta iniciativas y lleva a cabo una cierta actividad p\u00fablica. Su web\u00a0www.aixecat.cat\u00a0, que recoge iniciativas de propuestas program\u00e1ticas y las presenta para el debate, es una buena pr\u00e1ctica y recoge propuestas interesantes. Su principal limitaci\u00f3n es que su entorno, el alcance de la propuesta, es limitado. Posiblemente por esta limitaci\u00f3n Marta Pascal insisti\u00f3 sin \u00e9xito una y otra vez en pactar con el PDeCAT, en una alianza que parec\u00eda l\u00f3gica. Al final, si van por separado, es muy dif\u00edcil que ninguno de los dos obtenga representaci\u00f3n. Cada vez es m\u00e1s evidente que\u00a0todos estos partidos, que tienen m\u00e1s puntos en com\u00fan que diferencias reales, han dejado pasar la ocasi\u00f3n de formar una amplia alianza que s\u00ed que habr\u00eda despertado expectativas y habr\u00eda conseguido un buen resultado. Seguramente ha faltado presi\u00f3n de la misma sociedad civil y de los liderazgos econ\u00f3micos para que esta coalici\u00f3n se llevara a cabo, y este puede ser un error m\u00e1s a a\u00f1adir a los muchos ya cometidos por grupos dirigentes, los l\u00edderes sociales de la sociedad civil catalana. Un hecho que en s\u00ed mismo ya es todo un s\u00edntoma de la situaci\u00f3n. El manual te dice que los partidos de izquierda y extrema izquierda sobre todo tienen tendencia a desmenuzarse en peque\u00f1as opciones en busca de una pretendida \u00abpureza\u00bb pol\u00edtica que nadie tiene, pureza de sus ideas, prudencia de sus procedencias, y que esto siempre las ha debilitado. Pues bien, ahora este mal gauxista es el que sufre el amplio espacio del catalanismo pol\u00edtico."}